{"id":871,"date":"2024-10-10T12:32:53","date_gmt":"2024-10-10T15:32:53","guid":{"rendered":"https:\/\/esquerra.com.ar\/voleibol\/?page_id=871"},"modified":"2024-11-17T01:51:47","modified_gmt":"2024-11-17T04:51:47","slug":"u18m-noviembre-2024","status":"publish","type":"page","link":"https:\/\/esquerra.com.ar\/voleibol\/mundialito-formativas-noviembre-2024\/u18m-noviembre-2024\/","title":{"rendered":"U18M &#8211; Noviembre 2024"},"content":{"rendered":"\n<h2 class=\"wp-block-heading has-text-align-center has-roboto-font-family has-custom-font has-custom-weight has-custom-letterspacing\" style=\"font-family:Roboto;letter-spacing:-1px;font-weight:300;font-size:35px\">Fase regular<\/h2>\n\n\n\n<div class=\"wp-block-coblocks-accordion\">\n<div class=\"wp-block-coblocks-accordion-item has-custom-font has-custom-weight has-custom-transform\" style=\"font-family:Montserrat;font-weight:400;text-transform:uppercase\"><details><summary class=\"wp-block-coblocks-accordion-item__title has-background has-neve-link-hover-color-background-color has-text-color has-nv-site-bg-color\">ZONAS Y POSICIONES<\/summary><div class=\"wp-block-coblocks-accordion-item__content\" style=\"border-color:var(--nv-secondary-accent)\"><p><div class=\"sportspress\"><div class=\"sp-template sp-template-league-table\">\n\t<h4 class=\"sp-table-caption\">ZONA A<\/h4><div class=\"sp-table-wrapper\"><table class=\"sp-league-table sp-league-table-969 sp-data-table sp-sortable-table sp-responsive-table table_69ef26132f18c sp-scrollable-table sp-paginated-table\" data-sp-rows=\"30\"><thead><tr><th class=\"data-rank\">Pos<\/th><th class=\"data-name\">Equipo<\/th><th class=\"data-pts\">Pts<\/th><th class=\"data-j\">J<\/th><th class=\"data-g\">G<\/th><th class=\"data-p\">P<\/th><\/tr><\/thead><tbody><tr class=\"odd sp-row-no-0\"><td class=\"data-rank\" data-label=\"Pos\">1<\/td><td class=\"data-name has-logo\" data-label=\"Equipo\"><span class=\"team-logo\"><img decoding=\"async\" width=\"128\" height=\"128\" data-src=\"https:\/\/esquerra.com.ar\/voleibol\/wp-content\/uploads\/2024\/10\/Universitario-Caleta-Olivia-Argentina-128x128.png\" class=\"attachment-sportspress-fit-icon size-sportspress-fit-icon wp-post-image lazyload\" alt=\"\" src=\"data:image\/gif;base64,R0lGODlhAQABAAAAACH5BAEKAAEALAAAAAABAAEAAAICTAEAOw==\" style=\"--smush-placeholder-width: 128px; --smush-placeholder-aspect-ratio: 128\/128;\" \/><noscript><img decoding=\"async\" width=\"128\" height=\"128\" data-src=\"https:\/\/esquerra.com.ar\/voleibol\/wp-content\/uploads\/2024\/10\/Universitario-Caleta-Olivia-Argentina-128x128.png\" class=\"attachment-sportspress-fit-icon size-sportspress-fit-icon wp-post-image lazyload\" alt=\"\" src=\"data:image\/gif;base64,R0lGODlhAQABAAAAACH5BAEKAAEALAAAAAABAAEAAAICTAEAOw==\" style=\"--smush-placeholder-width: 128px; --smush-placeholder-aspect-ratio: 128\/128;\" \/><noscript><img decoding=\"async\" width=\"128\" height=\"128\" data-src=\"https:\/\/esquerra.com.ar\/voleibol\/wp-content\/uploads\/2024\/10\/Universitario-Caleta-Olivia-Argentina-128x128.png\" class=\"attachment-sportspress-fit-icon size-sportspress-fit-icon wp-post-image lazyload\" alt=\"\" src=\"data:image\/gif;base64,R0lGODlhAQABAAAAACH5BAEKAAEALAAAAAABAAEAAAICTAEAOw==\" style=\"--smush-placeholder-width: 128px; --smush-placeholder-aspect-ratio: 128\/128;\" \/><noscript><img decoding=\"async\" width=\"128\" height=\"128\" data-src=\"https:\/\/esquerra.com.ar\/voleibol\/wp-content\/uploads\/2024\/10\/Universitario-Caleta-Olivia-Argentina-128x128.png\" class=\"attachment-sportspress-fit-icon size-sportspress-fit-icon wp-post-image lazyload\" alt=\"\" src=\"data:image\/gif;base64,R0lGODlhAQABAAAAACH5BAEKAAEALAAAAAABAAEAAAICTAEAOw==\" style=\"--smush-placeholder-width: 128px; --smush-placeholder-aspect-ratio: 128\/128;\" \/><noscript><img decoding=\"async\" width=\"128\" height=\"128\" data-src=\"https:\/\/esquerra.com.ar\/voleibol\/wp-content\/uploads\/2024\/10\/Universitario-Caleta-Olivia-Argentina-128x128.png\" class=\"attachment-sportspress-fit-icon size-sportspress-fit-icon wp-post-image lazyload\" alt=\"\" src=\"data:image\/gif;base64,R0lGODlhAQABAAAAACH5BAEKAAEALAAAAAABAAEAAAICTAEAOw==\" style=\"--smush-placeholder-width: 128px; --smush-placeholder-aspect-ratio: 128\/128;\" \/><noscript><img decoding=\"async\" width=\"128\" height=\"128\" data-src=\"https:\/\/esquerra.com.ar\/voleibol\/wp-content\/uploads\/2024\/10\/Universitario-Caleta-Olivia-Argentina-128x128.png\" class=\"attachment-sportspress-fit-icon size-sportspress-fit-icon wp-post-image lazyload\" alt=\"\" src=\"data:image\/gif;base64,R0lGODlhAQABAAAAACH5BAEKAAEALAAAAAABAAEAAAICTAEAOw==\" style=\"--smush-placeholder-width: 128px; --smush-placeholder-aspect-ratio: 128\/128;\" \/><noscript><img decoding=\"async\" width=\"128\" height=\"128\" src=\"https:\/\/esquerra.com.ar\/voleibol\/wp-content\/uploads\/2024\/10\/Universitario-Caleta-Olivia-Argentina-128x128.png\" class=\"attachment-sportspress-fit-icon size-sportspress-fit-icon wp-post-image\" alt=\"\" \/><\/noscript><\/noscript><\/noscript><\/noscript><\/noscript><\/noscript><\/span>Universitario U18M (Caleta Olivia, Argentina)<\/td><td class=\"data-pts\" data-label=\"Pts\">9<\/td><td class=\"data-j\" data-label=\"J\">3<\/td><td class=\"data-g\" data-label=\"G\">3<\/td><td class=\"data-p\" data-label=\"P\">0<\/td><\/tr><tr class=\"even sp-row-no-1\"><td class=\"data-rank\" data-label=\"Pos\">2<\/td><td class=\"data-name has-logo\" data-label=\"Equipo\"><span class=\"team-logo\"><img decoding=\"async\" width=\"128\" height=\"128\" data-src=\"https:\/\/esquerra.com.ar\/voleibol\/wp-content\/uploads\/2024\/10\/Las-Flores-Cordoba-Argentina-128x128.png\" class=\"attachment-sportspress-fit-icon size-sportspress-fit-icon wp-post-image lazyload\" alt=\"\" src=\"data:image\/gif;base64,R0lGODlhAQABAAAAACH5BAEKAAEALAAAAAABAAEAAAICTAEAOw==\" style=\"--smush-placeholder-width: 128px; --smush-placeholder-aspect-ratio: 128\/128;\" \/><noscript><img decoding=\"async\" width=\"128\" height=\"128\" data-src=\"https:\/\/esquerra.com.ar\/voleibol\/wp-content\/uploads\/2024\/10\/Las-Flores-Cordoba-Argentina-128x128.png\" class=\"attachment-sportspress-fit-icon size-sportspress-fit-icon wp-post-image lazyload\" alt=\"\" src=\"data:image\/gif;base64,R0lGODlhAQABAAAAACH5BAEKAAEALAAAAAABAAEAAAICTAEAOw==\" style=\"--smush-placeholder-width: 128px; --smush-placeholder-aspect-ratio: 128\/128;\" \/><noscript><img decoding=\"async\" width=\"128\" height=\"128\" data-src=\"https:\/\/esquerra.com.ar\/voleibol\/wp-content\/uploads\/2024\/10\/Las-Flores-Cordoba-Argentina-128x128.png\" class=\"attachment-sportspress-fit-icon size-sportspress-fit-icon wp-post-image lazyload\" alt=\"\" src=\"data:image\/gif;base64,R0lGODlhAQABAAAAACH5BAEKAAEALAAAAAABAAEAAAICTAEAOw==\" style=\"--smush-placeholder-width: 128px; --smush-placeholder-aspect-ratio: 128\/128;\" \/><noscript><img decoding=\"async\" width=\"128\" height=\"128\" data-src=\"https:\/\/esquerra.com.ar\/voleibol\/wp-content\/uploads\/2024\/10\/Las-Flores-Cordoba-Argentina-128x128.png\" class=\"attachment-sportspress-fit-icon size-sportspress-fit-icon wp-post-image lazyload\" alt=\"\" src=\"data:image\/gif;base64,R0lGODlhAQABAAAAACH5BAEKAAEALAAAAAABAAEAAAICTAEAOw==\" style=\"--smush-placeholder-width: 128px; --smush-placeholder-aspect-ratio: 128\/128;\" \/><noscript><img decoding=\"async\" width=\"128\" height=\"128\" data-src=\"https:\/\/esquerra.com.ar\/voleibol\/wp-content\/uploads\/2024\/10\/Las-Flores-Cordoba-Argentina-128x128.png\" class=\"attachment-sportspress-fit-icon size-sportspress-fit-icon wp-post-image lazyload\" alt=\"\" src=\"data:image\/gif;base64,R0lGODlhAQABAAAAACH5BAEKAAEALAAAAAABAAEAAAICTAEAOw==\" style=\"--smush-placeholder-width: 128px; --smush-placeholder-aspect-ratio: 128\/128;\" \/><noscript><img decoding=\"async\" width=\"128\" height=\"128\" src=\"https:\/\/esquerra.com.ar\/voleibol\/wp-content\/uploads\/2024\/10\/Las-Flores-Cordoba-Argentina-128x128.png\" class=\"attachment-sportspress-fit-icon size-sportspress-fit-icon wp-post-image\" alt=\"\" \/><\/noscript><\/noscript><\/noscript><\/noscript><\/noscript><\/span>Las Flores U18M (C\u00f3rdoba, Argentina)<\/td><td class=\"data-pts\" data-label=\"Pts\">7<\/td><td class=\"data-j\" data-label=\"J\">3<\/td><td class=\"data-g\" data-label=\"G\">2<\/td><td class=\"data-p\" data-label=\"P\">1<\/td><\/tr><tr class=\"odd sp-row-no-2\"><td class=\"data-rank\" data-label=\"Pos\">3<\/td><td class=\"data-name has-logo\" data-label=\"Equipo\"><span class=\"team-logo\"><img decoding=\"async\" width=\"128\" height=\"128\" data-src=\"https:\/\/esquerra.com.ar\/voleibol\/wp-content\/uploads\/2024\/10\/Real-Bucalemu-San-Felipe-Chile-128x128.png\" class=\"attachment-sportspress-fit-icon size-sportspress-fit-icon wp-post-image lazyload\" alt=\"\" src=\"data:image\/gif;base64,R0lGODlhAQABAAAAACH5BAEKAAEALAAAAAABAAEAAAICTAEAOw==\" style=\"--smush-placeholder-width: 128px; --smush-placeholder-aspect-ratio: 128\/128;\" \/><noscript><img decoding=\"async\" width=\"128\" height=\"128\" data-src=\"https:\/\/esquerra.com.ar\/voleibol\/wp-content\/uploads\/2024\/10\/Real-Bucalemu-San-Felipe-Chile-128x128.png\" class=\"attachment-sportspress-fit-icon size-sportspress-fit-icon wp-post-image lazyload\" alt=\"\" src=\"data:image\/gif;base64,R0lGODlhAQABAAAAACH5BAEKAAEALAAAAAABAAEAAAICTAEAOw==\" style=\"--smush-placeholder-width: 128px; --smush-placeholder-aspect-ratio: 128\/128;\" \/><noscript><img decoding=\"async\" width=\"128\" height=\"128\" data-src=\"https:\/\/esquerra.com.ar\/voleibol\/wp-content\/uploads\/2024\/10\/Real-Bucalemu-San-Felipe-Chile-128x128.png\" class=\"attachment-sportspress-fit-icon size-sportspress-fit-icon wp-post-image lazyload\" alt=\"\" src=\"data:image\/gif;base64,R0lGODlhAQABAAAAACH5BAEKAAEALAAAAAABAAEAAAICTAEAOw==\" style=\"--smush-placeholder-width: 128px; --smush-placeholder-aspect-ratio: 128\/128;\" \/><noscript><img decoding=\"async\" width=\"128\" height=\"128\" data-src=\"https:\/\/esquerra.com.ar\/voleibol\/wp-content\/uploads\/2024\/10\/Real-Bucalemu-San-Felipe-Chile-128x128.png\" class=\"attachment-sportspress-fit-icon size-sportspress-fit-icon wp-post-image lazyload\" alt=\"\" src=\"data:image\/gif;base64,R0lGODlhAQABAAAAACH5BAEKAAEALAAAAAABAAEAAAICTAEAOw==\" style=\"--smush-placeholder-width: 128px; --smush-placeholder-aspect-ratio: 128\/128;\" \/><noscript><img decoding=\"async\" width=\"128\" height=\"128\" data-src=\"https:\/\/esquerra.com.ar\/voleibol\/wp-content\/uploads\/2024\/10\/Real-Bucalemu-San-Felipe-Chile-128x128.png\" class=\"attachment-sportspress-fit-icon size-sportspress-fit-icon wp-post-image lazyload\" alt=\"\" src=\"data:image\/gif;base64,R0lGODlhAQABAAAAACH5BAEKAAEALAAAAAABAAEAAAICTAEAOw==\" style=\"--smush-placeholder-width: 128px; --smush-placeholder-aspect-ratio: 128\/128;\" \/><noscript><img decoding=\"async\" width=\"128\" height=\"128\" data-src=\"https:\/\/esquerra.com.ar\/voleibol\/wp-content\/uploads\/2024\/10\/Real-Bucalemu-San-Felipe-Chile-128x128.png\" class=\"attachment-sportspress-fit-icon size-sportspress-fit-icon wp-post-image lazyload\" alt=\"\" src=\"data:image\/gif;base64,R0lGODlhAQABAAAAACH5BAEKAAEALAAAAAABAAEAAAICTAEAOw==\" style=\"--smush-placeholder-width: 128px; --smush-placeholder-aspect-ratio: 128\/128;\" \/><noscript><img decoding=\"async\" width=\"128\" height=\"128\" src=\"https:\/\/esquerra.com.ar\/voleibol\/wp-content\/uploads\/2024\/10\/Real-Bucalemu-San-Felipe-Chile-128x128.png\" class=\"attachment-sportspress-fit-icon size-sportspress-fit-icon wp-post-image\" alt=\"\" \/><\/noscript><\/noscript><\/noscript><\/noscript><\/noscript><\/noscript><\/span>Real Bucalemu (San Felipe, Chile)<\/td><td class=\"data-pts\" data-label=\"Pts\">5<\/td><td class=\"data-j\" data-label=\"J\">3<\/td><td class=\"data-g\" data-label=\"G\">1<\/td><td class=\"data-p\" data-label=\"P\">2<\/td><\/tr><tr class=\"even sp-row-no-3\"><td class=\"data-rank\" data-label=\"Pos\">4<\/td><td class=\"data-name has-logo\" data-label=\"Equipo\"><span class=\"team-logo\"><img loading=\"lazy\" decoding=\"async\" width=\"128\" height=\"128\" data-src=\"https:\/\/esquerra.com.ar\/voleibol\/wp-content\/uploads\/2024\/10\/San-Martin-Marcos-Juarez-Argentina-128x128.png\" class=\"attachment-sportspress-fit-icon size-sportspress-fit-icon wp-post-image lazyload\" alt=\"\" src=\"data:image\/gif;base64,R0lGODlhAQABAAAAACH5BAEKAAEALAAAAAABAAEAAAICTAEAOw==\" style=\"--smush-placeholder-width: 128px; --smush-placeholder-aspect-ratio: 128\/128;\" \/><noscript><img loading=\"lazy\" decoding=\"async\" width=\"128\" height=\"128\" data-src=\"https:\/\/esquerra.com.ar\/voleibol\/wp-content\/uploads\/2024\/10\/San-Martin-Marcos-Juarez-Argentina-128x128.png\" class=\"attachment-sportspress-fit-icon size-sportspress-fit-icon wp-post-image lazyload\" alt=\"\" src=\"data:image\/gif;base64,R0lGODlhAQABAAAAACH5BAEKAAEALAAAAAABAAEAAAICTAEAOw==\" style=\"--smush-placeholder-width: 128px; --smush-placeholder-aspect-ratio: 128\/128;\" \/><noscript><img loading=\"lazy\" decoding=\"async\" width=\"128\" height=\"128\" data-src=\"https:\/\/esquerra.com.ar\/voleibol\/wp-content\/uploads\/2024\/10\/San-Martin-Marcos-Juarez-Argentina-128x128.png\" class=\"attachment-sportspress-fit-icon size-sportspress-fit-icon wp-post-image lazyload\" alt=\"\" src=\"data:image\/gif;base64,R0lGODlhAQABAAAAACH5BAEKAAEALAAAAAABAAEAAAICTAEAOw==\" style=\"--smush-placeholder-width: 128px; --smush-placeholder-aspect-ratio: 128\/128;\" \/><noscript><img loading=\"lazy\" decoding=\"async\" width=\"128\" height=\"128\" data-src=\"https:\/\/esquerra.com.ar\/voleibol\/wp-content\/uploads\/2024\/10\/San-Martin-Marcos-Juarez-Argentina-128x128.png\" class=\"attachment-sportspress-fit-icon size-sportspress-fit-icon wp-post-image lazyload\" alt=\"\" src=\"data:image\/gif;base64,R0lGODlhAQABAAAAACH5BAEKAAEALAAAAAABAAEAAAICTAEAOw==\" style=\"--smush-placeholder-width: 128px; --smush-placeholder-aspect-ratio: 128\/128;\" \/><noscript><img loading=\"lazy\" decoding=\"async\" width=\"128\" height=\"128\" data-src=\"https:\/\/esquerra.com.ar\/voleibol\/wp-content\/uploads\/2024\/10\/San-Martin-Marcos-Juarez-Argentina-128x128.png\" class=\"attachment-sportspress-fit-icon size-sportspress-fit-icon wp-post-image lazyload\" alt=\"\" src=\"data:image\/gif;base64,R0lGODlhAQABAAAAACH5BAEKAAEALAAAAAABAAEAAAICTAEAOw==\" style=\"--smush-placeholder-width: 128px; --smush-placeholder-aspect-ratio: 128\/128;\" \/><noscript><img loading=\"lazy\" decoding=\"async\" width=\"128\" height=\"128\" src=\"https:\/\/esquerra.com.ar\/voleibol\/wp-content\/uploads\/2024\/10\/San-Martin-Marcos-Juarez-Argentina-128x128.png\" class=\"attachment-sportspress-fit-icon size-sportspress-fit-icon wp-post-image\" alt=\"\" \/><\/noscript><\/noscript><\/noscript><\/noscript><\/noscript><\/span>San Mart\u00edn (Marcos Ju\u00e1rez, Argentina)<\/td><td class=\"data-pts\" data-label=\"Pts\">3<\/td><td class=\"data-j\" data-label=\"J\">3<\/td><td class=\"data-g\" data-label=\"G\">0<\/td><td class=\"data-p\" data-label=\"P\">3<\/td><\/tr><\/tbody><\/table><\/div><\/div>\n<\/div><br \/>\n<div class=\"sportspress\"><div class=\"sp-template sp-template-league-table\">\n\t<h4 class=\"sp-table-caption\">ZONA B<\/h4><div class=\"sp-table-wrapper\"><table class=\"sp-league-table sp-league-table-970 sp-data-table sp-sortable-table sp-responsive-table table_69ef26133474b sp-scrollable-table sp-paginated-table\" data-sp-rows=\"30\"><thead><tr><th class=\"data-rank\">Pos<\/th><th class=\"data-name\">Equipo<\/th><th class=\"data-pts\">Pts<\/th><th class=\"data-j\">J<\/th><th class=\"data-g\">G<\/th><th class=\"data-p\">P<\/th><\/tr><\/thead><tbody><tr class=\"odd sp-row-no-0\"><td class=\"data-rank\" data-label=\"Pos\">1<\/td><td class=\"data-name has-logo\" data-label=\"Equipo\"><span class=\"team-logo\"><img loading=\"lazy\" decoding=\"async\" width=\"128\" height=\"128\" data-src=\"https:\/\/esquerra.com.ar\/voleibol\/wp-content\/uploads\/2024\/10\/PSM-San-Martin-Argentina-128x128.png\" class=\"attachment-sportspress-fit-icon size-sportspress-fit-icon wp-post-image lazyload\" alt=\"\" src=\"data:image\/gif;base64,R0lGODlhAQABAAAAACH5BAEKAAEALAAAAAABAAEAAAICTAEAOw==\" style=\"--smush-placeholder-width: 128px; --smush-placeholder-aspect-ratio: 128\/128;\" \/><noscript><img loading=\"lazy\" decoding=\"async\" width=\"128\" height=\"128\" data-src=\"https:\/\/esquerra.com.ar\/voleibol\/wp-content\/uploads\/2024\/10\/PSM-San-Martin-Argentina-128x128.png\" class=\"attachment-sportspress-fit-icon size-sportspress-fit-icon wp-post-image lazyload\" alt=\"\" src=\"data:image\/gif;base64,R0lGODlhAQABAAAAACH5BAEKAAEALAAAAAABAAEAAAICTAEAOw==\" style=\"--smush-placeholder-width: 128px; --smush-placeholder-aspect-ratio: 128\/128;\" \/><noscript><img loading=\"lazy\" decoding=\"async\" width=\"128\" height=\"128\" data-src=\"https:\/\/esquerra.com.ar\/voleibol\/wp-content\/uploads\/2024\/10\/PSM-San-Martin-Argentina-128x128.png\" class=\"attachment-sportspress-fit-icon size-sportspress-fit-icon wp-post-image lazyload\" alt=\"\" src=\"data:image\/gif;base64,R0lGODlhAQABAAAAACH5BAEKAAEALAAAAAABAAEAAAICTAEAOw==\" style=\"--smush-placeholder-width: 128px; --smush-placeholder-aspect-ratio: 128\/128;\" \/><noscript><img loading=\"lazy\" decoding=\"async\" width=\"128\" height=\"128\" data-src=\"https:\/\/esquerra.com.ar\/voleibol\/wp-content\/uploads\/2024\/10\/PSM-San-Martin-Argentina-128x128.png\" class=\"attachment-sportspress-fit-icon size-sportspress-fit-icon wp-post-image lazyload\" alt=\"\" src=\"data:image\/gif;base64,R0lGODlhAQABAAAAACH5BAEKAAEALAAAAAABAAEAAAICTAEAOw==\" style=\"--smush-placeholder-width: 128px; --smush-placeholder-aspect-ratio: 128\/128;\" \/><noscript><img loading=\"lazy\" decoding=\"async\" width=\"128\" height=\"128\" data-src=\"https:\/\/esquerra.com.ar\/voleibol\/wp-content\/uploads\/2024\/10\/PSM-San-Martin-Argentina-128x128.png\" class=\"attachment-sportspress-fit-icon size-sportspress-fit-icon wp-post-image lazyload\" alt=\"\" src=\"data:image\/gif;base64,R0lGODlhAQABAAAAACH5BAEKAAEALAAAAAABAAEAAAICTAEAOw==\" style=\"--smush-placeholder-width: 128px; --smush-placeholder-aspect-ratio: 128\/128;\" \/><noscript><img loading=\"lazy\" decoding=\"async\" width=\"128\" height=\"128\" data-src=\"https:\/\/esquerra.com.ar\/voleibol\/wp-content\/uploads\/2024\/10\/PSM-San-Martin-Argentina-128x128.png\" class=\"attachment-sportspress-fit-icon size-sportspress-fit-icon wp-post-image lazyload\" alt=\"\" src=\"data:image\/gif;base64,R0lGODlhAQABAAAAACH5BAEKAAEALAAAAAABAAEAAAICTAEAOw==\" style=\"--smush-placeholder-width: 128px; --smush-placeholder-aspect-ratio: 128\/128;\" \/><noscript><img loading=\"lazy\" decoding=\"async\" width=\"128\" height=\"128\" src=\"https:\/\/esquerra.com.ar\/voleibol\/wp-content\/uploads\/2024\/10\/PSM-San-Martin-Argentina-128x128.png\" class=\"attachment-sportspress-fit-icon size-sportspress-fit-icon wp-post-image\" alt=\"\" \/><\/noscript><\/noscript><\/noscript><\/noscript><\/noscript><\/noscript><\/span>PSM (Pto. San Martin, Santa Fe)<\/td><td class=\"data-pts\" data-label=\"Pts\">9<\/td><td class=\"data-j\" data-label=\"J\">3<\/td><td class=\"data-g\" data-label=\"G\">3<\/td><td class=\"data-p\" data-label=\"P\">0<\/td><\/tr><tr class=\"even sp-row-no-1\"><td class=\"data-rank\" data-label=\"Pos\">2<\/td><td class=\"data-name has-logo\" data-label=\"Equipo\"><span class=\"team-logo\"><img loading=\"lazy\" decoding=\"async\" width=\"128\" height=\"128\" data-src=\"https:\/\/esquerra.com.ar\/voleibol\/wp-content\/uploads\/2024\/10\/Villa-Azalais-Cordoba-Argentina-128x128.png\" class=\"attachment-sportspress-fit-icon size-sportspress-fit-icon wp-post-image lazyload\" alt=\"\" src=\"data:image\/gif;base64,R0lGODlhAQABAAAAACH5BAEKAAEALAAAAAABAAEAAAICTAEAOw==\" style=\"--smush-placeholder-width: 128px; --smush-placeholder-aspect-ratio: 128\/128;\" \/><noscript><img loading=\"lazy\" decoding=\"async\" width=\"128\" height=\"128\" data-src=\"https:\/\/esquerra.com.ar\/voleibol\/wp-content\/uploads\/2024\/10\/Villa-Azalais-Cordoba-Argentina-128x128.png\" class=\"attachment-sportspress-fit-icon size-sportspress-fit-icon wp-post-image lazyload\" alt=\"\" src=\"data:image\/gif;base64,R0lGODlhAQABAAAAACH5BAEKAAEALAAAAAABAAEAAAICTAEAOw==\" style=\"--smush-placeholder-width: 128px; --smush-placeholder-aspect-ratio: 128\/128;\" \/><noscript><img loading=\"lazy\" decoding=\"async\" width=\"128\" height=\"128\" data-src=\"https:\/\/esquerra.com.ar\/voleibol\/wp-content\/uploads\/2024\/10\/Villa-Azalais-Cordoba-Argentina-128x128.png\" class=\"attachment-sportspress-fit-icon size-sportspress-fit-icon wp-post-image lazyload\" alt=\"\" src=\"data:image\/gif;base64,R0lGODlhAQABAAAAACH5BAEKAAEALAAAAAABAAEAAAICTAEAOw==\" style=\"--smush-placeholder-width: 128px; --smush-placeholder-aspect-ratio: 128\/128;\" \/><noscript><img loading=\"lazy\" decoding=\"async\" width=\"128\" height=\"128\" data-src=\"https:\/\/esquerra.com.ar\/voleibol\/wp-content\/uploads\/2024\/10\/Villa-Azalais-Cordoba-Argentina-128x128.png\" class=\"attachment-sportspress-fit-icon size-sportspress-fit-icon wp-post-image lazyload\" alt=\"\" src=\"data:image\/gif;base64,R0lGODlhAQABAAAAACH5BAEKAAEALAAAAAABAAEAAAICTAEAOw==\" style=\"--smush-placeholder-width: 128px; --smush-placeholder-aspect-ratio: 128\/128;\" \/><noscript><img loading=\"lazy\" decoding=\"async\" width=\"128\" height=\"128\" data-src=\"https:\/\/esquerra.com.ar\/voleibol\/wp-content\/uploads\/2024\/10\/Villa-Azalais-Cordoba-Argentina-128x128.png\" class=\"attachment-sportspress-fit-icon size-sportspress-fit-icon wp-post-image lazyload\" alt=\"\" src=\"data:image\/gif;base64,R0lGODlhAQABAAAAACH5BAEKAAEALAAAAAABAAEAAAICTAEAOw==\" style=\"--smush-placeholder-width: 128px; --smush-placeholder-aspect-ratio: 128\/128;\" \/><noscript><img loading=\"lazy\" decoding=\"async\" width=\"128\" height=\"128\" src=\"https:\/\/esquerra.com.ar\/voleibol\/wp-content\/uploads\/2024\/10\/Villa-Azalais-Cordoba-Argentina-128x128.png\" class=\"attachment-sportspress-fit-icon size-sportspress-fit-icon wp-post-image\" alt=\"\" \/><\/noscript><\/noscript><\/noscript><\/noscript><\/noscript><\/span>Villa Azalais (C\u00f3rdoba, Argentina)<\/td><td class=\"data-pts\" data-label=\"Pts\">7<\/td><td class=\"data-j\" data-label=\"J\">3<\/td><td class=\"data-g\" data-label=\"G\">2<\/td><td class=\"data-p\" data-label=\"P\">1<\/td><\/tr><tr class=\"odd sp-row-no-2\"><td class=\"data-rank\" data-label=\"Pos\">3<\/td><td class=\"data-name has-logo\" data-label=\"Equipo\"><span class=\"team-logo\"><img loading=\"lazy\" decoding=\"async\" width=\"128\" height=\"128\" data-src=\"https:\/\/esquerra.com.ar\/voleibol\/wp-content\/uploads\/2024\/10\/IMC-Voley-Rio-Tercero-128x128.png\" class=\"attachment-sportspress-fit-icon size-sportspress-fit-icon wp-post-image lazyload\" alt=\"\" src=\"data:image\/gif;base64,R0lGODlhAQABAAAAACH5BAEKAAEALAAAAAABAAEAAAICTAEAOw==\" style=\"--smush-placeholder-width: 128px; --smush-placeholder-aspect-ratio: 128\/128;\" \/><noscript><img loading=\"lazy\" decoding=\"async\" width=\"128\" height=\"128\" data-src=\"https:\/\/esquerra.com.ar\/voleibol\/wp-content\/uploads\/2024\/10\/IMC-Voley-Rio-Tercero-128x128.png\" class=\"attachment-sportspress-fit-icon size-sportspress-fit-icon wp-post-image lazyload\" alt=\"\" src=\"data:image\/gif;base64,R0lGODlhAQABAAAAACH5BAEKAAEALAAAAAABAAEAAAICTAEAOw==\" style=\"--smush-placeholder-width: 128px; --smush-placeholder-aspect-ratio: 128\/128;\" \/><noscript><img loading=\"lazy\" decoding=\"async\" width=\"128\" height=\"128\" data-src=\"https:\/\/esquerra.com.ar\/voleibol\/wp-content\/uploads\/2024\/10\/IMC-Voley-Rio-Tercero-128x128.png\" class=\"attachment-sportspress-fit-icon size-sportspress-fit-icon wp-post-image lazyload\" alt=\"\" src=\"data:image\/gif;base64,R0lGODlhAQABAAAAACH5BAEKAAEALAAAAAABAAEAAAICTAEAOw==\" style=\"--smush-placeholder-width: 128px; --smush-placeholder-aspect-ratio: 128\/128;\" \/><noscript><img loading=\"lazy\" decoding=\"async\" width=\"128\" height=\"128\" data-src=\"https:\/\/esquerra.com.ar\/voleibol\/wp-content\/uploads\/2024\/10\/IMC-Voley-Rio-Tercero-128x128.png\" class=\"attachment-sportspress-fit-icon size-sportspress-fit-icon wp-post-image lazyload\" alt=\"\" src=\"data:image\/gif;base64,R0lGODlhAQABAAAAACH5BAEKAAEALAAAAAABAAEAAAICTAEAOw==\" style=\"--smush-placeholder-width: 128px; --smush-placeholder-aspect-ratio: 128\/128;\" \/><noscript><img loading=\"lazy\" decoding=\"async\" width=\"128\" height=\"128\" data-src=\"https:\/\/esquerra.com.ar\/voleibol\/wp-content\/uploads\/2024\/10\/IMC-Voley-Rio-Tercero-128x128.png\" class=\"attachment-sportspress-fit-icon size-sportspress-fit-icon wp-post-image lazyload\" alt=\"\" src=\"data:image\/gif;base64,R0lGODlhAQABAAAAACH5BAEKAAEALAAAAAABAAEAAAICTAEAOw==\" style=\"--smush-placeholder-width: 128px; --smush-placeholder-aspect-ratio: 128\/128;\" \/><noscript><img loading=\"lazy\" decoding=\"async\" width=\"128\" height=\"128\" data-src=\"https:\/\/esquerra.com.ar\/voleibol\/wp-content\/uploads\/2024\/10\/IMC-Voley-Rio-Tercero-128x128.png\" class=\"attachment-sportspress-fit-icon size-sportspress-fit-icon wp-post-image lazyload\" alt=\"\" src=\"data:image\/gif;base64,R0lGODlhAQABAAAAACH5BAEKAAEALAAAAAABAAEAAAICTAEAOw==\" style=\"--smush-placeholder-width: 128px; --smush-placeholder-aspect-ratio: 128\/128;\" \/><noscript><img loading=\"lazy\" decoding=\"async\" width=\"128\" height=\"128\" src=\"https:\/\/esquerra.com.ar\/voleibol\/wp-content\/uploads\/2024\/10\/IMC-Voley-Rio-Tercero-128x128.png\" class=\"attachment-sportspress-fit-icon size-sportspress-fit-icon wp-post-image\" alt=\"\" \/><\/noscript><\/noscript><\/noscript><\/noscript><\/noscript><\/noscript><\/span>IMC U18M (Rio III, Argentina)<\/td><td class=\"data-pts\" data-label=\"Pts\">5<\/td><td class=\"data-j\" data-label=\"J\">3<\/td><td class=\"data-g\" data-label=\"G\">1<\/td><td class=\"data-p\" data-label=\"P\">2<\/td><\/tr><tr class=\"even sp-row-no-3\"><td class=\"data-rank\" data-label=\"Pos\">4<\/td><td class=\"data-name has-logo\" data-label=\"Equipo\"><span class=\"team-logo\"><img loading=\"lazy\" decoding=\"async\" width=\"128\" height=\"128\" data-src=\"https:\/\/esquerra.com.ar\/voleibol\/wp-content\/uploads\/2024\/10\/Alianza-Voley-Lima-Peru-128x128.png\" class=\"attachment-sportspress-fit-icon size-sportspress-fit-icon wp-post-image lazyload\" alt=\"\" src=\"data:image\/gif;base64,R0lGODlhAQABAAAAACH5BAEKAAEALAAAAAABAAEAAAICTAEAOw==\" style=\"--smush-placeholder-width: 128px; --smush-placeholder-aspect-ratio: 128\/128;\" \/><noscript><img loading=\"lazy\" decoding=\"async\" width=\"128\" height=\"128\" data-src=\"https:\/\/esquerra.com.ar\/voleibol\/wp-content\/uploads\/2024\/10\/Alianza-Voley-Lima-Peru-128x128.png\" class=\"attachment-sportspress-fit-icon size-sportspress-fit-icon wp-post-image lazyload\" alt=\"\" src=\"data:image\/gif;base64,R0lGODlhAQABAAAAACH5BAEKAAEALAAAAAABAAEAAAICTAEAOw==\" style=\"--smush-placeholder-width: 128px; --smush-placeholder-aspect-ratio: 128\/128;\" \/><noscript><img loading=\"lazy\" decoding=\"async\" width=\"128\" height=\"128\" data-src=\"https:\/\/esquerra.com.ar\/voleibol\/wp-content\/uploads\/2024\/10\/Alianza-Voley-Lima-Peru-128x128.png\" class=\"attachment-sportspress-fit-icon size-sportspress-fit-icon wp-post-image lazyload\" alt=\"\" src=\"data:image\/gif;base64,R0lGODlhAQABAAAAACH5BAEKAAEALAAAAAABAAEAAAICTAEAOw==\" style=\"--smush-placeholder-width: 128px; --smush-placeholder-aspect-ratio: 128\/128;\" \/><noscript><img loading=\"lazy\" decoding=\"async\" width=\"128\" height=\"128\" data-src=\"https:\/\/esquerra.com.ar\/voleibol\/wp-content\/uploads\/2024\/10\/Alianza-Voley-Lima-Peru-128x128.png\" class=\"attachment-sportspress-fit-icon size-sportspress-fit-icon wp-post-image lazyload\" alt=\"\" src=\"data:image\/gif;base64,R0lGODlhAQABAAAAACH5BAEKAAEALAAAAAABAAEAAAICTAEAOw==\" style=\"--smush-placeholder-width: 128px; --smush-placeholder-aspect-ratio: 128\/128;\" \/><noscript><img loading=\"lazy\" decoding=\"async\" width=\"128\" height=\"128\" data-src=\"https:\/\/esquerra.com.ar\/voleibol\/wp-content\/uploads\/2024\/10\/Alianza-Voley-Lima-Peru-128x128.png\" class=\"attachment-sportspress-fit-icon size-sportspress-fit-icon wp-post-image lazyload\" alt=\"\" src=\"data:image\/gif;base64,R0lGODlhAQABAAAAACH5BAEKAAEALAAAAAABAAEAAAICTAEAOw==\" style=\"--smush-placeholder-width: 128px; --smush-placeholder-aspect-ratio: 128\/128;\" \/><noscript><img loading=\"lazy\" decoding=\"async\" width=\"128\" height=\"128\" src=\"https:\/\/esquerra.com.ar\/voleibol\/wp-content\/uploads\/2024\/10\/Alianza-Voley-Lima-Peru-128x128.png\" class=\"attachment-sportspress-fit-icon size-sportspress-fit-icon wp-post-image\" alt=\"\" \/><\/noscript><\/noscript><\/noscript><\/noscript><\/noscript><\/span>Alianza La Molina U18M (Lima, Per\u00fa)<\/td><td class=\"data-pts\" data-label=\"Pts\">3<\/td><td class=\"data-j\" data-label=\"J\">3<\/td><td class=\"data-g\" data-label=\"G\">0<\/td><td class=\"data-p\" data-label=\"P\">3<\/td><\/tr><\/tbody><\/table><\/div><\/div>\n<\/div><\/p>\n<\/div><\/details><\/div>\n\n\n\n<div class=\"wp-block-coblocks-accordion-item has-custom-font has-custom-transform\" style=\"font-family:Montserrat;text-transform:uppercase\"><details><summary class=\"wp-block-coblocks-accordion-item__title has-background has-neve-link-hover-color-background-color has-text-color has-nv-site-bg-color\">FIXTURE Y RESULTADOS<\/summary><div class=\"wp-block-coblocks-accordion-item__content\" style=\"border-color:var(--nv-secondary-accent)\"><div class=\"sportspress\"><h4 class=\"sp-table-caption\">Fixture y Resultados<\/h4><div class=\"sp-template sp-template-event-blocks\">\n\t<div class=\"sp-table-wrapper\">\n\t\t<table class=\"sp-event-blocks sp-data-table\n\t\t\t\t\t sp-paginated-table\" data-sp-rows=\"99\">\n\t\t\t<thead><tr><th><\/th><\/tr><\/thead> \t\t\t<tbody>\n\t\t\t\t\t\t\t\t\t<tr class=\"sp-row sp-post alternate\" itemscope itemtype=\"http:\/\/schema.org\/SportsEvent\">\n\t\t\t\t\t\t<td>\n\t\t\t\t\t\t\t\t\t\t\t\t\t\t<span class=\"team-logo logo-odd\" title=\"Real Bucalemu (San Felipe, Chile)\"><img decoding=\"async\" width=\"128\" height=\"128\" data-src=\"https:\/\/esquerra.com.ar\/voleibol\/wp-content\/uploads\/2024\/10\/Real-Bucalemu-San-Felipe-Chile-128x128.png\" class=\"attachment-sportspress-fit-icon size-sportspress-fit-icon wp-post-image lazyload\" alt=\"\" src=\"data:image\/gif;base64,R0lGODlhAQABAAAAACH5BAEKAAEALAAAAAABAAEAAAICTAEAOw==\" style=\"--smush-placeholder-width: 128px; --smush-placeholder-aspect-ratio: 128\/128;\" \/><noscript><img decoding=\"async\" width=\"128\" height=\"128\" data-src=\"https:\/\/esquerra.com.ar\/voleibol\/wp-content\/uploads\/2024\/10\/Real-Bucalemu-San-Felipe-Chile-128x128.png\" class=\"attachment-sportspress-fit-icon size-sportspress-fit-icon wp-post-image lazyload\" alt=\"\" src=\"data:image\/gif;base64,R0lGODlhAQABAAAAACH5BAEKAAEALAAAAAABAAEAAAICTAEAOw==\" style=\"--smush-placeholder-width: 128px; --smush-placeholder-aspect-ratio: 128\/128;\" \/><noscript><img decoding=\"async\" width=\"128\" height=\"128\" data-src=\"https:\/\/esquerra.com.ar\/voleibol\/wp-content\/uploads\/2024\/10\/Real-Bucalemu-San-Felipe-Chile-128x128.png\" class=\"attachment-sportspress-fit-icon size-sportspress-fit-icon wp-post-image lazyload\" alt=\"\" src=\"data:image\/gif;base64,R0lGODlhAQABAAAAACH5BAEKAAEALAAAAAABAAEAAAICTAEAOw==\" style=\"--smush-placeholder-width: 128px; --smush-placeholder-aspect-ratio: 128\/128;\" \/><noscript><img decoding=\"async\" width=\"128\" height=\"128\" data-src=\"https:\/\/esquerra.com.ar\/voleibol\/wp-content\/uploads\/2024\/10\/Real-Bucalemu-San-Felipe-Chile-128x128.png\" class=\"attachment-sportspress-fit-icon size-sportspress-fit-icon wp-post-image lazyload\" alt=\"\" src=\"data:image\/gif;base64,R0lGODlhAQABAAAAACH5BAEKAAEALAAAAAABAAEAAAICTAEAOw==\" style=\"--smush-placeholder-width: 128px; --smush-placeholder-aspect-ratio: 128\/128;\" \/><noscript><img decoding=\"async\" width=\"128\" height=\"128\" data-src=\"https:\/\/esquerra.com.ar\/voleibol\/wp-content\/uploads\/2024\/10\/Real-Bucalemu-San-Felipe-Chile-128x128.png\" class=\"attachment-sportspress-fit-icon size-sportspress-fit-icon wp-post-image lazyload\" alt=\"\" src=\"data:image\/gif;base64,R0lGODlhAQABAAAAACH5BAEKAAEALAAAAAABAAEAAAICTAEAOw==\" style=\"--smush-placeholder-width: 128px; --smush-placeholder-aspect-ratio: 128\/128;\" \/><noscript><img decoding=\"async\" width=\"128\" height=\"128\" data-src=\"https:\/\/esquerra.com.ar\/voleibol\/wp-content\/uploads\/2024\/10\/Real-Bucalemu-San-Felipe-Chile-128x128.png\" class=\"attachment-sportspress-fit-icon size-sportspress-fit-icon wp-post-image lazyload\" alt=\"\" src=\"data:image\/gif;base64,R0lGODlhAQABAAAAACH5BAEKAAEALAAAAAABAAEAAAICTAEAOw==\" style=\"--smush-placeholder-width: 128px; --smush-placeholder-aspect-ratio: 128\/128;\" \/><noscript><img decoding=\"async\" width=\"128\" height=\"128\" src=\"https:\/\/esquerra.com.ar\/voleibol\/wp-content\/uploads\/2024\/10\/Real-Bucalemu-San-Felipe-Chile-128x128.png\" class=\"attachment-sportspress-fit-icon size-sportspress-fit-icon wp-post-image\" alt=\"\" \/><\/noscript><\/noscript><\/noscript><\/noscript><\/noscript><\/noscript><\/span> <span class=\"team-logo logo-even\" title=\"Universitario U18M (Caleta Olivia, Argentina)\"><img decoding=\"async\" width=\"128\" height=\"128\" data-src=\"https:\/\/esquerra.com.ar\/voleibol\/wp-content\/uploads\/2024\/10\/Universitario-Caleta-Olivia-Argentina-128x128.png\" class=\"attachment-sportspress-fit-icon size-sportspress-fit-icon wp-post-image lazyload\" alt=\"\" src=\"data:image\/gif;base64,R0lGODlhAQABAAAAACH5BAEKAAEALAAAAAABAAEAAAICTAEAOw==\" style=\"--smush-placeholder-width: 128px; --smush-placeholder-aspect-ratio: 128\/128;\" \/><noscript><img decoding=\"async\" width=\"128\" height=\"128\" data-src=\"https:\/\/esquerra.com.ar\/voleibol\/wp-content\/uploads\/2024\/10\/Universitario-Caleta-Olivia-Argentina-128x128.png\" class=\"attachment-sportspress-fit-icon size-sportspress-fit-icon wp-post-image lazyload\" alt=\"\" src=\"data:image\/gif;base64,R0lGODlhAQABAAAAACH5BAEKAAEALAAAAAABAAEAAAICTAEAOw==\" style=\"--smush-placeholder-width: 128px; --smush-placeholder-aspect-ratio: 128\/128;\" \/><noscript><img decoding=\"async\" width=\"128\" height=\"128\" data-src=\"https:\/\/esquerra.com.ar\/voleibol\/wp-content\/uploads\/2024\/10\/Universitario-Caleta-Olivia-Argentina-128x128.png\" class=\"attachment-sportspress-fit-icon size-sportspress-fit-icon wp-post-image lazyload\" alt=\"\" src=\"data:image\/gif;base64,R0lGODlhAQABAAAAACH5BAEKAAEALAAAAAABAAEAAAICTAEAOw==\" style=\"--smush-placeholder-width: 128px; --smush-placeholder-aspect-ratio: 128\/128;\" \/><noscript><img decoding=\"async\" width=\"128\" height=\"128\" data-src=\"https:\/\/esquerra.com.ar\/voleibol\/wp-content\/uploads\/2024\/10\/Universitario-Caleta-Olivia-Argentina-128x128.png\" class=\"attachment-sportspress-fit-icon size-sportspress-fit-icon wp-post-image lazyload\" alt=\"\" src=\"data:image\/gif;base64,R0lGODlhAQABAAAAACH5BAEKAAEALAAAAAABAAEAAAICTAEAOw==\" style=\"--smush-placeholder-width: 128px; --smush-placeholder-aspect-ratio: 128\/128;\" \/><noscript><img decoding=\"async\" width=\"128\" height=\"128\" data-src=\"https:\/\/esquerra.com.ar\/voleibol\/wp-content\/uploads\/2024\/10\/Universitario-Caleta-Olivia-Argentina-128x128.png\" class=\"attachment-sportspress-fit-icon size-sportspress-fit-icon wp-post-image lazyload\" alt=\"\" src=\"data:image\/gif;base64,R0lGODlhAQABAAAAACH5BAEKAAEALAAAAAABAAEAAAICTAEAOw==\" style=\"--smush-placeholder-width: 128px; --smush-placeholder-aspect-ratio: 128\/128;\" \/><noscript><img decoding=\"async\" width=\"128\" height=\"128\" data-src=\"https:\/\/esquerra.com.ar\/voleibol\/wp-content\/uploads\/2024\/10\/Universitario-Caleta-Olivia-Argentina-128x128.png\" class=\"attachment-sportspress-fit-icon size-sportspress-fit-icon wp-post-image lazyload\" alt=\"\" src=\"data:image\/gif;base64,R0lGODlhAQABAAAAACH5BAEKAAEALAAAAAABAAEAAAICTAEAOw==\" style=\"--smush-placeholder-width: 128px; --smush-placeholder-aspect-ratio: 128\/128;\" \/><noscript><img decoding=\"async\" width=\"128\" height=\"128\" src=\"https:\/\/esquerra.com.ar\/voleibol\/wp-content\/uploads\/2024\/10\/Universitario-Caleta-Olivia-Argentina-128x128.png\" class=\"attachment-sportspress-fit-icon size-sportspress-fit-icon wp-post-image\" alt=\"\" \/><\/noscript><\/noscript><\/noscript><\/noscript><\/noscript><\/noscript><\/span>\t\t\t\t\t\t\t<time class=\"sp-event-date\" datetime=\"2024-11-01 19:30:14\" itemprop=\"startDate\" content=\"2024-11-01T19:30:14-03:00\">\n\t\t\t\t\t\t\t\t<a href=\"https:\/\/esquerra.com.ar\/voleibol\/event\/real-bucalemu-san-felipe-chile-vs-universitario-u18m-caleta-olivia-argentina\/\">01\/11\/2024<\/a>\t\t\t\t\t\t\t<\/time>\n\t\t\t\t\t\t\t\t\t\t\t\t\t\t<h5 class=\"sp-event-results\">\n\t\t\t\t\t\t\t\t<a href=\"https:\/\/esquerra.com.ar\/voleibol\/event\/real-bucalemu-san-felipe-chile-vs-universitario-u18m-caleta-olivia-argentina\/\"><span class=\"sp-result ok\">0<\/span> - <span class=\"sp-result\">2<\/span><\/a>\t\t\t\t\t\t\t<\/h5>\n\t\t\t\t\t\t\t\t\t\t\t\t\t\t\t\t\t\t\t\t\t\t<div class=\"sp-event-season\">U18M - Noviembre 2024 - ZONA A<\/div>\n\t\t\t\t\t\t\t\t\t\t\t\t\t\t\t\t\t\t\t\t\t\t\t\t\t\t\t\t\t\t<div class=\"sp-event-venue\" itemprop=\"location\" itemscope itemtype=\"http:\/\/schema.org\/Place\"><div itemprop=\"address\" itemscope itemtype=\"http:\/\/schema.org\/PostalAddress\">Hind\u00fa - Cancha 3<\/div><\/div>\n\t\t\t\t\t\t\t\t\t\t\t\t\t\t\t\t\t\t\t\t\t\t\t\t\t\t\t\t\t\t<div style=\"display:none;\" class=\"sp-event-venue\" itemprop=\"location\" itemscope itemtype=\"http:\/\/schema.org\/Place\"><div itemprop=\"address\" itemscope itemtype=\"http:\/\/schema.org\/PostalAddress\">N\/D<\/div><\/div>\n\t\t\t\t\t\t\t\t\t\t\t\t\t\t<h4 class=\"sp-event-title\" itemprop=\"name\">\n\t\t\t\t\t\t\t\t<a href=\"https:\/\/esquerra.com.ar\/voleibol\/event\/real-bucalemu-san-felipe-chile-vs-universitario-u18m-caleta-olivia-argentina\/\">Real Bucalemu (San Felipe, Chile) vs Universitario U18M (Caleta Olivia, Argentina)<\/a>\t\t\t\t\t\t\t<\/h4>\n\t\t\t\t\t\t\t\n\t\t\t\t\t\t<\/td>\n\t\t\t\t\t<\/tr>\n\t\t\t\t\t\t\t\t\t\t<tr class=\"sp-row sp-post\" itemscope itemtype=\"http:\/\/schema.org\/SportsEvent\">\n\t\t\t\t\t\t<td>\n\t\t\t\t\t\t\t\t\t\t\t\t\t\t<span class=\"team-logo logo-odd\" title=\"San Mart\u00edn (Marcos Ju\u00e1rez, Argentina)\"><img loading=\"lazy\" decoding=\"async\" width=\"128\" height=\"128\" data-src=\"https:\/\/esquerra.com.ar\/voleibol\/wp-content\/uploads\/2024\/10\/San-Martin-Marcos-Juarez-Argentina-128x128.png\" class=\"attachment-sportspress-fit-icon size-sportspress-fit-icon wp-post-image lazyload\" alt=\"\" src=\"data:image\/gif;base64,R0lGODlhAQABAAAAACH5BAEKAAEALAAAAAABAAEAAAICTAEAOw==\" style=\"--smush-placeholder-width: 128px; --smush-placeholder-aspect-ratio: 128\/128;\" \/><noscript><img loading=\"lazy\" decoding=\"async\" width=\"128\" height=\"128\" data-src=\"https:\/\/esquerra.com.ar\/voleibol\/wp-content\/uploads\/2024\/10\/San-Martin-Marcos-Juarez-Argentina-128x128.png\" class=\"attachment-sportspress-fit-icon size-sportspress-fit-icon wp-post-image lazyload\" alt=\"\" src=\"data:image\/gif;base64,R0lGODlhAQABAAAAACH5BAEKAAEALAAAAAABAAEAAAICTAEAOw==\" style=\"--smush-placeholder-width: 128px; --smush-placeholder-aspect-ratio: 128\/128;\" \/><noscript><img loading=\"lazy\" decoding=\"async\" width=\"128\" height=\"128\" data-src=\"https:\/\/esquerra.com.ar\/voleibol\/wp-content\/uploads\/2024\/10\/San-Martin-Marcos-Juarez-Argentina-128x128.png\" class=\"attachment-sportspress-fit-icon size-sportspress-fit-icon wp-post-image lazyload\" alt=\"\" src=\"data:image\/gif;base64,R0lGODlhAQABAAAAACH5BAEKAAEALAAAAAABAAEAAAICTAEAOw==\" style=\"--smush-placeholder-width: 128px; --smush-placeholder-aspect-ratio: 128\/128;\" \/><noscript><img loading=\"lazy\" decoding=\"async\" width=\"128\" height=\"128\" data-src=\"https:\/\/esquerra.com.ar\/voleibol\/wp-content\/uploads\/2024\/10\/San-Martin-Marcos-Juarez-Argentina-128x128.png\" class=\"attachment-sportspress-fit-icon size-sportspress-fit-icon wp-post-image lazyload\" alt=\"\" src=\"data:image\/gif;base64,R0lGODlhAQABAAAAACH5BAEKAAEALAAAAAABAAEAAAICTAEAOw==\" style=\"--smush-placeholder-width: 128px; --smush-placeholder-aspect-ratio: 128\/128;\" \/><noscript><img loading=\"lazy\" decoding=\"async\" width=\"128\" height=\"128\" data-src=\"https:\/\/esquerra.com.ar\/voleibol\/wp-content\/uploads\/2024\/10\/San-Martin-Marcos-Juarez-Argentina-128x128.png\" class=\"attachment-sportspress-fit-icon size-sportspress-fit-icon wp-post-image lazyload\" alt=\"\" src=\"data:image\/gif;base64,R0lGODlhAQABAAAAACH5BAEKAAEALAAAAAABAAEAAAICTAEAOw==\" style=\"--smush-placeholder-width: 128px; --smush-placeholder-aspect-ratio: 128\/128;\" \/><noscript><img loading=\"lazy\" decoding=\"async\" width=\"128\" height=\"128\" src=\"https:\/\/esquerra.com.ar\/voleibol\/wp-content\/uploads\/2024\/10\/San-Martin-Marcos-Juarez-Argentina-128x128.png\" class=\"attachment-sportspress-fit-icon size-sportspress-fit-icon wp-post-image\" alt=\"\" \/><\/noscript><\/noscript><\/noscript><\/noscript><\/noscript><\/span> <span class=\"team-logo logo-even\" title=\"Las Flores U18M (C\u00f3rdoba, Argentina)\"><img decoding=\"async\" width=\"128\" height=\"128\" data-src=\"https:\/\/esquerra.com.ar\/voleibol\/wp-content\/uploads\/2024\/10\/Las-Flores-Cordoba-Argentina-128x128.png\" class=\"attachment-sportspress-fit-icon size-sportspress-fit-icon wp-post-image lazyload\" alt=\"\" src=\"data:image\/gif;base64,R0lGODlhAQABAAAAACH5BAEKAAEALAAAAAABAAEAAAICTAEAOw==\" style=\"--smush-placeholder-width: 128px; --smush-placeholder-aspect-ratio: 128\/128;\" \/><noscript><img decoding=\"async\" width=\"128\" height=\"128\" data-src=\"https:\/\/esquerra.com.ar\/voleibol\/wp-content\/uploads\/2024\/10\/Las-Flores-Cordoba-Argentina-128x128.png\" class=\"attachment-sportspress-fit-icon size-sportspress-fit-icon wp-post-image lazyload\" alt=\"\" src=\"data:image\/gif;base64,R0lGODlhAQABAAAAACH5BAEKAAEALAAAAAABAAEAAAICTAEAOw==\" style=\"--smush-placeholder-width: 128px; --smush-placeholder-aspect-ratio: 128\/128;\" \/><noscript><img decoding=\"async\" width=\"128\" height=\"128\" data-src=\"https:\/\/esquerra.com.ar\/voleibol\/wp-content\/uploads\/2024\/10\/Las-Flores-Cordoba-Argentina-128x128.png\" class=\"attachment-sportspress-fit-icon size-sportspress-fit-icon wp-post-image lazyload\" alt=\"\" src=\"data:image\/gif;base64,R0lGODlhAQABAAAAACH5BAEKAAEALAAAAAABAAEAAAICTAEAOw==\" style=\"--smush-placeholder-width: 128px; --smush-placeholder-aspect-ratio: 128\/128;\" \/><noscript><img decoding=\"async\" width=\"128\" height=\"128\" data-src=\"https:\/\/esquerra.com.ar\/voleibol\/wp-content\/uploads\/2024\/10\/Las-Flores-Cordoba-Argentina-128x128.png\" class=\"attachment-sportspress-fit-icon size-sportspress-fit-icon wp-post-image lazyload\" alt=\"\" src=\"data:image\/gif;base64,R0lGODlhAQABAAAAACH5BAEKAAEALAAAAAABAAEAAAICTAEAOw==\" style=\"--smush-placeholder-width: 128px; --smush-placeholder-aspect-ratio: 128\/128;\" \/><noscript><img decoding=\"async\" width=\"128\" height=\"128\" data-src=\"https:\/\/esquerra.com.ar\/voleibol\/wp-content\/uploads\/2024\/10\/Las-Flores-Cordoba-Argentina-128x128.png\" class=\"attachment-sportspress-fit-icon size-sportspress-fit-icon wp-post-image lazyload\" alt=\"\" src=\"data:image\/gif;base64,R0lGODlhAQABAAAAACH5BAEKAAEALAAAAAABAAEAAAICTAEAOw==\" style=\"--smush-placeholder-width: 128px; --smush-placeholder-aspect-ratio: 128\/128;\" \/><noscript><img decoding=\"async\" width=\"128\" height=\"128\" src=\"https:\/\/esquerra.com.ar\/voleibol\/wp-content\/uploads\/2024\/10\/Las-Flores-Cordoba-Argentina-128x128.png\" class=\"attachment-sportspress-fit-icon size-sportspress-fit-icon wp-post-image\" alt=\"\" \/><\/noscript><\/noscript><\/noscript><\/noscript><\/noscript><\/span>\t\t\t\t\t\t\t<time class=\"sp-event-date\" datetime=\"2024-11-01 19:30:54\" itemprop=\"startDate\" content=\"2024-11-01T19:30:54-03:00\">\n\t\t\t\t\t\t\t\t<a href=\"https:\/\/esquerra.com.ar\/voleibol\/event\/san-martin-marcos-juarez-argentina-vs-invitado-1-u18m-cordoba-argentina\/\">01\/11\/2024<\/a>\t\t\t\t\t\t\t<\/time>\n\t\t\t\t\t\t\t\t\t\t\t\t\t\t<h5 class=\"sp-event-results\">\n\t\t\t\t\t\t\t\t<a href=\"https:\/\/esquerra.com.ar\/voleibol\/event\/san-martin-marcos-juarez-argentina-vs-invitado-1-u18m-cordoba-argentina\/\"><span class=\"sp-result ok\">0<\/span> - <span class=\"sp-result\">2<\/span><\/a>\t\t\t\t\t\t\t<\/h5>\n\t\t\t\t\t\t\t\t\t\t\t\t\t\t\t\t\t\t\t\t\t\t<div class=\"sp-event-season\">U18M - Noviembre 2024 - ZONA A<\/div>\n\t\t\t\t\t\t\t\t\t\t\t\t\t\t\t\t\t\t\t\t\t\t\t\t\t\t\t\t\t\t<div class=\"sp-event-venue\" itemprop=\"location\" itemscope itemtype=\"http:\/\/schema.org\/Place\"><div itemprop=\"address\" itemscope itemtype=\"http:\/\/schema.org\/PostalAddress\">Rieles - Cancha 2<\/div><\/div>\n\t\t\t\t\t\t\t\t\t\t\t\t\t\t\t\t\t\t\t\t\t\t\t\t\t\t\t\t\t\t<div style=\"display:none;\" class=\"sp-event-venue\" itemprop=\"location\" itemscope itemtype=\"http:\/\/schema.org\/Place\"><div itemprop=\"address\" itemscope itemtype=\"http:\/\/schema.org\/PostalAddress\">N\/D<\/div><\/div>\n\t\t\t\t\t\t\t\t\t\t\t\t\t\t<h4 class=\"sp-event-title\" itemprop=\"name\">\n\t\t\t\t\t\t\t\t<a href=\"https:\/\/esquerra.com.ar\/voleibol\/event\/san-martin-marcos-juarez-argentina-vs-invitado-1-u18m-cordoba-argentina\/\">San Mart\u00edn U18M (Marcos Ju\u00e1rez, Argentina) vs Las Flores U18M (C\u00f3rdoba, Argentina)<\/a>\t\t\t\t\t\t\t<\/h4>\n\t\t\t\t\t\t\t\n\t\t\t\t\t\t<\/td>\n\t\t\t\t\t<\/tr>\n\t\t\t\t\t\t\t\t\t\t<tr class=\"sp-row sp-post alternate\" itemscope itemtype=\"http:\/\/schema.org\/SportsEvent\">\n\t\t\t\t\t\t<td>\n\t\t\t\t\t\t\t\t\t\t\t\t\t\t<span class=\"team-logo logo-odd\" title=\"Alianza La Molina U18M (Lima, Per\u00fa)\"><img loading=\"lazy\" decoding=\"async\" width=\"128\" height=\"128\" data-src=\"https:\/\/esquerra.com.ar\/voleibol\/wp-content\/uploads\/2024\/10\/Alianza-Voley-Lima-Peru-128x128.png\" class=\"attachment-sportspress-fit-icon size-sportspress-fit-icon wp-post-image lazyload\" alt=\"\" src=\"data:image\/gif;base64,R0lGODlhAQABAAAAACH5BAEKAAEALAAAAAABAAEAAAICTAEAOw==\" style=\"--smush-placeholder-width: 128px; --smush-placeholder-aspect-ratio: 128\/128;\" \/><noscript><img loading=\"lazy\" decoding=\"async\" width=\"128\" height=\"128\" data-src=\"https:\/\/esquerra.com.ar\/voleibol\/wp-content\/uploads\/2024\/10\/Alianza-Voley-Lima-Peru-128x128.png\" class=\"attachment-sportspress-fit-icon size-sportspress-fit-icon wp-post-image lazyload\" alt=\"\" src=\"data:image\/gif;base64,R0lGODlhAQABAAAAACH5BAEKAAEALAAAAAABAAEAAAICTAEAOw==\" style=\"--smush-placeholder-width: 128px; --smush-placeholder-aspect-ratio: 128\/128;\" \/><noscript><img loading=\"lazy\" decoding=\"async\" width=\"128\" height=\"128\" data-src=\"https:\/\/esquerra.com.ar\/voleibol\/wp-content\/uploads\/2024\/10\/Alianza-Voley-Lima-Peru-128x128.png\" class=\"attachment-sportspress-fit-icon size-sportspress-fit-icon wp-post-image lazyload\" alt=\"\" src=\"data:image\/gif;base64,R0lGODlhAQABAAAAACH5BAEKAAEALAAAAAABAAEAAAICTAEAOw==\" style=\"--smush-placeholder-width: 128px; --smush-placeholder-aspect-ratio: 128\/128;\" \/><noscript><img loading=\"lazy\" decoding=\"async\" width=\"128\" height=\"128\" data-src=\"https:\/\/esquerra.com.ar\/voleibol\/wp-content\/uploads\/2024\/10\/Alianza-Voley-Lima-Peru-128x128.png\" class=\"attachment-sportspress-fit-icon size-sportspress-fit-icon wp-post-image lazyload\" alt=\"\" src=\"data:image\/gif;base64,R0lGODlhAQABAAAAACH5BAEKAAEALAAAAAABAAEAAAICTAEAOw==\" style=\"--smush-placeholder-width: 128px; --smush-placeholder-aspect-ratio: 128\/128;\" \/><noscript><img loading=\"lazy\" decoding=\"async\" width=\"128\" height=\"128\" data-src=\"https:\/\/esquerra.com.ar\/voleibol\/wp-content\/uploads\/2024\/10\/Alianza-Voley-Lima-Peru-128x128.png\" class=\"attachment-sportspress-fit-icon size-sportspress-fit-icon wp-post-image lazyload\" alt=\"\" src=\"data:image\/gif;base64,R0lGODlhAQABAAAAACH5BAEKAAEALAAAAAABAAEAAAICTAEAOw==\" style=\"--smush-placeholder-width: 128px; --smush-placeholder-aspect-ratio: 128\/128;\" \/><noscript><img loading=\"lazy\" decoding=\"async\" width=\"128\" height=\"128\" src=\"https:\/\/esquerra.com.ar\/voleibol\/wp-content\/uploads\/2024\/10\/Alianza-Voley-Lima-Peru-128x128.png\" class=\"attachment-sportspress-fit-icon size-sportspress-fit-icon wp-post-image\" alt=\"\" \/><\/noscript><\/noscript><\/noscript><\/noscript><\/noscript><\/span> <span class=\"team-logo logo-even\" title=\"PSM (Pto. San Martin, Santa Fe)\"><img loading=\"lazy\" decoding=\"async\" width=\"128\" height=\"128\" data-src=\"https:\/\/esquerra.com.ar\/voleibol\/wp-content\/uploads\/2024\/10\/PSM-San-Martin-Argentina-128x128.png\" class=\"attachment-sportspress-fit-icon size-sportspress-fit-icon wp-post-image lazyload\" alt=\"\" src=\"data:image\/gif;base64,R0lGODlhAQABAAAAACH5BAEKAAEALAAAAAABAAEAAAICTAEAOw==\" style=\"--smush-placeholder-width: 128px; --smush-placeholder-aspect-ratio: 128\/128;\" \/><noscript><img loading=\"lazy\" decoding=\"async\" width=\"128\" height=\"128\" data-src=\"https:\/\/esquerra.com.ar\/voleibol\/wp-content\/uploads\/2024\/10\/PSM-San-Martin-Argentina-128x128.png\" class=\"attachment-sportspress-fit-icon size-sportspress-fit-icon wp-post-image lazyload\" alt=\"\" src=\"data:image\/gif;base64,R0lGODlhAQABAAAAACH5BAEKAAEALAAAAAABAAEAAAICTAEAOw==\" style=\"--smush-placeholder-width: 128px; --smush-placeholder-aspect-ratio: 128\/128;\" \/><noscript><img loading=\"lazy\" decoding=\"async\" width=\"128\" height=\"128\" data-src=\"https:\/\/esquerra.com.ar\/voleibol\/wp-content\/uploads\/2024\/10\/PSM-San-Martin-Argentina-128x128.png\" class=\"attachment-sportspress-fit-icon size-sportspress-fit-icon wp-post-image lazyload\" alt=\"\" src=\"data:image\/gif;base64,R0lGODlhAQABAAAAACH5BAEKAAEALAAAAAABAAEAAAICTAEAOw==\" style=\"--smush-placeholder-width: 128px; --smush-placeholder-aspect-ratio: 128\/128;\" \/><noscript><img loading=\"lazy\" decoding=\"async\" width=\"128\" height=\"128\" data-src=\"https:\/\/esquerra.com.ar\/voleibol\/wp-content\/uploads\/2024\/10\/PSM-San-Martin-Argentina-128x128.png\" class=\"attachment-sportspress-fit-icon size-sportspress-fit-icon wp-post-image lazyload\" alt=\"\" src=\"data:image\/gif;base64,R0lGODlhAQABAAAAACH5BAEKAAEALAAAAAABAAEAAAICTAEAOw==\" style=\"--smush-placeholder-width: 128px; --smush-placeholder-aspect-ratio: 128\/128;\" \/><noscript><img loading=\"lazy\" decoding=\"async\" width=\"128\" height=\"128\" data-src=\"https:\/\/esquerra.com.ar\/voleibol\/wp-content\/uploads\/2024\/10\/PSM-San-Martin-Argentina-128x128.png\" class=\"attachment-sportspress-fit-icon size-sportspress-fit-icon wp-post-image lazyload\" alt=\"\" src=\"data:image\/gif;base64,R0lGODlhAQABAAAAACH5BAEKAAEALAAAAAABAAEAAAICTAEAOw==\" style=\"--smush-placeholder-width: 128px; --smush-placeholder-aspect-ratio: 128\/128;\" \/><noscript><img loading=\"lazy\" decoding=\"async\" width=\"128\" height=\"128\" data-src=\"https:\/\/esquerra.com.ar\/voleibol\/wp-content\/uploads\/2024\/10\/PSM-San-Martin-Argentina-128x128.png\" class=\"attachment-sportspress-fit-icon size-sportspress-fit-icon wp-post-image lazyload\" alt=\"\" src=\"data:image\/gif;base64,R0lGODlhAQABAAAAACH5BAEKAAEALAAAAAABAAEAAAICTAEAOw==\" style=\"--smush-placeholder-width: 128px; --smush-placeholder-aspect-ratio: 128\/128;\" \/><noscript><img loading=\"lazy\" decoding=\"async\" width=\"128\" height=\"128\" src=\"https:\/\/esquerra.com.ar\/voleibol\/wp-content\/uploads\/2024\/10\/PSM-San-Martin-Argentina-128x128.png\" class=\"attachment-sportspress-fit-icon size-sportspress-fit-icon wp-post-image\" alt=\"\" \/><\/noscript><\/noscript><\/noscript><\/noscript><\/noscript><\/noscript><\/span>\t\t\t\t\t\t\t<time class=\"sp-event-date\" datetime=\"2024-11-01 20:30:04\" itemprop=\"startDate\" content=\"2024-11-01T20:30:04-03:00\">\n\t\t\t\t\t\t\t\t<a href=\"https:\/\/esquerra.com.ar\/voleibol\/event\/alianza-la-molina-u18m-lima-peru-vs-psm-pto-san-martin-santa-fe\/\">01\/11\/2024<\/a>\t\t\t\t\t\t\t<\/time>\n\t\t\t\t\t\t\t\t\t\t\t\t\t\t<h5 class=\"sp-event-results\">\n\t\t\t\t\t\t\t\t<a href=\"https:\/\/esquerra.com.ar\/voleibol\/event\/alianza-la-molina-u18m-lima-peru-vs-psm-pto-san-martin-santa-fe\/\"><span class=\"sp-result ok\">0<\/span> - <span class=\"sp-result\">2<\/span><\/a>\t\t\t\t\t\t\t<\/h5>\n\t\t\t\t\t\t\t\t\t\t\t\t\t\t\t\t\t\t\t\t\t\t<div class=\"sp-event-season\">U18M - Noviembre 2024 - ZONA B<\/div>\n\t\t\t\t\t\t\t\t\t\t\t\t\t\t\t\t\t\t\t\t\t\t\t\t\t\t\t\t\t\t<div class=\"sp-event-venue\" itemprop=\"location\" itemscope itemtype=\"http:\/\/schema.org\/Place\"><div itemprop=\"address\" itemscope itemtype=\"http:\/\/schema.org\/PostalAddress\">Hind\u00fa - Cancha 1<\/div><\/div>\n\t\t\t\t\t\t\t\t\t\t\t\t\t\t\t\t\t\t\t\t\t\t\t\t\t\t\t\t\t\t<div style=\"display:none;\" class=\"sp-event-venue\" itemprop=\"location\" itemscope itemtype=\"http:\/\/schema.org\/Place\"><div itemprop=\"address\" itemscope itemtype=\"http:\/\/schema.org\/PostalAddress\">N\/D<\/div><\/div>\n\t\t\t\t\t\t\t\t\t\t\t\t\t\t<h4 class=\"sp-event-title\" itemprop=\"name\">\n\t\t\t\t\t\t\t\t<a href=\"https:\/\/esquerra.com.ar\/voleibol\/event\/alianza-la-molina-u18m-lima-peru-vs-psm-pto-san-martin-santa-fe\/\">Alianza La Molina U18M (Lima, Per\u00fa) vs PSM (Pto. San Martin, Santa Fe)<\/a>\t\t\t\t\t\t\t<\/h4>\n\t\t\t\t\t\t\t\n\t\t\t\t\t\t<\/td>\n\t\t\t\t\t<\/tr>\n\t\t\t\t\t\t\t\t\t\t<tr class=\"sp-row sp-post\" itemscope itemtype=\"http:\/\/schema.org\/SportsEvent\">\n\t\t\t\t\t\t<td>\n\t\t\t\t\t\t\t\t\t\t\t\t\t\t<span class=\"team-logo logo-odd\" title=\"Villa Azalais (C\u00f3rdoba, Argentina)\"><img loading=\"lazy\" decoding=\"async\" width=\"128\" height=\"128\" data-src=\"https:\/\/esquerra.com.ar\/voleibol\/wp-content\/uploads\/2024\/10\/Villa-Azalais-Cordoba-Argentina-128x128.png\" class=\"attachment-sportspress-fit-icon size-sportspress-fit-icon wp-post-image lazyload\" alt=\"\" src=\"data:image\/gif;base64,R0lGODlhAQABAAAAACH5BAEKAAEALAAAAAABAAEAAAICTAEAOw==\" style=\"--smush-placeholder-width: 128px; --smush-placeholder-aspect-ratio: 128\/128;\" \/><noscript><img loading=\"lazy\" decoding=\"async\" width=\"128\" height=\"128\" data-src=\"https:\/\/esquerra.com.ar\/voleibol\/wp-content\/uploads\/2024\/10\/Villa-Azalais-Cordoba-Argentina-128x128.png\" class=\"attachment-sportspress-fit-icon size-sportspress-fit-icon wp-post-image lazyload\" alt=\"\" src=\"data:image\/gif;base64,R0lGODlhAQABAAAAACH5BAEKAAEALAAAAAABAAEAAAICTAEAOw==\" style=\"--smush-placeholder-width: 128px; --smush-placeholder-aspect-ratio: 128\/128;\" \/><noscript><img loading=\"lazy\" decoding=\"async\" width=\"128\" height=\"128\" data-src=\"https:\/\/esquerra.com.ar\/voleibol\/wp-content\/uploads\/2024\/10\/Villa-Azalais-Cordoba-Argentina-128x128.png\" class=\"attachment-sportspress-fit-icon size-sportspress-fit-icon wp-post-image lazyload\" alt=\"\" src=\"data:image\/gif;base64,R0lGODlhAQABAAAAACH5BAEKAAEALAAAAAABAAEAAAICTAEAOw==\" style=\"--smush-placeholder-width: 128px; --smush-placeholder-aspect-ratio: 128\/128;\" \/><noscript><img loading=\"lazy\" decoding=\"async\" width=\"128\" height=\"128\" data-src=\"https:\/\/esquerra.com.ar\/voleibol\/wp-content\/uploads\/2024\/10\/Villa-Azalais-Cordoba-Argentina-128x128.png\" class=\"attachment-sportspress-fit-icon size-sportspress-fit-icon wp-post-image lazyload\" alt=\"\" src=\"data:image\/gif;base64,R0lGODlhAQABAAAAACH5BAEKAAEALAAAAAABAAEAAAICTAEAOw==\" style=\"--smush-placeholder-width: 128px; --smush-placeholder-aspect-ratio: 128\/128;\" \/><noscript><img loading=\"lazy\" decoding=\"async\" width=\"128\" height=\"128\" data-src=\"https:\/\/esquerra.com.ar\/voleibol\/wp-content\/uploads\/2024\/10\/Villa-Azalais-Cordoba-Argentina-128x128.png\" class=\"attachment-sportspress-fit-icon size-sportspress-fit-icon wp-post-image lazyload\" alt=\"\" src=\"data:image\/gif;base64,R0lGODlhAQABAAAAACH5BAEKAAEALAAAAAABAAEAAAICTAEAOw==\" style=\"--smush-placeholder-width: 128px; --smush-placeholder-aspect-ratio: 128\/128;\" \/><noscript><img loading=\"lazy\" decoding=\"async\" width=\"128\" height=\"128\" src=\"https:\/\/esquerra.com.ar\/voleibol\/wp-content\/uploads\/2024\/10\/Villa-Azalais-Cordoba-Argentina-128x128.png\" class=\"attachment-sportspress-fit-icon size-sportspress-fit-icon wp-post-image\" alt=\"\" \/><\/noscript><\/noscript><\/noscript><\/noscript><\/noscript><\/span> <span class=\"team-logo logo-even\" title=\"IMC U18M (Rio III, Argentina)\"><img loading=\"lazy\" decoding=\"async\" width=\"128\" height=\"128\" data-src=\"https:\/\/esquerra.com.ar\/voleibol\/wp-content\/uploads\/2024\/10\/IMC-Voley-Rio-Tercero-128x128.png\" class=\"attachment-sportspress-fit-icon size-sportspress-fit-icon wp-post-image lazyload\" alt=\"\" src=\"data:image\/gif;base64,R0lGODlhAQABAAAAACH5BAEKAAEALAAAAAABAAEAAAICTAEAOw==\" style=\"--smush-placeholder-width: 128px; --smush-placeholder-aspect-ratio: 128\/128;\" \/><noscript><img loading=\"lazy\" decoding=\"async\" width=\"128\" height=\"128\" data-src=\"https:\/\/esquerra.com.ar\/voleibol\/wp-content\/uploads\/2024\/10\/IMC-Voley-Rio-Tercero-128x128.png\" class=\"attachment-sportspress-fit-icon size-sportspress-fit-icon wp-post-image lazyload\" alt=\"\" src=\"data:image\/gif;base64,R0lGODlhAQABAAAAACH5BAEKAAEALAAAAAABAAEAAAICTAEAOw==\" style=\"--smush-placeholder-width: 128px; --smush-placeholder-aspect-ratio: 128\/128;\" \/><noscript><img loading=\"lazy\" decoding=\"async\" width=\"128\" height=\"128\" data-src=\"https:\/\/esquerra.com.ar\/voleibol\/wp-content\/uploads\/2024\/10\/IMC-Voley-Rio-Tercero-128x128.png\" class=\"attachment-sportspress-fit-icon size-sportspress-fit-icon wp-post-image lazyload\" alt=\"\" src=\"data:image\/gif;base64,R0lGODlhAQABAAAAACH5BAEKAAEALAAAAAABAAEAAAICTAEAOw==\" style=\"--smush-placeholder-width: 128px; --smush-placeholder-aspect-ratio: 128\/128;\" \/><noscript><img loading=\"lazy\" decoding=\"async\" width=\"128\" height=\"128\" data-src=\"https:\/\/esquerra.com.ar\/voleibol\/wp-content\/uploads\/2024\/10\/IMC-Voley-Rio-Tercero-128x128.png\" class=\"attachment-sportspress-fit-icon size-sportspress-fit-icon wp-post-image lazyload\" alt=\"\" src=\"data:image\/gif;base64,R0lGODlhAQABAAAAACH5BAEKAAEALAAAAAABAAEAAAICTAEAOw==\" style=\"--smush-placeholder-width: 128px; --smush-placeholder-aspect-ratio: 128\/128;\" \/><noscript><img loading=\"lazy\" decoding=\"async\" width=\"128\" height=\"128\" data-src=\"https:\/\/esquerra.com.ar\/voleibol\/wp-content\/uploads\/2024\/10\/IMC-Voley-Rio-Tercero-128x128.png\" class=\"attachment-sportspress-fit-icon size-sportspress-fit-icon wp-post-image lazyload\" alt=\"\" src=\"data:image\/gif;base64,R0lGODlhAQABAAAAACH5BAEKAAEALAAAAAABAAEAAAICTAEAOw==\" style=\"--smush-placeholder-width: 128px; --smush-placeholder-aspect-ratio: 128\/128;\" \/><noscript><img loading=\"lazy\" decoding=\"async\" width=\"128\" height=\"128\" data-src=\"https:\/\/esquerra.com.ar\/voleibol\/wp-content\/uploads\/2024\/10\/IMC-Voley-Rio-Tercero-128x128.png\" class=\"attachment-sportspress-fit-icon size-sportspress-fit-icon wp-post-image lazyload\" alt=\"\" src=\"data:image\/gif;base64,R0lGODlhAQABAAAAACH5BAEKAAEALAAAAAABAAEAAAICTAEAOw==\" style=\"--smush-placeholder-width: 128px; --smush-placeholder-aspect-ratio: 128\/128;\" \/><noscript><img loading=\"lazy\" decoding=\"async\" width=\"128\" height=\"128\" src=\"https:\/\/esquerra.com.ar\/voleibol\/wp-content\/uploads\/2024\/10\/IMC-Voley-Rio-Tercero-128x128.png\" class=\"attachment-sportspress-fit-icon size-sportspress-fit-icon wp-post-image\" alt=\"\" \/><\/noscript><\/noscript><\/noscript><\/noscript><\/noscript><\/noscript><\/span>\t\t\t\t\t\t\t<time class=\"sp-event-date\" datetime=\"2024-11-02 09:00:44\" itemprop=\"startDate\" content=\"2024-11-02T09:00:44-03:00\">\n\t\t\t\t\t\t\t\t<a href=\"https:\/\/esquerra.com.ar\/voleibol\/event\/villa-azalais-cordoba-argentina-vs-imc-u18m-rio-iii-argentina\/\">02\/11\/2024<\/a>\t\t\t\t\t\t\t<\/time>\n\t\t\t\t\t\t\t\t\t\t\t\t\t\t<h5 class=\"sp-event-results\">\n\t\t\t\t\t\t\t\t<a href=\"https:\/\/esquerra.com.ar\/voleibol\/event\/villa-azalais-cordoba-argentina-vs-imc-u18m-rio-iii-argentina\/\"><span class=\"sp-result ok\">2<\/span> - <span class=\"sp-result\">0<\/span><\/a>\t\t\t\t\t\t\t<\/h5>\n\t\t\t\t\t\t\t\t\t\t\t\t\t\t\t\t\t\t\t\t\t\t<div class=\"sp-event-season\">U18M - Noviembre 2024 - ZONA B<\/div>\n\t\t\t\t\t\t\t\t\t\t\t\t\t\t\t\t\t\t\t\t\t\t\t\t\t\t\t\t\t\t<div class=\"sp-event-venue\" itemprop=\"location\" itemscope itemtype=\"http:\/\/schema.org\/Place\"><div itemprop=\"address\" itemscope itemtype=\"http:\/\/schema.org\/PostalAddress\">SUE - Cancha 1<\/div><\/div>\n\t\t\t\t\t\t\t\t\t\t\t\t\t\t\t\t\t\t\t\t\t\t\t\t\t\t\t\t\t\t<div style=\"display:none;\" class=\"sp-event-venue\" itemprop=\"location\" itemscope itemtype=\"http:\/\/schema.org\/Place\"><div itemprop=\"address\" itemscope itemtype=\"http:\/\/schema.org\/PostalAddress\">N\/D<\/div><\/div>\n\t\t\t\t\t\t\t\t\t\t\t\t\t\t<h4 class=\"sp-event-title\" itemprop=\"name\">\n\t\t\t\t\t\t\t\t<a href=\"https:\/\/esquerra.com.ar\/voleibol\/event\/villa-azalais-cordoba-argentina-vs-imc-u18m-rio-iii-argentina\/\">Villa Azalais (C\u00f3rdoba, Argentina) vs IMC U18M (Rio III, Argentina)<\/a>\t\t\t\t\t\t\t<\/h4>\n\t\t\t\t\t\t\t\n\t\t\t\t\t\t<\/td>\n\t\t\t\t\t<\/tr>\n\t\t\t\t\t\t\t\t\t\t<tr class=\"sp-row sp-post alternate\" itemscope itemtype=\"http:\/\/schema.org\/SportsEvent\">\n\t\t\t\t\t\t<td>\n\t\t\t\t\t\t\t\t\t\t\t\t\t\t<span class=\"team-logo logo-odd\" title=\"Universitario U18M (Caleta Olivia, Argentina)\"><img decoding=\"async\" width=\"128\" height=\"128\" data-src=\"https:\/\/esquerra.com.ar\/voleibol\/wp-content\/uploads\/2024\/10\/Universitario-Caleta-Olivia-Argentina-128x128.png\" class=\"attachment-sportspress-fit-icon size-sportspress-fit-icon wp-post-image lazyload\" alt=\"\" src=\"data:image\/gif;base64,R0lGODlhAQABAAAAACH5BAEKAAEALAAAAAABAAEAAAICTAEAOw==\" style=\"--smush-placeholder-width: 128px; --smush-placeholder-aspect-ratio: 128\/128;\" \/><noscript><img decoding=\"async\" width=\"128\" height=\"128\" data-src=\"https:\/\/esquerra.com.ar\/voleibol\/wp-content\/uploads\/2024\/10\/Universitario-Caleta-Olivia-Argentina-128x128.png\" class=\"attachment-sportspress-fit-icon size-sportspress-fit-icon wp-post-image lazyload\" alt=\"\" src=\"data:image\/gif;base64,R0lGODlhAQABAAAAACH5BAEKAAEALAAAAAABAAEAAAICTAEAOw==\" style=\"--smush-placeholder-width: 128px; --smush-placeholder-aspect-ratio: 128\/128;\" \/><noscript><img decoding=\"async\" width=\"128\" height=\"128\" data-src=\"https:\/\/esquerra.com.ar\/voleibol\/wp-content\/uploads\/2024\/10\/Universitario-Caleta-Olivia-Argentina-128x128.png\" class=\"attachment-sportspress-fit-icon size-sportspress-fit-icon wp-post-image lazyload\" alt=\"\" src=\"data:image\/gif;base64,R0lGODlhAQABAAAAACH5BAEKAAEALAAAAAABAAEAAAICTAEAOw==\" style=\"--smush-placeholder-width: 128px; --smush-placeholder-aspect-ratio: 128\/128;\" \/><noscript><img decoding=\"async\" width=\"128\" height=\"128\" data-src=\"https:\/\/esquerra.com.ar\/voleibol\/wp-content\/uploads\/2024\/10\/Universitario-Caleta-Olivia-Argentina-128x128.png\" class=\"attachment-sportspress-fit-icon size-sportspress-fit-icon wp-post-image lazyload\" alt=\"\" src=\"data:image\/gif;base64,R0lGODlhAQABAAAAACH5BAEKAAEALAAAAAABAAEAAAICTAEAOw==\" style=\"--smush-placeholder-width: 128px; --smush-placeholder-aspect-ratio: 128\/128;\" \/><noscript><img decoding=\"async\" width=\"128\" height=\"128\" data-src=\"https:\/\/esquerra.com.ar\/voleibol\/wp-content\/uploads\/2024\/10\/Universitario-Caleta-Olivia-Argentina-128x128.png\" class=\"attachment-sportspress-fit-icon size-sportspress-fit-icon wp-post-image lazyload\" alt=\"\" src=\"data:image\/gif;base64,R0lGODlhAQABAAAAACH5BAEKAAEALAAAAAABAAEAAAICTAEAOw==\" style=\"--smush-placeholder-width: 128px; --smush-placeholder-aspect-ratio: 128\/128;\" \/><noscript><img decoding=\"async\" width=\"128\" height=\"128\" data-src=\"https:\/\/esquerra.com.ar\/voleibol\/wp-content\/uploads\/2024\/10\/Universitario-Caleta-Olivia-Argentina-128x128.png\" class=\"attachment-sportspress-fit-icon size-sportspress-fit-icon wp-post-image lazyload\" alt=\"\" src=\"data:image\/gif;base64,R0lGODlhAQABAAAAACH5BAEKAAEALAAAAAABAAEAAAICTAEAOw==\" style=\"--smush-placeholder-width: 128px; --smush-placeholder-aspect-ratio: 128\/128;\" \/><noscript><img decoding=\"async\" width=\"128\" height=\"128\" src=\"https:\/\/esquerra.com.ar\/voleibol\/wp-content\/uploads\/2024\/10\/Universitario-Caleta-Olivia-Argentina-128x128.png\" class=\"attachment-sportspress-fit-icon size-sportspress-fit-icon wp-post-image\" alt=\"\" \/><\/noscript><\/noscript><\/noscript><\/noscript><\/noscript><\/noscript><\/span> <span class=\"team-logo logo-even\" title=\"Las Flores U18M (C\u00f3rdoba, Argentina)\"><img decoding=\"async\" width=\"128\" height=\"128\" data-src=\"https:\/\/esquerra.com.ar\/voleibol\/wp-content\/uploads\/2024\/10\/Las-Flores-Cordoba-Argentina-128x128.png\" class=\"attachment-sportspress-fit-icon size-sportspress-fit-icon wp-post-image lazyload\" alt=\"\" src=\"data:image\/gif;base64,R0lGODlhAQABAAAAACH5BAEKAAEALAAAAAABAAEAAAICTAEAOw==\" style=\"--smush-placeholder-width: 128px; --smush-placeholder-aspect-ratio: 128\/128;\" \/><noscript><img decoding=\"async\" width=\"128\" height=\"128\" data-src=\"https:\/\/esquerra.com.ar\/voleibol\/wp-content\/uploads\/2024\/10\/Las-Flores-Cordoba-Argentina-128x128.png\" class=\"attachment-sportspress-fit-icon size-sportspress-fit-icon wp-post-image lazyload\" alt=\"\" src=\"data:image\/gif;base64,R0lGODlhAQABAAAAACH5BAEKAAEALAAAAAABAAEAAAICTAEAOw==\" style=\"--smush-placeholder-width: 128px; --smush-placeholder-aspect-ratio: 128\/128;\" \/><noscript><img decoding=\"async\" width=\"128\" height=\"128\" data-src=\"https:\/\/esquerra.com.ar\/voleibol\/wp-content\/uploads\/2024\/10\/Las-Flores-Cordoba-Argentina-128x128.png\" class=\"attachment-sportspress-fit-icon size-sportspress-fit-icon wp-post-image lazyload\" alt=\"\" src=\"data:image\/gif;base64,R0lGODlhAQABAAAAACH5BAEKAAEALAAAAAABAAEAAAICTAEAOw==\" style=\"--smush-placeholder-width: 128px; --smush-placeholder-aspect-ratio: 128\/128;\" \/><noscript><img decoding=\"async\" width=\"128\" height=\"128\" data-src=\"https:\/\/esquerra.com.ar\/voleibol\/wp-content\/uploads\/2024\/10\/Las-Flores-Cordoba-Argentina-128x128.png\" class=\"attachment-sportspress-fit-icon size-sportspress-fit-icon wp-post-image lazyload\" alt=\"\" src=\"data:image\/gif;base64,R0lGODlhAQABAAAAACH5BAEKAAEALAAAAAABAAEAAAICTAEAOw==\" style=\"--smush-placeholder-width: 128px; --smush-placeholder-aspect-ratio: 128\/128;\" \/><noscript><img decoding=\"async\" width=\"128\" height=\"128\" data-src=\"https:\/\/esquerra.com.ar\/voleibol\/wp-content\/uploads\/2024\/10\/Las-Flores-Cordoba-Argentina-128x128.png\" class=\"attachment-sportspress-fit-icon size-sportspress-fit-icon wp-post-image lazyload\" alt=\"\" src=\"data:image\/gif;base64,R0lGODlhAQABAAAAACH5BAEKAAEALAAAAAABAAEAAAICTAEAOw==\" style=\"--smush-placeholder-width: 128px; --smush-placeholder-aspect-ratio: 128\/128;\" \/><noscript><img decoding=\"async\" width=\"128\" height=\"128\" src=\"https:\/\/esquerra.com.ar\/voleibol\/wp-content\/uploads\/2024\/10\/Las-Flores-Cordoba-Argentina-128x128.png\" class=\"attachment-sportspress-fit-icon size-sportspress-fit-icon wp-post-image\" alt=\"\" \/><\/noscript><\/noscript><\/noscript><\/noscript><\/noscript><\/span>\t\t\t\t\t\t\t<time class=\"sp-event-date\" datetime=\"2024-11-02 10:15:38\" itemprop=\"startDate\" content=\"2024-11-02T10:15:38-03:00\">\n\t\t\t\t\t\t\t\t<a href=\"https:\/\/esquerra.com.ar\/voleibol\/event\/universitario-u18m-caleta-olivia-argentina-vs-municipalidad-u18m-cordoba-argentina\/\">02\/11\/2024<\/a>\t\t\t\t\t\t\t<\/time>\n\t\t\t\t\t\t\t\t\t\t\t\t\t\t<h5 class=\"sp-event-results\">\n\t\t\t\t\t\t\t\t<a href=\"https:\/\/esquerra.com.ar\/voleibol\/event\/universitario-u18m-caleta-olivia-argentina-vs-municipalidad-u18m-cordoba-argentina\/\"><span class=\"sp-result ok\">2<\/span> - <span class=\"sp-result\">0<\/span><\/a>\t\t\t\t\t\t\t<\/h5>\n\t\t\t\t\t\t\t\t\t\t\t\t\t\t\t\t\t\t\t\t\t\t<div class=\"sp-event-season\">U18M - Noviembre 2024 - ZONA A<\/div>\n\t\t\t\t\t\t\t\t\t\t\t\t\t\t\t\t\t\t\t\t\t\t\t\t\t\t\t\t\t\t<div class=\"sp-event-venue\" itemprop=\"location\" itemscope itemtype=\"http:\/\/schema.org\/Place\"><div itemprop=\"address\" itemscope itemtype=\"http:\/\/schema.org\/PostalAddress\">Hind\u00fa - Cancha 2<\/div><\/div>\n\t\t\t\t\t\t\t\t\t\t\t\t\t\t\t\t\t\t\t\t\t\t\t\t\t\t\t\t\t\t<div style=\"display:none;\" class=\"sp-event-venue\" itemprop=\"location\" itemscope itemtype=\"http:\/\/schema.org\/Place\"><div itemprop=\"address\" itemscope itemtype=\"http:\/\/schema.org\/PostalAddress\">N\/D<\/div><\/div>\n\t\t\t\t\t\t\t\t\t\t\t\t\t\t<h4 class=\"sp-event-title\" itemprop=\"name\">\n\t\t\t\t\t\t\t\t<a href=\"https:\/\/esquerra.com.ar\/voleibol\/event\/universitario-u18m-caleta-olivia-argentina-vs-municipalidad-u18m-cordoba-argentina\/\">Universitario U18M (Caleta Olivia, Argentina) vs Las Flores U18M (C\u00f3rdoba, Argentina)<\/a>\t\t\t\t\t\t\t<\/h4>\n\t\t\t\t\t\t\t\n\t\t\t\t\t\t<\/td>\n\t\t\t\t\t<\/tr>\n\t\t\t\t\t\t\t\t\t\t<tr class=\"sp-row sp-post\" itemscope itemtype=\"http:\/\/schema.org\/SportsEvent\">\n\t\t\t\t\t\t<td>\n\t\t\t\t\t\t\t\t\t\t\t\t\t\t<span class=\"team-logo logo-odd\" title=\"PSM (Pto. San Martin, Santa Fe)\"><img loading=\"lazy\" decoding=\"async\" width=\"128\" height=\"128\" data-src=\"https:\/\/esquerra.com.ar\/voleibol\/wp-content\/uploads\/2024\/10\/PSM-San-Martin-Argentina-128x128.png\" class=\"attachment-sportspress-fit-icon size-sportspress-fit-icon wp-post-image lazyload\" alt=\"\" src=\"data:image\/gif;base64,R0lGODlhAQABAAAAACH5BAEKAAEALAAAAAABAAEAAAICTAEAOw==\" style=\"--smush-placeholder-width: 128px; --smush-placeholder-aspect-ratio: 128\/128;\" \/><noscript><img loading=\"lazy\" decoding=\"async\" width=\"128\" height=\"128\" data-src=\"https:\/\/esquerra.com.ar\/voleibol\/wp-content\/uploads\/2024\/10\/PSM-San-Martin-Argentina-128x128.png\" class=\"attachment-sportspress-fit-icon size-sportspress-fit-icon wp-post-image lazyload\" alt=\"\" src=\"data:image\/gif;base64,R0lGODlhAQABAAAAACH5BAEKAAEALAAAAAABAAEAAAICTAEAOw==\" style=\"--smush-placeholder-width: 128px; --smush-placeholder-aspect-ratio: 128\/128;\" \/><noscript><img loading=\"lazy\" decoding=\"async\" width=\"128\" height=\"128\" data-src=\"https:\/\/esquerra.com.ar\/voleibol\/wp-content\/uploads\/2024\/10\/PSM-San-Martin-Argentina-128x128.png\" class=\"attachment-sportspress-fit-icon size-sportspress-fit-icon wp-post-image lazyload\" alt=\"\" src=\"data:image\/gif;base64,R0lGODlhAQABAAAAACH5BAEKAAEALAAAAAABAAEAAAICTAEAOw==\" style=\"--smush-placeholder-width: 128px; --smush-placeholder-aspect-ratio: 128\/128;\" \/><noscript><img loading=\"lazy\" decoding=\"async\" width=\"128\" height=\"128\" data-src=\"https:\/\/esquerra.com.ar\/voleibol\/wp-content\/uploads\/2024\/10\/PSM-San-Martin-Argentina-128x128.png\" class=\"attachment-sportspress-fit-icon size-sportspress-fit-icon wp-post-image lazyload\" alt=\"\" src=\"data:image\/gif;base64,R0lGODlhAQABAAAAACH5BAEKAAEALAAAAAABAAEAAAICTAEAOw==\" style=\"--smush-placeholder-width: 128px; --smush-placeholder-aspect-ratio: 128\/128;\" \/><noscript><img loading=\"lazy\" decoding=\"async\" width=\"128\" height=\"128\" data-src=\"https:\/\/esquerra.com.ar\/voleibol\/wp-content\/uploads\/2024\/10\/PSM-San-Martin-Argentina-128x128.png\" class=\"attachment-sportspress-fit-icon size-sportspress-fit-icon wp-post-image lazyload\" alt=\"\" src=\"data:image\/gif;base64,R0lGODlhAQABAAAAACH5BAEKAAEALAAAAAABAAEAAAICTAEAOw==\" style=\"--smush-placeholder-width: 128px; --smush-placeholder-aspect-ratio: 128\/128;\" \/><noscript><img loading=\"lazy\" decoding=\"async\" width=\"128\" height=\"128\" data-src=\"https:\/\/esquerra.com.ar\/voleibol\/wp-content\/uploads\/2024\/10\/PSM-San-Martin-Argentina-128x128.png\" class=\"attachment-sportspress-fit-icon size-sportspress-fit-icon wp-post-image lazyload\" alt=\"\" src=\"data:image\/gif;base64,R0lGODlhAQABAAAAACH5BAEKAAEALAAAAAABAAEAAAICTAEAOw==\" style=\"--smush-placeholder-width: 128px; --smush-placeholder-aspect-ratio: 128\/128;\" \/><noscript><img loading=\"lazy\" decoding=\"async\" width=\"128\" height=\"128\" src=\"https:\/\/esquerra.com.ar\/voleibol\/wp-content\/uploads\/2024\/10\/PSM-San-Martin-Argentina-128x128.png\" class=\"attachment-sportspress-fit-icon size-sportspress-fit-icon wp-post-image\" alt=\"\" \/><\/noscript><\/noscript><\/noscript><\/noscript><\/noscript><\/noscript><\/span> <span class=\"team-logo logo-even\" title=\"IMC U18M (Rio III, Argentina)\"><img loading=\"lazy\" decoding=\"async\" width=\"128\" height=\"128\" data-src=\"https:\/\/esquerra.com.ar\/voleibol\/wp-content\/uploads\/2024\/10\/IMC-Voley-Rio-Tercero-128x128.png\" class=\"attachment-sportspress-fit-icon size-sportspress-fit-icon wp-post-image lazyload\" alt=\"\" src=\"data:image\/gif;base64,R0lGODlhAQABAAAAACH5BAEKAAEALAAAAAABAAEAAAICTAEAOw==\" style=\"--smush-placeholder-width: 128px; --smush-placeholder-aspect-ratio: 128\/128;\" \/><noscript><img loading=\"lazy\" decoding=\"async\" width=\"128\" height=\"128\" data-src=\"https:\/\/esquerra.com.ar\/voleibol\/wp-content\/uploads\/2024\/10\/IMC-Voley-Rio-Tercero-128x128.png\" class=\"attachment-sportspress-fit-icon size-sportspress-fit-icon wp-post-image lazyload\" alt=\"\" src=\"data:image\/gif;base64,R0lGODlhAQABAAAAACH5BAEKAAEALAAAAAABAAEAAAICTAEAOw==\" style=\"--smush-placeholder-width: 128px; --smush-placeholder-aspect-ratio: 128\/128;\" \/><noscript><img loading=\"lazy\" decoding=\"async\" width=\"128\" height=\"128\" data-src=\"https:\/\/esquerra.com.ar\/voleibol\/wp-content\/uploads\/2024\/10\/IMC-Voley-Rio-Tercero-128x128.png\" class=\"attachment-sportspress-fit-icon size-sportspress-fit-icon wp-post-image lazyload\" alt=\"\" src=\"data:image\/gif;base64,R0lGODlhAQABAAAAACH5BAEKAAEALAAAAAABAAEAAAICTAEAOw==\" style=\"--smush-placeholder-width: 128px; --smush-placeholder-aspect-ratio: 128\/128;\" \/><noscript><img loading=\"lazy\" decoding=\"async\" width=\"128\" height=\"128\" data-src=\"https:\/\/esquerra.com.ar\/voleibol\/wp-content\/uploads\/2024\/10\/IMC-Voley-Rio-Tercero-128x128.png\" class=\"attachment-sportspress-fit-icon size-sportspress-fit-icon wp-post-image lazyload\" alt=\"\" src=\"data:image\/gif;base64,R0lGODlhAQABAAAAACH5BAEKAAEALAAAAAABAAEAAAICTAEAOw==\" style=\"--smush-placeholder-width: 128px; --smush-placeholder-aspect-ratio: 128\/128;\" \/><noscript><img loading=\"lazy\" decoding=\"async\" width=\"128\" height=\"128\" data-src=\"https:\/\/esquerra.com.ar\/voleibol\/wp-content\/uploads\/2024\/10\/IMC-Voley-Rio-Tercero-128x128.png\" class=\"attachment-sportspress-fit-icon size-sportspress-fit-icon wp-post-image lazyload\" alt=\"\" src=\"data:image\/gif;base64,R0lGODlhAQABAAAAACH5BAEKAAEALAAAAAABAAEAAAICTAEAOw==\" style=\"--smush-placeholder-width: 128px; --smush-placeholder-aspect-ratio: 128\/128;\" \/><noscript><img loading=\"lazy\" decoding=\"async\" width=\"128\" height=\"128\" data-src=\"https:\/\/esquerra.com.ar\/voleibol\/wp-content\/uploads\/2024\/10\/IMC-Voley-Rio-Tercero-128x128.png\" class=\"attachment-sportspress-fit-icon size-sportspress-fit-icon wp-post-image lazyload\" alt=\"\" src=\"data:image\/gif;base64,R0lGODlhAQABAAAAACH5BAEKAAEALAAAAAABAAEAAAICTAEAOw==\" style=\"--smush-placeholder-width: 128px; --smush-placeholder-aspect-ratio: 128\/128;\" \/><noscript><img loading=\"lazy\" decoding=\"async\" width=\"128\" height=\"128\" src=\"https:\/\/esquerra.com.ar\/voleibol\/wp-content\/uploads\/2024\/10\/IMC-Voley-Rio-Tercero-128x128.png\" class=\"attachment-sportspress-fit-icon size-sportspress-fit-icon wp-post-image\" alt=\"\" \/><\/noscript><\/noscript><\/noscript><\/noscript><\/noscript><\/noscript><\/span>\t\t\t\t\t\t\t<time class=\"sp-event-date\" datetime=\"2024-11-02 10:45:20\" itemprop=\"startDate\" content=\"2024-11-02T10:45:20-03:00\">\n\t\t\t\t\t\t\t\t<a href=\"https:\/\/esquerra.com.ar\/voleibol\/event\/psm-pto-san-martin-santa-fe-vs-imc-u18m-rio-iii-argentina\/\">02\/11\/2024<\/a>\t\t\t\t\t\t\t<\/time>\n\t\t\t\t\t\t\t\t\t\t\t\t\t\t<h5 class=\"sp-event-results\">\n\t\t\t\t\t\t\t\t<a href=\"https:\/\/esquerra.com.ar\/voleibol\/event\/psm-pto-san-martin-santa-fe-vs-imc-u18m-rio-iii-argentina\/\"><span class=\"sp-result ok\">2<\/span> - <span class=\"sp-result\">0<\/span><\/a>\t\t\t\t\t\t\t<\/h5>\n\t\t\t\t\t\t\t\t\t\t\t\t\t\t\t\t\t\t\t\t\t\t<div class=\"sp-event-season\">U18M - Noviembre 2024 - ZONA B<\/div>\n\t\t\t\t\t\t\t\t\t\t\t\t\t\t\t\t\t\t\t\t\t\t\t\t\t\t\t\t\t\t<div class=\"sp-event-venue\" itemprop=\"location\" itemscope itemtype=\"http:\/\/schema.org\/Place\"><div itemprop=\"address\" itemscope itemtype=\"http:\/\/schema.org\/PostalAddress\">SUE - Cancha 2<\/div><\/div>\n\t\t\t\t\t\t\t\t\t\t\t\t\t\t\t\t\t\t\t\t\t\t\t\t\t\t\t\t\t\t<div style=\"display:none;\" class=\"sp-event-venue\" itemprop=\"location\" itemscope itemtype=\"http:\/\/schema.org\/Place\"><div itemprop=\"address\" itemscope itemtype=\"http:\/\/schema.org\/PostalAddress\">N\/D<\/div><\/div>\n\t\t\t\t\t\t\t\t\t\t\t\t\t\t<h4 class=\"sp-event-title\" itemprop=\"name\">\n\t\t\t\t\t\t\t\t<a href=\"https:\/\/esquerra.com.ar\/voleibol\/event\/psm-pto-san-martin-santa-fe-vs-imc-u18m-rio-iii-argentina\/\">PSM (Pto. San Martin, Santa Fe) vs IMC U18M (Rio III, Argentina)<\/a>\t\t\t\t\t\t\t<\/h4>\n\t\t\t\t\t\t\t\n\t\t\t\t\t\t<\/td>\n\t\t\t\t\t<\/tr>\n\t\t\t\t\t\t\t\t\t\t<tr class=\"sp-row sp-post alternate\" itemscope itemtype=\"http:\/\/schema.org\/SportsEvent\">\n\t\t\t\t\t\t<td>\n\t\t\t\t\t\t\t\t\t\t\t\t\t\t<span class=\"team-logo logo-odd\" title=\"Alianza La Molina U18M (Lima, Per\u00fa)\"><img loading=\"lazy\" decoding=\"async\" width=\"128\" height=\"128\" data-src=\"https:\/\/esquerra.com.ar\/voleibol\/wp-content\/uploads\/2024\/10\/Alianza-Voley-Lima-Peru-128x128.png\" class=\"attachment-sportspress-fit-icon size-sportspress-fit-icon wp-post-image lazyload\" alt=\"\" src=\"data:image\/gif;base64,R0lGODlhAQABAAAAACH5BAEKAAEALAAAAAABAAEAAAICTAEAOw==\" style=\"--smush-placeholder-width: 128px; --smush-placeholder-aspect-ratio: 128\/128;\" \/><noscript><img loading=\"lazy\" decoding=\"async\" width=\"128\" height=\"128\" data-src=\"https:\/\/esquerra.com.ar\/voleibol\/wp-content\/uploads\/2024\/10\/Alianza-Voley-Lima-Peru-128x128.png\" class=\"attachment-sportspress-fit-icon size-sportspress-fit-icon wp-post-image lazyload\" alt=\"\" src=\"data:image\/gif;base64,R0lGODlhAQABAAAAACH5BAEKAAEALAAAAAABAAEAAAICTAEAOw==\" style=\"--smush-placeholder-width: 128px; --smush-placeholder-aspect-ratio: 128\/128;\" \/><noscript><img loading=\"lazy\" decoding=\"async\" width=\"128\" height=\"128\" data-src=\"https:\/\/esquerra.com.ar\/voleibol\/wp-content\/uploads\/2024\/10\/Alianza-Voley-Lima-Peru-128x128.png\" class=\"attachment-sportspress-fit-icon size-sportspress-fit-icon wp-post-image lazyload\" alt=\"\" src=\"data:image\/gif;base64,R0lGODlhAQABAAAAACH5BAEKAAEALAAAAAABAAEAAAICTAEAOw==\" style=\"--smush-placeholder-width: 128px; --smush-placeholder-aspect-ratio: 128\/128;\" \/><noscript><img loading=\"lazy\" decoding=\"async\" width=\"128\" height=\"128\" data-src=\"https:\/\/esquerra.com.ar\/voleibol\/wp-content\/uploads\/2024\/10\/Alianza-Voley-Lima-Peru-128x128.png\" class=\"attachment-sportspress-fit-icon size-sportspress-fit-icon wp-post-image lazyload\" alt=\"\" src=\"data:image\/gif;base64,R0lGODlhAQABAAAAACH5BAEKAAEALAAAAAABAAEAAAICTAEAOw==\" style=\"--smush-placeholder-width: 128px; --smush-placeholder-aspect-ratio: 128\/128;\" \/><noscript><img loading=\"lazy\" decoding=\"async\" width=\"128\" height=\"128\" data-src=\"https:\/\/esquerra.com.ar\/voleibol\/wp-content\/uploads\/2024\/10\/Alianza-Voley-Lima-Peru-128x128.png\" class=\"attachment-sportspress-fit-icon size-sportspress-fit-icon wp-post-image lazyload\" alt=\"\" src=\"data:image\/gif;base64,R0lGODlhAQABAAAAACH5BAEKAAEALAAAAAABAAEAAAICTAEAOw==\" style=\"--smush-placeholder-width: 128px; --smush-placeholder-aspect-ratio: 128\/128;\" \/><noscript><img loading=\"lazy\" decoding=\"async\" width=\"128\" height=\"128\" src=\"https:\/\/esquerra.com.ar\/voleibol\/wp-content\/uploads\/2024\/10\/Alianza-Voley-Lima-Peru-128x128.png\" class=\"attachment-sportspress-fit-icon size-sportspress-fit-icon wp-post-image\" alt=\"\" \/><\/noscript><\/noscript><\/noscript><\/noscript><\/noscript><\/span> <span class=\"team-logo logo-even\" title=\"Villa Azalais (C\u00f3rdoba, Argentina)\"><img loading=\"lazy\" decoding=\"async\" width=\"128\" height=\"128\" data-src=\"https:\/\/esquerra.com.ar\/voleibol\/wp-content\/uploads\/2024\/10\/Villa-Azalais-Cordoba-Argentina-128x128.png\" class=\"attachment-sportspress-fit-icon size-sportspress-fit-icon wp-post-image lazyload\" alt=\"\" src=\"data:image\/gif;base64,R0lGODlhAQABAAAAACH5BAEKAAEALAAAAAABAAEAAAICTAEAOw==\" style=\"--smush-placeholder-width: 128px; --smush-placeholder-aspect-ratio: 128\/128;\" \/><noscript><img loading=\"lazy\" decoding=\"async\" width=\"128\" height=\"128\" data-src=\"https:\/\/esquerra.com.ar\/voleibol\/wp-content\/uploads\/2024\/10\/Villa-Azalais-Cordoba-Argentina-128x128.png\" class=\"attachment-sportspress-fit-icon size-sportspress-fit-icon wp-post-image lazyload\" alt=\"\" src=\"data:image\/gif;base64,R0lGODlhAQABAAAAACH5BAEKAAEALAAAAAABAAEAAAICTAEAOw==\" style=\"--smush-placeholder-width: 128px; --smush-placeholder-aspect-ratio: 128\/128;\" \/><noscript><img loading=\"lazy\" decoding=\"async\" width=\"128\" height=\"128\" data-src=\"https:\/\/esquerra.com.ar\/voleibol\/wp-content\/uploads\/2024\/10\/Villa-Azalais-Cordoba-Argentina-128x128.png\" class=\"attachment-sportspress-fit-icon size-sportspress-fit-icon wp-post-image lazyload\" alt=\"\" src=\"data:image\/gif;base64,R0lGODlhAQABAAAAACH5BAEKAAEALAAAAAABAAEAAAICTAEAOw==\" style=\"--smush-placeholder-width: 128px; --smush-placeholder-aspect-ratio: 128\/128;\" \/><noscript><img loading=\"lazy\" decoding=\"async\" width=\"128\" height=\"128\" data-src=\"https:\/\/esquerra.com.ar\/voleibol\/wp-content\/uploads\/2024\/10\/Villa-Azalais-Cordoba-Argentina-128x128.png\" class=\"attachment-sportspress-fit-icon size-sportspress-fit-icon wp-post-image lazyload\" alt=\"\" src=\"data:image\/gif;base64,R0lGODlhAQABAAAAACH5BAEKAAEALAAAAAABAAEAAAICTAEAOw==\" style=\"--smush-placeholder-width: 128px; --smush-placeholder-aspect-ratio: 128\/128;\" \/><noscript><img loading=\"lazy\" decoding=\"async\" width=\"128\" height=\"128\" data-src=\"https:\/\/esquerra.com.ar\/voleibol\/wp-content\/uploads\/2024\/10\/Villa-Azalais-Cordoba-Argentina-128x128.png\" class=\"attachment-sportspress-fit-icon size-sportspress-fit-icon wp-post-image lazyload\" alt=\"\" src=\"data:image\/gif;base64,R0lGODlhAQABAAAAACH5BAEKAAEALAAAAAABAAEAAAICTAEAOw==\" style=\"--smush-placeholder-width: 128px; --smush-placeholder-aspect-ratio: 128\/128;\" \/><noscript><img loading=\"lazy\" decoding=\"async\" width=\"128\" height=\"128\" src=\"https:\/\/esquerra.com.ar\/voleibol\/wp-content\/uploads\/2024\/10\/Villa-Azalais-Cordoba-Argentina-128x128.png\" class=\"attachment-sportspress-fit-icon size-sportspress-fit-icon wp-post-image\" alt=\"\" \/><\/noscript><\/noscript><\/noscript><\/noscript><\/noscript><\/span>\t\t\t\t\t\t\t<time class=\"sp-event-date\" datetime=\"2024-11-02 11:30:42\" itemprop=\"startDate\" content=\"2024-11-02T11:30:42-03:00\">\n\t\t\t\t\t\t\t\t<a href=\"https:\/\/esquerra.com.ar\/voleibol\/event\/alianza-la-molina-u18m-lima-peru-vs-villa-azalais-cordoba-argentina\/\">02\/11\/2024<\/a>\t\t\t\t\t\t\t<\/time>\n\t\t\t\t\t\t\t\t\t\t\t\t\t\t<h5 class=\"sp-event-results\">\n\t\t\t\t\t\t\t\t<a href=\"https:\/\/esquerra.com.ar\/voleibol\/event\/alianza-la-molina-u18m-lima-peru-vs-villa-azalais-cordoba-argentina\/\"><span class=\"sp-result ok\">1<\/span> - <span class=\"sp-result\">2<\/span><\/a>\t\t\t\t\t\t\t<\/h5>\n\t\t\t\t\t\t\t\t\t\t\t\t\t\t\t\t\t\t\t\t\t\t<div class=\"sp-event-season\">U18M - Noviembre 2024 - ZONA B<\/div>\n\t\t\t\t\t\t\t\t\t\t\t\t\t\t\t\t\t\t\t\t\t\t\t\t\t\t\t\t\t\t<div class=\"sp-event-venue\" itemprop=\"location\" itemscope itemtype=\"http:\/\/schema.org\/Place\"><div itemprop=\"address\" itemscope itemtype=\"http:\/\/schema.org\/PostalAddress\">Hind\u00fa - Cancha 2<\/div><\/div>\n\t\t\t\t\t\t\t\t\t\t\t\t\t\t\t\t\t\t\t\t\t\t\t\t\t\t\t\t\t\t<div style=\"display:none;\" class=\"sp-event-venue\" itemprop=\"location\" itemscope itemtype=\"http:\/\/schema.org\/Place\"><div itemprop=\"address\" itemscope itemtype=\"http:\/\/schema.org\/PostalAddress\">N\/D<\/div><\/div>\n\t\t\t\t\t\t\t\t\t\t\t\t\t\t<h4 class=\"sp-event-title\" itemprop=\"name\">\n\t\t\t\t\t\t\t\t<a href=\"https:\/\/esquerra.com.ar\/voleibol\/event\/alianza-la-molina-u18m-lima-peru-vs-villa-azalais-cordoba-argentina\/\">Alianza La Molina U18M (Lima, Per\u00fa) vs Villa Azalais (C\u00f3rdoba, Argentina)<\/a>\t\t\t\t\t\t\t<\/h4>\n\t\t\t\t\t\t\t\n\t\t\t\t\t\t<\/td>\n\t\t\t\t\t<\/tr>\n\t\t\t\t\t\t\t\t\t\t<tr class=\"sp-row sp-post\" itemscope itemtype=\"http:\/\/schema.org\/SportsEvent\">\n\t\t\t\t\t\t<td>\n\t\t\t\t\t\t\t\t\t\t\t\t\t\t<span class=\"team-logo logo-odd\" title=\"Real Bucalemu (San Felipe, Chile)\"><img decoding=\"async\" width=\"128\" height=\"128\" data-src=\"https:\/\/esquerra.com.ar\/voleibol\/wp-content\/uploads\/2024\/10\/Real-Bucalemu-San-Felipe-Chile-128x128.png\" class=\"attachment-sportspress-fit-icon size-sportspress-fit-icon wp-post-image lazyload\" alt=\"\" src=\"data:image\/gif;base64,R0lGODlhAQABAAAAACH5BAEKAAEALAAAAAABAAEAAAICTAEAOw==\" style=\"--smush-placeholder-width: 128px; --smush-placeholder-aspect-ratio: 128\/128;\" \/><noscript><img decoding=\"async\" width=\"128\" height=\"128\" data-src=\"https:\/\/esquerra.com.ar\/voleibol\/wp-content\/uploads\/2024\/10\/Real-Bucalemu-San-Felipe-Chile-128x128.png\" class=\"attachment-sportspress-fit-icon size-sportspress-fit-icon wp-post-image lazyload\" alt=\"\" src=\"data:image\/gif;base64,R0lGODlhAQABAAAAACH5BAEKAAEALAAAAAABAAEAAAICTAEAOw==\" style=\"--smush-placeholder-width: 128px; --smush-placeholder-aspect-ratio: 128\/128;\" \/><noscript><img decoding=\"async\" width=\"128\" height=\"128\" data-src=\"https:\/\/esquerra.com.ar\/voleibol\/wp-content\/uploads\/2024\/10\/Real-Bucalemu-San-Felipe-Chile-128x128.png\" class=\"attachment-sportspress-fit-icon size-sportspress-fit-icon wp-post-image lazyload\" alt=\"\" src=\"data:image\/gif;base64,R0lGODlhAQABAAAAACH5BAEKAAEALAAAAAABAAEAAAICTAEAOw==\" style=\"--smush-placeholder-width: 128px; --smush-placeholder-aspect-ratio: 128\/128;\" \/><noscript><img decoding=\"async\" width=\"128\" height=\"128\" data-src=\"https:\/\/esquerra.com.ar\/voleibol\/wp-content\/uploads\/2024\/10\/Real-Bucalemu-San-Felipe-Chile-128x128.png\" class=\"attachment-sportspress-fit-icon size-sportspress-fit-icon wp-post-image lazyload\" alt=\"\" src=\"data:image\/gif;base64,R0lGODlhAQABAAAAACH5BAEKAAEALAAAAAABAAEAAAICTAEAOw==\" style=\"--smush-placeholder-width: 128px; --smush-placeholder-aspect-ratio: 128\/128;\" \/><noscript><img decoding=\"async\" width=\"128\" height=\"128\" data-src=\"https:\/\/esquerra.com.ar\/voleibol\/wp-content\/uploads\/2024\/10\/Real-Bucalemu-San-Felipe-Chile-128x128.png\" class=\"attachment-sportspress-fit-icon size-sportspress-fit-icon wp-post-image lazyload\" alt=\"\" src=\"data:image\/gif;base64,R0lGODlhAQABAAAAACH5BAEKAAEALAAAAAABAAEAAAICTAEAOw==\" style=\"--smush-placeholder-width: 128px; --smush-placeholder-aspect-ratio: 128\/128;\" \/><noscript><img decoding=\"async\" width=\"128\" height=\"128\" data-src=\"https:\/\/esquerra.com.ar\/voleibol\/wp-content\/uploads\/2024\/10\/Real-Bucalemu-San-Felipe-Chile-128x128.png\" class=\"attachment-sportspress-fit-icon size-sportspress-fit-icon wp-post-image lazyload\" alt=\"\" src=\"data:image\/gif;base64,R0lGODlhAQABAAAAACH5BAEKAAEALAAAAAABAAEAAAICTAEAOw==\" style=\"--smush-placeholder-width: 128px; --smush-placeholder-aspect-ratio: 128\/128;\" \/><noscript><img decoding=\"async\" width=\"128\" height=\"128\" src=\"https:\/\/esquerra.com.ar\/voleibol\/wp-content\/uploads\/2024\/10\/Real-Bucalemu-San-Felipe-Chile-128x128.png\" class=\"attachment-sportspress-fit-icon size-sportspress-fit-icon wp-post-image\" alt=\"\" \/><\/noscript><\/noscript><\/noscript><\/noscript><\/noscript><\/noscript><\/span> <span class=\"team-logo logo-even\" title=\"San Mart\u00edn (Marcos Ju\u00e1rez, Argentina)\"><img loading=\"lazy\" decoding=\"async\" width=\"128\" height=\"128\" data-src=\"https:\/\/esquerra.com.ar\/voleibol\/wp-content\/uploads\/2024\/10\/San-Martin-Marcos-Juarez-Argentina-128x128.png\" class=\"attachment-sportspress-fit-icon size-sportspress-fit-icon wp-post-image lazyload\" alt=\"\" src=\"data:image\/gif;base64,R0lGODlhAQABAAAAACH5BAEKAAEALAAAAAABAAEAAAICTAEAOw==\" style=\"--smush-placeholder-width: 128px; --smush-placeholder-aspect-ratio: 128\/128;\" \/><noscript><img loading=\"lazy\" decoding=\"async\" width=\"128\" height=\"128\" data-src=\"https:\/\/esquerra.com.ar\/voleibol\/wp-content\/uploads\/2024\/10\/San-Martin-Marcos-Juarez-Argentina-128x128.png\" class=\"attachment-sportspress-fit-icon size-sportspress-fit-icon wp-post-image lazyload\" alt=\"\" src=\"data:image\/gif;base64,R0lGODlhAQABAAAAACH5BAEKAAEALAAAAAABAAEAAAICTAEAOw==\" style=\"--smush-placeholder-width: 128px; --smush-placeholder-aspect-ratio: 128\/128;\" \/><noscript><img loading=\"lazy\" decoding=\"async\" width=\"128\" height=\"128\" data-src=\"https:\/\/esquerra.com.ar\/voleibol\/wp-content\/uploads\/2024\/10\/San-Martin-Marcos-Juarez-Argentina-128x128.png\" class=\"attachment-sportspress-fit-icon size-sportspress-fit-icon wp-post-image lazyload\" alt=\"\" src=\"data:image\/gif;base64,R0lGODlhAQABAAAAACH5BAEKAAEALAAAAAABAAEAAAICTAEAOw==\" style=\"--smush-placeholder-width: 128px; --smush-placeholder-aspect-ratio: 128\/128;\" \/><noscript><img loading=\"lazy\" decoding=\"async\" width=\"128\" height=\"128\" data-src=\"https:\/\/esquerra.com.ar\/voleibol\/wp-content\/uploads\/2024\/10\/San-Martin-Marcos-Juarez-Argentina-128x128.png\" class=\"attachment-sportspress-fit-icon size-sportspress-fit-icon wp-post-image lazyload\" alt=\"\" src=\"data:image\/gif;base64,R0lGODlhAQABAAAAACH5BAEKAAEALAAAAAABAAEAAAICTAEAOw==\" style=\"--smush-placeholder-width: 128px; --smush-placeholder-aspect-ratio: 128\/128;\" \/><noscript><img loading=\"lazy\" decoding=\"async\" width=\"128\" height=\"128\" data-src=\"https:\/\/esquerra.com.ar\/voleibol\/wp-content\/uploads\/2024\/10\/San-Martin-Marcos-Juarez-Argentina-128x128.png\" class=\"attachment-sportspress-fit-icon size-sportspress-fit-icon wp-post-image lazyload\" alt=\"\" src=\"data:image\/gif;base64,R0lGODlhAQABAAAAACH5BAEKAAEALAAAAAABAAEAAAICTAEAOw==\" style=\"--smush-placeholder-width: 128px; --smush-placeholder-aspect-ratio: 128\/128;\" \/><noscript><img loading=\"lazy\" decoding=\"async\" width=\"128\" height=\"128\" src=\"https:\/\/esquerra.com.ar\/voleibol\/wp-content\/uploads\/2024\/10\/San-Martin-Marcos-Juarez-Argentina-128x128.png\" class=\"attachment-sportspress-fit-icon size-sportspress-fit-icon wp-post-image\" alt=\"\" \/><\/noscript><\/noscript><\/noscript><\/noscript><\/noscript><\/span>\t\t\t\t\t\t\t<time class=\"sp-event-date\" datetime=\"2024-11-02 11:30:47\" itemprop=\"startDate\" content=\"2024-11-02T11:30:47-03:00\">\n\t\t\t\t\t\t\t\t<a href=\"https:\/\/esquerra.com.ar\/voleibol\/event\/real-bucalemu-san-felipe-chile-vs-san-martin-u18m-marcos-juarez-argentina\/\">02\/11\/2024<\/a>\t\t\t\t\t\t\t<\/time>\n\t\t\t\t\t\t\t\t\t\t\t\t\t\t<h5 class=\"sp-event-results\">\n\t\t\t\t\t\t\t\t<a href=\"https:\/\/esquerra.com.ar\/voleibol\/event\/real-bucalemu-san-felipe-chile-vs-san-martin-u18m-marcos-juarez-argentina\/\"><span class=\"sp-result ok\">2<\/span> - <span class=\"sp-result\">0<\/span><\/a>\t\t\t\t\t\t\t<\/h5>\n\t\t\t\t\t\t\t\t\t\t\t\t\t\t\t\t\t\t\t\t\t\t<div class=\"sp-event-season\">U18M - Noviembre 2024 - ZONA A<\/div>\n\t\t\t\t\t\t\t\t\t\t\t\t\t\t\t\t\t\t\t\t\t\t\t\t\t\t\t\t\t\t<div class=\"sp-event-venue\" itemprop=\"location\" itemscope itemtype=\"http:\/\/schema.org\/Place\"><div itemprop=\"address\" itemscope itemtype=\"http:\/\/schema.org\/PostalAddress\">Rieles - Cancha 2<\/div><\/div>\n\t\t\t\t\t\t\t\t\t\t\t\t\t\t\t\t\t\t\t\t\t\t\t\t\t\t\t\t\t\t<div style=\"display:none;\" class=\"sp-event-venue\" itemprop=\"location\" itemscope itemtype=\"http:\/\/schema.org\/Place\"><div itemprop=\"address\" itemscope itemtype=\"http:\/\/schema.org\/PostalAddress\">N\/D<\/div><\/div>\n\t\t\t\t\t\t\t\t\t\t\t\t\t\t<h4 class=\"sp-event-title\" itemprop=\"name\">\n\t\t\t\t\t\t\t\t<a href=\"https:\/\/esquerra.com.ar\/voleibol\/event\/real-bucalemu-san-felipe-chile-vs-san-martin-u18m-marcos-juarez-argentina\/\">Real Bucalemu (San Felipe, Chile) vs San Mart\u00edn U18M (Marcos Ju\u00e1rez, Argentina)<\/a>\t\t\t\t\t\t\t<\/h4>\n\t\t\t\t\t\t\t\n\t\t\t\t\t\t<\/td>\n\t\t\t\t\t<\/tr>\n\t\t\t\t\t\t\t\t\t\t<tr class=\"sp-row sp-post alternate\" itemscope itemtype=\"http:\/\/schema.org\/SportsEvent\">\n\t\t\t\t\t\t<td>\n\t\t\t\t\t\t\t\t\t\t\t\t\t\t<span class=\"team-logo logo-odd\" title=\"Real Bucalemu (San Felipe, Chile)\"><img decoding=\"async\" width=\"128\" height=\"128\" data-src=\"https:\/\/esquerra.com.ar\/voleibol\/wp-content\/uploads\/2024\/10\/Real-Bucalemu-San-Felipe-Chile-128x128.png\" class=\"attachment-sportspress-fit-icon size-sportspress-fit-icon wp-post-image lazyload\" alt=\"\" src=\"data:image\/gif;base64,R0lGODlhAQABAAAAACH5BAEKAAEALAAAAAABAAEAAAICTAEAOw==\" style=\"--smush-placeholder-width: 128px; --smush-placeholder-aspect-ratio: 128\/128;\" \/><noscript><img decoding=\"async\" width=\"128\" height=\"128\" data-src=\"https:\/\/esquerra.com.ar\/voleibol\/wp-content\/uploads\/2024\/10\/Real-Bucalemu-San-Felipe-Chile-128x128.png\" class=\"attachment-sportspress-fit-icon size-sportspress-fit-icon wp-post-image lazyload\" alt=\"\" src=\"data:image\/gif;base64,R0lGODlhAQABAAAAACH5BAEKAAEALAAAAAABAAEAAAICTAEAOw==\" style=\"--smush-placeholder-width: 128px; --smush-placeholder-aspect-ratio: 128\/128;\" \/><noscript><img decoding=\"async\" width=\"128\" height=\"128\" data-src=\"https:\/\/esquerra.com.ar\/voleibol\/wp-content\/uploads\/2024\/10\/Real-Bucalemu-San-Felipe-Chile-128x128.png\" class=\"attachment-sportspress-fit-icon size-sportspress-fit-icon wp-post-image lazyload\" alt=\"\" src=\"data:image\/gif;base64,R0lGODlhAQABAAAAACH5BAEKAAEALAAAAAABAAEAAAICTAEAOw==\" style=\"--smush-placeholder-width: 128px; --smush-placeholder-aspect-ratio: 128\/128;\" \/><noscript><img decoding=\"async\" width=\"128\" height=\"128\" data-src=\"https:\/\/esquerra.com.ar\/voleibol\/wp-content\/uploads\/2024\/10\/Real-Bucalemu-San-Felipe-Chile-128x128.png\" class=\"attachment-sportspress-fit-icon size-sportspress-fit-icon wp-post-image lazyload\" alt=\"\" src=\"data:image\/gif;base64,R0lGODlhAQABAAAAACH5BAEKAAEALAAAAAABAAEAAAICTAEAOw==\" style=\"--smush-placeholder-width: 128px; --smush-placeholder-aspect-ratio: 128\/128;\" \/><noscript><img decoding=\"async\" width=\"128\" height=\"128\" data-src=\"https:\/\/esquerra.com.ar\/voleibol\/wp-content\/uploads\/2024\/10\/Real-Bucalemu-San-Felipe-Chile-128x128.png\" class=\"attachment-sportspress-fit-icon size-sportspress-fit-icon wp-post-image lazyload\" alt=\"\" src=\"data:image\/gif;base64,R0lGODlhAQABAAAAACH5BAEKAAEALAAAAAABAAEAAAICTAEAOw==\" style=\"--smush-placeholder-width: 128px; --smush-placeholder-aspect-ratio: 128\/128;\" \/><noscript><img decoding=\"async\" width=\"128\" height=\"128\" data-src=\"https:\/\/esquerra.com.ar\/voleibol\/wp-content\/uploads\/2024\/10\/Real-Bucalemu-San-Felipe-Chile-128x128.png\" class=\"attachment-sportspress-fit-icon size-sportspress-fit-icon wp-post-image lazyload\" alt=\"\" src=\"data:image\/gif;base64,R0lGODlhAQABAAAAACH5BAEKAAEALAAAAAABAAEAAAICTAEAOw==\" style=\"--smush-placeholder-width: 128px; --smush-placeholder-aspect-ratio: 128\/128;\" \/><noscript><img decoding=\"async\" width=\"128\" height=\"128\" src=\"https:\/\/esquerra.com.ar\/voleibol\/wp-content\/uploads\/2024\/10\/Real-Bucalemu-San-Felipe-Chile-128x128.png\" class=\"attachment-sportspress-fit-icon size-sportspress-fit-icon wp-post-image\" alt=\"\" \/><\/noscript><\/noscript><\/noscript><\/noscript><\/noscript><\/noscript><\/span> <span class=\"team-logo logo-even\" title=\"Las Flores U18M (C\u00f3rdoba, Argentina)\"><img decoding=\"async\" width=\"128\" height=\"128\" data-src=\"https:\/\/esquerra.com.ar\/voleibol\/wp-content\/uploads\/2024\/10\/Las-Flores-Cordoba-Argentina-128x128.png\" class=\"attachment-sportspress-fit-icon size-sportspress-fit-icon wp-post-image lazyload\" alt=\"\" src=\"data:image\/gif;base64,R0lGODlhAQABAAAAACH5BAEKAAEALAAAAAABAAEAAAICTAEAOw==\" style=\"--smush-placeholder-width: 128px; --smush-placeholder-aspect-ratio: 128\/128;\" \/><noscript><img decoding=\"async\" width=\"128\" height=\"128\" data-src=\"https:\/\/esquerra.com.ar\/voleibol\/wp-content\/uploads\/2024\/10\/Las-Flores-Cordoba-Argentina-128x128.png\" class=\"attachment-sportspress-fit-icon size-sportspress-fit-icon wp-post-image lazyload\" alt=\"\" src=\"data:image\/gif;base64,R0lGODlhAQABAAAAACH5BAEKAAEALAAAAAABAAEAAAICTAEAOw==\" style=\"--smush-placeholder-width: 128px; --smush-placeholder-aspect-ratio: 128\/128;\" \/><noscript><img decoding=\"async\" width=\"128\" height=\"128\" data-src=\"https:\/\/esquerra.com.ar\/voleibol\/wp-content\/uploads\/2024\/10\/Las-Flores-Cordoba-Argentina-128x128.png\" class=\"attachment-sportspress-fit-icon size-sportspress-fit-icon wp-post-image lazyload\" alt=\"\" src=\"data:image\/gif;base64,R0lGODlhAQABAAAAACH5BAEKAAEALAAAAAABAAEAAAICTAEAOw==\" style=\"--smush-placeholder-width: 128px; --smush-placeholder-aspect-ratio: 128\/128;\" \/><noscript><img decoding=\"async\" width=\"128\" height=\"128\" data-src=\"https:\/\/esquerra.com.ar\/voleibol\/wp-content\/uploads\/2024\/10\/Las-Flores-Cordoba-Argentina-128x128.png\" class=\"attachment-sportspress-fit-icon size-sportspress-fit-icon wp-post-image lazyload\" alt=\"\" src=\"data:image\/gif;base64,R0lGODlhAQABAAAAACH5BAEKAAEALAAAAAABAAEAAAICTAEAOw==\" style=\"--smush-placeholder-width: 128px; --smush-placeholder-aspect-ratio: 128\/128;\" \/><noscript><img decoding=\"async\" width=\"128\" height=\"128\" data-src=\"https:\/\/esquerra.com.ar\/voleibol\/wp-content\/uploads\/2024\/10\/Las-Flores-Cordoba-Argentina-128x128.png\" class=\"attachment-sportspress-fit-icon size-sportspress-fit-icon wp-post-image lazyload\" alt=\"\" src=\"data:image\/gif;base64,R0lGODlhAQABAAAAACH5BAEKAAEALAAAAAABAAEAAAICTAEAOw==\" style=\"--smush-placeholder-width: 128px; --smush-placeholder-aspect-ratio: 128\/128;\" \/><noscript><img decoding=\"async\" width=\"128\" height=\"128\" src=\"https:\/\/esquerra.com.ar\/voleibol\/wp-content\/uploads\/2024\/10\/Las-Flores-Cordoba-Argentina-128x128.png\" class=\"attachment-sportspress-fit-icon size-sportspress-fit-icon wp-post-image\" alt=\"\" \/><\/noscript><\/noscript><\/noscript><\/noscript><\/noscript><\/span>\t\t\t\t\t\t\t<time class=\"sp-event-date\" datetime=\"2024-11-02 16:00:24\" itemprop=\"startDate\" content=\"2024-11-02T16:00:24-03:00\">\n\t\t\t\t\t\t\t\t<a href=\"https:\/\/esquerra.com.ar\/voleibol\/event\/real-bucalemu-san-felipe-chile-vs-municipalidad-u18m-cordoba-argentina\/\">02\/11\/2024<\/a>\t\t\t\t\t\t\t<\/time>\n\t\t\t\t\t\t\t\t\t\t\t\t\t\t<h5 class=\"sp-event-results\">\n\t\t\t\t\t\t\t\t<a href=\"https:\/\/esquerra.com.ar\/voleibol\/event\/real-bucalemu-san-felipe-chile-vs-municipalidad-u18m-cordoba-argentina\/\"><span class=\"sp-result ok\">0<\/span> - <span class=\"sp-result\">2<\/span><\/a>\t\t\t\t\t\t\t<\/h5>\n\t\t\t\t\t\t\t\t\t\t\t\t\t\t\t\t\t\t\t\t\t\t<div class=\"sp-event-season\">U18M - Noviembre 2024 - ZONA A<\/div>\n\t\t\t\t\t\t\t\t\t\t\t\t\t\t\t\t\t\t\t\t\t\t\t\t\t\t\t\t\t\t<div class=\"sp-event-venue\" itemprop=\"location\" itemscope itemtype=\"http:\/\/schema.org\/Place\"><div itemprop=\"address\" itemscope itemtype=\"http:\/\/schema.org\/PostalAddress\">Hind\u00fa - Cancha 3<\/div><\/div>\n\t\t\t\t\t\t\t\t\t\t\t\t\t\t\t\t\t\t\t\t\t\t\t\t\t\t\t\t\t\t<div style=\"display:none;\" class=\"sp-event-venue\" itemprop=\"location\" itemscope itemtype=\"http:\/\/schema.org\/Place\"><div itemprop=\"address\" itemscope itemtype=\"http:\/\/schema.org\/PostalAddress\">N\/D<\/div><\/div>\n\t\t\t\t\t\t\t\t\t\t\t\t\t\t<h4 class=\"sp-event-title\" itemprop=\"name\">\n\t\t\t\t\t\t\t\t<a href=\"https:\/\/esquerra.com.ar\/voleibol\/event\/real-bucalemu-san-felipe-chile-vs-municipalidad-u18m-cordoba-argentina\/\">Real Bucalemu (San Felipe, Chile) vs Las Flores U18M (C\u00f3rdoba, Argentina)<\/a>\t\t\t\t\t\t\t<\/h4>\n\t\t\t\t\t\t\t\n\t\t\t\t\t\t<\/td>\n\t\t\t\t\t<\/tr>\n\t\t\t\t\t\t\t\t\t\t<tr class=\"sp-row sp-post\" itemscope itemtype=\"http:\/\/schema.org\/SportsEvent\">\n\t\t\t\t\t\t<td>\n\t\t\t\t\t\t\t\t\t\t\t\t\t\t<span class=\"team-logo logo-odd\" title=\"Universitario U18M (Caleta Olivia, Argentina)\"><img decoding=\"async\" width=\"128\" height=\"128\" data-src=\"https:\/\/esquerra.com.ar\/voleibol\/wp-content\/uploads\/2024\/10\/Universitario-Caleta-Olivia-Argentina-128x128.png\" class=\"attachment-sportspress-fit-icon size-sportspress-fit-icon wp-post-image lazyload\" alt=\"\" src=\"data:image\/gif;base64,R0lGODlhAQABAAAAACH5BAEKAAEALAAAAAABAAEAAAICTAEAOw==\" style=\"--smush-placeholder-width: 128px; --smush-placeholder-aspect-ratio: 128\/128;\" \/><noscript><img decoding=\"async\" width=\"128\" height=\"128\" data-src=\"https:\/\/esquerra.com.ar\/voleibol\/wp-content\/uploads\/2024\/10\/Universitario-Caleta-Olivia-Argentina-128x128.png\" class=\"attachment-sportspress-fit-icon size-sportspress-fit-icon wp-post-image lazyload\" alt=\"\" src=\"data:image\/gif;base64,R0lGODlhAQABAAAAACH5BAEKAAEALAAAAAABAAEAAAICTAEAOw==\" style=\"--smush-placeholder-width: 128px; --smush-placeholder-aspect-ratio: 128\/128;\" \/><noscript><img decoding=\"async\" width=\"128\" height=\"128\" data-src=\"https:\/\/esquerra.com.ar\/voleibol\/wp-content\/uploads\/2024\/10\/Universitario-Caleta-Olivia-Argentina-128x128.png\" class=\"attachment-sportspress-fit-icon size-sportspress-fit-icon wp-post-image lazyload\" alt=\"\" src=\"data:image\/gif;base64,R0lGODlhAQABAAAAACH5BAEKAAEALAAAAAABAAEAAAICTAEAOw==\" style=\"--smush-placeholder-width: 128px; --smush-placeholder-aspect-ratio: 128\/128;\" \/><noscript><img decoding=\"async\" width=\"128\" height=\"128\" data-src=\"https:\/\/esquerra.com.ar\/voleibol\/wp-content\/uploads\/2024\/10\/Universitario-Caleta-Olivia-Argentina-128x128.png\" class=\"attachment-sportspress-fit-icon size-sportspress-fit-icon wp-post-image lazyload\" alt=\"\" src=\"data:image\/gif;base64,R0lGODlhAQABAAAAACH5BAEKAAEALAAAAAABAAEAAAICTAEAOw==\" style=\"--smush-placeholder-width: 128px; --smush-placeholder-aspect-ratio: 128\/128;\" \/><noscript><img decoding=\"async\" width=\"128\" height=\"128\" data-src=\"https:\/\/esquerra.com.ar\/voleibol\/wp-content\/uploads\/2024\/10\/Universitario-Caleta-Olivia-Argentina-128x128.png\" class=\"attachment-sportspress-fit-icon size-sportspress-fit-icon wp-post-image lazyload\" alt=\"\" src=\"data:image\/gif;base64,R0lGODlhAQABAAAAACH5BAEKAAEALAAAAAABAAEAAAICTAEAOw==\" style=\"--smush-placeholder-width: 128px; --smush-placeholder-aspect-ratio: 128\/128;\" \/><noscript><img decoding=\"async\" width=\"128\" height=\"128\" data-src=\"https:\/\/esquerra.com.ar\/voleibol\/wp-content\/uploads\/2024\/10\/Universitario-Caleta-Olivia-Argentina-128x128.png\" class=\"attachment-sportspress-fit-icon size-sportspress-fit-icon wp-post-image lazyload\" alt=\"\" src=\"data:image\/gif;base64,R0lGODlhAQABAAAAACH5BAEKAAEALAAAAAABAAEAAAICTAEAOw==\" style=\"--smush-placeholder-width: 128px; --smush-placeholder-aspect-ratio: 128\/128;\" \/><noscript><img decoding=\"async\" width=\"128\" height=\"128\" src=\"https:\/\/esquerra.com.ar\/voleibol\/wp-content\/uploads\/2024\/10\/Universitario-Caleta-Olivia-Argentina-128x128.png\" class=\"attachment-sportspress-fit-icon size-sportspress-fit-icon wp-post-image\" alt=\"\" \/><\/noscript><\/noscript><\/noscript><\/noscript><\/noscript><\/noscript><\/span> <span class=\"team-logo logo-even\" title=\"San Mart\u00edn (Marcos Ju\u00e1rez, Argentina)\"><img loading=\"lazy\" decoding=\"async\" width=\"128\" height=\"128\" data-src=\"https:\/\/esquerra.com.ar\/voleibol\/wp-content\/uploads\/2024\/10\/San-Martin-Marcos-Juarez-Argentina-128x128.png\" class=\"attachment-sportspress-fit-icon size-sportspress-fit-icon wp-post-image lazyload\" alt=\"\" src=\"data:image\/gif;base64,R0lGODlhAQABAAAAACH5BAEKAAEALAAAAAABAAEAAAICTAEAOw==\" style=\"--smush-placeholder-width: 128px; --smush-placeholder-aspect-ratio: 128\/128;\" \/><noscript><img loading=\"lazy\" decoding=\"async\" width=\"128\" height=\"128\" data-src=\"https:\/\/esquerra.com.ar\/voleibol\/wp-content\/uploads\/2024\/10\/San-Martin-Marcos-Juarez-Argentina-128x128.png\" class=\"attachment-sportspress-fit-icon size-sportspress-fit-icon wp-post-image lazyload\" alt=\"\" src=\"data:image\/gif;base64,R0lGODlhAQABAAAAACH5BAEKAAEALAAAAAABAAEAAAICTAEAOw==\" style=\"--smush-placeholder-width: 128px; --smush-placeholder-aspect-ratio: 128\/128;\" \/><noscript><img loading=\"lazy\" decoding=\"async\" width=\"128\" height=\"128\" data-src=\"https:\/\/esquerra.com.ar\/voleibol\/wp-content\/uploads\/2024\/10\/San-Martin-Marcos-Juarez-Argentina-128x128.png\" class=\"attachment-sportspress-fit-icon size-sportspress-fit-icon wp-post-image lazyload\" alt=\"\" src=\"data:image\/gif;base64,R0lGODlhAQABAAAAACH5BAEKAAEALAAAAAABAAEAAAICTAEAOw==\" style=\"--smush-placeholder-width: 128px; --smush-placeholder-aspect-ratio: 128\/128;\" \/><noscript><img loading=\"lazy\" decoding=\"async\" width=\"128\" height=\"128\" data-src=\"https:\/\/esquerra.com.ar\/voleibol\/wp-content\/uploads\/2024\/10\/San-Martin-Marcos-Juarez-Argentina-128x128.png\" class=\"attachment-sportspress-fit-icon size-sportspress-fit-icon wp-post-image lazyload\" alt=\"\" src=\"data:image\/gif;base64,R0lGODlhAQABAAAAACH5BAEKAAEALAAAAAABAAEAAAICTAEAOw==\" style=\"--smush-placeholder-width: 128px; --smush-placeholder-aspect-ratio: 128\/128;\" \/><noscript><img loading=\"lazy\" decoding=\"async\" width=\"128\" height=\"128\" data-src=\"https:\/\/esquerra.com.ar\/voleibol\/wp-content\/uploads\/2024\/10\/San-Martin-Marcos-Juarez-Argentina-128x128.png\" class=\"attachment-sportspress-fit-icon size-sportspress-fit-icon wp-post-image lazyload\" alt=\"\" src=\"data:image\/gif;base64,R0lGODlhAQABAAAAACH5BAEKAAEALAAAAAABAAEAAAICTAEAOw==\" style=\"--smush-placeholder-width: 128px; --smush-placeholder-aspect-ratio: 128\/128;\" \/><noscript><img loading=\"lazy\" decoding=\"async\" width=\"128\" height=\"128\" src=\"https:\/\/esquerra.com.ar\/voleibol\/wp-content\/uploads\/2024\/10\/San-Martin-Marcos-Juarez-Argentina-128x128.png\" class=\"attachment-sportspress-fit-icon size-sportspress-fit-icon wp-post-image\" alt=\"\" \/><\/noscript><\/noscript><\/noscript><\/noscript><\/noscript><\/span>\t\t\t\t\t\t\t<time class=\"sp-event-date\" datetime=\"2024-11-02 17:15:49\" itemprop=\"startDate\" content=\"2024-11-02T17:15:49-03:00\">\n\t\t\t\t\t\t\t\t<a href=\"https:\/\/esquerra.com.ar\/voleibol\/event\/universitario-u18m-caleta-olivia-argentina-vs-san-martin-u18m-marcos-juarez-argentina\/\">02\/11\/2024<\/a>\t\t\t\t\t\t\t<\/time>\n\t\t\t\t\t\t\t\t\t\t\t\t\t\t<h5 class=\"sp-event-results\">\n\t\t\t\t\t\t\t\t<a href=\"https:\/\/esquerra.com.ar\/voleibol\/event\/universitario-u18m-caleta-olivia-argentina-vs-san-martin-u18m-marcos-juarez-argentina\/\"><span class=\"sp-result ok\">2<\/span> - <span class=\"sp-result\">0<\/span><\/a>\t\t\t\t\t\t\t<\/h5>\n\t\t\t\t\t\t\t\t\t\t\t\t\t\t\t\t\t\t\t\t\t\t<div class=\"sp-event-season\">U18M - Noviembre 2024 - ZONA A<\/div>\n\t\t\t\t\t\t\t\t\t\t\t\t\t\t\t\t\t\t\t\t\t\t\t\t\t\t\t\t\t\t<div class=\"sp-event-venue\" itemprop=\"location\" itemscope itemtype=\"http:\/\/schema.org\/Place\"><div itemprop=\"address\" itemscope itemtype=\"http:\/\/schema.org\/PostalAddress\">Hind\u00fa - Cancha 2<\/div><\/div>\n\t\t\t\t\t\t\t\t\t\t\t\t\t\t\t\t\t\t\t\t\t\t\t\t\t\t\t\t\t\t<div style=\"display:none;\" class=\"sp-event-venue\" itemprop=\"location\" itemscope itemtype=\"http:\/\/schema.org\/Place\"><div itemprop=\"address\" itemscope itemtype=\"http:\/\/schema.org\/PostalAddress\">N\/D<\/div><\/div>\n\t\t\t\t\t\t\t\t\t\t\t\t\t\t<h4 class=\"sp-event-title\" itemprop=\"name\">\n\t\t\t\t\t\t\t\t<a href=\"https:\/\/esquerra.com.ar\/voleibol\/event\/universitario-u18m-caleta-olivia-argentina-vs-san-martin-u18m-marcos-juarez-argentina\/\">Universitario U18M (Caleta Olivia, Argentina) vs San Mart\u00edn U18M (Marcos Ju\u00e1rez, Argentina)<\/a>\t\t\t\t\t\t\t<\/h4>\n\t\t\t\t\t\t\t\n\t\t\t\t\t\t<\/td>\n\t\t\t\t\t<\/tr>\n\t\t\t\t\t\t\t\t\t\t<tr class=\"sp-row sp-post alternate\" itemscope itemtype=\"http:\/\/schema.org\/SportsEvent\">\n\t\t\t\t\t\t<td>\n\t\t\t\t\t\t\t\t\t\t\t\t\t\t<span class=\"team-logo logo-odd\" title=\"Alianza La Molina U18M (Lima, Per\u00fa)\"><img loading=\"lazy\" decoding=\"async\" width=\"128\" height=\"128\" data-src=\"https:\/\/esquerra.com.ar\/voleibol\/wp-content\/uploads\/2024\/10\/Alianza-Voley-Lima-Peru-128x128.png\" class=\"attachment-sportspress-fit-icon size-sportspress-fit-icon wp-post-image lazyload\" alt=\"\" src=\"data:image\/gif;base64,R0lGODlhAQABAAAAACH5BAEKAAEALAAAAAABAAEAAAICTAEAOw==\" style=\"--smush-placeholder-width: 128px; --smush-placeholder-aspect-ratio: 128\/128;\" \/><noscript><img loading=\"lazy\" decoding=\"async\" width=\"128\" height=\"128\" data-src=\"https:\/\/esquerra.com.ar\/voleibol\/wp-content\/uploads\/2024\/10\/Alianza-Voley-Lima-Peru-128x128.png\" class=\"attachment-sportspress-fit-icon size-sportspress-fit-icon wp-post-image lazyload\" alt=\"\" src=\"data:image\/gif;base64,R0lGODlhAQABAAAAACH5BAEKAAEALAAAAAABAAEAAAICTAEAOw==\" style=\"--smush-placeholder-width: 128px; --smush-placeholder-aspect-ratio: 128\/128;\" \/><noscript><img loading=\"lazy\" decoding=\"async\" width=\"128\" height=\"128\" data-src=\"https:\/\/esquerra.com.ar\/voleibol\/wp-content\/uploads\/2024\/10\/Alianza-Voley-Lima-Peru-128x128.png\" class=\"attachment-sportspress-fit-icon size-sportspress-fit-icon wp-post-image lazyload\" alt=\"\" src=\"data:image\/gif;base64,R0lGODlhAQABAAAAACH5BAEKAAEALAAAAAABAAEAAAICTAEAOw==\" style=\"--smush-placeholder-width: 128px; --smush-placeholder-aspect-ratio: 128\/128;\" \/><noscript><img loading=\"lazy\" decoding=\"async\" width=\"128\" height=\"128\" data-src=\"https:\/\/esquerra.com.ar\/voleibol\/wp-content\/uploads\/2024\/10\/Alianza-Voley-Lima-Peru-128x128.png\" class=\"attachment-sportspress-fit-icon size-sportspress-fit-icon wp-post-image lazyload\" alt=\"\" src=\"data:image\/gif;base64,R0lGODlhAQABAAAAACH5BAEKAAEALAAAAAABAAEAAAICTAEAOw==\" style=\"--smush-placeholder-width: 128px; --smush-placeholder-aspect-ratio: 128\/128;\" \/><noscript><img loading=\"lazy\" decoding=\"async\" width=\"128\" height=\"128\" data-src=\"https:\/\/esquerra.com.ar\/voleibol\/wp-content\/uploads\/2024\/10\/Alianza-Voley-Lima-Peru-128x128.png\" class=\"attachment-sportspress-fit-icon size-sportspress-fit-icon wp-post-image lazyload\" alt=\"\" src=\"data:image\/gif;base64,R0lGODlhAQABAAAAACH5BAEKAAEALAAAAAABAAEAAAICTAEAOw==\" style=\"--smush-placeholder-width: 128px; --smush-placeholder-aspect-ratio: 128\/128;\" \/><noscript><img loading=\"lazy\" decoding=\"async\" width=\"128\" height=\"128\" src=\"https:\/\/esquerra.com.ar\/voleibol\/wp-content\/uploads\/2024\/10\/Alianza-Voley-Lima-Peru-128x128.png\" class=\"attachment-sportspress-fit-icon size-sportspress-fit-icon wp-post-image\" alt=\"\" \/><\/noscript><\/noscript><\/noscript><\/noscript><\/noscript><\/span> <span class=\"team-logo logo-even\" title=\"IMC U18M (Rio III, Argentina)\"><img loading=\"lazy\" decoding=\"async\" width=\"128\" height=\"128\" data-src=\"https:\/\/esquerra.com.ar\/voleibol\/wp-content\/uploads\/2024\/10\/IMC-Voley-Rio-Tercero-128x128.png\" class=\"attachment-sportspress-fit-icon size-sportspress-fit-icon wp-post-image lazyload\" alt=\"\" src=\"data:image\/gif;base64,R0lGODlhAQABAAAAACH5BAEKAAEALAAAAAABAAEAAAICTAEAOw==\" style=\"--smush-placeholder-width: 128px; --smush-placeholder-aspect-ratio: 128\/128;\" \/><noscript><img loading=\"lazy\" decoding=\"async\" width=\"128\" height=\"128\" data-src=\"https:\/\/esquerra.com.ar\/voleibol\/wp-content\/uploads\/2024\/10\/IMC-Voley-Rio-Tercero-128x128.png\" class=\"attachment-sportspress-fit-icon size-sportspress-fit-icon wp-post-image lazyload\" alt=\"\" src=\"data:image\/gif;base64,R0lGODlhAQABAAAAACH5BAEKAAEALAAAAAABAAEAAAICTAEAOw==\" style=\"--smush-placeholder-width: 128px; --smush-placeholder-aspect-ratio: 128\/128;\" \/><noscript><img loading=\"lazy\" decoding=\"async\" width=\"128\" height=\"128\" data-src=\"https:\/\/esquerra.com.ar\/voleibol\/wp-content\/uploads\/2024\/10\/IMC-Voley-Rio-Tercero-128x128.png\" class=\"attachment-sportspress-fit-icon size-sportspress-fit-icon wp-post-image lazyload\" alt=\"\" src=\"data:image\/gif;base64,R0lGODlhAQABAAAAACH5BAEKAAEALAAAAAABAAEAAAICTAEAOw==\" style=\"--smush-placeholder-width: 128px; --smush-placeholder-aspect-ratio: 128\/128;\" \/><noscript><img loading=\"lazy\" decoding=\"async\" width=\"128\" height=\"128\" data-src=\"https:\/\/esquerra.com.ar\/voleibol\/wp-content\/uploads\/2024\/10\/IMC-Voley-Rio-Tercero-128x128.png\" class=\"attachment-sportspress-fit-icon size-sportspress-fit-icon wp-post-image lazyload\" alt=\"\" src=\"data:image\/gif;base64,R0lGODlhAQABAAAAACH5BAEKAAEALAAAAAABAAEAAAICTAEAOw==\" style=\"--smush-placeholder-width: 128px; --smush-placeholder-aspect-ratio: 128\/128;\" \/><noscript><img loading=\"lazy\" decoding=\"async\" width=\"128\" height=\"128\" data-src=\"https:\/\/esquerra.com.ar\/voleibol\/wp-content\/uploads\/2024\/10\/IMC-Voley-Rio-Tercero-128x128.png\" class=\"attachment-sportspress-fit-icon size-sportspress-fit-icon wp-post-image lazyload\" alt=\"\" src=\"data:image\/gif;base64,R0lGODlhAQABAAAAACH5BAEKAAEALAAAAAABAAEAAAICTAEAOw==\" style=\"--smush-placeholder-width: 128px; --smush-placeholder-aspect-ratio: 128\/128;\" \/><noscript><img loading=\"lazy\" decoding=\"async\" width=\"128\" height=\"128\" data-src=\"https:\/\/esquerra.com.ar\/voleibol\/wp-content\/uploads\/2024\/10\/IMC-Voley-Rio-Tercero-128x128.png\" class=\"attachment-sportspress-fit-icon size-sportspress-fit-icon wp-post-image lazyload\" alt=\"\" src=\"data:image\/gif;base64,R0lGODlhAQABAAAAACH5BAEKAAEALAAAAAABAAEAAAICTAEAOw==\" style=\"--smush-placeholder-width: 128px; --smush-placeholder-aspect-ratio: 128\/128;\" \/><noscript><img loading=\"lazy\" decoding=\"async\" width=\"128\" height=\"128\" src=\"https:\/\/esquerra.com.ar\/voleibol\/wp-content\/uploads\/2024\/10\/IMC-Voley-Rio-Tercero-128x128.png\" class=\"attachment-sportspress-fit-icon size-sportspress-fit-icon wp-post-image\" alt=\"\" \/><\/noscript><\/noscript><\/noscript><\/noscript><\/noscript><\/noscript><\/span>\t\t\t\t\t\t\t<time class=\"sp-event-date\" datetime=\"2024-11-02 18:30:02\" itemprop=\"startDate\" content=\"2024-11-02T18:30:02-03:00\">\n\t\t\t\t\t\t\t\t<a href=\"https:\/\/esquerra.com.ar\/voleibol\/event\/alianza-la-molina-u18m-lima-peru-vs-imc-u18m-rio-iii-argentina\/\">02\/11\/2024<\/a>\t\t\t\t\t\t\t<\/time>\n\t\t\t\t\t\t\t\t\t\t\t\t\t\t<h5 class=\"sp-event-results\">\n\t\t\t\t\t\t\t\t<a href=\"https:\/\/esquerra.com.ar\/voleibol\/event\/alianza-la-molina-u18m-lima-peru-vs-imc-u18m-rio-iii-argentina\/\"><span class=\"sp-result ok\">0<\/span> - <span class=\"sp-result\">2<\/span><\/a>\t\t\t\t\t\t\t<\/h5>\n\t\t\t\t\t\t\t\t\t\t\t\t\t\t\t\t\t\t\t\t\t\t<div class=\"sp-event-season\">U18M - Noviembre 2024 - ZONA B<\/div>\n\t\t\t\t\t\t\t\t\t\t\t\t\t\t\t\t\t\t\t\t\t\t\t\t\t\t\t\t\t\t<div class=\"sp-event-venue\" itemprop=\"location\" itemscope itemtype=\"http:\/\/schema.org\/Place\"><div itemprop=\"address\" itemscope itemtype=\"http:\/\/schema.org\/PostalAddress\">Rieles - Cancha 2<\/div><\/div>\n\t\t\t\t\t\t\t\t\t\t\t\t\t\t\t\t\t\t\t\t\t\t\t\t\t\t\t\t\t\t<div style=\"display:none;\" class=\"sp-event-venue\" itemprop=\"location\" itemscope itemtype=\"http:\/\/schema.org\/Place\"><div itemprop=\"address\" itemscope itemtype=\"http:\/\/schema.org\/PostalAddress\">N\/D<\/div><\/div>\n\t\t\t\t\t\t\t\t\t\t\t\t\t\t<h4 class=\"sp-event-title\" itemprop=\"name\">\n\t\t\t\t\t\t\t\t<a href=\"https:\/\/esquerra.com.ar\/voleibol\/event\/alianza-la-molina-u18m-lima-peru-vs-imc-u18m-rio-iii-argentina\/\">Alianza La Molina U18M (Lima, Per\u00fa) vs IMC U18M (Rio III, Argentina)<\/a>\t\t\t\t\t\t\t<\/h4>\n\t\t\t\t\t\t\t\n\t\t\t\t\t\t<\/td>\n\t\t\t\t\t<\/tr>\n\t\t\t\t\t\t\t\t\t\t<tr class=\"sp-row sp-post\" itemscope itemtype=\"http:\/\/schema.org\/SportsEvent\">\n\t\t\t\t\t\t<td>\n\t\t\t\t\t\t\t\t\t\t\t\t\t\t<span class=\"team-logo logo-odd\" title=\"PSM (Pto. San Martin, Santa Fe)\"><img loading=\"lazy\" decoding=\"async\" width=\"128\" height=\"128\" data-src=\"https:\/\/esquerra.com.ar\/voleibol\/wp-content\/uploads\/2024\/10\/PSM-San-Martin-Argentina-128x128.png\" class=\"attachment-sportspress-fit-icon size-sportspress-fit-icon wp-post-image lazyload\" alt=\"\" src=\"data:image\/gif;base64,R0lGODlhAQABAAAAACH5BAEKAAEALAAAAAABAAEAAAICTAEAOw==\" style=\"--smush-placeholder-width: 128px; --smush-placeholder-aspect-ratio: 128\/128;\" \/><noscript><img loading=\"lazy\" decoding=\"async\" width=\"128\" height=\"128\" data-src=\"https:\/\/esquerra.com.ar\/voleibol\/wp-content\/uploads\/2024\/10\/PSM-San-Martin-Argentina-128x128.png\" class=\"attachment-sportspress-fit-icon size-sportspress-fit-icon wp-post-image lazyload\" alt=\"\" src=\"data:image\/gif;base64,R0lGODlhAQABAAAAACH5BAEKAAEALAAAAAABAAEAAAICTAEAOw==\" style=\"--smush-placeholder-width: 128px; --smush-placeholder-aspect-ratio: 128\/128;\" \/><noscript><img loading=\"lazy\" decoding=\"async\" width=\"128\" height=\"128\" data-src=\"https:\/\/esquerra.com.ar\/voleibol\/wp-content\/uploads\/2024\/10\/PSM-San-Martin-Argentina-128x128.png\" class=\"attachment-sportspress-fit-icon size-sportspress-fit-icon wp-post-image lazyload\" alt=\"\" src=\"data:image\/gif;base64,R0lGODlhAQABAAAAACH5BAEKAAEALAAAAAABAAEAAAICTAEAOw==\" style=\"--smush-placeholder-width: 128px; --smush-placeholder-aspect-ratio: 128\/128;\" \/><noscript><img loading=\"lazy\" decoding=\"async\" width=\"128\" height=\"128\" data-src=\"https:\/\/esquerra.com.ar\/voleibol\/wp-content\/uploads\/2024\/10\/PSM-San-Martin-Argentina-128x128.png\" class=\"attachment-sportspress-fit-icon size-sportspress-fit-icon wp-post-image lazyload\" alt=\"\" src=\"data:image\/gif;base64,R0lGODlhAQABAAAAACH5BAEKAAEALAAAAAABAAEAAAICTAEAOw==\" style=\"--smush-placeholder-width: 128px; --smush-placeholder-aspect-ratio: 128\/128;\" \/><noscript><img loading=\"lazy\" decoding=\"async\" width=\"128\" height=\"128\" data-src=\"https:\/\/esquerra.com.ar\/voleibol\/wp-content\/uploads\/2024\/10\/PSM-San-Martin-Argentina-128x128.png\" class=\"attachment-sportspress-fit-icon size-sportspress-fit-icon wp-post-image lazyload\" alt=\"\" src=\"data:image\/gif;base64,R0lGODlhAQABAAAAACH5BAEKAAEALAAAAAABAAEAAAICTAEAOw==\" style=\"--smush-placeholder-width: 128px; --smush-placeholder-aspect-ratio: 128\/128;\" \/><noscript><img loading=\"lazy\" decoding=\"async\" width=\"128\" height=\"128\" data-src=\"https:\/\/esquerra.com.ar\/voleibol\/wp-content\/uploads\/2024\/10\/PSM-San-Martin-Argentina-128x128.png\" class=\"attachment-sportspress-fit-icon size-sportspress-fit-icon wp-post-image lazyload\" alt=\"\" src=\"data:image\/gif;base64,R0lGODlhAQABAAAAACH5BAEKAAEALAAAAAABAAEAAAICTAEAOw==\" style=\"--smush-placeholder-width: 128px; --smush-placeholder-aspect-ratio: 128\/128;\" \/><noscript><img loading=\"lazy\" decoding=\"async\" width=\"128\" height=\"128\" src=\"https:\/\/esquerra.com.ar\/voleibol\/wp-content\/uploads\/2024\/10\/PSM-San-Martin-Argentina-128x128.png\" class=\"attachment-sportspress-fit-icon size-sportspress-fit-icon wp-post-image\" alt=\"\" \/><\/noscript><\/noscript><\/noscript><\/noscript><\/noscript><\/noscript><\/span> <span class=\"team-logo logo-even\" title=\"Villa Azalais (C\u00f3rdoba, Argentina)\"><img loading=\"lazy\" decoding=\"async\" width=\"128\" height=\"128\" data-src=\"https:\/\/esquerra.com.ar\/voleibol\/wp-content\/uploads\/2024\/10\/Villa-Azalais-Cordoba-Argentina-128x128.png\" class=\"attachment-sportspress-fit-icon size-sportspress-fit-icon wp-post-image lazyload\" alt=\"\" src=\"data:image\/gif;base64,R0lGODlhAQABAAAAACH5BAEKAAEALAAAAAABAAEAAAICTAEAOw==\" style=\"--smush-placeholder-width: 128px; --smush-placeholder-aspect-ratio: 128\/128;\" \/><noscript><img loading=\"lazy\" decoding=\"async\" width=\"128\" height=\"128\" data-src=\"https:\/\/esquerra.com.ar\/voleibol\/wp-content\/uploads\/2024\/10\/Villa-Azalais-Cordoba-Argentina-128x128.png\" class=\"attachment-sportspress-fit-icon size-sportspress-fit-icon wp-post-image lazyload\" alt=\"\" src=\"data:image\/gif;base64,R0lGODlhAQABAAAAACH5BAEKAAEALAAAAAABAAEAAAICTAEAOw==\" style=\"--smush-placeholder-width: 128px; --smush-placeholder-aspect-ratio: 128\/128;\" \/><noscript><img loading=\"lazy\" decoding=\"async\" width=\"128\" height=\"128\" data-src=\"https:\/\/esquerra.com.ar\/voleibol\/wp-content\/uploads\/2024\/10\/Villa-Azalais-Cordoba-Argentina-128x128.png\" class=\"attachment-sportspress-fit-icon size-sportspress-fit-icon wp-post-image lazyload\" alt=\"\" src=\"data:image\/gif;base64,R0lGODlhAQABAAAAACH5BAEKAAEALAAAAAABAAEAAAICTAEAOw==\" style=\"--smush-placeholder-width: 128px; --smush-placeholder-aspect-ratio: 128\/128;\" \/><noscript><img loading=\"lazy\" decoding=\"async\" width=\"128\" height=\"128\" data-src=\"https:\/\/esquerra.com.ar\/voleibol\/wp-content\/uploads\/2024\/10\/Villa-Azalais-Cordoba-Argentina-128x128.png\" class=\"attachment-sportspress-fit-icon size-sportspress-fit-icon wp-post-image lazyload\" alt=\"\" src=\"data:image\/gif;base64,R0lGODlhAQABAAAAACH5BAEKAAEALAAAAAABAAEAAAICTAEAOw==\" style=\"--smush-placeholder-width: 128px; --smush-placeholder-aspect-ratio: 128\/128;\" \/><noscript><img loading=\"lazy\" decoding=\"async\" width=\"128\" height=\"128\" data-src=\"https:\/\/esquerra.com.ar\/voleibol\/wp-content\/uploads\/2024\/10\/Villa-Azalais-Cordoba-Argentina-128x128.png\" class=\"attachment-sportspress-fit-icon size-sportspress-fit-icon wp-post-image lazyload\" alt=\"\" src=\"data:image\/gif;base64,R0lGODlhAQABAAAAACH5BAEKAAEALAAAAAABAAEAAAICTAEAOw==\" style=\"--smush-placeholder-width: 128px; --smush-placeholder-aspect-ratio: 128\/128;\" \/><noscript><img loading=\"lazy\" decoding=\"async\" width=\"128\" height=\"128\" src=\"https:\/\/esquerra.com.ar\/voleibol\/wp-content\/uploads\/2024\/10\/Villa-Azalais-Cordoba-Argentina-128x128.png\" class=\"attachment-sportspress-fit-icon size-sportspress-fit-icon wp-post-image\" alt=\"\" \/><\/noscript><\/noscript><\/noscript><\/noscript><\/noscript><\/span>\t\t\t\t\t\t\t<time class=\"sp-event-date\" datetime=\"2024-11-02 18:30:13\" itemprop=\"startDate\" content=\"2024-11-02T18:30:13-03:00\">\n\t\t\t\t\t\t\t\t<a href=\"https:\/\/esquerra.com.ar\/voleibol\/event\/psm-pto-san-martin-santa-fe-vs-villa-azalais-cordoba-argentina\/\">02\/11\/2024<\/a>\t\t\t\t\t\t\t<\/time>\n\t\t\t\t\t\t\t\t\t\t\t\t\t\t<h5 class=\"sp-event-results\">\n\t\t\t\t\t\t\t\t<a href=\"https:\/\/esquerra.com.ar\/voleibol\/event\/psm-pto-san-martin-santa-fe-vs-villa-azalais-cordoba-argentina\/\"><span class=\"sp-result ok\">2<\/span> - <span class=\"sp-result\">0<\/span><\/a>\t\t\t\t\t\t\t<\/h5>\n\t\t\t\t\t\t\t\t\t\t\t\t\t\t\t\t\t\t\t\t\t\t<div class=\"sp-event-season\">U18M - Noviembre 2024 - ZONA B<\/div>\n\t\t\t\t\t\t\t\t\t\t\t\t\t\t\t\t\t\t\t\t\t\t\t\t\t\t\t\t\t\t<div class=\"sp-event-venue\" itemprop=\"location\" itemscope itemtype=\"http:\/\/schema.org\/Place\"><div itemprop=\"address\" itemscope itemtype=\"http:\/\/schema.org\/PostalAddress\">SUE - Cancha 2<\/div><\/div>\n\t\t\t\t\t\t\t\t\t\t\t\t\t\t\t\t\t\t\t\t\t\t\t\t\t\t\t\t\t\t<div style=\"display:none;\" class=\"sp-event-venue\" itemprop=\"location\" itemscope itemtype=\"http:\/\/schema.org\/Place\"><div itemprop=\"address\" itemscope itemtype=\"http:\/\/schema.org\/PostalAddress\">N\/D<\/div><\/div>\n\t\t\t\t\t\t\t\t\t\t\t\t\t\t<h4 class=\"sp-event-title\" itemprop=\"name\">\n\t\t\t\t\t\t\t\t<a href=\"https:\/\/esquerra.com.ar\/voleibol\/event\/psm-pto-san-martin-santa-fe-vs-villa-azalais-cordoba-argentina\/\">PSM (Pto. San Martin, Santa Fe) vs Villa Azalais (C\u00f3rdoba, Argentina)<\/a>\t\t\t\t\t\t\t<\/h4>\n\t\t\t\t\t\t\t\n\t\t\t\t\t\t<\/td>\n\t\t\t\t\t<\/tr>\n\t\t\t\t\t\t\t\t<\/tbody>\n\t\t<\/table>\n\t<\/div>\n\t<\/div>\n<\/div>\n<\/div><\/details><\/div>\n<\/div>\n\n\n\n<div class=\"wp-block-coblocks-accordion\">\n<div class=\"wp-block-coblocks-accordion-item\"><\/div>\n<\/div>\n\n\n\n<hr class=\"wp-block-separator has-alpha-channel-opacity\"\/>\n\n\n\n<h2 class=\"wp-block-heading has-text-align-center has-roboto-font-family has-custom-font has-custom-weight has-custom-letterspacing\" style=\"font-family:Roboto;letter-spacing:-1px;font-weight:300;font-size:35px\">Definiciones<\/h2>\n\n\n\n<div class=\"wp-block-coblocks-accordion\">\n<div class=\"wp-block-coblocks-accordion-item has-custom-font has-custom-weight has-custom-transform\" style=\"font-family:Montserrat;font-weight:400;text-transform:uppercase\"><details><summary class=\"wp-block-coblocks-accordion-item__title has-background has-neve-link-hover-color-background-color has-text-color has-nv-site-bg-color\">Copa de Plata<\/summary><div class=\"wp-block-coblocks-accordion-item__content\" style=\"border-color:var(--nv-secondary-accent)\"><p><div class=\"sportspress\"><h4 class=\"sp-table-caption\">SEMIFINAL 1<\/h4><div class=\"sp-template sp-template-event-blocks\">\n\t<div class=\"sp-table-wrapper\">\n\t\t<table class=\"sp-event-blocks sp-data-table\n\t\t\t\t\t sp-paginated-table\" data-sp-rows=\"99\">\n\t\t\t<thead><tr><th><\/th><\/tr><\/thead> \t\t\t<tbody>\n\t\t\t\t\t\t\t\t\t<tr class=\"sp-row sp-post alternate\" itemscope itemtype=\"http:\/\/schema.org\/SportsEvent\">\n\t\t\t\t\t\t<td>\n\t\t\t\t\t\t\t\t\t\t\t\t\t\t<span class=\"team-logo logo-odd\" title=\"Real Bucalemu (San Felipe, Chile)\"><img decoding=\"async\" width=\"128\" height=\"128\" data-src=\"https:\/\/esquerra.com.ar\/voleibol\/wp-content\/uploads\/2024\/10\/Real-Bucalemu-San-Felipe-Chile-128x128.png\" class=\"attachment-sportspress-fit-icon size-sportspress-fit-icon wp-post-image lazyload\" alt=\"\" src=\"data:image\/gif;base64,R0lGODlhAQABAAAAACH5BAEKAAEALAAAAAABAAEAAAICTAEAOw==\" style=\"--smush-placeholder-width: 128px; --smush-placeholder-aspect-ratio: 128\/128;\" \/><noscript><img decoding=\"async\" width=\"128\" height=\"128\" data-src=\"https:\/\/esquerra.com.ar\/voleibol\/wp-content\/uploads\/2024\/10\/Real-Bucalemu-San-Felipe-Chile-128x128.png\" class=\"attachment-sportspress-fit-icon size-sportspress-fit-icon wp-post-image lazyload\" alt=\"\" src=\"data:image\/gif;base64,R0lGODlhAQABAAAAACH5BAEKAAEALAAAAAABAAEAAAICTAEAOw==\" style=\"--smush-placeholder-width: 128px; --smush-placeholder-aspect-ratio: 128\/128;\" \/><noscript><img decoding=\"async\" width=\"128\" height=\"128\" data-src=\"https:\/\/esquerra.com.ar\/voleibol\/wp-content\/uploads\/2024\/10\/Real-Bucalemu-San-Felipe-Chile-128x128.png\" class=\"attachment-sportspress-fit-icon size-sportspress-fit-icon wp-post-image lazyload\" alt=\"\" src=\"data:image\/gif;base64,R0lGODlhAQABAAAAACH5BAEKAAEALAAAAAABAAEAAAICTAEAOw==\" style=\"--smush-placeholder-width: 128px; --smush-placeholder-aspect-ratio: 128\/128;\" \/><noscript><img decoding=\"async\" width=\"128\" height=\"128\" data-src=\"https:\/\/esquerra.com.ar\/voleibol\/wp-content\/uploads\/2024\/10\/Real-Bucalemu-San-Felipe-Chile-128x128.png\" class=\"attachment-sportspress-fit-icon size-sportspress-fit-icon wp-post-image lazyload\" alt=\"\" src=\"data:image\/gif;base64,R0lGODlhAQABAAAAACH5BAEKAAEALAAAAAABAAEAAAICTAEAOw==\" style=\"--smush-placeholder-width: 128px; --smush-placeholder-aspect-ratio: 128\/128;\" \/><noscript><img decoding=\"async\" width=\"128\" height=\"128\" data-src=\"https:\/\/esquerra.com.ar\/voleibol\/wp-content\/uploads\/2024\/10\/Real-Bucalemu-San-Felipe-Chile-128x128.png\" class=\"attachment-sportspress-fit-icon size-sportspress-fit-icon wp-post-image lazyload\" alt=\"\" src=\"data:image\/gif;base64,R0lGODlhAQABAAAAACH5BAEKAAEALAAAAAABAAEAAAICTAEAOw==\" style=\"--smush-placeholder-width: 128px; --smush-placeholder-aspect-ratio: 128\/128;\" \/><noscript><img decoding=\"async\" width=\"128\" height=\"128\" data-src=\"https:\/\/esquerra.com.ar\/voleibol\/wp-content\/uploads\/2024\/10\/Real-Bucalemu-San-Felipe-Chile-128x128.png\" class=\"attachment-sportspress-fit-icon size-sportspress-fit-icon wp-post-image lazyload\" alt=\"\" src=\"data:image\/gif;base64,R0lGODlhAQABAAAAACH5BAEKAAEALAAAAAABAAEAAAICTAEAOw==\" style=\"--smush-placeholder-width: 128px; --smush-placeholder-aspect-ratio: 128\/128;\" \/><noscript><img decoding=\"async\" width=\"128\" height=\"128\" src=\"https:\/\/esquerra.com.ar\/voleibol\/wp-content\/uploads\/2024\/10\/Real-Bucalemu-San-Felipe-Chile-128x128.png\" class=\"attachment-sportspress-fit-icon size-sportspress-fit-icon wp-post-image\" alt=\"\" \/><\/noscript><\/noscript><\/noscript><\/noscript><\/noscript><\/noscript><\/span> <span class=\"team-logo logo-even\" title=\"Alianza La Molina U18M (Lima, Per\u00fa)\"><img loading=\"lazy\" decoding=\"async\" width=\"128\" height=\"128\" data-src=\"https:\/\/esquerra.com.ar\/voleibol\/wp-content\/uploads\/2024\/10\/Alianza-Voley-Lima-Peru-128x128.png\" class=\"attachment-sportspress-fit-icon size-sportspress-fit-icon wp-post-image lazyload\" alt=\"\" src=\"data:image\/gif;base64,R0lGODlhAQABAAAAACH5BAEKAAEALAAAAAABAAEAAAICTAEAOw==\" style=\"--smush-placeholder-width: 128px; --smush-placeholder-aspect-ratio: 128\/128;\" \/><noscript><img loading=\"lazy\" decoding=\"async\" width=\"128\" height=\"128\" data-src=\"https:\/\/esquerra.com.ar\/voleibol\/wp-content\/uploads\/2024\/10\/Alianza-Voley-Lima-Peru-128x128.png\" class=\"attachment-sportspress-fit-icon size-sportspress-fit-icon wp-post-image lazyload\" alt=\"\" src=\"data:image\/gif;base64,R0lGODlhAQABAAAAACH5BAEKAAEALAAAAAABAAEAAAICTAEAOw==\" style=\"--smush-placeholder-width: 128px; --smush-placeholder-aspect-ratio: 128\/128;\" \/><noscript><img loading=\"lazy\" decoding=\"async\" width=\"128\" height=\"128\" data-src=\"https:\/\/esquerra.com.ar\/voleibol\/wp-content\/uploads\/2024\/10\/Alianza-Voley-Lima-Peru-128x128.png\" class=\"attachment-sportspress-fit-icon size-sportspress-fit-icon wp-post-image lazyload\" alt=\"\" src=\"data:image\/gif;base64,R0lGODlhAQABAAAAACH5BAEKAAEALAAAAAABAAEAAAICTAEAOw==\" style=\"--smush-placeholder-width: 128px; --smush-placeholder-aspect-ratio: 128\/128;\" \/><noscript><img loading=\"lazy\" decoding=\"async\" width=\"128\" height=\"128\" data-src=\"https:\/\/esquerra.com.ar\/voleibol\/wp-content\/uploads\/2024\/10\/Alianza-Voley-Lima-Peru-128x128.png\" class=\"attachment-sportspress-fit-icon size-sportspress-fit-icon wp-post-image lazyload\" alt=\"\" src=\"data:image\/gif;base64,R0lGODlhAQABAAAAACH5BAEKAAEALAAAAAABAAEAAAICTAEAOw==\" style=\"--smush-placeholder-width: 128px; --smush-placeholder-aspect-ratio: 128\/128;\" \/><noscript><img loading=\"lazy\" decoding=\"async\" width=\"128\" height=\"128\" data-src=\"https:\/\/esquerra.com.ar\/voleibol\/wp-content\/uploads\/2024\/10\/Alianza-Voley-Lima-Peru-128x128.png\" class=\"attachment-sportspress-fit-icon size-sportspress-fit-icon wp-post-image lazyload\" alt=\"\" src=\"data:image\/gif;base64,R0lGODlhAQABAAAAACH5BAEKAAEALAAAAAABAAEAAAICTAEAOw==\" style=\"--smush-placeholder-width: 128px; --smush-placeholder-aspect-ratio: 128\/128;\" \/><noscript><img loading=\"lazy\" decoding=\"async\" width=\"128\" height=\"128\" src=\"https:\/\/esquerra.com.ar\/voleibol\/wp-content\/uploads\/2024\/10\/Alianza-Voley-Lima-Peru-128x128.png\" class=\"attachment-sportspress-fit-icon size-sportspress-fit-icon wp-post-image\" alt=\"\" \/><\/noscript><\/noscript><\/noscript><\/noscript><\/noscript><\/span>\t\t\t\t\t\t\t<time class=\"sp-event-date\" datetime=\"2024-11-03 09:00:52\" itemprop=\"startDate\" content=\"2024-11-03T09:00:52-03:00\">\n\t\t\t\t\t\t\t\t<a href=\"https:\/\/esquerra.com.ar\/voleibol\/event\/3-zona-a-vs-4-zona-b-3\/\">03\/11\/2024<\/a>\t\t\t\t\t\t\t<\/time>\n\t\t\t\t\t\t\t\t\t\t\t\t\t\t<h5 class=\"sp-event-results\">\n\t\t\t\t\t\t\t\t<a href=\"https:\/\/esquerra.com.ar\/voleibol\/event\/3-zona-a-vs-4-zona-b-3\/\"><span class=\"sp-result ok\">2<\/span> - <span class=\"sp-result\">0<\/span><\/a>\t\t\t\t\t\t\t<\/h5>\n\t\t\t\t\t\t\t\t\t\t\t\t\t\t\t\t\t\t\t\t\t\t<div class=\"sp-event-season\">U18M - Noviembre 2024 - COPA PLATA SEMIFINAL 1<\/div>\n\t\t\t\t\t\t\t\t\t\t\t\t\t\t\t\t\t\t\t\t\t\t\t\t\t\t\t\t\t\t<div class=\"sp-event-venue\" itemprop=\"location\" itemscope itemtype=\"http:\/\/schema.org\/Place\"><div itemprop=\"address\" itemscope itemtype=\"http:\/\/schema.org\/PostalAddress\">Rieles - Cancha 2<\/div><\/div>\n\t\t\t\t\t\t\t\t\t\t\t\t\t\t\t\t\t\t\t\t\t\t\t\t\t\t\t\t\t\t<div style=\"display:none;\" class=\"sp-event-venue\" itemprop=\"location\" itemscope itemtype=\"http:\/\/schema.org\/Place\"><div itemprop=\"address\" itemscope itemtype=\"http:\/\/schema.org\/PostalAddress\">N\/D<\/div><\/div>\n\t\t\t\t\t\t\t\t\t\t\t\t\t\t<h4 class=\"sp-event-title\" itemprop=\"name\">\n\t\t\t\t\t\t\t\t<a href=\"https:\/\/esquerra.com.ar\/voleibol\/event\/3-zona-a-vs-4-zona-b-3\/\">Real Bucalemu (San Felipe, Chile) vs Alianza La Molina U18M (Lima, Per\u00fa)<\/a>\t\t\t\t\t\t\t<\/h4>\n\t\t\t\t\t\t\t\n\t\t\t\t\t\t<\/td>\n\t\t\t\t\t<\/tr>\n\t\t\t\t\t\t\t\t<\/tbody>\n\t\t<\/table>\n\t<\/div>\n\t<\/div>\n<\/div><br \/>\n<div class=\"sportspress\"><h4 class=\"sp-table-caption\">SEMIFINAL 2<\/h4><div class=\"sp-template sp-template-event-blocks\">\n\t<div class=\"sp-table-wrapper\">\n\t\t<table class=\"sp-event-blocks sp-data-table\n\t\t\t\t\t sp-paginated-table\" data-sp-rows=\"99\">\n\t\t\t<thead><tr><th><\/th><\/tr><\/thead> \t\t\t<tbody>\n\t\t\t\t\t\t\t\t\t<tr class=\"sp-row sp-post alternate\" itemscope itemtype=\"http:\/\/schema.org\/SportsEvent\">\n\t\t\t\t\t\t<td>\n\t\t\t\t\t\t\t\t\t\t\t\t\t\t<span class=\"team-logo logo-odd\" title=\"IMC U18M (Rio III, Argentina)\"><img loading=\"lazy\" decoding=\"async\" width=\"128\" height=\"128\" data-src=\"https:\/\/esquerra.com.ar\/voleibol\/wp-content\/uploads\/2024\/10\/IMC-Voley-Rio-Tercero-128x128.png\" class=\"attachment-sportspress-fit-icon size-sportspress-fit-icon wp-post-image lazyload\" alt=\"\" src=\"data:image\/gif;base64,R0lGODlhAQABAAAAACH5BAEKAAEALAAAAAABAAEAAAICTAEAOw==\" style=\"--smush-placeholder-width: 128px; --smush-placeholder-aspect-ratio: 128\/128;\" \/><noscript><img loading=\"lazy\" decoding=\"async\" width=\"128\" height=\"128\" data-src=\"https:\/\/esquerra.com.ar\/voleibol\/wp-content\/uploads\/2024\/10\/IMC-Voley-Rio-Tercero-128x128.png\" class=\"attachment-sportspress-fit-icon size-sportspress-fit-icon wp-post-image lazyload\" alt=\"\" src=\"data:image\/gif;base64,R0lGODlhAQABAAAAACH5BAEKAAEALAAAAAABAAEAAAICTAEAOw==\" style=\"--smush-placeholder-width: 128px; --smush-placeholder-aspect-ratio: 128\/128;\" \/><noscript><img loading=\"lazy\" decoding=\"async\" width=\"128\" height=\"128\" data-src=\"https:\/\/esquerra.com.ar\/voleibol\/wp-content\/uploads\/2024\/10\/IMC-Voley-Rio-Tercero-128x128.png\" class=\"attachment-sportspress-fit-icon size-sportspress-fit-icon wp-post-image lazyload\" alt=\"\" src=\"data:image\/gif;base64,R0lGODlhAQABAAAAACH5BAEKAAEALAAAAAABAAEAAAICTAEAOw==\" style=\"--smush-placeholder-width: 128px; --smush-placeholder-aspect-ratio: 128\/128;\" \/><noscript><img loading=\"lazy\" decoding=\"async\" width=\"128\" height=\"128\" data-src=\"https:\/\/esquerra.com.ar\/voleibol\/wp-content\/uploads\/2024\/10\/IMC-Voley-Rio-Tercero-128x128.png\" class=\"attachment-sportspress-fit-icon size-sportspress-fit-icon wp-post-image lazyload\" alt=\"\" src=\"data:image\/gif;base64,R0lGODlhAQABAAAAACH5BAEKAAEALAAAAAABAAEAAAICTAEAOw==\" style=\"--smush-placeholder-width: 128px; --smush-placeholder-aspect-ratio: 128\/128;\" \/><noscript><img loading=\"lazy\" decoding=\"async\" width=\"128\" height=\"128\" data-src=\"https:\/\/esquerra.com.ar\/voleibol\/wp-content\/uploads\/2024\/10\/IMC-Voley-Rio-Tercero-128x128.png\" class=\"attachment-sportspress-fit-icon size-sportspress-fit-icon wp-post-image lazyload\" alt=\"\" src=\"data:image\/gif;base64,R0lGODlhAQABAAAAACH5BAEKAAEALAAAAAABAAEAAAICTAEAOw==\" style=\"--smush-placeholder-width: 128px; --smush-placeholder-aspect-ratio: 128\/128;\" \/><noscript><img loading=\"lazy\" decoding=\"async\" width=\"128\" height=\"128\" data-src=\"https:\/\/esquerra.com.ar\/voleibol\/wp-content\/uploads\/2024\/10\/IMC-Voley-Rio-Tercero-128x128.png\" class=\"attachment-sportspress-fit-icon size-sportspress-fit-icon wp-post-image lazyload\" alt=\"\" src=\"data:image\/gif;base64,R0lGODlhAQABAAAAACH5BAEKAAEALAAAAAABAAEAAAICTAEAOw==\" style=\"--smush-placeholder-width: 128px; --smush-placeholder-aspect-ratio: 128\/128;\" \/><noscript><img loading=\"lazy\" decoding=\"async\" width=\"128\" height=\"128\" src=\"https:\/\/esquerra.com.ar\/voleibol\/wp-content\/uploads\/2024\/10\/IMC-Voley-Rio-Tercero-128x128.png\" class=\"attachment-sportspress-fit-icon size-sportspress-fit-icon wp-post-image\" alt=\"\" \/><\/noscript><\/noscript><\/noscript><\/noscript><\/noscript><\/noscript><\/span> <span class=\"team-logo logo-even\" title=\"San Mart\u00edn (Marcos Ju\u00e1rez, Argentina)\"><img loading=\"lazy\" decoding=\"async\" width=\"128\" height=\"128\" data-src=\"https:\/\/esquerra.com.ar\/voleibol\/wp-content\/uploads\/2024\/10\/San-Martin-Marcos-Juarez-Argentina-128x128.png\" class=\"attachment-sportspress-fit-icon size-sportspress-fit-icon wp-post-image lazyload\" alt=\"\" src=\"data:image\/gif;base64,R0lGODlhAQABAAAAACH5BAEKAAEALAAAAAABAAEAAAICTAEAOw==\" style=\"--smush-placeholder-width: 128px; --smush-placeholder-aspect-ratio: 128\/128;\" \/><noscript><img loading=\"lazy\" decoding=\"async\" width=\"128\" height=\"128\" data-src=\"https:\/\/esquerra.com.ar\/voleibol\/wp-content\/uploads\/2024\/10\/San-Martin-Marcos-Juarez-Argentina-128x128.png\" class=\"attachment-sportspress-fit-icon size-sportspress-fit-icon wp-post-image lazyload\" alt=\"\" src=\"data:image\/gif;base64,R0lGODlhAQABAAAAACH5BAEKAAEALAAAAAABAAEAAAICTAEAOw==\" style=\"--smush-placeholder-width: 128px; --smush-placeholder-aspect-ratio: 128\/128;\" \/><noscript><img loading=\"lazy\" decoding=\"async\" width=\"128\" height=\"128\" data-src=\"https:\/\/esquerra.com.ar\/voleibol\/wp-content\/uploads\/2024\/10\/San-Martin-Marcos-Juarez-Argentina-128x128.png\" class=\"attachment-sportspress-fit-icon size-sportspress-fit-icon wp-post-image lazyload\" alt=\"\" src=\"data:image\/gif;base64,R0lGODlhAQABAAAAACH5BAEKAAEALAAAAAABAAEAAAICTAEAOw==\" style=\"--smush-placeholder-width: 128px; --smush-placeholder-aspect-ratio: 128\/128;\" \/><noscript><img loading=\"lazy\" decoding=\"async\" width=\"128\" height=\"128\" data-src=\"https:\/\/esquerra.com.ar\/voleibol\/wp-content\/uploads\/2024\/10\/San-Martin-Marcos-Juarez-Argentina-128x128.png\" class=\"attachment-sportspress-fit-icon size-sportspress-fit-icon wp-post-image lazyload\" alt=\"\" src=\"data:image\/gif;base64,R0lGODlhAQABAAAAACH5BAEKAAEALAAAAAABAAEAAAICTAEAOw==\" style=\"--smush-placeholder-width: 128px; --smush-placeholder-aspect-ratio: 128\/128;\" \/><noscript><img loading=\"lazy\" decoding=\"async\" width=\"128\" height=\"128\" data-src=\"https:\/\/esquerra.com.ar\/voleibol\/wp-content\/uploads\/2024\/10\/San-Martin-Marcos-Juarez-Argentina-128x128.png\" class=\"attachment-sportspress-fit-icon size-sportspress-fit-icon wp-post-image lazyload\" alt=\"\" src=\"data:image\/gif;base64,R0lGODlhAQABAAAAACH5BAEKAAEALAAAAAABAAEAAAICTAEAOw==\" style=\"--smush-placeholder-width: 128px; --smush-placeholder-aspect-ratio: 128\/128;\" \/><noscript><img loading=\"lazy\" decoding=\"async\" width=\"128\" height=\"128\" src=\"https:\/\/esquerra.com.ar\/voleibol\/wp-content\/uploads\/2024\/10\/San-Martin-Marcos-Juarez-Argentina-128x128.png\" class=\"attachment-sportspress-fit-icon size-sportspress-fit-icon wp-post-image\" alt=\"\" \/><\/noscript><\/noscript><\/noscript><\/noscript><\/noscript><\/span>\t\t\t\t\t\t\t<time class=\"sp-event-date\" datetime=\"2024-11-03 10:15:43\" itemprop=\"startDate\" content=\"2024-11-03T10:15:43-03:00\">\n\t\t\t\t\t\t\t\t<a href=\"https:\/\/esquerra.com.ar\/voleibol\/event\/4-zona-a-vs-3-zona-b-3\/\">03\/11\/2024<\/a>\t\t\t\t\t\t\t<\/time>\n\t\t\t\t\t\t\t\t\t\t\t\t\t\t<h5 class=\"sp-event-results\">\n\t\t\t\t\t\t\t\t<a href=\"https:\/\/esquerra.com.ar\/voleibol\/event\/4-zona-a-vs-3-zona-b-3\/\"><span class=\"sp-result ok\">2<\/span> - <span class=\"sp-result\">0<\/span><\/a>\t\t\t\t\t\t\t<\/h5>\n\t\t\t\t\t\t\t\t\t\t\t\t\t\t\t\t\t\t\t\t\t\t<div class=\"sp-event-season\">U18M - Noviembre 2024 - COPA PLATA SEMIFINAL 2<\/div>\n\t\t\t\t\t\t\t\t\t\t\t\t\t\t\t\t\t\t\t\t\t\t\t\t\t\t\t\t\t\t<div class=\"sp-event-venue\" itemprop=\"location\" itemscope itemtype=\"http:\/\/schema.org\/Place\"><div itemprop=\"address\" itemscope itemtype=\"http:\/\/schema.org\/PostalAddress\">Rieles - Cancha 2<\/div><\/div>\n\t\t\t\t\t\t\t\t\t\t\t\t\t\t\t\t\t\t\t\t\t\t\t\t\t\t\t\t\t\t<div style=\"display:none;\" class=\"sp-event-venue\" itemprop=\"location\" itemscope itemtype=\"http:\/\/schema.org\/Place\"><div itemprop=\"address\" itemscope itemtype=\"http:\/\/schema.org\/PostalAddress\">N\/D<\/div><\/div>\n\t\t\t\t\t\t\t\t\t\t\t\t\t\t<h4 class=\"sp-event-title\" itemprop=\"name\">\n\t\t\t\t\t\t\t\t<a href=\"https:\/\/esquerra.com.ar\/voleibol\/event\/4-zona-a-vs-3-zona-b-3\/\">IMC U18M (Rio III, Argentina) vs San Mart\u00edn U18M (Marcos Ju\u00e1rez, Argentina)<\/a>\t\t\t\t\t\t\t<\/h4>\n\t\t\t\t\t\t\t\n\t\t\t\t\t\t<\/td>\n\t\t\t\t\t<\/tr>\n\t\t\t\t\t\t\t\t<\/tbody>\n\t\t<\/table>\n\t<\/div>\n\t<\/div>\n<\/div><br \/>\n<div class=\"sportspress\"><h4 class=\"sp-table-caption\">Partido FINAL<\/h4><div class=\"sp-template sp-template-event-blocks\">\n\t<div class=\"sp-table-wrapper\">\n\t\t<table class=\"sp-event-blocks sp-data-table\n\t\t\t\t\t sp-paginated-table\" data-sp-rows=\"99\">\n\t\t\t<thead><tr><th><\/th><\/tr><\/thead> \t\t\t<tbody>\n\t\t\t\t\t\t\t\t\t<tr class=\"sp-row sp-post alternate\" itemscope itemtype=\"http:\/\/schema.org\/SportsEvent\">\n\t\t\t\t\t\t<td>\n\t\t\t\t\t\t\t\t\t\t\t\t\t\t<span class=\"team-logo logo-odd\" title=\"Real Bucalemu (San Felipe, Chile)\"><img decoding=\"async\" width=\"128\" height=\"128\" data-src=\"https:\/\/esquerra.com.ar\/voleibol\/wp-content\/uploads\/2024\/10\/Real-Bucalemu-San-Felipe-Chile-128x128.png\" class=\"attachment-sportspress-fit-icon size-sportspress-fit-icon wp-post-image lazyload\" alt=\"\" src=\"data:image\/gif;base64,R0lGODlhAQABAAAAACH5BAEKAAEALAAAAAABAAEAAAICTAEAOw==\" style=\"--smush-placeholder-width: 128px; --smush-placeholder-aspect-ratio: 128\/128;\" \/><noscript><img decoding=\"async\" width=\"128\" height=\"128\" data-src=\"https:\/\/esquerra.com.ar\/voleibol\/wp-content\/uploads\/2024\/10\/Real-Bucalemu-San-Felipe-Chile-128x128.png\" class=\"attachment-sportspress-fit-icon size-sportspress-fit-icon wp-post-image lazyload\" alt=\"\" src=\"data:image\/gif;base64,R0lGODlhAQABAAAAACH5BAEKAAEALAAAAAABAAEAAAICTAEAOw==\" style=\"--smush-placeholder-width: 128px; --smush-placeholder-aspect-ratio: 128\/128;\" \/><noscript><img decoding=\"async\" width=\"128\" height=\"128\" data-src=\"https:\/\/esquerra.com.ar\/voleibol\/wp-content\/uploads\/2024\/10\/Real-Bucalemu-San-Felipe-Chile-128x128.png\" class=\"attachment-sportspress-fit-icon size-sportspress-fit-icon wp-post-image lazyload\" alt=\"\" src=\"data:image\/gif;base64,R0lGODlhAQABAAAAACH5BAEKAAEALAAAAAABAAEAAAICTAEAOw==\" style=\"--smush-placeholder-width: 128px; --smush-placeholder-aspect-ratio: 128\/128;\" \/><noscript><img decoding=\"async\" width=\"128\" height=\"128\" data-src=\"https:\/\/esquerra.com.ar\/voleibol\/wp-content\/uploads\/2024\/10\/Real-Bucalemu-San-Felipe-Chile-128x128.png\" class=\"attachment-sportspress-fit-icon size-sportspress-fit-icon wp-post-image lazyload\" alt=\"\" src=\"data:image\/gif;base64,R0lGODlhAQABAAAAACH5BAEKAAEALAAAAAABAAEAAAICTAEAOw==\" style=\"--smush-placeholder-width: 128px; --smush-placeholder-aspect-ratio: 128\/128;\" \/><noscript><img decoding=\"async\" width=\"128\" height=\"128\" data-src=\"https:\/\/esquerra.com.ar\/voleibol\/wp-content\/uploads\/2024\/10\/Real-Bucalemu-San-Felipe-Chile-128x128.png\" class=\"attachment-sportspress-fit-icon size-sportspress-fit-icon wp-post-image lazyload\" alt=\"\" src=\"data:image\/gif;base64,R0lGODlhAQABAAAAACH5BAEKAAEALAAAAAABAAEAAAICTAEAOw==\" style=\"--smush-placeholder-width: 128px; --smush-placeholder-aspect-ratio: 128\/128;\" \/><noscript><img decoding=\"async\" width=\"128\" height=\"128\" data-src=\"https:\/\/esquerra.com.ar\/voleibol\/wp-content\/uploads\/2024\/10\/Real-Bucalemu-San-Felipe-Chile-128x128.png\" class=\"attachment-sportspress-fit-icon size-sportspress-fit-icon wp-post-image lazyload\" alt=\"\" src=\"data:image\/gif;base64,R0lGODlhAQABAAAAACH5BAEKAAEALAAAAAABAAEAAAICTAEAOw==\" style=\"--smush-placeholder-width: 128px; --smush-placeholder-aspect-ratio: 128\/128;\" \/><noscript><img decoding=\"async\" width=\"128\" height=\"128\" src=\"https:\/\/esquerra.com.ar\/voleibol\/wp-content\/uploads\/2024\/10\/Real-Bucalemu-San-Felipe-Chile-128x128.png\" class=\"attachment-sportspress-fit-icon size-sportspress-fit-icon wp-post-image\" alt=\"\" \/><\/noscript><\/noscript><\/noscript><\/noscript><\/noscript><\/noscript><\/span> <span class=\"team-logo logo-even\" title=\"IMC U18M (Rio III, Argentina)\"><img loading=\"lazy\" decoding=\"async\" width=\"128\" height=\"128\" data-src=\"https:\/\/esquerra.com.ar\/voleibol\/wp-content\/uploads\/2024\/10\/IMC-Voley-Rio-Tercero-128x128.png\" class=\"attachment-sportspress-fit-icon size-sportspress-fit-icon wp-post-image lazyload\" alt=\"\" src=\"data:image\/gif;base64,R0lGODlhAQABAAAAACH5BAEKAAEALAAAAAABAAEAAAICTAEAOw==\" style=\"--smush-placeholder-width: 128px; --smush-placeholder-aspect-ratio: 128\/128;\" \/><noscript><img loading=\"lazy\" decoding=\"async\" width=\"128\" height=\"128\" data-src=\"https:\/\/esquerra.com.ar\/voleibol\/wp-content\/uploads\/2024\/10\/IMC-Voley-Rio-Tercero-128x128.png\" class=\"attachment-sportspress-fit-icon size-sportspress-fit-icon wp-post-image lazyload\" alt=\"\" src=\"data:image\/gif;base64,R0lGODlhAQABAAAAACH5BAEKAAEALAAAAAABAAEAAAICTAEAOw==\" style=\"--smush-placeholder-width: 128px; --smush-placeholder-aspect-ratio: 128\/128;\" \/><noscript><img loading=\"lazy\" decoding=\"async\" width=\"128\" height=\"128\" data-src=\"https:\/\/esquerra.com.ar\/voleibol\/wp-content\/uploads\/2024\/10\/IMC-Voley-Rio-Tercero-128x128.png\" class=\"attachment-sportspress-fit-icon size-sportspress-fit-icon wp-post-image lazyload\" alt=\"\" src=\"data:image\/gif;base64,R0lGODlhAQABAAAAACH5BAEKAAEALAAAAAABAAEAAAICTAEAOw==\" style=\"--smush-placeholder-width: 128px; --smush-placeholder-aspect-ratio: 128\/128;\" \/><noscript><img loading=\"lazy\" decoding=\"async\" width=\"128\" height=\"128\" data-src=\"https:\/\/esquerra.com.ar\/voleibol\/wp-content\/uploads\/2024\/10\/IMC-Voley-Rio-Tercero-128x128.png\" class=\"attachment-sportspress-fit-icon size-sportspress-fit-icon wp-post-image lazyload\" alt=\"\" src=\"data:image\/gif;base64,R0lGODlhAQABAAAAACH5BAEKAAEALAAAAAABAAEAAAICTAEAOw==\" style=\"--smush-placeholder-width: 128px; --smush-placeholder-aspect-ratio: 128\/128;\" \/><noscript><img loading=\"lazy\" decoding=\"async\" width=\"128\" height=\"128\" data-src=\"https:\/\/esquerra.com.ar\/voleibol\/wp-content\/uploads\/2024\/10\/IMC-Voley-Rio-Tercero-128x128.png\" class=\"attachment-sportspress-fit-icon size-sportspress-fit-icon wp-post-image lazyload\" alt=\"\" src=\"data:image\/gif;base64,R0lGODlhAQABAAAAACH5BAEKAAEALAAAAAABAAEAAAICTAEAOw==\" style=\"--smush-placeholder-width: 128px; --smush-placeholder-aspect-ratio: 128\/128;\" \/><noscript><img loading=\"lazy\" decoding=\"async\" width=\"128\" height=\"128\" data-src=\"https:\/\/esquerra.com.ar\/voleibol\/wp-content\/uploads\/2024\/10\/IMC-Voley-Rio-Tercero-128x128.png\" class=\"attachment-sportspress-fit-icon size-sportspress-fit-icon wp-post-image lazyload\" alt=\"\" src=\"data:image\/gif;base64,R0lGODlhAQABAAAAACH5BAEKAAEALAAAAAABAAEAAAICTAEAOw==\" style=\"--smush-placeholder-width: 128px; --smush-placeholder-aspect-ratio: 128\/128;\" \/><noscript><img loading=\"lazy\" decoding=\"async\" width=\"128\" height=\"128\" src=\"https:\/\/esquerra.com.ar\/voleibol\/wp-content\/uploads\/2024\/10\/IMC-Voley-Rio-Tercero-128x128.png\" class=\"attachment-sportspress-fit-icon size-sportspress-fit-icon wp-post-image\" alt=\"\" \/><\/noscript><\/noscript><\/noscript><\/noscript><\/noscript><\/noscript><\/span>\t\t\t\t\t\t\t<time class=\"sp-event-date\" datetime=\"2024-11-03 12:00:49\" itemprop=\"startDate\" content=\"2024-11-03T12:00:49-03:00\">\n\t\t\t\t\t\t\t\t<a href=\"https:\/\/esquerra.com.ar\/voleibol\/event\/ganador-sf1-vs-ganador-sf2-6\/\">03\/11\/2024<\/a>\t\t\t\t\t\t\t<\/time>\n\t\t\t\t\t\t\t\t\t\t\t\t\t\t<h5 class=\"sp-event-results\">\n\t\t\t\t\t\t\t\t<a href=\"https:\/\/esquerra.com.ar\/voleibol\/event\/ganador-sf1-vs-ganador-sf2-6\/\"><span class=\"sp-result ok\">2<\/span> - <span class=\"sp-result\">1<\/span><\/a>\t\t\t\t\t\t\t<\/h5>\n\t\t\t\t\t\t\t\t\t\t\t\t\t\t\t\t\t\t\t\t\t\t<div class=\"sp-event-season\">U18M - Noviembre 2024 - COPA PLATA FINAL<\/div>\n\t\t\t\t\t\t\t\t\t\t\t\t\t\t\t\t\t\t\t\t\t\t\t\t\t\t\t\t\t\t<div class=\"sp-event-venue\" itemprop=\"location\" itemscope itemtype=\"http:\/\/schema.org\/Place\"><div itemprop=\"address\" itemscope itemtype=\"http:\/\/schema.org\/PostalAddress\">Rieles - Cancha 2<\/div><\/div>\n\t\t\t\t\t\t\t\t\t\t\t\t\t\t\t\t\t\t\t\t\t\t\t\t\t\t\t\t\t\t<div style=\"display:none;\" class=\"sp-event-venue\" itemprop=\"location\" itemscope itemtype=\"http:\/\/schema.org\/Place\"><div itemprop=\"address\" itemscope itemtype=\"http:\/\/schema.org\/PostalAddress\">N\/D<\/div><\/div>\n\t\t\t\t\t\t\t\t\t\t\t\t\t\t<h4 class=\"sp-event-title\" itemprop=\"name\">\n\t\t\t\t\t\t\t\t<a href=\"https:\/\/esquerra.com.ar\/voleibol\/event\/ganador-sf1-vs-ganador-sf2-6\/\">Real Bucalemu (San Felipe, Chile) vs IMC U18M (Rio III, Argentina)<\/a>\t\t\t\t\t\t\t<\/h4>\n\t\t\t\t\t\t\t\n\t\t\t\t\t\t<\/td>\n\t\t\t\t\t<\/tr>\n\t\t\t\t\t\t\t\t<\/tbody>\n\t\t<\/table>\n\t<\/div>\n\t<\/div>\n<\/div><\/p>\n<\/div><\/details><\/div>\n\n\n\n<div class=\"wp-block-coblocks-accordion-item has-custom-font has-custom-weight has-custom-transform\" style=\"font-family:Montserrat;font-weight:400;text-transform:uppercase\"><details><summary class=\"wp-block-coblocks-accordion-item__title has-background has-neve-link-hover-color-background-color has-text-color has-nv-site-bg-color\">Copa de Oro<\/summary><div class=\"wp-block-coblocks-accordion-item__content\" style=\"border-color:var(--nv-secondary-accent)\"><p><div class=\"sportspress\"><h4 class=\"sp-table-caption\">SEMIFINAL 1<\/h4><div class=\"sp-template sp-template-event-blocks\">\n\t<div class=\"sp-table-wrapper\">\n\t\t<table class=\"sp-event-blocks sp-data-table\n\t\t\t\t\t sp-paginated-table\" data-sp-rows=\"99\">\n\t\t\t<thead><tr><th><\/th><\/tr><\/thead> \t\t\t<tbody>\n\t\t\t\t\t\t\t\t\t<tr class=\"sp-row sp-post alternate\" itemscope itemtype=\"http:\/\/schema.org\/SportsEvent\">\n\t\t\t\t\t\t<td>\n\t\t\t\t\t\t\t\t\t\t\t\t\t\t<span class=\"team-logo logo-odd\" title=\"Universitario U18M (Caleta Olivia, Argentina)\"><img decoding=\"async\" width=\"128\" height=\"128\" data-src=\"https:\/\/esquerra.com.ar\/voleibol\/wp-content\/uploads\/2024\/10\/Universitario-Caleta-Olivia-Argentina-128x128.png\" class=\"attachment-sportspress-fit-icon size-sportspress-fit-icon wp-post-image lazyload\" alt=\"\" src=\"data:image\/gif;base64,R0lGODlhAQABAAAAACH5BAEKAAEALAAAAAABAAEAAAICTAEAOw==\" style=\"--smush-placeholder-width: 128px; --smush-placeholder-aspect-ratio: 128\/128;\" \/><noscript><img decoding=\"async\" width=\"128\" height=\"128\" data-src=\"https:\/\/esquerra.com.ar\/voleibol\/wp-content\/uploads\/2024\/10\/Universitario-Caleta-Olivia-Argentina-128x128.png\" class=\"attachment-sportspress-fit-icon size-sportspress-fit-icon wp-post-image lazyload\" alt=\"\" src=\"data:image\/gif;base64,R0lGODlhAQABAAAAACH5BAEKAAEALAAAAAABAAEAAAICTAEAOw==\" style=\"--smush-placeholder-width: 128px; --smush-placeholder-aspect-ratio: 128\/128;\" \/><noscript><img decoding=\"async\" width=\"128\" height=\"128\" data-src=\"https:\/\/esquerra.com.ar\/voleibol\/wp-content\/uploads\/2024\/10\/Universitario-Caleta-Olivia-Argentina-128x128.png\" class=\"attachment-sportspress-fit-icon size-sportspress-fit-icon wp-post-image lazyload\" alt=\"\" src=\"data:image\/gif;base64,R0lGODlhAQABAAAAACH5BAEKAAEALAAAAAABAAEAAAICTAEAOw==\" style=\"--smush-placeholder-width: 128px; --smush-placeholder-aspect-ratio: 128\/128;\" \/><noscript><img decoding=\"async\" width=\"128\" height=\"128\" data-src=\"https:\/\/esquerra.com.ar\/voleibol\/wp-content\/uploads\/2024\/10\/Universitario-Caleta-Olivia-Argentina-128x128.png\" class=\"attachment-sportspress-fit-icon size-sportspress-fit-icon wp-post-image lazyload\" alt=\"\" src=\"data:image\/gif;base64,R0lGODlhAQABAAAAACH5BAEKAAEALAAAAAABAAEAAAICTAEAOw==\" style=\"--smush-placeholder-width: 128px; --smush-placeholder-aspect-ratio: 128\/128;\" \/><noscript><img decoding=\"async\" width=\"128\" height=\"128\" data-src=\"https:\/\/esquerra.com.ar\/voleibol\/wp-content\/uploads\/2024\/10\/Universitario-Caleta-Olivia-Argentina-128x128.png\" class=\"attachment-sportspress-fit-icon size-sportspress-fit-icon wp-post-image lazyload\" alt=\"\" src=\"data:image\/gif;base64,R0lGODlhAQABAAAAACH5BAEKAAEALAAAAAABAAEAAAICTAEAOw==\" style=\"--smush-placeholder-width: 128px; --smush-placeholder-aspect-ratio: 128\/128;\" \/><noscript><img decoding=\"async\" width=\"128\" height=\"128\" data-src=\"https:\/\/esquerra.com.ar\/voleibol\/wp-content\/uploads\/2024\/10\/Universitario-Caleta-Olivia-Argentina-128x128.png\" class=\"attachment-sportspress-fit-icon size-sportspress-fit-icon wp-post-image lazyload\" alt=\"\" src=\"data:image\/gif;base64,R0lGODlhAQABAAAAACH5BAEKAAEALAAAAAABAAEAAAICTAEAOw==\" style=\"--smush-placeholder-width: 128px; --smush-placeholder-aspect-ratio: 128\/128;\" \/><noscript><img decoding=\"async\" width=\"128\" height=\"128\" src=\"https:\/\/esquerra.com.ar\/voleibol\/wp-content\/uploads\/2024\/10\/Universitario-Caleta-Olivia-Argentina-128x128.png\" class=\"attachment-sportspress-fit-icon size-sportspress-fit-icon wp-post-image\" alt=\"\" \/><\/noscript><\/noscript><\/noscript><\/noscript><\/noscript><\/noscript><\/span> <span class=\"team-logo logo-even\" title=\"Villa Azalais (C\u00f3rdoba, Argentina)\"><img loading=\"lazy\" decoding=\"async\" width=\"128\" height=\"128\" data-src=\"https:\/\/esquerra.com.ar\/voleibol\/wp-content\/uploads\/2024\/10\/Villa-Azalais-Cordoba-Argentina-128x128.png\" class=\"attachment-sportspress-fit-icon size-sportspress-fit-icon wp-post-image lazyload\" alt=\"\" src=\"data:image\/gif;base64,R0lGODlhAQABAAAAACH5BAEKAAEALAAAAAABAAEAAAICTAEAOw==\" style=\"--smush-placeholder-width: 128px; --smush-placeholder-aspect-ratio: 128\/128;\" \/><noscript><img loading=\"lazy\" decoding=\"async\" width=\"128\" height=\"128\" data-src=\"https:\/\/esquerra.com.ar\/voleibol\/wp-content\/uploads\/2024\/10\/Villa-Azalais-Cordoba-Argentina-128x128.png\" class=\"attachment-sportspress-fit-icon size-sportspress-fit-icon wp-post-image lazyload\" alt=\"\" src=\"data:image\/gif;base64,R0lGODlhAQABAAAAACH5BAEKAAEALAAAAAABAAEAAAICTAEAOw==\" style=\"--smush-placeholder-width: 128px; --smush-placeholder-aspect-ratio: 128\/128;\" \/><noscript><img loading=\"lazy\" decoding=\"async\" width=\"128\" height=\"128\" data-src=\"https:\/\/esquerra.com.ar\/voleibol\/wp-content\/uploads\/2024\/10\/Villa-Azalais-Cordoba-Argentina-128x128.png\" class=\"attachment-sportspress-fit-icon size-sportspress-fit-icon wp-post-image lazyload\" alt=\"\" src=\"data:image\/gif;base64,R0lGODlhAQABAAAAACH5BAEKAAEALAAAAAABAAEAAAICTAEAOw==\" style=\"--smush-placeholder-width: 128px; --smush-placeholder-aspect-ratio: 128\/128;\" \/><noscript><img loading=\"lazy\" decoding=\"async\" width=\"128\" height=\"128\" data-src=\"https:\/\/esquerra.com.ar\/voleibol\/wp-content\/uploads\/2024\/10\/Villa-Azalais-Cordoba-Argentina-128x128.png\" class=\"attachment-sportspress-fit-icon size-sportspress-fit-icon wp-post-image lazyload\" alt=\"\" src=\"data:image\/gif;base64,R0lGODlhAQABAAAAACH5BAEKAAEALAAAAAABAAEAAAICTAEAOw==\" style=\"--smush-placeholder-width: 128px; --smush-placeholder-aspect-ratio: 128\/128;\" \/><noscript><img loading=\"lazy\" decoding=\"async\" width=\"128\" height=\"128\" data-src=\"https:\/\/esquerra.com.ar\/voleibol\/wp-content\/uploads\/2024\/10\/Villa-Azalais-Cordoba-Argentina-128x128.png\" class=\"attachment-sportspress-fit-icon size-sportspress-fit-icon wp-post-image lazyload\" alt=\"\" src=\"data:image\/gif;base64,R0lGODlhAQABAAAAACH5BAEKAAEALAAAAAABAAEAAAICTAEAOw==\" style=\"--smush-placeholder-width: 128px; --smush-placeholder-aspect-ratio: 128\/128;\" \/><noscript><img loading=\"lazy\" decoding=\"async\" width=\"128\" height=\"128\" src=\"https:\/\/esquerra.com.ar\/voleibol\/wp-content\/uploads\/2024\/10\/Villa-Azalais-Cordoba-Argentina-128x128.png\" class=\"attachment-sportspress-fit-icon size-sportspress-fit-icon wp-post-image\" alt=\"\" \/><\/noscript><\/noscript><\/noscript><\/noscript><\/noscript><\/span>\t\t\t\t\t\t\t<time class=\"sp-event-date\" datetime=\"2024-11-03 11:30:00\" itemprop=\"startDate\" content=\"2024-11-03T11:30:00-03:00\">\n\t\t\t\t\t\t\t\t<a href=\"https:\/\/esquerra.com.ar\/voleibol\/event\/1-zona-a-vs-2-zona-b-3\/\">03\/11\/2024<\/a>\t\t\t\t\t\t\t<\/time>\n\t\t\t\t\t\t\t\t\t\t\t\t\t\t<h5 class=\"sp-event-results\">\n\t\t\t\t\t\t\t\t<a href=\"https:\/\/esquerra.com.ar\/voleibol\/event\/1-zona-a-vs-2-zona-b-3\/\"><span class=\"sp-result ok\">2<\/span> - <span class=\"sp-result\">0<\/span><\/a>\t\t\t\t\t\t\t<\/h5>\n\t\t\t\t\t\t\t\t\t\t\t\t\t\t\t\t\t\t\t\t\t\t<div class=\"sp-event-season\">U18M - Noviembre 2024 - COPA ORO SEMIFINAL 1<\/div>\n\t\t\t\t\t\t\t\t\t\t\t\t\t\t\t\t\t\t\t\t\t\t\t\t\t\t\t\t\t\t<div class=\"sp-event-venue\" itemprop=\"location\" itemscope itemtype=\"http:\/\/schema.org\/Place\"><div itemprop=\"address\" itemscope itemtype=\"http:\/\/schema.org\/PostalAddress\">SUE - Cancha 1<\/div><\/div>\n\t\t\t\t\t\t\t\t\t\t\t\t\t\t\t\t\t\t\t\t\t\t\t\t\t\t\t\t\t\t<div style=\"display:none;\" class=\"sp-event-venue\" itemprop=\"location\" itemscope itemtype=\"http:\/\/schema.org\/Place\"><div itemprop=\"address\" itemscope itemtype=\"http:\/\/schema.org\/PostalAddress\">N\/D<\/div><\/div>\n\t\t\t\t\t\t\t\t\t\t\t\t\t\t<h4 class=\"sp-event-title\" itemprop=\"name\">\n\t\t\t\t\t\t\t\t<a href=\"https:\/\/esquerra.com.ar\/voleibol\/event\/1-zona-a-vs-2-zona-b-3\/\">Universitario U18M (Caleta Olivia, Argentina) vs Villa Azalais (C\u00f3rdoba, Argentina)<\/a>\t\t\t\t\t\t\t<\/h4>\n\t\t\t\t\t\t\t\n\t\t\t\t\t\t<\/td>\n\t\t\t\t\t<\/tr>\n\t\t\t\t\t\t\t\t<\/tbody>\n\t\t<\/table>\n\t<\/div>\n\t<\/div>\n<\/div><br \/>\n<div class=\"sportspress\"><h4 class=\"sp-table-caption\">SEMIFINAL 2<\/h4><div class=\"sp-template sp-template-event-blocks\">\n\t<div class=\"sp-table-wrapper\">\n\t\t<table class=\"sp-event-blocks sp-data-table\n\t\t\t\t\t sp-paginated-table\" data-sp-rows=\"99\">\n\t\t\t<thead><tr><th><\/th><\/tr><\/thead> \t\t\t<tbody>\n\t\t\t\t\t\t\t\t\t<tr class=\"sp-row sp-post alternate\" itemscope itemtype=\"http:\/\/schema.org\/SportsEvent\">\n\t\t\t\t\t\t<td>\n\t\t\t\t\t\t\t\t\t\t\t\t\t\t<span class=\"team-logo logo-odd\" title=\"PSM (Pto. San Martin, Santa Fe)\"><img loading=\"lazy\" decoding=\"async\" width=\"128\" height=\"128\" data-src=\"https:\/\/esquerra.com.ar\/voleibol\/wp-content\/uploads\/2024\/10\/PSM-San-Martin-Argentina-128x128.png\" class=\"attachment-sportspress-fit-icon size-sportspress-fit-icon wp-post-image lazyload\" alt=\"\" src=\"data:image\/gif;base64,R0lGODlhAQABAAAAACH5BAEKAAEALAAAAAABAAEAAAICTAEAOw==\" style=\"--smush-placeholder-width: 128px; --smush-placeholder-aspect-ratio: 128\/128;\" \/><noscript><img loading=\"lazy\" decoding=\"async\" width=\"128\" height=\"128\" data-src=\"https:\/\/esquerra.com.ar\/voleibol\/wp-content\/uploads\/2024\/10\/PSM-San-Martin-Argentina-128x128.png\" class=\"attachment-sportspress-fit-icon size-sportspress-fit-icon wp-post-image lazyload\" alt=\"\" src=\"data:image\/gif;base64,R0lGODlhAQABAAAAACH5BAEKAAEALAAAAAABAAEAAAICTAEAOw==\" style=\"--smush-placeholder-width: 128px; --smush-placeholder-aspect-ratio: 128\/128;\" \/><noscript><img loading=\"lazy\" decoding=\"async\" width=\"128\" height=\"128\" data-src=\"https:\/\/esquerra.com.ar\/voleibol\/wp-content\/uploads\/2024\/10\/PSM-San-Martin-Argentina-128x128.png\" class=\"attachment-sportspress-fit-icon size-sportspress-fit-icon wp-post-image lazyload\" alt=\"\" src=\"data:image\/gif;base64,R0lGODlhAQABAAAAACH5BAEKAAEALAAAAAABAAEAAAICTAEAOw==\" style=\"--smush-placeholder-width: 128px; --smush-placeholder-aspect-ratio: 128\/128;\" \/><noscript><img loading=\"lazy\" decoding=\"async\" width=\"128\" height=\"128\" data-src=\"https:\/\/esquerra.com.ar\/voleibol\/wp-content\/uploads\/2024\/10\/PSM-San-Martin-Argentina-128x128.png\" class=\"attachment-sportspress-fit-icon size-sportspress-fit-icon wp-post-image lazyload\" alt=\"\" src=\"data:image\/gif;base64,R0lGODlhAQABAAAAACH5BAEKAAEALAAAAAABAAEAAAICTAEAOw==\" style=\"--smush-placeholder-width: 128px; --smush-placeholder-aspect-ratio: 128\/128;\" \/><noscript><img loading=\"lazy\" decoding=\"async\" width=\"128\" height=\"128\" data-src=\"https:\/\/esquerra.com.ar\/voleibol\/wp-content\/uploads\/2024\/10\/PSM-San-Martin-Argentina-128x128.png\" class=\"attachment-sportspress-fit-icon size-sportspress-fit-icon wp-post-image lazyload\" alt=\"\" src=\"data:image\/gif;base64,R0lGODlhAQABAAAAACH5BAEKAAEALAAAAAABAAEAAAICTAEAOw==\" style=\"--smush-placeholder-width: 128px; --smush-placeholder-aspect-ratio: 128\/128;\" \/><noscript><img loading=\"lazy\" decoding=\"async\" width=\"128\" height=\"128\" data-src=\"https:\/\/esquerra.com.ar\/voleibol\/wp-content\/uploads\/2024\/10\/PSM-San-Martin-Argentina-128x128.png\" class=\"attachment-sportspress-fit-icon size-sportspress-fit-icon wp-post-image lazyload\" alt=\"\" src=\"data:image\/gif;base64,R0lGODlhAQABAAAAACH5BAEKAAEALAAAAAABAAEAAAICTAEAOw==\" style=\"--smush-placeholder-width: 128px; --smush-placeholder-aspect-ratio: 128\/128;\" \/><noscript><img loading=\"lazy\" decoding=\"async\" width=\"128\" height=\"128\" src=\"https:\/\/esquerra.com.ar\/voleibol\/wp-content\/uploads\/2024\/10\/PSM-San-Martin-Argentina-128x128.png\" class=\"attachment-sportspress-fit-icon size-sportspress-fit-icon wp-post-image\" alt=\"\" \/><\/noscript><\/noscript><\/noscript><\/noscript><\/noscript><\/noscript><\/span> <span class=\"team-logo logo-even\" title=\"Las Flores U18M (C\u00f3rdoba, Argentina)\"><img decoding=\"async\" width=\"128\" height=\"128\" data-src=\"https:\/\/esquerra.com.ar\/voleibol\/wp-content\/uploads\/2024\/10\/Las-Flores-Cordoba-Argentina-128x128.png\" class=\"attachment-sportspress-fit-icon size-sportspress-fit-icon wp-post-image lazyload\" alt=\"\" src=\"data:image\/gif;base64,R0lGODlhAQABAAAAACH5BAEKAAEALAAAAAABAAEAAAICTAEAOw==\" style=\"--smush-placeholder-width: 128px; --smush-placeholder-aspect-ratio: 128\/128;\" \/><noscript><img decoding=\"async\" width=\"128\" height=\"128\" data-src=\"https:\/\/esquerra.com.ar\/voleibol\/wp-content\/uploads\/2024\/10\/Las-Flores-Cordoba-Argentina-128x128.png\" class=\"attachment-sportspress-fit-icon size-sportspress-fit-icon wp-post-image lazyload\" alt=\"\" src=\"data:image\/gif;base64,R0lGODlhAQABAAAAACH5BAEKAAEALAAAAAABAAEAAAICTAEAOw==\" style=\"--smush-placeholder-width: 128px; --smush-placeholder-aspect-ratio: 128\/128;\" \/><noscript><img decoding=\"async\" width=\"128\" height=\"128\" data-src=\"https:\/\/esquerra.com.ar\/voleibol\/wp-content\/uploads\/2024\/10\/Las-Flores-Cordoba-Argentina-128x128.png\" class=\"attachment-sportspress-fit-icon size-sportspress-fit-icon wp-post-image lazyload\" alt=\"\" src=\"data:image\/gif;base64,R0lGODlhAQABAAAAACH5BAEKAAEALAAAAAABAAEAAAICTAEAOw==\" style=\"--smush-placeholder-width: 128px; --smush-placeholder-aspect-ratio: 128\/128;\" \/><noscript><img decoding=\"async\" width=\"128\" height=\"128\" data-src=\"https:\/\/esquerra.com.ar\/voleibol\/wp-content\/uploads\/2024\/10\/Las-Flores-Cordoba-Argentina-128x128.png\" class=\"attachment-sportspress-fit-icon size-sportspress-fit-icon wp-post-image lazyload\" alt=\"\" src=\"data:image\/gif;base64,R0lGODlhAQABAAAAACH5BAEKAAEALAAAAAABAAEAAAICTAEAOw==\" style=\"--smush-placeholder-width: 128px; --smush-placeholder-aspect-ratio: 128\/128;\" \/><noscript><img decoding=\"async\" width=\"128\" height=\"128\" data-src=\"https:\/\/esquerra.com.ar\/voleibol\/wp-content\/uploads\/2024\/10\/Las-Flores-Cordoba-Argentina-128x128.png\" class=\"attachment-sportspress-fit-icon size-sportspress-fit-icon wp-post-image lazyload\" alt=\"\" src=\"data:image\/gif;base64,R0lGODlhAQABAAAAACH5BAEKAAEALAAAAAABAAEAAAICTAEAOw==\" style=\"--smush-placeholder-width: 128px; --smush-placeholder-aspect-ratio: 128\/128;\" \/><noscript><img decoding=\"async\" width=\"128\" height=\"128\" src=\"https:\/\/esquerra.com.ar\/voleibol\/wp-content\/uploads\/2024\/10\/Las-Flores-Cordoba-Argentina-128x128.png\" class=\"attachment-sportspress-fit-icon size-sportspress-fit-icon wp-post-image\" alt=\"\" \/><\/noscript><\/noscript><\/noscript><\/noscript><\/noscript><\/span>\t\t\t\t\t\t\t<time class=\"sp-event-date\" datetime=\"2024-11-03 12:30:01\" itemprop=\"startDate\" content=\"2024-11-03T12:30:01-03:00\">\n\t\t\t\t\t\t\t\t<a href=\"https:\/\/esquerra.com.ar\/voleibol\/event\/2-zona-a-vs-1-zona-b-3\/\">03\/11\/2024<\/a>\t\t\t\t\t\t\t<\/time>\n\t\t\t\t\t\t\t\t\t\t\t\t\t\t<h5 class=\"sp-event-results\">\n\t\t\t\t\t\t\t\t<a href=\"https:\/\/esquerra.com.ar\/voleibol\/event\/2-zona-a-vs-1-zona-b-3\/\"><span class=\"sp-result ok\">2<\/span> - <span class=\"sp-result\">0<\/span><\/a>\t\t\t\t\t\t\t<\/h5>\n\t\t\t\t\t\t\t\t\t\t\t\t\t\t\t\t\t\t\t\t\t\t<div class=\"sp-event-season\">U18M - Noviembre 2024 - COPA ORO SEMIFINAL 2<\/div>\n\t\t\t\t\t\t\t\t\t\t\t\t\t\t\t\t\t\t\t\t\t\t\t\t\t\t\t\t\t\t<div class=\"sp-event-venue\" itemprop=\"location\" itemscope itemtype=\"http:\/\/schema.org\/Place\"><div itemprop=\"address\" itemscope itemtype=\"http:\/\/schema.org\/PostalAddress\">SUE - Cancha 1<\/div><\/div>\n\t\t\t\t\t\t\t\t\t\t\t\t\t\t\t\t\t\t\t\t\t\t\t\t\t\t\t\t\t\t<div style=\"display:none;\" class=\"sp-event-venue\" itemprop=\"location\" itemscope itemtype=\"http:\/\/schema.org\/Place\"><div itemprop=\"address\" itemscope itemtype=\"http:\/\/schema.org\/PostalAddress\">N\/D<\/div><\/div>\n\t\t\t\t\t\t\t\t\t\t\t\t\t\t<h4 class=\"sp-event-title\" itemprop=\"name\">\n\t\t\t\t\t\t\t\t<a href=\"https:\/\/esquerra.com.ar\/voleibol\/event\/2-zona-a-vs-1-zona-b-3\/\">PSM (Pto. San Martin, Santa Fe) vs Las Flores U18M (C\u00f3rdoba, Argentina)<\/a>\t\t\t\t\t\t\t<\/h4>\n\t\t\t\t\t\t\t\n\t\t\t\t\t\t<\/td>\n\t\t\t\t\t<\/tr>\n\t\t\t\t\t\t\t\t<\/tbody>\n\t\t<\/table>\n\t<\/div>\n\t<\/div>\n<\/div><br \/>\n<div class=\"sportspress\"><h4 class=\"sp-table-caption\">Partido FINAL<\/h4><div class=\"sp-template sp-template-event-blocks\">\n\t<div class=\"sp-table-wrapper\">\n\t\t<table class=\"sp-event-blocks sp-data-table\n\t\t\t\t\t sp-paginated-table\" data-sp-rows=\"99\">\n\t\t\t<thead><tr><th><\/th><\/tr><\/thead> \t\t\t<tbody>\n\t\t\t\t\t\t\t\t\t<tr class=\"sp-row sp-post alternate\" itemscope itemtype=\"http:\/\/schema.org\/SportsEvent\">\n\t\t\t\t\t\t<td>\n\t\t\t\t\t\t\t\t\t\t\t\t\t\t<span class=\"team-logo logo-odd\" title=\"Universitario U18M (Caleta Olivia, Argentina)\"><img decoding=\"async\" width=\"128\" height=\"128\" data-src=\"https:\/\/esquerra.com.ar\/voleibol\/wp-content\/uploads\/2024\/10\/Universitario-Caleta-Olivia-Argentina-128x128.png\" class=\"attachment-sportspress-fit-icon size-sportspress-fit-icon wp-post-image lazyload\" alt=\"\" src=\"data:image\/gif;base64,R0lGODlhAQABAAAAACH5BAEKAAEALAAAAAABAAEAAAICTAEAOw==\" style=\"--smush-placeholder-width: 128px; --smush-placeholder-aspect-ratio: 128\/128;\" \/><noscript><img decoding=\"async\" width=\"128\" height=\"128\" data-src=\"https:\/\/esquerra.com.ar\/voleibol\/wp-content\/uploads\/2024\/10\/Universitario-Caleta-Olivia-Argentina-128x128.png\" class=\"attachment-sportspress-fit-icon size-sportspress-fit-icon wp-post-image lazyload\" alt=\"\" src=\"data:image\/gif;base64,R0lGODlhAQABAAAAACH5BAEKAAEALAAAAAABAAEAAAICTAEAOw==\" style=\"--smush-placeholder-width: 128px; --smush-placeholder-aspect-ratio: 128\/128;\" \/><noscript><img decoding=\"async\" width=\"128\" height=\"128\" data-src=\"https:\/\/esquerra.com.ar\/voleibol\/wp-content\/uploads\/2024\/10\/Universitario-Caleta-Olivia-Argentina-128x128.png\" class=\"attachment-sportspress-fit-icon size-sportspress-fit-icon wp-post-image lazyload\" alt=\"\" src=\"data:image\/gif;base64,R0lGODlhAQABAAAAACH5BAEKAAEALAAAAAABAAEAAAICTAEAOw==\" style=\"--smush-placeholder-width: 128px; --smush-placeholder-aspect-ratio: 128\/128;\" \/><noscript><img decoding=\"async\" width=\"128\" height=\"128\" data-src=\"https:\/\/esquerra.com.ar\/voleibol\/wp-content\/uploads\/2024\/10\/Universitario-Caleta-Olivia-Argentina-128x128.png\" class=\"attachment-sportspress-fit-icon size-sportspress-fit-icon wp-post-image lazyload\" alt=\"\" src=\"data:image\/gif;base64,R0lGODlhAQABAAAAACH5BAEKAAEALAAAAAABAAEAAAICTAEAOw==\" style=\"--smush-placeholder-width: 128px; --smush-placeholder-aspect-ratio: 128\/128;\" \/><noscript><img decoding=\"async\" width=\"128\" height=\"128\" data-src=\"https:\/\/esquerra.com.ar\/voleibol\/wp-content\/uploads\/2024\/10\/Universitario-Caleta-Olivia-Argentina-128x128.png\" class=\"attachment-sportspress-fit-icon size-sportspress-fit-icon wp-post-image lazyload\" alt=\"\" src=\"data:image\/gif;base64,R0lGODlhAQABAAAAACH5BAEKAAEALAAAAAABAAEAAAICTAEAOw==\" style=\"--smush-placeholder-width: 128px; --smush-placeholder-aspect-ratio: 128\/128;\" \/><noscript><img decoding=\"async\" width=\"128\" height=\"128\" data-src=\"https:\/\/esquerra.com.ar\/voleibol\/wp-content\/uploads\/2024\/10\/Universitario-Caleta-Olivia-Argentina-128x128.png\" class=\"attachment-sportspress-fit-icon size-sportspress-fit-icon wp-post-image lazyload\" alt=\"\" src=\"data:image\/gif;base64,R0lGODlhAQABAAAAACH5BAEKAAEALAAAAAABAAEAAAICTAEAOw==\" style=\"--smush-placeholder-width: 128px; --smush-placeholder-aspect-ratio: 128\/128;\" \/><noscript><img decoding=\"async\" width=\"128\" height=\"128\" src=\"https:\/\/esquerra.com.ar\/voleibol\/wp-content\/uploads\/2024\/10\/Universitario-Caleta-Olivia-Argentina-128x128.png\" class=\"attachment-sportspress-fit-icon size-sportspress-fit-icon wp-post-image\" alt=\"\" \/><\/noscript><\/noscript><\/noscript><\/noscript><\/noscript><\/noscript><\/span> <span class=\"team-logo logo-even\" title=\"PSM (Pto. San Martin, Santa Fe)\"><img loading=\"lazy\" decoding=\"async\" width=\"128\" height=\"128\" data-src=\"https:\/\/esquerra.com.ar\/voleibol\/wp-content\/uploads\/2024\/10\/PSM-San-Martin-Argentina-128x128.png\" class=\"attachment-sportspress-fit-icon size-sportspress-fit-icon wp-post-image lazyload\" alt=\"\" src=\"data:image\/gif;base64,R0lGODlhAQABAAAAACH5BAEKAAEALAAAAAABAAEAAAICTAEAOw==\" style=\"--smush-placeholder-width: 128px; --smush-placeholder-aspect-ratio: 128\/128;\" \/><noscript><img loading=\"lazy\" decoding=\"async\" width=\"128\" height=\"128\" data-src=\"https:\/\/esquerra.com.ar\/voleibol\/wp-content\/uploads\/2024\/10\/PSM-San-Martin-Argentina-128x128.png\" class=\"attachment-sportspress-fit-icon size-sportspress-fit-icon wp-post-image lazyload\" alt=\"\" src=\"data:image\/gif;base64,R0lGODlhAQABAAAAACH5BAEKAAEALAAAAAABAAEAAAICTAEAOw==\" style=\"--smush-placeholder-width: 128px; --smush-placeholder-aspect-ratio: 128\/128;\" \/><noscript><img loading=\"lazy\" decoding=\"async\" width=\"128\" height=\"128\" data-src=\"https:\/\/esquerra.com.ar\/voleibol\/wp-content\/uploads\/2024\/10\/PSM-San-Martin-Argentina-128x128.png\" class=\"attachment-sportspress-fit-icon size-sportspress-fit-icon wp-post-image lazyload\" alt=\"\" src=\"data:image\/gif;base64,R0lGODlhAQABAAAAACH5BAEKAAEALAAAAAABAAEAAAICTAEAOw==\" style=\"--smush-placeholder-width: 128px; --smush-placeholder-aspect-ratio: 128\/128;\" \/><noscript><img loading=\"lazy\" decoding=\"async\" width=\"128\" height=\"128\" data-src=\"https:\/\/esquerra.com.ar\/voleibol\/wp-content\/uploads\/2024\/10\/PSM-San-Martin-Argentina-128x128.png\" class=\"attachment-sportspress-fit-icon size-sportspress-fit-icon wp-post-image lazyload\" alt=\"\" src=\"data:image\/gif;base64,R0lGODlhAQABAAAAACH5BAEKAAEALAAAAAABAAEAAAICTAEAOw==\" style=\"--smush-placeholder-width: 128px; --smush-placeholder-aspect-ratio: 128\/128;\" \/><noscript><img loading=\"lazy\" decoding=\"async\" width=\"128\" height=\"128\" data-src=\"https:\/\/esquerra.com.ar\/voleibol\/wp-content\/uploads\/2024\/10\/PSM-San-Martin-Argentina-128x128.png\" class=\"attachment-sportspress-fit-icon size-sportspress-fit-icon wp-post-image lazyload\" alt=\"\" src=\"data:image\/gif;base64,R0lGODlhAQABAAAAACH5BAEKAAEALAAAAAABAAEAAAICTAEAOw==\" style=\"--smush-placeholder-width: 128px; --smush-placeholder-aspect-ratio: 128\/128;\" \/><noscript><img loading=\"lazy\" decoding=\"async\" width=\"128\" height=\"128\" data-src=\"https:\/\/esquerra.com.ar\/voleibol\/wp-content\/uploads\/2024\/10\/PSM-San-Martin-Argentina-128x128.png\" class=\"attachment-sportspress-fit-icon size-sportspress-fit-icon wp-post-image lazyload\" alt=\"\" src=\"data:image\/gif;base64,R0lGODlhAQABAAAAACH5BAEKAAEALAAAAAABAAEAAAICTAEAOw==\" style=\"--smush-placeholder-width: 128px; --smush-placeholder-aspect-ratio: 128\/128;\" \/><noscript><img loading=\"lazy\" decoding=\"async\" width=\"128\" height=\"128\" src=\"https:\/\/esquerra.com.ar\/voleibol\/wp-content\/uploads\/2024\/10\/PSM-San-Martin-Argentina-128x128.png\" class=\"attachment-sportspress-fit-icon size-sportspress-fit-icon wp-post-image\" alt=\"\" \/><\/noscript><\/noscript><\/noscript><\/noscript><\/noscript><\/noscript><\/span>\t\t\t\t\t\t\t<time class=\"sp-event-date\" datetime=\"2024-11-03 15:00:25\" itemprop=\"startDate\" content=\"2024-11-03T15:00:25-03:00\">\n\t\t\t\t\t\t\t\t<a href=\"https:\/\/esquerra.com.ar\/voleibol\/event\/ganador-sf1-vs-ganador-sf2-5\/\">03\/11\/2024<\/a>\t\t\t\t\t\t\t<\/time>\n\t\t\t\t\t\t\t\t\t\t\t\t\t\t<h5 class=\"sp-event-results\">\n\t\t\t\t\t\t\t\t<a href=\"https:\/\/esquerra.com.ar\/voleibol\/event\/ganador-sf1-vs-ganador-sf2-5\/\"><span class=\"sp-result ok\">0<\/span> - <span class=\"sp-result\">2<\/span><\/a>\t\t\t\t\t\t\t<\/h5>\n\t\t\t\t\t\t\t\t\t\t\t\t\t\t\t\t\t\t\t\t\t\t<div class=\"sp-event-season\">U18M - Noviembre 2024 - COPA ORO FINAL<\/div>\n\t\t\t\t\t\t\t\t\t\t\t\t\t\t\t\t\t\t\t\t\t\t\t\t\t\t\t\t\t\t<div class=\"sp-event-venue\" itemprop=\"location\" itemscope itemtype=\"http:\/\/schema.org\/Place\"><div itemprop=\"address\" itemscope itemtype=\"http:\/\/schema.org\/PostalAddress\">SUE - Cancha 1<\/div><\/div>\n\t\t\t\t\t\t\t\t\t\t\t\t\t\t\t\t\t\t\t\t\t\t\t\t\t\t\t\t\t\t<div style=\"display:none;\" class=\"sp-event-venue\" itemprop=\"location\" itemscope itemtype=\"http:\/\/schema.org\/Place\"><div itemprop=\"address\" itemscope itemtype=\"http:\/\/schema.org\/PostalAddress\">N\/D<\/div><\/div>\n\t\t\t\t\t\t\t\t\t\t\t\t\t\t<h4 class=\"sp-event-title\" itemprop=\"name\">\n\t\t\t\t\t\t\t\t<a href=\"https:\/\/esquerra.com.ar\/voleibol\/event\/ganador-sf1-vs-ganador-sf2-5\/\">Universitario U18M (Caleta Olivia, Argentina) vs PSM (Pto. San Martin, Santa Fe)<\/a>\t\t\t\t\t\t\t<\/h4>\n\t\t\t\t\t\t\t\n\t\t\t\t\t\t<\/td>\n\t\t\t\t\t<\/tr>\n\t\t\t\t\t\t\t\t<\/tbody>\n\t\t<\/table>\n\t<\/div>\n\t<\/div>\n<\/div><\/p>\n<\/div><\/details><\/div>\n<\/div>\n\n\n\n<h2 class=\"wp-block-heading has-text-align-center has-roboto-font-family has-custom-font has-custom-weight has-custom-letterspacing\" style=\"font-family:Roboto;letter-spacing:-1px;font-weight:300;font-size:35px\">Mir\u00e1 la FINAL por YouTube&nbsp;\ud83d\udc47<\/h2>\n\n\n\n<figure class=\"wp-block-embed is-type-video is-provider-youtube wp-block-embed-youtube wp-embed-aspect-4-3 wp-has-aspect-ratio\"><div class=\"wp-block-embed__wrapper\">\n<div class=\"nv-iframe-embed\"><iframe title=\"Mundialito de Voley Esquerra 2024 - Final U18 Masculina\" width=\"1200\" height=\"675\" data-src=\"https:\/\/www.youtube.com\/embed\/90J2eF8Lhj8?feature=oembed\" frameborder=\"0\" allow=\"accelerometer; autoplay; clipboard-write; encrypted-media; gyroscope; picture-in-picture; web-share\" referrerpolicy=\"strict-origin-when-cross-origin\" allowfullscreen src=\"data:image\/gif;base64,R0lGODlhAQABAAAAACH5BAEKAAEALAAAAAABAAEAAAICTAEAOw==\" class=\"lazyload\" data-load-mode=\"1\"><\/iframe><\/div>\n<\/div><\/figure>\n\n\n<div class=\"wp-block-image\">\n<figure class=\"aligncenter size-large\"><img loading=\"lazy\" decoding=\"async\" width=\"1024\" height=\"1024\" data-src=\"https:\/\/esquerra.com.ar\/voleibol\/wp-content\/uploads\/2024\/11\/IMG-20241103-WA0082-1024x1024.jpg\" alt=\"\" class=\"wp-image-1420 lazyload\" data-srcset=\"https:\/\/esquerra.com.ar\/voleibol\/wp-content\/uploads\/2024\/11\/IMG-20241103-WA0082-1024x1024.jpg 1024w, https:\/\/esquerra.com.ar\/voleibol\/wp-content\/uploads\/2024\/11\/IMG-20241103-WA0082-300x300.jpg 300w, https:\/\/esquerra.com.ar\/voleibol\/wp-content\/uploads\/2024\/11\/IMG-20241103-WA0082-150x150.jpg 150w, https:\/\/esquerra.com.ar\/voleibol\/wp-content\/uploads\/2024\/11\/IMG-20241103-WA0082-768x768.jpg 768w, https:\/\/esquerra.com.ar\/voleibol\/wp-content\/uploads\/2024\/11\/IMG-20241103-WA0082-128x128.jpg 128w, https:\/\/esquerra.com.ar\/voleibol\/wp-content\/uploads\/2024\/11\/IMG-20241103-WA0082-32x32.jpg 32w, https:\/\/esquerra.com.ar\/voleibol\/wp-content\/uploads\/2024\/11\/IMG-20241103-WA0082.jpg 1080w\" data-sizes=\"(max-width: 1024px) 100vw, 1024px\" src=\"data:image\/gif;base64,R0lGODlhAQABAAAAACH5BAEKAAEALAAAAAABAAEAAAICTAEAOw==\" style=\"--smush-placeholder-width: 1024px; --smush-placeholder-aspect-ratio: 1024\/1024;\" \/><noscript><img loading=\"lazy\" decoding=\"async\" width=\"1024\" height=\"1024\" src=\"https:\/\/esquerra.com.ar\/voleibol\/wp-content\/uploads\/2024\/11\/IMG-20241103-WA0082-1024x1024.jpg\" alt=\"\" class=\"wp-image-1420\" srcset=\"https:\/\/esquerra.com.ar\/voleibol\/wp-content\/uploads\/2024\/11\/IMG-20241103-WA0082-1024x1024.jpg 1024w, https:\/\/esquerra.com.ar\/voleibol\/wp-content\/uploads\/2024\/11\/IMG-20241103-WA0082-300x300.jpg 300w, https:\/\/esquerra.com.ar\/voleibol\/wp-content\/uploads\/2024\/11\/IMG-20241103-WA0082-150x150.jpg 150w, https:\/\/esquerra.com.ar\/voleibol\/wp-content\/uploads\/2024\/11\/IMG-20241103-WA0082-768x768.jpg 768w, https:\/\/esquerra.com.ar\/voleibol\/wp-content\/uploads\/2024\/11\/IMG-20241103-WA0082-128x128.jpg 128w, https:\/\/esquerra.com.ar\/voleibol\/wp-content\/uploads\/2024\/11\/IMG-20241103-WA0082-32x32.jpg 32w, https:\/\/esquerra.com.ar\/voleibol\/wp-content\/uploads\/2024\/11\/IMG-20241103-WA0082.jpg 1080w\" sizes=\"(max-width: 1024px) 100vw, 1024px\" \/><\/noscript><\/figure>\n<\/div>","protected":false},"excerpt":{"rendered":"<p>Fase regular Definiciones Mir\u00e1 la FINAL por YouTube&nbsp;\ud83d\udc47<\/p>\n","protected":false},"author":2,"featured_media":0,"parent":469,"menu_order":0,"comment_status":"closed","ping_status":"closed","template":"","meta":{"_coblocks_attr":"","_coblocks_dimensions":"","_coblocks_responsive_height":"","_coblocks_accordion_ie_support":"","neve_meta_sidebar":"","neve_meta_container":"","neve_meta_enable_content_width":"","neve_meta_content_width":0,"neve_meta_title_alignment":"","neve_meta_author_avatar":"","neve_post_elements_order":"","neve_meta_disable_header":"","neve_meta_disable_footer":"","neve_meta_disable_title":"","footnotes":""},"class_list":["post-871","page","type-page","status-publish","hentry"],"_links":{"self":[{"href":"https:\/\/esquerra.com.ar\/voleibol\/wp-json\/wp\/v2\/pages\/871","targetHints":{"allow":["GET"]}}],"collection":[{"href":"https:\/\/esquerra.com.ar\/voleibol\/wp-json\/wp\/v2\/pages"}],"about":[{"href":"https:\/\/esquerra.com.ar\/voleibol\/wp-json\/wp\/v2\/types\/page"}],"author":[{"embeddable":true,"href":"https:\/\/esquerra.com.ar\/voleibol\/wp-json\/wp\/v2\/users\/2"}],"replies":[{"embeddable":true,"href":"https:\/\/esquerra.com.ar\/voleibol\/wp-json\/wp\/v2\/comments?post=871"}],"version-history":[{"count":7,"href":"https:\/\/esquerra.com.ar\/voleibol\/wp-json\/wp\/v2\/pages\/871\/revisions"}],"predecessor-version":[{"id":1422,"href":"https:\/\/esquerra.com.ar\/voleibol\/wp-json\/wp\/v2\/pages\/871\/revisions\/1422"}],"up":[{"embeddable":true,"href":"https:\/\/esquerra.com.ar\/voleibol\/wp-json\/wp\/v2\/pages\/469"}],"wp:attachment":[{"href":"https:\/\/esquerra.com.ar\/voleibol\/wp-json\/wp\/v2\/media?parent=871"}],"curies":[{"name":"wp","href":"https:\/\/api.w.org\/{rel}","templated":true}]}}