{"id":469,"date":"2024-03-14T22:11:25","date_gmt":"2024-03-15T01:11:25","guid":{"rendered":"https:\/\/esquerra.com.ar\/voleibol\/?page_id=469"},"modified":"2025-08-08T09:34:43","modified_gmt":"2025-08-08T12:34:43","slug":"mundialito-formativas-noviembre-2024","status":"publish","type":"page","link":"https:\/\/esquerra.com.ar\/voleibol\/mundialito-formativas-noviembre-2024\/","title":{"rendered":"Mundialito Formativas Noviembre 2024"},"content":{"rendered":"\t\t<div data-elementor-type=\"wp-page\" data-elementor-id=\"469\" class=\"elementor elementor-469\">\n\t\t\t\t<div class=\"elementor-element elementor-element-49691dc6 e-flex e-con-boxed e-con e-parent\" data-id=\"49691dc6\" data-element_type=\"container\" data-e-type=\"container\" data-settings=\"{&quot;background_background&quot;:&quot;classic&quot;}\">\n\t\t\t\t\t<div class=\"e-con-inner\">\n\t\t\t\t<div class=\"elementor-element elementor-element-7451580f elementor-hidden-tablet elementor-hidden-mobile elementor-widget elementor-widget-heading\" data-id=\"7451580f\" data-element_type=\"widget\" data-e-type=\"widget\" data-widget_type=\"heading.default\">\n\t\t\t\t<div class=\"elementor-widget-container\">\n\t\t\t\t\t<h2 class=\"elementor-heading-title elementor-size-default\">MUNDIALITO FORMATIVAS 1, 2 y 3 NOVIEMBRE 2024<\/h2>\t\t\t\t<\/div>\n\t\t\t\t<\/div>\n\t\t\t\t<div class=\"elementor-element elementor-element-57401fa7 elementor-hidden-desktop elementor-widget elementor-widget-heading\" data-id=\"57401fa7\" data-element_type=\"widget\" data-e-type=\"widget\" data-widget_type=\"heading.default\">\n\t\t\t\t<div class=\"elementor-widget-container\">\n\t\t\t\t\t<h3 class=\"elementor-heading-title elementor-size-default\">MUNDIALITO FORMATIVAS 1, 2 Y 3 NOVIEMBRE 2024<\/h3>\t\t\t\t<\/div>\n\t\t\t\t<\/div>\n\t\t\t\t\t<\/div>\n\t\t\t\t<\/div>\n\t\t<div class=\"elementor-element elementor-element-38b0c609 e-con-full e-flex e-con e-parent\" data-id=\"38b0c609\" data-element_type=\"container\" data-e-type=\"container\">\n\t\t\t\t<div class=\"elementor-element elementor-element-3be343dc elementor-widget elementor-widget-heading\" data-id=\"3be343dc\" data-element_type=\"widget\" data-e-type=\"widget\" data-widget_type=\"heading.default\">\n\t\t\t\t<div class=\"elementor-widget-container\">\n\t\t\t\t\t<h3 class=\"elementor-heading-title elementor-size-default\">EQUIPOS QUE PARTICIPAN<\/h3>\t\t\t\t<\/div>\n\t\t\t\t<\/div>\n\t\t\t\t<div class=\"elementor-element elementor-element-162169af elementor-arrows-position-inside elementor-pagination-position-outside elementor-widget elementor-widget-image-carousel\" data-id=\"162169af\" data-element_type=\"widget\" data-e-type=\"widget\" data-settings=\"{&quot;slides_to_show&quot;:&quot;6&quot;,&quot;slides_to_show_mobile&quot;:&quot;6&quot;,&quot;slides_to_scroll&quot;:&quot;6&quot;,&quot;slides_to_scroll_mobile&quot;:&quot;6&quot;,&quot;navigation&quot;:&quot;both&quot;,&quot;autoplay&quot;:&quot;yes&quot;,&quot;pause_on_hover&quot;:&quot;yes&quot;,&quot;pause_on_interaction&quot;:&quot;yes&quot;,&quot;autoplay_speed&quot;:5000,&quot;infinite&quot;:&quot;yes&quot;,&quot;speed&quot;:500}\" data-widget_type=\"image-carousel.default\">\n\t\t\t\t<div class=\"elementor-widget-container\">\n\t\t\t\t\t\t\t<div class=\"elementor-image-carousel-wrapper swiper\" role=\"region\" aria-roledescription=\"carousel\" aria-label=\"Carrusel de im\u00e1genes\" dir=\"ltr\">\n\t\t\t<div class=\"elementor-image-carousel swiper-wrapper\" aria-live=\"off\">\n\t\t\t\t\t\t\t\t<div class=\"swiper-slide\" role=\"group\" aria-roledescription=\"slide\" aria-label=\"1 de 25\"><figure class=\"swiper-slide-inner\"><img decoding=\"async\" class=\"swiper-slide-image lazyload\" data-src=\"https:\/\/esquerra.com.ar\/voleibol\/wp-content\/uploads\/elementor\/thumbs\/Esc.-Municipal-Lihuen-Caleta-Olivia-Argentina-qw4nghm4iijstz0hk0k3egk5aoghj0f417ha9dtluw.png\" alt=\"Esc. Municipal Lihuen (Caleta Olivia, Argentina)\" src=\"data:image\/gif;base64,R0lGODlhAQABAAAAACH5BAEKAAEALAAAAAABAAEAAAICTAEAOw==\" style=\"--smush-placeholder-width: 100px; --smush-placeholder-aspect-ratio: 100\/100;\" \/><noscript><img decoding=\"async\" class=\"swiper-slide-image\" src=\"https:\/\/esquerra.com.ar\/voleibol\/wp-content\/uploads\/elementor\/thumbs\/Esc.-Municipal-Lihuen-Caleta-Olivia-Argentina-qw4nghm4iijstz0hk0k3egk5aoghj0f417ha9dtluw.png\" alt=\"Esc. Municipal Lihuen (Caleta Olivia, Argentina)\" \/><\/noscript><\/figure><\/div><div class=\"swiper-slide\" role=\"group\" aria-roledescription=\"slide\" aria-label=\"2 de 25\"><figure class=\"swiper-slide-inner\"><img decoding=\"async\" class=\"swiper-slide-image lazyload\" data-src=\"https:\/\/esquerra.com.ar\/voleibol\/wp-content\/uploads\/elementor\/thumbs\/Supernova-Bogota-Colombia-qvbu5v33jjb6ed9e9gk8kqp13pi9j6s7wdceb23t9k.png\" alt=\"Supernova (Bogot\u00e1, Colombia)\" src=\"data:image\/gif;base64,R0lGODlhAQABAAAAACH5BAEKAAEALAAAAAABAAEAAAICTAEAOw==\" style=\"--smush-placeholder-width: 100px; --smush-placeholder-aspect-ratio: 100\/100;\" \/><noscript><img decoding=\"async\" class=\"swiper-slide-image\" src=\"https:\/\/esquerra.com.ar\/voleibol\/wp-content\/uploads\/elementor\/thumbs\/Supernova-Bogota-Colombia-qvbu5v33jjb6ed9e9gk8kqp13pi9j6s7wdceb23t9k.png\" alt=\"Supernova (Bogot\u00e1, Colombia)\" \/><\/noscript><\/figure><\/div><div class=\"swiper-slide\" role=\"group\" aria-roledescription=\"slide\" aria-label=\"3 de 25\"><figure class=\"swiper-slide-inner\"><img decoding=\"async\" class=\"swiper-slide-image lazyload\" data-src=\"https:\/\/esquerra.com.ar\/voleibol\/wp-content\/uploads\/elementor\/thumbs\/Real-Bucalemu-San-Felipe-Chile-qvbu55pgf0cfowa9dnlb7f3l2azcrczgsvqacl5fxk.png\" alt=\"Real Bucalem\u00fa (San Felipe, Chile)\" src=\"data:image\/gif;base64,R0lGODlhAQABAAAAACH5BAEKAAEALAAAAAABAAEAAAICTAEAOw==\" style=\"--smush-placeholder-width: 100px; --smush-placeholder-aspect-ratio: 100\/100;\" \/><noscript><img decoding=\"async\" class=\"swiper-slide-image\" src=\"https:\/\/esquerra.com.ar\/voleibol\/wp-content\/uploads\/elementor\/thumbs\/Real-Bucalemu-San-Felipe-Chile-qvbu55pgf0cfowa9dnlb7f3l2azcrczgsvqacl5fxk.png\" alt=\"Real Bucalem\u00fa (San Felipe, Chile)\" \/><\/noscript><\/figure><\/div><div class=\"swiper-slide\" role=\"group\" aria-roledescription=\"slide\" aria-label=\"4 de 25\"><figure class=\"swiper-slide-inner\"><img decoding=\"async\" class=\"swiper-slide-image lazyload\" data-src=\"https:\/\/esquerra.com.ar\/voleibol\/wp-content\/uploads\/elementor\/thumbs\/Carpinteros-del-Sur-V.-La-Angostura-Argentina-1-qw2t1byiqx8i4waw8faefuyrfm60e3owm2uc8z7qi0.png\" alt=\"Carpinteros del Sur (V. La Angostura, Argentina)\" src=\"data:image\/gif;base64,R0lGODlhAQABAAAAACH5BAEKAAEALAAAAAABAAEAAAICTAEAOw==\" style=\"--smush-placeholder-width: 100px; --smush-placeholder-aspect-ratio: 100\/100;\" \/><noscript><img decoding=\"async\" class=\"swiper-slide-image\" src=\"https:\/\/esquerra.com.ar\/voleibol\/wp-content\/uploads\/elementor\/thumbs\/Carpinteros-del-Sur-V.-La-Angostura-Argentina-1-qw2t1byiqx8i4waw8faefuyrfm60e3owm2uc8z7qi0.png\" alt=\"Carpinteros del Sur (V. La Angostura, Argentina)\" \/><\/noscript><\/figure><\/div><div class=\"swiper-slide\" role=\"group\" aria-roledescription=\"slide\" aria-label=\"5 de 25\"><figure class=\"swiper-slide-inner\"><img decoding=\"async\" class=\"swiper-slide-image lazyload\" data-src=\"https:\/\/esquerra.com.ar\/voleibol\/wp-content\/uploads\/elementor\/thumbs\/Sinergia-Pilar-Argentina-qvbu5cabqulfy60pb8fp6vft802x98pl5saopivoq0.png\" alt=\"Sinergia (Pilar, Argentina)\" src=\"data:image\/gif;base64,R0lGODlhAQABAAAAACH5BAEKAAEALAAAAAABAAEAAAICTAEAOw==\" style=\"--smush-placeholder-width: 100px; --smush-placeholder-aspect-ratio: 100\/100;\" \/><noscript><img decoding=\"async\" class=\"swiper-slide-image\" src=\"https:\/\/esquerra.com.ar\/voleibol\/wp-content\/uploads\/elementor\/thumbs\/Sinergia-Pilar-Argentina-qvbu5cabqulfy60pb8fp6vft802x98pl5saopivoq0.png\" alt=\"Sinergia (Pilar, Argentina)\" \/><\/noscript><\/figure><\/div><div class=\"swiper-slide\" role=\"group\" aria-roledescription=\"slide\" aria-label=\"6 de 25\"><figure class=\"swiper-slide-inner\"><img decoding=\"async\" class=\"swiper-slide-image lazyload\" data-src=\"https:\/\/esquerra.com.ar\/voleibol\/wp-content\/uploads\/elementor\/thumbs\/Sportivo-Isla-Verde-Isla-Verde-Argentina-qvbu5pg2ej3ggphl6e4h5s49jea2905tvlfhfec6aw.png\" alt=\"Sportivo Isla Verde (Isla Verde, Argentina)\" src=\"data:image\/gif;base64,R0lGODlhAQABAAAAACH5BAEKAAEALAAAAAABAAEAAAICTAEAOw==\" style=\"--smush-placeholder-width: 100px; --smush-placeholder-aspect-ratio: 100\/100;\" \/><noscript><img decoding=\"async\" class=\"swiper-slide-image\" src=\"https:\/\/esquerra.com.ar\/voleibol\/wp-content\/uploads\/elementor\/thumbs\/Sportivo-Isla-Verde-Isla-Verde-Argentina-qvbu5pg2ej3ggphl6e4h5s49jea2905tvlfhfec6aw.png\" alt=\"Sportivo Isla Verde (Isla Verde, Argentina)\" \/><\/noscript><\/figure><\/div><div class=\"swiper-slide\" role=\"group\" aria-roledescription=\"slide\" aria-label=\"7 de 25\"><figure class=\"swiper-slide-inner\"><img decoding=\"async\" class=\"swiper-slide-image lazyload\" data-src=\"https:\/\/esquerra.com.ar\/voleibol\/wp-content\/uploads\/elementor\/thumbs\/Nilsa-Voleibol-Santiago-Chile-qvbu4thjy5vphys0d0b5t06lcankzamyf78z3znk6g.png\" alt=\"Nilsa Voleibol (Santiago, Chile)\" src=\"data:image\/gif;base64,R0lGODlhAQABAAAAACH5BAEKAAEALAAAAAABAAEAAAICTAEAOw==\" style=\"--smush-placeholder-width: 100px; --smush-placeholder-aspect-ratio: 100\/100;\" \/><noscript><img decoding=\"async\" class=\"swiper-slide-image\" src=\"https:\/\/esquerra.com.ar\/voleibol\/wp-content\/uploads\/elementor\/thumbs\/Nilsa-Voleibol-Santiago-Chile-qvbu4thjy5vphys0d0b5t06lcankzamyf78z3znk6g.png\" alt=\"Nilsa Voleibol (Santiago, Chile)\" \/><\/noscript><\/figure><\/div><div class=\"swiper-slide\" role=\"group\" aria-roledescription=\"slide\" aria-label=\"8 de 25\"><figure class=\"swiper-slide-inner\"><img decoding=\"async\" class=\"swiper-slide-image lazyload\" data-src=\"https:\/\/esquerra.com.ar\/voleibol\/wp-content\/uploads\/elementor\/thumbs\/Union-Electrica-Cordoba-Argentina-qvwugknd46mgqwy1ecsg66c7cwioi2xok2njfgshrc.png\" alt=\"Uni\u00f3n El\u00e9ctrica (C\u00f3rdoba, Argentina)\" src=\"data:image\/gif;base64,R0lGODlhAQABAAAAACH5BAEKAAEALAAAAAABAAEAAAICTAEAOw==\" style=\"--smush-placeholder-width: 100px; --smush-placeholder-aspect-ratio: 100\/100;\" \/><noscript><img decoding=\"async\" class=\"swiper-slide-image\" src=\"https:\/\/esquerra.com.ar\/voleibol\/wp-content\/uploads\/elementor\/thumbs\/Union-Electrica-Cordoba-Argentina-qvwugknd46mgqwy1ecsg66c7cwioi2xok2njfgshrc.png\" alt=\"Uni\u00f3n El\u00e9ctrica (C\u00f3rdoba, Argentina)\" \/><\/noscript><\/figure><\/div><div class=\"swiper-slide\" role=\"group\" aria-roledescription=\"slide\" aria-label=\"9 de 25\"><figure class=\"swiper-slide-inner\"><img decoding=\"async\" class=\"swiper-slide-image lazyload\" data-src=\"https:\/\/esquerra.com.ar\/voleibol\/wp-content\/uploads\/elementor\/thumbs\/IMC-Voley-Rio-Tercero-qvewkq3e76lgfhjwv46037628zx6l9phe3vk5ujf1k.png\" alt=\"IMC Voley (Rio Tercero)\" src=\"data:image\/gif;base64,R0lGODlhAQABAAAAACH5BAEKAAEALAAAAAABAAEAAAICTAEAOw==\" style=\"--smush-placeholder-width: 100px; --smush-placeholder-aspect-ratio: 100\/100;\" \/><noscript><img decoding=\"async\" class=\"swiper-slide-image\" src=\"https:\/\/esquerra.com.ar\/voleibol\/wp-content\/uploads\/elementor\/thumbs\/IMC-Voley-Rio-Tercero-qvewkq3e76lgfhjwv46037628zx6l9phe3vk5ujf1k.png\" alt=\"IMC Voley (Rio Tercero)\" \/><\/noscript><\/figure><\/div><div class=\"swiper-slide\" role=\"group\" aria-roledescription=\"slide\" aria-label=\"10 de 25\"><figure class=\"swiper-slide-inner\"><img decoding=\"async\" class=\"swiper-slide-image lazyload\" data-src=\"https:\/\/esquerra.com.ar\/voleibol\/wp-content\/uploads\/elementor\/thumbs\/Universitario-Caleta-Olivia-Argentina-qvelc0ozn4l1nles26gojbpeomnwgr1z301hkylm20.png\" alt=\"Universitario (Caleta Olivia, Argentina)\" src=\"data:image\/gif;base64,R0lGODlhAQABAAAAACH5BAEKAAEALAAAAAABAAEAAAICTAEAOw==\" style=\"--smush-placeholder-width: 100px; --smush-placeholder-aspect-ratio: 100\/100;\" \/><noscript><img decoding=\"async\" class=\"swiper-slide-image\" src=\"https:\/\/esquerra.com.ar\/voleibol\/wp-content\/uploads\/elementor\/thumbs\/Universitario-Caleta-Olivia-Argentina-qvelc0ozn4l1nles26gojbpeomnwgr1z301hkylm20.png\" alt=\"Universitario (Caleta Olivia, Argentina)\" \/><\/noscript><\/figure><\/div><div class=\"swiper-slide\" role=\"group\" aria-roledescription=\"slide\" aria-label=\"11 de 25\"><figure class=\"swiper-slide-inner\"><img decoding=\"async\" class=\"swiper-slide-image lazyload\" data-src=\"https:\/\/esquerra.com.ar\/voleibol\/wp-content\/uploads\/elementor\/thumbs\/Villa-Azalais-Cordoba-Argentina-qvbu5xwm41f1d75aszs4a7zevv4d6a3ewrauqvzmqw.png\" alt=\"Villa Azalais (C\u00f3rdoba, Argentina)\" src=\"data:image\/gif;base64,R0lGODlhAQABAAAAACH5BAEKAAEALAAAAAABAAEAAAICTAEAOw==\" style=\"--smush-placeholder-width: 100px; --smush-placeholder-aspect-ratio: 100\/100;\" \/><noscript><img decoding=\"async\" class=\"swiper-slide-image\" src=\"https:\/\/esquerra.com.ar\/voleibol\/wp-content\/uploads\/elementor\/thumbs\/Villa-Azalais-Cordoba-Argentina-qvbu5xwm41f1d75aszs4a7zevv4d6a3ewrauqvzmqw.png\" alt=\"Villa Azalais (C\u00f3rdoba, Argentina)\" \/><\/noscript><\/figure><\/div><div class=\"swiper-slide\" role=\"group\" aria-roledescription=\"slide\" aria-label=\"12 de 25\"><figure class=\"swiper-slide-inner\"><img decoding=\"async\" class=\"swiper-slide-image lazyload\" data-src=\"https:\/\/esquerra.com.ar\/voleibol\/wp-content\/uploads\/elementor\/thumbs\/Alianza-Voley-Lima-Peru-qvbu49qxyn4oq5kok9rzun5wv7cvhnglchjs16gtt4.png\" alt=\"Alianza Voley (Lima, Per\u00fa)\" src=\"data:image\/gif;base64,R0lGODlhAQABAAAAACH5BAEKAAEALAAAAAABAAEAAAICTAEAOw==\" style=\"--smush-placeholder-width: 100px; --smush-placeholder-aspect-ratio: 100\/100;\" \/><noscript><img decoding=\"async\" class=\"swiper-slide-image\" src=\"https:\/\/esquerra.com.ar\/voleibol\/wp-content\/uploads\/elementor\/thumbs\/Alianza-Voley-Lima-Peru-qvbu49qxyn4oq5kok9rzun5wv7cvhnglchjs16gtt4.png\" alt=\"Alianza Voley (Lima, Per\u00fa)\" \/><\/noscript><\/figure><\/div><div class=\"swiper-slide\" role=\"group\" aria-roledescription=\"slide\" aria-label=\"13 de 25\"><figure class=\"swiper-slide-inner\"><img decoding=\"async\" class=\"swiper-slide-image lazyload\" data-src=\"https:\/\/esquerra.com.ar\/voleibol\/wp-content\/uploads\/elementor\/thumbs\/El-Fortin-La-Matanza-Argentina-qvbu4i7ho5g9mn8e6vfmz3127o76exe6dnf5co4a94.png\" alt=\"El Fort\u00edn (La Matanza, Argentina)\" src=\"data:image\/gif;base64,R0lGODlhAQABAAAAACH5BAEKAAEALAAAAAABAAEAAAICTAEAOw==\" style=\"--smush-placeholder-width: 100px; --smush-placeholder-aspect-ratio: 100\/100;\" \/><noscript><img decoding=\"async\" class=\"swiper-slide-image\" src=\"https:\/\/esquerra.com.ar\/voleibol\/wp-content\/uploads\/elementor\/thumbs\/El-Fortin-La-Matanza-Argentina-qvbu4i7ho5g9mn8e6vfmz3127o76exe6dnf5co4a94.png\" alt=\"El Fort\u00edn (La Matanza, Argentina)\" \/><\/noscript><\/figure><\/div><div class=\"swiper-slide\" role=\"group\" aria-roledescription=\"slide\" aria-label=\"14 de 25\"><figure class=\"swiper-slide-inner\"><img decoding=\"async\" class=\"swiper-slide-image lazyload\" data-src=\"https:\/\/esquerra.com.ar\/voleibol\/wp-content\/uploads\/elementor\/thumbs\/Mutual-Catamarca-Argentina-qvbu4pq76tqk7ixgyyonj14qyr644i812on16vt4vc.png\" alt=\"Mutual (Catamarca, Argentina)\" src=\"data:image\/gif;base64,R0lGODlhAQABAAAAACH5BAEKAAEALAAAAAABAAEAAAICTAEAOw==\" style=\"--smush-placeholder-width: 100px; --smush-placeholder-aspect-ratio: 100\/100;\" \/><noscript><img decoding=\"async\" class=\"swiper-slide-image\" src=\"https:\/\/esquerra.com.ar\/voleibol\/wp-content\/uploads\/elementor\/thumbs\/Mutual-Catamarca-Argentina-qvbu4pq76tqk7ixgyyonj14qyr644i812on16vt4vc.png\" alt=\"Mutual (Catamarca, Argentina)\" \/><\/noscript><\/figure><\/div><div class=\"swiper-slide\" role=\"group\" aria-roledescription=\"slide\" aria-label=\"15 de 25\"><figure class=\"swiper-slide-inner\"><img decoding=\"async\" class=\"swiper-slide-image lazyload\" data-src=\"https:\/\/esquerra.com.ar\/voleibol\/wp-content\/uploads\/elementor\/thumbs\/AEP-Ushuaia-Argentina-qvbu4362msvogvu8moxlv6topi9azrqgzkzdo8ql0o.png\" alt=\"AEP (Ushuaia, Argentina)\" src=\"data:image\/gif;base64,R0lGODlhAQABAAAAACH5BAEKAAEALAAAAAABAAEAAAICTAEAOw==\" style=\"--smush-placeholder-width: 100px; --smush-placeholder-aspect-ratio: 100\/100;\" \/><noscript><img decoding=\"async\" class=\"swiper-slide-image\" src=\"https:\/\/esquerra.com.ar\/voleibol\/wp-content\/uploads\/elementor\/thumbs\/AEP-Ushuaia-Argentina-qvbu4362msvogvu8moxlv6topi9azrqgzkzdo8ql0o.png\" alt=\"AEP (Ushuaia, Argentina)\" \/><\/noscript><\/figure><\/div><div class=\"swiper-slide\" role=\"group\" aria-roledescription=\"slide\" aria-label=\"16 de 25\"><figure class=\"swiper-slide-inner\"><img decoding=\"async\" class=\"swiper-slide-image lazyload\" data-src=\"https:\/\/esquerra.com.ar\/voleibol\/wp-content\/uploads\/elementor\/thumbs\/Independencia-Star-Formosa-Argentina-qvbu4mwombmp8p1kffgrtjud6lk0hewu2aokr1xbe0.png\" alt=\"Independencia Star (Formosa, Argentina)\" src=\"data:image\/gif;base64,R0lGODlhAQABAAAAACH5BAEKAAEALAAAAAABAAEAAAICTAEAOw==\" style=\"--smush-placeholder-width: 100px; --smush-placeholder-aspect-ratio: 100\/100;\" \/><noscript><img decoding=\"async\" class=\"swiper-slide-image\" src=\"https:\/\/esquerra.com.ar\/voleibol\/wp-content\/uploads\/elementor\/thumbs\/Independencia-Star-Formosa-Argentina-qvbu4mwombmp8p1kffgrtjud6lk0hewu2aokr1xbe0.png\" alt=\"Independencia Star (Formosa, Argentina)\" \/><\/noscript><\/figure><\/div><div class=\"swiper-slide\" role=\"group\" aria-roledescription=\"slide\" aria-label=\"17 de 25\"><figure class=\"swiper-slide-inner\"><img decoding=\"async\" class=\"swiper-slide-image lazyload\" data-src=\"https:\/\/esquerra.com.ar\/voleibol\/wp-content\/uploads\/elementor\/thumbs\/San-Martin-Marcos-Juarez-Argentina-qvbu59gt6chkzc4srp7the5ffugtm5ee5ec89ozv8o.png\" alt=\"San Mart\u00edn (Marcos Ju\u00e1rez, Argentina)\" src=\"data:image\/gif;base64,R0lGODlhAQABAAAAACH5BAEKAAEALAAAAAABAAEAAAICTAEAOw==\" style=\"--smush-placeholder-width: 100px; --smush-placeholder-aspect-ratio: 100\/100;\" \/><noscript><img decoding=\"async\" class=\"swiper-slide-image\" src=\"https:\/\/esquerra.com.ar\/voleibol\/wp-content\/uploads\/elementor\/thumbs\/San-Martin-Marcos-Juarez-Argentina-qvbu59gt6chkzc4srp7the5ffugtm5ee5ec89ozv8o.png\" alt=\"San Mart\u00edn (Marcos Ju\u00e1rez, Argentina)\" \/><\/noscript><\/figure><\/div><div class=\"swiper-slide\" role=\"group\" aria-roledescription=\"slide\" aria-label=\"18 de 25\"><figure class=\"swiper-slide-inner\"><img decoding=\"async\" class=\"swiper-slide-image lazyload\" data-src=\"https:\/\/esquerra.com.ar\/voleibol\/wp-content\/uploads\/elementor\/thumbs\/PSM-San-Martin-Argentina-qvbu5109gu602uh353k6cyaa3dmiovgt48guy7ceso.png\" alt=\"PSM (San Mart\u00edn, Argentina)\" src=\"data:image\/gif;base64,R0lGODlhAQABAAAAACH5BAEKAAEALAAAAAABAAEAAAICTAEAOw==\" style=\"--smush-placeholder-width: 100px; --smush-placeholder-aspect-ratio: 100\/100;\" \/><noscript><img decoding=\"async\" class=\"swiper-slide-image\" src=\"https:\/\/esquerra.com.ar\/voleibol\/wp-content\/uploads\/elementor\/thumbs\/PSM-San-Martin-Argentina-qvbu5109gu602uh353k6cyaa3dmiovgt48guy7ceso.png\" alt=\"PSM (San Mart\u00edn, Argentina)\" \/><\/noscript><\/figure><\/div><div class=\"swiper-slide\" role=\"group\" aria-roledescription=\"slide\" aria-label=\"19 de 25\"><figure class=\"swiper-slide-inner\"><img decoding=\"async\" class=\"swiper-slide-image lazyload\" data-src=\"https:\/\/esquerra.com.ar\/voleibol\/wp-content\/uploads\/elementor\/thumbs\/Sportivo-9-de-Julio-Rio-Tercero-Codoba-qvbu5mmju0zlhvlomuwlgatvr8nylwumv7h0zkgctk.png\" alt=\"Sportivo 9 de Julio (Rio Tercero, C\u00f3doba)\" src=\"data:image\/gif;base64,R0lGODlhAQABAAAAACH5BAEKAAEALAAAAAABAAEAAAICTAEAOw==\" style=\"--smush-placeholder-width: 100px; --smush-placeholder-aspect-ratio: 100\/100;\" \/><noscript><img decoding=\"async\" class=\"swiper-slide-image\" src=\"https:\/\/esquerra.com.ar\/voleibol\/wp-content\/uploads\/elementor\/thumbs\/Sportivo-9-de-Julio-Rio-Tercero-Codoba-qvbu5mmju0zlhvlomuwlgatvr8nylwumv7h0zkgctk.png\" alt=\"Sportivo 9 de Julio (Rio Tercero, C\u00f3doba)\" \/><\/noscript><\/figure><\/div><div class=\"swiper-slide\" role=\"group\" aria-roledescription=\"slide\" aria-label=\"20 de 25\"><figure class=\"swiper-slide-inner\"><img decoding=\"async\" class=\"swiper-slide-image lazyload\" data-src=\"https:\/\/esquerra.com.ar\/voleibol\/wp-content\/uploads\/elementor\/thumbs\/Racing-Cordoba-Argentina-qvbu53ts1c9v1oczoms22fknvj8mbys04mfbe188a0.png\" alt=\"Racing (C\u00f3rdoba, Argentina)\" src=\"data:image\/gif;base64,R0lGODlhAQABAAAAACH5BAEKAAEALAAAAAABAAEAAAICTAEAOw==\" style=\"--smush-placeholder-width: 100px; --smush-placeholder-aspect-ratio: 100\/100;\" \/><noscript><img decoding=\"async\" class=\"swiper-slide-image\" src=\"https:\/\/esquerra.com.ar\/voleibol\/wp-content\/uploads\/elementor\/thumbs\/Racing-Cordoba-Argentina-qvbu53ts1c9v1oczoms22fknvj8mbys04mfbe188a0.png\" alt=\"Racing (C\u00f3rdoba, Argentina)\" \/><\/noscript><\/figure><\/div><div class=\"swiper-slide\" role=\"group\" aria-roledescription=\"slide\" aria-label=\"21 de 25\"><figure class=\"swiper-slide-inner\"><img decoding=\"async\" class=\"swiper-slide-image lazyload\" data-src=\"https:\/\/esquerra.com.ar\/voleibol\/wp-content\/uploads\/elementor\/thumbs\/Agraria-Colonia-Caroya-Argentina-qvbu45zl7azjfpq5685hko42hnvemv1nzyxu42mei0.png\" alt=\"Agraria (Colonia Caroya, Argentina)\" src=\"data:image\/gif;base64,R0lGODlhAQABAAAAACH5BAEKAAEALAAAAAABAAEAAAICTAEAOw==\" style=\"--smush-placeholder-width: 100px; --smush-placeholder-aspect-ratio: 100\/100;\" \/><noscript><img decoding=\"async\" class=\"swiper-slide-image\" src=\"https:\/\/esquerra.com.ar\/voleibol\/wp-content\/uploads\/elementor\/thumbs\/Agraria-Colonia-Caroya-Argentina-qvbu45zl7azjfpq5685hko42hnvemv1nzyxu42mei0.png\" alt=\"Agraria (Colonia Caroya, Argentina)\" \/><\/noscript><\/figure><\/div><div class=\"swiper-slide\" role=\"group\" aria-roledescription=\"slide\" aria-label=\"22 de 25\"><figure class=\"swiper-slide-inner\"><img decoding=\"async\" class=\"swiper-slide-image lazyload\" data-src=\"https:\/\/esquerra.com.ar\/voleibol\/wp-content\/uploads\/elementor\/thumbs\/Atenas-Cordoba-Argentina-qvbu4ckgj58jozgl3szvk4gancyz4qrscvi8h0cnag.png\" alt=\"Atenas (C\u00f3rdoba, Argentina)\" src=\"data:image\/gif;base64,R0lGODlhAQABAAAAACH5BAEKAAEALAAAAAABAAEAAAICTAEAOw==\" style=\"--smush-placeholder-width: 100px; --smush-placeholder-aspect-ratio: 100\/100;\" \/><noscript><img decoding=\"async\" class=\"swiper-slide-image\" src=\"https:\/\/esquerra.com.ar\/voleibol\/wp-content\/uploads\/elementor\/thumbs\/Atenas-Cordoba-Argentina-qvbu4ckgj58jozgl3szvk4gancyz4qrscvi8h0cnag.png\" alt=\"Atenas (C\u00f3rdoba, Argentina)\" \/><\/noscript><\/figure><\/div><div class=\"swiper-slide\" role=\"group\" aria-roledescription=\"slide\" aria-label=\"23 de 25\"><figure class=\"swiper-slide-inner\"><img decoding=\"async\" class=\"swiper-slide-image lazyload\" data-src=\"https:\/\/esquerra.com.ar\/voleibol\/wp-content\/uploads\/elementor\/thumbs\/Poeta-Lugones-Voley-Cordoba-Argentina-qw4uzenibhez3xhnl4d223ex0p502fxzy4jdsg4oh4.png\" alt=\"Poeta Lugones Voley (C\u00f3rdoba, Argentina)\" src=\"data:image\/gif;base64,R0lGODlhAQABAAAAACH5BAEKAAEALAAAAAABAAEAAAICTAEAOw==\" style=\"--smush-placeholder-width: 100px; --smush-placeholder-aspect-ratio: 100\/100;\" \/><noscript><img decoding=\"async\" class=\"swiper-slide-image\" src=\"https:\/\/esquerra.com.ar\/voleibol\/wp-content\/uploads\/elementor\/thumbs\/Poeta-Lugones-Voley-Cordoba-Argentina-qw4uzenibhez3xhnl4d223ex0p502fxzy4jdsg4oh4.png\" alt=\"Poeta Lugones Voley (C\u00f3rdoba, Argentina)\" \/><\/noscript><\/figure><\/div><div class=\"swiper-slide\" role=\"group\" aria-roledescription=\"slide\" aria-label=\"24 de 25\"><figure class=\"swiper-slide-inner\"><img decoding=\"async\" class=\"swiper-slide-image lazyload\" data-src=\"https:\/\/esquerra.com.ar\/voleibol\/wp-content\/uploads\/elementor\/thumbs\/CSD-La-Calera-La-Calera-Argentina-qw8t0puqhf5ius4cfvlyi9o3cga1v8fnynzmm0km3s.png\" alt=\"CSD La Calera (La Calera, Argentina)\" src=\"data:image\/gif;base64,R0lGODlhAQABAAAAACH5BAEKAAEALAAAAAABAAEAAAICTAEAOw==\" style=\"--smush-placeholder-width: 100px; --smush-placeholder-aspect-ratio: 100\/100;\" \/><noscript><img decoding=\"async\" class=\"swiper-slide-image\" src=\"https:\/\/esquerra.com.ar\/voleibol\/wp-content\/uploads\/elementor\/thumbs\/CSD-La-Calera-La-Calera-Argentina-qw8t0puqhf5ius4cfvlyi9o3cga1v8fnynzmm0km3s.png\" alt=\"CSD La Calera (La Calera, Argentina)\" \/><\/noscript><\/figure><\/div><div class=\"swiper-slide\" role=\"group\" aria-roledescription=\"slide\" aria-label=\"25 de 25\"><figure class=\"swiper-slide-inner\"><img decoding=\"async\" class=\"swiper-slide-image lazyload\" data-src=\"https:\/\/esquerra.com.ar\/voleibol\/wp-content\/uploads\/elementor\/thumbs\/Las-Flores-Cordoba-Argentina-qwbmvuh7np6bvretziispdqf6fgwwnoih9m29la8yw.png\" alt=\"Las Flores (C\u00f3rdoba, Argentina)\" src=\"data:image\/gif;base64,R0lGODlhAQABAAAAACH5BAEKAAEALAAAAAABAAEAAAICTAEAOw==\" style=\"--smush-placeholder-width: 100px; --smush-placeholder-aspect-ratio: 100\/100;\" \/><noscript><img decoding=\"async\" class=\"swiper-slide-image\" src=\"https:\/\/esquerra.com.ar\/voleibol\/wp-content\/uploads\/elementor\/thumbs\/Las-Flores-Cordoba-Argentina-qwbmvuh7np6bvretziispdqf6fgwwnoih9m29la8yw.png\" alt=\"Las Flores (C\u00f3rdoba, Argentina)\" \/><\/noscript><\/figure><\/div>\t\t\t<\/div>\n\t\t\t\t\t\t\t\t\t\t\t\t<div class=\"elementor-swiper-button elementor-swiper-button-prev\" role=\"button\" tabindex=\"0\">\n\t\t\t\t\t\t<svg aria-hidden=\"true\" class=\"e-font-icon-svg e-eicon-chevron-left\" viewBox=\"0 0 1000 1000\" xmlns=\"http:\/\/www.w3.org\/2000\/svg\"><path d=\"M646 125C629 125 613 133 604 142L308 442C296 454 292 471 292 487 292 504 296 521 308 533L604 854C617 867 629 875 646 875 663 875 679 871 692 858 704 846 713 829 713 812 713 796 708 779 692 767L438 487 692 225C700 217 708 204 708 187 708 171 704 154 692 142 675 129 663 125 646 125Z\"><\/path><\/svg>\t\t\t\t\t<\/div>\n\t\t\t\t\t<div class=\"elementor-swiper-button elementor-swiper-button-next\" role=\"button\" tabindex=\"0\">\n\t\t\t\t\t\t<svg aria-hidden=\"true\" class=\"e-font-icon-svg e-eicon-chevron-right\" viewBox=\"0 0 1000 1000\" xmlns=\"http:\/\/www.w3.org\/2000\/svg\"><path d=\"M696 533C708 521 713 504 713 487 713 471 708 454 696 446L400 146C388 133 375 125 354 125 338 125 325 129 313 142 300 154 292 171 292 187 292 204 296 221 308 233L563 492 304 771C292 783 288 800 288 817 288 833 296 850 308 863 321 871 338 875 354 875 371 875 388 867 400 854L696 533Z\"><\/path><\/svg>\t\t\t\t\t<\/div>\n\t\t\t\t\n\t\t\t\t\t\t\t\t\t<div class=\"swiper-pagination\"><\/div>\n\t\t\t\t\t\t\t\t\t<\/div>\n\t\t\t\t\t\t<\/div>\n\t\t\t\t<\/div>\n\t\t\t\t<\/div>\n\t\t<div class=\"elementor-element elementor-element-32e26c6c e-flex e-con-boxed e-con e-parent\" data-id=\"32e26c6c\" data-element_type=\"container\" data-e-type=\"container\">\n\t\t\t\t\t<div class=\"e-con-inner\">\n\t\t<div class=\"elementor-element elementor-element-16f8a1be e-con-full e-flex e-con e-child\" data-id=\"16f8a1be\" data-element_type=\"container\" data-e-type=\"container\">\n\t\t\t\t<div class=\"elementor-element elementor-element-4874131f content-align--mobilecta-center content-align-cta-center elementor-widget elementor-widget-eael-cta-box\" data-id=\"4874131f\" data-element_type=\"widget\" data-e-type=\"widget\" data-settings=\"{&quot;_animation&quot;:&quot;none&quot;}\" data-widget_type=\"eael-cta-box.default\">\n\t\t\t\t<div class=\"elementor-widget-container\">\n\t\t\t\t\t\t\t<div class=\"eael-call-to-action cta-basic bg-img cta-preset-1\">\n        <h2 class=\"title eael-cta-heading\">U12 FEMENINO<\/h2><a href=\"https:\/\/esquerra.com.ar\/voleibol\/u12f-noviembre-2024\/\" class=\"cta-button cta-preset-1  \">ver mas<\/a>\t<\/div>\n\t\t\t\t\t\t\t\t<\/div>\n\t\t\t\t<\/div>\n\t\t\t\t<div class=\"elementor-element elementor-element-16517cf content-align--mobilecta-center content-align-cta-center elementor-widget elementor-widget-eael-cta-box\" data-id=\"16517cf\" data-element_type=\"widget\" data-e-type=\"widget\" data-settings=\"{&quot;_animation&quot;:&quot;none&quot;}\" data-widget_type=\"eael-cta-box.default\">\n\t\t\t\t<div class=\"elementor-widget-container\">\n\t\t\t\t\t\t\t<div class=\"eael-call-to-action cta-basic bg-img cta-preset-1\">\n        <h2 class=\"title eael-cta-heading\">U14 FEMENINO<\/h2><a href=\"https:\/\/esquerra.com.ar\/voleibol\/u14-femenino-noviembre24\/\" class=\"cta-button cta-preset-1  \">ver mas<\/a>\t<\/div>\n\t\t\t\t\t\t\t\t<\/div>\n\t\t\t\t<\/div>\n\t\t\t\t<div class=\"elementor-element elementor-element-52864780 content-align--mobilecta-center content-align-cta-center elementor-widget elementor-widget-eael-cta-box\" data-id=\"52864780\" data-element_type=\"widget\" data-e-type=\"widget\" data-settings=\"{&quot;_animation&quot;:&quot;none&quot;}\" data-widget_type=\"eael-cta-box.default\">\n\t\t\t\t<div class=\"elementor-widget-container\">\n\t\t\t\t\t\t\t<div class=\"eael-call-to-action cta-basic bg-img cta-preset-1\">\n        <h2 class=\"title eael-cta-heading\">U16 FEMENINO<\/h2><a href=\"https:\/\/esquerra.com.ar\/voleibol\/u16f-noviembre-2024\/\" class=\"cta-button cta-preset-1  \">ver mas<\/a>\t<\/div>\n\t\t\t\t\t\t\t\t<\/div>\n\t\t\t\t<\/div>\n\t\t\t\t<\/div>\n\t\t<div class=\"elementor-element elementor-element-403b4eb0 e-con-full e-flex e-con e-child\" data-id=\"403b4eb0\" data-element_type=\"container\" data-e-type=\"container\">\n\t\t\t\t<div class=\"elementor-element elementor-element-3469179a content-align--mobilecta-center content-align-cta-center elementor-widget elementor-widget-eael-cta-box\" data-id=\"3469179a\" data-element_type=\"widget\" data-e-type=\"widget\" data-widget_type=\"eael-cta-box.default\">\n\t\t\t\t<div class=\"elementor-widget-container\">\n\t\t\t\t\t\t\t<div class=\"eael-call-to-action cta-basic bg-img cta-preset-1\">\n        <h2 class=\"title eael-cta-heading\">U18 FEMENINO<\/h2><a href=\"https:\/\/esquerra.com.ar\/voleibol\/u18f-noviembre-2024\/\" class=\"cta-button cta-preset-1  \">ver mas<\/a>\t<\/div>\n\t\t\t\t\t\t\t\t<\/div>\n\t\t\t\t<\/div>\n\t\t\t\t<div class=\"elementor-element elementor-element-15cff7a2 content-align--mobilecta-center content-align-cta-center elementor-widget elementor-widget-eael-cta-box\" data-id=\"15cff7a2\" data-element_type=\"widget\" data-e-type=\"widget\" data-widget_type=\"eael-cta-box.default\">\n\t\t\t\t<div class=\"elementor-widget-container\">\n\t\t\t\t\t\t\t<div class=\"eael-call-to-action cta-basic bg-img cta-preset-1\">\n        <h2 class=\"title eael-cta-heading\">U14 MASCULINO<\/h2><a href=\"https:\/\/esquerra.com.ar\/voleibol\/u14m-noviembre-2024\/\" class=\"cta-button cta-preset-1  \">ver mas<\/a>\t<\/div>\n\t\t\t\t\t\t\t\t<\/div>\n\t\t\t\t<\/div>\n\t\t\t\t<div class=\"elementor-element elementor-element-1832fe70 content-align--mobilecta-center content-align-cta-center elementor-widget elementor-widget-eael-cta-box\" data-id=\"1832fe70\" data-element_type=\"widget\" data-e-type=\"widget\" data-widget_type=\"eael-cta-box.default\">\n\t\t\t\t<div class=\"elementor-widget-container\">\n\t\t\t\t\t\t\t<div class=\"eael-call-to-action cta-basic bg-img cta-preset-1\">\n        <h2 class=\"title eael-cta-heading\">U18 MASCULINO<\/h2><a href=\"https:\/\/esquerra.com.ar\/voleibol\/u18m-noviembre-2024\/\" class=\"cta-button cta-preset-1  \">ver mas<\/a>\t<\/div>\n\t\t\t\t\t\t\t\t<\/div>\n\t\t\t\t<\/div>\n\t\t\t\t<\/div>\n\t\t\t\t\t<\/div>\n\t\t\t\t<\/div>\n\t\t<div class=\"elementor-element elementor-element-7f03c28b e-con-full e-flex e-con e-child\" data-id=\"7f03c28b\" data-element_type=\"container\" data-e-type=\"container\">\n\t\t\t\t<div class=\"elementor-element elementor-element-4ec7acf4 elementor-invisible elementor-widget elementor-widget-heading\" data-id=\"4ec7acf4\" data-element_type=\"widget\" data-e-type=\"widget\" data-settings=\"{&quot;_animation&quot;:&quot;bounceIn&quot;,&quot;_animation_mobile&quot;:&quot;bounceIn&quot;}\" data-widget_type=\"heading.default\">\n\t\t\t\t<div class=\"elementor-widget-container\">\n\t\t\t\t\t<h3 class=\"elementor-heading-title elementor-size-default\">Toda la cobertura period\u00edstica del Mundialito <img decoding=\"async\" role=\"img\" class=\"emoji lazyload\" alt=\"\ud83d\udc47\" data-src=\"https:\/\/s.w.org\/images\/core\/emoji\/15.0.3\/svg\/1f447.svg\" src=\"data:image\/gif;base64,R0lGODlhAQABAAAAACH5BAEKAAEALAAAAAABAAEAAAICTAEAOw==\"><noscript><img decoding=\"async\" role=\"img\" class=\"emoji\" alt=\"\ud83d\udc47\" src=\"https:\/\/s.w.org\/images\/core\/emoji\/15.0.3\/svg\/1f447.svg\"><\/noscript><\/h3>\t\t\t\t<\/div>\n\t\t\t\t<\/div>\n\t\t\t\t<\/div>\n\t\t<div class=\"elementor-element elementor-element-30b52d97 e-flex e-con-boxed e-con e-parent\" data-id=\"30b52d97\" data-element_type=\"container\" data-e-type=\"container\" data-settings=\"{&quot;background_background&quot;:&quot;classic&quot;}\">\n\t\t\t\t\t<div class=\"e-con-inner\">\n\t\t\t\t<div class=\"elementor-element elementor-element-b2b1c99 elementor-widget elementor-widget-spacer\" data-id=\"b2b1c99\" data-element_type=\"widget\" data-e-type=\"widget\" data-widget_type=\"spacer.default\">\n\t\t\t\t<div class=\"elementor-widget-container\">\n\t\t\t\t\t\t\t<div class=\"elementor-spacer\">\n\t\t\t<div class=\"elementor-spacer-inner\"><\/div>\n\t\t<\/div>\n\t\t\t\t\t\t<\/div>\n\t\t\t\t<\/div>\n\t\t\t\t<div class=\"elementor-element elementor-element-4ac06992 elementor-widget elementor-widget-heading\" data-id=\"4ac06992\" data-element_type=\"widget\" data-e-type=\"widget\" data-widget_type=\"heading.default\">\n\t\t\t\t<div class=\"elementor-widget-container\">\n\t\t\t\t\t<h3 class=\"elementor-heading-title elementor-size-default\">LEE TODAS LAS NOTICIAS<br>DEL MUNDIALITO<\/h3>\t\t\t\t<\/div>\n\t\t\t\t<\/div>\n\t\t\t\t<div class=\"elementor-element elementor-element-167bae53 elementor-widget elementor-widget-button\" data-id=\"167bae53\" data-element_type=\"widget\" data-e-type=\"widget\" data-widget_type=\"button.default\">\n\t\t\t\t<div class=\"elementor-widget-container\">\n\t\t\t\t\t\t\t\t\t<div class=\"elementor-button-wrapper\">\n\t\t\t\t\t<a class=\"elementor-button elementor-button-link elementor-size-sm\" href=\"https:\/\/esquerra.com.ar\/voleibol\/noticias-mundialito-noviembre-2024\/\">\n\t\t\t\t\t\t<span class=\"elementor-button-content-wrapper\">\n\t\t\t\t\t\t<span class=\"elementor-button-icon\">\n\t\t\t\t<svg aria-hidden=\"true\" class=\"e-font-icon-svg e-fas-arrow-alt-circle-right\" viewBox=\"0 0 512 512\" xmlns=\"http:\/\/www.w3.org\/2000\/svg\"><path d=\"M256 8c137 0 248 111 248 248S393 504 256 504 8 393 8 256 119 8 256 8zM140 300h116v70.9c0 10.7 13 16.1 20.5 8.5l114.3-114.9c4.7-4.7 4.7-12.2 0-16.9l-114.3-115c-7.6-7.6-20.5-2.2-20.5 8.5V212H140c-6.6 0-12 5.4-12 12v64c0 6.6 5.4 12 12 12z\"><\/path><\/svg>\t\t\t<\/span>\n\t\t\t\t\t\t\t\t\t<span class=\"elementor-button-text\">INGRESA AQU\u00cd<\/span>\n\t\t\t\t\t<\/span>\n\t\t\t\t\t<\/a>\n\t\t\t\t<\/div>\n\t\t\t\t\t\t\t\t<\/div>\n\t\t\t\t<\/div>\n\t\t\t\t\t<\/div>\n\t\t\t\t<\/div>\n\t\t\t\t<\/div>\n\t\t","protected":false},"excerpt":{"rendered":"<p>MUNDIALITO FORMATIVAS 1, 2 y 3 NOVIEMBRE 2024 MUNDIALITO FORMATIVAS 1, 2 Y 3 NOVIEMBRE 2024 EQUIPOS QUE PARTICIPAN U12 FEMENINO ver mas U14 FEMENINO ver mas U16 FEMENINO ver mas U18 FEMENINO ver mas U14 MASCULINO ver mas U18 MASCULINO ver mas Toda la cobertura period\u00edstica del Mundialito LEE TODAS LAS NOTICIASDEL MUNDIALITO INGRESA&hellip;&nbsp;<a href=\"https:\/\/esquerra.com.ar\/voleibol\/mundialito-formativas-noviembre-2024\/\" rel=\"bookmark\">Leer m\u00e1s &raquo;<span class=\"screen-reader-text\">Mundialito Formativas Noviembre 2024<\/span><\/a><\/p>\n","protected":false},"author":2,"featured_media":1298,"parent":0,"menu_order":0,"comment_status":"closed","ping_status":"closed","template":"page-templates\/template-pagebuilder-full-width.php","meta":{"_coblocks_attr":"","_coblocks_dimensions":"","_coblocks_responsive_height":"","_coblocks_accordion_ie_support":"","neve_meta_sidebar":"","neve_meta_container":"","neve_meta_enable_content_width":"","neve_meta_content_width":0,"neve_meta_title_alignment":"","neve_meta_author_avatar":"","neve_post_elements_order":"","neve_meta_disable_header":"","neve_meta_disable_footer":"","neve_meta_disable_title":"","footnotes":""},"class_list":["post-469","page","type-page","status-publish","has-post-thumbnail","hentry"],"_links":{"self":[{"href":"https:\/\/esquerra.com.ar\/voleibol\/wp-json\/wp\/v2\/pages\/469","targetHints":{"allow":["GET"]}}],"collection":[{"href":"https:\/\/esquerra.com.ar\/voleibol\/wp-json\/wp\/v2\/pages"}],"about":[{"href":"https:\/\/esquerra.com.ar\/voleibol\/wp-json\/wp\/v2\/types\/page"}],"author":[{"embeddable":true,"href":"https:\/\/esquerra.com.ar\/voleibol\/wp-json\/wp\/v2\/users\/2"}],"replies":[{"embeddable":true,"href":"https:\/\/esquerra.com.ar\/voleibol\/wp-json\/wp\/v2\/comments?post=469"}],"version-history":[{"count":92,"href":"https:\/\/esquerra.com.ar\/voleibol\/wp-json\/wp\/v2\/pages\/469\/revisions"}],"predecessor-version":[{"id":1470,"href":"https:\/\/esquerra.com.ar\/voleibol\/wp-json\/wp\/v2\/pages\/469\/revisions\/1470"}],"wp:featuredmedia":[{"embeddable":true,"href":"https:\/\/esquerra.com.ar\/voleibol\/wp-json\/wp\/v2\/media\/1298"}],"wp:attachment":[{"href":"https:\/\/esquerra.com.ar\/voleibol\/wp-json\/wp\/v2\/media?parent=469"}],"curies":[{"name":"wp","href":"https:\/\/api.w.org\/{rel}","templated":true}]}}