{"id":1983,"date":"2025-11-11T17:28:49","date_gmt":"2025-11-11T20:28:49","guid":{"rendered":"https:\/\/esquerra.com.ar\/voleibol\/?page_id=1983"},"modified":"2025-12-03T09:49:15","modified_gmt":"2025-12-03T12:49:15","slug":"u16f-noviembre-2025","status":"publish","type":"page","link":"https:\/\/esquerra.com.ar\/voleibol\/mundialito-formativas-noviembre-2025\/u16f-noviembre-2025\/","title":{"rendered":"U16F &#8211; Noviembre 2025"},"content":{"rendered":"\n<h2 class=\"wp-block-heading has-text-align-center has-roboto-font-family has-custom-font has-custom-weight has-custom-letterspacing\" style=\"font-family:Roboto;letter-spacing:-1px;font-weight:300;font-size:35px\">Fase regular<\/h2>\n\n\n\n<div class=\"wp-block-coblocks-accordion\">\n<div class=\"wp-block-coblocks-accordion-item has-custom-font has-custom-weight has-custom-transform\" style=\"font-family:Montserrat;font-weight:400;text-transform:uppercase\"><details><summary class=\"wp-block-coblocks-accordion-item__title has-background has-text-color has-nv-site-bg-color\" style=\"background-color:#002f68\">FORMA DE DISPUTA<\/summary><div class=\"wp-block-coblocks-accordion-item__content\" style=\"border-color:#002f68\">\n<ul class=\"wp-block-list\">\n<li>16 Equipos divididos en 4 zonas de 4 equipos (A, B, C y D)<\/li>\n\n\n\n<li>Juegan todos contra todos por zona (viernes y s\u00e1bado)<\/li>\n\n\n\n<li>En caso de empate de posiciones se resuelve de la siguiente forma:<\/li>\n\n\n\n<li>&nbsp;&nbsp;&nbsp;1\u00ba) Resultado de partidos entre ambos equipos.<\/li>\n\n\n\n<li><strong>&nbsp;&nbsp;<\/strong>2\u00ba) Coeficiente de sets <strong>(se obtiene de dividir el n\u00famero sets ganados por el n\u00famero de sets perdidos).<\/strong><\/li>\n\n\n\n<li>&nbsp;&nbsp;3\u00ba) Coeficiente de tantos <strong>(se obtiene de dividir el total de tantos anotados por el total de tantos recibidos).<\/strong><\/li>\n\n\n\n<li>&nbsp;&nbsp;4\u00ba) Sorteo.<\/li>\n<\/ul>\n\n\n\n<p><strong>Finalizada la fase regular (d\u00eda DOMINGO):<\/strong><\/p>\n\n\n\n<ul class=\"wp-block-list\">\n<li>Los primeros de cada zona clasifican a COPA ORO y jugar\u00e1n SEMIFINALES ORO (1\u00b0 Zona A vs 1\u00b0 Zona B y 1\u00b0 Zona C vs 1\u00b0 Zona D). Los ganadores de las SF ORO jugar\u00e1n la FINAL ORO.&nbsp; Los perdedores por el tercer puesto.<\/li>\n\n\n\n<li>Segundos de cada zona clasifican a COPA PLATA y jugar\u00e1n SEMIFINALES PLATA (2\u00b0 Zona A vs 2\u00b0 Zona B y 2\u00b0 Zona C vs 2\u00b0 Zona D). Los ganadores de las SF PLATA jugar\u00e1n la FINAL PLATA.&nbsp; Los perdedores por el tercer puesto.<\/li>\n\n\n\n<li>Terceros de cada zona clasifican a COPA BRONCE y jugar\u00e1n SEMIFINALES BRONCE (3\u00b0 Zona A vs 3\u00b0 Zona B y 3\u00b0 Zona C vs 3\u00b0 Zona D). Los ganadores de las SF BRONCE&nbsp; jugar\u00e1n la FINAL BRONCE.&nbsp; Los perdedores por el tercer puesto.<\/li>\n\n\n\n<li>Cuartos de cada zona clasifican a COPA CRISTAL y jugar\u00e1n SEMIFINALES CRISTAL (4\u00b0 Zona A vs 4\u00b0 Zona B y 4\u00b0 Zona C vs 4\u00b0 Zona D). Los ganadores de las SF CRISTAL&nbsp; jugar\u00e1n la FINAL CRISTAL.&nbsp; Los perdedores&nbsp; por el tercer puesto.<\/li>\n<\/ul>\n<\/div><\/details><\/div>\n\n\n\n<div class=\"wp-block-coblocks-accordion-item has-custom-font has-custom-weight has-custom-transform\" style=\"font-family:Montserrat;font-weight:400;text-transform:uppercase\"><details><summary class=\"wp-block-coblocks-accordion-item__title has-background has-text-color has-nv-site-bg-color\" style=\"background-color:#002f68\">ZONA Y POSICIONES<\/summary><div class=\"wp-block-coblocks-accordion-item__content\" style=\"border-color:#002f68\"><p><div class=\"sportspress\"><div class=\"sp-template sp-template-league-table\">\n\t<h4 class=\"sp-table-caption\">ZONA A<\/h4><div class=\"sp-table-wrapper\"><table class=\"sp-league-table sp-league-table-1935 sp-data-table sp-sortable-table sp-responsive-table table_69ef2614675fe sp-scrollable-table sp-paginated-table\" data-sp-rows=\"30\"><thead><tr><th class=\"data-rank\">Pos<\/th><th class=\"data-name\">Equipo<\/th><th class=\"data-pts\">Pts<\/th><th class=\"data-j\">J<\/th><th class=\"data-g\">G<\/th><th class=\"data-p\">P<\/th><\/tr><\/thead><tbody><tr class=\"odd sp-row-no-0\"><td class=\"data-rank\" data-label=\"Pos\">1<\/td><td class=\"data-name has-logo\" data-label=\"Equipo\"><span class=\"team-logo\"><img decoding=\"async\" width=\"128\" height=\"128\" data-src=\"https:\/\/esquerra.com.ar\/voleibol\/wp-content\/uploads\/2025\/11\/Centro-Asturiano-CABA-Argentina-128x128.png\" class=\"attachment-sportspress-fit-icon size-sportspress-fit-icon wp-post-image lazyload\" alt=\"\" src=\"data:image\/gif;base64,R0lGODlhAQABAAAAACH5BAEKAAEALAAAAAABAAEAAAICTAEAOw==\" style=\"--smush-placeholder-width: 128px; --smush-placeholder-aspect-ratio: 128\/128;\" \/><noscript><img decoding=\"async\" width=\"128\" height=\"128\" data-src=\"https:\/\/esquerra.com.ar\/voleibol\/wp-content\/uploads\/2025\/11\/Centro-Asturiano-CABA-Argentina-128x128.png\" class=\"attachment-sportspress-fit-icon size-sportspress-fit-icon wp-post-image lazyload\" alt=\"\" src=\"data:image\/gif;base64,R0lGODlhAQABAAAAACH5BAEKAAEALAAAAAABAAEAAAICTAEAOw==\" style=\"--smush-placeholder-width: 128px; --smush-placeholder-aspect-ratio: 128\/128;\" \/><noscript><img decoding=\"async\" width=\"128\" height=\"128\" data-src=\"https:\/\/esquerra.com.ar\/voleibol\/wp-content\/uploads\/2025\/11\/Centro-Asturiano-CABA-Argentina-128x128.png\" class=\"attachment-sportspress-fit-icon size-sportspress-fit-icon wp-post-image lazyload\" alt=\"\" src=\"data:image\/gif;base64,R0lGODlhAQABAAAAACH5BAEKAAEALAAAAAABAAEAAAICTAEAOw==\" style=\"--smush-placeholder-width: 128px; --smush-placeholder-aspect-ratio: 128\/128;\" \/><noscript><img decoding=\"async\" width=\"128\" height=\"128\" data-src=\"https:\/\/esquerra.com.ar\/voleibol\/wp-content\/uploads\/2025\/11\/Centro-Asturiano-CABA-Argentina-128x128.png\" class=\"attachment-sportspress-fit-icon size-sportspress-fit-icon wp-post-image lazyload\" alt=\"\" src=\"data:image\/gif;base64,R0lGODlhAQABAAAAACH5BAEKAAEALAAAAAABAAEAAAICTAEAOw==\" style=\"--smush-placeholder-width: 128px; --smush-placeholder-aspect-ratio: 128\/128;\" \/><noscript><img decoding=\"async\" width=\"128\" height=\"128\" data-src=\"https:\/\/esquerra.com.ar\/voleibol\/wp-content\/uploads\/2025\/11\/Centro-Asturiano-CABA-Argentina-128x128.png\" class=\"attachment-sportspress-fit-icon size-sportspress-fit-icon wp-post-image lazyload\" alt=\"\" src=\"data:image\/gif;base64,R0lGODlhAQABAAAAACH5BAEKAAEALAAAAAABAAEAAAICTAEAOw==\" style=\"--smush-placeholder-width: 128px; --smush-placeholder-aspect-ratio: 128\/128;\" \/><noscript><img decoding=\"async\" width=\"128\" height=\"128\" data-src=\"https:\/\/esquerra.com.ar\/voleibol\/wp-content\/uploads\/2025\/11\/Centro-Asturiano-CABA-Argentina-128x128.png\" class=\"attachment-sportspress-fit-icon size-sportspress-fit-icon wp-post-image lazyload\" alt=\"\" src=\"data:image\/gif;base64,R0lGODlhAQABAAAAACH5BAEKAAEALAAAAAABAAEAAAICTAEAOw==\" style=\"--smush-placeholder-width: 128px; --smush-placeholder-aspect-ratio: 128\/128;\" \/><noscript><img decoding=\"async\" width=\"128\" height=\"128\" data-src=\"https:\/\/esquerra.com.ar\/voleibol\/wp-content\/uploads\/2025\/11\/Centro-Asturiano-CABA-Argentina-128x128.png\" class=\"attachment-sportspress-fit-icon size-sportspress-fit-icon wp-post-image lazyload\" alt=\"\" src=\"data:image\/gif;base64,R0lGODlhAQABAAAAACH5BAEKAAEALAAAAAABAAEAAAICTAEAOw==\" style=\"--smush-placeholder-width: 128px; --smush-placeholder-aspect-ratio: 128\/128;\" \/><noscript><img decoding=\"async\" width=\"128\" height=\"128\" data-src=\"https:\/\/esquerra.com.ar\/voleibol\/wp-content\/uploads\/2025\/11\/Centro-Asturiano-CABA-Argentina-128x128.png\" class=\"attachment-sportspress-fit-icon size-sportspress-fit-icon wp-post-image lazyload\" alt=\"\" src=\"data:image\/gif;base64,R0lGODlhAQABAAAAACH5BAEKAAEALAAAAAABAAEAAAICTAEAOw==\" style=\"--smush-placeholder-width: 128px; --smush-placeholder-aspect-ratio: 128\/128;\" \/><noscript><img decoding=\"async\" width=\"128\" height=\"128\" data-src=\"https:\/\/esquerra.com.ar\/voleibol\/wp-content\/uploads\/2025\/11\/Centro-Asturiano-CABA-Argentina-128x128.png\" class=\"attachment-sportspress-fit-icon size-sportspress-fit-icon wp-post-image lazyload\" alt=\"\" src=\"data:image\/gif;base64,R0lGODlhAQABAAAAACH5BAEKAAEALAAAAAABAAEAAAICTAEAOw==\" style=\"--smush-placeholder-width: 128px; --smush-placeholder-aspect-ratio: 128\/128;\" \/><noscript><img decoding=\"async\" width=\"128\" height=\"128\" data-src=\"https:\/\/esquerra.com.ar\/voleibol\/wp-content\/uploads\/2025\/11\/Centro-Asturiano-CABA-Argentina-128x128.png\" class=\"attachment-sportspress-fit-icon size-sportspress-fit-icon wp-post-image lazyload\" alt=\"\" src=\"data:image\/gif;base64,R0lGODlhAQABAAAAACH5BAEKAAEALAAAAAABAAEAAAICTAEAOw==\" style=\"--smush-placeholder-width: 128px; --smush-placeholder-aspect-ratio: 128\/128;\" \/><noscript><img decoding=\"async\" width=\"128\" height=\"128\" data-src=\"https:\/\/esquerra.com.ar\/voleibol\/wp-content\/uploads\/2025\/11\/Centro-Asturiano-CABA-Argentina-128x128.png\" class=\"attachment-sportspress-fit-icon size-sportspress-fit-icon wp-post-image lazyload\" alt=\"\" src=\"data:image\/gif;base64,R0lGODlhAQABAAAAACH5BAEKAAEALAAAAAABAAEAAAICTAEAOw==\" style=\"--smush-placeholder-width: 128px; --smush-placeholder-aspect-ratio: 128\/128;\" \/><noscript><img decoding=\"async\" width=\"128\" height=\"128\" data-src=\"https:\/\/esquerra.com.ar\/voleibol\/wp-content\/uploads\/2025\/11\/Centro-Asturiano-CABA-Argentina-128x128.png\" class=\"attachment-sportspress-fit-icon size-sportspress-fit-icon wp-post-image lazyload\" alt=\"\" src=\"data:image\/gif;base64,R0lGODlhAQABAAAAACH5BAEKAAEALAAAAAABAAEAAAICTAEAOw==\" style=\"--smush-placeholder-width: 128px; --smush-placeholder-aspect-ratio: 128\/128;\" \/><noscript><img decoding=\"async\" width=\"128\" height=\"128\" src=\"https:\/\/esquerra.com.ar\/voleibol\/wp-content\/uploads\/2025\/11\/Centro-Asturiano-CABA-Argentina-128x128.png\" class=\"attachment-sportspress-fit-icon size-sportspress-fit-icon wp-post-image\" alt=\"\" \/><\/noscript><\/noscript><\/noscript><\/noscript><\/noscript><\/noscript><\/noscript><\/noscript><\/noscript><\/noscript><\/noscript><\/noscript><\/span>Centro Asturiano (A) (Vicente L\u00f3pez, Argentina)<\/td><td class=\"data-pts\" data-label=\"Pts\">9<\/td><td class=\"data-j\" data-label=\"J\">3<\/td><td class=\"data-g\" data-label=\"G\">3<\/td><td class=\"data-p\" data-label=\"P\">0<\/td><\/tr><tr class=\"even sp-row-no-1\"><td class=\"data-rank\" data-label=\"Pos\">2<\/td><td class=\"data-name has-logo\" data-label=\"Equipo\"><span class=\"team-logo\"><img decoding=\"async\" width=\"128\" height=\"128\" data-src=\"https:\/\/esquerra.com.ar\/voleibol\/wp-content\/uploads\/2025\/11\/Mamba-Lima-Peru-128x128.png\" class=\"attachment-sportspress-fit-icon size-sportspress-fit-icon wp-post-image lazyload\" alt=\"\" src=\"data:image\/gif;base64,R0lGODlhAQABAAAAACH5BAEKAAEALAAAAAABAAEAAAICTAEAOw==\" style=\"--smush-placeholder-width: 128px; --smush-placeholder-aspect-ratio: 128\/128;\" \/><noscript><img decoding=\"async\" width=\"128\" height=\"128\" data-src=\"https:\/\/esquerra.com.ar\/voleibol\/wp-content\/uploads\/2025\/11\/Mamba-Lima-Peru-128x128.png\" class=\"attachment-sportspress-fit-icon size-sportspress-fit-icon wp-post-image lazyload\" alt=\"\" src=\"data:image\/gif;base64,R0lGODlhAQABAAAAACH5BAEKAAEALAAAAAABAAEAAAICTAEAOw==\" style=\"--smush-placeholder-width: 128px; --smush-placeholder-aspect-ratio: 128\/128;\" \/><noscript><img decoding=\"async\" width=\"128\" height=\"128\" data-src=\"https:\/\/esquerra.com.ar\/voleibol\/wp-content\/uploads\/2025\/11\/Mamba-Lima-Peru-128x128.png\" class=\"attachment-sportspress-fit-icon size-sportspress-fit-icon wp-post-image lazyload\" alt=\"\" src=\"data:image\/gif;base64,R0lGODlhAQABAAAAACH5BAEKAAEALAAAAAABAAEAAAICTAEAOw==\" style=\"--smush-placeholder-width: 128px; --smush-placeholder-aspect-ratio: 128\/128;\" \/><noscript><img decoding=\"async\" width=\"128\" height=\"128\" data-src=\"https:\/\/esquerra.com.ar\/voleibol\/wp-content\/uploads\/2025\/11\/Mamba-Lima-Peru-128x128.png\" class=\"attachment-sportspress-fit-icon size-sportspress-fit-icon wp-post-image lazyload\" alt=\"\" src=\"data:image\/gif;base64,R0lGODlhAQABAAAAACH5BAEKAAEALAAAAAABAAEAAAICTAEAOw==\" style=\"--smush-placeholder-width: 128px; --smush-placeholder-aspect-ratio: 128\/128;\" \/><noscript><img decoding=\"async\" width=\"128\" height=\"128\" data-src=\"https:\/\/esquerra.com.ar\/voleibol\/wp-content\/uploads\/2025\/11\/Mamba-Lima-Peru-128x128.png\" class=\"attachment-sportspress-fit-icon size-sportspress-fit-icon wp-post-image lazyload\" alt=\"\" src=\"data:image\/gif;base64,R0lGODlhAQABAAAAACH5BAEKAAEALAAAAAABAAEAAAICTAEAOw==\" style=\"--smush-placeholder-width: 128px; --smush-placeholder-aspect-ratio: 128\/128;\" \/><noscript><img decoding=\"async\" width=\"128\" height=\"128\" data-src=\"https:\/\/esquerra.com.ar\/voleibol\/wp-content\/uploads\/2025\/11\/Mamba-Lima-Peru-128x128.png\" class=\"attachment-sportspress-fit-icon size-sportspress-fit-icon wp-post-image lazyload\" alt=\"\" src=\"data:image\/gif;base64,R0lGODlhAQABAAAAACH5BAEKAAEALAAAAAABAAEAAAICTAEAOw==\" style=\"--smush-placeholder-width: 128px; --smush-placeholder-aspect-ratio: 128\/128;\" \/><noscript><img decoding=\"async\" width=\"128\" height=\"128\" data-src=\"https:\/\/esquerra.com.ar\/voleibol\/wp-content\/uploads\/2025\/11\/Mamba-Lima-Peru-128x128.png\" class=\"attachment-sportspress-fit-icon size-sportspress-fit-icon wp-post-image lazyload\" alt=\"\" src=\"data:image\/gif;base64,R0lGODlhAQABAAAAACH5BAEKAAEALAAAAAABAAEAAAICTAEAOw==\" style=\"--smush-placeholder-width: 128px; --smush-placeholder-aspect-ratio: 128\/128;\" \/><noscript><img decoding=\"async\" width=\"128\" height=\"128\" data-src=\"https:\/\/esquerra.com.ar\/voleibol\/wp-content\/uploads\/2025\/11\/Mamba-Lima-Peru-128x128.png\" class=\"attachment-sportspress-fit-icon size-sportspress-fit-icon wp-post-image lazyload\" alt=\"\" src=\"data:image\/gif;base64,R0lGODlhAQABAAAAACH5BAEKAAEALAAAAAABAAEAAAICTAEAOw==\" style=\"--smush-placeholder-width: 128px; --smush-placeholder-aspect-ratio: 128\/128;\" \/><noscript><img decoding=\"async\" width=\"128\" height=\"128\" data-src=\"https:\/\/esquerra.com.ar\/voleibol\/wp-content\/uploads\/2025\/11\/Mamba-Lima-Peru-128x128.png\" class=\"attachment-sportspress-fit-icon size-sportspress-fit-icon wp-post-image lazyload\" alt=\"\" src=\"data:image\/gif;base64,R0lGODlhAQABAAAAACH5BAEKAAEALAAAAAABAAEAAAICTAEAOw==\" style=\"--smush-placeholder-width: 128px; --smush-placeholder-aspect-ratio: 128\/128;\" \/><noscript><img decoding=\"async\" width=\"128\" height=\"128\" data-src=\"https:\/\/esquerra.com.ar\/voleibol\/wp-content\/uploads\/2025\/11\/Mamba-Lima-Peru-128x128.png\" class=\"attachment-sportspress-fit-icon size-sportspress-fit-icon wp-post-image lazyload\" alt=\"\" src=\"data:image\/gif;base64,R0lGODlhAQABAAAAACH5BAEKAAEALAAAAAABAAEAAAICTAEAOw==\" style=\"--smush-placeholder-width: 128px; --smush-placeholder-aspect-ratio: 128\/128;\" \/><noscript><img decoding=\"async\" width=\"128\" height=\"128\" data-src=\"https:\/\/esquerra.com.ar\/voleibol\/wp-content\/uploads\/2025\/11\/Mamba-Lima-Peru-128x128.png\" class=\"attachment-sportspress-fit-icon size-sportspress-fit-icon wp-post-image lazyload\" alt=\"\" src=\"data:image\/gif;base64,R0lGODlhAQABAAAAACH5BAEKAAEALAAAAAABAAEAAAICTAEAOw==\" style=\"--smush-placeholder-width: 128px; --smush-placeholder-aspect-ratio: 128\/128;\" \/><noscript><img decoding=\"async\" width=\"128\" height=\"128\" data-src=\"https:\/\/esquerra.com.ar\/voleibol\/wp-content\/uploads\/2025\/11\/Mamba-Lima-Peru-128x128.png\" class=\"attachment-sportspress-fit-icon size-sportspress-fit-icon wp-post-image lazyload\" alt=\"\" src=\"data:image\/gif;base64,R0lGODlhAQABAAAAACH5BAEKAAEALAAAAAABAAEAAAICTAEAOw==\" style=\"--smush-placeholder-width: 128px; --smush-placeholder-aspect-ratio: 128\/128;\" \/><noscript><img decoding=\"async\" width=\"128\" height=\"128\" src=\"https:\/\/esquerra.com.ar\/voleibol\/wp-content\/uploads\/2025\/11\/Mamba-Lima-Peru-128x128.png\" class=\"attachment-sportspress-fit-icon size-sportspress-fit-icon wp-post-image\" alt=\"\" \/><\/noscript><\/noscript><\/noscript><\/noscript><\/noscript><\/noscript><\/noscript><\/noscript><\/noscript><\/noscript><\/noscript><\/noscript><\/span>Mamba (A) (Lima, Per\u00fa)<\/td><td class=\"data-pts\" data-label=\"Pts\">7<\/td><td class=\"data-j\" data-label=\"J\">3<\/td><td class=\"data-g\" data-label=\"G\">2<\/td><td class=\"data-p\" data-label=\"P\">1<\/td><\/tr><tr class=\"odd sp-row-no-2\"><td class=\"data-rank\" data-label=\"Pos\">3<\/td><td class=\"data-name has-logo\" data-label=\"Equipo\"><span class=\"team-logo\"><img decoding=\"async\" width=\"128\" height=\"128\" data-src=\"https:\/\/esquerra.com.ar\/voleibol\/wp-content\/uploads\/2025\/11\/Demhan-School-San-Bernardo-Chile-128x128.png\" class=\"attachment-sportspress-fit-icon size-sportspress-fit-icon wp-post-image lazyload\" alt=\"\" src=\"data:image\/gif;base64,R0lGODlhAQABAAAAACH5BAEKAAEALAAAAAABAAEAAAICTAEAOw==\" style=\"--smush-placeholder-width: 128px; --smush-placeholder-aspect-ratio: 128\/128;\" \/><noscript><img decoding=\"async\" width=\"128\" height=\"128\" data-src=\"https:\/\/esquerra.com.ar\/voleibol\/wp-content\/uploads\/2025\/11\/Demhan-School-San-Bernardo-Chile-128x128.png\" class=\"attachment-sportspress-fit-icon size-sportspress-fit-icon wp-post-image lazyload\" alt=\"\" src=\"data:image\/gif;base64,R0lGODlhAQABAAAAACH5BAEKAAEALAAAAAABAAEAAAICTAEAOw==\" style=\"--smush-placeholder-width: 128px; --smush-placeholder-aspect-ratio: 128\/128;\" \/><noscript><img decoding=\"async\" width=\"128\" height=\"128\" data-src=\"https:\/\/esquerra.com.ar\/voleibol\/wp-content\/uploads\/2025\/11\/Demhan-School-San-Bernardo-Chile-128x128.png\" class=\"attachment-sportspress-fit-icon size-sportspress-fit-icon wp-post-image lazyload\" alt=\"\" src=\"data:image\/gif;base64,R0lGODlhAQABAAAAACH5BAEKAAEALAAAAAABAAEAAAICTAEAOw==\" style=\"--smush-placeholder-width: 128px; --smush-placeholder-aspect-ratio: 128\/128;\" \/><noscript><img decoding=\"async\" width=\"128\" height=\"128\" data-src=\"https:\/\/esquerra.com.ar\/voleibol\/wp-content\/uploads\/2025\/11\/Demhan-School-San-Bernardo-Chile-128x128.png\" class=\"attachment-sportspress-fit-icon size-sportspress-fit-icon wp-post-image lazyload\" alt=\"\" src=\"data:image\/gif;base64,R0lGODlhAQABAAAAACH5BAEKAAEALAAAAAABAAEAAAICTAEAOw==\" style=\"--smush-placeholder-width: 128px; --smush-placeholder-aspect-ratio: 128\/128;\" \/><noscript><img decoding=\"async\" width=\"128\" height=\"128\" data-src=\"https:\/\/esquerra.com.ar\/voleibol\/wp-content\/uploads\/2025\/11\/Demhan-School-San-Bernardo-Chile-128x128.png\" class=\"attachment-sportspress-fit-icon size-sportspress-fit-icon wp-post-image lazyload\" alt=\"\" src=\"data:image\/gif;base64,R0lGODlhAQABAAAAACH5BAEKAAEALAAAAAABAAEAAAICTAEAOw==\" style=\"--smush-placeholder-width: 128px; --smush-placeholder-aspect-ratio: 128\/128;\" \/><noscript><img decoding=\"async\" width=\"128\" height=\"128\" data-src=\"https:\/\/esquerra.com.ar\/voleibol\/wp-content\/uploads\/2025\/11\/Demhan-School-San-Bernardo-Chile-128x128.png\" class=\"attachment-sportspress-fit-icon size-sportspress-fit-icon wp-post-image lazyload\" alt=\"\" src=\"data:image\/gif;base64,R0lGODlhAQABAAAAACH5BAEKAAEALAAAAAABAAEAAAICTAEAOw==\" style=\"--smush-placeholder-width: 128px; --smush-placeholder-aspect-ratio: 128\/128;\" \/><noscript><img decoding=\"async\" width=\"128\" height=\"128\" src=\"https:\/\/esquerra.com.ar\/voleibol\/wp-content\/uploads\/2025\/11\/Demhan-School-San-Bernardo-Chile-128x128.png\" class=\"attachment-sportspress-fit-icon size-sportspress-fit-icon wp-post-image\" alt=\"\" \/><\/noscript><\/noscript><\/noscript><\/noscript><\/noscript><\/noscript><\/span>Denham School (San Bernardo, Chile)<\/td><td class=\"data-pts\" data-label=\"Pts\">5<\/td><td class=\"data-j\" data-label=\"J\">3<\/td><td class=\"data-g\" data-label=\"G\">1<\/td><td class=\"data-p\" data-label=\"P\">2<\/td><\/tr><tr class=\"even sp-row-no-3\"><td class=\"data-rank\" data-label=\"Pos\">4<\/td><td class=\"data-name has-logo\" data-label=\"Equipo\"><span class=\"team-logo\"><img loading=\"lazy\" decoding=\"async\" width=\"128\" height=\"128\" data-src=\"https:\/\/esquerra.com.ar\/voleibol\/wp-content\/uploads\/2024\/10\/San-Martin-Marcos-Juarez-Argentina-128x128.png\" class=\"attachment-sportspress-fit-icon size-sportspress-fit-icon wp-post-image lazyload\" alt=\"\" src=\"data:image\/gif;base64,R0lGODlhAQABAAAAACH5BAEKAAEALAAAAAABAAEAAAICTAEAOw==\" style=\"--smush-placeholder-width: 128px; --smush-placeholder-aspect-ratio: 128\/128;\" \/><noscript><img loading=\"lazy\" decoding=\"async\" width=\"128\" height=\"128\" data-src=\"https:\/\/esquerra.com.ar\/voleibol\/wp-content\/uploads\/2024\/10\/San-Martin-Marcos-Juarez-Argentina-128x128.png\" class=\"attachment-sportspress-fit-icon size-sportspress-fit-icon wp-post-image lazyload\" alt=\"\" src=\"data:image\/gif;base64,R0lGODlhAQABAAAAACH5BAEKAAEALAAAAAABAAEAAAICTAEAOw==\" style=\"--smush-placeholder-width: 128px; --smush-placeholder-aspect-ratio: 128\/128;\" \/><noscript><img loading=\"lazy\" decoding=\"async\" width=\"128\" height=\"128\" data-src=\"https:\/\/esquerra.com.ar\/voleibol\/wp-content\/uploads\/2024\/10\/San-Martin-Marcos-Juarez-Argentina-128x128.png\" class=\"attachment-sportspress-fit-icon size-sportspress-fit-icon wp-post-image lazyload\" alt=\"\" src=\"data:image\/gif;base64,R0lGODlhAQABAAAAACH5BAEKAAEALAAAAAABAAEAAAICTAEAOw==\" style=\"--smush-placeholder-width: 128px; --smush-placeholder-aspect-ratio: 128\/128;\" \/><noscript><img loading=\"lazy\" decoding=\"async\" width=\"128\" height=\"128\" data-src=\"https:\/\/esquerra.com.ar\/voleibol\/wp-content\/uploads\/2024\/10\/San-Martin-Marcos-Juarez-Argentina-128x128.png\" class=\"attachment-sportspress-fit-icon size-sportspress-fit-icon wp-post-image lazyload\" alt=\"\" src=\"data:image\/gif;base64,R0lGODlhAQABAAAAACH5BAEKAAEALAAAAAABAAEAAAICTAEAOw==\" style=\"--smush-placeholder-width: 128px; --smush-placeholder-aspect-ratio: 128\/128;\" \/><noscript><img loading=\"lazy\" decoding=\"async\" width=\"128\" height=\"128\" data-src=\"https:\/\/esquerra.com.ar\/voleibol\/wp-content\/uploads\/2024\/10\/San-Martin-Marcos-Juarez-Argentina-128x128.png\" class=\"attachment-sportspress-fit-icon size-sportspress-fit-icon wp-post-image lazyload\" alt=\"\" src=\"data:image\/gif;base64,R0lGODlhAQABAAAAACH5BAEKAAEALAAAAAABAAEAAAICTAEAOw==\" style=\"--smush-placeholder-width: 128px; --smush-placeholder-aspect-ratio: 128\/128;\" \/><noscript><img loading=\"lazy\" decoding=\"async\" width=\"128\" height=\"128\" data-src=\"https:\/\/esquerra.com.ar\/voleibol\/wp-content\/uploads\/2024\/10\/San-Martin-Marcos-Juarez-Argentina-128x128.png\" class=\"attachment-sportspress-fit-icon size-sportspress-fit-icon wp-post-image lazyload\" alt=\"\" src=\"data:image\/gif;base64,R0lGODlhAQABAAAAACH5BAEKAAEALAAAAAABAAEAAAICTAEAOw==\" style=\"--smush-placeholder-width: 128px; --smush-placeholder-aspect-ratio: 128\/128;\" \/><noscript><img loading=\"lazy\" decoding=\"async\" width=\"128\" height=\"128\" src=\"https:\/\/esquerra.com.ar\/voleibol\/wp-content\/uploads\/2024\/10\/San-Martin-Marcos-Juarez-Argentina-128x128.png\" class=\"attachment-sportspress-fit-icon size-sportspress-fit-icon wp-post-image\" alt=\"\" \/><\/noscript><\/noscript><\/noscript><\/noscript><\/noscript><\/noscript><\/span>San Mart\u00edn (Marcos Ju\u00e1rez, Argentina)<\/td><td class=\"data-pts\" data-label=\"Pts\">3<\/td><td class=\"data-j\" data-label=\"J\">3<\/td><td class=\"data-g\" data-label=\"G\">0<\/td><td class=\"data-p\" data-label=\"P\">3<\/td><\/tr><\/tbody><\/table><\/div><\/div>\n<\/div><br \/>\n<div class=\"sportspress\"><div class=\"sp-template sp-template-league-table\">\n\t<h4 class=\"sp-table-caption\">ZONA B<\/h4><div class=\"sp-table-wrapper\"><table class=\"sp-league-table sp-league-table-1936 sp-data-table sp-sortable-table sp-responsive-table table_69ef26146c6b9 sp-scrollable-table sp-paginated-table\" data-sp-rows=\"30\"><thead><tr><th class=\"data-rank\">Pos<\/th><th class=\"data-name\">Equipo<\/th><th class=\"data-pts\">Pts<\/th><th class=\"data-j\">J<\/th><th class=\"data-g\">G<\/th><th class=\"data-p\">P<\/th><\/tr><\/thead><tbody><tr class=\"odd sp-row-no-0\"><td class=\"data-rank\" data-label=\"Pos\">1<\/td><td class=\"data-name has-logo\" data-label=\"Equipo\"><span class=\"team-logo\"><img loading=\"lazy\" decoding=\"async\" width=\"128\" height=\"128\" data-src=\"https:\/\/esquerra.com.ar\/voleibol\/wp-content\/uploads\/2025\/11\/Juniors-Cordoba-Argentina-128x128.png\" class=\"attachment-sportspress-fit-icon size-sportspress-fit-icon wp-post-image lazyload\" alt=\"\" src=\"data:image\/gif;base64,R0lGODlhAQABAAAAACH5BAEKAAEALAAAAAABAAEAAAICTAEAOw==\" style=\"--smush-placeholder-width: 128px; --smush-placeholder-aspect-ratio: 128\/128;\" \/><noscript><img loading=\"lazy\" decoding=\"async\" width=\"128\" height=\"128\" data-src=\"https:\/\/esquerra.com.ar\/voleibol\/wp-content\/uploads\/2025\/11\/Juniors-Cordoba-Argentina-128x128.png\" class=\"attachment-sportspress-fit-icon size-sportspress-fit-icon wp-post-image lazyload\" alt=\"\" src=\"data:image\/gif;base64,R0lGODlhAQABAAAAACH5BAEKAAEALAAAAAABAAEAAAICTAEAOw==\" style=\"--smush-placeholder-width: 128px; --smush-placeholder-aspect-ratio: 128\/128;\" \/><noscript><img loading=\"lazy\" decoding=\"async\" width=\"128\" height=\"128\" data-src=\"https:\/\/esquerra.com.ar\/voleibol\/wp-content\/uploads\/2025\/11\/Juniors-Cordoba-Argentina-128x128.png\" class=\"attachment-sportspress-fit-icon size-sportspress-fit-icon wp-post-image lazyload\" alt=\"\" src=\"data:image\/gif;base64,R0lGODlhAQABAAAAACH5BAEKAAEALAAAAAABAAEAAAICTAEAOw==\" style=\"--smush-placeholder-width: 128px; --smush-placeholder-aspect-ratio: 128\/128;\" \/><noscript><img loading=\"lazy\" decoding=\"async\" width=\"128\" height=\"128\" data-src=\"https:\/\/esquerra.com.ar\/voleibol\/wp-content\/uploads\/2025\/11\/Juniors-Cordoba-Argentina-128x128.png\" class=\"attachment-sportspress-fit-icon size-sportspress-fit-icon wp-post-image lazyload\" alt=\"\" src=\"data:image\/gif;base64,R0lGODlhAQABAAAAACH5BAEKAAEALAAAAAABAAEAAAICTAEAOw==\" style=\"--smush-placeholder-width: 128px; --smush-placeholder-aspect-ratio: 128\/128;\" \/><noscript><img loading=\"lazy\" decoding=\"async\" width=\"128\" height=\"128\" data-src=\"https:\/\/esquerra.com.ar\/voleibol\/wp-content\/uploads\/2025\/11\/Juniors-Cordoba-Argentina-128x128.png\" class=\"attachment-sportspress-fit-icon size-sportspress-fit-icon wp-post-image lazyload\" alt=\"\" src=\"data:image\/gif;base64,R0lGODlhAQABAAAAACH5BAEKAAEALAAAAAABAAEAAAICTAEAOw==\" style=\"--smush-placeholder-width: 128px; --smush-placeholder-aspect-ratio: 128\/128;\" \/><noscript><img loading=\"lazy\" decoding=\"async\" width=\"128\" height=\"128\" data-src=\"https:\/\/esquerra.com.ar\/voleibol\/wp-content\/uploads\/2025\/11\/Juniors-Cordoba-Argentina-128x128.png\" class=\"attachment-sportspress-fit-icon size-sportspress-fit-icon wp-post-image lazyload\" alt=\"\" src=\"data:image\/gif;base64,R0lGODlhAQABAAAAACH5BAEKAAEALAAAAAABAAEAAAICTAEAOw==\" style=\"--smush-placeholder-width: 128px; --smush-placeholder-aspect-ratio: 128\/128;\" \/><noscript><img loading=\"lazy\" decoding=\"async\" width=\"128\" height=\"128\" src=\"https:\/\/esquerra.com.ar\/voleibol\/wp-content\/uploads\/2025\/11\/Juniors-Cordoba-Argentina-128x128.png\" class=\"attachment-sportspress-fit-icon size-sportspress-fit-icon wp-post-image\" alt=\"\" \/><\/noscript><\/noscript><\/noscript><\/noscript><\/noscript><\/noscript><\/span>Juniors (C\u00f3rdoba, Argentina)<\/td><td class=\"data-pts\" data-label=\"Pts\">9<\/td><td class=\"data-j\" data-label=\"J\">3<\/td><td class=\"data-g\" data-label=\"G\">3<\/td><td class=\"data-p\" data-label=\"P\">0<\/td><\/tr><tr class=\"even sp-row-no-1\"><td class=\"data-rank\" data-label=\"Pos\">2<\/td><td class=\"data-name has-logo\" data-label=\"Equipo\"><span class=\"team-logo\"><img loading=\"lazy\" decoding=\"async\" width=\"128\" height=\"128\" data-src=\"https:\/\/esquerra.com.ar\/voleibol\/wp-content\/uploads\/2025\/11\/Alfebracrossvolley-Paraguay-128x128.png\" class=\"attachment-sportspress-fit-icon size-sportspress-fit-icon wp-post-image lazyload\" alt=\"\" src=\"data:image\/gif;base64,R0lGODlhAQABAAAAACH5BAEKAAEALAAAAAABAAEAAAICTAEAOw==\" style=\"--smush-placeholder-width: 128px; --smush-placeholder-aspect-ratio: 128\/128;\" \/><noscript><img loading=\"lazy\" decoding=\"async\" width=\"128\" height=\"128\" data-src=\"https:\/\/esquerra.com.ar\/voleibol\/wp-content\/uploads\/2025\/11\/Alfebracrossvolley-Paraguay-128x128.png\" class=\"attachment-sportspress-fit-icon size-sportspress-fit-icon wp-post-image lazyload\" alt=\"\" src=\"data:image\/gif;base64,R0lGODlhAQABAAAAACH5BAEKAAEALAAAAAABAAEAAAICTAEAOw==\" style=\"--smush-placeholder-width: 128px; --smush-placeholder-aspect-ratio: 128\/128;\" \/><noscript><img loading=\"lazy\" decoding=\"async\" width=\"128\" height=\"128\" data-src=\"https:\/\/esquerra.com.ar\/voleibol\/wp-content\/uploads\/2025\/11\/Alfebracrossvolley-Paraguay-128x128.png\" class=\"attachment-sportspress-fit-icon size-sportspress-fit-icon wp-post-image lazyload\" alt=\"\" src=\"data:image\/gif;base64,R0lGODlhAQABAAAAACH5BAEKAAEALAAAAAABAAEAAAICTAEAOw==\" style=\"--smush-placeholder-width: 128px; --smush-placeholder-aspect-ratio: 128\/128;\" \/><noscript><img loading=\"lazy\" decoding=\"async\" width=\"128\" height=\"128\" data-src=\"https:\/\/esquerra.com.ar\/voleibol\/wp-content\/uploads\/2025\/11\/Alfebracrossvolley-Paraguay-128x128.png\" class=\"attachment-sportspress-fit-icon size-sportspress-fit-icon wp-post-image lazyload\" alt=\"\" src=\"data:image\/gif;base64,R0lGODlhAQABAAAAACH5BAEKAAEALAAAAAABAAEAAAICTAEAOw==\" style=\"--smush-placeholder-width: 128px; --smush-placeholder-aspect-ratio: 128\/128;\" \/><noscript><img loading=\"lazy\" decoding=\"async\" width=\"128\" height=\"128\" data-src=\"https:\/\/esquerra.com.ar\/voleibol\/wp-content\/uploads\/2025\/11\/Alfebracrossvolley-Paraguay-128x128.png\" class=\"attachment-sportspress-fit-icon size-sportspress-fit-icon wp-post-image lazyload\" alt=\"\" src=\"data:image\/gif;base64,R0lGODlhAQABAAAAACH5BAEKAAEALAAAAAABAAEAAAICTAEAOw==\" style=\"--smush-placeholder-width: 128px; --smush-placeholder-aspect-ratio: 128\/128;\" \/><noscript><img loading=\"lazy\" decoding=\"async\" width=\"128\" height=\"128\" data-src=\"https:\/\/esquerra.com.ar\/voleibol\/wp-content\/uploads\/2025\/11\/Alfebracrossvolley-Paraguay-128x128.png\" class=\"attachment-sportspress-fit-icon size-sportspress-fit-icon wp-post-image lazyload\" alt=\"\" src=\"data:image\/gif;base64,R0lGODlhAQABAAAAACH5BAEKAAEALAAAAAABAAEAAAICTAEAOw==\" style=\"--smush-placeholder-width: 128px; --smush-placeholder-aspect-ratio: 128\/128;\" \/><noscript><img loading=\"lazy\" decoding=\"async\" width=\"128\" height=\"128\" src=\"https:\/\/esquerra.com.ar\/voleibol\/wp-content\/uploads\/2025\/11\/Alfebracrossvolley-Paraguay-128x128.png\" class=\"attachment-sportspress-fit-icon size-sportspress-fit-icon wp-post-image\" alt=\"\" \/><\/noscript><\/noscript><\/noscript><\/noscript><\/noscript><\/noscript><\/span>Alfebracross (Asunci\u00f3n, Paraguay)<\/td><td class=\"data-pts\" data-label=\"Pts\">7<\/td><td class=\"data-j\" data-label=\"J\">3<\/td><td class=\"data-g\" data-label=\"G\">2<\/td><td class=\"data-p\" data-label=\"P\">1<\/td><\/tr><tr class=\"odd sp-row-no-2\"><td class=\"data-rank\" data-label=\"Pos\">3<\/td><td class=\"data-name has-logo\" data-label=\"Equipo\"><span class=\"team-logo\"><img loading=\"lazy\" decoding=\"async\" width=\"128\" height=\"128\" data-src=\"https:\/\/esquerra.com.ar\/voleibol\/wp-content\/uploads\/2025\/11\/Parque-Central-Neuquen-Argentina-128x128.png\" class=\"attachment-sportspress-fit-icon size-sportspress-fit-icon wp-post-image lazyload\" alt=\"\" src=\"data:image\/gif;base64,R0lGODlhAQABAAAAACH5BAEKAAEALAAAAAABAAEAAAICTAEAOw==\" style=\"--smush-placeholder-width: 128px; --smush-placeholder-aspect-ratio: 128\/128;\" \/><noscript><img loading=\"lazy\" decoding=\"async\" width=\"128\" height=\"128\" data-src=\"https:\/\/esquerra.com.ar\/voleibol\/wp-content\/uploads\/2025\/11\/Parque-Central-Neuquen-Argentina-128x128.png\" class=\"attachment-sportspress-fit-icon size-sportspress-fit-icon wp-post-image lazyload\" alt=\"\" src=\"data:image\/gif;base64,R0lGODlhAQABAAAAACH5BAEKAAEALAAAAAABAAEAAAICTAEAOw==\" style=\"--smush-placeholder-width: 128px; --smush-placeholder-aspect-ratio: 128\/128;\" \/><noscript><img loading=\"lazy\" decoding=\"async\" width=\"128\" height=\"128\" data-src=\"https:\/\/esquerra.com.ar\/voleibol\/wp-content\/uploads\/2025\/11\/Parque-Central-Neuquen-Argentina-128x128.png\" class=\"attachment-sportspress-fit-icon size-sportspress-fit-icon wp-post-image lazyload\" alt=\"\" src=\"data:image\/gif;base64,R0lGODlhAQABAAAAACH5BAEKAAEALAAAAAABAAEAAAICTAEAOw==\" style=\"--smush-placeholder-width: 128px; --smush-placeholder-aspect-ratio: 128\/128;\" \/><noscript><img loading=\"lazy\" decoding=\"async\" width=\"128\" height=\"128\" data-src=\"https:\/\/esquerra.com.ar\/voleibol\/wp-content\/uploads\/2025\/11\/Parque-Central-Neuquen-Argentina-128x128.png\" class=\"attachment-sportspress-fit-icon size-sportspress-fit-icon wp-post-image lazyload\" alt=\"\" src=\"data:image\/gif;base64,R0lGODlhAQABAAAAACH5BAEKAAEALAAAAAABAAEAAAICTAEAOw==\" style=\"--smush-placeholder-width: 128px; --smush-placeholder-aspect-ratio: 128\/128;\" \/><noscript><img loading=\"lazy\" decoding=\"async\" width=\"128\" height=\"128\" data-src=\"https:\/\/esquerra.com.ar\/voleibol\/wp-content\/uploads\/2025\/11\/Parque-Central-Neuquen-Argentina-128x128.png\" class=\"attachment-sportspress-fit-icon size-sportspress-fit-icon wp-post-image lazyload\" alt=\"\" src=\"data:image\/gif;base64,R0lGODlhAQABAAAAACH5BAEKAAEALAAAAAABAAEAAAICTAEAOw==\" style=\"--smush-placeholder-width: 128px; --smush-placeholder-aspect-ratio: 128\/128;\" \/><noscript><img loading=\"lazy\" decoding=\"async\" width=\"128\" height=\"128\" data-src=\"https:\/\/esquerra.com.ar\/voleibol\/wp-content\/uploads\/2025\/11\/Parque-Central-Neuquen-Argentina-128x128.png\" class=\"attachment-sportspress-fit-icon size-sportspress-fit-icon wp-post-image lazyload\" alt=\"\" src=\"data:image\/gif;base64,R0lGODlhAQABAAAAACH5BAEKAAEALAAAAAABAAEAAAICTAEAOw==\" style=\"--smush-placeholder-width: 128px; --smush-placeholder-aspect-ratio: 128\/128;\" \/><noscript><img loading=\"lazy\" decoding=\"async\" width=\"128\" height=\"128\" src=\"https:\/\/esquerra.com.ar\/voleibol\/wp-content\/uploads\/2025\/11\/Parque-Central-Neuquen-Argentina-128x128.png\" class=\"attachment-sportspress-fit-icon size-sportspress-fit-icon wp-post-image\" alt=\"\" \/><\/noscript><\/noscript><\/noscript><\/noscript><\/noscript><\/noscript><\/span>Parque Central (Neuqu\u00e9n, Argentina)<\/td><td class=\"data-pts\" data-label=\"Pts\">5<\/td><td class=\"data-j\" data-label=\"J\">3<\/td><td class=\"data-g\" data-label=\"G\">1<\/td><td class=\"data-p\" data-label=\"P\">2<\/td><\/tr><tr class=\"even sp-row-no-3\"><td class=\"data-rank\" data-label=\"Pos\">4<\/td><td class=\"data-name has-logo\" data-label=\"Equipo\"><span class=\"team-logo\"><img loading=\"lazy\" decoding=\"async\" width=\"128\" height=\"128\" data-src=\"https:\/\/esquerra.com.ar\/voleibol\/wp-content\/uploads\/2025\/11\/Nuestra-Senora-del-Huerto-Quillota-Chile-scaled.png\" class=\"attachment-sportspress-fit-icon size-sportspress-fit-icon wp-post-image lazyload\" alt=\"\" src=\"data:image\/gif;base64,R0lGODlhAQABAAAAACH5BAEKAAEALAAAAAABAAEAAAICTAEAOw==\" style=\"--smush-placeholder-width: 128px; --smush-placeholder-aspect-ratio: 128\/128;\" \/><noscript><img loading=\"lazy\" decoding=\"async\" width=\"128\" height=\"128\" data-src=\"https:\/\/esquerra.com.ar\/voleibol\/wp-content\/uploads\/2025\/11\/Nuestra-Senora-del-Huerto-Quillota-Chile-scaled.png\" class=\"attachment-sportspress-fit-icon size-sportspress-fit-icon wp-post-image lazyload\" alt=\"\" src=\"data:image\/gif;base64,R0lGODlhAQABAAAAACH5BAEKAAEALAAAAAABAAEAAAICTAEAOw==\" style=\"--smush-placeholder-width: 128px; --smush-placeholder-aspect-ratio: 128\/128;\" \/><noscript><img loading=\"lazy\" decoding=\"async\" width=\"128\" height=\"128\" data-src=\"https:\/\/esquerra.com.ar\/voleibol\/wp-content\/uploads\/2025\/11\/Nuestra-Senora-del-Huerto-Quillota-Chile-scaled.png\" class=\"attachment-sportspress-fit-icon size-sportspress-fit-icon wp-post-image lazyload\" alt=\"\" src=\"data:image\/gif;base64,R0lGODlhAQABAAAAACH5BAEKAAEALAAAAAABAAEAAAICTAEAOw==\" style=\"--smush-placeholder-width: 128px; --smush-placeholder-aspect-ratio: 128\/128;\" \/><noscript><img loading=\"lazy\" decoding=\"async\" width=\"128\" height=\"128\" data-src=\"https:\/\/esquerra.com.ar\/voleibol\/wp-content\/uploads\/2025\/11\/Nuestra-Senora-del-Huerto-Quillota-Chile-scaled.png\" class=\"attachment-sportspress-fit-icon size-sportspress-fit-icon wp-post-image lazyload\" alt=\"\" src=\"data:image\/gif;base64,R0lGODlhAQABAAAAACH5BAEKAAEALAAAAAABAAEAAAICTAEAOw==\" style=\"--smush-placeholder-width: 128px; --smush-placeholder-aspect-ratio: 128\/128;\" \/><noscript><img loading=\"lazy\" decoding=\"async\" width=\"128\" height=\"128\" data-src=\"https:\/\/esquerra.com.ar\/voleibol\/wp-content\/uploads\/2025\/11\/Nuestra-Senora-del-Huerto-Quillota-Chile-scaled.png\" class=\"attachment-sportspress-fit-icon size-sportspress-fit-icon wp-post-image lazyload\" alt=\"\" src=\"data:image\/gif;base64,R0lGODlhAQABAAAAACH5BAEKAAEALAAAAAABAAEAAAICTAEAOw==\" style=\"--smush-placeholder-width: 128px; --smush-placeholder-aspect-ratio: 128\/128;\" \/><noscript><img loading=\"lazy\" decoding=\"async\" width=\"128\" height=\"128\" data-src=\"https:\/\/esquerra.com.ar\/voleibol\/wp-content\/uploads\/2025\/11\/Nuestra-Senora-del-Huerto-Quillota-Chile-scaled.png\" class=\"attachment-sportspress-fit-icon size-sportspress-fit-icon wp-post-image lazyload\" alt=\"\" src=\"data:image\/gif;base64,R0lGODlhAQABAAAAACH5BAEKAAEALAAAAAABAAEAAAICTAEAOw==\" style=\"--smush-placeholder-width: 128px; --smush-placeholder-aspect-ratio: 128\/128;\" \/><noscript><img loading=\"lazy\" decoding=\"async\" width=\"128\" height=\"128\" src=\"https:\/\/esquerra.com.ar\/voleibol\/wp-content\/uploads\/2025\/11\/Nuestra-Senora-del-Huerto-Quillota-Chile-scaled.png\" class=\"attachment-sportspress-fit-icon size-sportspress-fit-icon wp-post-image\" alt=\"\" \/><\/noscript><\/noscript><\/noscript><\/noscript><\/noscript><\/noscript><\/span>Nuestra Se\u00f1ora del Huerto (Quillota, Chile)<\/td><td class=\"data-pts\" data-label=\"Pts\">3<\/td><td class=\"data-j\" data-label=\"J\">3<\/td><td class=\"data-g\" data-label=\"G\">0<\/td><td class=\"data-p\" data-label=\"P\">3<\/td><\/tr><\/tbody><\/table><\/div><\/div>\n<\/div><br \/>\n<div class=\"sportspress\"><div class=\"sp-template sp-template-league-table\">\n\t<h4 class=\"sp-table-caption\">ZONA C<\/h4><div class=\"sp-table-wrapper\"><table class=\"sp-league-table sp-league-table-1937 sp-data-table sp-sortable-table sp-responsive-table table_69ef261475135 sp-scrollable-table sp-paginated-table\" data-sp-rows=\"30\"><thead><tr><th class=\"data-rank\">Pos<\/th><th class=\"data-name\">Equipo<\/th><th class=\"data-pts\">Pts<\/th><th class=\"data-j\">J<\/th><th class=\"data-g\">G<\/th><th class=\"data-p\">P<\/th><\/tr><\/thead><tbody><tr class=\"odd sp-row-no-0\"><td class=\"data-rank\" data-label=\"Pos\">1<\/td><td class=\"data-name has-logo\" data-label=\"Equipo\"><span class=\"team-logo\"><img loading=\"lazy\" decoding=\"async\" width=\"128\" height=\"128\" data-src=\"https:\/\/esquerra.com.ar\/voleibol\/wp-content\/uploads\/2024\/10\/Esc.-Municipal-Lihuen-Caleta-Olivia-Argentina-128x128.png\" class=\"attachment-sportspress-fit-icon size-sportspress-fit-icon wp-post-image lazyload\" alt=\"\" src=\"data:image\/gif;base64,R0lGODlhAQABAAAAACH5BAEKAAEALAAAAAABAAEAAAICTAEAOw==\" style=\"--smush-placeholder-width: 128px; --smush-placeholder-aspect-ratio: 128\/128;\" \/><noscript><img loading=\"lazy\" decoding=\"async\" width=\"128\" height=\"128\" data-src=\"https:\/\/esquerra.com.ar\/voleibol\/wp-content\/uploads\/2024\/10\/Esc.-Municipal-Lihuen-Caleta-Olivia-Argentina-128x128.png\" class=\"attachment-sportspress-fit-icon size-sportspress-fit-icon wp-post-image lazyload\" alt=\"\" src=\"data:image\/gif;base64,R0lGODlhAQABAAAAACH5BAEKAAEALAAAAAABAAEAAAICTAEAOw==\" style=\"--smush-placeholder-width: 128px; --smush-placeholder-aspect-ratio: 128\/128;\" \/><noscript><img loading=\"lazy\" decoding=\"async\" width=\"128\" height=\"128\" data-src=\"https:\/\/esquerra.com.ar\/voleibol\/wp-content\/uploads\/2024\/10\/Esc.-Municipal-Lihuen-Caleta-Olivia-Argentina-128x128.png\" class=\"attachment-sportspress-fit-icon size-sportspress-fit-icon wp-post-image lazyload\" alt=\"\" src=\"data:image\/gif;base64,R0lGODlhAQABAAAAACH5BAEKAAEALAAAAAABAAEAAAICTAEAOw==\" style=\"--smush-placeholder-width: 128px; --smush-placeholder-aspect-ratio: 128\/128;\" \/><noscript><img loading=\"lazy\" decoding=\"async\" width=\"128\" height=\"128\" data-src=\"https:\/\/esquerra.com.ar\/voleibol\/wp-content\/uploads\/2024\/10\/Esc.-Municipal-Lihuen-Caleta-Olivia-Argentina-128x128.png\" class=\"attachment-sportspress-fit-icon size-sportspress-fit-icon wp-post-image lazyload\" alt=\"\" src=\"data:image\/gif;base64,R0lGODlhAQABAAAAACH5BAEKAAEALAAAAAABAAEAAAICTAEAOw==\" style=\"--smush-placeholder-width: 128px; --smush-placeholder-aspect-ratio: 128\/128;\" \/><noscript><img loading=\"lazy\" decoding=\"async\" width=\"128\" height=\"128\" data-src=\"https:\/\/esquerra.com.ar\/voleibol\/wp-content\/uploads\/2024\/10\/Esc.-Municipal-Lihuen-Caleta-Olivia-Argentina-128x128.png\" class=\"attachment-sportspress-fit-icon size-sportspress-fit-icon wp-post-image lazyload\" alt=\"\" src=\"data:image\/gif;base64,R0lGODlhAQABAAAAACH5BAEKAAEALAAAAAABAAEAAAICTAEAOw==\" style=\"--smush-placeholder-width: 128px; --smush-placeholder-aspect-ratio: 128\/128;\" \/><noscript><img loading=\"lazy\" decoding=\"async\" width=\"128\" height=\"128\" data-src=\"https:\/\/esquerra.com.ar\/voleibol\/wp-content\/uploads\/2024\/10\/Esc.-Municipal-Lihuen-Caleta-Olivia-Argentina-128x128.png\" class=\"attachment-sportspress-fit-icon size-sportspress-fit-icon wp-post-image lazyload\" alt=\"\" src=\"data:image\/gif;base64,R0lGODlhAQABAAAAACH5BAEKAAEALAAAAAABAAEAAAICTAEAOw==\" style=\"--smush-placeholder-width: 128px; --smush-placeholder-aspect-ratio: 128\/128;\" \/><noscript><img loading=\"lazy\" decoding=\"async\" width=\"128\" height=\"128\" src=\"https:\/\/esquerra.com.ar\/voleibol\/wp-content\/uploads\/2024\/10\/Esc.-Municipal-Lihuen-Caleta-Olivia-Argentina-128x128.png\" class=\"attachment-sportspress-fit-icon size-sportspress-fit-icon wp-post-image\" alt=\"\" \/><\/noscript><\/noscript><\/noscript><\/noscript><\/noscript><\/noscript><\/span>Lihuen (Caleta Olivia, Argentina)<\/td><td class=\"data-pts\" data-label=\"Pts\">9<\/td><td class=\"data-j\" data-label=\"J\">3<\/td><td class=\"data-g\" data-label=\"G\">3<\/td><td class=\"data-p\" data-label=\"P\">0<\/td><\/tr><tr class=\"even sp-row-no-1\"><td class=\"data-rank\" data-label=\"Pos\">2<\/td><td class=\"data-name has-logo\" data-label=\"Equipo\"><span class=\"team-logo\"><img decoding=\"async\" width=\"128\" height=\"128\" data-src=\"https:\/\/esquerra.com.ar\/voleibol\/wp-content\/uploads\/2025\/11\/Centro-Asturiano-CABA-Argentina-128x128.png\" class=\"attachment-sportspress-fit-icon size-sportspress-fit-icon wp-post-image lazyload\" alt=\"\" src=\"data:image\/gif;base64,R0lGODlhAQABAAAAACH5BAEKAAEALAAAAAABAAEAAAICTAEAOw==\" style=\"--smush-placeholder-width: 128px; --smush-placeholder-aspect-ratio: 128\/128;\" \/><noscript><img decoding=\"async\" width=\"128\" height=\"128\" data-src=\"https:\/\/esquerra.com.ar\/voleibol\/wp-content\/uploads\/2025\/11\/Centro-Asturiano-CABA-Argentina-128x128.png\" class=\"attachment-sportspress-fit-icon size-sportspress-fit-icon wp-post-image lazyload\" alt=\"\" src=\"data:image\/gif;base64,R0lGODlhAQABAAAAACH5BAEKAAEALAAAAAABAAEAAAICTAEAOw==\" style=\"--smush-placeholder-width: 128px; --smush-placeholder-aspect-ratio: 128\/128;\" \/><noscript><img decoding=\"async\" width=\"128\" height=\"128\" data-src=\"https:\/\/esquerra.com.ar\/voleibol\/wp-content\/uploads\/2025\/11\/Centro-Asturiano-CABA-Argentina-128x128.png\" class=\"attachment-sportspress-fit-icon size-sportspress-fit-icon wp-post-image lazyload\" alt=\"\" src=\"data:image\/gif;base64,R0lGODlhAQABAAAAACH5BAEKAAEALAAAAAABAAEAAAICTAEAOw==\" style=\"--smush-placeholder-width: 128px; --smush-placeholder-aspect-ratio: 128\/128;\" \/><noscript><img decoding=\"async\" width=\"128\" height=\"128\" data-src=\"https:\/\/esquerra.com.ar\/voleibol\/wp-content\/uploads\/2025\/11\/Centro-Asturiano-CABA-Argentina-128x128.png\" class=\"attachment-sportspress-fit-icon size-sportspress-fit-icon wp-post-image lazyload\" alt=\"\" src=\"data:image\/gif;base64,R0lGODlhAQABAAAAACH5BAEKAAEALAAAAAABAAEAAAICTAEAOw==\" style=\"--smush-placeholder-width: 128px; --smush-placeholder-aspect-ratio: 128\/128;\" \/><noscript><img decoding=\"async\" width=\"128\" height=\"128\" data-src=\"https:\/\/esquerra.com.ar\/voleibol\/wp-content\/uploads\/2025\/11\/Centro-Asturiano-CABA-Argentina-128x128.png\" class=\"attachment-sportspress-fit-icon size-sportspress-fit-icon wp-post-image lazyload\" alt=\"\" src=\"data:image\/gif;base64,R0lGODlhAQABAAAAACH5BAEKAAEALAAAAAABAAEAAAICTAEAOw==\" style=\"--smush-placeholder-width: 128px; --smush-placeholder-aspect-ratio: 128\/128;\" \/><noscript><img decoding=\"async\" width=\"128\" height=\"128\" data-src=\"https:\/\/esquerra.com.ar\/voleibol\/wp-content\/uploads\/2025\/11\/Centro-Asturiano-CABA-Argentina-128x128.png\" class=\"attachment-sportspress-fit-icon size-sportspress-fit-icon wp-post-image lazyload\" alt=\"\" src=\"data:image\/gif;base64,R0lGODlhAQABAAAAACH5BAEKAAEALAAAAAABAAEAAAICTAEAOw==\" style=\"--smush-placeholder-width: 128px; --smush-placeholder-aspect-ratio: 128\/128;\" \/><noscript><img decoding=\"async\" width=\"128\" height=\"128\" data-src=\"https:\/\/esquerra.com.ar\/voleibol\/wp-content\/uploads\/2025\/11\/Centro-Asturiano-CABA-Argentina-128x128.png\" class=\"attachment-sportspress-fit-icon size-sportspress-fit-icon wp-post-image lazyload\" alt=\"\" src=\"data:image\/gif;base64,R0lGODlhAQABAAAAACH5BAEKAAEALAAAAAABAAEAAAICTAEAOw==\" style=\"--smush-placeholder-width: 128px; --smush-placeholder-aspect-ratio: 128\/128;\" \/><noscript><img decoding=\"async\" width=\"128\" height=\"128\" data-src=\"https:\/\/esquerra.com.ar\/voleibol\/wp-content\/uploads\/2025\/11\/Centro-Asturiano-CABA-Argentina-128x128.png\" class=\"attachment-sportspress-fit-icon size-sportspress-fit-icon wp-post-image lazyload\" alt=\"\" src=\"data:image\/gif;base64,R0lGODlhAQABAAAAACH5BAEKAAEALAAAAAABAAEAAAICTAEAOw==\" style=\"--smush-placeholder-width: 128px; --smush-placeholder-aspect-ratio: 128\/128;\" \/><noscript><img decoding=\"async\" width=\"128\" height=\"128\" data-src=\"https:\/\/esquerra.com.ar\/voleibol\/wp-content\/uploads\/2025\/11\/Centro-Asturiano-CABA-Argentina-128x128.png\" class=\"attachment-sportspress-fit-icon size-sportspress-fit-icon wp-post-image lazyload\" alt=\"\" src=\"data:image\/gif;base64,R0lGODlhAQABAAAAACH5BAEKAAEALAAAAAABAAEAAAICTAEAOw==\" style=\"--smush-placeholder-width: 128px; --smush-placeholder-aspect-ratio: 128\/128;\" \/><noscript><img decoding=\"async\" width=\"128\" height=\"128\" data-src=\"https:\/\/esquerra.com.ar\/voleibol\/wp-content\/uploads\/2025\/11\/Centro-Asturiano-CABA-Argentina-128x128.png\" class=\"attachment-sportspress-fit-icon size-sportspress-fit-icon wp-post-image lazyload\" alt=\"\" src=\"data:image\/gif;base64,R0lGODlhAQABAAAAACH5BAEKAAEALAAAAAABAAEAAAICTAEAOw==\" style=\"--smush-placeholder-width: 128px; --smush-placeholder-aspect-ratio: 128\/128;\" \/><noscript><img decoding=\"async\" width=\"128\" height=\"128\" data-src=\"https:\/\/esquerra.com.ar\/voleibol\/wp-content\/uploads\/2025\/11\/Centro-Asturiano-CABA-Argentina-128x128.png\" class=\"attachment-sportspress-fit-icon size-sportspress-fit-icon wp-post-image lazyload\" alt=\"\" src=\"data:image\/gif;base64,R0lGODlhAQABAAAAACH5BAEKAAEALAAAAAABAAEAAAICTAEAOw==\" style=\"--smush-placeholder-width: 128px; --smush-placeholder-aspect-ratio: 128\/128;\" \/><noscript><img decoding=\"async\" width=\"128\" height=\"128\" data-src=\"https:\/\/esquerra.com.ar\/voleibol\/wp-content\/uploads\/2025\/11\/Centro-Asturiano-CABA-Argentina-128x128.png\" class=\"attachment-sportspress-fit-icon size-sportspress-fit-icon wp-post-image lazyload\" alt=\"\" src=\"data:image\/gif;base64,R0lGODlhAQABAAAAACH5BAEKAAEALAAAAAABAAEAAAICTAEAOw==\" style=\"--smush-placeholder-width: 128px; --smush-placeholder-aspect-ratio: 128\/128;\" \/><noscript><img decoding=\"async\" width=\"128\" height=\"128\" src=\"https:\/\/esquerra.com.ar\/voleibol\/wp-content\/uploads\/2025\/11\/Centro-Asturiano-CABA-Argentina-128x128.png\" class=\"attachment-sportspress-fit-icon size-sportspress-fit-icon wp-post-image\" alt=\"\" \/><\/noscript><\/noscript><\/noscript><\/noscript><\/noscript><\/noscript><\/noscript><\/noscript><\/noscript><\/noscript><\/noscript><\/noscript><\/span>Centro Asturiano (B) (Vicente L\u00f3pez, Argentina)<\/td><td class=\"data-pts\" data-label=\"Pts\">7<\/td><td class=\"data-j\" data-label=\"J\">3<\/td><td class=\"data-g\" data-label=\"G\">2<\/td><td class=\"data-p\" data-label=\"P\">1<\/td><\/tr><tr class=\"odd sp-row-no-2\"><td class=\"data-rank\" data-label=\"Pos\">3<\/td><td class=\"data-name has-logo\" data-label=\"Equipo\"><span class=\"team-logo\"><img loading=\"lazy\" decoding=\"async\" width=\"128\" height=\"128\" data-src=\"https:\/\/esquerra.com.ar\/voleibol\/wp-content\/uploads\/2025\/11\/Royal-British-School-Santiago-Chile-128x128.png\" class=\"attachment-sportspress-fit-icon size-sportspress-fit-icon wp-post-image lazyload\" alt=\"\" src=\"data:image\/gif;base64,R0lGODlhAQABAAAAACH5BAEKAAEALAAAAAABAAEAAAICTAEAOw==\" style=\"--smush-placeholder-width: 128px; --smush-placeholder-aspect-ratio: 128\/128;\" \/><noscript><img loading=\"lazy\" decoding=\"async\" width=\"128\" height=\"128\" data-src=\"https:\/\/esquerra.com.ar\/voleibol\/wp-content\/uploads\/2025\/11\/Royal-British-School-Santiago-Chile-128x128.png\" class=\"attachment-sportspress-fit-icon size-sportspress-fit-icon wp-post-image lazyload\" alt=\"\" src=\"data:image\/gif;base64,R0lGODlhAQABAAAAACH5BAEKAAEALAAAAAABAAEAAAICTAEAOw==\" style=\"--smush-placeholder-width: 128px; --smush-placeholder-aspect-ratio: 128\/128;\" \/><noscript><img loading=\"lazy\" decoding=\"async\" width=\"128\" height=\"128\" data-src=\"https:\/\/esquerra.com.ar\/voleibol\/wp-content\/uploads\/2025\/11\/Royal-British-School-Santiago-Chile-128x128.png\" class=\"attachment-sportspress-fit-icon size-sportspress-fit-icon wp-post-image lazyload\" alt=\"\" src=\"data:image\/gif;base64,R0lGODlhAQABAAAAACH5BAEKAAEALAAAAAABAAEAAAICTAEAOw==\" style=\"--smush-placeholder-width: 128px; --smush-placeholder-aspect-ratio: 128\/128;\" \/><noscript><img loading=\"lazy\" decoding=\"async\" width=\"128\" height=\"128\" data-src=\"https:\/\/esquerra.com.ar\/voleibol\/wp-content\/uploads\/2025\/11\/Royal-British-School-Santiago-Chile-128x128.png\" class=\"attachment-sportspress-fit-icon size-sportspress-fit-icon wp-post-image lazyload\" alt=\"\" src=\"data:image\/gif;base64,R0lGODlhAQABAAAAACH5BAEKAAEALAAAAAABAAEAAAICTAEAOw==\" style=\"--smush-placeholder-width: 128px; --smush-placeholder-aspect-ratio: 128\/128;\" \/><noscript><img loading=\"lazy\" decoding=\"async\" width=\"128\" height=\"128\" data-src=\"https:\/\/esquerra.com.ar\/voleibol\/wp-content\/uploads\/2025\/11\/Royal-British-School-Santiago-Chile-128x128.png\" class=\"attachment-sportspress-fit-icon size-sportspress-fit-icon wp-post-image lazyload\" alt=\"\" src=\"data:image\/gif;base64,R0lGODlhAQABAAAAACH5BAEKAAEALAAAAAABAAEAAAICTAEAOw==\" style=\"--smush-placeholder-width: 128px; --smush-placeholder-aspect-ratio: 128\/128;\" \/><noscript><img loading=\"lazy\" decoding=\"async\" width=\"128\" height=\"128\" data-src=\"https:\/\/esquerra.com.ar\/voleibol\/wp-content\/uploads\/2025\/11\/Royal-British-School-Santiago-Chile-128x128.png\" class=\"attachment-sportspress-fit-icon size-sportspress-fit-icon wp-post-image lazyload\" alt=\"\" src=\"data:image\/gif;base64,R0lGODlhAQABAAAAACH5BAEKAAEALAAAAAABAAEAAAICTAEAOw==\" style=\"--smush-placeholder-width: 128px; --smush-placeholder-aspect-ratio: 128\/128;\" \/><noscript><img loading=\"lazy\" decoding=\"async\" width=\"128\" height=\"128\" src=\"https:\/\/esquerra.com.ar\/voleibol\/wp-content\/uploads\/2025\/11\/Royal-British-School-Santiago-Chile-128x128.png\" class=\"attachment-sportspress-fit-icon size-sportspress-fit-icon wp-post-image\" alt=\"\" \/><\/noscript><\/noscript><\/noscript><\/noscript><\/noscript><\/noscript><\/span>British Royal School (Santiago, Chile)<\/td><td class=\"data-pts\" data-label=\"Pts\">5<\/td><td class=\"data-j\" data-label=\"J\">3<\/td><td class=\"data-g\" data-label=\"G\">1<\/td><td class=\"data-p\" data-label=\"P\">2<\/td><\/tr><tr class=\"even sp-row-no-3\"><td class=\"data-rank\" data-label=\"Pos\">4<\/td><td class=\"data-name has-logo\" data-label=\"Equipo\"><span class=\"team-logo\"><img loading=\"lazy\" decoding=\"async\" width=\"128\" height=\"128\" data-src=\"https:\/\/esquerra.com.ar\/voleibol\/wp-content\/uploads\/2024\/10\/Racing-Cordoba-Argentina-128x128.png\" class=\"attachment-sportspress-fit-icon size-sportspress-fit-icon wp-post-image lazyload\" alt=\"\" src=\"data:image\/gif;base64,R0lGODlhAQABAAAAACH5BAEKAAEALAAAAAABAAEAAAICTAEAOw==\" style=\"--smush-placeholder-width: 128px; --smush-placeholder-aspect-ratio: 128\/128;\" \/><noscript><img loading=\"lazy\" decoding=\"async\" width=\"128\" height=\"128\" data-src=\"https:\/\/esquerra.com.ar\/voleibol\/wp-content\/uploads\/2024\/10\/Racing-Cordoba-Argentina-128x128.png\" class=\"attachment-sportspress-fit-icon size-sportspress-fit-icon wp-post-image lazyload\" alt=\"\" src=\"data:image\/gif;base64,R0lGODlhAQABAAAAACH5BAEKAAEALAAAAAABAAEAAAICTAEAOw==\" style=\"--smush-placeholder-width: 128px; --smush-placeholder-aspect-ratio: 128\/128;\" \/><noscript><img loading=\"lazy\" decoding=\"async\" width=\"128\" height=\"128\" data-src=\"https:\/\/esquerra.com.ar\/voleibol\/wp-content\/uploads\/2024\/10\/Racing-Cordoba-Argentina-128x128.png\" class=\"attachment-sportspress-fit-icon size-sportspress-fit-icon wp-post-image lazyload\" alt=\"\" src=\"data:image\/gif;base64,R0lGODlhAQABAAAAACH5BAEKAAEALAAAAAABAAEAAAICTAEAOw==\" style=\"--smush-placeholder-width: 128px; --smush-placeholder-aspect-ratio: 128\/128;\" \/><noscript><img loading=\"lazy\" decoding=\"async\" width=\"128\" height=\"128\" data-src=\"https:\/\/esquerra.com.ar\/voleibol\/wp-content\/uploads\/2024\/10\/Racing-Cordoba-Argentina-128x128.png\" class=\"attachment-sportspress-fit-icon size-sportspress-fit-icon wp-post-image lazyload\" alt=\"\" src=\"data:image\/gif;base64,R0lGODlhAQABAAAAACH5BAEKAAEALAAAAAABAAEAAAICTAEAOw==\" style=\"--smush-placeholder-width: 128px; --smush-placeholder-aspect-ratio: 128\/128;\" \/><noscript><img loading=\"lazy\" decoding=\"async\" width=\"128\" height=\"128\" data-src=\"https:\/\/esquerra.com.ar\/voleibol\/wp-content\/uploads\/2024\/10\/Racing-Cordoba-Argentina-128x128.png\" class=\"attachment-sportspress-fit-icon size-sportspress-fit-icon wp-post-image lazyload\" alt=\"\" src=\"data:image\/gif;base64,R0lGODlhAQABAAAAACH5BAEKAAEALAAAAAABAAEAAAICTAEAOw==\" style=\"--smush-placeholder-width: 128px; --smush-placeholder-aspect-ratio: 128\/128;\" \/><noscript><img loading=\"lazy\" decoding=\"async\" width=\"128\" height=\"128\" data-src=\"https:\/\/esquerra.com.ar\/voleibol\/wp-content\/uploads\/2024\/10\/Racing-Cordoba-Argentina-128x128.png\" class=\"attachment-sportspress-fit-icon size-sportspress-fit-icon wp-post-image lazyload\" alt=\"\" src=\"data:image\/gif;base64,R0lGODlhAQABAAAAACH5BAEKAAEALAAAAAABAAEAAAICTAEAOw==\" style=\"--smush-placeholder-width: 128px; --smush-placeholder-aspect-ratio: 128\/128;\" \/><noscript><img loading=\"lazy\" decoding=\"async\" width=\"128\" height=\"128\" src=\"https:\/\/esquerra.com.ar\/voleibol\/wp-content\/uploads\/2024\/10\/Racing-Cordoba-Argentina-128x128.png\" class=\"attachment-sportspress-fit-icon size-sportspress-fit-icon wp-post-image\" alt=\"\" \/><\/noscript><\/noscript><\/noscript><\/noscript><\/noscript><\/noscript><\/span>Racing (C\u00f3rdoba, Argentina)<\/td><td class=\"data-pts\" data-label=\"Pts\">3<\/td><td class=\"data-j\" data-label=\"J\">3<\/td><td class=\"data-g\" data-label=\"G\">0<\/td><td class=\"data-p\" data-label=\"P\">3<\/td><\/tr><\/tbody><\/table><\/div><\/div>\n<\/div><br \/>\n<div class=\"sportspress\"><div class=\"sp-template sp-template-league-table\">\n\t<h4 class=\"sp-table-caption\">ZONA D<\/h4><div class=\"sp-table-wrapper\"><table class=\"sp-league-table sp-league-table-1938 sp-data-table sp-sortable-table sp-responsive-table table_69ef26147ba69 sp-scrollable-table sp-paginated-table\" data-sp-rows=\"30\"><thead><tr><th class=\"data-rank\">Pos<\/th><th class=\"data-name\">Equipo<\/th><th class=\"data-pts\">Pts<\/th><th class=\"data-j\">J<\/th><th class=\"data-g\">G<\/th><th class=\"data-p\">P<\/th><\/tr><\/thead><tbody><tr class=\"odd sp-row-no-0\"><td class=\"data-rank\" data-label=\"Pos\">1<\/td><td class=\"data-name has-logo\" data-label=\"Equipo\"><span class=\"team-logo\"><img loading=\"lazy\" decoding=\"async\" width=\"128\" height=\"128\" data-src=\"https:\/\/esquerra.com.ar\/voleibol\/wp-content\/uploads\/2024\/10\/Poeta-Lugones-Voley-Cordoba-Argentina-128x128.png\" class=\"attachment-sportspress-fit-icon size-sportspress-fit-icon wp-post-image lazyload\" alt=\"\" src=\"data:image\/gif;base64,R0lGODlhAQABAAAAACH5BAEKAAEALAAAAAABAAEAAAICTAEAOw==\" style=\"--smush-placeholder-width: 128px; --smush-placeholder-aspect-ratio: 128\/128;\" \/><noscript><img loading=\"lazy\" decoding=\"async\" width=\"128\" height=\"128\" data-src=\"https:\/\/esquerra.com.ar\/voleibol\/wp-content\/uploads\/2024\/10\/Poeta-Lugones-Voley-Cordoba-Argentina-128x128.png\" class=\"attachment-sportspress-fit-icon size-sportspress-fit-icon wp-post-image lazyload\" alt=\"\" src=\"data:image\/gif;base64,R0lGODlhAQABAAAAACH5BAEKAAEALAAAAAABAAEAAAICTAEAOw==\" style=\"--smush-placeholder-width: 128px; --smush-placeholder-aspect-ratio: 128\/128;\" \/><noscript><img loading=\"lazy\" decoding=\"async\" width=\"128\" height=\"128\" data-src=\"https:\/\/esquerra.com.ar\/voleibol\/wp-content\/uploads\/2024\/10\/Poeta-Lugones-Voley-Cordoba-Argentina-128x128.png\" class=\"attachment-sportspress-fit-icon size-sportspress-fit-icon wp-post-image lazyload\" alt=\"\" src=\"data:image\/gif;base64,R0lGODlhAQABAAAAACH5BAEKAAEALAAAAAABAAEAAAICTAEAOw==\" style=\"--smush-placeholder-width: 128px; --smush-placeholder-aspect-ratio: 128\/128;\" \/><noscript><img loading=\"lazy\" decoding=\"async\" width=\"128\" height=\"128\" data-src=\"https:\/\/esquerra.com.ar\/voleibol\/wp-content\/uploads\/2024\/10\/Poeta-Lugones-Voley-Cordoba-Argentina-128x128.png\" class=\"attachment-sportspress-fit-icon size-sportspress-fit-icon wp-post-image lazyload\" alt=\"\" src=\"data:image\/gif;base64,R0lGODlhAQABAAAAACH5BAEKAAEALAAAAAABAAEAAAICTAEAOw==\" style=\"--smush-placeholder-width: 128px; --smush-placeholder-aspect-ratio: 128\/128;\" \/><noscript><img loading=\"lazy\" decoding=\"async\" width=\"128\" height=\"128\" data-src=\"https:\/\/esquerra.com.ar\/voleibol\/wp-content\/uploads\/2024\/10\/Poeta-Lugones-Voley-Cordoba-Argentina-128x128.png\" class=\"attachment-sportspress-fit-icon size-sportspress-fit-icon wp-post-image lazyload\" alt=\"\" src=\"data:image\/gif;base64,R0lGODlhAQABAAAAACH5BAEKAAEALAAAAAABAAEAAAICTAEAOw==\" style=\"--smush-placeholder-width: 128px; --smush-placeholder-aspect-ratio: 128\/128;\" \/><noscript><img loading=\"lazy\" decoding=\"async\" width=\"128\" height=\"128\" data-src=\"https:\/\/esquerra.com.ar\/voleibol\/wp-content\/uploads\/2024\/10\/Poeta-Lugones-Voley-Cordoba-Argentina-128x128.png\" class=\"attachment-sportspress-fit-icon size-sportspress-fit-icon wp-post-image lazyload\" alt=\"\" src=\"data:image\/gif;base64,R0lGODlhAQABAAAAACH5BAEKAAEALAAAAAABAAEAAAICTAEAOw==\" style=\"--smush-placeholder-width: 128px; --smush-placeholder-aspect-ratio: 128\/128;\" \/><noscript><img loading=\"lazy\" decoding=\"async\" width=\"128\" height=\"128\" src=\"https:\/\/esquerra.com.ar\/voleibol\/wp-content\/uploads\/2024\/10\/Poeta-Lugones-Voley-Cordoba-Argentina-128x128.png\" class=\"attachment-sportspress-fit-icon size-sportspress-fit-icon wp-post-image\" alt=\"\" \/><\/noscript><\/noscript><\/noscript><\/noscript><\/noscript><\/noscript><\/span>Poeta Lugones (C\u00f3rdoba, Argentina)<\/td><td class=\"data-pts\" data-label=\"Pts\">9<\/td><td class=\"data-j\" data-label=\"J\">3<\/td><td class=\"data-g\" data-label=\"G\">3<\/td><td class=\"data-p\" data-label=\"P\">0<\/td><\/tr><tr class=\"even sp-row-no-1\"><td class=\"data-rank\" data-label=\"Pos\">2<\/td><td class=\"data-name has-logo\" data-label=\"Equipo\"><span class=\"team-logo\"><img loading=\"lazy\" decoding=\"async\" width=\"128\" height=\"128\" data-src=\"https:\/\/esquerra.com.ar\/voleibol\/wp-content\/uploads\/2025\/11\/Murano-Santiago-Chile-128x128.png\" class=\"attachment-sportspress-fit-icon size-sportspress-fit-icon wp-post-image lazyload\" alt=\"\" src=\"data:image\/gif;base64,R0lGODlhAQABAAAAACH5BAEKAAEALAAAAAABAAEAAAICTAEAOw==\" style=\"--smush-placeholder-width: 128px; --smush-placeholder-aspect-ratio: 128\/128;\" \/><noscript><img loading=\"lazy\" decoding=\"async\" width=\"128\" height=\"128\" data-src=\"https:\/\/esquerra.com.ar\/voleibol\/wp-content\/uploads\/2025\/11\/Murano-Santiago-Chile-128x128.png\" class=\"attachment-sportspress-fit-icon size-sportspress-fit-icon wp-post-image lazyload\" alt=\"\" src=\"data:image\/gif;base64,R0lGODlhAQABAAAAACH5BAEKAAEALAAAAAABAAEAAAICTAEAOw==\" style=\"--smush-placeholder-width: 128px; --smush-placeholder-aspect-ratio: 128\/128;\" \/><noscript><img loading=\"lazy\" decoding=\"async\" width=\"128\" height=\"128\" data-src=\"https:\/\/esquerra.com.ar\/voleibol\/wp-content\/uploads\/2025\/11\/Murano-Santiago-Chile-128x128.png\" class=\"attachment-sportspress-fit-icon size-sportspress-fit-icon wp-post-image lazyload\" alt=\"\" src=\"data:image\/gif;base64,R0lGODlhAQABAAAAACH5BAEKAAEALAAAAAABAAEAAAICTAEAOw==\" style=\"--smush-placeholder-width: 128px; --smush-placeholder-aspect-ratio: 128\/128;\" \/><noscript><img loading=\"lazy\" decoding=\"async\" width=\"128\" height=\"128\" data-src=\"https:\/\/esquerra.com.ar\/voleibol\/wp-content\/uploads\/2025\/11\/Murano-Santiago-Chile-128x128.png\" class=\"attachment-sportspress-fit-icon size-sportspress-fit-icon wp-post-image lazyload\" alt=\"\" src=\"data:image\/gif;base64,R0lGODlhAQABAAAAACH5BAEKAAEALAAAAAABAAEAAAICTAEAOw==\" style=\"--smush-placeholder-width: 128px; --smush-placeholder-aspect-ratio: 128\/128;\" \/><noscript><img loading=\"lazy\" decoding=\"async\" width=\"128\" height=\"128\" data-src=\"https:\/\/esquerra.com.ar\/voleibol\/wp-content\/uploads\/2025\/11\/Murano-Santiago-Chile-128x128.png\" class=\"attachment-sportspress-fit-icon size-sportspress-fit-icon wp-post-image lazyload\" alt=\"\" src=\"data:image\/gif;base64,R0lGODlhAQABAAAAACH5BAEKAAEALAAAAAABAAEAAAICTAEAOw==\" style=\"--smush-placeholder-width: 128px; --smush-placeholder-aspect-ratio: 128\/128;\" \/><noscript><img loading=\"lazy\" decoding=\"async\" width=\"128\" height=\"128\" data-src=\"https:\/\/esquerra.com.ar\/voleibol\/wp-content\/uploads\/2025\/11\/Murano-Santiago-Chile-128x128.png\" class=\"attachment-sportspress-fit-icon size-sportspress-fit-icon wp-post-image lazyload\" alt=\"\" src=\"data:image\/gif;base64,R0lGODlhAQABAAAAACH5BAEKAAEALAAAAAABAAEAAAICTAEAOw==\" style=\"--smush-placeholder-width: 128px; --smush-placeholder-aspect-ratio: 128\/128;\" \/><noscript><img loading=\"lazy\" decoding=\"async\" width=\"128\" height=\"128\" src=\"https:\/\/esquerra.com.ar\/voleibol\/wp-content\/uploads\/2025\/11\/Murano-Santiago-Chile-128x128.png\" class=\"attachment-sportspress-fit-icon size-sportspress-fit-icon wp-post-image\" alt=\"\" \/><\/noscript><\/noscript><\/noscript><\/noscript><\/noscript><\/noscript><\/span>Murano (Santiago, Chile)<\/td><td class=\"data-pts\" data-label=\"Pts\">7<\/td><td class=\"data-j\" data-label=\"J\">3<\/td><td class=\"data-g\" data-label=\"G\">2<\/td><td class=\"data-p\" data-label=\"P\">1<\/td><\/tr><tr class=\"odd sp-row-no-2\"><td class=\"data-rank\" data-label=\"Pos\">3<\/td><td class=\"data-name has-logo\" data-label=\"Equipo\"><span class=\"team-logo\"><img decoding=\"async\" width=\"128\" height=\"128\" data-src=\"https:\/\/esquerra.com.ar\/voleibol\/wp-content\/uploads\/2025\/11\/Mamba-Lima-Peru-128x128.png\" class=\"attachment-sportspress-fit-icon size-sportspress-fit-icon wp-post-image lazyload\" alt=\"\" src=\"data:image\/gif;base64,R0lGODlhAQABAAAAACH5BAEKAAEALAAAAAABAAEAAAICTAEAOw==\" style=\"--smush-placeholder-width: 128px; --smush-placeholder-aspect-ratio: 128\/128;\" \/><noscript><img decoding=\"async\" width=\"128\" height=\"128\" data-src=\"https:\/\/esquerra.com.ar\/voleibol\/wp-content\/uploads\/2025\/11\/Mamba-Lima-Peru-128x128.png\" class=\"attachment-sportspress-fit-icon size-sportspress-fit-icon wp-post-image lazyload\" alt=\"\" src=\"data:image\/gif;base64,R0lGODlhAQABAAAAACH5BAEKAAEALAAAAAABAAEAAAICTAEAOw==\" style=\"--smush-placeholder-width: 128px; --smush-placeholder-aspect-ratio: 128\/128;\" \/><noscript><img decoding=\"async\" width=\"128\" height=\"128\" data-src=\"https:\/\/esquerra.com.ar\/voleibol\/wp-content\/uploads\/2025\/11\/Mamba-Lima-Peru-128x128.png\" class=\"attachment-sportspress-fit-icon size-sportspress-fit-icon wp-post-image lazyload\" alt=\"\" src=\"data:image\/gif;base64,R0lGODlhAQABAAAAACH5BAEKAAEALAAAAAABAAEAAAICTAEAOw==\" style=\"--smush-placeholder-width: 128px; --smush-placeholder-aspect-ratio: 128\/128;\" \/><noscript><img decoding=\"async\" width=\"128\" height=\"128\" data-src=\"https:\/\/esquerra.com.ar\/voleibol\/wp-content\/uploads\/2025\/11\/Mamba-Lima-Peru-128x128.png\" class=\"attachment-sportspress-fit-icon size-sportspress-fit-icon wp-post-image lazyload\" alt=\"\" src=\"data:image\/gif;base64,R0lGODlhAQABAAAAACH5BAEKAAEALAAAAAABAAEAAAICTAEAOw==\" style=\"--smush-placeholder-width: 128px; --smush-placeholder-aspect-ratio: 128\/128;\" \/><noscript><img decoding=\"async\" width=\"128\" height=\"128\" data-src=\"https:\/\/esquerra.com.ar\/voleibol\/wp-content\/uploads\/2025\/11\/Mamba-Lima-Peru-128x128.png\" class=\"attachment-sportspress-fit-icon size-sportspress-fit-icon wp-post-image lazyload\" alt=\"\" src=\"data:image\/gif;base64,R0lGODlhAQABAAAAACH5BAEKAAEALAAAAAABAAEAAAICTAEAOw==\" style=\"--smush-placeholder-width: 128px; --smush-placeholder-aspect-ratio: 128\/128;\" \/><noscript><img decoding=\"async\" width=\"128\" height=\"128\" data-src=\"https:\/\/esquerra.com.ar\/voleibol\/wp-content\/uploads\/2025\/11\/Mamba-Lima-Peru-128x128.png\" class=\"attachment-sportspress-fit-icon size-sportspress-fit-icon wp-post-image lazyload\" alt=\"\" src=\"data:image\/gif;base64,R0lGODlhAQABAAAAACH5BAEKAAEALAAAAAABAAEAAAICTAEAOw==\" style=\"--smush-placeholder-width: 128px; --smush-placeholder-aspect-ratio: 128\/128;\" \/><noscript><img decoding=\"async\" width=\"128\" height=\"128\" data-src=\"https:\/\/esquerra.com.ar\/voleibol\/wp-content\/uploads\/2025\/11\/Mamba-Lima-Peru-128x128.png\" class=\"attachment-sportspress-fit-icon size-sportspress-fit-icon wp-post-image lazyload\" alt=\"\" src=\"data:image\/gif;base64,R0lGODlhAQABAAAAACH5BAEKAAEALAAAAAABAAEAAAICTAEAOw==\" style=\"--smush-placeholder-width: 128px; --smush-placeholder-aspect-ratio: 128\/128;\" \/><noscript><img decoding=\"async\" width=\"128\" height=\"128\" data-src=\"https:\/\/esquerra.com.ar\/voleibol\/wp-content\/uploads\/2025\/11\/Mamba-Lima-Peru-128x128.png\" class=\"attachment-sportspress-fit-icon size-sportspress-fit-icon wp-post-image lazyload\" alt=\"\" src=\"data:image\/gif;base64,R0lGODlhAQABAAAAACH5BAEKAAEALAAAAAABAAEAAAICTAEAOw==\" style=\"--smush-placeholder-width: 128px; --smush-placeholder-aspect-ratio: 128\/128;\" \/><noscript><img decoding=\"async\" width=\"128\" height=\"128\" data-src=\"https:\/\/esquerra.com.ar\/voleibol\/wp-content\/uploads\/2025\/11\/Mamba-Lima-Peru-128x128.png\" class=\"attachment-sportspress-fit-icon size-sportspress-fit-icon wp-post-image lazyload\" alt=\"\" src=\"data:image\/gif;base64,R0lGODlhAQABAAAAACH5BAEKAAEALAAAAAABAAEAAAICTAEAOw==\" style=\"--smush-placeholder-width: 128px; --smush-placeholder-aspect-ratio: 128\/128;\" \/><noscript><img decoding=\"async\" width=\"128\" height=\"128\" data-src=\"https:\/\/esquerra.com.ar\/voleibol\/wp-content\/uploads\/2025\/11\/Mamba-Lima-Peru-128x128.png\" class=\"attachment-sportspress-fit-icon size-sportspress-fit-icon wp-post-image lazyload\" alt=\"\" src=\"data:image\/gif;base64,R0lGODlhAQABAAAAACH5BAEKAAEALAAAAAABAAEAAAICTAEAOw==\" style=\"--smush-placeholder-width: 128px; --smush-placeholder-aspect-ratio: 128\/128;\" \/><noscript><img decoding=\"async\" width=\"128\" height=\"128\" data-src=\"https:\/\/esquerra.com.ar\/voleibol\/wp-content\/uploads\/2025\/11\/Mamba-Lima-Peru-128x128.png\" class=\"attachment-sportspress-fit-icon size-sportspress-fit-icon wp-post-image lazyload\" alt=\"\" src=\"data:image\/gif;base64,R0lGODlhAQABAAAAACH5BAEKAAEALAAAAAABAAEAAAICTAEAOw==\" style=\"--smush-placeholder-width: 128px; --smush-placeholder-aspect-ratio: 128\/128;\" \/><noscript><img decoding=\"async\" width=\"128\" height=\"128\" data-src=\"https:\/\/esquerra.com.ar\/voleibol\/wp-content\/uploads\/2025\/11\/Mamba-Lima-Peru-128x128.png\" class=\"attachment-sportspress-fit-icon size-sportspress-fit-icon wp-post-image lazyload\" alt=\"\" src=\"data:image\/gif;base64,R0lGODlhAQABAAAAACH5BAEKAAEALAAAAAABAAEAAAICTAEAOw==\" style=\"--smush-placeholder-width: 128px; --smush-placeholder-aspect-ratio: 128\/128;\" \/><noscript><img decoding=\"async\" width=\"128\" height=\"128\" src=\"https:\/\/esquerra.com.ar\/voleibol\/wp-content\/uploads\/2025\/11\/Mamba-Lima-Peru-128x128.png\" class=\"attachment-sportspress-fit-icon size-sportspress-fit-icon wp-post-image\" alt=\"\" \/><\/noscript><\/noscript><\/noscript><\/noscript><\/noscript><\/noscript><\/noscript><\/noscript><\/noscript><\/noscript><\/noscript><\/noscript><\/span>Mamba (B) (Lima, Per\u00fa)<\/td><td class=\"data-pts\" data-label=\"Pts\">5<\/td><td class=\"data-j\" data-label=\"J\">3<\/td><td class=\"data-g\" data-label=\"G\">1<\/td><td class=\"data-p\" data-label=\"P\">2<\/td><\/tr><tr class=\"even sp-row-no-3\"><td class=\"data-rank\" data-label=\"Pos\">4<\/td><td class=\"data-name has-logo\" data-label=\"Equipo\"><span class=\"team-logo\"><img loading=\"lazy\" decoding=\"async\" width=\"128\" height=\"128\" data-src=\"https:\/\/esquerra.com.ar\/voleibol\/wp-content\/uploads\/2025\/11\/Defensores-Villa-Dolores-Argentina-128x128.png\" class=\"attachment-sportspress-fit-icon size-sportspress-fit-icon wp-post-image lazyload\" alt=\"\" src=\"data:image\/gif;base64,R0lGODlhAQABAAAAACH5BAEKAAEALAAAAAABAAEAAAICTAEAOw==\" style=\"--smush-placeholder-width: 128px; --smush-placeholder-aspect-ratio: 128\/128;\" \/><noscript><img loading=\"lazy\" decoding=\"async\" width=\"128\" height=\"128\" data-src=\"https:\/\/esquerra.com.ar\/voleibol\/wp-content\/uploads\/2025\/11\/Defensores-Villa-Dolores-Argentina-128x128.png\" class=\"attachment-sportspress-fit-icon size-sportspress-fit-icon wp-post-image lazyload\" alt=\"\" src=\"data:image\/gif;base64,R0lGODlhAQABAAAAACH5BAEKAAEALAAAAAABAAEAAAICTAEAOw==\" style=\"--smush-placeholder-width: 128px; --smush-placeholder-aspect-ratio: 128\/128;\" \/><noscript><img loading=\"lazy\" decoding=\"async\" width=\"128\" height=\"128\" data-src=\"https:\/\/esquerra.com.ar\/voleibol\/wp-content\/uploads\/2025\/11\/Defensores-Villa-Dolores-Argentina-128x128.png\" class=\"attachment-sportspress-fit-icon size-sportspress-fit-icon wp-post-image lazyload\" alt=\"\" src=\"data:image\/gif;base64,R0lGODlhAQABAAAAACH5BAEKAAEALAAAAAABAAEAAAICTAEAOw==\" style=\"--smush-placeholder-width: 128px; --smush-placeholder-aspect-ratio: 128\/128;\" \/><noscript><img loading=\"lazy\" decoding=\"async\" width=\"128\" height=\"128\" data-src=\"https:\/\/esquerra.com.ar\/voleibol\/wp-content\/uploads\/2025\/11\/Defensores-Villa-Dolores-Argentina-128x128.png\" class=\"attachment-sportspress-fit-icon size-sportspress-fit-icon wp-post-image lazyload\" alt=\"\" src=\"data:image\/gif;base64,R0lGODlhAQABAAAAACH5BAEKAAEALAAAAAABAAEAAAICTAEAOw==\" style=\"--smush-placeholder-width: 128px; --smush-placeholder-aspect-ratio: 128\/128;\" \/><noscript><img loading=\"lazy\" decoding=\"async\" width=\"128\" height=\"128\" data-src=\"https:\/\/esquerra.com.ar\/voleibol\/wp-content\/uploads\/2025\/11\/Defensores-Villa-Dolores-Argentina-128x128.png\" class=\"attachment-sportspress-fit-icon size-sportspress-fit-icon wp-post-image lazyload\" alt=\"\" src=\"data:image\/gif;base64,R0lGODlhAQABAAAAACH5BAEKAAEALAAAAAABAAEAAAICTAEAOw==\" style=\"--smush-placeholder-width: 128px; --smush-placeholder-aspect-ratio: 128\/128;\" \/><noscript><img loading=\"lazy\" decoding=\"async\" width=\"128\" height=\"128\" data-src=\"https:\/\/esquerra.com.ar\/voleibol\/wp-content\/uploads\/2025\/11\/Defensores-Villa-Dolores-Argentina-128x128.png\" class=\"attachment-sportspress-fit-icon size-sportspress-fit-icon wp-post-image lazyload\" alt=\"\" src=\"data:image\/gif;base64,R0lGODlhAQABAAAAACH5BAEKAAEALAAAAAABAAEAAAICTAEAOw==\" style=\"--smush-placeholder-width: 128px; --smush-placeholder-aspect-ratio: 128\/128;\" \/><noscript><img loading=\"lazy\" decoding=\"async\" width=\"128\" height=\"128\" src=\"https:\/\/esquerra.com.ar\/voleibol\/wp-content\/uploads\/2025\/11\/Defensores-Villa-Dolores-Argentina-128x128.png\" class=\"attachment-sportspress-fit-icon size-sportspress-fit-icon wp-post-image\" alt=\"\" \/><\/noscript><\/noscript><\/noscript><\/noscript><\/noscript><\/noscript><\/span>Defensores (Villa Dolores, Argentina)<\/td><td class=\"data-pts\" data-label=\"Pts\">3<\/td><td class=\"data-j\" data-label=\"J\">3<\/td><td class=\"data-g\" data-label=\"G\">0<\/td><td class=\"data-p\" data-label=\"P\">3<\/td><\/tr><\/tbody><\/table><\/div><\/div>\n<\/div><\/p>\n<\/div><\/details><\/div>\n\n\n\n<div class=\"wp-block-coblocks-accordion-item has-custom-font has-custom-transform\" style=\"font-family:Montserrat;text-transform:uppercase\"><details><summary class=\"wp-block-coblocks-accordion-item__title has-background has-text-color has-nv-site-bg-color\" style=\"background-color:#002f68\">FIXTURE Y RESULTADOS<\/summary><div class=\"wp-block-coblocks-accordion-item__content\" style=\"border-color:#002f68\"><div class=\"sportspress\"><h4 class=\"sp-table-caption\">Fase regular<\/h4><div class=\"sp-template sp-template-event-blocks\">\n\t<div class=\"sp-table-wrapper\">\n\t\t<table class=\"sp-event-blocks sp-data-table\n\t\t\t\t\t sp-paginated-table\" data-sp-rows=\"99\">\n\t\t\t<thead><tr><th><\/th><\/tr><\/thead> \t\t\t<tbody>\n\t\t\t\t\t\t\t\t\t<tr class=\"sp-row sp-post alternate\" itemscope itemtype=\"http:\/\/schema.org\/SportsEvent\">\n\t\t\t\t\t\t<td>\n\t\t\t\t\t\t\t\t\t\t\t\t\t\t<span class=\"team-logo logo-odd\" title=\"Parque Central (Neuqu\u00e9n, Argentina)\"><img loading=\"lazy\" decoding=\"async\" width=\"128\" height=\"128\" data-src=\"https:\/\/esquerra.com.ar\/voleibol\/wp-content\/uploads\/2025\/11\/Parque-Central-Neuquen-Argentina-128x128.png\" class=\"attachment-sportspress-fit-icon size-sportspress-fit-icon wp-post-image lazyload\" alt=\"\" src=\"data:image\/gif;base64,R0lGODlhAQABAAAAACH5BAEKAAEALAAAAAABAAEAAAICTAEAOw==\" style=\"--smush-placeholder-width: 128px; --smush-placeholder-aspect-ratio: 128\/128;\" \/><noscript><img loading=\"lazy\" decoding=\"async\" width=\"128\" height=\"128\" data-src=\"https:\/\/esquerra.com.ar\/voleibol\/wp-content\/uploads\/2025\/11\/Parque-Central-Neuquen-Argentina-128x128.png\" class=\"attachment-sportspress-fit-icon size-sportspress-fit-icon wp-post-image lazyload\" alt=\"\" src=\"data:image\/gif;base64,R0lGODlhAQABAAAAACH5BAEKAAEALAAAAAABAAEAAAICTAEAOw==\" style=\"--smush-placeholder-width: 128px; --smush-placeholder-aspect-ratio: 128\/128;\" \/><noscript><img loading=\"lazy\" decoding=\"async\" width=\"128\" height=\"128\" data-src=\"https:\/\/esquerra.com.ar\/voleibol\/wp-content\/uploads\/2025\/11\/Parque-Central-Neuquen-Argentina-128x128.png\" class=\"attachment-sportspress-fit-icon size-sportspress-fit-icon wp-post-image lazyload\" alt=\"\" src=\"data:image\/gif;base64,R0lGODlhAQABAAAAACH5BAEKAAEALAAAAAABAAEAAAICTAEAOw==\" style=\"--smush-placeholder-width: 128px; --smush-placeholder-aspect-ratio: 128\/128;\" \/><noscript><img loading=\"lazy\" decoding=\"async\" width=\"128\" height=\"128\" data-src=\"https:\/\/esquerra.com.ar\/voleibol\/wp-content\/uploads\/2025\/11\/Parque-Central-Neuquen-Argentina-128x128.png\" class=\"attachment-sportspress-fit-icon size-sportspress-fit-icon wp-post-image lazyload\" alt=\"\" src=\"data:image\/gif;base64,R0lGODlhAQABAAAAACH5BAEKAAEALAAAAAABAAEAAAICTAEAOw==\" style=\"--smush-placeholder-width: 128px; --smush-placeholder-aspect-ratio: 128\/128;\" \/><noscript><img loading=\"lazy\" decoding=\"async\" width=\"128\" height=\"128\" data-src=\"https:\/\/esquerra.com.ar\/voleibol\/wp-content\/uploads\/2025\/11\/Parque-Central-Neuquen-Argentina-128x128.png\" class=\"attachment-sportspress-fit-icon size-sportspress-fit-icon wp-post-image lazyload\" alt=\"\" src=\"data:image\/gif;base64,R0lGODlhAQABAAAAACH5BAEKAAEALAAAAAABAAEAAAICTAEAOw==\" style=\"--smush-placeholder-width: 128px; --smush-placeholder-aspect-ratio: 128\/128;\" \/><noscript><img loading=\"lazy\" decoding=\"async\" width=\"128\" height=\"128\" data-src=\"https:\/\/esquerra.com.ar\/voleibol\/wp-content\/uploads\/2025\/11\/Parque-Central-Neuquen-Argentina-128x128.png\" class=\"attachment-sportspress-fit-icon size-sportspress-fit-icon wp-post-image lazyload\" alt=\"\" src=\"data:image\/gif;base64,R0lGODlhAQABAAAAACH5BAEKAAEALAAAAAABAAEAAAICTAEAOw==\" style=\"--smush-placeholder-width: 128px; --smush-placeholder-aspect-ratio: 128\/128;\" \/><noscript><img loading=\"lazy\" decoding=\"async\" width=\"128\" height=\"128\" src=\"https:\/\/esquerra.com.ar\/voleibol\/wp-content\/uploads\/2025\/11\/Parque-Central-Neuquen-Argentina-128x128.png\" class=\"attachment-sportspress-fit-icon size-sportspress-fit-icon wp-post-image\" alt=\"\" \/><\/noscript><\/noscript><\/noscript><\/noscript><\/noscript><\/noscript><\/span> <span class=\"team-logo logo-even\" title=\"Nuestra Se\u00f1ora del Huerto (Quillota, Chile)\"><img loading=\"lazy\" decoding=\"async\" width=\"128\" height=\"128\" data-src=\"https:\/\/esquerra.com.ar\/voleibol\/wp-content\/uploads\/2025\/11\/Nuestra-Senora-del-Huerto-Quillota-Chile-scaled.png\" class=\"attachment-sportspress-fit-icon size-sportspress-fit-icon wp-post-image lazyload\" alt=\"\" src=\"data:image\/gif;base64,R0lGODlhAQABAAAAACH5BAEKAAEALAAAAAABAAEAAAICTAEAOw==\" style=\"--smush-placeholder-width: 128px; --smush-placeholder-aspect-ratio: 128\/128;\" \/><noscript><img loading=\"lazy\" decoding=\"async\" width=\"128\" height=\"128\" data-src=\"https:\/\/esquerra.com.ar\/voleibol\/wp-content\/uploads\/2025\/11\/Nuestra-Senora-del-Huerto-Quillota-Chile-scaled.png\" class=\"attachment-sportspress-fit-icon size-sportspress-fit-icon wp-post-image lazyload\" alt=\"\" src=\"data:image\/gif;base64,R0lGODlhAQABAAAAACH5BAEKAAEALAAAAAABAAEAAAICTAEAOw==\" style=\"--smush-placeholder-width: 128px; --smush-placeholder-aspect-ratio: 128\/128;\" \/><noscript><img loading=\"lazy\" decoding=\"async\" width=\"128\" height=\"128\" data-src=\"https:\/\/esquerra.com.ar\/voleibol\/wp-content\/uploads\/2025\/11\/Nuestra-Senora-del-Huerto-Quillota-Chile-scaled.png\" class=\"attachment-sportspress-fit-icon size-sportspress-fit-icon wp-post-image lazyload\" alt=\"\" src=\"data:image\/gif;base64,R0lGODlhAQABAAAAACH5BAEKAAEALAAAAAABAAEAAAICTAEAOw==\" style=\"--smush-placeholder-width: 128px; --smush-placeholder-aspect-ratio: 128\/128;\" \/><noscript><img loading=\"lazy\" decoding=\"async\" width=\"128\" height=\"128\" data-src=\"https:\/\/esquerra.com.ar\/voleibol\/wp-content\/uploads\/2025\/11\/Nuestra-Senora-del-Huerto-Quillota-Chile-scaled.png\" class=\"attachment-sportspress-fit-icon size-sportspress-fit-icon wp-post-image lazyload\" alt=\"\" src=\"data:image\/gif;base64,R0lGODlhAQABAAAAACH5BAEKAAEALAAAAAABAAEAAAICTAEAOw==\" style=\"--smush-placeholder-width: 128px; --smush-placeholder-aspect-ratio: 128\/128;\" \/><noscript><img loading=\"lazy\" decoding=\"async\" width=\"128\" height=\"128\" data-src=\"https:\/\/esquerra.com.ar\/voleibol\/wp-content\/uploads\/2025\/11\/Nuestra-Senora-del-Huerto-Quillota-Chile-scaled.png\" class=\"attachment-sportspress-fit-icon size-sportspress-fit-icon wp-post-image lazyload\" alt=\"\" src=\"data:image\/gif;base64,R0lGODlhAQABAAAAACH5BAEKAAEALAAAAAABAAEAAAICTAEAOw==\" style=\"--smush-placeholder-width: 128px; --smush-placeholder-aspect-ratio: 128\/128;\" \/><noscript><img loading=\"lazy\" decoding=\"async\" width=\"128\" height=\"128\" data-src=\"https:\/\/esquerra.com.ar\/voleibol\/wp-content\/uploads\/2025\/11\/Nuestra-Senora-del-Huerto-Quillota-Chile-scaled.png\" class=\"attachment-sportspress-fit-icon size-sportspress-fit-icon wp-post-image lazyload\" alt=\"\" src=\"data:image\/gif;base64,R0lGODlhAQABAAAAACH5BAEKAAEALAAAAAABAAEAAAICTAEAOw==\" style=\"--smush-placeholder-width: 128px; --smush-placeholder-aspect-ratio: 128\/128;\" \/><noscript><img loading=\"lazy\" decoding=\"async\" width=\"128\" height=\"128\" src=\"https:\/\/esquerra.com.ar\/voleibol\/wp-content\/uploads\/2025\/11\/Nuestra-Senora-del-Huerto-Quillota-Chile-scaled.png\" class=\"attachment-sportspress-fit-icon size-sportspress-fit-icon wp-post-image\" alt=\"\" \/><\/noscript><\/noscript><\/noscript><\/noscript><\/noscript><\/noscript><\/span>\t\t\t\t\t\t\t<time class=\"sp-event-date\" datetime=\"2025-11-28 16:00:50\" itemprop=\"startDate\" content=\"2025-11-28T16:00:50-03:00\">\n\t\t\t\t\t\t\t\t<a href=\"https:\/\/esquerra.com.ar\/voleibol\/event\/parque-central-neuquen-argentina-vs-nuestra-senora-del-huerto-quillota-chile\/\">28\/11\/2025<\/a>\t\t\t\t\t\t\t<\/time>\n\t\t\t\t\t\t\t\t\t\t\t\t\t\t<h5 class=\"sp-event-results\">\n\t\t\t\t\t\t\t\t<a href=\"https:\/\/esquerra.com.ar\/voleibol\/event\/parque-central-neuquen-argentina-vs-nuestra-senora-del-huerto-quillota-chile\/\"><span class=\"sp-result ok\">2<\/span> - <span class=\"sp-result\">1<\/span><\/a>\t\t\t\t\t\t\t<\/h5>\n\t\t\t\t\t\t\t\t\t\t\t\t\t\t\t\t\t\t\t\t\t\t<div class=\"sp-event-season\">U16F \u2013 Noviembre 2025 \u2013 ZONA B<\/div>\n\t\t\t\t\t\t\t\t\t\t\t\t\t\t\t\t\t\t\t\t\t\t\t\t\t\t\t\t\t\t<div class=\"sp-event-venue\" itemprop=\"location\" itemscope itemtype=\"http:\/\/schema.org\/Place\"><div itemprop=\"address\" itemscope itemtype=\"http:\/\/schema.org\/PostalAddress\">Rieles - Cancha 1<\/div><\/div>\n\t\t\t\t\t\t\t\t\t\t\t\t\t\t\t\t\t\t\t\t\t\t\t\t\t\t\t\t\t\t<div style=\"display:none;\" class=\"sp-event-venue\" itemprop=\"location\" itemscope itemtype=\"http:\/\/schema.org\/Place\"><div itemprop=\"address\" itemscope itemtype=\"http:\/\/schema.org\/PostalAddress\">N\/D<\/div><\/div>\n\t\t\t\t\t\t\t\t\t\t\t\t\t\t<h4 class=\"sp-event-title\" itemprop=\"name\">\n\t\t\t\t\t\t\t\t<a href=\"https:\/\/esquerra.com.ar\/voleibol\/event\/parque-central-neuquen-argentina-vs-nuestra-senora-del-huerto-quillota-chile\/\">Parque Central (Neuqu\u00e9n, Argentina) vs Nuestra Se\u00f1ora del Huerto (Quillota, Chile)<\/a>\t\t\t\t\t\t\t<\/h4>\n\t\t\t\t\t\t\t\n\t\t\t\t\t\t<\/td>\n\t\t\t\t\t<\/tr>\n\t\t\t\t\t\t\t\t\t\t<tr class=\"sp-row sp-post\" itemscope itemtype=\"http:\/\/schema.org\/SportsEvent\">\n\t\t\t\t\t\t<td>\n\t\t\t\t\t\t\t\t\t\t\t\t\t\t<span class=\"team-logo logo-odd\" title=\"Defensores (Villa Dolores, Argentina)\"><img loading=\"lazy\" decoding=\"async\" width=\"128\" height=\"128\" data-src=\"https:\/\/esquerra.com.ar\/voleibol\/wp-content\/uploads\/2025\/11\/Defensores-Villa-Dolores-Argentina-128x128.png\" class=\"attachment-sportspress-fit-icon size-sportspress-fit-icon wp-post-image lazyload\" alt=\"\" src=\"data:image\/gif;base64,R0lGODlhAQABAAAAACH5BAEKAAEALAAAAAABAAEAAAICTAEAOw==\" style=\"--smush-placeholder-width: 128px; --smush-placeholder-aspect-ratio: 128\/128;\" \/><noscript><img loading=\"lazy\" decoding=\"async\" width=\"128\" height=\"128\" data-src=\"https:\/\/esquerra.com.ar\/voleibol\/wp-content\/uploads\/2025\/11\/Defensores-Villa-Dolores-Argentina-128x128.png\" class=\"attachment-sportspress-fit-icon size-sportspress-fit-icon wp-post-image lazyload\" alt=\"\" src=\"data:image\/gif;base64,R0lGODlhAQABAAAAACH5BAEKAAEALAAAAAABAAEAAAICTAEAOw==\" style=\"--smush-placeholder-width: 128px; --smush-placeholder-aspect-ratio: 128\/128;\" \/><noscript><img loading=\"lazy\" decoding=\"async\" width=\"128\" height=\"128\" data-src=\"https:\/\/esquerra.com.ar\/voleibol\/wp-content\/uploads\/2025\/11\/Defensores-Villa-Dolores-Argentina-128x128.png\" class=\"attachment-sportspress-fit-icon size-sportspress-fit-icon wp-post-image lazyload\" alt=\"\" src=\"data:image\/gif;base64,R0lGODlhAQABAAAAACH5BAEKAAEALAAAAAABAAEAAAICTAEAOw==\" style=\"--smush-placeholder-width: 128px; --smush-placeholder-aspect-ratio: 128\/128;\" \/><noscript><img loading=\"lazy\" decoding=\"async\" width=\"128\" height=\"128\" data-src=\"https:\/\/esquerra.com.ar\/voleibol\/wp-content\/uploads\/2025\/11\/Defensores-Villa-Dolores-Argentina-128x128.png\" class=\"attachment-sportspress-fit-icon size-sportspress-fit-icon wp-post-image lazyload\" alt=\"\" src=\"data:image\/gif;base64,R0lGODlhAQABAAAAACH5BAEKAAEALAAAAAABAAEAAAICTAEAOw==\" style=\"--smush-placeholder-width: 128px; --smush-placeholder-aspect-ratio: 128\/128;\" \/><noscript><img loading=\"lazy\" decoding=\"async\" width=\"128\" height=\"128\" data-src=\"https:\/\/esquerra.com.ar\/voleibol\/wp-content\/uploads\/2025\/11\/Defensores-Villa-Dolores-Argentina-128x128.png\" class=\"attachment-sportspress-fit-icon size-sportspress-fit-icon wp-post-image lazyload\" alt=\"\" src=\"data:image\/gif;base64,R0lGODlhAQABAAAAACH5BAEKAAEALAAAAAABAAEAAAICTAEAOw==\" style=\"--smush-placeholder-width: 128px; --smush-placeholder-aspect-ratio: 128\/128;\" \/><noscript><img loading=\"lazy\" decoding=\"async\" width=\"128\" height=\"128\" data-src=\"https:\/\/esquerra.com.ar\/voleibol\/wp-content\/uploads\/2025\/11\/Defensores-Villa-Dolores-Argentina-128x128.png\" class=\"attachment-sportspress-fit-icon size-sportspress-fit-icon wp-post-image lazyload\" alt=\"\" src=\"data:image\/gif;base64,R0lGODlhAQABAAAAACH5BAEKAAEALAAAAAABAAEAAAICTAEAOw==\" style=\"--smush-placeholder-width: 128px; --smush-placeholder-aspect-ratio: 128\/128;\" \/><noscript><img loading=\"lazy\" decoding=\"async\" width=\"128\" height=\"128\" src=\"https:\/\/esquerra.com.ar\/voleibol\/wp-content\/uploads\/2025\/11\/Defensores-Villa-Dolores-Argentina-128x128.png\" class=\"attachment-sportspress-fit-icon size-sportspress-fit-icon wp-post-image\" alt=\"\" \/><\/noscript><\/noscript><\/noscript><\/noscript><\/noscript><\/noscript><\/span> <span class=\"team-logo logo-even\" title=\"Poeta Lugones (C\u00f3rdoba, Argentina)\"><img loading=\"lazy\" decoding=\"async\" width=\"128\" height=\"128\" data-src=\"https:\/\/esquerra.com.ar\/voleibol\/wp-content\/uploads\/2024\/10\/Poeta-Lugones-Voley-Cordoba-Argentina-128x128.png\" class=\"attachment-sportspress-fit-icon size-sportspress-fit-icon wp-post-image lazyload\" alt=\"\" src=\"data:image\/gif;base64,R0lGODlhAQABAAAAACH5BAEKAAEALAAAAAABAAEAAAICTAEAOw==\" style=\"--smush-placeholder-width: 128px; --smush-placeholder-aspect-ratio: 128\/128;\" \/><noscript><img loading=\"lazy\" decoding=\"async\" width=\"128\" height=\"128\" data-src=\"https:\/\/esquerra.com.ar\/voleibol\/wp-content\/uploads\/2024\/10\/Poeta-Lugones-Voley-Cordoba-Argentina-128x128.png\" class=\"attachment-sportspress-fit-icon size-sportspress-fit-icon wp-post-image lazyload\" alt=\"\" src=\"data:image\/gif;base64,R0lGODlhAQABAAAAACH5BAEKAAEALAAAAAABAAEAAAICTAEAOw==\" style=\"--smush-placeholder-width: 128px; --smush-placeholder-aspect-ratio: 128\/128;\" \/><noscript><img loading=\"lazy\" decoding=\"async\" width=\"128\" height=\"128\" data-src=\"https:\/\/esquerra.com.ar\/voleibol\/wp-content\/uploads\/2024\/10\/Poeta-Lugones-Voley-Cordoba-Argentina-128x128.png\" class=\"attachment-sportspress-fit-icon size-sportspress-fit-icon wp-post-image lazyload\" alt=\"\" src=\"data:image\/gif;base64,R0lGODlhAQABAAAAACH5BAEKAAEALAAAAAABAAEAAAICTAEAOw==\" style=\"--smush-placeholder-width: 128px; --smush-placeholder-aspect-ratio: 128\/128;\" \/><noscript><img loading=\"lazy\" decoding=\"async\" width=\"128\" height=\"128\" data-src=\"https:\/\/esquerra.com.ar\/voleibol\/wp-content\/uploads\/2024\/10\/Poeta-Lugones-Voley-Cordoba-Argentina-128x128.png\" class=\"attachment-sportspress-fit-icon size-sportspress-fit-icon wp-post-image lazyload\" alt=\"\" src=\"data:image\/gif;base64,R0lGODlhAQABAAAAACH5BAEKAAEALAAAAAABAAEAAAICTAEAOw==\" style=\"--smush-placeholder-width: 128px; --smush-placeholder-aspect-ratio: 128\/128;\" \/><noscript><img loading=\"lazy\" decoding=\"async\" width=\"128\" height=\"128\" data-src=\"https:\/\/esquerra.com.ar\/voleibol\/wp-content\/uploads\/2024\/10\/Poeta-Lugones-Voley-Cordoba-Argentina-128x128.png\" class=\"attachment-sportspress-fit-icon size-sportspress-fit-icon wp-post-image lazyload\" alt=\"\" src=\"data:image\/gif;base64,R0lGODlhAQABAAAAACH5BAEKAAEALAAAAAABAAEAAAICTAEAOw==\" style=\"--smush-placeholder-width: 128px; --smush-placeholder-aspect-ratio: 128\/128;\" \/><noscript><img loading=\"lazy\" decoding=\"async\" width=\"128\" height=\"128\" data-src=\"https:\/\/esquerra.com.ar\/voleibol\/wp-content\/uploads\/2024\/10\/Poeta-Lugones-Voley-Cordoba-Argentina-128x128.png\" class=\"attachment-sportspress-fit-icon size-sportspress-fit-icon wp-post-image lazyload\" alt=\"\" src=\"data:image\/gif;base64,R0lGODlhAQABAAAAACH5BAEKAAEALAAAAAABAAEAAAICTAEAOw==\" style=\"--smush-placeholder-width: 128px; --smush-placeholder-aspect-ratio: 128\/128;\" \/><noscript><img loading=\"lazy\" decoding=\"async\" width=\"128\" height=\"128\" src=\"https:\/\/esquerra.com.ar\/voleibol\/wp-content\/uploads\/2024\/10\/Poeta-Lugones-Voley-Cordoba-Argentina-128x128.png\" class=\"attachment-sportspress-fit-icon size-sportspress-fit-icon wp-post-image\" alt=\"\" \/><\/noscript><\/noscript><\/noscript><\/noscript><\/noscript><\/noscript><\/span>\t\t\t\t\t\t\t<time class=\"sp-event-date\" datetime=\"2025-11-28 16:30:17\" itemprop=\"startDate\" content=\"2025-11-28T16:30:17-03:00\">\n\t\t\t\t\t\t\t\t<a href=\"https:\/\/esquerra.com.ar\/voleibol\/event\/defensores-villa-dolores-argentina-vs-poeta-lugones-cordoba-argentina\/\">28\/11\/2025<\/a>\t\t\t\t\t\t\t<\/time>\n\t\t\t\t\t\t\t\t\t\t\t\t\t\t<h5 class=\"sp-event-results\">\n\t\t\t\t\t\t\t\t<a href=\"https:\/\/esquerra.com.ar\/voleibol\/event\/defensores-villa-dolores-argentina-vs-poeta-lugones-cordoba-argentina\/\"><span class=\"sp-result ok\">0<\/span> - <span class=\"sp-result\">2<\/span><\/a>\t\t\t\t\t\t\t<\/h5>\n\t\t\t\t\t\t\t\t\t\t\t\t\t\t\t\t\t\t\t\t\t\t<div class=\"sp-event-season\">U16F \u2013 Noviembre 2025 \u2013 ZONA D<\/div>\n\t\t\t\t\t\t\t\t\t\t\t\t\t\t\t\t\t\t\t\t\t\t\t\t\t\t\t\t\t\t<div class=\"sp-event-venue\" itemprop=\"location\" itemscope itemtype=\"http:\/\/schema.org\/Place\"><div itemprop=\"address\" itemscope itemtype=\"http:\/\/schema.org\/PostalAddress\">Hind\u00fa - Cancha 1<\/div><\/div>\n\t\t\t\t\t\t\t\t\t\t\t\t\t\t\t\t\t\t\t\t\t\t\t\t\t\t\t\t\t\t<div style=\"display:none;\" class=\"sp-event-venue\" itemprop=\"location\" itemscope itemtype=\"http:\/\/schema.org\/Place\"><div itemprop=\"address\" itemscope itemtype=\"http:\/\/schema.org\/PostalAddress\">N\/D<\/div><\/div>\n\t\t\t\t\t\t\t\t\t\t\t\t\t\t<h4 class=\"sp-event-title\" itemprop=\"name\">\n\t\t\t\t\t\t\t\t<a href=\"https:\/\/esquerra.com.ar\/voleibol\/event\/defensores-villa-dolores-argentina-vs-poeta-lugones-cordoba-argentina\/\">Defensores (Villa Dolores, Argentina) vs Poeta Lugones (C\u00f3rdoba, Argentina)<\/a>\t\t\t\t\t\t\t<\/h4>\n\t\t\t\t\t\t\t\n\t\t\t\t\t\t<\/td>\n\t\t\t\t\t<\/tr>\n\t\t\t\t\t\t\t\t\t\t<tr class=\"sp-row sp-post alternate\" itemscope itemtype=\"http:\/\/schema.org\/SportsEvent\">\n\t\t\t\t\t\t<td>\n\t\t\t\t\t\t\t\t\t\t\t\t\t\t<span class=\"team-logo logo-odd\" title=\"Racing (C\u00f3rdoba, Argentina)\"><img loading=\"lazy\" decoding=\"async\" width=\"128\" height=\"128\" data-src=\"https:\/\/esquerra.com.ar\/voleibol\/wp-content\/uploads\/2024\/10\/Racing-Cordoba-Argentina-128x128.png\" class=\"attachment-sportspress-fit-icon size-sportspress-fit-icon wp-post-image lazyload\" alt=\"\" src=\"data:image\/gif;base64,R0lGODlhAQABAAAAACH5BAEKAAEALAAAAAABAAEAAAICTAEAOw==\" style=\"--smush-placeholder-width: 128px; --smush-placeholder-aspect-ratio: 128\/128;\" \/><noscript><img loading=\"lazy\" decoding=\"async\" width=\"128\" height=\"128\" data-src=\"https:\/\/esquerra.com.ar\/voleibol\/wp-content\/uploads\/2024\/10\/Racing-Cordoba-Argentina-128x128.png\" class=\"attachment-sportspress-fit-icon size-sportspress-fit-icon wp-post-image lazyload\" alt=\"\" src=\"data:image\/gif;base64,R0lGODlhAQABAAAAACH5BAEKAAEALAAAAAABAAEAAAICTAEAOw==\" style=\"--smush-placeholder-width: 128px; --smush-placeholder-aspect-ratio: 128\/128;\" \/><noscript><img loading=\"lazy\" decoding=\"async\" width=\"128\" height=\"128\" data-src=\"https:\/\/esquerra.com.ar\/voleibol\/wp-content\/uploads\/2024\/10\/Racing-Cordoba-Argentina-128x128.png\" class=\"attachment-sportspress-fit-icon size-sportspress-fit-icon wp-post-image lazyload\" alt=\"\" src=\"data:image\/gif;base64,R0lGODlhAQABAAAAACH5BAEKAAEALAAAAAABAAEAAAICTAEAOw==\" style=\"--smush-placeholder-width: 128px; --smush-placeholder-aspect-ratio: 128\/128;\" \/><noscript><img loading=\"lazy\" decoding=\"async\" width=\"128\" height=\"128\" data-src=\"https:\/\/esquerra.com.ar\/voleibol\/wp-content\/uploads\/2024\/10\/Racing-Cordoba-Argentina-128x128.png\" class=\"attachment-sportspress-fit-icon size-sportspress-fit-icon wp-post-image lazyload\" alt=\"\" src=\"data:image\/gif;base64,R0lGODlhAQABAAAAACH5BAEKAAEALAAAAAABAAEAAAICTAEAOw==\" style=\"--smush-placeholder-width: 128px; --smush-placeholder-aspect-ratio: 128\/128;\" \/><noscript><img loading=\"lazy\" decoding=\"async\" width=\"128\" height=\"128\" data-src=\"https:\/\/esquerra.com.ar\/voleibol\/wp-content\/uploads\/2024\/10\/Racing-Cordoba-Argentina-128x128.png\" class=\"attachment-sportspress-fit-icon size-sportspress-fit-icon wp-post-image lazyload\" alt=\"\" src=\"data:image\/gif;base64,R0lGODlhAQABAAAAACH5BAEKAAEALAAAAAABAAEAAAICTAEAOw==\" style=\"--smush-placeholder-width: 128px; --smush-placeholder-aspect-ratio: 128\/128;\" \/><noscript><img loading=\"lazy\" decoding=\"async\" width=\"128\" height=\"128\" data-src=\"https:\/\/esquerra.com.ar\/voleibol\/wp-content\/uploads\/2024\/10\/Racing-Cordoba-Argentina-128x128.png\" class=\"attachment-sportspress-fit-icon size-sportspress-fit-icon wp-post-image lazyload\" alt=\"\" src=\"data:image\/gif;base64,R0lGODlhAQABAAAAACH5BAEKAAEALAAAAAABAAEAAAICTAEAOw==\" style=\"--smush-placeholder-width: 128px; --smush-placeholder-aspect-ratio: 128\/128;\" \/><noscript><img loading=\"lazy\" decoding=\"async\" width=\"128\" height=\"128\" src=\"https:\/\/esquerra.com.ar\/voleibol\/wp-content\/uploads\/2024\/10\/Racing-Cordoba-Argentina-128x128.png\" class=\"attachment-sportspress-fit-icon size-sportspress-fit-icon wp-post-image\" alt=\"\" \/><\/noscript><\/noscript><\/noscript><\/noscript><\/noscript><\/noscript><\/span> <span class=\"team-logo logo-even\" title=\"Lihuen (Caleta Olivia, Argentina)\"><img loading=\"lazy\" decoding=\"async\" width=\"128\" height=\"128\" data-src=\"https:\/\/esquerra.com.ar\/voleibol\/wp-content\/uploads\/2024\/10\/Esc.-Municipal-Lihuen-Caleta-Olivia-Argentina-128x128.png\" class=\"attachment-sportspress-fit-icon size-sportspress-fit-icon wp-post-image lazyload\" alt=\"\" src=\"data:image\/gif;base64,R0lGODlhAQABAAAAACH5BAEKAAEALAAAAAABAAEAAAICTAEAOw==\" style=\"--smush-placeholder-width: 128px; --smush-placeholder-aspect-ratio: 128\/128;\" \/><noscript><img loading=\"lazy\" decoding=\"async\" width=\"128\" height=\"128\" data-src=\"https:\/\/esquerra.com.ar\/voleibol\/wp-content\/uploads\/2024\/10\/Esc.-Municipal-Lihuen-Caleta-Olivia-Argentina-128x128.png\" class=\"attachment-sportspress-fit-icon size-sportspress-fit-icon wp-post-image lazyload\" alt=\"\" src=\"data:image\/gif;base64,R0lGODlhAQABAAAAACH5BAEKAAEALAAAAAABAAEAAAICTAEAOw==\" style=\"--smush-placeholder-width: 128px; --smush-placeholder-aspect-ratio: 128\/128;\" \/><noscript><img loading=\"lazy\" decoding=\"async\" width=\"128\" height=\"128\" data-src=\"https:\/\/esquerra.com.ar\/voleibol\/wp-content\/uploads\/2024\/10\/Esc.-Municipal-Lihuen-Caleta-Olivia-Argentina-128x128.png\" class=\"attachment-sportspress-fit-icon size-sportspress-fit-icon wp-post-image lazyload\" alt=\"\" src=\"data:image\/gif;base64,R0lGODlhAQABAAAAACH5BAEKAAEALAAAAAABAAEAAAICTAEAOw==\" style=\"--smush-placeholder-width: 128px; --smush-placeholder-aspect-ratio: 128\/128;\" \/><noscript><img loading=\"lazy\" decoding=\"async\" width=\"128\" height=\"128\" data-src=\"https:\/\/esquerra.com.ar\/voleibol\/wp-content\/uploads\/2024\/10\/Esc.-Municipal-Lihuen-Caleta-Olivia-Argentina-128x128.png\" class=\"attachment-sportspress-fit-icon size-sportspress-fit-icon wp-post-image lazyload\" alt=\"\" src=\"data:image\/gif;base64,R0lGODlhAQABAAAAACH5BAEKAAEALAAAAAABAAEAAAICTAEAOw==\" style=\"--smush-placeholder-width: 128px; --smush-placeholder-aspect-ratio: 128\/128;\" \/><noscript><img loading=\"lazy\" decoding=\"async\" width=\"128\" height=\"128\" data-src=\"https:\/\/esquerra.com.ar\/voleibol\/wp-content\/uploads\/2024\/10\/Esc.-Municipal-Lihuen-Caleta-Olivia-Argentina-128x128.png\" class=\"attachment-sportspress-fit-icon size-sportspress-fit-icon wp-post-image lazyload\" alt=\"\" src=\"data:image\/gif;base64,R0lGODlhAQABAAAAACH5BAEKAAEALAAAAAABAAEAAAICTAEAOw==\" style=\"--smush-placeholder-width: 128px; --smush-placeholder-aspect-ratio: 128\/128;\" \/><noscript><img loading=\"lazy\" decoding=\"async\" width=\"128\" height=\"128\" data-src=\"https:\/\/esquerra.com.ar\/voleibol\/wp-content\/uploads\/2024\/10\/Esc.-Municipal-Lihuen-Caleta-Olivia-Argentina-128x128.png\" class=\"attachment-sportspress-fit-icon size-sportspress-fit-icon wp-post-image lazyload\" alt=\"\" src=\"data:image\/gif;base64,R0lGODlhAQABAAAAACH5BAEKAAEALAAAAAABAAEAAAICTAEAOw==\" style=\"--smush-placeholder-width: 128px; --smush-placeholder-aspect-ratio: 128\/128;\" \/><noscript><img loading=\"lazy\" decoding=\"async\" width=\"128\" height=\"128\" src=\"https:\/\/esquerra.com.ar\/voleibol\/wp-content\/uploads\/2024\/10\/Esc.-Municipal-Lihuen-Caleta-Olivia-Argentina-128x128.png\" class=\"attachment-sportspress-fit-icon size-sportspress-fit-icon wp-post-image\" alt=\"\" \/><\/noscript><\/noscript><\/noscript><\/noscript><\/noscript><\/noscript><\/span>\t\t\t\t\t\t\t<time class=\"sp-event-date\" datetime=\"2025-11-28 17:00:10\" itemprop=\"startDate\" content=\"2025-11-28T17:00:10-03:00\">\n\t\t\t\t\t\t\t\t<a href=\"https:\/\/esquerra.com.ar\/voleibol\/event\/pcp-carlos-paz-argentina-vs-lihuen-caleta-olivia-argentina\/\">28\/11\/2025<\/a>\t\t\t\t\t\t\t<\/time>\n\t\t\t\t\t\t\t\t\t\t\t\t\t\t<h5 class=\"sp-event-results\">\n\t\t\t\t\t\t\t\t<a href=\"https:\/\/esquerra.com.ar\/voleibol\/event\/pcp-carlos-paz-argentina-vs-lihuen-caleta-olivia-argentina\/\"><span class=\"sp-result ok\">0<\/span> - <span class=\"sp-result\">2<\/span><\/a>\t\t\t\t\t\t\t<\/h5>\n\t\t\t\t\t\t\t\t\t\t\t\t\t\t\t\t\t\t\t\t\t\t<div class=\"sp-event-season\">U16F \u2013 Noviembre 2025 \u2013 ZONA C<\/div>\n\t\t\t\t\t\t\t\t\t\t\t\t\t\t\t\t\t\t\t\t\t\t\t\t\t\t\t\t\t\t<div class=\"sp-event-venue\" itemprop=\"location\" itemscope itemtype=\"http:\/\/schema.org\/Place\"><div itemprop=\"address\" itemscope itemtype=\"http:\/\/schema.org\/PostalAddress\">Hind\u00fa - Cancha 2<\/div><\/div>\n\t\t\t\t\t\t\t\t\t\t\t\t\t\t\t\t\t\t\t\t\t\t\t\t\t\t\t\t\t\t<div style=\"display:none;\" class=\"sp-event-venue\" itemprop=\"location\" itemscope itemtype=\"http:\/\/schema.org\/Place\"><div itemprop=\"address\" itemscope itemtype=\"http:\/\/schema.org\/PostalAddress\">N\/D<\/div><\/div>\n\t\t\t\t\t\t\t\t\t\t\t\t\t\t<h4 class=\"sp-event-title\" itemprop=\"name\">\n\t\t\t\t\t\t\t\t<a href=\"https:\/\/esquerra.com.ar\/voleibol\/event\/pcp-carlos-paz-argentina-vs-lihuen-caleta-olivia-argentina\/\">Racing (C\u00f3rdoba, Argentina) vs Lihuen (Caleta Olivia, Argentina)<\/a>\t\t\t\t\t\t\t<\/h4>\n\t\t\t\t\t\t\t\n\t\t\t\t\t\t<\/td>\n\t\t\t\t\t<\/tr>\n\t\t\t\t\t\t\t\t\t\t<tr class=\"sp-row sp-post\" itemscope itemtype=\"http:\/\/schema.org\/SportsEvent\">\n\t\t\t\t\t\t<td>\n\t\t\t\t\t\t\t\t\t\t\t\t\t\t<span class=\"team-logo logo-odd\" title=\"British Royal School (Santiago, Chile)\"><img loading=\"lazy\" decoding=\"async\" width=\"128\" height=\"128\" data-src=\"https:\/\/esquerra.com.ar\/voleibol\/wp-content\/uploads\/2025\/11\/Royal-British-School-Santiago-Chile-128x128.png\" class=\"attachment-sportspress-fit-icon size-sportspress-fit-icon wp-post-image lazyload\" alt=\"\" src=\"data:image\/gif;base64,R0lGODlhAQABAAAAACH5BAEKAAEALAAAAAABAAEAAAICTAEAOw==\" style=\"--smush-placeholder-width: 128px; --smush-placeholder-aspect-ratio: 128\/128;\" \/><noscript><img loading=\"lazy\" decoding=\"async\" width=\"128\" height=\"128\" data-src=\"https:\/\/esquerra.com.ar\/voleibol\/wp-content\/uploads\/2025\/11\/Royal-British-School-Santiago-Chile-128x128.png\" class=\"attachment-sportspress-fit-icon size-sportspress-fit-icon wp-post-image lazyload\" alt=\"\" src=\"data:image\/gif;base64,R0lGODlhAQABAAAAACH5BAEKAAEALAAAAAABAAEAAAICTAEAOw==\" style=\"--smush-placeholder-width: 128px; --smush-placeholder-aspect-ratio: 128\/128;\" \/><noscript><img loading=\"lazy\" decoding=\"async\" width=\"128\" height=\"128\" data-src=\"https:\/\/esquerra.com.ar\/voleibol\/wp-content\/uploads\/2025\/11\/Royal-British-School-Santiago-Chile-128x128.png\" class=\"attachment-sportspress-fit-icon size-sportspress-fit-icon wp-post-image lazyload\" alt=\"\" src=\"data:image\/gif;base64,R0lGODlhAQABAAAAACH5BAEKAAEALAAAAAABAAEAAAICTAEAOw==\" style=\"--smush-placeholder-width: 128px; --smush-placeholder-aspect-ratio: 128\/128;\" \/><noscript><img loading=\"lazy\" decoding=\"async\" width=\"128\" height=\"128\" data-src=\"https:\/\/esquerra.com.ar\/voleibol\/wp-content\/uploads\/2025\/11\/Royal-British-School-Santiago-Chile-128x128.png\" class=\"attachment-sportspress-fit-icon size-sportspress-fit-icon wp-post-image lazyload\" alt=\"\" src=\"data:image\/gif;base64,R0lGODlhAQABAAAAACH5BAEKAAEALAAAAAABAAEAAAICTAEAOw==\" style=\"--smush-placeholder-width: 128px; --smush-placeholder-aspect-ratio: 128\/128;\" \/><noscript><img loading=\"lazy\" decoding=\"async\" width=\"128\" height=\"128\" data-src=\"https:\/\/esquerra.com.ar\/voleibol\/wp-content\/uploads\/2025\/11\/Royal-British-School-Santiago-Chile-128x128.png\" class=\"attachment-sportspress-fit-icon size-sportspress-fit-icon wp-post-image lazyload\" alt=\"\" src=\"data:image\/gif;base64,R0lGODlhAQABAAAAACH5BAEKAAEALAAAAAABAAEAAAICTAEAOw==\" style=\"--smush-placeholder-width: 128px; --smush-placeholder-aspect-ratio: 128\/128;\" \/><noscript><img loading=\"lazy\" decoding=\"async\" width=\"128\" height=\"128\" data-src=\"https:\/\/esquerra.com.ar\/voleibol\/wp-content\/uploads\/2025\/11\/Royal-British-School-Santiago-Chile-128x128.png\" class=\"attachment-sportspress-fit-icon size-sportspress-fit-icon wp-post-image lazyload\" alt=\"\" src=\"data:image\/gif;base64,R0lGODlhAQABAAAAACH5BAEKAAEALAAAAAABAAEAAAICTAEAOw==\" style=\"--smush-placeholder-width: 128px; --smush-placeholder-aspect-ratio: 128\/128;\" \/><noscript><img loading=\"lazy\" decoding=\"async\" width=\"128\" height=\"128\" src=\"https:\/\/esquerra.com.ar\/voleibol\/wp-content\/uploads\/2025\/11\/Royal-British-School-Santiago-Chile-128x128.png\" class=\"attachment-sportspress-fit-icon size-sportspress-fit-icon wp-post-image\" alt=\"\" \/><\/noscript><\/noscript><\/noscript><\/noscript><\/noscript><\/noscript><\/span> <span class=\"team-logo logo-even\" title=\"Centro Asturiano (B) (Vicente L\u00f3pez, Argentina)\"><img decoding=\"async\" width=\"128\" height=\"128\" data-src=\"https:\/\/esquerra.com.ar\/voleibol\/wp-content\/uploads\/2025\/11\/Centro-Asturiano-CABA-Argentina-128x128.png\" class=\"attachment-sportspress-fit-icon size-sportspress-fit-icon wp-post-image lazyload\" alt=\"\" src=\"data:image\/gif;base64,R0lGODlhAQABAAAAACH5BAEKAAEALAAAAAABAAEAAAICTAEAOw==\" style=\"--smush-placeholder-width: 128px; --smush-placeholder-aspect-ratio: 128\/128;\" \/><noscript><img decoding=\"async\" width=\"128\" height=\"128\" data-src=\"https:\/\/esquerra.com.ar\/voleibol\/wp-content\/uploads\/2025\/11\/Centro-Asturiano-CABA-Argentina-128x128.png\" class=\"attachment-sportspress-fit-icon size-sportspress-fit-icon wp-post-image lazyload\" alt=\"\" src=\"data:image\/gif;base64,R0lGODlhAQABAAAAACH5BAEKAAEALAAAAAABAAEAAAICTAEAOw==\" style=\"--smush-placeholder-width: 128px; --smush-placeholder-aspect-ratio: 128\/128;\" \/><noscript><img decoding=\"async\" width=\"128\" height=\"128\" data-src=\"https:\/\/esquerra.com.ar\/voleibol\/wp-content\/uploads\/2025\/11\/Centro-Asturiano-CABA-Argentina-128x128.png\" class=\"attachment-sportspress-fit-icon size-sportspress-fit-icon wp-post-image lazyload\" alt=\"\" src=\"data:image\/gif;base64,R0lGODlhAQABAAAAACH5BAEKAAEALAAAAAABAAEAAAICTAEAOw==\" style=\"--smush-placeholder-width: 128px; --smush-placeholder-aspect-ratio: 128\/128;\" \/><noscript><img decoding=\"async\" width=\"128\" height=\"128\" data-src=\"https:\/\/esquerra.com.ar\/voleibol\/wp-content\/uploads\/2025\/11\/Centro-Asturiano-CABA-Argentina-128x128.png\" class=\"attachment-sportspress-fit-icon size-sportspress-fit-icon wp-post-image lazyload\" alt=\"\" src=\"data:image\/gif;base64,R0lGODlhAQABAAAAACH5BAEKAAEALAAAAAABAAEAAAICTAEAOw==\" style=\"--smush-placeholder-width: 128px; --smush-placeholder-aspect-ratio: 128\/128;\" \/><noscript><img decoding=\"async\" width=\"128\" height=\"128\" data-src=\"https:\/\/esquerra.com.ar\/voleibol\/wp-content\/uploads\/2025\/11\/Centro-Asturiano-CABA-Argentina-128x128.png\" class=\"attachment-sportspress-fit-icon size-sportspress-fit-icon wp-post-image lazyload\" alt=\"\" src=\"data:image\/gif;base64,R0lGODlhAQABAAAAACH5BAEKAAEALAAAAAABAAEAAAICTAEAOw==\" style=\"--smush-placeholder-width: 128px; --smush-placeholder-aspect-ratio: 128\/128;\" \/><noscript><img decoding=\"async\" width=\"128\" height=\"128\" data-src=\"https:\/\/esquerra.com.ar\/voleibol\/wp-content\/uploads\/2025\/11\/Centro-Asturiano-CABA-Argentina-128x128.png\" class=\"attachment-sportspress-fit-icon size-sportspress-fit-icon wp-post-image lazyload\" alt=\"\" src=\"data:image\/gif;base64,R0lGODlhAQABAAAAACH5BAEKAAEALAAAAAABAAEAAAICTAEAOw==\" style=\"--smush-placeholder-width: 128px; --smush-placeholder-aspect-ratio: 128\/128;\" \/><noscript><img decoding=\"async\" width=\"128\" height=\"128\" data-src=\"https:\/\/esquerra.com.ar\/voleibol\/wp-content\/uploads\/2025\/11\/Centro-Asturiano-CABA-Argentina-128x128.png\" class=\"attachment-sportspress-fit-icon size-sportspress-fit-icon wp-post-image lazyload\" alt=\"\" src=\"data:image\/gif;base64,R0lGODlhAQABAAAAACH5BAEKAAEALAAAAAABAAEAAAICTAEAOw==\" style=\"--smush-placeholder-width: 128px; --smush-placeholder-aspect-ratio: 128\/128;\" \/><noscript><img decoding=\"async\" width=\"128\" height=\"128\" data-src=\"https:\/\/esquerra.com.ar\/voleibol\/wp-content\/uploads\/2025\/11\/Centro-Asturiano-CABA-Argentina-128x128.png\" class=\"attachment-sportspress-fit-icon size-sportspress-fit-icon wp-post-image lazyload\" alt=\"\" src=\"data:image\/gif;base64,R0lGODlhAQABAAAAACH5BAEKAAEALAAAAAABAAEAAAICTAEAOw==\" style=\"--smush-placeholder-width: 128px; --smush-placeholder-aspect-ratio: 128\/128;\" \/><noscript><img decoding=\"async\" width=\"128\" height=\"128\" data-src=\"https:\/\/esquerra.com.ar\/voleibol\/wp-content\/uploads\/2025\/11\/Centro-Asturiano-CABA-Argentina-128x128.png\" class=\"attachment-sportspress-fit-icon size-sportspress-fit-icon wp-post-image lazyload\" alt=\"\" src=\"data:image\/gif;base64,R0lGODlhAQABAAAAACH5BAEKAAEALAAAAAABAAEAAAICTAEAOw==\" style=\"--smush-placeholder-width: 128px; --smush-placeholder-aspect-ratio: 128\/128;\" \/><noscript><img decoding=\"async\" width=\"128\" height=\"128\" data-src=\"https:\/\/esquerra.com.ar\/voleibol\/wp-content\/uploads\/2025\/11\/Centro-Asturiano-CABA-Argentina-128x128.png\" class=\"attachment-sportspress-fit-icon size-sportspress-fit-icon wp-post-image lazyload\" alt=\"\" src=\"data:image\/gif;base64,R0lGODlhAQABAAAAACH5BAEKAAEALAAAAAABAAEAAAICTAEAOw==\" style=\"--smush-placeholder-width: 128px; --smush-placeholder-aspect-ratio: 128\/128;\" \/><noscript><img decoding=\"async\" width=\"128\" height=\"128\" data-src=\"https:\/\/esquerra.com.ar\/voleibol\/wp-content\/uploads\/2025\/11\/Centro-Asturiano-CABA-Argentina-128x128.png\" class=\"attachment-sportspress-fit-icon size-sportspress-fit-icon wp-post-image lazyload\" alt=\"\" src=\"data:image\/gif;base64,R0lGODlhAQABAAAAACH5BAEKAAEALAAAAAABAAEAAAICTAEAOw==\" style=\"--smush-placeholder-width: 128px; --smush-placeholder-aspect-ratio: 128\/128;\" \/><noscript><img decoding=\"async\" width=\"128\" height=\"128\" data-src=\"https:\/\/esquerra.com.ar\/voleibol\/wp-content\/uploads\/2025\/11\/Centro-Asturiano-CABA-Argentina-128x128.png\" class=\"attachment-sportspress-fit-icon size-sportspress-fit-icon wp-post-image lazyload\" alt=\"\" src=\"data:image\/gif;base64,R0lGODlhAQABAAAAACH5BAEKAAEALAAAAAABAAEAAAICTAEAOw==\" style=\"--smush-placeholder-width: 128px; --smush-placeholder-aspect-ratio: 128\/128;\" \/><noscript><img decoding=\"async\" width=\"128\" height=\"128\" src=\"https:\/\/esquerra.com.ar\/voleibol\/wp-content\/uploads\/2025\/11\/Centro-Asturiano-CABA-Argentina-128x128.png\" class=\"attachment-sportspress-fit-icon size-sportspress-fit-icon wp-post-image\" alt=\"\" \/><\/noscript><\/noscript><\/noscript><\/noscript><\/noscript><\/noscript><\/noscript><\/noscript><\/noscript><\/noscript><\/noscript><\/noscript><\/span>\t\t\t\t\t\t\t<time class=\"sp-event-date\" datetime=\"2025-11-28 17:00:37\" itemprop=\"startDate\" content=\"2025-11-28T17:00:37-03:00\">\n\t\t\t\t\t\t\t\t<a href=\"https:\/\/esquerra.com.ar\/voleibol\/event\/royal-british-school-santiago-chile-vs-centro-asturiano-b-vicente-lopez-argentina\/\">28\/11\/2025<\/a>\t\t\t\t\t\t\t<\/time>\n\t\t\t\t\t\t\t\t\t\t\t\t\t\t<h5 class=\"sp-event-results\">\n\t\t\t\t\t\t\t\t<a href=\"https:\/\/esquerra.com.ar\/voleibol\/event\/royal-british-school-santiago-chile-vs-centro-asturiano-b-vicente-lopez-argentina\/\"><span class=\"sp-result ok\">1<\/span> - <span class=\"sp-result\">2<\/span><\/a>\t\t\t\t\t\t\t<\/h5>\n\t\t\t\t\t\t\t\t\t\t\t\t\t\t\t\t\t\t\t\t\t\t<div class=\"sp-event-season\">U16F \u2013 Noviembre 2025 \u2013 ZONA C<\/div>\n\t\t\t\t\t\t\t\t\t\t\t\t\t\t\t\t\t\t\t\t\t\t\t\t\t\t\t\t\t\t<div class=\"sp-event-venue\" itemprop=\"location\" itemscope itemtype=\"http:\/\/schema.org\/Place\"><div itemprop=\"address\" itemscope itemtype=\"http:\/\/schema.org\/PostalAddress\">Club Juniors<\/div><\/div>\n\t\t\t\t\t\t\t\t\t\t\t\t\t\t\t\t\t\t\t\t\t\t\t\t\t\t\t\t\t\t<div style=\"display:none;\" class=\"sp-event-venue\" itemprop=\"location\" itemscope itemtype=\"http:\/\/schema.org\/Place\"><div itemprop=\"address\" itemscope itemtype=\"http:\/\/schema.org\/PostalAddress\">N\/D<\/div><\/div>\n\t\t\t\t\t\t\t\t\t\t\t\t\t\t<h4 class=\"sp-event-title\" itemprop=\"name\">\n\t\t\t\t\t\t\t\t<a href=\"https:\/\/esquerra.com.ar\/voleibol\/event\/royal-british-school-santiago-chile-vs-centro-asturiano-b-vicente-lopez-argentina\/\">British Royal School (Santiago, Chile) vs Centro Asturiano (B) (Vicente L\u00f3pez, Argentina)<\/a>\t\t\t\t\t\t\t<\/h4>\n\t\t\t\t\t\t\t\n\t\t\t\t\t\t<\/td>\n\t\t\t\t\t<\/tr>\n\t\t\t\t\t\t\t\t\t\t<tr class=\"sp-row sp-post alternate\" itemscope itemtype=\"http:\/\/schema.org\/SportsEvent\">\n\t\t\t\t\t\t<td>\n\t\t\t\t\t\t\t\t\t\t\t\t\t\t<span class=\"team-logo logo-odd\" title=\"Denham School (San Bernardo, Chile)\"><img decoding=\"async\" width=\"128\" height=\"128\" data-src=\"https:\/\/esquerra.com.ar\/voleibol\/wp-content\/uploads\/2025\/11\/Demhan-School-San-Bernardo-Chile-128x128.png\" class=\"attachment-sportspress-fit-icon size-sportspress-fit-icon wp-post-image lazyload\" alt=\"\" src=\"data:image\/gif;base64,R0lGODlhAQABAAAAACH5BAEKAAEALAAAAAABAAEAAAICTAEAOw==\" style=\"--smush-placeholder-width: 128px; --smush-placeholder-aspect-ratio: 128\/128;\" \/><noscript><img decoding=\"async\" width=\"128\" height=\"128\" data-src=\"https:\/\/esquerra.com.ar\/voleibol\/wp-content\/uploads\/2025\/11\/Demhan-School-San-Bernardo-Chile-128x128.png\" class=\"attachment-sportspress-fit-icon size-sportspress-fit-icon wp-post-image lazyload\" alt=\"\" src=\"data:image\/gif;base64,R0lGODlhAQABAAAAACH5BAEKAAEALAAAAAABAAEAAAICTAEAOw==\" style=\"--smush-placeholder-width: 128px; --smush-placeholder-aspect-ratio: 128\/128;\" \/><noscript><img decoding=\"async\" width=\"128\" height=\"128\" data-src=\"https:\/\/esquerra.com.ar\/voleibol\/wp-content\/uploads\/2025\/11\/Demhan-School-San-Bernardo-Chile-128x128.png\" class=\"attachment-sportspress-fit-icon size-sportspress-fit-icon wp-post-image lazyload\" alt=\"\" src=\"data:image\/gif;base64,R0lGODlhAQABAAAAACH5BAEKAAEALAAAAAABAAEAAAICTAEAOw==\" style=\"--smush-placeholder-width: 128px; --smush-placeholder-aspect-ratio: 128\/128;\" \/><noscript><img decoding=\"async\" width=\"128\" height=\"128\" data-src=\"https:\/\/esquerra.com.ar\/voleibol\/wp-content\/uploads\/2025\/11\/Demhan-School-San-Bernardo-Chile-128x128.png\" class=\"attachment-sportspress-fit-icon size-sportspress-fit-icon wp-post-image lazyload\" alt=\"\" src=\"data:image\/gif;base64,R0lGODlhAQABAAAAACH5BAEKAAEALAAAAAABAAEAAAICTAEAOw==\" style=\"--smush-placeholder-width: 128px; --smush-placeholder-aspect-ratio: 128\/128;\" \/><noscript><img decoding=\"async\" width=\"128\" height=\"128\" data-src=\"https:\/\/esquerra.com.ar\/voleibol\/wp-content\/uploads\/2025\/11\/Demhan-School-San-Bernardo-Chile-128x128.png\" class=\"attachment-sportspress-fit-icon size-sportspress-fit-icon wp-post-image lazyload\" alt=\"\" src=\"data:image\/gif;base64,R0lGODlhAQABAAAAACH5BAEKAAEALAAAAAABAAEAAAICTAEAOw==\" style=\"--smush-placeholder-width: 128px; --smush-placeholder-aspect-ratio: 128\/128;\" \/><noscript><img decoding=\"async\" width=\"128\" height=\"128\" data-src=\"https:\/\/esquerra.com.ar\/voleibol\/wp-content\/uploads\/2025\/11\/Demhan-School-San-Bernardo-Chile-128x128.png\" class=\"attachment-sportspress-fit-icon size-sportspress-fit-icon wp-post-image lazyload\" alt=\"\" src=\"data:image\/gif;base64,R0lGODlhAQABAAAAACH5BAEKAAEALAAAAAABAAEAAAICTAEAOw==\" style=\"--smush-placeholder-width: 128px; --smush-placeholder-aspect-ratio: 128\/128;\" \/><noscript><img decoding=\"async\" width=\"128\" height=\"128\" src=\"https:\/\/esquerra.com.ar\/voleibol\/wp-content\/uploads\/2025\/11\/Demhan-School-San-Bernardo-Chile-128x128.png\" class=\"attachment-sportspress-fit-icon size-sportspress-fit-icon wp-post-image\" alt=\"\" \/><\/noscript><\/noscript><\/noscript><\/noscript><\/noscript><\/noscript><\/span> <span class=\"team-logo logo-even\" title=\"Centro Asturiano (A) (Vicente L\u00f3pez, Argentina)\"><img decoding=\"async\" width=\"128\" height=\"128\" data-src=\"https:\/\/esquerra.com.ar\/voleibol\/wp-content\/uploads\/2025\/11\/Centro-Asturiano-CABA-Argentina-128x128.png\" class=\"attachment-sportspress-fit-icon size-sportspress-fit-icon wp-post-image lazyload\" alt=\"\" src=\"data:image\/gif;base64,R0lGODlhAQABAAAAACH5BAEKAAEALAAAAAABAAEAAAICTAEAOw==\" style=\"--smush-placeholder-width: 128px; --smush-placeholder-aspect-ratio: 128\/128;\" \/><noscript><img decoding=\"async\" width=\"128\" height=\"128\" data-src=\"https:\/\/esquerra.com.ar\/voleibol\/wp-content\/uploads\/2025\/11\/Centro-Asturiano-CABA-Argentina-128x128.png\" class=\"attachment-sportspress-fit-icon size-sportspress-fit-icon wp-post-image lazyload\" alt=\"\" src=\"data:image\/gif;base64,R0lGODlhAQABAAAAACH5BAEKAAEALAAAAAABAAEAAAICTAEAOw==\" style=\"--smush-placeholder-width: 128px; --smush-placeholder-aspect-ratio: 128\/128;\" \/><noscript><img decoding=\"async\" width=\"128\" height=\"128\" data-src=\"https:\/\/esquerra.com.ar\/voleibol\/wp-content\/uploads\/2025\/11\/Centro-Asturiano-CABA-Argentina-128x128.png\" class=\"attachment-sportspress-fit-icon size-sportspress-fit-icon wp-post-image lazyload\" alt=\"\" src=\"data:image\/gif;base64,R0lGODlhAQABAAAAACH5BAEKAAEALAAAAAABAAEAAAICTAEAOw==\" style=\"--smush-placeholder-width: 128px; --smush-placeholder-aspect-ratio: 128\/128;\" \/><noscript><img decoding=\"async\" width=\"128\" height=\"128\" data-src=\"https:\/\/esquerra.com.ar\/voleibol\/wp-content\/uploads\/2025\/11\/Centro-Asturiano-CABA-Argentina-128x128.png\" class=\"attachment-sportspress-fit-icon size-sportspress-fit-icon wp-post-image lazyload\" alt=\"\" src=\"data:image\/gif;base64,R0lGODlhAQABAAAAACH5BAEKAAEALAAAAAABAAEAAAICTAEAOw==\" style=\"--smush-placeholder-width: 128px; --smush-placeholder-aspect-ratio: 128\/128;\" \/><noscript><img decoding=\"async\" width=\"128\" height=\"128\" data-src=\"https:\/\/esquerra.com.ar\/voleibol\/wp-content\/uploads\/2025\/11\/Centro-Asturiano-CABA-Argentina-128x128.png\" class=\"attachment-sportspress-fit-icon size-sportspress-fit-icon wp-post-image lazyload\" alt=\"\" src=\"data:image\/gif;base64,R0lGODlhAQABAAAAACH5BAEKAAEALAAAAAABAAEAAAICTAEAOw==\" style=\"--smush-placeholder-width: 128px; --smush-placeholder-aspect-ratio: 128\/128;\" \/><noscript><img decoding=\"async\" width=\"128\" height=\"128\" data-src=\"https:\/\/esquerra.com.ar\/voleibol\/wp-content\/uploads\/2025\/11\/Centro-Asturiano-CABA-Argentina-128x128.png\" class=\"attachment-sportspress-fit-icon size-sportspress-fit-icon wp-post-image lazyload\" alt=\"\" src=\"data:image\/gif;base64,R0lGODlhAQABAAAAACH5BAEKAAEALAAAAAABAAEAAAICTAEAOw==\" style=\"--smush-placeholder-width: 128px; --smush-placeholder-aspect-ratio: 128\/128;\" \/><noscript><img decoding=\"async\" width=\"128\" height=\"128\" data-src=\"https:\/\/esquerra.com.ar\/voleibol\/wp-content\/uploads\/2025\/11\/Centro-Asturiano-CABA-Argentina-128x128.png\" class=\"attachment-sportspress-fit-icon size-sportspress-fit-icon wp-post-image lazyload\" alt=\"\" src=\"data:image\/gif;base64,R0lGODlhAQABAAAAACH5BAEKAAEALAAAAAABAAEAAAICTAEAOw==\" style=\"--smush-placeholder-width: 128px; --smush-placeholder-aspect-ratio: 128\/128;\" \/><noscript><img decoding=\"async\" width=\"128\" height=\"128\" data-src=\"https:\/\/esquerra.com.ar\/voleibol\/wp-content\/uploads\/2025\/11\/Centro-Asturiano-CABA-Argentina-128x128.png\" class=\"attachment-sportspress-fit-icon size-sportspress-fit-icon wp-post-image lazyload\" alt=\"\" src=\"data:image\/gif;base64,R0lGODlhAQABAAAAACH5BAEKAAEALAAAAAABAAEAAAICTAEAOw==\" style=\"--smush-placeholder-width: 128px; --smush-placeholder-aspect-ratio: 128\/128;\" \/><noscript><img decoding=\"async\" width=\"128\" height=\"128\" data-src=\"https:\/\/esquerra.com.ar\/voleibol\/wp-content\/uploads\/2025\/11\/Centro-Asturiano-CABA-Argentina-128x128.png\" class=\"attachment-sportspress-fit-icon size-sportspress-fit-icon wp-post-image lazyload\" alt=\"\" src=\"data:image\/gif;base64,R0lGODlhAQABAAAAACH5BAEKAAEALAAAAAABAAEAAAICTAEAOw==\" style=\"--smush-placeholder-width: 128px; --smush-placeholder-aspect-ratio: 128\/128;\" \/><noscript><img decoding=\"async\" width=\"128\" height=\"128\" data-src=\"https:\/\/esquerra.com.ar\/voleibol\/wp-content\/uploads\/2025\/11\/Centro-Asturiano-CABA-Argentina-128x128.png\" class=\"attachment-sportspress-fit-icon size-sportspress-fit-icon wp-post-image lazyload\" alt=\"\" src=\"data:image\/gif;base64,R0lGODlhAQABAAAAACH5BAEKAAEALAAAAAABAAEAAAICTAEAOw==\" style=\"--smush-placeholder-width: 128px; --smush-placeholder-aspect-ratio: 128\/128;\" \/><noscript><img decoding=\"async\" width=\"128\" height=\"128\" data-src=\"https:\/\/esquerra.com.ar\/voleibol\/wp-content\/uploads\/2025\/11\/Centro-Asturiano-CABA-Argentina-128x128.png\" class=\"attachment-sportspress-fit-icon size-sportspress-fit-icon wp-post-image lazyload\" alt=\"\" src=\"data:image\/gif;base64,R0lGODlhAQABAAAAACH5BAEKAAEALAAAAAABAAEAAAICTAEAOw==\" style=\"--smush-placeholder-width: 128px; --smush-placeholder-aspect-ratio: 128\/128;\" \/><noscript><img decoding=\"async\" width=\"128\" height=\"128\" data-src=\"https:\/\/esquerra.com.ar\/voleibol\/wp-content\/uploads\/2025\/11\/Centro-Asturiano-CABA-Argentina-128x128.png\" class=\"attachment-sportspress-fit-icon size-sportspress-fit-icon wp-post-image lazyload\" alt=\"\" src=\"data:image\/gif;base64,R0lGODlhAQABAAAAACH5BAEKAAEALAAAAAABAAEAAAICTAEAOw==\" style=\"--smush-placeholder-width: 128px; --smush-placeholder-aspect-ratio: 128\/128;\" \/><noscript><img decoding=\"async\" width=\"128\" height=\"128\" src=\"https:\/\/esquerra.com.ar\/voleibol\/wp-content\/uploads\/2025\/11\/Centro-Asturiano-CABA-Argentina-128x128.png\" class=\"attachment-sportspress-fit-icon size-sportspress-fit-icon wp-post-image\" alt=\"\" \/><\/noscript><\/noscript><\/noscript><\/noscript><\/noscript><\/noscript><\/noscript><\/noscript><\/noscript><\/noscript><\/noscript><\/noscript><\/span>\t\t\t\t\t\t\t<time class=\"sp-event-date\" datetime=\"2025-11-28 18:00:40\" itemprop=\"startDate\" content=\"2025-11-28T18:00:40-03:00\">\n\t\t\t\t\t\t\t\t<a href=\"https:\/\/esquerra.com.ar\/voleibol\/event\/demhan-school-s-bernardo-chile-vs-centro-asturiano-a-vicente-lopez-argentina\/\">28\/11\/2025<\/a>\t\t\t\t\t\t\t<\/time>\n\t\t\t\t\t\t\t\t\t\t\t\t\t\t<h5 class=\"sp-event-results\">\n\t\t\t\t\t\t\t\t<a href=\"https:\/\/esquerra.com.ar\/voleibol\/event\/demhan-school-s-bernardo-chile-vs-centro-asturiano-a-vicente-lopez-argentina\/\"><span class=\"sp-result ok\">0<\/span> - <span class=\"sp-result\">2<\/span><\/a>\t\t\t\t\t\t\t<\/h5>\n\t\t\t\t\t\t\t\t\t\t\t\t\t\t\t\t\t\t\t\t\t\t<div class=\"sp-event-season\">U16F \u2013 Noviembre 2025 \u2013 ZONA A<\/div>\n\t\t\t\t\t\t\t\t\t\t\t\t\t\t\t\t\t\t\t\t\t\t\t\t\t\t\t\t\t\t<div class=\"sp-event-venue\" itemprop=\"location\" itemscope itemtype=\"http:\/\/schema.org\/Place\"><div itemprop=\"address\" itemscope itemtype=\"http:\/\/schema.org\/PostalAddress\">Club Juniors<\/div><\/div>\n\t\t\t\t\t\t\t\t\t\t\t\t\t\t\t\t\t\t\t\t\t\t\t\t\t\t\t\t\t\t<div style=\"display:none;\" class=\"sp-event-venue\" itemprop=\"location\" itemscope itemtype=\"http:\/\/schema.org\/Place\"><div itemprop=\"address\" itemscope itemtype=\"http:\/\/schema.org\/PostalAddress\">N\/D<\/div><\/div>\n\t\t\t\t\t\t\t\t\t\t\t\t\t\t<h4 class=\"sp-event-title\" itemprop=\"name\">\n\t\t\t\t\t\t\t\t<a href=\"https:\/\/esquerra.com.ar\/voleibol\/event\/demhan-school-s-bernardo-chile-vs-centro-asturiano-a-vicente-lopez-argentina\/\">Denham School (San Bernardo, Chile) vs Centro Asturiano (A) (Vicente L\u00f3pez, Argentina)<\/a>\t\t\t\t\t\t\t<\/h4>\n\t\t\t\t\t\t\t\n\t\t\t\t\t\t<\/td>\n\t\t\t\t\t<\/tr>\n\t\t\t\t\t\t\t\t\t\t<tr class=\"sp-row sp-post\" itemscope itemtype=\"http:\/\/schema.org\/SportsEvent\">\n\t\t\t\t\t\t<td>\n\t\t\t\t\t\t\t\t\t\t\t\t\t\t<span class=\"team-logo logo-odd\" title=\"Murano (Santiago, Chile)\"><img loading=\"lazy\" decoding=\"async\" width=\"128\" height=\"128\" data-src=\"https:\/\/esquerra.com.ar\/voleibol\/wp-content\/uploads\/2025\/11\/Murano-Santiago-Chile-128x128.png\" class=\"attachment-sportspress-fit-icon size-sportspress-fit-icon wp-post-image lazyload\" alt=\"\" src=\"data:image\/gif;base64,R0lGODlhAQABAAAAACH5BAEKAAEALAAAAAABAAEAAAICTAEAOw==\" style=\"--smush-placeholder-width: 128px; --smush-placeholder-aspect-ratio: 128\/128;\" \/><noscript><img loading=\"lazy\" decoding=\"async\" width=\"128\" height=\"128\" data-src=\"https:\/\/esquerra.com.ar\/voleibol\/wp-content\/uploads\/2025\/11\/Murano-Santiago-Chile-128x128.png\" class=\"attachment-sportspress-fit-icon size-sportspress-fit-icon wp-post-image lazyload\" alt=\"\" src=\"data:image\/gif;base64,R0lGODlhAQABAAAAACH5BAEKAAEALAAAAAABAAEAAAICTAEAOw==\" style=\"--smush-placeholder-width: 128px; --smush-placeholder-aspect-ratio: 128\/128;\" \/><noscript><img loading=\"lazy\" decoding=\"async\" width=\"128\" height=\"128\" data-src=\"https:\/\/esquerra.com.ar\/voleibol\/wp-content\/uploads\/2025\/11\/Murano-Santiago-Chile-128x128.png\" class=\"attachment-sportspress-fit-icon size-sportspress-fit-icon wp-post-image lazyload\" alt=\"\" src=\"data:image\/gif;base64,R0lGODlhAQABAAAAACH5BAEKAAEALAAAAAABAAEAAAICTAEAOw==\" style=\"--smush-placeholder-width: 128px; --smush-placeholder-aspect-ratio: 128\/128;\" \/><noscript><img loading=\"lazy\" decoding=\"async\" width=\"128\" height=\"128\" data-src=\"https:\/\/esquerra.com.ar\/voleibol\/wp-content\/uploads\/2025\/11\/Murano-Santiago-Chile-128x128.png\" class=\"attachment-sportspress-fit-icon size-sportspress-fit-icon wp-post-image lazyload\" alt=\"\" src=\"data:image\/gif;base64,R0lGODlhAQABAAAAACH5BAEKAAEALAAAAAABAAEAAAICTAEAOw==\" style=\"--smush-placeholder-width: 128px; --smush-placeholder-aspect-ratio: 128\/128;\" \/><noscript><img loading=\"lazy\" decoding=\"async\" width=\"128\" height=\"128\" data-src=\"https:\/\/esquerra.com.ar\/voleibol\/wp-content\/uploads\/2025\/11\/Murano-Santiago-Chile-128x128.png\" class=\"attachment-sportspress-fit-icon size-sportspress-fit-icon wp-post-image lazyload\" alt=\"\" src=\"data:image\/gif;base64,R0lGODlhAQABAAAAACH5BAEKAAEALAAAAAABAAEAAAICTAEAOw==\" style=\"--smush-placeholder-width: 128px; --smush-placeholder-aspect-ratio: 128\/128;\" \/><noscript><img loading=\"lazy\" decoding=\"async\" width=\"128\" height=\"128\" data-src=\"https:\/\/esquerra.com.ar\/voleibol\/wp-content\/uploads\/2025\/11\/Murano-Santiago-Chile-128x128.png\" class=\"attachment-sportspress-fit-icon size-sportspress-fit-icon wp-post-image lazyload\" alt=\"\" src=\"data:image\/gif;base64,R0lGODlhAQABAAAAACH5BAEKAAEALAAAAAABAAEAAAICTAEAOw==\" style=\"--smush-placeholder-width: 128px; --smush-placeholder-aspect-ratio: 128\/128;\" \/><noscript><img loading=\"lazy\" decoding=\"async\" width=\"128\" height=\"128\" src=\"https:\/\/esquerra.com.ar\/voleibol\/wp-content\/uploads\/2025\/11\/Murano-Santiago-Chile-128x128.png\" class=\"attachment-sportspress-fit-icon size-sportspress-fit-icon wp-post-image\" alt=\"\" \/><\/noscript><\/noscript><\/noscript><\/noscript><\/noscript><\/noscript><\/span> <span class=\"team-logo logo-even\" title=\"Mamba (B) (Lima, Per\u00fa)\"><img decoding=\"async\" width=\"128\" height=\"128\" data-src=\"https:\/\/esquerra.com.ar\/voleibol\/wp-content\/uploads\/2025\/11\/Mamba-Lima-Peru-128x128.png\" class=\"attachment-sportspress-fit-icon size-sportspress-fit-icon wp-post-image lazyload\" alt=\"\" src=\"data:image\/gif;base64,R0lGODlhAQABAAAAACH5BAEKAAEALAAAAAABAAEAAAICTAEAOw==\" style=\"--smush-placeholder-width: 128px; --smush-placeholder-aspect-ratio: 128\/128;\" \/><noscript><img decoding=\"async\" width=\"128\" height=\"128\" data-src=\"https:\/\/esquerra.com.ar\/voleibol\/wp-content\/uploads\/2025\/11\/Mamba-Lima-Peru-128x128.png\" class=\"attachment-sportspress-fit-icon size-sportspress-fit-icon wp-post-image lazyload\" alt=\"\" src=\"data:image\/gif;base64,R0lGODlhAQABAAAAACH5BAEKAAEALAAAAAABAAEAAAICTAEAOw==\" style=\"--smush-placeholder-width: 128px; --smush-placeholder-aspect-ratio: 128\/128;\" \/><noscript><img decoding=\"async\" width=\"128\" height=\"128\" data-src=\"https:\/\/esquerra.com.ar\/voleibol\/wp-content\/uploads\/2025\/11\/Mamba-Lima-Peru-128x128.png\" class=\"attachment-sportspress-fit-icon size-sportspress-fit-icon wp-post-image lazyload\" alt=\"\" src=\"data:image\/gif;base64,R0lGODlhAQABAAAAACH5BAEKAAEALAAAAAABAAEAAAICTAEAOw==\" style=\"--smush-placeholder-width: 128px; --smush-placeholder-aspect-ratio: 128\/128;\" \/><noscript><img decoding=\"async\" width=\"128\" height=\"128\" data-src=\"https:\/\/esquerra.com.ar\/voleibol\/wp-content\/uploads\/2025\/11\/Mamba-Lima-Peru-128x128.png\" class=\"attachment-sportspress-fit-icon size-sportspress-fit-icon wp-post-image lazyload\" alt=\"\" src=\"data:image\/gif;base64,R0lGODlhAQABAAAAACH5BAEKAAEALAAAAAABAAEAAAICTAEAOw==\" style=\"--smush-placeholder-width: 128px; --smush-placeholder-aspect-ratio: 128\/128;\" \/><noscript><img decoding=\"async\" width=\"128\" height=\"128\" data-src=\"https:\/\/esquerra.com.ar\/voleibol\/wp-content\/uploads\/2025\/11\/Mamba-Lima-Peru-128x128.png\" class=\"attachment-sportspress-fit-icon size-sportspress-fit-icon wp-post-image lazyload\" alt=\"\" src=\"data:image\/gif;base64,R0lGODlhAQABAAAAACH5BAEKAAEALAAAAAABAAEAAAICTAEAOw==\" style=\"--smush-placeholder-width: 128px; --smush-placeholder-aspect-ratio: 128\/128;\" \/><noscript><img decoding=\"async\" width=\"128\" height=\"128\" data-src=\"https:\/\/esquerra.com.ar\/voleibol\/wp-content\/uploads\/2025\/11\/Mamba-Lima-Peru-128x128.png\" class=\"attachment-sportspress-fit-icon size-sportspress-fit-icon wp-post-image lazyload\" alt=\"\" src=\"data:image\/gif;base64,R0lGODlhAQABAAAAACH5BAEKAAEALAAAAAABAAEAAAICTAEAOw==\" style=\"--smush-placeholder-width: 128px; --smush-placeholder-aspect-ratio: 128\/128;\" \/><noscript><img decoding=\"async\" width=\"128\" height=\"128\" data-src=\"https:\/\/esquerra.com.ar\/voleibol\/wp-content\/uploads\/2025\/11\/Mamba-Lima-Peru-128x128.png\" class=\"attachment-sportspress-fit-icon size-sportspress-fit-icon wp-post-image lazyload\" alt=\"\" src=\"data:image\/gif;base64,R0lGODlhAQABAAAAACH5BAEKAAEALAAAAAABAAEAAAICTAEAOw==\" style=\"--smush-placeholder-width: 128px; --smush-placeholder-aspect-ratio: 128\/128;\" \/><noscript><img decoding=\"async\" width=\"128\" height=\"128\" data-src=\"https:\/\/esquerra.com.ar\/voleibol\/wp-content\/uploads\/2025\/11\/Mamba-Lima-Peru-128x128.png\" class=\"attachment-sportspress-fit-icon size-sportspress-fit-icon wp-post-image lazyload\" alt=\"\" src=\"data:image\/gif;base64,R0lGODlhAQABAAAAACH5BAEKAAEALAAAAAABAAEAAAICTAEAOw==\" style=\"--smush-placeholder-width: 128px; --smush-placeholder-aspect-ratio: 128\/128;\" \/><noscript><img decoding=\"async\" width=\"128\" height=\"128\" data-src=\"https:\/\/esquerra.com.ar\/voleibol\/wp-content\/uploads\/2025\/11\/Mamba-Lima-Peru-128x128.png\" class=\"attachment-sportspress-fit-icon size-sportspress-fit-icon wp-post-image lazyload\" alt=\"\" src=\"data:image\/gif;base64,R0lGODlhAQABAAAAACH5BAEKAAEALAAAAAABAAEAAAICTAEAOw==\" style=\"--smush-placeholder-width: 128px; --smush-placeholder-aspect-ratio: 128\/128;\" \/><noscript><img decoding=\"async\" width=\"128\" height=\"128\" data-src=\"https:\/\/esquerra.com.ar\/voleibol\/wp-content\/uploads\/2025\/11\/Mamba-Lima-Peru-128x128.png\" class=\"attachment-sportspress-fit-icon size-sportspress-fit-icon wp-post-image lazyload\" alt=\"\" src=\"data:image\/gif;base64,R0lGODlhAQABAAAAACH5BAEKAAEALAAAAAABAAEAAAICTAEAOw==\" style=\"--smush-placeholder-width: 128px; --smush-placeholder-aspect-ratio: 128\/128;\" \/><noscript><img decoding=\"async\" width=\"128\" height=\"128\" data-src=\"https:\/\/esquerra.com.ar\/voleibol\/wp-content\/uploads\/2025\/11\/Mamba-Lima-Peru-128x128.png\" class=\"attachment-sportspress-fit-icon size-sportspress-fit-icon wp-post-image lazyload\" alt=\"\" src=\"data:image\/gif;base64,R0lGODlhAQABAAAAACH5BAEKAAEALAAAAAABAAEAAAICTAEAOw==\" style=\"--smush-placeholder-width: 128px; --smush-placeholder-aspect-ratio: 128\/128;\" \/><noscript><img decoding=\"async\" width=\"128\" height=\"128\" data-src=\"https:\/\/esquerra.com.ar\/voleibol\/wp-content\/uploads\/2025\/11\/Mamba-Lima-Peru-128x128.png\" class=\"attachment-sportspress-fit-icon size-sportspress-fit-icon wp-post-image lazyload\" alt=\"\" src=\"data:image\/gif;base64,R0lGODlhAQABAAAAACH5BAEKAAEALAAAAAABAAEAAAICTAEAOw==\" style=\"--smush-placeholder-width: 128px; --smush-placeholder-aspect-ratio: 128\/128;\" \/><noscript><img decoding=\"async\" width=\"128\" height=\"128\" src=\"https:\/\/esquerra.com.ar\/voleibol\/wp-content\/uploads\/2025\/11\/Mamba-Lima-Peru-128x128.png\" class=\"attachment-sportspress-fit-icon size-sportspress-fit-icon wp-post-image\" alt=\"\" \/><\/noscript><\/noscript><\/noscript><\/noscript><\/noscript><\/noscript><\/noscript><\/noscript><\/noscript><\/noscript><\/noscript><\/noscript><\/span>\t\t\t\t\t\t\t<time class=\"sp-event-date\" datetime=\"2025-11-28 18:30:09\" itemprop=\"startDate\" content=\"2025-11-28T18:30:09-03:00\">\n\t\t\t\t\t\t\t\t<a href=\"https:\/\/esquerra.com.ar\/voleibol\/event\/murano-santiago-chile-vs-mamba-b-lima-peru\/\">28\/11\/2025<\/a>\t\t\t\t\t\t\t<\/time>\n\t\t\t\t\t\t\t\t\t\t\t\t\t\t<h5 class=\"sp-event-results\">\n\t\t\t\t\t\t\t\t<a href=\"https:\/\/esquerra.com.ar\/voleibol\/event\/murano-santiago-chile-vs-mamba-b-lima-peru\/\"><span class=\"sp-result ok\">2<\/span> - <span class=\"sp-result\">0<\/span><\/a>\t\t\t\t\t\t\t<\/h5>\n\t\t\t\t\t\t\t\t\t\t\t\t\t\t\t\t\t\t\t\t\t\t<div class=\"sp-event-season\">U16F \u2013 Noviembre 2025 \u2013 ZONA D<\/div>\n\t\t\t\t\t\t\t\t\t\t\t\t\t\t\t\t\t\t\t\t\t\t\t\t\t\t\t\t\t\t<div class=\"sp-event-venue\" itemprop=\"location\" itemscope itemtype=\"http:\/\/schema.org\/Place\"><div itemprop=\"address\" itemscope itemtype=\"http:\/\/schema.org\/PostalAddress\">Hind\u00fa - Cancha 1<\/div><\/div>\n\t\t\t\t\t\t\t\t\t\t\t\t\t\t\t\t\t\t\t\t\t\t\t\t\t\t\t\t\t\t<div style=\"display:none;\" class=\"sp-event-venue\" itemprop=\"location\" itemscope itemtype=\"http:\/\/schema.org\/Place\"><div itemprop=\"address\" itemscope itemtype=\"http:\/\/schema.org\/PostalAddress\">N\/D<\/div><\/div>\n\t\t\t\t\t\t\t\t\t\t\t\t\t\t<h4 class=\"sp-event-title\" itemprop=\"name\">\n\t\t\t\t\t\t\t\t<a href=\"https:\/\/esquerra.com.ar\/voleibol\/event\/murano-santiago-chile-vs-mamba-b-lima-peru\/\">Murano (Santiago, Chile) vs Mamba (B) (Lima, Per\u00fa)<\/a>\t\t\t\t\t\t\t<\/h4>\n\t\t\t\t\t\t\t\n\t\t\t\t\t\t<\/td>\n\t\t\t\t\t<\/tr>\n\t\t\t\t\t\t\t\t\t\t<tr class=\"sp-row sp-post alternate\" itemscope itemtype=\"http:\/\/schema.org\/SportsEvent\">\n\t\t\t\t\t\t<td>\n\t\t\t\t\t\t\t\t\t\t\t\t\t\t<span class=\"team-logo logo-odd\" title=\"San Mart\u00edn (Marcos Ju\u00e1rez, Argentina)\"><img loading=\"lazy\" decoding=\"async\" width=\"128\" height=\"128\" data-src=\"https:\/\/esquerra.com.ar\/voleibol\/wp-content\/uploads\/2024\/10\/San-Martin-Marcos-Juarez-Argentina-128x128.png\" class=\"attachment-sportspress-fit-icon size-sportspress-fit-icon wp-post-image lazyload\" alt=\"\" src=\"data:image\/gif;base64,R0lGODlhAQABAAAAACH5BAEKAAEALAAAAAABAAEAAAICTAEAOw==\" style=\"--smush-placeholder-width: 128px; --smush-placeholder-aspect-ratio: 128\/128;\" \/><noscript><img loading=\"lazy\" decoding=\"async\" width=\"128\" height=\"128\" data-src=\"https:\/\/esquerra.com.ar\/voleibol\/wp-content\/uploads\/2024\/10\/San-Martin-Marcos-Juarez-Argentina-128x128.png\" class=\"attachment-sportspress-fit-icon size-sportspress-fit-icon wp-post-image lazyload\" alt=\"\" src=\"data:image\/gif;base64,R0lGODlhAQABAAAAACH5BAEKAAEALAAAAAABAAEAAAICTAEAOw==\" style=\"--smush-placeholder-width: 128px; --smush-placeholder-aspect-ratio: 128\/128;\" \/><noscript><img loading=\"lazy\" decoding=\"async\" width=\"128\" height=\"128\" data-src=\"https:\/\/esquerra.com.ar\/voleibol\/wp-content\/uploads\/2024\/10\/San-Martin-Marcos-Juarez-Argentina-128x128.png\" class=\"attachment-sportspress-fit-icon size-sportspress-fit-icon wp-post-image lazyload\" alt=\"\" src=\"data:image\/gif;base64,R0lGODlhAQABAAAAACH5BAEKAAEALAAAAAABAAEAAAICTAEAOw==\" style=\"--smush-placeholder-width: 128px; --smush-placeholder-aspect-ratio: 128\/128;\" \/><noscript><img loading=\"lazy\" decoding=\"async\" width=\"128\" height=\"128\" data-src=\"https:\/\/esquerra.com.ar\/voleibol\/wp-content\/uploads\/2024\/10\/San-Martin-Marcos-Juarez-Argentina-128x128.png\" class=\"attachment-sportspress-fit-icon size-sportspress-fit-icon wp-post-image lazyload\" alt=\"\" src=\"data:image\/gif;base64,R0lGODlhAQABAAAAACH5BAEKAAEALAAAAAABAAEAAAICTAEAOw==\" style=\"--smush-placeholder-width: 128px; --smush-placeholder-aspect-ratio: 128\/128;\" \/><noscript><img loading=\"lazy\" decoding=\"async\" width=\"128\" height=\"128\" data-src=\"https:\/\/esquerra.com.ar\/voleibol\/wp-content\/uploads\/2024\/10\/San-Martin-Marcos-Juarez-Argentina-128x128.png\" class=\"attachment-sportspress-fit-icon size-sportspress-fit-icon wp-post-image lazyload\" alt=\"\" src=\"data:image\/gif;base64,R0lGODlhAQABAAAAACH5BAEKAAEALAAAAAABAAEAAAICTAEAOw==\" style=\"--smush-placeholder-width: 128px; --smush-placeholder-aspect-ratio: 128\/128;\" \/><noscript><img loading=\"lazy\" decoding=\"async\" width=\"128\" height=\"128\" data-src=\"https:\/\/esquerra.com.ar\/voleibol\/wp-content\/uploads\/2024\/10\/San-Martin-Marcos-Juarez-Argentina-128x128.png\" class=\"attachment-sportspress-fit-icon size-sportspress-fit-icon wp-post-image lazyload\" alt=\"\" src=\"data:image\/gif;base64,R0lGODlhAQABAAAAACH5BAEKAAEALAAAAAABAAEAAAICTAEAOw==\" style=\"--smush-placeholder-width: 128px; --smush-placeholder-aspect-ratio: 128\/128;\" \/><noscript><img loading=\"lazy\" decoding=\"async\" width=\"128\" height=\"128\" src=\"https:\/\/esquerra.com.ar\/voleibol\/wp-content\/uploads\/2024\/10\/San-Martin-Marcos-Juarez-Argentina-128x128.png\" class=\"attachment-sportspress-fit-icon size-sportspress-fit-icon wp-post-image\" alt=\"\" \/><\/noscript><\/noscript><\/noscript><\/noscript><\/noscript><\/noscript><\/span> <span class=\"team-logo logo-even\" title=\"Mamba (A) (Lima, Per\u00fa)\"><img decoding=\"async\" width=\"128\" height=\"128\" data-src=\"https:\/\/esquerra.com.ar\/voleibol\/wp-content\/uploads\/2025\/11\/Mamba-Lima-Peru-128x128.png\" class=\"attachment-sportspress-fit-icon size-sportspress-fit-icon wp-post-image lazyload\" alt=\"\" src=\"data:image\/gif;base64,R0lGODlhAQABAAAAACH5BAEKAAEALAAAAAABAAEAAAICTAEAOw==\" style=\"--smush-placeholder-width: 128px; --smush-placeholder-aspect-ratio: 128\/128;\" \/><noscript><img decoding=\"async\" width=\"128\" height=\"128\" data-src=\"https:\/\/esquerra.com.ar\/voleibol\/wp-content\/uploads\/2025\/11\/Mamba-Lima-Peru-128x128.png\" class=\"attachment-sportspress-fit-icon size-sportspress-fit-icon wp-post-image lazyload\" alt=\"\" src=\"data:image\/gif;base64,R0lGODlhAQABAAAAACH5BAEKAAEALAAAAAABAAEAAAICTAEAOw==\" style=\"--smush-placeholder-width: 128px; --smush-placeholder-aspect-ratio: 128\/128;\" \/><noscript><img decoding=\"async\" width=\"128\" height=\"128\" data-src=\"https:\/\/esquerra.com.ar\/voleibol\/wp-content\/uploads\/2025\/11\/Mamba-Lima-Peru-128x128.png\" class=\"attachment-sportspress-fit-icon size-sportspress-fit-icon wp-post-image lazyload\" alt=\"\" src=\"data:image\/gif;base64,R0lGODlhAQABAAAAACH5BAEKAAEALAAAAAABAAEAAAICTAEAOw==\" style=\"--smush-placeholder-width: 128px; --smush-placeholder-aspect-ratio: 128\/128;\" \/><noscript><img decoding=\"async\" width=\"128\" height=\"128\" data-src=\"https:\/\/esquerra.com.ar\/voleibol\/wp-content\/uploads\/2025\/11\/Mamba-Lima-Peru-128x128.png\" class=\"attachment-sportspress-fit-icon size-sportspress-fit-icon wp-post-image lazyload\" alt=\"\" src=\"data:image\/gif;base64,R0lGODlhAQABAAAAACH5BAEKAAEALAAAAAABAAEAAAICTAEAOw==\" style=\"--smush-placeholder-width: 128px; --smush-placeholder-aspect-ratio: 128\/128;\" \/><noscript><img decoding=\"async\" width=\"128\" height=\"128\" data-src=\"https:\/\/esquerra.com.ar\/voleibol\/wp-content\/uploads\/2025\/11\/Mamba-Lima-Peru-128x128.png\" class=\"attachment-sportspress-fit-icon size-sportspress-fit-icon wp-post-image lazyload\" alt=\"\" src=\"data:image\/gif;base64,R0lGODlhAQABAAAAACH5BAEKAAEALAAAAAABAAEAAAICTAEAOw==\" style=\"--smush-placeholder-width: 128px; --smush-placeholder-aspect-ratio: 128\/128;\" \/><noscript><img decoding=\"async\" width=\"128\" height=\"128\" data-src=\"https:\/\/esquerra.com.ar\/voleibol\/wp-content\/uploads\/2025\/11\/Mamba-Lima-Peru-128x128.png\" class=\"attachment-sportspress-fit-icon size-sportspress-fit-icon wp-post-image lazyload\" alt=\"\" src=\"data:image\/gif;base64,R0lGODlhAQABAAAAACH5BAEKAAEALAAAAAABAAEAAAICTAEAOw==\" style=\"--smush-placeholder-width: 128px; --smush-placeholder-aspect-ratio: 128\/128;\" \/><noscript><img decoding=\"async\" width=\"128\" height=\"128\" data-src=\"https:\/\/esquerra.com.ar\/voleibol\/wp-content\/uploads\/2025\/11\/Mamba-Lima-Peru-128x128.png\" class=\"attachment-sportspress-fit-icon size-sportspress-fit-icon wp-post-image lazyload\" alt=\"\" src=\"data:image\/gif;base64,R0lGODlhAQABAAAAACH5BAEKAAEALAAAAAABAAEAAAICTAEAOw==\" style=\"--smush-placeholder-width: 128px; --smush-placeholder-aspect-ratio: 128\/128;\" \/><noscript><img decoding=\"async\" width=\"128\" height=\"128\" data-src=\"https:\/\/esquerra.com.ar\/voleibol\/wp-content\/uploads\/2025\/11\/Mamba-Lima-Peru-128x128.png\" class=\"attachment-sportspress-fit-icon size-sportspress-fit-icon wp-post-image lazyload\" alt=\"\" src=\"data:image\/gif;base64,R0lGODlhAQABAAAAACH5BAEKAAEALAAAAAABAAEAAAICTAEAOw==\" style=\"--smush-placeholder-width: 128px; --smush-placeholder-aspect-ratio: 128\/128;\" \/><noscript><img decoding=\"async\" width=\"128\" height=\"128\" data-src=\"https:\/\/esquerra.com.ar\/voleibol\/wp-content\/uploads\/2025\/11\/Mamba-Lima-Peru-128x128.png\" class=\"attachment-sportspress-fit-icon size-sportspress-fit-icon wp-post-image lazyload\" alt=\"\" src=\"data:image\/gif;base64,R0lGODlhAQABAAAAACH5BAEKAAEALAAAAAABAAEAAAICTAEAOw==\" style=\"--smush-placeholder-width: 128px; --smush-placeholder-aspect-ratio: 128\/128;\" \/><noscript><img decoding=\"async\" width=\"128\" height=\"128\" data-src=\"https:\/\/esquerra.com.ar\/voleibol\/wp-content\/uploads\/2025\/11\/Mamba-Lima-Peru-128x128.png\" class=\"attachment-sportspress-fit-icon size-sportspress-fit-icon wp-post-image lazyload\" alt=\"\" src=\"data:image\/gif;base64,R0lGODlhAQABAAAAACH5BAEKAAEALAAAAAABAAEAAAICTAEAOw==\" style=\"--smush-placeholder-width: 128px; --smush-placeholder-aspect-ratio: 128\/128;\" \/><noscript><img decoding=\"async\" width=\"128\" height=\"128\" data-src=\"https:\/\/esquerra.com.ar\/voleibol\/wp-content\/uploads\/2025\/11\/Mamba-Lima-Peru-128x128.png\" class=\"attachment-sportspress-fit-icon size-sportspress-fit-icon wp-post-image lazyload\" alt=\"\" src=\"data:image\/gif;base64,R0lGODlhAQABAAAAACH5BAEKAAEALAAAAAABAAEAAAICTAEAOw==\" style=\"--smush-placeholder-width: 128px; --smush-placeholder-aspect-ratio: 128\/128;\" \/><noscript><img decoding=\"async\" width=\"128\" height=\"128\" data-src=\"https:\/\/esquerra.com.ar\/voleibol\/wp-content\/uploads\/2025\/11\/Mamba-Lima-Peru-128x128.png\" class=\"attachment-sportspress-fit-icon size-sportspress-fit-icon wp-post-image lazyload\" alt=\"\" src=\"data:image\/gif;base64,R0lGODlhAQABAAAAACH5BAEKAAEALAAAAAABAAEAAAICTAEAOw==\" style=\"--smush-placeholder-width: 128px; --smush-placeholder-aspect-ratio: 128\/128;\" \/><noscript><img decoding=\"async\" width=\"128\" height=\"128\" src=\"https:\/\/esquerra.com.ar\/voleibol\/wp-content\/uploads\/2025\/11\/Mamba-Lima-Peru-128x128.png\" class=\"attachment-sportspress-fit-icon size-sportspress-fit-icon wp-post-image\" alt=\"\" \/><\/noscript><\/noscript><\/noscript><\/noscript><\/noscript><\/noscript><\/noscript><\/noscript><\/noscript><\/noscript><\/noscript><\/noscript><\/span>\t\t\t\t\t\t\t<time class=\"sp-event-date\" datetime=\"2025-11-28 19:00:01\" itemprop=\"startDate\" content=\"2025-11-28T19:00:01-03:00\">\n\t\t\t\t\t\t\t\t<a href=\"https:\/\/esquerra.com.ar\/voleibol\/event\/san-martin-marcos-juarez-argentina-vs-mamba-a-lima-peru\/\">28\/11\/2025<\/a>\t\t\t\t\t\t\t<\/time>\n\t\t\t\t\t\t\t\t\t\t\t\t\t\t<h5 class=\"sp-event-results\">\n\t\t\t\t\t\t\t\t<a href=\"https:\/\/esquerra.com.ar\/voleibol\/event\/san-martin-marcos-juarez-argentina-vs-mamba-a-lima-peru\/\"><span class=\"sp-result ok\">0<\/span> - <span class=\"sp-result\">2<\/span><\/a>\t\t\t\t\t\t\t<\/h5>\n\t\t\t\t\t\t\t\t\t\t\t\t\t\t\t\t\t\t\t\t\t\t<div class=\"sp-event-season\">U16F \u2013 Noviembre 2025 \u2013 ZONA A<\/div>\n\t\t\t\t\t\t\t\t\t\t\t\t\t\t\t\t\t\t\t\t\t\t\t\t\t\t\t\t\t\t<div class=\"sp-event-venue\" itemprop=\"location\" itemscope itemtype=\"http:\/\/schema.org\/Place\"><div itemprop=\"address\" itemscope itemtype=\"http:\/\/schema.org\/PostalAddress\">SUE - Cancha 1<\/div><\/div>\n\t\t\t\t\t\t\t\t\t\t\t\t\t\t\t\t\t\t\t\t\t\t\t\t\t\t\t\t\t\t<div style=\"display:none;\" class=\"sp-event-venue\" itemprop=\"location\" itemscope itemtype=\"http:\/\/schema.org\/Place\"><div itemprop=\"address\" itemscope itemtype=\"http:\/\/schema.org\/PostalAddress\">N\/D<\/div><\/div>\n\t\t\t\t\t\t\t\t\t\t\t\t\t\t<h4 class=\"sp-event-title\" itemprop=\"name\">\n\t\t\t\t\t\t\t\t<a href=\"https:\/\/esquerra.com.ar\/voleibol\/event\/san-martin-marcos-juarez-argentina-vs-mamba-a-lima-peru\/\">San Mart\u00edn (Marcos Ju\u00e1rez, Argentina) vs Mamba (A) (Lima, Per\u00fa)<\/a>\t\t\t\t\t\t\t<\/h4>\n\t\t\t\t\t\t\t\n\t\t\t\t\t\t<\/td>\n\t\t\t\t\t<\/tr>\n\t\t\t\t\t\t\t\t\t\t<tr class=\"sp-row sp-post\" itemscope itemtype=\"http:\/\/schema.org\/SportsEvent\">\n\t\t\t\t\t\t<td>\n\t\t\t\t\t\t\t\t\t\t\t\t\t\t<span class=\"team-logo logo-odd\" title=\"Alfebracross (Asunci\u00f3n, Paraguay)\"><img loading=\"lazy\" decoding=\"async\" width=\"128\" height=\"128\" data-src=\"https:\/\/esquerra.com.ar\/voleibol\/wp-content\/uploads\/2025\/11\/Alfebracrossvolley-Paraguay-128x128.png\" class=\"attachment-sportspress-fit-icon size-sportspress-fit-icon wp-post-image lazyload\" alt=\"\" src=\"data:image\/gif;base64,R0lGODlhAQABAAAAACH5BAEKAAEALAAAAAABAAEAAAICTAEAOw==\" style=\"--smush-placeholder-width: 128px; --smush-placeholder-aspect-ratio: 128\/128;\" \/><noscript><img loading=\"lazy\" decoding=\"async\" width=\"128\" height=\"128\" data-src=\"https:\/\/esquerra.com.ar\/voleibol\/wp-content\/uploads\/2025\/11\/Alfebracrossvolley-Paraguay-128x128.png\" class=\"attachment-sportspress-fit-icon size-sportspress-fit-icon wp-post-image lazyload\" alt=\"\" src=\"data:image\/gif;base64,R0lGODlhAQABAAAAACH5BAEKAAEALAAAAAABAAEAAAICTAEAOw==\" style=\"--smush-placeholder-width: 128px; --smush-placeholder-aspect-ratio: 128\/128;\" \/><noscript><img loading=\"lazy\" decoding=\"async\" width=\"128\" height=\"128\" data-src=\"https:\/\/esquerra.com.ar\/voleibol\/wp-content\/uploads\/2025\/11\/Alfebracrossvolley-Paraguay-128x128.png\" class=\"attachment-sportspress-fit-icon size-sportspress-fit-icon wp-post-image lazyload\" alt=\"\" src=\"data:image\/gif;base64,R0lGODlhAQABAAAAACH5BAEKAAEALAAAAAABAAEAAAICTAEAOw==\" style=\"--smush-placeholder-width: 128px; --smush-placeholder-aspect-ratio: 128\/128;\" \/><noscript><img loading=\"lazy\" decoding=\"async\" width=\"128\" height=\"128\" data-src=\"https:\/\/esquerra.com.ar\/voleibol\/wp-content\/uploads\/2025\/11\/Alfebracrossvolley-Paraguay-128x128.png\" class=\"attachment-sportspress-fit-icon size-sportspress-fit-icon wp-post-image lazyload\" alt=\"\" src=\"data:image\/gif;base64,R0lGODlhAQABAAAAACH5BAEKAAEALAAAAAABAAEAAAICTAEAOw==\" style=\"--smush-placeholder-width: 128px; --smush-placeholder-aspect-ratio: 128\/128;\" \/><noscript><img loading=\"lazy\" decoding=\"async\" width=\"128\" height=\"128\" data-src=\"https:\/\/esquerra.com.ar\/voleibol\/wp-content\/uploads\/2025\/11\/Alfebracrossvolley-Paraguay-128x128.png\" class=\"attachment-sportspress-fit-icon size-sportspress-fit-icon wp-post-image lazyload\" alt=\"\" src=\"data:image\/gif;base64,R0lGODlhAQABAAAAACH5BAEKAAEALAAAAAABAAEAAAICTAEAOw==\" style=\"--smush-placeholder-width: 128px; --smush-placeholder-aspect-ratio: 128\/128;\" \/><noscript><img loading=\"lazy\" decoding=\"async\" width=\"128\" height=\"128\" data-src=\"https:\/\/esquerra.com.ar\/voleibol\/wp-content\/uploads\/2025\/11\/Alfebracrossvolley-Paraguay-128x128.png\" class=\"attachment-sportspress-fit-icon size-sportspress-fit-icon wp-post-image lazyload\" alt=\"\" src=\"data:image\/gif;base64,R0lGODlhAQABAAAAACH5BAEKAAEALAAAAAABAAEAAAICTAEAOw==\" style=\"--smush-placeholder-width: 128px; --smush-placeholder-aspect-ratio: 128\/128;\" \/><noscript><img loading=\"lazy\" decoding=\"async\" width=\"128\" height=\"128\" src=\"https:\/\/esquerra.com.ar\/voleibol\/wp-content\/uploads\/2025\/11\/Alfebracrossvolley-Paraguay-128x128.png\" class=\"attachment-sportspress-fit-icon size-sportspress-fit-icon wp-post-image\" alt=\"\" \/><\/noscript><\/noscript><\/noscript><\/noscript><\/noscript><\/noscript><\/span> <span class=\"team-logo logo-even\" title=\"Juniors (C\u00f3rdoba, Argentina)\"><img loading=\"lazy\" decoding=\"async\" width=\"128\" height=\"128\" data-src=\"https:\/\/esquerra.com.ar\/voleibol\/wp-content\/uploads\/2025\/11\/Juniors-Cordoba-Argentina-128x128.png\" class=\"attachment-sportspress-fit-icon size-sportspress-fit-icon wp-post-image lazyload\" alt=\"\" src=\"data:image\/gif;base64,R0lGODlhAQABAAAAACH5BAEKAAEALAAAAAABAAEAAAICTAEAOw==\" style=\"--smush-placeholder-width: 128px; --smush-placeholder-aspect-ratio: 128\/128;\" \/><noscript><img loading=\"lazy\" decoding=\"async\" width=\"128\" height=\"128\" data-src=\"https:\/\/esquerra.com.ar\/voleibol\/wp-content\/uploads\/2025\/11\/Juniors-Cordoba-Argentina-128x128.png\" class=\"attachment-sportspress-fit-icon size-sportspress-fit-icon wp-post-image lazyload\" alt=\"\" src=\"data:image\/gif;base64,R0lGODlhAQABAAAAACH5BAEKAAEALAAAAAABAAEAAAICTAEAOw==\" style=\"--smush-placeholder-width: 128px; --smush-placeholder-aspect-ratio: 128\/128;\" \/><noscript><img loading=\"lazy\" decoding=\"async\" width=\"128\" height=\"128\" data-src=\"https:\/\/esquerra.com.ar\/voleibol\/wp-content\/uploads\/2025\/11\/Juniors-Cordoba-Argentina-128x128.png\" class=\"attachment-sportspress-fit-icon size-sportspress-fit-icon wp-post-image lazyload\" alt=\"\" src=\"data:image\/gif;base64,R0lGODlhAQABAAAAACH5BAEKAAEALAAAAAABAAEAAAICTAEAOw==\" style=\"--smush-placeholder-width: 128px; --smush-placeholder-aspect-ratio: 128\/128;\" \/><noscript><img loading=\"lazy\" decoding=\"async\" width=\"128\" height=\"128\" data-src=\"https:\/\/esquerra.com.ar\/voleibol\/wp-content\/uploads\/2025\/11\/Juniors-Cordoba-Argentina-128x128.png\" class=\"attachment-sportspress-fit-icon size-sportspress-fit-icon wp-post-image lazyload\" alt=\"\" src=\"data:image\/gif;base64,R0lGODlhAQABAAAAACH5BAEKAAEALAAAAAABAAEAAAICTAEAOw==\" style=\"--smush-placeholder-width: 128px; --smush-placeholder-aspect-ratio: 128\/128;\" \/><noscript><img loading=\"lazy\" decoding=\"async\" width=\"128\" height=\"128\" data-src=\"https:\/\/esquerra.com.ar\/voleibol\/wp-content\/uploads\/2025\/11\/Juniors-Cordoba-Argentina-128x128.png\" class=\"attachment-sportspress-fit-icon size-sportspress-fit-icon wp-post-image lazyload\" alt=\"\" src=\"data:image\/gif;base64,R0lGODlhAQABAAAAACH5BAEKAAEALAAAAAABAAEAAAICTAEAOw==\" style=\"--smush-placeholder-width: 128px; --smush-placeholder-aspect-ratio: 128\/128;\" \/><noscript><img loading=\"lazy\" decoding=\"async\" width=\"128\" height=\"128\" data-src=\"https:\/\/esquerra.com.ar\/voleibol\/wp-content\/uploads\/2025\/11\/Juniors-Cordoba-Argentina-128x128.png\" class=\"attachment-sportspress-fit-icon size-sportspress-fit-icon wp-post-image lazyload\" alt=\"\" src=\"data:image\/gif;base64,R0lGODlhAQABAAAAACH5BAEKAAEALAAAAAABAAEAAAICTAEAOw==\" style=\"--smush-placeholder-width: 128px; --smush-placeholder-aspect-ratio: 128\/128;\" \/><noscript><img loading=\"lazy\" decoding=\"async\" width=\"128\" height=\"128\" src=\"https:\/\/esquerra.com.ar\/voleibol\/wp-content\/uploads\/2025\/11\/Juniors-Cordoba-Argentina-128x128.png\" class=\"attachment-sportspress-fit-icon size-sportspress-fit-icon wp-post-image\" alt=\"\" \/><\/noscript><\/noscript><\/noscript><\/noscript><\/noscript><\/noscript><\/span>\t\t\t\t\t\t\t<time class=\"sp-event-date\" datetime=\"2025-11-28 19:00:55\" itemprop=\"startDate\" content=\"2025-11-28T19:00:55-03:00\">\n\t\t\t\t\t\t\t\t<a href=\"https:\/\/esquerra.com.ar\/voleibol\/event\/alfebracross-asuncion-paraguay-vs-juniors-cordoba-argentina\/\">28\/11\/2025<\/a>\t\t\t\t\t\t\t<\/time>\n\t\t\t\t\t\t\t\t\t\t\t\t\t\t<h5 class=\"sp-event-results\">\n\t\t\t\t\t\t\t\t<a href=\"https:\/\/esquerra.com.ar\/voleibol\/event\/alfebracross-asuncion-paraguay-vs-juniors-cordoba-argentina\/\"><span class=\"sp-result ok\">0<\/span> - <span class=\"sp-result\">2<\/span><\/a>\t\t\t\t\t\t\t<\/h5>\n\t\t\t\t\t\t\t\t\t\t\t\t\t\t\t\t\t\t\t\t\t\t<div class=\"sp-event-season\">U16F \u2013 Noviembre 2025 \u2013 ZONA B<\/div>\n\t\t\t\t\t\t\t\t\t\t\t\t\t\t\t\t\t\t\t\t\t\t\t\t\t\t\t\t\t\t<div class=\"sp-event-venue\" itemprop=\"location\" itemscope itemtype=\"http:\/\/schema.org\/Place\"><div itemprop=\"address\" itemscope itemtype=\"http:\/\/schema.org\/PostalAddress\">Hind\u00fa - Cancha 2<\/div><\/div>\n\t\t\t\t\t\t\t\t\t\t\t\t\t\t\t\t\t\t\t\t\t\t\t\t\t\t\t\t\t\t<div style=\"display:none;\" class=\"sp-event-venue\" itemprop=\"location\" itemscope itemtype=\"http:\/\/schema.org\/Place\"><div itemprop=\"address\" itemscope itemtype=\"http:\/\/schema.org\/PostalAddress\">N\/D<\/div><\/div>\n\t\t\t\t\t\t\t\t\t\t\t\t\t\t<h4 class=\"sp-event-title\" itemprop=\"name\">\n\t\t\t\t\t\t\t\t<a href=\"https:\/\/esquerra.com.ar\/voleibol\/event\/alfebracross-asuncion-paraguay-vs-juniors-cordoba-argentina\/\">Alfebracross (Asunci\u00f3n, Paraguay) vs Juniors (C\u00f3rdoba, Argentina)<\/a>\t\t\t\t\t\t\t<\/h4>\n\t\t\t\t\t\t\t\n\t\t\t\t\t\t<\/td>\n\t\t\t\t\t<\/tr>\n\t\t\t\t\t\t\t\t\t\t<tr class=\"sp-row sp-post alternate\" itemscope itemtype=\"http:\/\/schema.org\/SportsEvent\">\n\t\t\t\t\t\t<td>\n\t\t\t\t\t\t\t\t\t\t\t\t\t\t<span class=\"team-logo logo-odd\" title=\"Defensores (Villa Dolores, Argentina)\"><img loading=\"lazy\" decoding=\"async\" width=\"128\" height=\"128\" data-src=\"https:\/\/esquerra.com.ar\/voleibol\/wp-content\/uploads\/2025\/11\/Defensores-Villa-Dolores-Argentina-128x128.png\" class=\"attachment-sportspress-fit-icon size-sportspress-fit-icon wp-post-image lazyload\" alt=\"\" src=\"data:image\/gif;base64,R0lGODlhAQABAAAAACH5BAEKAAEALAAAAAABAAEAAAICTAEAOw==\" style=\"--smush-placeholder-width: 128px; --smush-placeholder-aspect-ratio: 128\/128;\" \/><noscript><img loading=\"lazy\" decoding=\"async\" width=\"128\" height=\"128\" data-src=\"https:\/\/esquerra.com.ar\/voleibol\/wp-content\/uploads\/2025\/11\/Defensores-Villa-Dolores-Argentina-128x128.png\" class=\"attachment-sportspress-fit-icon size-sportspress-fit-icon wp-post-image lazyload\" alt=\"\" src=\"data:image\/gif;base64,R0lGODlhAQABAAAAACH5BAEKAAEALAAAAAABAAEAAAICTAEAOw==\" style=\"--smush-placeholder-width: 128px; --smush-placeholder-aspect-ratio: 128\/128;\" \/><noscript><img loading=\"lazy\" decoding=\"async\" width=\"128\" height=\"128\" data-src=\"https:\/\/esquerra.com.ar\/voleibol\/wp-content\/uploads\/2025\/11\/Defensores-Villa-Dolores-Argentina-128x128.png\" class=\"attachment-sportspress-fit-icon size-sportspress-fit-icon wp-post-image lazyload\" alt=\"\" src=\"data:image\/gif;base64,R0lGODlhAQABAAAAACH5BAEKAAEALAAAAAABAAEAAAICTAEAOw==\" style=\"--smush-placeholder-width: 128px; --smush-placeholder-aspect-ratio: 128\/128;\" \/><noscript><img loading=\"lazy\" decoding=\"async\" width=\"128\" height=\"128\" data-src=\"https:\/\/esquerra.com.ar\/voleibol\/wp-content\/uploads\/2025\/11\/Defensores-Villa-Dolores-Argentina-128x128.png\" class=\"attachment-sportspress-fit-icon size-sportspress-fit-icon wp-post-image lazyload\" alt=\"\" src=\"data:image\/gif;base64,R0lGODlhAQABAAAAACH5BAEKAAEALAAAAAABAAEAAAICTAEAOw==\" style=\"--smush-placeholder-width: 128px; --smush-placeholder-aspect-ratio: 128\/128;\" \/><noscript><img loading=\"lazy\" decoding=\"async\" width=\"128\" height=\"128\" data-src=\"https:\/\/esquerra.com.ar\/voleibol\/wp-content\/uploads\/2025\/11\/Defensores-Villa-Dolores-Argentina-128x128.png\" class=\"attachment-sportspress-fit-icon size-sportspress-fit-icon wp-post-image lazyload\" alt=\"\" src=\"data:image\/gif;base64,R0lGODlhAQABAAAAACH5BAEKAAEALAAAAAABAAEAAAICTAEAOw==\" style=\"--smush-placeholder-width: 128px; --smush-placeholder-aspect-ratio: 128\/128;\" \/><noscript><img loading=\"lazy\" decoding=\"async\" width=\"128\" height=\"128\" data-src=\"https:\/\/esquerra.com.ar\/voleibol\/wp-content\/uploads\/2025\/11\/Defensores-Villa-Dolores-Argentina-128x128.png\" class=\"attachment-sportspress-fit-icon size-sportspress-fit-icon wp-post-image lazyload\" alt=\"\" src=\"data:image\/gif;base64,R0lGODlhAQABAAAAACH5BAEKAAEALAAAAAABAAEAAAICTAEAOw==\" style=\"--smush-placeholder-width: 128px; --smush-placeholder-aspect-ratio: 128\/128;\" \/><noscript><img loading=\"lazy\" decoding=\"async\" width=\"128\" height=\"128\" src=\"https:\/\/esquerra.com.ar\/voleibol\/wp-content\/uploads\/2025\/11\/Defensores-Villa-Dolores-Argentina-128x128.png\" class=\"attachment-sportspress-fit-icon size-sportspress-fit-icon wp-post-image\" alt=\"\" \/><\/noscript><\/noscript><\/noscript><\/noscript><\/noscript><\/noscript><\/span> <span class=\"team-logo logo-even\" title=\"Mamba (B) (Lima, Per\u00fa)\"><img decoding=\"async\" width=\"128\" height=\"128\" data-src=\"https:\/\/esquerra.com.ar\/voleibol\/wp-content\/uploads\/2025\/11\/Mamba-Lima-Peru-128x128.png\" class=\"attachment-sportspress-fit-icon size-sportspress-fit-icon wp-post-image lazyload\" alt=\"\" src=\"data:image\/gif;base64,R0lGODlhAQABAAAAACH5BAEKAAEALAAAAAABAAEAAAICTAEAOw==\" style=\"--smush-placeholder-width: 128px; --smush-placeholder-aspect-ratio: 128\/128;\" \/><noscript><img decoding=\"async\" width=\"128\" height=\"128\" data-src=\"https:\/\/esquerra.com.ar\/voleibol\/wp-content\/uploads\/2025\/11\/Mamba-Lima-Peru-128x128.png\" class=\"attachment-sportspress-fit-icon size-sportspress-fit-icon wp-post-image lazyload\" alt=\"\" src=\"data:image\/gif;base64,R0lGODlhAQABAAAAACH5BAEKAAEALAAAAAABAAEAAAICTAEAOw==\" style=\"--smush-placeholder-width: 128px; --smush-placeholder-aspect-ratio: 128\/128;\" \/><noscript><img decoding=\"async\" width=\"128\" height=\"128\" data-src=\"https:\/\/esquerra.com.ar\/voleibol\/wp-content\/uploads\/2025\/11\/Mamba-Lima-Peru-128x128.png\" class=\"attachment-sportspress-fit-icon size-sportspress-fit-icon wp-post-image lazyload\" alt=\"\" src=\"data:image\/gif;base64,R0lGODlhAQABAAAAACH5BAEKAAEALAAAAAABAAEAAAICTAEAOw==\" style=\"--smush-placeholder-width: 128px; --smush-placeholder-aspect-ratio: 128\/128;\" \/><noscript><img decoding=\"async\" width=\"128\" height=\"128\" data-src=\"https:\/\/esquerra.com.ar\/voleibol\/wp-content\/uploads\/2025\/11\/Mamba-Lima-Peru-128x128.png\" class=\"attachment-sportspress-fit-icon size-sportspress-fit-icon wp-post-image lazyload\" alt=\"\" src=\"data:image\/gif;base64,R0lGODlhAQABAAAAACH5BAEKAAEALAAAAAABAAEAAAICTAEAOw==\" style=\"--smush-placeholder-width: 128px; --smush-placeholder-aspect-ratio: 128\/128;\" \/><noscript><img decoding=\"async\" width=\"128\" height=\"128\" data-src=\"https:\/\/esquerra.com.ar\/voleibol\/wp-content\/uploads\/2025\/11\/Mamba-Lima-Peru-128x128.png\" class=\"attachment-sportspress-fit-icon size-sportspress-fit-icon wp-post-image lazyload\" alt=\"\" src=\"data:image\/gif;base64,R0lGODlhAQABAAAAACH5BAEKAAEALAAAAAABAAEAAAICTAEAOw==\" style=\"--smush-placeholder-width: 128px; --smush-placeholder-aspect-ratio: 128\/128;\" \/><noscript><img decoding=\"async\" width=\"128\" height=\"128\" data-src=\"https:\/\/esquerra.com.ar\/voleibol\/wp-content\/uploads\/2025\/11\/Mamba-Lima-Peru-128x128.png\" class=\"attachment-sportspress-fit-icon size-sportspress-fit-icon wp-post-image lazyload\" alt=\"\" src=\"data:image\/gif;base64,R0lGODlhAQABAAAAACH5BAEKAAEALAAAAAABAAEAAAICTAEAOw==\" style=\"--smush-placeholder-width: 128px; --smush-placeholder-aspect-ratio: 128\/128;\" \/><noscript><img decoding=\"async\" width=\"128\" height=\"128\" data-src=\"https:\/\/esquerra.com.ar\/voleibol\/wp-content\/uploads\/2025\/11\/Mamba-Lima-Peru-128x128.png\" class=\"attachment-sportspress-fit-icon size-sportspress-fit-icon wp-post-image lazyload\" alt=\"\" src=\"data:image\/gif;base64,R0lGODlhAQABAAAAACH5BAEKAAEALAAAAAABAAEAAAICTAEAOw==\" style=\"--smush-placeholder-width: 128px; --smush-placeholder-aspect-ratio: 128\/128;\" \/><noscript><img decoding=\"async\" width=\"128\" height=\"128\" data-src=\"https:\/\/esquerra.com.ar\/voleibol\/wp-content\/uploads\/2025\/11\/Mamba-Lima-Peru-128x128.png\" class=\"attachment-sportspress-fit-icon size-sportspress-fit-icon wp-post-image lazyload\" alt=\"\" src=\"data:image\/gif;base64,R0lGODlhAQABAAAAACH5BAEKAAEALAAAAAABAAEAAAICTAEAOw==\" style=\"--smush-placeholder-width: 128px; --smush-placeholder-aspect-ratio: 128\/128;\" \/><noscript><img decoding=\"async\" width=\"128\" height=\"128\" data-src=\"https:\/\/esquerra.com.ar\/voleibol\/wp-content\/uploads\/2025\/11\/Mamba-Lima-Peru-128x128.png\" class=\"attachment-sportspress-fit-icon size-sportspress-fit-icon wp-post-image lazyload\" alt=\"\" src=\"data:image\/gif;base64,R0lGODlhAQABAAAAACH5BAEKAAEALAAAAAABAAEAAAICTAEAOw==\" style=\"--smush-placeholder-width: 128px; --smush-placeholder-aspect-ratio: 128\/128;\" \/><noscript><img decoding=\"async\" width=\"128\" height=\"128\" data-src=\"https:\/\/esquerra.com.ar\/voleibol\/wp-content\/uploads\/2025\/11\/Mamba-Lima-Peru-128x128.png\" class=\"attachment-sportspress-fit-icon size-sportspress-fit-icon wp-post-image lazyload\" alt=\"\" src=\"data:image\/gif;base64,R0lGODlhAQABAAAAACH5BAEKAAEALAAAAAABAAEAAAICTAEAOw==\" style=\"--smush-placeholder-width: 128px; --smush-placeholder-aspect-ratio: 128\/128;\" \/><noscript><img decoding=\"async\" width=\"128\" height=\"128\" data-src=\"https:\/\/esquerra.com.ar\/voleibol\/wp-content\/uploads\/2025\/11\/Mamba-Lima-Peru-128x128.png\" class=\"attachment-sportspress-fit-icon size-sportspress-fit-icon wp-post-image lazyload\" alt=\"\" src=\"data:image\/gif;base64,R0lGODlhAQABAAAAACH5BAEKAAEALAAAAAABAAEAAAICTAEAOw==\" style=\"--smush-placeholder-width: 128px; --smush-placeholder-aspect-ratio: 128\/128;\" \/><noscript><img decoding=\"async\" width=\"128\" height=\"128\" data-src=\"https:\/\/esquerra.com.ar\/voleibol\/wp-content\/uploads\/2025\/11\/Mamba-Lima-Peru-128x128.png\" class=\"attachment-sportspress-fit-icon size-sportspress-fit-icon wp-post-image lazyload\" alt=\"\" src=\"data:image\/gif;base64,R0lGODlhAQABAAAAACH5BAEKAAEALAAAAAABAAEAAAICTAEAOw==\" style=\"--smush-placeholder-width: 128px; --smush-placeholder-aspect-ratio: 128\/128;\" \/><noscript><img decoding=\"async\" width=\"128\" height=\"128\" src=\"https:\/\/esquerra.com.ar\/voleibol\/wp-content\/uploads\/2025\/11\/Mamba-Lima-Peru-128x128.png\" class=\"attachment-sportspress-fit-icon size-sportspress-fit-icon wp-post-image\" alt=\"\" \/><\/noscript><\/noscript><\/noscript><\/noscript><\/noscript><\/noscript><\/noscript><\/noscript><\/noscript><\/noscript><\/noscript><\/noscript><\/span>\t\t\t\t\t\t\t<time class=\"sp-event-date\" datetime=\"2025-11-29 09:00:24\" itemprop=\"startDate\" content=\"2025-11-29T09:00:24-03:00\">\n\t\t\t\t\t\t\t\t<a href=\"https:\/\/esquerra.com.ar\/voleibol\/event\/defensores-villa-dolores-argentina-vs-mamba-b-lima-peru\/\">29\/11\/2025<\/a>\t\t\t\t\t\t\t<\/time>\n\t\t\t\t\t\t\t\t\t\t\t\t\t\t<h5 class=\"sp-event-results\">\n\t\t\t\t\t\t\t\t<a href=\"https:\/\/esquerra.com.ar\/voleibol\/event\/defensores-villa-dolores-argentina-vs-mamba-b-lima-peru\/\"><span class=\"sp-result ok\">0<\/span> - <span class=\"sp-result\">2<\/span><\/a>\t\t\t\t\t\t\t<\/h5>\n\t\t\t\t\t\t\t\t\t\t\t\t\t\t\t\t\t\t\t\t\t\t<div class=\"sp-event-season\">U16F \u2013 Noviembre 2025 \u2013 ZONA D<\/div>\n\t\t\t\t\t\t\t\t\t\t\t\t\t\t\t\t\t\t\t\t\t\t\t\t\t\t\t\t\t\t<div class=\"sp-event-venue\" itemprop=\"location\" itemscope itemtype=\"http:\/\/schema.org\/Place\"><div itemprop=\"address\" itemscope itemtype=\"http:\/\/schema.org\/PostalAddress\">Club Juniors<\/div><\/div>\n\t\t\t\t\t\t\t\t\t\t\t\t\t\t\t\t\t\t\t\t\t\t\t\t\t\t\t\t\t\t<div style=\"display:none;\" class=\"sp-event-venue\" itemprop=\"location\" itemscope itemtype=\"http:\/\/schema.org\/Place\"><div itemprop=\"address\" itemscope itemtype=\"http:\/\/schema.org\/PostalAddress\">N\/D<\/div><\/div>\n\t\t\t\t\t\t\t\t\t\t\t\t\t\t<h4 class=\"sp-event-title\" itemprop=\"name\">\n\t\t\t\t\t\t\t\t<a href=\"https:\/\/esquerra.com.ar\/voleibol\/event\/defensores-villa-dolores-argentina-vs-mamba-b-lima-peru\/\">Defensores (Villa Dolores, Argentina) vs Mamba (B) (Lima, Per\u00fa)<\/a>\t\t\t\t\t\t\t<\/h4>\n\t\t\t\t\t\t\t\n\t\t\t\t\t\t<\/td>\n\t\t\t\t\t<\/tr>\n\t\t\t\t\t\t\t\t\t\t<tr class=\"sp-row sp-post\" itemscope itemtype=\"http:\/\/schema.org\/SportsEvent\">\n\t\t\t\t\t\t<td>\n\t\t\t\t\t\t\t\t\t\t\t\t\t\t<span class=\"team-logo logo-odd\" title=\"British Royal School (Santiago, Chile)\"><img loading=\"lazy\" decoding=\"async\" width=\"128\" height=\"128\" data-src=\"https:\/\/esquerra.com.ar\/voleibol\/wp-content\/uploads\/2025\/11\/Royal-British-School-Santiago-Chile-128x128.png\" class=\"attachment-sportspress-fit-icon size-sportspress-fit-icon wp-post-image lazyload\" alt=\"\" src=\"data:image\/gif;base64,R0lGODlhAQABAAAAACH5BAEKAAEALAAAAAABAAEAAAICTAEAOw==\" style=\"--smush-placeholder-width: 128px; --smush-placeholder-aspect-ratio: 128\/128;\" \/><noscript><img loading=\"lazy\" decoding=\"async\" width=\"128\" height=\"128\" data-src=\"https:\/\/esquerra.com.ar\/voleibol\/wp-content\/uploads\/2025\/11\/Royal-British-School-Santiago-Chile-128x128.png\" class=\"attachment-sportspress-fit-icon size-sportspress-fit-icon wp-post-image lazyload\" alt=\"\" src=\"data:image\/gif;base64,R0lGODlhAQABAAAAACH5BAEKAAEALAAAAAABAAEAAAICTAEAOw==\" style=\"--smush-placeholder-width: 128px; --smush-placeholder-aspect-ratio: 128\/128;\" \/><noscript><img loading=\"lazy\" decoding=\"async\" width=\"128\" height=\"128\" data-src=\"https:\/\/esquerra.com.ar\/voleibol\/wp-content\/uploads\/2025\/11\/Royal-British-School-Santiago-Chile-128x128.png\" class=\"attachment-sportspress-fit-icon size-sportspress-fit-icon wp-post-image lazyload\" alt=\"\" src=\"data:image\/gif;base64,R0lGODlhAQABAAAAACH5BAEKAAEALAAAAAABAAEAAAICTAEAOw==\" style=\"--smush-placeholder-width: 128px; --smush-placeholder-aspect-ratio: 128\/128;\" \/><noscript><img loading=\"lazy\" decoding=\"async\" width=\"128\" height=\"128\" data-src=\"https:\/\/esquerra.com.ar\/voleibol\/wp-content\/uploads\/2025\/11\/Royal-British-School-Santiago-Chile-128x128.png\" class=\"attachment-sportspress-fit-icon size-sportspress-fit-icon wp-post-image lazyload\" alt=\"\" src=\"data:image\/gif;base64,R0lGODlhAQABAAAAACH5BAEKAAEALAAAAAABAAEAAAICTAEAOw==\" style=\"--smush-placeholder-width: 128px; --smush-placeholder-aspect-ratio: 128\/128;\" \/><noscript><img loading=\"lazy\" decoding=\"async\" width=\"128\" height=\"128\" data-src=\"https:\/\/esquerra.com.ar\/voleibol\/wp-content\/uploads\/2025\/11\/Royal-British-School-Santiago-Chile-128x128.png\" class=\"attachment-sportspress-fit-icon size-sportspress-fit-icon wp-post-image lazyload\" alt=\"\" src=\"data:image\/gif;base64,R0lGODlhAQABAAAAACH5BAEKAAEALAAAAAABAAEAAAICTAEAOw==\" style=\"--smush-placeholder-width: 128px; --smush-placeholder-aspect-ratio: 128\/128;\" \/><noscript><img loading=\"lazy\" decoding=\"async\" width=\"128\" height=\"128\" data-src=\"https:\/\/esquerra.com.ar\/voleibol\/wp-content\/uploads\/2025\/11\/Royal-British-School-Santiago-Chile-128x128.png\" class=\"attachment-sportspress-fit-icon size-sportspress-fit-icon wp-post-image lazyload\" alt=\"\" src=\"data:image\/gif;base64,R0lGODlhAQABAAAAACH5BAEKAAEALAAAAAABAAEAAAICTAEAOw==\" style=\"--smush-placeholder-width: 128px; --smush-placeholder-aspect-ratio: 128\/128;\" \/><noscript><img loading=\"lazy\" decoding=\"async\" width=\"128\" height=\"128\" src=\"https:\/\/esquerra.com.ar\/voleibol\/wp-content\/uploads\/2025\/11\/Royal-British-School-Santiago-Chile-128x128.png\" class=\"attachment-sportspress-fit-icon size-sportspress-fit-icon wp-post-image\" alt=\"\" \/><\/noscript><\/noscript><\/noscript><\/noscript><\/noscript><\/noscript><\/span> <span class=\"team-logo logo-even\" title=\"Lihuen (Caleta Olivia, Argentina)\"><img loading=\"lazy\" decoding=\"async\" width=\"128\" height=\"128\" data-src=\"https:\/\/esquerra.com.ar\/voleibol\/wp-content\/uploads\/2024\/10\/Esc.-Municipal-Lihuen-Caleta-Olivia-Argentina-128x128.png\" class=\"attachment-sportspress-fit-icon size-sportspress-fit-icon wp-post-image lazyload\" alt=\"\" src=\"data:image\/gif;base64,R0lGODlhAQABAAAAACH5BAEKAAEALAAAAAABAAEAAAICTAEAOw==\" style=\"--smush-placeholder-width: 128px; --smush-placeholder-aspect-ratio: 128\/128;\" \/><noscript><img loading=\"lazy\" decoding=\"async\" width=\"128\" height=\"128\" data-src=\"https:\/\/esquerra.com.ar\/voleibol\/wp-content\/uploads\/2024\/10\/Esc.-Municipal-Lihuen-Caleta-Olivia-Argentina-128x128.png\" class=\"attachment-sportspress-fit-icon size-sportspress-fit-icon wp-post-image lazyload\" alt=\"\" src=\"data:image\/gif;base64,R0lGODlhAQABAAAAACH5BAEKAAEALAAAAAABAAEAAAICTAEAOw==\" style=\"--smush-placeholder-width: 128px; --smush-placeholder-aspect-ratio: 128\/128;\" \/><noscript><img loading=\"lazy\" decoding=\"async\" width=\"128\" height=\"128\" data-src=\"https:\/\/esquerra.com.ar\/voleibol\/wp-content\/uploads\/2024\/10\/Esc.-Municipal-Lihuen-Caleta-Olivia-Argentina-128x128.png\" class=\"attachment-sportspress-fit-icon size-sportspress-fit-icon wp-post-image lazyload\" alt=\"\" src=\"data:image\/gif;base64,R0lGODlhAQABAAAAACH5BAEKAAEALAAAAAABAAEAAAICTAEAOw==\" style=\"--smush-placeholder-width: 128px; --smush-placeholder-aspect-ratio: 128\/128;\" \/><noscript><img loading=\"lazy\" decoding=\"async\" width=\"128\" height=\"128\" data-src=\"https:\/\/esquerra.com.ar\/voleibol\/wp-content\/uploads\/2024\/10\/Esc.-Municipal-Lihuen-Caleta-Olivia-Argentina-128x128.png\" class=\"attachment-sportspress-fit-icon size-sportspress-fit-icon wp-post-image lazyload\" alt=\"\" src=\"data:image\/gif;base64,R0lGODlhAQABAAAAACH5BAEKAAEALAAAAAABAAEAAAICTAEAOw==\" style=\"--smush-placeholder-width: 128px; --smush-placeholder-aspect-ratio: 128\/128;\" \/><noscript><img loading=\"lazy\" decoding=\"async\" width=\"128\" height=\"128\" data-src=\"https:\/\/esquerra.com.ar\/voleibol\/wp-content\/uploads\/2024\/10\/Esc.-Municipal-Lihuen-Caleta-Olivia-Argentina-128x128.png\" class=\"attachment-sportspress-fit-icon size-sportspress-fit-icon wp-post-image lazyload\" alt=\"\" src=\"data:image\/gif;base64,R0lGODlhAQABAAAAACH5BAEKAAEALAAAAAABAAEAAAICTAEAOw==\" style=\"--smush-placeholder-width: 128px; --smush-placeholder-aspect-ratio: 128\/128;\" \/><noscript><img loading=\"lazy\" decoding=\"async\" width=\"128\" height=\"128\" data-src=\"https:\/\/esquerra.com.ar\/voleibol\/wp-content\/uploads\/2024\/10\/Esc.-Municipal-Lihuen-Caleta-Olivia-Argentina-128x128.png\" class=\"attachment-sportspress-fit-icon size-sportspress-fit-icon wp-post-image lazyload\" alt=\"\" src=\"data:image\/gif;base64,R0lGODlhAQABAAAAACH5BAEKAAEALAAAAAABAAEAAAICTAEAOw==\" style=\"--smush-placeholder-width: 128px; --smush-placeholder-aspect-ratio: 128\/128;\" \/><noscript><img loading=\"lazy\" decoding=\"async\" width=\"128\" height=\"128\" src=\"https:\/\/esquerra.com.ar\/voleibol\/wp-content\/uploads\/2024\/10\/Esc.-Municipal-Lihuen-Caleta-Olivia-Argentina-128x128.png\" class=\"attachment-sportspress-fit-icon size-sportspress-fit-icon wp-post-image\" alt=\"\" \/><\/noscript><\/noscript><\/noscript><\/noscript><\/noscript><\/noscript><\/span>\t\t\t\t\t\t\t<time class=\"sp-event-date\" datetime=\"2025-11-29 09:00:37\" itemprop=\"startDate\" content=\"2025-11-29T09:00:37-03:00\">\n\t\t\t\t\t\t\t\t<a href=\"https:\/\/esquerra.com.ar\/voleibol\/event\/royal-british-school-santiago-chile-vs-lihuen-caleta-olivia-argentina\/\">29\/11\/2025<\/a>\t\t\t\t\t\t\t<\/time>\n\t\t\t\t\t\t\t\t\t\t\t\t\t\t<h5 class=\"sp-event-results\">\n\t\t\t\t\t\t\t\t<a href=\"https:\/\/esquerra.com.ar\/voleibol\/event\/royal-british-school-santiago-chile-vs-lihuen-caleta-olivia-argentina\/\"><span class=\"sp-result ok\">0<\/span> - <span class=\"sp-result\">2<\/span><\/a>\t\t\t\t\t\t\t<\/h5>\n\t\t\t\t\t\t\t\t\t\t\t\t\t\t\t\t\t\t\t\t\t\t<div class=\"sp-event-season\">U16F \u2013 Noviembre 2025 \u2013 ZONA C<\/div>\n\t\t\t\t\t\t\t\t\t\t\t\t\t\t\t\t\t\t\t\t\t\t\t\t\t\t\t\t\t\t<div class=\"sp-event-venue\" itemprop=\"location\" itemscope itemtype=\"http:\/\/schema.org\/Place\"><div itemprop=\"address\" itemscope itemtype=\"http:\/\/schema.org\/PostalAddress\">Rieles - Cancha 1<\/div><\/div>\n\t\t\t\t\t\t\t\t\t\t\t\t\t\t\t\t\t\t\t\t\t\t\t\t\t\t\t\t\t\t<div style=\"display:none;\" class=\"sp-event-venue\" itemprop=\"location\" itemscope itemtype=\"http:\/\/schema.org\/Place\"><div itemprop=\"address\" itemscope itemtype=\"http:\/\/schema.org\/PostalAddress\">N\/D<\/div><\/div>\n\t\t\t\t\t\t\t\t\t\t\t\t\t\t<h4 class=\"sp-event-title\" itemprop=\"name\">\n\t\t\t\t\t\t\t\t<a href=\"https:\/\/esquerra.com.ar\/voleibol\/event\/royal-british-school-santiago-chile-vs-lihuen-caleta-olivia-argentina\/\">British Royal School (Santiago, Chile) vs Lihuen (Caleta Olivia, Argentina)<\/a>\t\t\t\t\t\t\t<\/h4>\n\t\t\t\t\t\t\t\n\t\t\t\t\t\t<\/td>\n\t\t\t\t\t<\/tr>\n\t\t\t\t\t\t\t\t\t\t<tr class=\"sp-row sp-post alternate\" itemscope itemtype=\"http:\/\/schema.org\/SportsEvent\">\n\t\t\t\t\t\t<td>\n\t\t\t\t\t\t\t\t\t\t\t\t\t\t<span class=\"team-logo logo-odd\" title=\"Murano (Santiago, Chile)\"><img loading=\"lazy\" decoding=\"async\" width=\"128\" height=\"128\" data-src=\"https:\/\/esquerra.com.ar\/voleibol\/wp-content\/uploads\/2025\/11\/Murano-Santiago-Chile-128x128.png\" class=\"attachment-sportspress-fit-icon size-sportspress-fit-icon wp-post-image lazyload\" alt=\"\" src=\"data:image\/gif;base64,R0lGODlhAQABAAAAACH5BAEKAAEALAAAAAABAAEAAAICTAEAOw==\" style=\"--smush-placeholder-width: 128px; --smush-placeholder-aspect-ratio: 128\/128;\" \/><noscript><img loading=\"lazy\" decoding=\"async\" width=\"128\" height=\"128\" data-src=\"https:\/\/esquerra.com.ar\/voleibol\/wp-content\/uploads\/2025\/11\/Murano-Santiago-Chile-128x128.png\" class=\"attachment-sportspress-fit-icon size-sportspress-fit-icon wp-post-image lazyload\" alt=\"\" src=\"data:image\/gif;base64,R0lGODlhAQABAAAAACH5BAEKAAEALAAAAAABAAEAAAICTAEAOw==\" style=\"--smush-placeholder-width: 128px; --smush-placeholder-aspect-ratio: 128\/128;\" \/><noscript><img loading=\"lazy\" decoding=\"async\" width=\"128\" height=\"128\" data-src=\"https:\/\/esquerra.com.ar\/voleibol\/wp-content\/uploads\/2025\/11\/Murano-Santiago-Chile-128x128.png\" class=\"attachment-sportspress-fit-icon size-sportspress-fit-icon wp-post-image lazyload\" alt=\"\" src=\"data:image\/gif;base64,R0lGODlhAQABAAAAACH5BAEKAAEALAAAAAABAAEAAAICTAEAOw==\" style=\"--smush-placeholder-width: 128px; --smush-placeholder-aspect-ratio: 128\/128;\" \/><noscript><img loading=\"lazy\" decoding=\"async\" width=\"128\" height=\"128\" data-src=\"https:\/\/esquerra.com.ar\/voleibol\/wp-content\/uploads\/2025\/11\/Murano-Santiago-Chile-128x128.png\" class=\"attachment-sportspress-fit-icon size-sportspress-fit-icon wp-post-image lazyload\" alt=\"\" src=\"data:image\/gif;base64,R0lGODlhAQABAAAAACH5BAEKAAEALAAAAAABAAEAAAICTAEAOw==\" style=\"--smush-placeholder-width: 128px; --smush-placeholder-aspect-ratio: 128\/128;\" \/><noscript><img loading=\"lazy\" decoding=\"async\" width=\"128\" height=\"128\" data-src=\"https:\/\/esquerra.com.ar\/voleibol\/wp-content\/uploads\/2025\/11\/Murano-Santiago-Chile-128x128.png\" class=\"attachment-sportspress-fit-icon size-sportspress-fit-icon wp-post-image lazyload\" alt=\"\" src=\"data:image\/gif;base64,R0lGODlhAQABAAAAACH5BAEKAAEALAAAAAABAAEAAAICTAEAOw==\" style=\"--smush-placeholder-width: 128px; --smush-placeholder-aspect-ratio: 128\/128;\" \/><noscript><img loading=\"lazy\" decoding=\"async\" width=\"128\" height=\"128\" data-src=\"https:\/\/esquerra.com.ar\/voleibol\/wp-content\/uploads\/2025\/11\/Murano-Santiago-Chile-128x128.png\" class=\"attachment-sportspress-fit-icon size-sportspress-fit-icon wp-post-image lazyload\" alt=\"\" src=\"data:image\/gif;base64,R0lGODlhAQABAAAAACH5BAEKAAEALAAAAAABAAEAAAICTAEAOw==\" style=\"--smush-placeholder-width: 128px; --smush-placeholder-aspect-ratio: 128\/128;\" \/><noscript><img loading=\"lazy\" decoding=\"async\" width=\"128\" height=\"128\" src=\"https:\/\/esquerra.com.ar\/voleibol\/wp-content\/uploads\/2025\/11\/Murano-Santiago-Chile-128x128.png\" class=\"attachment-sportspress-fit-icon size-sportspress-fit-icon wp-post-image\" alt=\"\" \/><\/noscript><\/noscript><\/noscript><\/noscript><\/noscript><\/noscript><\/span> <span class=\"team-logo logo-even\" title=\"Poeta Lugones (C\u00f3rdoba, Argentina)\"><img loading=\"lazy\" decoding=\"async\" width=\"128\" height=\"128\" data-src=\"https:\/\/esquerra.com.ar\/voleibol\/wp-content\/uploads\/2024\/10\/Poeta-Lugones-Voley-Cordoba-Argentina-128x128.png\" class=\"attachment-sportspress-fit-icon size-sportspress-fit-icon wp-post-image lazyload\" alt=\"\" src=\"data:image\/gif;base64,R0lGODlhAQABAAAAACH5BAEKAAEALAAAAAABAAEAAAICTAEAOw==\" style=\"--smush-placeholder-width: 128px; --smush-placeholder-aspect-ratio: 128\/128;\" \/><noscript><img loading=\"lazy\" decoding=\"async\" width=\"128\" height=\"128\" data-src=\"https:\/\/esquerra.com.ar\/voleibol\/wp-content\/uploads\/2024\/10\/Poeta-Lugones-Voley-Cordoba-Argentina-128x128.png\" class=\"attachment-sportspress-fit-icon size-sportspress-fit-icon wp-post-image lazyload\" alt=\"\" src=\"data:image\/gif;base64,R0lGODlhAQABAAAAACH5BAEKAAEALAAAAAABAAEAAAICTAEAOw==\" style=\"--smush-placeholder-width: 128px; --smush-placeholder-aspect-ratio: 128\/128;\" \/><noscript><img loading=\"lazy\" decoding=\"async\" width=\"128\" height=\"128\" data-src=\"https:\/\/esquerra.com.ar\/voleibol\/wp-content\/uploads\/2024\/10\/Poeta-Lugones-Voley-Cordoba-Argentina-128x128.png\" class=\"attachment-sportspress-fit-icon size-sportspress-fit-icon wp-post-image lazyload\" alt=\"\" src=\"data:image\/gif;base64,R0lGODlhAQABAAAAACH5BAEKAAEALAAAAAABAAEAAAICTAEAOw==\" style=\"--smush-placeholder-width: 128px; --smush-placeholder-aspect-ratio: 128\/128;\" \/><noscript><img loading=\"lazy\" decoding=\"async\" width=\"128\" height=\"128\" data-src=\"https:\/\/esquerra.com.ar\/voleibol\/wp-content\/uploads\/2024\/10\/Poeta-Lugones-Voley-Cordoba-Argentina-128x128.png\" class=\"attachment-sportspress-fit-icon size-sportspress-fit-icon wp-post-image lazyload\" alt=\"\" src=\"data:image\/gif;base64,R0lGODlhAQABAAAAACH5BAEKAAEALAAAAAABAAEAAAICTAEAOw==\" style=\"--smush-placeholder-width: 128px; --smush-placeholder-aspect-ratio: 128\/128;\" \/><noscript><img loading=\"lazy\" decoding=\"async\" width=\"128\" height=\"128\" data-src=\"https:\/\/esquerra.com.ar\/voleibol\/wp-content\/uploads\/2024\/10\/Poeta-Lugones-Voley-Cordoba-Argentina-128x128.png\" class=\"attachment-sportspress-fit-icon size-sportspress-fit-icon wp-post-image lazyload\" alt=\"\" src=\"data:image\/gif;base64,R0lGODlhAQABAAAAACH5BAEKAAEALAAAAAABAAEAAAICTAEAOw==\" style=\"--smush-placeholder-width: 128px; --smush-placeholder-aspect-ratio: 128\/128;\" \/><noscript><img loading=\"lazy\" decoding=\"async\" width=\"128\" height=\"128\" data-src=\"https:\/\/esquerra.com.ar\/voleibol\/wp-content\/uploads\/2024\/10\/Poeta-Lugones-Voley-Cordoba-Argentina-128x128.png\" class=\"attachment-sportspress-fit-icon size-sportspress-fit-icon wp-post-image lazyload\" alt=\"\" src=\"data:image\/gif;base64,R0lGODlhAQABAAAAACH5BAEKAAEALAAAAAABAAEAAAICTAEAOw==\" style=\"--smush-placeholder-width: 128px; --smush-placeholder-aspect-ratio: 128\/128;\" \/><noscript><img loading=\"lazy\" decoding=\"async\" width=\"128\" height=\"128\" src=\"https:\/\/esquerra.com.ar\/voleibol\/wp-content\/uploads\/2024\/10\/Poeta-Lugones-Voley-Cordoba-Argentina-128x128.png\" class=\"attachment-sportspress-fit-icon size-sportspress-fit-icon wp-post-image\" alt=\"\" \/><\/noscript><\/noscript><\/noscript><\/noscript><\/noscript><\/noscript><\/span>\t\t\t\t\t\t\t<time class=\"sp-event-date\" datetime=\"2025-11-29 09:00:38\" itemprop=\"startDate\" content=\"2025-11-29T09:00:38-03:00\">\n\t\t\t\t\t\t\t\t<a href=\"https:\/\/esquerra.com.ar\/voleibol\/event\/murano-santiago-chile-vs-poeta-lugones-cordoba-argentina\/\">29\/11\/2025<\/a>\t\t\t\t\t\t\t<\/time>\n\t\t\t\t\t\t\t\t\t\t\t\t\t\t<h5 class=\"sp-event-results\">\n\t\t\t\t\t\t\t\t<a href=\"https:\/\/esquerra.com.ar\/voleibol\/event\/murano-santiago-chile-vs-poeta-lugones-cordoba-argentina\/\"><span class=\"sp-result ok\">1<\/span> - <span class=\"sp-result\">2<\/span><\/a>\t\t\t\t\t\t\t<\/h5>\n\t\t\t\t\t\t\t\t\t\t\t\t\t\t\t\t\t\t\t\t\t\t<div class=\"sp-event-season\">U16F \u2013 Noviembre 2025 \u2013 ZONA D<\/div>\n\t\t\t\t\t\t\t\t\t\t\t\t\t\t\t\t\t\t\t\t\t\t\t\t\t\t\t\t\t\t<div class=\"sp-event-venue\" itemprop=\"location\" itemscope itemtype=\"http:\/\/schema.org\/Place\"><div itemprop=\"address\" itemscope itemtype=\"http:\/\/schema.org\/PostalAddress\">Hind\u00fa - Cancha 3<\/div><\/div>\n\t\t\t\t\t\t\t\t\t\t\t\t\t\t\t\t\t\t\t\t\t\t\t\t\t\t\t\t\t\t<div style=\"display:none;\" class=\"sp-event-venue\" itemprop=\"location\" itemscope itemtype=\"http:\/\/schema.org\/Place\"><div itemprop=\"address\" itemscope itemtype=\"http:\/\/schema.org\/PostalAddress\">N\/D<\/div><\/div>\n\t\t\t\t\t\t\t\t\t\t\t\t\t\t<h4 class=\"sp-event-title\" itemprop=\"name\">\n\t\t\t\t\t\t\t\t<a href=\"https:\/\/esquerra.com.ar\/voleibol\/event\/murano-santiago-chile-vs-poeta-lugones-cordoba-argentina\/\">Murano (Santiago, Chile) vs Poeta Lugones (C\u00f3rdoba, Argentina)<\/a>\t\t\t\t\t\t\t<\/h4>\n\t\t\t\t\t\t\t\n\t\t\t\t\t\t<\/td>\n\t\t\t\t\t<\/tr>\n\t\t\t\t\t\t\t\t\t\t<tr class=\"sp-row sp-post\" itemscope itemtype=\"http:\/\/schema.org\/SportsEvent\">\n\t\t\t\t\t\t<td>\n\t\t\t\t\t\t\t\t\t\t\t\t\t\t<span class=\"team-logo logo-odd\" title=\"Centro Asturiano (B) (Vicente L\u00f3pez, Argentina)\"><img decoding=\"async\" width=\"128\" height=\"128\" data-src=\"https:\/\/esquerra.com.ar\/voleibol\/wp-content\/uploads\/2025\/11\/Centro-Asturiano-CABA-Argentina-128x128.png\" class=\"attachment-sportspress-fit-icon size-sportspress-fit-icon wp-post-image lazyload\" alt=\"\" src=\"data:image\/gif;base64,R0lGODlhAQABAAAAACH5BAEKAAEALAAAAAABAAEAAAICTAEAOw==\" style=\"--smush-placeholder-width: 128px; --smush-placeholder-aspect-ratio: 128\/128;\" \/><noscript><img decoding=\"async\" width=\"128\" height=\"128\" data-src=\"https:\/\/esquerra.com.ar\/voleibol\/wp-content\/uploads\/2025\/11\/Centro-Asturiano-CABA-Argentina-128x128.png\" class=\"attachment-sportspress-fit-icon size-sportspress-fit-icon wp-post-image lazyload\" alt=\"\" src=\"data:image\/gif;base64,R0lGODlhAQABAAAAACH5BAEKAAEALAAAAAABAAEAAAICTAEAOw==\" style=\"--smush-placeholder-width: 128px; --smush-placeholder-aspect-ratio: 128\/128;\" \/><noscript><img decoding=\"async\" width=\"128\" height=\"128\" data-src=\"https:\/\/esquerra.com.ar\/voleibol\/wp-content\/uploads\/2025\/11\/Centro-Asturiano-CABA-Argentina-128x128.png\" class=\"attachment-sportspress-fit-icon size-sportspress-fit-icon wp-post-image lazyload\" alt=\"\" src=\"data:image\/gif;base64,R0lGODlhAQABAAAAACH5BAEKAAEALAAAAAABAAEAAAICTAEAOw==\" style=\"--smush-placeholder-width: 128px; --smush-placeholder-aspect-ratio: 128\/128;\" \/><noscript><img decoding=\"async\" width=\"128\" height=\"128\" data-src=\"https:\/\/esquerra.com.ar\/voleibol\/wp-content\/uploads\/2025\/11\/Centro-Asturiano-CABA-Argentina-128x128.png\" class=\"attachment-sportspress-fit-icon size-sportspress-fit-icon wp-post-image lazyload\" alt=\"\" src=\"data:image\/gif;base64,R0lGODlhAQABAAAAACH5BAEKAAEALAAAAAABAAEAAAICTAEAOw==\" style=\"--smush-placeholder-width: 128px; --smush-placeholder-aspect-ratio: 128\/128;\" \/><noscript><img decoding=\"async\" width=\"128\" height=\"128\" data-src=\"https:\/\/esquerra.com.ar\/voleibol\/wp-content\/uploads\/2025\/11\/Centro-Asturiano-CABA-Argentina-128x128.png\" class=\"attachment-sportspress-fit-icon size-sportspress-fit-icon wp-post-image lazyload\" alt=\"\" src=\"data:image\/gif;base64,R0lGODlhAQABAAAAACH5BAEKAAEALAAAAAABAAEAAAICTAEAOw==\" style=\"--smush-placeholder-width: 128px; --smush-placeholder-aspect-ratio: 128\/128;\" \/><noscript><img decoding=\"async\" width=\"128\" height=\"128\" data-src=\"https:\/\/esquerra.com.ar\/voleibol\/wp-content\/uploads\/2025\/11\/Centro-Asturiano-CABA-Argentina-128x128.png\" class=\"attachment-sportspress-fit-icon size-sportspress-fit-icon wp-post-image lazyload\" alt=\"\" src=\"data:image\/gif;base64,R0lGODlhAQABAAAAACH5BAEKAAEALAAAAAABAAEAAAICTAEAOw==\" style=\"--smush-placeholder-width: 128px; --smush-placeholder-aspect-ratio: 128\/128;\" \/><noscript><img decoding=\"async\" width=\"128\" height=\"128\" data-src=\"https:\/\/esquerra.com.ar\/voleibol\/wp-content\/uploads\/2025\/11\/Centro-Asturiano-CABA-Argentina-128x128.png\" class=\"attachment-sportspress-fit-icon size-sportspress-fit-icon wp-post-image lazyload\" alt=\"\" src=\"data:image\/gif;base64,R0lGODlhAQABAAAAACH5BAEKAAEALAAAAAABAAEAAAICTAEAOw==\" style=\"--smush-placeholder-width: 128px; --smush-placeholder-aspect-ratio: 128\/128;\" \/><noscript><img decoding=\"async\" width=\"128\" height=\"128\" data-src=\"https:\/\/esquerra.com.ar\/voleibol\/wp-content\/uploads\/2025\/11\/Centro-Asturiano-CABA-Argentina-128x128.png\" class=\"attachment-sportspress-fit-icon size-sportspress-fit-icon wp-post-image lazyload\" alt=\"\" src=\"data:image\/gif;base64,R0lGODlhAQABAAAAACH5BAEKAAEALAAAAAABAAEAAAICTAEAOw==\" style=\"--smush-placeholder-width: 128px; --smush-placeholder-aspect-ratio: 128\/128;\" \/><noscript><img decoding=\"async\" width=\"128\" height=\"128\" data-src=\"https:\/\/esquerra.com.ar\/voleibol\/wp-content\/uploads\/2025\/11\/Centro-Asturiano-CABA-Argentina-128x128.png\" class=\"attachment-sportspress-fit-icon size-sportspress-fit-icon wp-post-image lazyload\" alt=\"\" src=\"data:image\/gif;base64,R0lGODlhAQABAAAAACH5BAEKAAEALAAAAAABAAEAAAICTAEAOw==\" style=\"--smush-placeholder-width: 128px; --smush-placeholder-aspect-ratio: 128\/128;\" \/><noscript><img decoding=\"async\" width=\"128\" height=\"128\" data-src=\"https:\/\/esquerra.com.ar\/voleibol\/wp-content\/uploads\/2025\/11\/Centro-Asturiano-CABA-Argentina-128x128.png\" class=\"attachment-sportspress-fit-icon size-sportspress-fit-icon wp-post-image lazyload\" alt=\"\" src=\"data:image\/gif;base64,R0lGODlhAQABAAAAACH5BAEKAAEALAAAAAABAAEAAAICTAEAOw==\" style=\"--smush-placeholder-width: 128px; --smush-placeholder-aspect-ratio: 128\/128;\" \/><noscript><img decoding=\"async\" width=\"128\" height=\"128\" data-src=\"https:\/\/esquerra.com.ar\/voleibol\/wp-content\/uploads\/2025\/11\/Centro-Asturiano-CABA-Argentina-128x128.png\" class=\"attachment-sportspress-fit-icon size-sportspress-fit-icon wp-post-image lazyload\" alt=\"\" src=\"data:image\/gif;base64,R0lGODlhAQABAAAAACH5BAEKAAEALAAAAAABAAEAAAICTAEAOw==\" style=\"--smush-placeholder-width: 128px; --smush-placeholder-aspect-ratio: 128\/128;\" \/><noscript><img decoding=\"async\" width=\"128\" height=\"128\" data-src=\"https:\/\/esquerra.com.ar\/voleibol\/wp-content\/uploads\/2025\/11\/Centro-Asturiano-CABA-Argentina-128x128.png\" class=\"attachment-sportspress-fit-icon size-sportspress-fit-icon wp-post-image lazyload\" alt=\"\" src=\"data:image\/gif;base64,R0lGODlhAQABAAAAACH5BAEKAAEALAAAAAABAAEAAAICTAEAOw==\" style=\"--smush-placeholder-width: 128px; --smush-placeholder-aspect-ratio: 128\/128;\" \/><noscript><img decoding=\"async\" width=\"128\" height=\"128\" src=\"https:\/\/esquerra.com.ar\/voleibol\/wp-content\/uploads\/2025\/11\/Centro-Asturiano-CABA-Argentina-128x128.png\" class=\"attachment-sportspress-fit-icon size-sportspress-fit-icon wp-post-image\" alt=\"\" \/><\/noscript><\/noscript><\/noscript><\/noscript><\/noscript><\/noscript><\/noscript><\/noscript><\/noscript><\/noscript><\/noscript><\/noscript><\/span> <span class=\"team-logo logo-even\" title=\"Racing (C\u00f3rdoba, Argentina)\"><img loading=\"lazy\" decoding=\"async\" width=\"128\" height=\"128\" data-src=\"https:\/\/esquerra.com.ar\/voleibol\/wp-content\/uploads\/2024\/10\/Racing-Cordoba-Argentina-128x128.png\" class=\"attachment-sportspress-fit-icon size-sportspress-fit-icon wp-post-image lazyload\" alt=\"\" src=\"data:image\/gif;base64,R0lGODlhAQABAAAAACH5BAEKAAEALAAAAAABAAEAAAICTAEAOw==\" style=\"--smush-placeholder-width: 128px; --smush-placeholder-aspect-ratio: 128\/128;\" \/><noscript><img loading=\"lazy\" decoding=\"async\" width=\"128\" height=\"128\" data-src=\"https:\/\/esquerra.com.ar\/voleibol\/wp-content\/uploads\/2024\/10\/Racing-Cordoba-Argentina-128x128.png\" class=\"attachment-sportspress-fit-icon size-sportspress-fit-icon wp-post-image lazyload\" alt=\"\" src=\"data:image\/gif;base64,R0lGODlhAQABAAAAACH5BAEKAAEALAAAAAABAAEAAAICTAEAOw==\" style=\"--smush-placeholder-width: 128px; --smush-placeholder-aspect-ratio: 128\/128;\" \/><noscript><img loading=\"lazy\" decoding=\"async\" width=\"128\" height=\"128\" data-src=\"https:\/\/esquerra.com.ar\/voleibol\/wp-content\/uploads\/2024\/10\/Racing-Cordoba-Argentina-128x128.png\" class=\"attachment-sportspress-fit-icon size-sportspress-fit-icon wp-post-image lazyload\" alt=\"\" src=\"data:image\/gif;base64,R0lGODlhAQABAAAAACH5BAEKAAEALAAAAAABAAEAAAICTAEAOw==\" style=\"--smush-placeholder-width: 128px; --smush-placeholder-aspect-ratio: 128\/128;\" \/><noscript><img loading=\"lazy\" decoding=\"async\" width=\"128\" height=\"128\" data-src=\"https:\/\/esquerra.com.ar\/voleibol\/wp-content\/uploads\/2024\/10\/Racing-Cordoba-Argentina-128x128.png\" class=\"attachment-sportspress-fit-icon size-sportspress-fit-icon wp-post-image lazyload\" alt=\"\" src=\"data:image\/gif;base64,R0lGODlhAQABAAAAACH5BAEKAAEALAAAAAABAAEAAAICTAEAOw==\" style=\"--smush-placeholder-width: 128px; --smush-placeholder-aspect-ratio: 128\/128;\" \/><noscript><img loading=\"lazy\" decoding=\"async\" width=\"128\" height=\"128\" data-src=\"https:\/\/esquerra.com.ar\/voleibol\/wp-content\/uploads\/2024\/10\/Racing-Cordoba-Argentina-128x128.png\" class=\"attachment-sportspress-fit-icon size-sportspress-fit-icon wp-post-image lazyload\" alt=\"\" src=\"data:image\/gif;base64,R0lGODlhAQABAAAAACH5BAEKAAEALAAAAAABAAEAAAICTAEAOw==\" style=\"--smush-placeholder-width: 128px; --smush-placeholder-aspect-ratio: 128\/128;\" \/><noscript><img loading=\"lazy\" decoding=\"async\" width=\"128\" height=\"128\" data-src=\"https:\/\/esquerra.com.ar\/voleibol\/wp-content\/uploads\/2024\/10\/Racing-Cordoba-Argentina-128x128.png\" class=\"attachment-sportspress-fit-icon size-sportspress-fit-icon wp-post-image lazyload\" alt=\"\" src=\"data:image\/gif;base64,R0lGODlhAQABAAAAACH5BAEKAAEALAAAAAABAAEAAAICTAEAOw==\" style=\"--smush-placeholder-width: 128px; --smush-placeholder-aspect-ratio: 128\/128;\" \/><noscript><img loading=\"lazy\" decoding=\"async\" width=\"128\" height=\"128\" src=\"https:\/\/esquerra.com.ar\/voleibol\/wp-content\/uploads\/2024\/10\/Racing-Cordoba-Argentina-128x128.png\" class=\"attachment-sportspress-fit-icon size-sportspress-fit-icon wp-post-image\" alt=\"\" \/><\/noscript><\/noscript><\/noscript><\/noscript><\/noscript><\/noscript><\/span>\t\t\t\t\t\t\t<time class=\"sp-event-date\" datetime=\"2025-11-29 10:00:25\" itemprop=\"startDate\" content=\"2025-11-29T10:00:25-03:00\">\n\t\t\t\t\t\t\t\t<a href=\"https:\/\/esquerra.com.ar\/voleibol\/event\/centro-asturiano-b-vicente-lopez-argentina-vs-pcp-carlos-paz-argentina\/\">29\/11\/2025<\/a>\t\t\t\t\t\t\t<\/time>\n\t\t\t\t\t\t\t\t\t\t\t\t\t\t<h5 class=\"sp-event-results\">\n\t\t\t\t\t\t\t\t<a href=\"https:\/\/esquerra.com.ar\/voleibol\/event\/centro-asturiano-b-vicente-lopez-argentina-vs-pcp-carlos-paz-argentina\/\"><span class=\"sp-result ok\">2<\/span> - <span class=\"sp-result\">0<\/span><\/a>\t\t\t\t\t\t\t<\/h5>\n\t\t\t\t\t\t\t\t\t\t\t\t\t\t\t\t\t\t\t\t\t\t<div class=\"sp-event-season\">U16F \u2013 Noviembre 2025 \u2013 ZONA C<\/div>\n\t\t\t\t\t\t\t\t\t\t\t\t\t\t\t\t\t\t\t\t\t\t\t\t\t\t\t\t\t\t<div class=\"sp-event-venue\" itemprop=\"location\" itemscope itemtype=\"http:\/\/schema.org\/Place\"><div itemprop=\"address\" itemscope itemtype=\"http:\/\/schema.org\/PostalAddress\">Hind\u00fa - Cancha 3<\/div><\/div>\n\t\t\t\t\t\t\t\t\t\t\t\t\t\t\t\t\t\t\t\t\t\t\t\t\t\t\t\t\t\t<div style=\"display:none;\" class=\"sp-event-venue\" itemprop=\"location\" itemscope itemtype=\"http:\/\/schema.org\/Place\"><div itemprop=\"address\" itemscope itemtype=\"http:\/\/schema.org\/PostalAddress\">N\/D<\/div><\/div>\n\t\t\t\t\t\t\t\t\t\t\t\t\t\t<h4 class=\"sp-event-title\" itemprop=\"name\">\n\t\t\t\t\t\t\t\t<a href=\"https:\/\/esquerra.com.ar\/voleibol\/event\/centro-asturiano-b-vicente-lopez-argentina-vs-pcp-carlos-paz-argentina\/\">Centro Asturiano (B) (Vicente L\u00f3pez, Argentina) vs Racing (C\u00f3rdoba, Argentina)<\/a>\t\t\t\t\t\t\t<\/h4>\n\t\t\t\t\t\t\t\n\t\t\t\t\t\t<\/td>\n\t\t\t\t\t<\/tr>\n\t\t\t\t\t\t\t\t\t\t<tr class=\"sp-row sp-post alternate\" itemscope itemtype=\"http:\/\/schema.org\/SportsEvent\">\n\t\t\t\t\t\t<td>\n\t\t\t\t\t\t\t\t\t\t\t\t\t\t<span class=\"team-logo logo-odd\" title=\"Nuestra Se\u00f1ora del Huerto (Quillota, Chile)\"><img loading=\"lazy\" decoding=\"async\" width=\"128\" height=\"128\" data-src=\"https:\/\/esquerra.com.ar\/voleibol\/wp-content\/uploads\/2025\/11\/Nuestra-Senora-del-Huerto-Quillota-Chile-scaled.png\" class=\"attachment-sportspress-fit-icon size-sportspress-fit-icon wp-post-image lazyload\" alt=\"\" src=\"data:image\/gif;base64,R0lGODlhAQABAAAAACH5BAEKAAEALAAAAAABAAEAAAICTAEAOw==\" style=\"--smush-placeholder-width: 128px; --smush-placeholder-aspect-ratio: 128\/128;\" \/><noscript><img loading=\"lazy\" decoding=\"async\" width=\"128\" height=\"128\" data-src=\"https:\/\/esquerra.com.ar\/voleibol\/wp-content\/uploads\/2025\/11\/Nuestra-Senora-del-Huerto-Quillota-Chile-scaled.png\" class=\"attachment-sportspress-fit-icon size-sportspress-fit-icon wp-post-image lazyload\" alt=\"\" src=\"data:image\/gif;base64,R0lGODlhAQABAAAAACH5BAEKAAEALAAAAAABAAEAAAICTAEAOw==\" style=\"--smush-placeholder-width: 128px; --smush-placeholder-aspect-ratio: 128\/128;\" \/><noscript><img loading=\"lazy\" decoding=\"async\" width=\"128\" height=\"128\" data-src=\"https:\/\/esquerra.com.ar\/voleibol\/wp-content\/uploads\/2025\/11\/Nuestra-Senora-del-Huerto-Quillota-Chile-scaled.png\" class=\"attachment-sportspress-fit-icon size-sportspress-fit-icon wp-post-image lazyload\" alt=\"\" src=\"data:image\/gif;base64,R0lGODlhAQABAAAAACH5BAEKAAEALAAAAAABAAEAAAICTAEAOw==\" style=\"--smush-placeholder-width: 128px; --smush-placeholder-aspect-ratio: 128\/128;\" \/><noscript><img loading=\"lazy\" decoding=\"async\" width=\"128\" height=\"128\" data-src=\"https:\/\/esquerra.com.ar\/voleibol\/wp-content\/uploads\/2025\/11\/Nuestra-Senora-del-Huerto-Quillota-Chile-scaled.png\" class=\"attachment-sportspress-fit-icon size-sportspress-fit-icon wp-post-image lazyload\" alt=\"\" src=\"data:image\/gif;base64,R0lGODlhAQABAAAAACH5BAEKAAEALAAAAAABAAEAAAICTAEAOw==\" style=\"--smush-placeholder-width: 128px; --smush-placeholder-aspect-ratio: 128\/128;\" \/><noscript><img loading=\"lazy\" decoding=\"async\" width=\"128\" height=\"128\" data-src=\"https:\/\/esquerra.com.ar\/voleibol\/wp-content\/uploads\/2025\/11\/Nuestra-Senora-del-Huerto-Quillota-Chile-scaled.png\" class=\"attachment-sportspress-fit-icon size-sportspress-fit-icon wp-post-image lazyload\" alt=\"\" src=\"data:image\/gif;base64,R0lGODlhAQABAAAAACH5BAEKAAEALAAAAAABAAEAAAICTAEAOw==\" style=\"--smush-placeholder-width: 128px; --smush-placeholder-aspect-ratio: 128\/128;\" \/><noscript><img loading=\"lazy\" decoding=\"async\" width=\"128\" height=\"128\" data-src=\"https:\/\/esquerra.com.ar\/voleibol\/wp-content\/uploads\/2025\/11\/Nuestra-Senora-del-Huerto-Quillota-Chile-scaled.png\" class=\"attachment-sportspress-fit-icon size-sportspress-fit-icon wp-post-image lazyload\" alt=\"\" src=\"data:image\/gif;base64,R0lGODlhAQABAAAAACH5BAEKAAEALAAAAAABAAEAAAICTAEAOw==\" style=\"--smush-placeholder-width: 128px; --smush-placeholder-aspect-ratio: 128\/128;\" \/><noscript><img loading=\"lazy\" decoding=\"async\" width=\"128\" height=\"128\" src=\"https:\/\/esquerra.com.ar\/voleibol\/wp-content\/uploads\/2025\/11\/Nuestra-Senora-del-Huerto-Quillota-Chile-scaled.png\" class=\"attachment-sportspress-fit-icon size-sportspress-fit-icon wp-post-image\" alt=\"\" \/><\/noscript><\/noscript><\/noscript><\/noscript><\/noscript><\/noscript><\/span> <span class=\"team-logo logo-even\" title=\"Juniors (C\u00f3rdoba, Argentina)\"><img loading=\"lazy\" decoding=\"async\" width=\"128\" height=\"128\" data-src=\"https:\/\/esquerra.com.ar\/voleibol\/wp-content\/uploads\/2025\/11\/Juniors-Cordoba-Argentina-128x128.png\" class=\"attachment-sportspress-fit-icon size-sportspress-fit-icon wp-post-image lazyload\" alt=\"\" src=\"data:image\/gif;base64,R0lGODlhAQABAAAAACH5BAEKAAEALAAAAAABAAEAAAICTAEAOw==\" style=\"--smush-placeholder-width: 128px; --smush-placeholder-aspect-ratio: 128\/128;\" \/><noscript><img loading=\"lazy\" decoding=\"async\" width=\"128\" height=\"128\" data-src=\"https:\/\/esquerra.com.ar\/voleibol\/wp-content\/uploads\/2025\/11\/Juniors-Cordoba-Argentina-128x128.png\" class=\"attachment-sportspress-fit-icon size-sportspress-fit-icon wp-post-image lazyload\" alt=\"\" src=\"data:image\/gif;base64,R0lGODlhAQABAAAAACH5BAEKAAEALAAAAAABAAEAAAICTAEAOw==\" style=\"--smush-placeholder-width: 128px; --smush-placeholder-aspect-ratio: 128\/128;\" \/><noscript><img loading=\"lazy\" decoding=\"async\" width=\"128\" height=\"128\" data-src=\"https:\/\/esquerra.com.ar\/voleibol\/wp-content\/uploads\/2025\/11\/Juniors-Cordoba-Argentina-128x128.png\" class=\"attachment-sportspress-fit-icon size-sportspress-fit-icon wp-post-image lazyload\" alt=\"\" src=\"data:image\/gif;base64,R0lGODlhAQABAAAAACH5BAEKAAEALAAAAAABAAEAAAICTAEAOw==\" style=\"--smush-placeholder-width: 128px; --smush-placeholder-aspect-ratio: 128\/128;\" \/><noscript><img loading=\"lazy\" decoding=\"async\" width=\"128\" height=\"128\" data-src=\"https:\/\/esquerra.com.ar\/voleibol\/wp-content\/uploads\/2025\/11\/Juniors-Cordoba-Argentina-128x128.png\" class=\"attachment-sportspress-fit-icon size-sportspress-fit-icon wp-post-image lazyload\" alt=\"\" src=\"data:image\/gif;base64,R0lGODlhAQABAAAAACH5BAEKAAEALAAAAAABAAEAAAICTAEAOw==\" style=\"--smush-placeholder-width: 128px; --smush-placeholder-aspect-ratio: 128\/128;\" \/><noscript><img loading=\"lazy\" decoding=\"async\" width=\"128\" height=\"128\" data-src=\"https:\/\/esquerra.com.ar\/voleibol\/wp-content\/uploads\/2025\/11\/Juniors-Cordoba-Argentina-128x128.png\" class=\"attachment-sportspress-fit-icon size-sportspress-fit-icon wp-post-image lazyload\" alt=\"\" src=\"data:image\/gif;base64,R0lGODlhAQABAAAAACH5BAEKAAEALAAAAAABAAEAAAICTAEAOw==\" style=\"--smush-placeholder-width: 128px; --smush-placeholder-aspect-ratio: 128\/128;\" \/><noscript><img loading=\"lazy\" decoding=\"async\" width=\"128\" height=\"128\" data-src=\"https:\/\/esquerra.com.ar\/voleibol\/wp-content\/uploads\/2025\/11\/Juniors-Cordoba-Argentina-128x128.png\" class=\"attachment-sportspress-fit-icon size-sportspress-fit-icon wp-post-image lazyload\" alt=\"\" src=\"data:image\/gif;base64,R0lGODlhAQABAAAAACH5BAEKAAEALAAAAAABAAEAAAICTAEAOw==\" style=\"--smush-placeholder-width: 128px; --smush-placeholder-aspect-ratio: 128\/128;\" \/><noscript><img loading=\"lazy\" decoding=\"async\" width=\"128\" height=\"128\" src=\"https:\/\/esquerra.com.ar\/voleibol\/wp-content\/uploads\/2025\/11\/Juniors-Cordoba-Argentina-128x128.png\" class=\"attachment-sportspress-fit-icon size-sportspress-fit-icon wp-post-image\" alt=\"\" \/><\/noscript><\/noscript><\/noscript><\/noscript><\/noscript><\/noscript><\/span>\t\t\t\t\t\t\t<time class=\"sp-event-date\" datetime=\"2025-11-29 10:00:28\" itemprop=\"startDate\" content=\"2025-11-29T10:00:28-03:00\">\n\t\t\t\t\t\t\t\t<a href=\"https:\/\/esquerra.com.ar\/voleibol\/event\/nuestra-senora-del-huerto-quillota-chile-vs-juniors-cordoba-argentina\/\">29\/11\/2025<\/a>\t\t\t\t\t\t\t<\/time>\n\t\t\t\t\t\t\t\t\t\t\t\t\t\t<h5 class=\"sp-event-results\">\n\t\t\t\t\t\t\t\t<a href=\"https:\/\/esquerra.com.ar\/voleibol\/event\/nuestra-senora-del-huerto-quillota-chile-vs-juniors-cordoba-argentina\/\"><span class=\"sp-result ok\">0<\/span> - <span class=\"sp-result\">2<\/span><\/a>\t\t\t\t\t\t\t<\/h5>\n\t\t\t\t\t\t\t\t\t\t\t\t\t\t\t\t\t\t\t\t\t\t<div class=\"sp-event-season\">U16F \u2013 Noviembre 2025 \u2013 ZONA B<\/div>\n\t\t\t\t\t\t\t\t\t\t\t\t\t\t\t\t\t\t\t\t\t\t\t\t\t\t\t\t\t\t<div class=\"sp-event-venue\" itemprop=\"location\" itemscope itemtype=\"http:\/\/schema.org\/Place\"><div itemprop=\"address\" itemscope itemtype=\"http:\/\/schema.org\/PostalAddress\">SUE - Cancha 1<\/div><\/div>\n\t\t\t\t\t\t\t\t\t\t\t\t\t\t\t\t\t\t\t\t\t\t\t\t\t\t\t\t\t\t<div style=\"display:none;\" class=\"sp-event-venue\" itemprop=\"location\" itemscope itemtype=\"http:\/\/schema.org\/Place\"><div itemprop=\"address\" itemscope itemtype=\"http:\/\/schema.org\/PostalAddress\">N\/D<\/div><\/div>\n\t\t\t\t\t\t\t\t\t\t\t\t\t\t<h4 class=\"sp-event-title\" itemprop=\"name\">\n\t\t\t\t\t\t\t\t<a href=\"https:\/\/esquerra.com.ar\/voleibol\/event\/nuestra-senora-del-huerto-quillota-chile-vs-juniors-cordoba-argentina\/\">Nuestra Se\u00f1ora del Huerto (Quillota, Chile) vs Juniors (C\u00f3rdoba, Argentina)<\/a>\t\t\t\t\t\t\t<\/h4>\n\t\t\t\t\t\t\t\n\t\t\t\t\t\t<\/td>\n\t\t\t\t\t<\/tr>\n\t\t\t\t\t\t\t\t\t\t<tr class=\"sp-row sp-post\" itemscope itemtype=\"http:\/\/schema.org\/SportsEvent\">\n\t\t\t\t\t\t<td>\n\t\t\t\t\t\t\t\t\t\t\t\t\t\t<span class=\"team-logo logo-odd\" title=\"Alfebracross (Asunci\u00f3n, Paraguay)\"><img loading=\"lazy\" decoding=\"async\" width=\"128\" height=\"128\" data-src=\"https:\/\/esquerra.com.ar\/voleibol\/wp-content\/uploads\/2025\/11\/Alfebracrossvolley-Paraguay-128x128.png\" class=\"attachment-sportspress-fit-icon size-sportspress-fit-icon wp-post-image lazyload\" alt=\"\" src=\"data:image\/gif;base64,R0lGODlhAQABAAAAACH5BAEKAAEALAAAAAABAAEAAAICTAEAOw==\" style=\"--smush-placeholder-width: 128px; --smush-placeholder-aspect-ratio: 128\/128;\" \/><noscript><img loading=\"lazy\" decoding=\"async\" width=\"128\" height=\"128\" data-src=\"https:\/\/esquerra.com.ar\/voleibol\/wp-content\/uploads\/2025\/11\/Alfebracrossvolley-Paraguay-128x128.png\" class=\"attachment-sportspress-fit-icon size-sportspress-fit-icon wp-post-image lazyload\" alt=\"\" src=\"data:image\/gif;base64,R0lGODlhAQABAAAAACH5BAEKAAEALAAAAAABAAEAAAICTAEAOw==\" style=\"--smush-placeholder-width: 128px; --smush-placeholder-aspect-ratio: 128\/128;\" \/><noscript><img loading=\"lazy\" decoding=\"async\" width=\"128\" height=\"128\" data-src=\"https:\/\/esquerra.com.ar\/voleibol\/wp-content\/uploads\/2025\/11\/Alfebracrossvolley-Paraguay-128x128.png\" class=\"attachment-sportspress-fit-icon size-sportspress-fit-icon wp-post-image lazyload\" alt=\"\" src=\"data:image\/gif;base64,R0lGODlhAQABAAAAACH5BAEKAAEALAAAAAABAAEAAAICTAEAOw==\" style=\"--smush-placeholder-width: 128px; --smush-placeholder-aspect-ratio: 128\/128;\" \/><noscript><img loading=\"lazy\" decoding=\"async\" width=\"128\" height=\"128\" data-src=\"https:\/\/esquerra.com.ar\/voleibol\/wp-content\/uploads\/2025\/11\/Alfebracrossvolley-Paraguay-128x128.png\" class=\"attachment-sportspress-fit-icon size-sportspress-fit-icon wp-post-image lazyload\" alt=\"\" src=\"data:image\/gif;base64,R0lGODlhAQABAAAAACH5BAEKAAEALAAAAAABAAEAAAICTAEAOw==\" style=\"--smush-placeholder-width: 128px; --smush-placeholder-aspect-ratio: 128\/128;\" \/><noscript><img loading=\"lazy\" decoding=\"async\" width=\"128\" height=\"128\" data-src=\"https:\/\/esquerra.com.ar\/voleibol\/wp-content\/uploads\/2025\/11\/Alfebracrossvolley-Paraguay-128x128.png\" class=\"attachment-sportspress-fit-icon size-sportspress-fit-icon wp-post-image lazyload\" alt=\"\" src=\"data:image\/gif;base64,R0lGODlhAQABAAAAACH5BAEKAAEALAAAAAABAAEAAAICTAEAOw==\" style=\"--smush-placeholder-width: 128px; --smush-placeholder-aspect-ratio: 128\/128;\" \/><noscript><img loading=\"lazy\" decoding=\"async\" width=\"128\" height=\"128\" data-src=\"https:\/\/esquerra.com.ar\/voleibol\/wp-content\/uploads\/2025\/11\/Alfebracrossvolley-Paraguay-128x128.png\" class=\"attachment-sportspress-fit-icon size-sportspress-fit-icon wp-post-image lazyload\" alt=\"\" src=\"data:image\/gif;base64,R0lGODlhAQABAAAAACH5BAEKAAEALAAAAAABAAEAAAICTAEAOw==\" style=\"--smush-placeholder-width: 128px; --smush-placeholder-aspect-ratio: 128\/128;\" \/><noscript><img loading=\"lazy\" decoding=\"async\" width=\"128\" height=\"128\" src=\"https:\/\/esquerra.com.ar\/voleibol\/wp-content\/uploads\/2025\/11\/Alfebracrossvolley-Paraguay-128x128.png\" class=\"attachment-sportspress-fit-icon size-sportspress-fit-icon wp-post-image\" alt=\"\" \/><\/noscript><\/noscript><\/noscript><\/noscript><\/noscript><\/noscript><\/span> <span class=\"team-logo logo-even\" title=\"Parque Central (Neuqu\u00e9n, Argentina)\"><img loading=\"lazy\" decoding=\"async\" width=\"128\" height=\"128\" data-src=\"https:\/\/esquerra.com.ar\/voleibol\/wp-content\/uploads\/2025\/11\/Parque-Central-Neuquen-Argentina-128x128.png\" class=\"attachment-sportspress-fit-icon size-sportspress-fit-icon wp-post-image lazyload\" alt=\"\" src=\"data:image\/gif;base64,R0lGODlhAQABAAAAACH5BAEKAAEALAAAAAABAAEAAAICTAEAOw==\" style=\"--smush-placeholder-width: 128px; --smush-placeholder-aspect-ratio: 128\/128;\" \/><noscript><img loading=\"lazy\" decoding=\"async\" width=\"128\" height=\"128\" data-src=\"https:\/\/esquerra.com.ar\/voleibol\/wp-content\/uploads\/2025\/11\/Parque-Central-Neuquen-Argentina-128x128.png\" class=\"attachment-sportspress-fit-icon size-sportspress-fit-icon wp-post-image lazyload\" alt=\"\" src=\"data:image\/gif;base64,R0lGODlhAQABAAAAACH5BAEKAAEALAAAAAABAAEAAAICTAEAOw==\" style=\"--smush-placeholder-width: 128px; --smush-placeholder-aspect-ratio: 128\/128;\" \/><noscript><img loading=\"lazy\" decoding=\"async\" width=\"128\" height=\"128\" data-src=\"https:\/\/esquerra.com.ar\/voleibol\/wp-content\/uploads\/2025\/11\/Parque-Central-Neuquen-Argentina-128x128.png\" class=\"attachment-sportspress-fit-icon size-sportspress-fit-icon wp-post-image lazyload\" alt=\"\" src=\"data:image\/gif;base64,R0lGODlhAQABAAAAACH5BAEKAAEALAAAAAABAAEAAAICTAEAOw==\" style=\"--smush-placeholder-width: 128px; --smush-placeholder-aspect-ratio: 128\/128;\" \/><noscript><img loading=\"lazy\" decoding=\"async\" width=\"128\" height=\"128\" data-src=\"https:\/\/esquerra.com.ar\/voleibol\/wp-content\/uploads\/2025\/11\/Parque-Central-Neuquen-Argentina-128x128.png\" class=\"attachment-sportspress-fit-icon size-sportspress-fit-icon wp-post-image lazyload\" alt=\"\" src=\"data:image\/gif;base64,R0lGODlhAQABAAAAACH5BAEKAAEALAAAAAABAAEAAAICTAEAOw==\" style=\"--smush-placeholder-width: 128px; --smush-placeholder-aspect-ratio: 128\/128;\" \/><noscript><img loading=\"lazy\" decoding=\"async\" width=\"128\" height=\"128\" data-src=\"https:\/\/esquerra.com.ar\/voleibol\/wp-content\/uploads\/2025\/11\/Parque-Central-Neuquen-Argentina-128x128.png\" class=\"attachment-sportspress-fit-icon size-sportspress-fit-icon wp-post-image lazyload\" alt=\"\" src=\"data:image\/gif;base64,R0lGODlhAQABAAAAACH5BAEKAAEALAAAAAABAAEAAAICTAEAOw==\" style=\"--smush-placeholder-width: 128px; --smush-placeholder-aspect-ratio: 128\/128;\" \/><noscript><img loading=\"lazy\" decoding=\"async\" width=\"128\" height=\"128\" data-src=\"https:\/\/esquerra.com.ar\/voleibol\/wp-content\/uploads\/2025\/11\/Parque-Central-Neuquen-Argentina-128x128.png\" class=\"attachment-sportspress-fit-icon size-sportspress-fit-icon wp-post-image lazyload\" alt=\"\" src=\"data:image\/gif;base64,R0lGODlhAQABAAAAACH5BAEKAAEALAAAAAABAAEAAAICTAEAOw==\" style=\"--smush-placeholder-width: 128px; --smush-placeholder-aspect-ratio: 128\/128;\" \/><noscript><img loading=\"lazy\" decoding=\"async\" width=\"128\" height=\"128\" src=\"https:\/\/esquerra.com.ar\/voleibol\/wp-content\/uploads\/2025\/11\/Parque-Central-Neuquen-Argentina-128x128.png\" class=\"attachment-sportspress-fit-icon size-sportspress-fit-icon wp-post-image\" alt=\"\" \/><\/noscript><\/noscript><\/noscript><\/noscript><\/noscript><\/noscript><\/span>\t\t\t\t\t\t\t<time class=\"sp-event-date\" datetime=\"2025-11-29 10:00:30\" itemprop=\"startDate\" content=\"2025-11-29T10:00:30-03:00\">\n\t\t\t\t\t\t\t\t<a href=\"https:\/\/esquerra.com.ar\/voleibol\/event\/alfebracross-asuncion-paraguay-vs-parque-central-neuquen-argentina-2\/\">29\/11\/2025<\/a>\t\t\t\t\t\t\t<\/time>\n\t\t\t\t\t\t\t\t\t\t\t\t\t\t<h5 class=\"sp-event-results\">\n\t\t\t\t\t\t\t\t<a href=\"https:\/\/esquerra.com.ar\/voleibol\/event\/alfebracross-asuncion-paraguay-vs-parque-central-neuquen-argentina-2\/\"><span class=\"sp-result ok\">2<\/span> - <span class=\"sp-result\">0<\/span><\/a>\t\t\t\t\t\t\t<\/h5>\n\t\t\t\t\t\t\t\t\t\t\t\t\t\t\t\t\t\t\t\t\t\t<div class=\"sp-event-season\">U16F \u2013 Noviembre 2025 \u2013 ZONA B<\/div>\n\t\t\t\t\t\t\t\t\t\t\t\t\t\t\t\t\t\t\t\t\t\t\t\t\t\t\t\t\t\t<div class=\"sp-event-venue\" itemprop=\"location\" itemscope itemtype=\"http:\/\/schema.org\/Place\"><div itemprop=\"address\" itemscope itemtype=\"http:\/\/schema.org\/PostalAddress\">Hind\u00fa - Cancha 2<\/div><\/div>\n\t\t\t\t\t\t\t\t\t\t\t\t\t\t\t\t\t\t\t\t\t\t\t\t\t\t\t\t\t\t<div style=\"display:none;\" class=\"sp-event-venue\" itemprop=\"location\" itemscope itemtype=\"http:\/\/schema.org\/Place\"><div itemprop=\"address\" itemscope itemtype=\"http:\/\/schema.org\/PostalAddress\">N\/D<\/div><\/div>\n\t\t\t\t\t\t\t\t\t\t\t\t\t\t<h4 class=\"sp-event-title\" itemprop=\"name\">\n\t\t\t\t\t\t\t\t<a href=\"https:\/\/esquerra.com.ar\/voleibol\/event\/alfebracross-asuncion-paraguay-vs-parque-central-neuquen-argentina-2\/\">Alfebracross (Asunci\u00f3n, Paraguay) vs Parque Central (Neuqu\u00e9n, Argentina)<\/a>\t\t\t\t\t\t\t<\/h4>\n\t\t\t\t\t\t\t\n\t\t\t\t\t\t<\/td>\n\t\t\t\t\t<\/tr>\n\t\t\t\t\t\t\t\t\t\t<tr class=\"sp-row sp-post alternate\" itemscope itemtype=\"http:\/\/schema.org\/SportsEvent\">\n\t\t\t\t\t\t<td>\n\t\t\t\t\t\t\t\t\t\t\t\t\t\t<span class=\"team-logo logo-odd\" title=\"Centro Asturiano (A) (Vicente L\u00f3pez, Argentina)\"><img decoding=\"async\" width=\"128\" height=\"128\" data-src=\"https:\/\/esquerra.com.ar\/voleibol\/wp-content\/uploads\/2025\/11\/Centro-Asturiano-CABA-Argentina-128x128.png\" class=\"attachment-sportspress-fit-icon size-sportspress-fit-icon wp-post-image lazyload\" alt=\"\" src=\"data:image\/gif;base64,R0lGODlhAQABAAAAACH5BAEKAAEALAAAAAABAAEAAAICTAEAOw==\" style=\"--smush-placeholder-width: 128px; --smush-placeholder-aspect-ratio: 128\/128;\" \/><noscript><img decoding=\"async\" width=\"128\" height=\"128\" data-src=\"https:\/\/esquerra.com.ar\/voleibol\/wp-content\/uploads\/2025\/11\/Centro-Asturiano-CABA-Argentina-128x128.png\" class=\"attachment-sportspress-fit-icon size-sportspress-fit-icon wp-post-image lazyload\" alt=\"\" src=\"data:image\/gif;base64,R0lGODlhAQABAAAAACH5BAEKAAEALAAAAAABAAEAAAICTAEAOw==\" style=\"--smush-placeholder-width: 128px; --smush-placeholder-aspect-ratio: 128\/128;\" \/><noscript><img decoding=\"async\" width=\"128\" height=\"128\" data-src=\"https:\/\/esquerra.com.ar\/voleibol\/wp-content\/uploads\/2025\/11\/Centro-Asturiano-CABA-Argentina-128x128.png\" class=\"attachment-sportspress-fit-icon size-sportspress-fit-icon wp-post-image lazyload\" alt=\"\" src=\"data:image\/gif;base64,R0lGODlhAQABAAAAACH5BAEKAAEALAAAAAABAAEAAAICTAEAOw==\" style=\"--smush-placeholder-width: 128px; --smush-placeholder-aspect-ratio: 128\/128;\" \/><noscript><img decoding=\"async\" width=\"128\" height=\"128\" data-src=\"https:\/\/esquerra.com.ar\/voleibol\/wp-content\/uploads\/2025\/11\/Centro-Asturiano-CABA-Argentina-128x128.png\" class=\"attachment-sportspress-fit-icon size-sportspress-fit-icon wp-post-image lazyload\" alt=\"\" src=\"data:image\/gif;base64,R0lGODlhAQABAAAAACH5BAEKAAEALAAAAAABAAEAAAICTAEAOw==\" style=\"--smush-placeholder-width: 128px; --smush-placeholder-aspect-ratio: 128\/128;\" \/><noscript><img decoding=\"async\" width=\"128\" height=\"128\" data-src=\"https:\/\/esquerra.com.ar\/voleibol\/wp-content\/uploads\/2025\/11\/Centro-Asturiano-CABA-Argentina-128x128.png\" class=\"attachment-sportspress-fit-icon size-sportspress-fit-icon wp-post-image lazyload\" alt=\"\" src=\"data:image\/gif;base64,R0lGODlhAQABAAAAACH5BAEKAAEALAAAAAABAAEAAAICTAEAOw==\" style=\"--smush-placeholder-width: 128px; --smush-placeholder-aspect-ratio: 128\/128;\" \/><noscript><img decoding=\"async\" width=\"128\" height=\"128\" data-src=\"https:\/\/esquerra.com.ar\/voleibol\/wp-content\/uploads\/2025\/11\/Centro-Asturiano-CABA-Argentina-128x128.png\" class=\"attachment-sportspress-fit-icon size-sportspress-fit-icon wp-post-image lazyload\" alt=\"\" src=\"data:image\/gif;base64,R0lGODlhAQABAAAAACH5BAEKAAEALAAAAAABAAEAAAICTAEAOw==\" style=\"--smush-placeholder-width: 128px; --smush-placeholder-aspect-ratio: 128\/128;\" \/><noscript><img decoding=\"async\" width=\"128\" height=\"128\" data-src=\"https:\/\/esquerra.com.ar\/voleibol\/wp-content\/uploads\/2025\/11\/Centro-Asturiano-CABA-Argentina-128x128.png\" class=\"attachment-sportspress-fit-icon size-sportspress-fit-icon wp-post-image lazyload\" alt=\"\" src=\"data:image\/gif;base64,R0lGODlhAQABAAAAACH5BAEKAAEALAAAAAABAAEAAAICTAEAOw==\" style=\"--smush-placeholder-width: 128px; --smush-placeholder-aspect-ratio: 128\/128;\" \/><noscript><img decoding=\"async\" width=\"128\" height=\"128\" data-src=\"https:\/\/esquerra.com.ar\/voleibol\/wp-content\/uploads\/2025\/11\/Centro-Asturiano-CABA-Argentina-128x128.png\" class=\"attachment-sportspress-fit-icon size-sportspress-fit-icon wp-post-image lazyload\" alt=\"\" src=\"data:image\/gif;base64,R0lGODlhAQABAAAAACH5BAEKAAEALAAAAAABAAEAAAICTAEAOw==\" style=\"--smush-placeholder-width: 128px; --smush-placeholder-aspect-ratio: 128\/128;\" \/><noscript><img decoding=\"async\" width=\"128\" height=\"128\" data-src=\"https:\/\/esquerra.com.ar\/voleibol\/wp-content\/uploads\/2025\/11\/Centro-Asturiano-CABA-Argentina-128x128.png\" class=\"attachment-sportspress-fit-icon size-sportspress-fit-icon wp-post-image lazyload\" alt=\"\" src=\"data:image\/gif;base64,R0lGODlhAQABAAAAACH5BAEKAAEALAAAAAABAAEAAAICTAEAOw==\" style=\"--smush-placeholder-width: 128px; --smush-placeholder-aspect-ratio: 128\/128;\" \/><noscript><img decoding=\"async\" width=\"128\" height=\"128\" data-src=\"https:\/\/esquerra.com.ar\/voleibol\/wp-content\/uploads\/2025\/11\/Centro-Asturiano-CABA-Argentina-128x128.png\" class=\"attachment-sportspress-fit-icon size-sportspress-fit-icon wp-post-image lazyload\" alt=\"\" src=\"data:image\/gif;base64,R0lGODlhAQABAAAAACH5BAEKAAEALAAAAAABAAEAAAICTAEAOw==\" style=\"--smush-placeholder-width: 128px; --smush-placeholder-aspect-ratio: 128\/128;\" \/><noscript><img decoding=\"async\" width=\"128\" height=\"128\" data-src=\"https:\/\/esquerra.com.ar\/voleibol\/wp-content\/uploads\/2025\/11\/Centro-Asturiano-CABA-Argentina-128x128.png\" class=\"attachment-sportspress-fit-icon size-sportspress-fit-icon wp-post-image lazyload\" alt=\"\" src=\"data:image\/gif;base64,R0lGODlhAQABAAAAACH5BAEKAAEALAAAAAABAAEAAAICTAEAOw==\" style=\"--smush-placeholder-width: 128px; --smush-placeholder-aspect-ratio: 128\/128;\" \/><noscript><img decoding=\"async\" width=\"128\" height=\"128\" data-src=\"https:\/\/esquerra.com.ar\/voleibol\/wp-content\/uploads\/2025\/11\/Centro-Asturiano-CABA-Argentina-128x128.png\" class=\"attachment-sportspress-fit-icon size-sportspress-fit-icon wp-post-image lazyload\" alt=\"\" src=\"data:image\/gif;base64,R0lGODlhAQABAAAAACH5BAEKAAEALAAAAAABAAEAAAICTAEAOw==\" style=\"--smush-placeholder-width: 128px; --smush-placeholder-aspect-ratio: 128\/128;\" \/><noscript><img decoding=\"async\" width=\"128\" height=\"128\" src=\"https:\/\/esquerra.com.ar\/voleibol\/wp-content\/uploads\/2025\/11\/Centro-Asturiano-CABA-Argentina-128x128.png\" class=\"attachment-sportspress-fit-icon size-sportspress-fit-icon wp-post-image\" alt=\"\" \/><\/noscript><\/noscript><\/noscript><\/noscript><\/noscript><\/noscript><\/noscript><\/noscript><\/noscript><\/noscript><\/noscript><\/noscript><\/span> <span class=\"team-logo logo-even\" title=\"Mamba (A) (Lima, Per\u00fa)\"><img decoding=\"async\" width=\"128\" height=\"128\" data-src=\"https:\/\/esquerra.com.ar\/voleibol\/wp-content\/uploads\/2025\/11\/Mamba-Lima-Peru-128x128.png\" class=\"attachment-sportspress-fit-icon size-sportspress-fit-icon wp-post-image lazyload\" alt=\"\" src=\"data:image\/gif;base64,R0lGODlhAQABAAAAACH5BAEKAAEALAAAAAABAAEAAAICTAEAOw==\" style=\"--smush-placeholder-width: 128px; --smush-placeholder-aspect-ratio: 128\/128;\" \/><noscript><img decoding=\"async\" width=\"128\" height=\"128\" data-src=\"https:\/\/esquerra.com.ar\/voleibol\/wp-content\/uploads\/2025\/11\/Mamba-Lima-Peru-128x128.png\" class=\"attachment-sportspress-fit-icon size-sportspress-fit-icon wp-post-image lazyload\" alt=\"\" src=\"data:image\/gif;base64,R0lGODlhAQABAAAAACH5BAEKAAEALAAAAAABAAEAAAICTAEAOw==\" style=\"--smush-placeholder-width: 128px; --smush-placeholder-aspect-ratio: 128\/128;\" \/><noscript><img decoding=\"async\" width=\"128\" height=\"128\" data-src=\"https:\/\/esquerra.com.ar\/voleibol\/wp-content\/uploads\/2025\/11\/Mamba-Lima-Peru-128x128.png\" class=\"attachment-sportspress-fit-icon size-sportspress-fit-icon wp-post-image lazyload\" alt=\"\" src=\"data:image\/gif;base64,R0lGODlhAQABAAAAACH5BAEKAAEALAAAAAABAAEAAAICTAEAOw==\" style=\"--smush-placeholder-width: 128px; --smush-placeholder-aspect-ratio: 128\/128;\" \/><noscript><img decoding=\"async\" width=\"128\" height=\"128\" data-src=\"https:\/\/esquerra.com.ar\/voleibol\/wp-content\/uploads\/2025\/11\/Mamba-Lima-Peru-128x128.png\" class=\"attachment-sportspress-fit-icon size-sportspress-fit-icon wp-post-image lazyload\" alt=\"\" src=\"data:image\/gif;base64,R0lGODlhAQABAAAAACH5BAEKAAEALAAAAAABAAEAAAICTAEAOw==\" style=\"--smush-placeholder-width: 128px; --smush-placeholder-aspect-ratio: 128\/128;\" \/><noscript><img decoding=\"async\" width=\"128\" height=\"128\" data-src=\"https:\/\/esquerra.com.ar\/voleibol\/wp-content\/uploads\/2025\/11\/Mamba-Lima-Peru-128x128.png\" class=\"attachment-sportspress-fit-icon size-sportspress-fit-icon wp-post-image lazyload\" alt=\"\" src=\"data:image\/gif;base64,R0lGODlhAQABAAAAACH5BAEKAAEALAAAAAABAAEAAAICTAEAOw==\" style=\"--smush-placeholder-width: 128px; --smush-placeholder-aspect-ratio: 128\/128;\" \/><noscript><img decoding=\"async\" width=\"128\" height=\"128\" data-src=\"https:\/\/esquerra.com.ar\/voleibol\/wp-content\/uploads\/2025\/11\/Mamba-Lima-Peru-128x128.png\" class=\"attachment-sportspress-fit-icon size-sportspress-fit-icon wp-post-image lazyload\" alt=\"\" src=\"data:image\/gif;base64,R0lGODlhAQABAAAAACH5BAEKAAEALAAAAAABAAEAAAICTAEAOw==\" style=\"--smush-placeholder-width: 128px; --smush-placeholder-aspect-ratio: 128\/128;\" \/><noscript><img decoding=\"async\" width=\"128\" height=\"128\" data-src=\"https:\/\/esquerra.com.ar\/voleibol\/wp-content\/uploads\/2025\/11\/Mamba-Lima-Peru-128x128.png\" class=\"attachment-sportspress-fit-icon size-sportspress-fit-icon wp-post-image lazyload\" alt=\"\" src=\"data:image\/gif;base64,R0lGODlhAQABAAAAACH5BAEKAAEALAAAAAABAAEAAAICTAEAOw==\" style=\"--smush-placeholder-width: 128px; --smush-placeholder-aspect-ratio: 128\/128;\" \/><noscript><img decoding=\"async\" width=\"128\" height=\"128\" data-src=\"https:\/\/esquerra.com.ar\/voleibol\/wp-content\/uploads\/2025\/11\/Mamba-Lima-Peru-128x128.png\" class=\"attachment-sportspress-fit-icon size-sportspress-fit-icon wp-post-image lazyload\" alt=\"\" src=\"data:image\/gif;base64,R0lGODlhAQABAAAAACH5BAEKAAEALAAAAAABAAEAAAICTAEAOw==\" style=\"--smush-placeholder-width: 128px; --smush-placeholder-aspect-ratio: 128\/128;\" \/><noscript><img decoding=\"async\" width=\"128\" height=\"128\" data-src=\"https:\/\/esquerra.com.ar\/voleibol\/wp-content\/uploads\/2025\/11\/Mamba-Lima-Peru-128x128.png\" class=\"attachment-sportspress-fit-icon size-sportspress-fit-icon wp-post-image lazyload\" alt=\"\" src=\"data:image\/gif;base64,R0lGODlhAQABAAAAACH5BAEKAAEALAAAAAABAAEAAAICTAEAOw==\" style=\"--smush-placeholder-width: 128px; --smush-placeholder-aspect-ratio: 128\/128;\" \/><noscript><img decoding=\"async\" width=\"128\" height=\"128\" data-src=\"https:\/\/esquerra.com.ar\/voleibol\/wp-content\/uploads\/2025\/11\/Mamba-Lima-Peru-128x128.png\" class=\"attachment-sportspress-fit-icon size-sportspress-fit-icon wp-post-image lazyload\" alt=\"\" src=\"data:image\/gif;base64,R0lGODlhAQABAAAAACH5BAEKAAEALAAAAAABAAEAAAICTAEAOw==\" style=\"--smush-placeholder-width: 128px; --smush-placeholder-aspect-ratio: 128\/128;\" \/><noscript><img decoding=\"async\" width=\"128\" height=\"128\" data-src=\"https:\/\/esquerra.com.ar\/voleibol\/wp-content\/uploads\/2025\/11\/Mamba-Lima-Peru-128x128.png\" class=\"attachment-sportspress-fit-icon size-sportspress-fit-icon wp-post-image lazyload\" alt=\"\" src=\"data:image\/gif;base64,R0lGODlhAQABAAAAACH5BAEKAAEALAAAAAABAAEAAAICTAEAOw==\" style=\"--smush-placeholder-width: 128px; --smush-placeholder-aspect-ratio: 128\/128;\" \/><noscript><img decoding=\"async\" width=\"128\" height=\"128\" data-src=\"https:\/\/esquerra.com.ar\/voleibol\/wp-content\/uploads\/2025\/11\/Mamba-Lima-Peru-128x128.png\" class=\"attachment-sportspress-fit-icon size-sportspress-fit-icon wp-post-image lazyload\" alt=\"\" src=\"data:image\/gif;base64,R0lGODlhAQABAAAAACH5BAEKAAEALAAAAAABAAEAAAICTAEAOw==\" style=\"--smush-placeholder-width: 128px; --smush-placeholder-aspect-ratio: 128\/128;\" \/><noscript><img decoding=\"async\" width=\"128\" height=\"128\" src=\"https:\/\/esquerra.com.ar\/voleibol\/wp-content\/uploads\/2025\/11\/Mamba-Lima-Peru-128x128.png\" class=\"attachment-sportspress-fit-icon size-sportspress-fit-icon wp-post-image\" alt=\"\" \/><\/noscript><\/noscript><\/noscript><\/noscript><\/noscript><\/noscript><\/noscript><\/noscript><\/noscript><\/noscript><\/noscript><\/noscript><\/span>\t\t\t\t\t\t\t<time class=\"sp-event-date\" datetime=\"2025-11-29 11:00:42\" itemprop=\"startDate\" content=\"2025-11-29T11:00:42-03:00\">\n\t\t\t\t\t\t\t\t<a href=\"https:\/\/esquerra.com.ar\/voleibol\/event\/centro-asturiano-a-vicente-lopez-argentina-vs-mamba-a-lima-peru\/\">29\/11\/2025<\/a>\t\t\t\t\t\t\t<\/time>\n\t\t\t\t\t\t\t\t\t\t\t\t\t\t<h5 class=\"sp-event-results\">\n\t\t\t\t\t\t\t\t<a href=\"https:\/\/esquerra.com.ar\/voleibol\/event\/centro-asturiano-a-vicente-lopez-argentina-vs-mamba-a-lima-peru\/\"><span class=\"sp-result ok\">2<\/span> - <span class=\"sp-result\">0<\/span><\/a>\t\t\t\t\t\t\t<\/h5>\n\t\t\t\t\t\t\t\t\t\t\t\t\t\t\t\t\t\t\t\t\t\t<div class=\"sp-event-season\">U16F \u2013 Noviembre 2025 \u2013 ZONA A<\/div>\n\t\t\t\t\t\t\t\t\t\t\t\t\t\t\t\t\t\t\t\t\t\t\t\t\t\t\t\t\t\t<div class=\"sp-event-venue\" itemprop=\"location\" itemscope itemtype=\"http:\/\/schema.org\/Place\"><div itemprop=\"address\" itemscope itemtype=\"http:\/\/schema.org\/PostalAddress\">Hind\u00fa - Cancha 3<\/div><\/div>\n\t\t\t\t\t\t\t\t\t\t\t\t\t\t\t\t\t\t\t\t\t\t\t\t\t\t\t\t\t\t<div style=\"display:none;\" class=\"sp-event-venue\" itemprop=\"location\" itemscope itemtype=\"http:\/\/schema.org\/Place\"><div itemprop=\"address\" itemscope itemtype=\"http:\/\/schema.org\/PostalAddress\">N\/D<\/div><\/div>\n\t\t\t\t\t\t\t\t\t\t\t\t\t\t<h4 class=\"sp-event-title\" itemprop=\"name\">\n\t\t\t\t\t\t\t\t<a href=\"https:\/\/esquerra.com.ar\/voleibol\/event\/centro-asturiano-a-vicente-lopez-argentina-vs-mamba-a-lima-peru\/\">Centro Asturiano (A) (Vicente L\u00f3pez, Argentina) vs Mamba (A) (Lima, Per\u00fa)<\/a>\t\t\t\t\t\t\t<\/h4>\n\t\t\t\t\t\t\t\n\t\t\t\t\t\t<\/td>\n\t\t\t\t\t<\/tr>\n\t\t\t\t\t\t\t\t\t\t<tr class=\"sp-row sp-post\" itemscope itemtype=\"http:\/\/schema.org\/SportsEvent\">\n\t\t\t\t\t\t<td>\n\t\t\t\t\t\t\t\t\t\t\t\t\t\t<span class=\"team-logo logo-odd\" title=\"San Mart\u00edn (Marcos Ju\u00e1rez, Argentina)\"><img loading=\"lazy\" decoding=\"async\" width=\"128\" height=\"128\" data-src=\"https:\/\/esquerra.com.ar\/voleibol\/wp-content\/uploads\/2024\/10\/San-Martin-Marcos-Juarez-Argentina-128x128.png\" class=\"attachment-sportspress-fit-icon size-sportspress-fit-icon wp-post-image lazyload\" alt=\"\" src=\"data:image\/gif;base64,R0lGODlhAQABAAAAACH5BAEKAAEALAAAAAABAAEAAAICTAEAOw==\" style=\"--smush-placeholder-width: 128px; --smush-placeholder-aspect-ratio: 128\/128;\" \/><noscript><img loading=\"lazy\" decoding=\"async\" width=\"128\" height=\"128\" data-src=\"https:\/\/esquerra.com.ar\/voleibol\/wp-content\/uploads\/2024\/10\/San-Martin-Marcos-Juarez-Argentina-128x128.png\" class=\"attachment-sportspress-fit-icon size-sportspress-fit-icon wp-post-image lazyload\" alt=\"\" src=\"data:image\/gif;base64,R0lGODlhAQABAAAAACH5BAEKAAEALAAAAAABAAEAAAICTAEAOw==\" style=\"--smush-placeholder-width: 128px; --smush-placeholder-aspect-ratio: 128\/128;\" \/><noscript><img loading=\"lazy\" decoding=\"async\" width=\"128\" height=\"128\" data-src=\"https:\/\/esquerra.com.ar\/voleibol\/wp-content\/uploads\/2024\/10\/San-Martin-Marcos-Juarez-Argentina-128x128.png\" class=\"attachment-sportspress-fit-icon size-sportspress-fit-icon wp-post-image lazyload\" alt=\"\" src=\"data:image\/gif;base64,R0lGODlhAQABAAAAACH5BAEKAAEALAAAAAABAAEAAAICTAEAOw==\" style=\"--smush-placeholder-width: 128px; --smush-placeholder-aspect-ratio: 128\/128;\" \/><noscript><img loading=\"lazy\" decoding=\"async\" width=\"128\" height=\"128\" data-src=\"https:\/\/esquerra.com.ar\/voleibol\/wp-content\/uploads\/2024\/10\/San-Martin-Marcos-Juarez-Argentina-128x128.png\" class=\"attachment-sportspress-fit-icon size-sportspress-fit-icon wp-post-image lazyload\" alt=\"\" src=\"data:image\/gif;base64,R0lGODlhAQABAAAAACH5BAEKAAEALAAAAAABAAEAAAICTAEAOw==\" style=\"--smush-placeholder-width: 128px; --smush-placeholder-aspect-ratio: 128\/128;\" \/><noscript><img loading=\"lazy\" decoding=\"async\" width=\"128\" height=\"128\" data-src=\"https:\/\/esquerra.com.ar\/voleibol\/wp-content\/uploads\/2024\/10\/San-Martin-Marcos-Juarez-Argentina-128x128.png\" class=\"attachment-sportspress-fit-icon size-sportspress-fit-icon wp-post-image lazyload\" alt=\"\" src=\"data:image\/gif;base64,R0lGODlhAQABAAAAACH5BAEKAAEALAAAAAABAAEAAAICTAEAOw==\" style=\"--smush-placeholder-width: 128px; --smush-placeholder-aspect-ratio: 128\/128;\" \/><noscript><img loading=\"lazy\" decoding=\"async\" width=\"128\" height=\"128\" data-src=\"https:\/\/esquerra.com.ar\/voleibol\/wp-content\/uploads\/2024\/10\/San-Martin-Marcos-Juarez-Argentina-128x128.png\" class=\"attachment-sportspress-fit-icon size-sportspress-fit-icon wp-post-image lazyload\" alt=\"\" src=\"data:image\/gif;base64,R0lGODlhAQABAAAAACH5BAEKAAEALAAAAAABAAEAAAICTAEAOw==\" style=\"--smush-placeholder-width: 128px; --smush-placeholder-aspect-ratio: 128\/128;\" \/><noscript><img loading=\"lazy\" decoding=\"async\" width=\"128\" height=\"128\" src=\"https:\/\/esquerra.com.ar\/voleibol\/wp-content\/uploads\/2024\/10\/San-Martin-Marcos-Juarez-Argentina-128x128.png\" class=\"attachment-sportspress-fit-icon size-sportspress-fit-icon wp-post-image\" alt=\"\" \/><\/noscript><\/noscript><\/noscript><\/noscript><\/noscript><\/noscript><\/span> <span class=\"team-logo logo-even\" title=\"Denham School (San Bernardo, Chile)\"><img decoding=\"async\" width=\"128\" height=\"128\" data-src=\"https:\/\/esquerra.com.ar\/voleibol\/wp-content\/uploads\/2025\/11\/Demhan-School-San-Bernardo-Chile-128x128.png\" class=\"attachment-sportspress-fit-icon size-sportspress-fit-icon wp-post-image lazyload\" alt=\"\" src=\"data:image\/gif;base64,R0lGODlhAQABAAAAACH5BAEKAAEALAAAAAABAAEAAAICTAEAOw==\" style=\"--smush-placeholder-width: 128px; --smush-placeholder-aspect-ratio: 128\/128;\" \/><noscript><img decoding=\"async\" width=\"128\" height=\"128\" data-src=\"https:\/\/esquerra.com.ar\/voleibol\/wp-content\/uploads\/2025\/11\/Demhan-School-San-Bernardo-Chile-128x128.png\" class=\"attachment-sportspress-fit-icon size-sportspress-fit-icon wp-post-image lazyload\" alt=\"\" src=\"data:image\/gif;base64,R0lGODlhAQABAAAAACH5BAEKAAEALAAAAAABAAEAAAICTAEAOw==\" style=\"--smush-placeholder-width: 128px; --smush-placeholder-aspect-ratio: 128\/128;\" \/><noscript><img decoding=\"async\" width=\"128\" height=\"128\" data-src=\"https:\/\/esquerra.com.ar\/voleibol\/wp-content\/uploads\/2025\/11\/Demhan-School-San-Bernardo-Chile-128x128.png\" class=\"attachment-sportspress-fit-icon size-sportspress-fit-icon wp-post-image lazyload\" alt=\"\" src=\"data:image\/gif;base64,R0lGODlhAQABAAAAACH5BAEKAAEALAAAAAABAAEAAAICTAEAOw==\" style=\"--smush-placeholder-width: 128px; --smush-placeholder-aspect-ratio: 128\/128;\" \/><noscript><img decoding=\"async\" width=\"128\" height=\"128\" data-src=\"https:\/\/esquerra.com.ar\/voleibol\/wp-content\/uploads\/2025\/11\/Demhan-School-San-Bernardo-Chile-128x128.png\" class=\"attachment-sportspress-fit-icon size-sportspress-fit-icon wp-post-image lazyload\" alt=\"\" src=\"data:image\/gif;base64,R0lGODlhAQABAAAAACH5BAEKAAEALAAAAAABAAEAAAICTAEAOw==\" style=\"--smush-placeholder-width: 128px; --smush-placeholder-aspect-ratio: 128\/128;\" \/><noscript><img decoding=\"async\" width=\"128\" height=\"128\" data-src=\"https:\/\/esquerra.com.ar\/voleibol\/wp-content\/uploads\/2025\/11\/Demhan-School-San-Bernardo-Chile-128x128.png\" class=\"attachment-sportspress-fit-icon size-sportspress-fit-icon wp-post-image lazyload\" alt=\"\" src=\"data:image\/gif;base64,R0lGODlhAQABAAAAACH5BAEKAAEALAAAAAABAAEAAAICTAEAOw==\" style=\"--smush-placeholder-width: 128px; --smush-placeholder-aspect-ratio: 128\/128;\" \/><noscript><img decoding=\"async\" width=\"128\" height=\"128\" data-src=\"https:\/\/esquerra.com.ar\/voleibol\/wp-content\/uploads\/2025\/11\/Demhan-School-San-Bernardo-Chile-128x128.png\" class=\"attachment-sportspress-fit-icon size-sportspress-fit-icon wp-post-image lazyload\" alt=\"\" src=\"data:image\/gif;base64,R0lGODlhAQABAAAAACH5BAEKAAEALAAAAAABAAEAAAICTAEAOw==\" style=\"--smush-placeholder-width: 128px; --smush-placeholder-aspect-ratio: 128\/128;\" \/><noscript><img decoding=\"async\" width=\"128\" height=\"128\" src=\"https:\/\/esquerra.com.ar\/voleibol\/wp-content\/uploads\/2025\/11\/Demhan-School-San-Bernardo-Chile-128x128.png\" class=\"attachment-sportspress-fit-icon size-sportspress-fit-icon wp-post-image\" alt=\"\" \/><\/noscript><\/noscript><\/noscript><\/noscript><\/noscript><\/noscript><\/span>\t\t\t\t\t\t\t<time class=\"sp-event-date\" datetime=\"2025-11-29 12:00:38\" itemprop=\"startDate\" content=\"2025-11-29T12:00:38-03:00\">\n\t\t\t\t\t\t\t\t<a href=\"https:\/\/esquerra.com.ar\/voleibol\/event\/san-martin-marcos-juarez-argentina-vs-demhan-school-s-bernardo-chile\/\">29\/11\/2025<\/a>\t\t\t\t\t\t\t<\/time>\n\t\t\t\t\t\t\t\t\t\t\t\t\t\t<h5 class=\"sp-event-results\">\n\t\t\t\t\t\t\t\t<a href=\"https:\/\/esquerra.com.ar\/voleibol\/event\/san-martin-marcos-juarez-argentina-vs-demhan-school-s-bernardo-chile\/\"><span class=\"sp-result ok\">0<\/span> - <span class=\"sp-result\">2<\/span><\/a>\t\t\t\t\t\t\t<\/h5>\n\t\t\t\t\t\t\t\t\t\t\t\t\t\t\t\t\t\t\t\t\t\t<div class=\"sp-event-season\">U16F \u2013 Noviembre 2025 \u2013 ZONA A<\/div>\n\t\t\t\t\t\t\t\t\t\t\t\t\t\t\t\t\t\t\t\t\t\t\t\t\t\t\t\t\t\t<div class=\"sp-event-venue\" itemprop=\"location\" itemscope itemtype=\"http:\/\/schema.org\/Place\"><div itemprop=\"address\" itemscope itemtype=\"http:\/\/schema.org\/PostalAddress\">Rieles - Cancha 1<\/div><\/div>\n\t\t\t\t\t\t\t\t\t\t\t\t\t\t\t\t\t\t\t\t\t\t\t\t\t\t\t\t\t\t<div style=\"display:none;\" class=\"sp-event-venue\" itemprop=\"location\" itemscope itemtype=\"http:\/\/schema.org\/Place\"><div itemprop=\"address\" itemscope itemtype=\"http:\/\/schema.org\/PostalAddress\">N\/D<\/div><\/div>\n\t\t\t\t\t\t\t\t\t\t\t\t\t\t<h4 class=\"sp-event-title\" itemprop=\"name\">\n\t\t\t\t\t\t\t\t<a href=\"https:\/\/esquerra.com.ar\/voleibol\/event\/san-martin-marcos-juarez-argentina-vs-demhan-school-s-bernardo-chile\/\">San Mart\u00edn (Marcos Ju\u00e1rez, Argentina) vs Denham School (San Bernardo, Chile)<\/a>\t\t\t\t\t\t\t<\/h4>\n\t\t\t\t\t\t\t\n\t\t\t\t\t\t<\/td>\n\t\t\t\t\t<\/tr>\n\t\t\t\t\t\t\t\t\t\t<tr class=\"sp-row sp-post alternate\" itemscope itemtype=\"http:\/\/schema.org\/SportsEvent\">\n\t\t\t\t\t\t<td>\n\t\t\t\t\t\t\t\t\t\t\t\t\t\t<span class=\"team-logo logo-odd\" title=\"San Mart\u00edn (Marcos Ju\u00e1rez, Argentina)\"><img loading=\"lazy\" decoding=\"async\" width=\"128\" height=\"128\" data-src=\"https:\/\/esquerra.com.ar\/voleibol\/wp-content\/uploads\/2024\/10\/San-Martin-Marcos-Juarez-Argentina-128x128.png\" class=\"attachment-sportspress-fit-icon size-sportspress-fit-icon wp-post-image lazyload\" alt=\"\" src=\"data:image\/gif;base64,R0lGODlhAQABAAAAACH5BAEKAAEALAAAAAABAAEAAAICTAEAOw==\" style=\"--smush-placeholder-width: 128px; --smush-placeholder-aspect-ratio: 128\/128;\" \/><noscript><img loading=\"lazy\" decoding=\"async\" width=\"128\" height=\"128\" data-src=\"https:\/\/esquerra.com.ar\/voleibol\/wp-content\/uploads\/2024\/10\/San-Martin-Marcos-Juarez-Argentina-128x128.png\" class=\"attachment-sportspress-fit-icon size-sportspress-fit-icon wp-post-image lazyload\" alt=\"\" src=\"data:image\/gif;base64,R0lGODlhAQABAAAAACH5BAEKAAEALAAAAAABAAEAAAICTAEAOw==\" style=\"--smush-placeholder-width: 128px; --smush-placeholder-aspect-ratio: 128\/128;\" \/><noscript><img loading=\"lazy\" decoding=\"async\" width=\"128\" height=\"128\" data-src=\"https:\/\/esquerra.com.ar\/voleibol\/wp-content\/uploads\/2024\/10\/San-Martin-Marcos-Juarez-Argentina-128x128.png\" class=\"attachment-sportspress-fit-icon size-sportspress-fit-icon wp-post-image lazyload\" alt=\"\" src=\"data:image\/gif;base64,R0lGODlhAQABAAAAACH5BAEKAAEALAAAAAABAAEAAAICTAEAOw==\" style=\"--smush-placeholder-width: 128px; --smush-placeholder-aspect-ratio: 128\/128;\" \/><noscript><img loading=\"lazy\" decoding=\"async\" width=\"128\" height=\"128\" data-src=\"https:\/\/esquerra.com.ar\/voleibol\/wp-content\/uploads\/2024\/10\/San-Martin-Marcos-Juarez-Argentina-128x128.png\" class=\"attachment-sportspress-fit-icon size-sportspress-fit-icon wp-post-image lazyload\" alt=\"\" src=\"data:image\/gif;base64,R0lGODlhAQABAAAAACH5BAEKAAEALAAAAAABAAEAAAICTAEAOw==\" style=\"--smush-placeholder-width: 128px; --smush-placeholder-aspect-ratio: 128\/128;\" \/><noscript><img loading=\"lazy\" decoding=\"async\" width=\"128\" height=\"128\" data-src=\"https:\/\/esquerra.com.ar\/voleibol\/wp-content\/uploads\/2024\/10\/San-Martin-Marcos-Juarez-Argentina-128x128.png\" class=\"attachment-sportspress-fit-icon size-sportspress-fit-icon wp-post-image lazyload\" alt=\"\" src=\"data:image\/gif;base64,R0lGODlhAQABAAAAACH5BAEKAAEALAAAAAABAAEAAAICTAEAOw==\" style=\"--smush-placeholder-width: 128px; --smush-placeholder-aspect-ratio: 128\/128;\" \/><noscript><img loading=\"lazy\" decoding=\"async\" width=\"128\" height=\"128\" data-src=\"https:\/\/esquerra.com.ar\/voleibol\/wp-content\/uploads\/2024\/10\/San-Martin-Marcos-Juarez-Argentina-128x128.png\" class=\"attachment-sportspress-fit-icon size-sportspress-fit-icon wp-post-image lazyload\" alt=\"\" src=\"data:image\/gif;base64,R0lGODlhAQABAAAAACH5BAEKAAEALAAAAAABAAEAAAICTAEAOw==\" style=\"--smush-placeholder-width: 128px; --smush-placeholder-aspect-ratio: 128\/128;\" \/><noscript><img loading=\"lazy\" decoding=\"async\" width=\"128\" height=\"128\" src=\"https:\/\/esquerra.com.ar\/voleibol\/wp-content\/uploads\/2024\/10\/San-Martin-Marcos-Juarez-Argentina-128x128.png\" class=\"attachment-sportspress-fit-icon size-sportspress-fit-icon wp-post-image\" alt=\"\" \/><\/noscript><\/noscript><\/noscript><\/noscript><\/noscript><\/noscript><\/span> <span class=\"team-logo logo-even\" title=\"Centro Asturiano (A) (Vicente L\u00f3pez, Argentina)\"><img decoding=\"async\" width=\"128\" height=\"128\" data-src=\"https:\/\/esquerra.com.ar\/voleibol\/wp-content\/uploads\/2025\/11\/Centro-Asturiano-CABA-Argentina-128x128.png\" class=\"attachment-sportspress-fit-icon size-sportspress-fit-icon wp-post-image lazyload\" alt=\"\" src=\"data:image\/gif;base64,R0lGODlhAQABAAAAACH5BAEKAAEALAAAAAABAAEAAAICTAEAOw==\" style=\"--smush-placeholder-width: 128px; --smush-placeholder-aspect-ratio: 128\/128;\" \/><noscript><img decoding=\"async\" width=\"128\" height=\"128\" data-src=\"https:\/\/esquerra.com.ar\/voleibol\/wp-content\/uploads\/2025\/11\/Centro-Asturiano-CABA-Argentina-128x128.png\" class=\"attachment-sportspress-fit-icon size-sportspress-fit-icon wp-post-image lazyload\" alt=\"\" src=\"data:image\/gif;base64,R0lGODlhAQABAAAAACH5BAEKAAEALAAAAAABAAEAAAICTAEAOw==\" style=\"--smush-placeholder-width: 128px; --smush-placeholder-aspect-ratio: 128\/128;\" \/><noscript><img decoding=\"async\" width=\"128\" height=\"128\" data-src=\"https:\/\/esquerra.com.ar\/voleibol\/wp-content\/uploads\/2025\/11\/Centro-Asturiano-CABA-Argentina-128x128.png\" class=\"attachment-sportspress-fit-icon size-sportspress-fit-icon wp-post-image lazyload\" alt=\"\" src=\"data:image\/gif;base64,R0lGODlhAQABAAAAACH5BAEKAAEALAAAAAABAAEAAAICTAEAOw==\" style=\"--smush-placeholder-width: 128px; --smush-placeholder-aspect-ratio: 128\/128;\" \/><noscript><img decoding=\"async\" width=\"128\" height=\"128\" data-src=\"https:\/\/esquerra.com.ar\/voleibol\/wp-content\/uploads\/2025\/11\/Centro-Asturiano-CABA-Argentina-128x128.png\" class=\"attachment-sportspress-fit-icon size-sportspress-fit-icon wp-post-image lazyload\" alt=\"\" src=\"data:image\/gif;base64,R0lGODlhAQABAAAAACH5BAEKAAEALAAAAAABAAEAAAICTAEAOw==\" style=\"--smush-placeholder-width: 128px; --smush-placeholder-aspect-ratio: 128\/128;\" \/><noscript><img decoding=\"async\" width=\"128\" height=\"128\" data-src=\"https:\/\/esquerra.com.ar\/voleibol\/wp-content\/uploads\/2025\/11\/Centro-Asturiano-CABA-Argentina-128x128.png\" class=\"attachment-sportspress-fit-icon size-sportspress-fit-icon wp-post-image lazyload\" alt=\"\" src=\"data:image\/gif;base64,R0lGODlhAQABAAAAACH5BAEKAAEALAAAAAABAAEAAAICTAEAOw==\" style=\"--smush-placeholder-width: 128px; --smush-placeholder-aspect-ratio: 128\/128;\" \/><noscript><img decoding=\"async\" width=\"128\" height=\"128\" data-src=\"https:\/\/esquerra.com.ar\/voleibol\/wp-content\/uploads\/2025\/11\/Centro-Asturiano-CABA-Argentina-128x128.png\" class=\"attachment-sportspress-fit-icon size-sportspress-fit-icon wp-post-image lazyload\" alt=\"\" src=\"data:image\/gif;base64,R0lGODlhAQABAAAAACH5BAEKAAEALAAAAAABAAEAAAICTAEAOw==\" style=\"--smush-placeholder-width: 128px; --smush-placeholder-aspect-ratio: 128\/128;\" \/><noscript><img decoding=\"async\" width=\"128\" height=\"128\" data-src=\"https:\/\/esquerra.com.ar\/voleibol\/wp-content\/uploads\/2025\/11\/Centro-Asturiano-CABA-Argentina-128x128.png\" class=\"attachment-sportspress-fit-icon size-sportspress-fit-icon wp-post-image lazyload\" alt=\"\" src=\"data:image\/gif;base64,R0lGODlhAQABAAAAACH5BAEKAAEALAAAAAABAAEAAAICTAEAOw==\" style=\"--smush-placeholder-width: 128px; --smush-placeholder-aspect-ratio: 128\/128;\" \/><noscript><img decoding=\"async\" width=\"128\" height=\"128\" data-src=\"https:\/\/esquerra.com.ar\/voleibol\/wp-content\/uploads\/2025\/11\/Centro-Asturiano-CABA-Argentina-128x128.png\" class=\"attachment-sportspress-fit-icon size-sportspress-fit-icon wp-post-image lazyload\" alt=\"\" src=\"data:image\/gif;base64,R0lGODlhAQABAAAAACH5BAEKAAEALAAAAAABAAEAAAICTAEAOw==\" style=\"--smush-placeholder-width: 128px; --smush-placeholder-aspect-ratio: 128\/128;\" \/><noscript><img decoding=\"async\" width=\"128\" height=\"128\" data-src=\"https:\/\/esquerra.com.ar\/voleibol\/wp-content\/uploads\/2025\/11\/Centro-Asturiano-CABA-Argentina-128x128.png\" class=\"attachment-sportspress-fit-icon size-sportspress-fit-icon wp-post-image lazyload\" alt=\"\" src=\"data:image\/gif;base64,R0lGODlhAQABAAAAACH5BAEKAAEALAAAAAABAAEAAAICTAEAOw==\" style=\"--smush-placeholder-width: 128px; --smush-placeholder-aspect-ratio: 128\/128;\" \/><noscript><img decoding=\"async\" width=\"128\" height=\"128\" data-src=\"https:\/\/esquerra.com.ar\/voleibol\/wp-content\/uploads\/2025\/11\/Centro-Asturiano-CABA-Argentina-128x128.png\" class=\"attachment-sportspress-fit-icon size-sportspress-fit-icon wp-post-image lazyload\" alt=\"\" src=\"data:image\/gif;base64,R0lGODlhAQABAAAAACH5BAEKAAEALAAAAAABAAEAAAICTAEAOw==\" style=\"--smush-placeholder-width: 128px; --smush-placeholder-aspect-ratio: 128\/128;\" \/><noscript><img decoding=\"async\" width=\"128\" height=\"128\" data-src=\"https:\/\/esquerra.com.ar\/voleibol\/wp-content\/uploads\/2025\/11\/Centro-Asturiano-CABA-Argentina-128x128.png\" class=\"attachment-sportspress-fit-icon size-sportspress-fit-icon wp-post-image lazyload\" alt=\"\" src=\"data:image\/gif;base64,R0lGODlhAQABAAAAACH5BAEKAAEALAAAAAABAAEAAAICTAEAOw==\" style=\"--smush-placeholder-width: 128px; --smush-placeholder-aspect-ratio: 128\/128;\" \/><noscript><img decoding=\"async\" width=\"128\" height=\"128\" data-src=\"https:\/\/esquerra.com.ar\/voleibol\/wp-content\/uploads\/2025\/11\/Centro-Asturiano-CABA-Argentina-128x128.png\" class=\"attachment-sportspress-fit-icon size-sportspress-fit-icon wp-post-image lazyload\" alt=\"\" src=\"data:image\/gif;base64,R0lGODlhAQABAAAAACH5BAEKAAEALAAAAAABAAEAAAICTAEAOw==\" style=\"--smush-placeholder-width: 128px; --smush-placeholder-aspect-ratio: 128\/128;\" \/><noscript><img decoding=\"async\" width=\"128\" height=\"128\" src=\"https:\/\/esquerra.com.ar\/voleibol\/wp-content\/uploads\/2025\/11\/Centro-Asturiano-CABA-Argentina-128x128.png\" class=\"attachment-sportspress-fit-icon size-sportspress-fit-icon wp-post-image\" alt=\"\" \/><\/noscript><\/noscript><\/noscript><\/noscript><\/noscript><\/noscript><\/noscript><\/noscript><\/noscript><\/noscript><\/noscript><\/noscript><\/span>\t\t\t\t\t\t\t<time class=\"sp-event-date\" datetime=\"2025-11-29 16:30:14\" itemprop=\"startDate\" content=\"2025-11-29T16:30:14-03:00\">\n\t\t\t\t\t\t\t\t<a href=\"https:\/\/esquerra.com.ar\/voleibol\/event\/san-martin-marcos-juarez-argentina-vs-centro-asturiano-a-vicente-lopez-argentina\/\">29\/11\/2025<\/a>\t\t\t\t\t\t\t<\/time>\n\t\t\t\t\t\t\t\t\t\t\t\t\t\t<h5 class=\"sp-event-results\">\n\t\t\t\t\t\t\t\t<a href=\"https:\/\/esquerra.com.ar\/voleibol\/event\/san-martin-marcos-juarez-argentina-vs-centro-asturiano-a-vicente-lopez-argentina\/\"><span class=\"sp-result ok\">0<\/span> - <span class=\"sp-result\">2<\/span><\/a>\t\t\t\t\t\t\t<\/h5>\n\t\t\t\t\t\t\t\t\t\t\t\t\t\t\t\t\t\t\t\t\t\t<div class=\"sp-event-season\">U16F \u2013 Noviembre 2025 \u2013 ZONA A<\/div>\n\t\t\t\t\t\t\t\t\t\t\t\t\t\t\t\t\t\t\t\t\t\t\t\t\t\t\t\t\t\t<div class=\"sp-event-venue\" itemprop=\"location\" itemscope itemtype=\"http:\/\/schema.org\/Place\"><div itemprop=\"address\" itemscope itemtype=\"http:\/\/schema.org\/PostalAddress\">Rieles - Cancha 2<\/div><\/div>\n\t\t\t\t\t\t\t\t\t\t\t\t\t\t\t\t\t\t\t\t\t\t\t\t\t\t\t\t\t\t<div style=\"display:none;\" class=\"sp-event-venue\" itemprop=\"location\" itemscope itemtype=\"http:\/\/schema.org\/Place\"><div itemprop=\"address\" itemscope itemtype=\"http:\/\/schema.org\/PostalAddress\">N\/D<\/div><\/div>\n\t\t\t\t\t\t\t\t\t\t\t\t\t\t<h4 class=\"sp-event-title\" itemprop=\"name\">\n\t\t\t\t\t\t\t\t<a href=\"https:\/\/esquerra.com.ar\/voleibol\/event\/san-martin-marcos-juarez-argentina-vs-centro-asturiano-a-vicente-lopez-argentina\/\">San Mart\u00edn (Marcos Ju\u00e1rez, Argentina) vs Centro Asturiano (A) (Vicente L\u00f3pez, Argentina)<\/a>\t\t\t\t\t\t\t<\/h4>\n\t\t\t\t\t\t\t\n\t\t\t\t\t\t<\/td>\n\t\t\t\t\t<\/tr>\n\t\t\t\t\t\t\t\t\t\t<tr class=\"sp-row sp-post\" itemscope itemtype=\"http:\/\/schema.org\/SportsEvent\">\n\t\t\t\t\t\t<td>\n\t\t\t\t\t\t\t\t\t\t\t\t\t\t<span class=\"team-logo logo-odd\" title=\"Mamba (A) (Lima, Per\u00fa)\"><img decoding=\"async\" width=\"128\" height=\"128\" data-src=\"https:\/\/esquerra.com.ar\/voleibol\/wp-content\/uploads\/2025\/11\/Mamba-Lima-Peru-128x128.png\" class=\"attachment-sportspress-fit-icon size-sportspress-fit-icon wp-post-image lazyload\" alt=\"\" src=\"data:image\/gif;base64,R0lGODlhAQABAAAAACH5BAEKAAEALAAAAAABAAEAAAICTAEAOw==\" style=\"--smush-placeholder-width: 128px; --smush-placeholder-aspect-ratio: 128\/128;\" \/><noscript><img decoding=\"async\" width=\"128\" height=\"128\" data-src=\"https:\/\/esquerra.com.ar\/voleibol\/wp-content\/uploads\/2025\/11\/Mamba-Lima-Peru-128x128.png\" class=\"attachment-sportspress-fit-icon size-sportspress-fit-icon wp-post-image lazyload\" alt=\"\" src=\"data:image\/gif;base64,R0lGODlhAQABAAAAACH5BAEKAAEALAAAAAABAAEAAAICTAEAOw==\" style=\"--smush-placeholder-width: 128px; --smush-placeholder-aspect-ratio: 128\/128;\" \/><noscript><img decoding=\"async\" width=\"128\" height=\"128\" data-src=\"https:\/\/esquerra.com.ar\/voleibol\/wp-content\/uploads\/2025\/11\/Mamba-Lima-Peru-128x128.png\" class=\"attachment-sportspress-fit-icon size-sportspress-fit-icon wp-post-image lazyload\" alt=\"\" src=\"data:image\/gif;base64,R0lGODlhAQABAAAAACH5BAEKAAEALAAAAAABAAEAAAICTAEAOw==\" style=\"--smush-placeholder-width: 128px; --smush-placeholder-aspect-ratio: 128\/128;\" \/><noscript><img decoding=\"async\" width=\"128\" height=\"128\" data-src=\"https:\/\/esquerra.com.ar\/voleibol\/wp-content\/uploads\/2025\/11\/Mamba-Lima-Peru-128x128.png\" class=\"attachment-sportspress-fit-icon size-sportspress-fit-icon wp-post-image lazyload\" alt=\"\" src=\"data:image\/gif;base64,R0lGODlhAQABAAAAACH5BAEKAAEALAAAAAABAAEAAAICTAEAOw==\" style=\"--smush-placeholder-width: 128px; --smush-placeholder-aspect-ratio: 128\/128;\" \/><noscript><img decoding=\"async\" width=\"128\" height=\"128\" data-src=\"https:\/\/esquerra.com.ar\/voleibol\/wp-content\/uploads\/2025\/11\/Mamba-Lima-Peru-128x128.png\" class=\"attachment-sportspress-fit-icon size-sportspress-fit-icon wp-post-image lazyload\" alt=\"\" src=\"data:image\/gif;base64,R0lGODlhAQABAAAAACH5BAEKAAEALAAAAAABAAEAAAICTAEAOw==\" style=\"--smush-placeholder-width: 128px; --smush-placeholder-aspect-ratio: 128\/128;\" \/><noscript><img decoding=\"async\" width=\"128\" height=\"128\" data-src=\"https:\/\/esquerra.com.ar\/voleibol\/wp-content\/uploads\/2025\/11\/Mamba-Lima-Peru-128x128.png\" class=\"attachment-sportspress-fit-icon size-sportspress-fit-icon wp-post-image lazyload\" alt=\"\" src=\"data:image\/gif;base64,R0lGODlhAQABAAAAACH5BAEKAAEALAAAAAABAAEAAAICTAEAOw==\" style=\"--smush-placeholder-width: 128px; --smush-placeholder-aspect-ratio: 128\/128;\" \/><noscript><img decoding=\"async\" width=\"128\" height=\"128\" data-src=\"https:\/\/esquerra.com.ar\/voleibol\/wp-content\/uploads\/2025\/11\/Mamba-Lima-Peru-128x128.png\" class=\"attachment-sportspress-fit-icon size-sportspress-fit-icon wp-post-image lazyload\" alt=\"\" src=\"data:image\/gif;base64,R0lGODlhAQABAAAAACH5BAEKAAEALAAAAAABAAEAAAICTAEAOw==\" style=\"--smush-placeholder-width: 128px; --smush-placeholder-aspect-ratio: 128\/128;\" \/><noscript><img decoding=\"async\" width=\"128\" height=\"128\" data-src=\"https:\/\/esquerra.com.ar\/voleibol\/wp-content\/uploads\/2025\/11\/Mamba-Lima-Peru-128x128.png\" class=\"attachment-sportspress-fit-icon size-sportspress-fit-icon wp-post-image lazyload\" alt=\"\" src=\"data:image\/gif;base64,R0lGODlhAQABAAAAACH5BAEKAAEALAAAAAABAAEAAAICTAEAOw==\" style=\"--smush-placeholder-width: 128px; --smush-placeholder-aspect-ratio: 128\/128;\" \/><noscript><img decoding=\"async\" width=\"128\" height=\"128\" data-src=\"https:\/\/esquerra.com.ar\/voleibol\/wp-content\/uploads\/2025\/11\/Mamba-Lima-Peru-128x128.png\" class=\"attachment-sportspress-fit-icon size-sportspress-fit-icon wp-post-image lazyload\" alt=\"\" src=\"data:image\/gif;base64,R0lGODlhAQABAAAAACH5BAEKAAEALAAAAAABAAEAAAICTAEAOw==\" style=\"--smush-placeholder-width: 128px; --smush-placeholder-aspect-ratio: 128\/128;\" \/><noscript><img decoding=\"async\" width=\"128\" height=\"128\" data-src=\"https:\/\/esquerra.com.ar\/voleibol\/wp-content\/uploads\/2025\/11\/Mamba-Lima-Peru-128x128.png\" class=\"attachment-sportspress-fit-icon size-sportspress-fit-icon wp-post-image lazyload\" alt=\"\" src=\"data:image\/gif;base64,R0lGODlhAQABAAAAACH5BAEKAAEALAAAAAABAAEAAAICTAEAOw==\" style=\"--smush-placeholder-width: 128px; --smush-placeholder-aspect-ratio: 128\/128;\" \/><noscript><img decoding=\"async\" width=\"128\" height=\"128\" data-src=\"https:\/\/esquerra.com.ar\/voleibol\/wp-content\/uploads\/2025\/11\/Mamba-Lima-Peru-128x128.png\" class=\"attachment-sportspress-fit-icon size-sportspress-fit-icon wp-post-image lazyload\" alt=\"\" src=\"data:image\/gif;base64,R0lGODlhAQABAAAAACH5BAEKAAEALAAAAAABAAEAAAICTAEAOw==\" style=\"--smush-placeholder-width: 128px; --smush-placeholder-aspect-ratio: 128\/128;\" \/><noscript><img decoding=\"async\" width=\"128\" height=\"128\" data-src=\"https:\/\/esquerra.com.ar\/voleibol\/wp-content\/uploads\/2025\/11\/Mamba-Lima-Peru-128x128.png\" class=\"attachment-sportspress-fit-icon size-sportspress-fit-icon wp-post-image lazyload\" alt=\"\" src=\"data:image\/gif;base64,R0lGODlhAQABAAAAACH5BAEKAAEALAAAAAABAAEAAAICTAEAOw==\" style=\"--smush-placeholder-width: 128px; --smush-placeholder-aspect-ratio: 128\/128;\" \/><noscript><img decoding=\"async\" width=\"128\" height=\"128\" src=\"https:\/\/esquerra.com.ar\/voleibol\/wp-content\/uploads\/2025\/11\/Mamba-Lima-Peru-128x128.png\" class=\"attachment-sportspress-fit-icon size-sportspress-fit-icon wp-post-image\" alt=\"\" \/><\/noscript><\/noscript><\/noscript><\/noscript><\/noscript><\/noscript><\/noscript><\/noscript><\/noscript><\/noscript><\/noscript><\/noscript><\/span> <span class=\"team-logo logo-even\" title=\"Denham School (San Bernardo, Chile)\"><img decoding=\"async\" width=\"128\" height=\"128\" data-src=\"https:\/\/esquerra.com.ar\/voleibol\/wp-content\/uploads\/2025\/11\/Demhan-School-San-Bernardo-Chile-128x128.png\" class=\"attachment-sportspress-fit-icon size-sportspress-fit-icon wp-post-image lazyload\" alt=\"\" src=\"data:image\/gif;base64,R0lGODlhAQABAAAAACH5BAEKAAEALAAAAAABAAEAAAICTAEAOw==\" style=\"--smush-placeholder-width: 128px; --smush-placeholder-aspect-ratio: 128\/128;\" \/><noscript><img decoding=\"async\" width=\"128\" height=\"128\" data-src=\"https:\/\/esquerra.com.ar\/voleibol\/wp-content\/uploads\/2025\/11\/Demhan-School-San-Bernardo-Chile-128x128.png\" class=\"attachment-sportspress-fit-icon size-sportspress-fit-icon wp-post-image lazyload\" alt=\"\" src=\"data:image\/gif;base64,R0lGODlhAQABAAAAACH5BAEKAAEALAAAAAABAAEAAAICTAEAOw==\" style=\"--smush-placeholder-width: 128px; --smush-placeholder-aspect-ratio: 128\/128;\" \/><noscript><img decoding=\"async\" width=\"128\" height=\"128\" data-src=\"https:\/\/esquerra.com.ar\/voleibol\/wp-content\/uploads\/2025\/11\/Demhan-School-San-Bernardo-Chile-128x128.png\" class=\"attachment-sportspress-fit-icon size-sportspress-fit-icon wp-post-image lazyload\" alt=\"\" src=\"data:image\/gif;base64,R0lGODlhAQABAAAAACH5BAEKAAEALAAAAAABAAEAAAICTAEAOw==\" style=\"--smush-placeholder-width: 128px; --smush-placeholder-aspect-ratio: 128\/128;\" \/><noscript><img decoding=\"async\" width=\"128\" height=\"128\" data-src=\"https:\/\/esquerra.com.ar\/voleibol\/wp-content\/uploads\/2025\/11\/Demhan-School-San-Bernardo-Chile-128x128.png\" class=\"attachment-sportspress-fit-icon size-sportspress-fit-icon wp-post-image lazyload\" alt=\"\" src=\"data:image\/gif;base64,R0lGODlhAQABAAAAACH5BAEKAAEALAAAAAABAAEAAAICTAEAOw==\" style=\"--smush-placeholder-width: 128px; --smush-placeholder-aspect-ratio: 128\/128;\" \/><noscript><img decoding=\"async\" width=\"128\" height=\"128\" data-src=\"https:\/\/esquerra.com.ar\/voleibol\/wp-content\/uploads\/2025\/11\/Demhan-School-San-Bernardo-Chile-128x128.png\" class=\"attachment-sportspress-fit-icon size-sportspress-fit-icon wp-post-image lazyload\" alt=\"\" src=\"data:image\/gif;base64,R0lGODlhAQABAAAAACH5BAEKAAEALAAAAAABAAEAAAICTAEAOw==\" style=\"--smush-placeholder-width: 128px; --smush-placeholder-aspect-ratio: 128\/128;\" \/><noscript><img decoding=\"async\" width=\"128\" height=\"128\" data-src=\"https:\/\/esquerra.com.ar\/voleibol\/wp-content\/uploads\/2025\/11\/Demhan-School-San-Bernardo-Chile-128x128.png\" class=\"attachment-sportspress-fit-icon size-sportspress-fit-icon wp-post-image lazyload\" alt=\"\" src=\"data:image\/gif;base64,R0lGODlhAQABAAAAACH5BAEKAAEALAAAAAABAAEAAAICTAEAOw==\" style=\"--smush-placeholder-width: 128px; --smush-placeholder-aspect-ratio: 128\/128;\" \/><noscript><img decoding=\"async\" width=\"128\" height=\"128\" src=\"https:\/\/esquerra.com.ar\/voleibol\/wp-content\/uploads\/2025\/11\/Demhan-School-San-Bernardo-Chile-128x128.png\" class=\"attachment-sportspress-fit-icon size-sportspress-fit-icon wp-post-image\" alt=\"\" \/><\/noscript><\/noscript><\/noscript><\/noscript><\/noscript><\/noscript><\/span>\t\t\t\t\t\t\t<time class=\"sp-event-date\" datetime=\"2025-11-29 16:30:24\" itemprop=\"startDate\" content=\"2025-11-29T16:30:24-03:00\">\n\t\t\t\t\t\t\t\t<a href=\"https:\/\/esquerra.com.ar\/voleibol\/event\/mamba-a-lima-peru-vs-demhan-school-s-bernardo-chile\/\">29\/11\/2025<\/a>\t\t\t\t\t\t\t<\/time>\n\t\t\t\t\t\t\t\t\t\t\t\t\t\t<h5 class=\"sp-event-results\">\n\t\t\t\t\t\t\t\t<a href=\"https:\/\/esquerra.com.ar\/voleibol\/event\/mamba-a-lima-peru-vs-demhan-school-s-bernardo-chile\/\"><span class=\"sp-result ok\">2<\/span> - <span class=\"sp-result\">0<\/span><\/a>\t\t\t\t\t\t\t<\/h5>\n\t\t\t\t\t\t\t\t\t\t\t\t\t\t\t\t\t\t\t\t\t\t<div class=\"sp-event-season\">U16F \u2013 Noviembre 2025 \u2013 ZONA A<\/div>\n\t\t\t\t\t\t\t\t\t\t\t\t\t\t\t\t\t\t\t\t\t\t\t\t\t\t\t\t\t\t<div class=\"sp-event-venue\" itemprop=\"location\" itemscope itemtype=\"http:\/\/schema.org\/Place\"><div itemprop=\"address\" itemscope itemtype=\"http:\/\/schema.org\/PostalAddress\">Racing<\/div><\/div>\n\t\t\t\t\t\t\t\t\t\t\t\t\t\t\t\t\t\t\t\t\t\t\t\t\t\t\t\t\t\t<div style=\"display:none;\" class=\"sp-event-venue\" itemprop=\"location\" itemscope itemtype=\"http:\/\/schema.org\/Place\"><div itemprop=\"address\" itemscope itemtype=\"http:\/\/schema.org\/PostalAddress\">N\/D<\/div><\/div>\n\t\t\t\t\t\t\t\t\t\t\t\t\t\t<h4 class=\"sp-event-title\" itemprop=\"name\">\n\t\t\t\t\t\t\t\t<a href=\"https:\/\/esquerra.com.ar\/voleibol\/event\/mamba-a-lima-peru-vs-demhan-school-s-bernardo-chile\/\">Mamba (A) (Lima, Per\u00fa) vs Denham School (San Bernardo, Chile)<\/a>\t\t\t\t\t\t\t<\/h4>\n\t\t\t\t\t\t\t\n\t\t\t\t\t\t<\/td>\n\t\t\t\t\t<\/tr>\n\t\t\t\t\t\t\t\t\t\t<tr class=\"sp-row sp-post alternate\" itemscope itemtype=\"http:\/\/schema.org\/SportsEvent\">\n\t\t\t\t\t\t<td>\n\t\t\t\t\t\t\t\t\t\t\t\t\t\t<span class=\"team-logo logo-odd\" title=\"Alfebracross (Asunci\u00f3n, Paraguay)\"><img loading=\"lazy\" decoding=\"async\" width=\"128\" height=\"128\" data-src=\"https:\/\/esquerra.com.ar\/voleibol\/wp-content\/uploads\/2025\/11\/Alfebracrossvolley-Paraguay-128x128.png\" class=\"attachment-sportspress-fit-icon size-sportspress-fit-icon wp-post-image lazyload\" alt=\"\" src=\"data:image\/gif;base64,R0lGODlhAQABAAAAACH5BAEKAAEALAAAAAABAAEAAAICTAEAOw==\" style=\"--smush-placeholder-width: 128px; --smush-placeholder-aspect-ratio: 128\/128;\" \/><noscript><img loading=\"lazy\" decoding=\"async\" width=\"128\" height=\"128\" data-src=\"https:\/\/esquerra.com.ar\/voleibol\/wp-content\/uploads\/2025\/11\/Alfebracrossvolley-Paraguay-128x128.png\" class=\"attachment-sportspress-fit-icon size-sportspress-fit-icon wp-post-image lazyload\" alt=\"\" src=\"data:image\/gif;base64,R0lGODlhAQABAAAAACH5BAEKAAEALAAAAAABAAEAAAICTAEAOw==\" style=\"--smush-placeholder-width: 128px; --smush-placeholder-aspect-ratio: 128\/128;\" \/><noscript><img loading=\"lazy\" decoding=\"async\" width=\"128\" height=\"128\" data-src=\"https:\/\/esquerra.com.ar\/voleibol\/wp-content\/uploads\/2025\/11\/Alfebracrossvolley-Paraguay-128x128.png\" class=\"attachment-sportspress-fit-icon size-sportspress-fit-icon wp-post-image lazyload\" alt=\"\" src=\"data:image\/gif;base64,R0lGODlhAQABAAAAACH5BAEKAAEALAAAAAABAAEAAAICTAEAOw==\" style=\"--smush-placeholder-width: 128px; --smush-placeholder-aspect-ratio: 128\/128;\" \/><noscript><img loading=\"lazy\" decoding=\"async\" width=\"128\" height=\"128\" data-src=\"https:\/\/esquerra.com.ar\/voleibol\/wp-content\/uploads\/2025\/11\/Alfebracrossvolley-Paraguay-128x128.png\" class=\"attachment-sportspress-fit-icon size-sportspress-fit-icon wp-post-image lazyload\" alt=\"\" src=\"data:image\/gif;base64,R0lGODlhAQABAAAAACH5BAEKAAEALAAAAAABAAEAAAICTAEAOw==\" style=\"--smush-placeholder-width: 128px; --smush-placeholder-aspect-ratio: 128\/128;\" \/><noscript><img loading=\"lazy\" decoding=\"async\" width=\"128\" height=\"128\" data-src=\"https:\/\/esquerra.com.ar\/voleibol\/wp-content\/uploads\/2025\/11\/Alfebracrossvolley-Paraguay-128x128.png\" class=\"attachment-sportspress-fit-icon size-sportspress-fit-icon wp-post-image lazyload\" alt=\"\" src=\"data:image\/gif;base64,R0lGODlhAQABAAAAACH5BAEKAAEALAAAAAABAAEAAAICTAEAOw==\" style=\"--smush-placeholder-width: 128px; --smush-placeholder-aspect-ratio: 128\/128;\" \/><noscript><img loading=\"lazy\" decoding=\"async\" width=\"128\" height=\"128\" data-src=\"https:\/\/esquerra.com.ar\/voleibol\/wp-content\/uploads\/2025\/11\/Alfebracrossvolley-Paraguay-128x128.png\" class=\"attachment-sportspress-fit-icon size-sportspress-fit-icon wp-post-image lazyload\" alt=\"\" src=\"data:image\/gif;base64,R0lGODlhAQABAAAAACH5BAEKAAEALAAAAAABAAEAAAICTAEAOw==\" style=\"--smush-placeholder-width: 128px; --smush-placeholder-aspect-ratio: 128\/128;\" \/><noscript><img loading=\"lazy\" decoding=\"async\" width=\"128\" height=\"128\" src=\"https:\/\/esquerra.com.ar\/voleibol\/wp-content\/uploads\/2025\/11\/Alfebracrossvolley-Paraguay-128x128.png\" class=\"attachment-sportspress-fit-icon size-sportspress-fit-icon wp-post-image\" alt=\"\" \/><\/noscript><\/noscript><\/noscript><\/noscript><\/noscript><\/noscript><\/span> <span class=\"team-logo logo-even\" title=\"Nuestra Se\u00f1ora del Huerto (Quillota, Chile)\"><img loading=\"lazy\" decoding=\"async\" width=\"128\" height=\"128\" data-src=\"https:\/\/esquerra.com.ar\/voleibol\/wp-content\/uploads\/2025\/11\/Nuestra-Senora-del-Huerto-Quillota-Chile-scaled.png\" class=\"attachment-sportspress-fit-icon size-sportspress-fit-icon wp-post-image lazyload\" alt=\"\" src=\"data:image\/gif;base64,R0lGODlhAQABAAAAACH5BAEKAAEALAAAAAABAAEAAAICTAEAOw==\" style=\"--smush-placeholder-width: 128px; --smush-placeholder-aspect-ratio: 128\/128;\" \/><noscript><img loading=\"lazy\" decoding=\"async\" width=\"128\" height=\"128\" data-src=\"https:\/\/esquerra.com.ar\/voleibol\/wp-content\/uploads\/2025\/11\/Nuestra-Senora-del-Huerto-Quillota-Chile-scaled.png\" class=\"attachment-sportspress-fit-icon size-sportspress-fit-icon wp-post-image lazyload\" alt=\"\" src=\"data:image\/gif;base64,R0lGODlhAQABAAAAACH5BAEKAAEALAAAAAABAAEAAAICTAEAOw==\" style=\"--smush-placeholder-width: 128px; --smush-placeholder-aspect-ratio: 128\/128;\" \/><noscript><img loading=\"lazy\" decoding=\"async\" width=\"128\" height=\"128\" data-src=\"https:\/\/esquerra.com.ar\/voleibol\/wp-content\/uploads\/2025\/11\/Nuestra-Senora-del-Huerto-Quillota-Chile-scaled.png\" class=\"attachment-sportspress-fit-icon size-sportspress-fit-icon wp-post-image lazyload\" alt=\"\" src=\"data:image\/gif;base64,R0lGODlhAQABAAAAACH5BAEKAAEALAAAAAABAAEAAAICTAEAOw==\" style=\"--smush-placeholder-width: 128px; --smush-placeholder-aspect-ratio: 128\/128;\" \/><noscript><img loading=\"lazy\" decoding=\"async\" width=\"128\" height=\"128\" data-src=\"https:\/\/esquerra.com.ar\/voleibol\/wp-content\/uploads\/2025\/11\/Nuestra-Senora-del-Huerto-Quillota-Chile-scaled.png\" class=\"attachment-sportspress-fit-icon size-sportspress-fit-icon wp-post-image lazyload\" alt=\"\" src=\"data:image\/gif;base64,R0lGODlhAQABAAAAACH5BAEKAAEALAAAAAABAAEAAAICTAEAOw==\" style=\"--smush-placeholder-width: 128px; --smush-placeholder-aspect-ratio: 128\/128;\" \/><noscript><img loading=\"lazy\" decoding=\"async\" width=\"128\" height=\"128\" data-src=\"https:\/\/esquerra.com.ar\/voleibol\/wp-content\/uploads\/2025\/11\/Nuestra-Senora-del-Huerto-Quillota-Chile-scaled.png\" class=\"attachment-sportspress-fit-icon size-sportspress-fit-icon wp-post-image lazyload\" alt=\"\" src=\"data:image\/gif;base64,R0lGODlhAQABAAAAACH5BAEKAAEALAAAAAABAAEAAAICTAEAOw==\" style=\"--smush-placeholder-width: 128px; --smush-placeholder-aspect-ratio: 128\/128;\" \/><noscript><img loading=\"lazy\" decoding=\"async\" width=\"128\" height=\"128\" data-src=\"https:\/\/esquerra.com.ar\/voleibol\/wp-content\/uploads\/2025\/11\/Nuestra-Senora-del-Huerto-Quillota-Chile-scaled.png\" class=\"attachment-sportspress-fit-icon size-sportspress-fit-icon wp-post-image lazyload\" alt=\"\" src=\"data:image\/gif;base64,R0lGODlhAQABAAAAACH5BAEKAAEALAAAAAABAAEAAAICTAEAOw==\" style=\"--smush-placeholder-width: 128px; --smush-placeholder-aspect-ratio: 128\/128;\" \/><noscript><img loading=\"lazy\" decoding=\"async\" width=\"128\" height=\"128\" src=\"https:\/\/esquerra.com.ar\/voleibol\/wp-content\/uploads\/2025\/11\/Nuestra-Senora-del-Huerto-Quillota-Chile-scaled.png\" class=\"attachment-sportspress-fit-icon size-sportspress-fit-icon wp-post-image\" alt=\"\" \/><\/noscript><\/noscript><\/noscript><\/noscript><\/noscript><\/noscript><\/span>\t\t\t\t\t\t\t<time class=\"sp-event-date\" datetime=\"2025-11-29 16:30:31\" itemprop=\"startDate\" content=\"2025-11-29T16:30:31-03:00\">\n\t\t\t\t\t\t\t\t<a href=\"https:\/\/esquerra.com.ar\/voleibol\/event\/alfebracross-asuncion-paraguay-vs-nuestra-senora-del-huerto-quillota-chile\/\">29\/11\/2025<\/a>\t\t\t\t\t\t\t<\/time>\n\t\t\t\t\t\t\t\t\t\t\t\t\t\t<h5 class=\"sp-event-results\">\n\t\t\t\t\t\t\t\t<a href=\"https:\/\/esquerra.com.ar\/voleibol\/event\/alfebracross-asuncion-paraguay-vs-nuestra-senora-del-huerto-quillota-chile\/\"><span class=\"sp-result ok\">2<\/span> - <span class=\"sp-result\">0<\/span><\/a>\t\t\t\t\t\t\t<\/h5>\n\t\t\t\t\t\t\t\t\t\t\t\t\t\t\t\t\t\t\t\t\t\t<div class=\"sp-event-season\">U16F \u2013 Noviembre 2025 \u2013 ZONA B<\/div>\n\t\t\t\t\t\t\t\t\t\t\t\t\t\t\t\t\t\t\t\t\t\t\t\t\t\t\t\t\t\t<div class=\"sp-event-venue\" itemprop=\"location\" itemscope itemtype=\"http:\/\/schema.org\/Place\"><div itemprop=\"address\" itemscope itemtype=\"http:\/\/schema.org\/PostalAddress\">Rieles - Cancha 1<\/div><\/div>\n\t\t\t\t\t\t\t\t\t\t\t\t\t\t\t\t\t\t\t\t\t\t\t\t\t\t\t\t\t\t<div style=\"display:none;\" class=\"sp-event-venue\" itemprop=\"location\" itemscope itemtype=\"http:\/\/schema.org\/Place\"><div itemprop=\"address\" itemscope itemtype=\"http:\/\/schema.org\/PostalAddress\">N\/D<\/div><\/div>\n\t\t\t\t\t\t\t\t\t\t\t\t\t\t<h4 class=\"sp-event-title\" itemprop=\"name\">\n\t\t\t\t\t\t\t\t<a href=\"https:\/\/esquerra.com.ar\/voleibol\/event\/alfebracross-asuncion-paraguay-vs-nuestra-senora-del-huerto-quillota-chile\/\">Alfebracross (Asunci\u00f3n, Paraguay) vs Nuestra Se\u00f1ora del Huerto (Quillota, Chile)<\/a>\t\t\t\t\t\t\t<\/h4>\n\t\t\t\t\t\t\t\n\t\t\t\t\t\t<\/td>\n\t\t\t\t\t<\/tr>\n\t\t\t\t\t\t\t\t\t\t<tr class=\"sp-row sp-post\" itemscope itemtype=\"http:\/\/schema.org\/SportsEvent\">\n\t\t\t\t\t\t<td>\n\t\t\t\t\t\t\t\t\t\t\t\t\t\t<span class=\"team-logo logo-odd\" title=\"British Royal School (Santiago, Chile)\"><img loading=\"lazy\" decoding=\"async\" width=\"128\" height=\"128\" data-src=\"https:\/\/esquerra.com.ar\/voleibol\/wp-content\/uploads\/2025\/11\/Royal-British-School-Santiago-Chile-128x128.png\" class=\"attachment-sportspress-fit-icon size-sportspress-fit-icon wp-post-image lazyload\" alt=\"\" src=\"data:image\/gif;base64,R0lGODlhAQABAAAAACH5BAEKAAEALAAAAAABAAEAAAICTAEAOw==\" style=\"--smush-placeholder-width: 128px; --smush-placeholder-aspect-ratio: 128\/128;\" \/><noscript><img loading=\"lazy\" decoding=\"async\" width=\"128\" height=\"128\" data-src=\"https:\/\/esquerra.com.ar\/voleibol\/wp-content\/uploads\/2025\/11\/Royal-British-School-Santiago-Chile-128x128.png\" class=\"attachment-sportspress-fit-icon size-sportspress-fit-icon wp-post-image lazyload\" alt=\"\" src=\"data:image\/gif;base64,R0lGODlhAQABAAAAACH5BAEKAAEALAAAAAABAAEAAAICTAEAOw==\" style=\"--smush-placeholder-width: 128px; --smush-placeholder-aspect-ratio: 128\/128;\" \/><noscript><img loading=\"lazy\" decoding=\"async\" width=\"128\" height=\"128\" data-src=\"https:\/\/esquerra.com.ar\/voleibol\/wp-content\/uploads\/2025\/11\/Royal-British-School-Santiago-Chile-128x128.png\" class=\"attachment-sportspress-fit-icon size-sportspress-fit-icon wp-post-image lazyload\" alt=\"\" src=\"data:image\/gif;base64,R0lGODlhAQABAAAAACH5BAEKAAEALAAAAAABAAEAAAICTAEAOw==\" style=\"--smush-placeholder-width: 128px; --smush-placeholder-aspect-ratio: 128\/128;\" \/><noscript><img loading=\"lazy\" decoding=\"async\" width=\"128\" height=\"128\" data-src=\"https:\/\/esquerra.com.ar\/voleibol\/wp-content\/uploads\/2025\/11\/Royal-British-School-Santiago-Chile-128x128.png\" class=\"attachment-sportspress-fit-icon size-sportspress-fit-icon wp-post-image lazyload\" alt=\"\" src=\"data:image\/gif;base64,R0lGODlhAQABAAAAACH5BAEKAAEALAAAAAABAAEAAAICTAEAOw==\" style=\"--smush-placeholder-width: 128px; --smush-placeholder-aspect-ratio: 128\/128;\" \/><noscript><img loading=\"lazy\" decoding=\"async\" width=\"128\" height=\"128\" data-src=\"https:\/\/esquerra.com.ar\/voleibol\/wp-content\/uploads\/2025\/11\/Royal-British-School-Santiago-Chile-128x128.png\" class=\"attachment-sportspress-fit-icon size-sportspress-fit-icon wp-post-image lazyload\" alt=\"\" src=\"data:image\/gif;base64,R0lGODlhAQABAAAAACH5BAEKAAEALAAAAAABAAEAAAICTAEAOw==\" style=\"--smush-placeholder-width: 128px; --smush-placeholder-aspect-ratio: 128\/128;\" \/><noscript><img loading=\"lazy\" decoding=\"async\" width=\"128\" height=\"128\" data-src=\"https:\/\/esquerra.com.ar\/voleibol\/wp-content\/uploads\/2025\/11\/Royal-British-School-Santiago-Chile-128x128.png\" class=\"attachment-sportspress-fit-icon size-sportspress-fit-icon wp-post-image lazyload\" alt=\"\" src=\"data:image\/gif;base64,R0lGODlhAQABAAAAACH5BAEKAAEALAAAAAABAAEAAAICTAEAOw==\" style=\"--smush-placeholder-width: 128px; --smush-placeholder-aspect-ratio: 128\/128;\" \/><noscript><img loading=\"lazy\" decoding=\"async\" width=\"128\" height=\"128\" src=\"https:\/\/esquerra.com.ar\/voleibol\/wp-content\/uploads\/2025\/11\/Royal-British-School-Santiago-Chile-128x128.png\" class=\"attachment-sportspress-fit-icon size-sportspress-fit-icon wp-post-image\" alt=\"\" \/><\/noscript><\/noscript><\/noscript><\/noscript><\/noscript><\/noscript><\/span> <span class=\"team-logo logo-even\" title=\"Racing (C\u00f3rdoba, Argentina)\"><img loading=\"lazy\" decoding=\"async\" width=\"128\" height=\"128\" data-src=\"https:\/\/esquerra.com.ar\/voleibol\/wp-content\/uploads\/2024\/10\/Racing-Cordoba-Argentina-128x128.png\" class=\"attachment-sportspress-fit-icon size-sportspress-fit-icon wp-post-image lazyload\" alt=\"\" src=\"data:image\/gif;base64,R0lGODlhAQABAAAAACH5BAEKAAEALAAAAAABAAEAAAICTAEAOw==\" style=\"--smush-placeholder-width: 128px; --smush-placeholder-aspect-ratio: 128\/128;\" \/><noscript><img loading=\"lazy\" decoding=\"async\" width=\"128\" height=\"128\" data-src=\"https:\/\/esquerra.com.ar\/voleibol\/wp-content\/uploads\/2024\/10\/Racing-Cordoba-Argentina-128x128.png\" class=\"attachment-sportspress-fit-icon size-sportspress-fit-icon wp-post-image lazyload\" alt=\"\" src=\"data:image\/gif;base64,R0lGODlhAQABAAAAACH5BAEKAAEALAAAAAABAAEAAAICTAEAOw==\" style=\"--smush-placeholder-width: 128px; --smush-placeholder-aspect-ratio: 128\/128;\" \/><noscript><img loading=\"lazy\" decoding=\"async\" width=\"128\" height=\"128\" data-src=\"https:\/\/esquerra.com.ar\/voleibol\/wp-content\/uploads\/2024\/10\/Racing-Cordoba-Argentina-128x128.png\" class=\"attachment-sportspress-fit-icon size-sportspress-fit-icon wp-post-image lazyload\" alt=\"\" src=\"data:image\/gif;base64,R0lGODlhAQABAAAAACH5BAEKAAEALAAAAAABAAEAAAICTAEAOw==\" style=\"--smush-placeholder-width: 128px; --smush-placeholder-aspect-ratio: 128\/128;\" \/><noscript><img loading=\"lazy\" decoding=\"async\" width=\"128\" height=\"128\" data-src=\"https:\/\/esquerra.com.ar\/voleibol\/wp-content\/uploads\/2024\/10\/Racing-Cordoba-Argentina-128x128.png\" class=\"attachment-sportspress-fit-icon size-sportspress-fit-icon wp-post-image lazyload\" alt=\"\" src=\"data:image\/gif;base64,R0lGODlhAQABAAAAACH5BAEKAAEALAAAAAABAAEAAAICTAEAOw==\" style=\"--smush-placeholder-width: 128px; --smush-placeholder-aspect-ratio: 128\/128;\" \/><noscript><img loading=\"lazy\" decoding=\"async\" width=\"128\" height=\"128\" data-src=\"https:\/\/esquerra.com.ar\/voleibol\/wp-content\/uploads\/2024\/10\/Racing-Cordoba-Argentina-128x128.png\" class=\"attachment-sportspress-fit-icon size-sportspress-fit-icon wp-post-image lazyload\" alt=\"\" src=\"data:image\/gif;base64,R0lGODlhAQABAAAAACH5BAEKAAEALAAAAAABAAEAAAICTAEAOw==\" style=\"--smush-placeholder-width: 128px; --smush-placeholder-aspect-ratio: 128\/128;\" \/><noscript><img loading=\"lazy\" decoding=\"async\" width=\"128\" height=\"128\" data-src=\"https:\/\/esquerra.com.ar\/voleibol\/wp-content\/uploads\/2024\/10\/Racing-Cordoba-Argentina-128x128.png\" class=\"attachment-sportspress-fit-icon size-sportspress-fit-icon wp-post-image lazyload\" alt=\"\" src=\"data:image\/gif;base64,R0lGODlhAQABAAAAACH5BAEKAAEALAAAAAABAAEAAAICTAEAOw==\" style=\"--smush-placeholder-width: 128px; --smush-placeholder-aspect-ratio: 128\/128;\" \/><noscript><img loading=\"lazy\" decoding=\"async\" width=\"128\" height=\"128\" src=\"https:\/\/esquerra.com.ar\/voleibol\/wp-content\/uploads\/2024\/10\/Racing-Cordoba-Argentina-128x128.png\" class=\"attachment-sportspress-fit-icon size-sportspress-fit-icon wp-post-image\" alt=\"\" \/><\/noscript><\/noscript><\/noscript><\/noscript><\/noscript><\/noscript><\/span>\t\t\t\t\t\t\t<time class=\"sp-event-date\" datetime=\"2025-11-29 17:30:38\" itemprop=\"startDate\" content=\"2025-11-29T17:30:38-03:00\">\n\t\t\t\t\t\t\t\t<a href=\"https:\/\/esquerra.com.ar\/voleibol\/event\/royal-british-school-santiago-chile-vs-pcp-carlos-paz-argentina\/\">29\/11\/2025<\/a>\t\t\t\t\t\t\t<\/time>\n\t\t\t\t\t\t\t\t\t\t\t\t\t\t<h5 class=\"sp-event-results\">\n\t\t\t\t\t\t\t\t<a href=\"https:\/\/esquerra.com.ar\/voleibol\/event\/royal-british-school-santiago-chile-vs-pcp-carlos-paz-argentina\/\"><span class=\"sp-result ok\">2<\/span> - <span class=\"sp-result\">0<\/span><\/a>\t\t\t\t\t\t\t<\/h5>\n\t\t\t\t\t\t\t\t\t\t\t\t\t\t\t\t\t\t\t\t\t\t<div class=\"sp-event-season\">U16F \u2013 Noviembre 2025 \u2013 ZONA C<\/div>\n\t\t\t\t\t\t\t\t\t\t\t\t\t\t\t\t\t\t\t\t\t\t\t\t\t\t\t\t\t\t<div class=\"sp-event-venue\" itemprop=\"location\" itemscope itemtype=\"http:\/\/schema.org\/Place\"><div itemprop=\"address\" itemscope itemtype=\"http:\/\/schema.org\/PostalAddress\">Hind\u00fa - Cancha 1<\/div><\/div>\n\t\t\t\t\t\t\t\t\t\t\t\t\t\t\t\t\t\t\t\t\t\t\t\t\t\t\t\t\t\t<div style=\"display:none;\" class=\"sp-event-venue\" itemprop=\"location\" itemscope itemtype=\"http:\/\/schema.org\/Place\"><div itemprop=\"address\" itemscope itemtype=\"http:\/\/schema.org\/PostalAddress\">N\/D<\/div><\/div>\n\t\t\t\t\t\t\t\t\t\t\t\t\t\t<h4 class=\"sp-event-title\" itemprop=\"name\">\n\t\t\t\t\t\t\t\t<a href=\"https:\/\/esquerra.com.ar\/voleibol\/event\/royal-british-school-santiago-chile-vs-pcp-carlos-paz-argentina\/\">British Royal School (Santiago, Chile) vs Racing (C\u00f3rdoba, Argentina)<\/a>\t\t\t\t\t\t\t<\/h4>\n\t\t\t\t\t\t\t\n\t\t\t\t\t\t<\/td>\n\t\t\t\t\t<\/tr>\n\t\t\t\t\t\t\t\t\t\t<tr class=\"sp-row sp-post alternate\" itemscope itemtype=\"http:\/\/schema.org\/SportsEvent\">\n\t\t\t\t\t\t<td>\n\t\t\t\t\t\t\t\t\t\t\t\t\t\t<span class=\"team-logo logo-odd\" title=\"Parque Central (Neuqu\u00e9n, Argentina)\"><img loading=\"lazy\" decoding=\"async\" width=\"128\" height=\"128\" data-src=\"https:\/\/esquerra.com.ar\/voleibol\/wp-content\/uploads\/2025\/11\/Parque-Central-Neuquen-Argentina-128x128.png\" class=\"attachment-sportspress-fit-icon size-sportspress-fit-icon wp-post-image lazyload\" alt=\"\" src=\"data:image\/gif;base64,R0lGODlhAQABAAAAACH5BAEKAAEALAAAAAABAAEAAAICTAEAOw==\" style=\"--smush-placeholder-width: 128px; --smush-placeholder-aspect-ratio: 128\/128;\" \/><noscript><img loading=\"lazy\" decoding=\"async\" width=\"128\" height=\"128\" data-src=\"https:\/\/esquerra.com.ar\/voleibol\/wp-content\/uploads\/2025\/11\/Parque-Central-Neuquen-Argentina-128x128.png\" class=\"attachment-sportspress-fit-icon size-sportspress-fit-icon wp-post-image lazyload\" alt=\"\" src=\"data:image\/gif;base64,R0lGODlhAQABAAAAACH5BAEKAAEALAAAAAABAAEAAAICTAEAOw==\" style=\"--smush-placeholder-width: 128px; --smush-placeholder-aspect-ratio: 128\/128;\" \/><noscript><img loading=\"lazy\" decoding=\"async\" width=\"128\" height=\"128\" data-src=\"https:\/\/esquerra.com.ar\/voleibol\/wp-content\/uploads\/2025\/11\/Parque-Central-Neuquen-Argentina-128x128.png\" class=\"attachment-sportspress-fit-icon size-sportspress-fit-icon wp-post-image lazyload\" alt=\"\" src=\"data:image\/gif;base64,R0lGODlhAQABAAAAACH5BAEKAAEALAAAAAABAAEAAAICTAEAOw==\" style=\"--smush-placeholder-width: 128px; --smush-placeholder-aspect-ratio: 128\/128;\" \/><noscript><img loading=\"lazy\" decoding=\"async\" width=\"128\" height=\"128\" data-src=\"https:\/\/esquerra.com.ar\/voleibol\/wp-content\/uploads\/2025\/11\/Parque-Central-Neuquen-Argentina-128x128.png\" class=\"attachment-sportspress-fit-icon size-sportspress-fit-icon wp-post-image lazyload\" alt=\"\" src=\"data:image\/gif;base64,R0lGODlhAQABAAAAACH5BAEKAAEALAAAAAABAAEAAAICTAEAOw==\" style=\"--smush-placeholder-width: 128px; --smush-placeholder-aspect-ratio: 128\/128;\" \/><noscript><img loading=\"lazy\" decoding=\"async\" width=\"128\" height=\"128\" data-src=\"https:\/\/esquerra.com.ar\/voleibol\/wp-content\/uploads\/2025\/11\/Parque-Central-Neuquen-Argentina-128x128.png\" class=\"attachment-sportspress-fit-icon size-sportspress-fit-icon wp-post-image lazyload\" alt=\"\" src=\"data:image\/gif;base64,R0lGODlhAQABAAAAACH5BAEKAAEALAAAAAABAAEAAAICTAEAOw==\" style=\"--smush-placeholder-width: 128px; --smush-placeholder-aspect-ratio: 128\/128;\" \/><noscript><img loading=\"lazy\" decoding=\"async\" width=\"128\" height=\"128\" data-src=\"https:\/\/esquerra.com.ar\/voleibol\/wp-content\/uploads\/2025\/11\/Parque-Central-Neuquen-Argentina-128x128.png\" class=\"attachment-sportspress-fit-icon size-sportspress-fit-icon wp-post-image lazyload\" alt=\"\" src=\"data:image\/gif;base64,R0lGODlhAQABAAAAACH5BAEKAAEALAAAAAABAAEAAAICTAEAOw==\" style=\"--smush-placeholder-width: 128px; --smush-placeholder-aspect-ratio: 128\/128;\" \/><noscript><img loading=\"lazy\" decoding=\"async\" width=\"128\" height=\"128\" src=\"https:\/\/esquerra.com.ar\/voleibol\/wp-content\/uploads\/2025\/11\/Parque-Central-Neuquen-Argentina-128x128.png\" class=\"attachment-sportspress-fit-icon size-sportspress-fit-icon wp-post-image\" alt=\"\" \/><\/noscript><\/noscript><\/noscript><\/noscript><\/noscript><\/noscript><\/span> <span class=\"team-logo logo-even\" title=\"Juniors (C\u00f3rdoba, Argentina)\"><img loading=\"lazy\" decoding=\"async\" width=\"128\" height=\"128\" data-src=\"https:\/\/esquerra.com.ar\/voleibol\/wp-content\/uploads\/2025\/11\/Juniors-Cordoba-Argentina-128x128.png\" class=\"attachment-sportspress-fit-icon size-sportspress-fit-icon wp-post-image lazyload\" alt=\"\" src=\"data:image\/gif;base64,R0lGODlhAQABAAAAACH5BAEKAAEALAAAAAABAAEAAAICTAEAOw==\" style=\"--smush-placeholder-width: 128px; --smush-placeholder-aspect-ratio: 128\/128;\" \/><noscript><img loading=\"lazy\" decoding=\"async\" width=\"128\" height=\"128\" data-src=\"https:\/\/esquerra.com.ar\/voleibol\/wp-content\/uploads\/2025\/11\/Juniors-Cordoba-Argentina-128x128.png\" class=\"attachment-sportspress-fit-icon size-sportspress-fit-icon wp-post-image lazyload\" alt=\"\" src=\"data:image\/gif;base64,R0lGODlhAQABAAAAACH5BAEKAAEALAAAAAABAAEAAAICTAEAOw==\" style=\"--smush-placeholder-width: 128px; --smush-placeholder-aspect-ratio: 128\/128;\" \/><noscript><img loading=\"lazy\" decoding=\"async\" width=\"128\" height=\"128\" data-src=\"https:\/\/esquerra.com.ar\/voleibol\/wp-content\/uploads\/2025\/11\/Juniors-Cordoba-Argentina-128x128.png\" class=\"attachment-sportspress-fit-icon size-sportspress-fit-icon wp-post-image lazyload\" alt=\"\" src=\"data:image\/gif;base64,R0lGODlhAQABAAAAACH5BAEKAAEALAAAAAABAAEAAAICTAEAOw==\" style=\"--smush-placeholder-width: 128px; --smush-placeholder-aspect-ratio: 128\/128;\" \/><noscript><img loading=\"lazy\" decoding=\"async\" width=\"128\" height=\"128\" data-src=\"https:\/\/esquerra.com.ar\/voleibol\/wp-content\/uploads\/2025\/11\/Juniors-Cordoba-Argentina-128x128.png\" class=\"attachment-sportspress-fit-icon size-sportspress-fit-icon wp-post-image lazyload\" alt=\"\" src=\"data:image\/gif;base64,R0lGODlhAQABAAAAACH5BAEKAAEALAAAAAABAAEAAAICTAEAOw==\" style=\"--smush-placeholder-width: 128px; --smush-placeholder-aspect-ratio: 128\/128;\" \/><noscript><img loading=\"lazy\" decoding=\"async\" width=\"128\" height=\"128\" data-src=\"https:\/\/esquerra.com.ar\/voleibol\/wp-content\/uploads\/2025\/11\/Juniors-Cordoba-Argentina-128x128.png\" class=\"attachment-sportspress-fit-icon size-sportspress-fit-icon wp-post-image lazyload\" alt=\"\" src=\"data:image\/gif;base64,R0lGODlhAQABAAAAACH5BAEKAAEALAAAAAABAAEAAAICTAEAOw==\" style=\"--smush-placeholder-width: 128px; --smush-placeholder-aspect-ratio: 128\/128;\" \/><noscript><img loading=\"lazy\" decoding=\"async\" width=\"128\" height=\"128\" data-src=\"https:\/\/esquerra.com.ar\/voleibol\/wp-content\/uploads\/2025\/11\/Juniors-Cordoba-Argentina-128x128.png\" class=\"attachment-sportspress-fit-icon size-sportspress-fit-icon wp-post-image lazyload\" alt=\"\" src=\"data:image\/gif;base64,R0lGODlhAQABAAAAACH5BAEKAAEALAAAAAABAAEAAAICTAEAOw==\" style=\"--smush-placeholder-width: 128px; --smush-placeholder-aspect-ratio: 128\/128;\" \/><noscript><img loading=\"lazy\" decoding=\"async\" width=\"128\" height=\"128\" src=\"https:\/\/esquerra.com.ar\/voleibol\/wp-content\/uploads\/2025\/11\/Juniors-Cordoba-Argentina-128x128.png\" class=\"attachment-sportspress-fit-icon size-sportspress-fit-icon wp-post-image\" alt=\"\" \/><\/noscript><\/noscript><\/noscript><\/noscript><\/noscript><\/noscript><\/span>\t\t\t\t\t\t\t<time class=\"sp-event-date\" datetime=\"2025-11-29 17:30:59\" itemprop=\"startDate\" content=\"2025-11-29T17:30:59-03:00\">\n\t\t\t\t\t\t\t\t<a href=\"https:\/\/esquerra.com.ar\/voleibol\/event\/parque-central-neuquen-argentina-vs-juniors-cordoba-argentina-2\/\">29\/11\/2025<\/a>\t\t\t\t\t\t\t<\/time>\n\t\t\t\t\t\t\t\t\t\t\t\t\t\t<h5 class=\"sp-event-results\">\n\t\t\t\t\t\t\t\t<a href=\"https:\/\/esquerra.com.ar\/voleibol\/event\/parque-central-neuquen-argentina-vs-juniors-cordoba-argentina-2\/\"><span class=\"sp-result ok\">0<\/span> - <span class=\"sp-result\">2<\/span><\/a>\t\t\t\t\t\t\t<\/h5>\n\t\t\t\t\t\t\t\t\t\t\t\t\t\t\t\t\t\t\t\t\t\t<div class=\"sp-event-season\">U16F \u2013 Noviembre 2025 \u2013 ZONA B<\/div>\n\t\t\t\t\t\t\t\t\t\t\t\t\t\t\t\t\t\t\t\t\t\t\t\t\t\t\t\t\t\t<div class=\"sp-event-venue\" itemprop=\"location\" itemscope itemtype=\"http:\/\/schema.org\/Place\"><div itemprop=\"address\" itemscope itemtype=\"http:\/\/schema.org\/PostalAddress\">Club Juniors<\/div><\/div>\n\t\t\t\t\t\t\t\t\t\t\t\t\t\t\t\t\t\t\t\t\t\t\t\t\t\t\t\t\t\t<div style=\"display:none;\" class=\"sp-event-venue\" itemprop=\"location\" itemscope itemtype=\"http:\/\/schema.org\/Place\"><div itemprop=\"address\" itemscope itemtype=\"http:\/\/schema.org\/PostalAddress\">N\/D<\/div><\/div>\n\t\t\t\t\t\t\t\t\t\t\t\t\t\t<h4 class=\"sp-event-title\" itemprop=\"name\">\n\t\t\t\t\t\t\t\t<a href=\"https:\/\/esquerra.com.ar\/voleibol\/event\/parque-central-neuquen-argentina-vs-juniors-cordoba-argentina-2\/\">Parque Central (Neuqu\u00e9n, Argentina) vs Juniors (C\u00f3rdoba, Argentina)<\/a>\t\t\t\t\t\t\t<\/h4>\n\t\t\t\t\t\t\t\n\t\t\t\t\t\t<\/td>\n\t\t\t\t\t<\/tr>\n\t\t\t\t\t\t\t\t\t\t<tr class=\"sp-row sp-post\" itemscope itemtype=\"http:\/\/schema.org\/SportsEvent\">\n\t\t\t\t\t\t<td>\n\t\t\t\t\t\t\t\t\t\t\t\t\t\t<span class=\"team-logo logo-odd\" title=\"Defensores (Villa Dolores, Argentina)\"><img loading=\"lazy\" decoding=\"async\" width=\"128\" height=\"128\" data-src=\"https:\/\/esquerra.com.ar\/voleibol\/wp-content\/uploads\/2025\/11\/Defensores-Villa-Dolores-Argentina-128x128.png\" class=\"attachment-sportspress-fit-icon size-sportspress-fit-icon wp-post-image lazyload\" alt=\"\" src=\"data:image\/gif;base64,R0lGODlhAQABAAAAACH5BAEKAAEALAAAAAABAAEAAAICTAEAOw==\" style=\"--smush-placeholder-width: 128px; --smush-placeholder-aspect-ratio: 128\/128;\" \/><noscript><img loading=\"lazy\" decoding=\"async\" width=\"128\" height=\"128\" data-src=\"https:\/\/esquerra.com.ar\/voleibol\/wp-content\/uploads\/2025\/11\/Defensores-Villa-Dolores-Argentina-128x128.png\" class=\"attachment-sportspress-fit-icon size-sportspress-fit-icon wp-post-image lazyload\" alt=\"\" src=\"data:image\/gif;base64,R0lGODlhAQABAAAAACH5BAEKAAEALAAAAAABAAEAAAICTAEAOw==\" style=\"--smush-placeholder-width: 128px; --smush-placeholder-aspect-ratio: 128\/128;\" \/><noscript><img loading=\"lazy\" decoding=\"async\" width=\"128\" height=\"128\" data-src=\"https:\/\/esquerra.com.ar\/voleibol\/wp-content\/uploads\/2025\/11\/Defensores-Villa-Dolores-Argentina-128x128.png\" class=\"attachment-sportspress-fit-icon size-sportspress-fit-icon wp-post-image lazyload\" alt=\"\" src=\"data:image\/gif;base64,R0lGODlhAQABAAAAACH5BAEKAAEALAAAAAABAAEAAAICTAEAOw==\" style=\"--smush-placeholder-width: 128px; --smush-placeholder-aspect-ratio: 128\/128;\" \/><noscript><img loading=\"lazy\" decoding=\"async\" width=\"128\" height=\"128\" data-src=\"https:\/\/esquerra.com.ar\/voleibol\/wp-content\/uploads\/2025\/11\/Defensores-Villa-Dolores-Argentina-128x128.png\" class=\"attachment-sportspress-fit-icon size-sportspress-fit-icon wp-post-image lazyload\" alt=\"\" src=\"data:image\/gif;base64,R0lGODlhAQABAAAAACH5BAEKAAEALAAAAAABAAEAAAICTAEAOw==\" style=\"--smush-placeholder-width: 128px; --smush-placeholder-aspect-ratio: 128\/128;\" \/><noscript><img loading=\"lazy\" decoding=\"async\" width=\"128\" height=\"128\" data-src=\"https:\/\/esquerra.com.ar\/voleibol\/wp-content\/uploads\/2025\/11\/Defensores-Villa-Dolores-Argentina-128x128.png\" class=\"attachment-sportspress-fit-icon size-sportspress-fit-icon wp-post-image lazyload\" alt=\"\" src=\"data:image\/gif;base64,R0lGODlhAQABAAAAACH5BAEKAAEALAAAAAABAAEAAAICTAEAOw==\" style=\"--smush-placeholder-width: 128px; --smush-placeholder-aspect-ratio: 128\/128;\" \/><noscript><img loading=\"lazy\" decoding=\"async\" width=\"128\" height=\"128\" data-src=\"https:\/\/esquerra.com.ar\/voleibol\/wp-content\/uploads\/2025\/11\/Defensores-Villa-Dolores-Argentina-128x128.png\" class=\"attachment-sportspress-fit-icon size-sportspress-fit-icon wp-post-image lazyload\" alt=\"\" src=\"data:image\/gif;base64,R0lGODlhAQABAAAAACH5BAEKAAEALAAAAAABAAEAAAICTAEAOw==\" style=\"--smush-placeholder-width: 128px; --smush-placeholder-aspect-ratio: 128\/128;\" \/><noscript><img loading=\"lazy\" decoding=\"async\" width=\"128\" height=\"128\" src=\"https:\/\/esquerra.com.ar\/voleibol\/wp-content\/uploads\/2025\/11\/Defensores-Villa-Dolores-Argentina-128x128.png\" class=\"attachment-sportspress-fit-icon size-sportspress-fit-icon wp-post-image\" alt=\"\" \/><\/noscript><\/noscript><\/noscript><\/noscript><\/noscript><\/noscript><\/span> <span class=\"team-logo logo-even\" title=\"Murano (Santiago, Chile)\"><img loading=\"lazy\" decoding=\"async\" width=\"128\" height=\"128\" data-src=\"https:\/\/esquerra.com.ar\/voleibol\/wp-content\/uploads\/2025\/11\/Murano-Santiago-Chile-128x128.png\" class=\"attachment-sportspress-fit-icon size-sportspress-fit-icon wp-post-image lazyload\" alt=\"\" src=\"data:image\/gif;base64,R0lGODlhAQABAAAAACH5BAEKAAEALAAAAAABAAEAAAICTAEAOw==\" style=\"--smush-placeholder-width: 128px; --smush-placeholder-aspect-ratio: 128\/128;\" \/><noscript><img loading=\"lazy\" decoding=\"async\" width=\"128\" height=\"128\" data-src=\"https:\/\/esquerra.com.ar\/voleibol\/wp-content\/uploads\/2025\/11\/Murano-Santiago-Chile-128x128.png\" class=\"attachment-sportspress-fit-icon size-sportspress-fit-icon wp-post-image lazyload\" alt=\"\" src=\"data:image\/gif;base64,R0lGODlhAQABAAAAACH5BAEKAAEALAAAAAABAAEAAAICTAEAOw==\" style=\"--smush-placeholder-width: 128px; --smush-placeholder-aspect-ratio: 128\/128;\" \/><noscript><img loading=\"lazy\" decoding=\"async\" width=\"128\" height=\"128\" data-src=\"https:\/\/esquerra.com.ar\/voleibol\/wp-content\/uploads\/2025\/11\/Murano-Santiago-Chile-128x128.png\" class=\"attachment-sportspress-fit-icon size-sportspress-fit-icon wp-post-image lazyload\" alt=\"\" src=\"data:image\/gif;base64,R0lGODlhAQABAAAAACH5BAEKAAEALAAAAAABAAEAAAICTAEAOw==\" style=\"--smush-placeholder-width: 128px; --smush-placeholder-aspect-ratio: 128\/128;\" \/><noscript><img loading=\"lazy\" decoding=\"async\" width=\"128\" height=\"128\" data-src=\"https:\/\/esquerra.com.ar\/voleibol\/wp-content\/uploads\/2025\/11\/Murano-Santiago-Chile-128x128.png\" class=\"attachment-sportspress-fit-icon size-sportspress-fit-icon wp-post-image lazyload\" alt=\"\" src=\"data:image\/gif;base64,R0lGODlhAQABAAAAACH5BAEKAAEALAAAAAABAAEAAAICTAEAOw==\" style=\"--smush-placeholder-width: 128px; --smush-placeholder-aspect-ratio: 128\/128;\" \/><noscript><img loading=\"lazy\" decoding=\"async\" width=\"128\" height=\"128\" data-src=\"https:\/\/esquerra.com.ar\/voleibol\/wp-content\/uploads\/2025\/11\/Murano-Santiago-Chile-128x128.png\" class=\"attachment-sportspress-fit-icon size-sportspress-fit-icon wp-post-image lazyload\" alt=\"\" src=\"data:image\/gif;base64,R0lGODlhAQABAAAAACH5BAEKAAEALAAAAAABAAEAAAICTAEAOw==\" style=\"--smush-placeholder-width: 128px; --smush-placeholder-aspect-ratio: 128\/128;\" \/><noscript><img loading=\"lazy\" decoding=\"async\" width=\"128\" height=\"128\" data-src=\"https:\/\/esquerra.com.ar\/voleibol\/wp-content\/uploads\/2025\/11\/Murano-Santiago-Chile-128x128.png\" class=\"attachment-sportspress-fit-icon size-sportspress-fit-icon wp-post-image lazyload\" alt=\"\" src=\"data:image\/gif;base64,R0lGODlhAQABAAAAACH5BAEKAAEALAAAAAABAAEAAAICTAEAOw==\" style=\"--smush-placeholder-width: 128px; --smush-placeholder-aspect-ratio: 128\/128;\" \/><noscript><img loading=\"lazy\" decoding=\"async\" width=\"128\" height=\"128\" src=\"https:\/\/esquerra.com.ar\/voleibol\/wp-content\/uploads\/2025\/11\/Murano-Santiago-Chile-128x128.png\" class=\"attachment-sportspress-fit-icon size-sportspress-fit-icon wp-post-image\" alt=\"\" \/><\/noscript><\/noscript><\/noscript><\/noscript><\/noscript><\/noscript><\/span>\t\t\t\t\t\t\t<time class=\"sp-event-date\" datetime=\"2025-11-29 18:30:29\" itemprop=\"startDate\" content=\"2025-11-29T18:30:29-03:00\">\n\t\t\t\t\t\t\t\t<a href=\"https:\/\/esquerra.com.ar\/voleibol\/event\/defensores-villa-dolores-argentina-vs-murano-santiago-chile\/\">29\/11\/2025<\/a>\t\t\t\t\t\t\t<\/time>\n\t\t\t\t\t\t\t\t\t\t\t\t\t\t<h5 class=\"sp-event-results\">\n\t\t\t\t\t\t\t\t<a href=\"https:\/\/esquerra.com.ar\/voleibol\/event\/defensores-villa-dolores-argentina-vs-murano-santiago-chile\/\"><span class=\"sp-result ok\">0<\/span> - <span class=\"sp-result\">2<\/span><\/a>\t\t\t\t\t\t\t<\/h5>\n\t\t\t\t\t\t\t\t\t\t\t\t\t\t\t\t\t\t\t\t\t\t<div class=\"sp-event-season\">U16F \u2013 Noviembre 2025 \u2013 ZONA D<\/div>\n\t\t\t\t\t\t\t\t\t\t\t\t\t\t\t\t\t\t\t\t\t\t\t\t\t\t\t\t\t\t<div class=\"sp-event-venue\" itemprop=\"location\" itemscope itemtype=\"http:\/\/schema.org\/Place\"><div itemprop=\"address\" itemscope itemtype=\"http:\/\/schema.org\/PostalAddress\">SUE - Cancha 2<\/div><\/div>\n\t\t\t\t\t\t\t\t\t\t\t\t\t\t\t\t\t\t\t\t\t\t\t\t\t\t\t\t\t\t<div style=\"display:none;\" class=\"sp-event-venue\" itemprop=\"location\" itemscope itemtype=\"http:\/\/schema.org\/Place\"><div itemprop=\"address\" itemscope itemtype=\"http:\/\/schema.org\/PostalAddress\">N\/D<\/div><\/div>\n\t\t\t\t\t\t\t\t\t\t\t\t\t\t<h4 class=\"sp-event-title\" itemprop=\"name\">\n\t\t\t\t\t\t\t\t<a href=\"https:\/\/esquerra.com.ar\/voleibol\/event\/defensores-villa-dolores-argentina-vs-murano-santiago-chile\/\">Defensores (Villa Dolores, Argentina) vs Murano (Santiago, Chile)<\/a>\t\t\t\t\t\t\t<\/h4>\n\t\t\t\t\t\t\t\n\t\t\t\t\t\t<\/td>\n\t\t\t\t\t<\/tr>\n\t\t\t\t\t\t\t\t\t\t<tr class=\"sp-row sp-post alternate\" itemscope itemtype=\"http:\/\/schema.org\/SportsEvent\">\n\t\t\t\t\t\t<td>\n\t\t\t\t\t\t\t\t\t\t\t\t\t\t<span class=\"team-logo logo-odd\" title=\"Lihuen (Caleta Olivia, Argentina)\"><img loading=\"lazy\" decoding=\"async\" width=\"128\" height=\"128\" data-src=\"https:\/\/esquerra.com.ar\/voleibol\/wp-content\/uploads\/2024\/10\/Esc.-Municipal-Lihuen-Caleta-Olivia-Argentina-128x128.png\" class=\"attachment-sportspress-fit-icon size-sportspress-fit-icon wp-post-image lazyload\" alt=\"\" src=\"data:image\/gif;base64,R0lGODlhAQABAAAAACH5BAEKAAEALAAAAAABAAEAAAICTAEAOw==\" style=\"--smush-placeholder-width: 128px; --smush-placeholder-aspect-ratio: 128\/128;\" \/><noscript><img loading=\"lazy\" decoding=\"async\" width=\"128\" height=\"128\" data-src=\"https:\/\/esquerra.com.ar\/voleibol\/wp-content\/uploads\/2024\/10\/Esc.-Municipal-Lihuen-Caleta-Olivia-Argentina-128x128.png\" class=\"attachment-sportspress-fit-icon size-sportspress-fit-icon wp-post-image lazyload\" alt=\"\" src=\"data:image\/gif;base64,R0lGODlhAQABAAAAACH5BAEKAAEALAAAAAABAAEAAAICTAEAOw==\" style=\"--smush-placeholder-width: 128px; --smush-placeholder-aspect-ratio: 128\/128;\" \/><noscript><img loading=\"lazy\" decoding=\"async\" width=\"128\" height=\"128\" data-src=\"https:\/\/esquerra.com.ar\/voleibol\/wp-content\/uploads\/2024\/10\/Esc.-Municipal-Lihuen-Caleta-Olivia-Argentina-128x128.png\" class=\"attachment-sportspress-fit-icon size-sportspress-fit-icon wp-post-image lazyload\" alt=\"\" src=\"data:image\/gif;base64,R0lGODlhAQABAAAAACH5BAEKAAEALAAAAAABAAEAAAICTAEAOw==\" style=\"--smush-placeholder-width: 128px; --smush-placeholder-aspect-ratio: 128\/128;\" \/><noscript><img loading=\"lazy\" decoding=\"async\" width=\"128\" height=\"128\" data-src=\"https:\/\/esquerra.com.ar\/voleibol\/wp-content\/uploads\/2024\/10\/Esc.-Municipal-Lihuen-Caleta-Olivia-Argentina-128x128.png\" class=\"attachment-sportspress-fit-icon size-sportspress-fit-icon wp-post-image lazyload\" alt=\"\" src=\"data:image\/gif;base64,R0lGODlhAQABAAAAACH5BAEKAAEALAAAAAABAAEAAAICTAEAOw==\" style=\"--smush-placeholder-width: 128px; --smush-placeholder-aspect-ratio: 128\/128;\" \/><noscript><img loading=\"lazy\" decoding=\"async\" width=\"128\" height=\"128\" data-src=\"https:\/\/esquerra.com.ar\/voleibol\/wp-content\/uploads\/2024\/10\/Esc.-Municipal-Lihuen-Caleta-Olivia-Argentina-128x128.png\" class=\"attachment-sportspress-fit-icon size-sportspress-fit-icon wp-post-image lazyload\" alt=\"\" src=\"data:image\/gif;base64,R0lGODlhAQABAAAAACH5BAEKAAEALAAAAAABAAEAAAICTAEAOw==\" style=\"--smush-placeholder-width: 128px; --smush-placeholder-aspect-ratio: 128\/128;\" \/><noscript><img loading=\"lazy\" decoding=\"async\" width=\"128\" height=\"128\" data-src=\"https:\/\/esquerra.com.ar\/voleibol\/wp-content\/uploads\/2024\/10\/Esc.-Municipal-Lihuen-Caleta-Olivia-Argentina-128x128.png\" class=\"attachment-sportspress-fit-icon size-sportspress-fit-icon wp-post-image lazyload\" alt=\"\" src=\"data:image\/gif;base64,R0lGODlhAQABAAAAACH5BAEKAAEALAAAAAABAAEAAAICTAEAOw==\" style=\"--smush-placeholder-width: 128px; --smush-placeholder-aspect-ratio: 128\/128;\" \/><noscript><img loading=\"lazy\" decoding=\"async\" width=\"128\" height=\"128\" src=\"https:\/\/esquerra.com.ar\/voleibol\/wp-content\/uploads\/2024\/10\/Esc.-Municipal-Lihuen-Caleta-Olivia-Argentina-128x128.png\" class=\"attachment-sportspress-fit-icon size-sportspress-fit-icon wp-post-image\" alt=\"\" \/><\/noscript><\/noscript><\/noscript><\/noscript><\/noscript><\/noscript><\/span> <span class=\"team-logo logo-even\" title=\"Centro Asturiano (B) (Vicente L\u00f3pez, Argentina)\"><img decoding=\"async\" width=\"128\" height=\"128\" data-src=\"https:\/\/esquerra.com.ar\/voleibol\/wp-content\/uploads\/2025\/11\/Centro-Asturiano-CABA-Argentina-128x128.png\" class=\"attachment-sportspress-fit-icon size-sportspress-fit-icon wp-post-image lazyload\" alt=\"\" src=\"data:image\/gif;base64,R0lGODlhAQABAAAAACH5BAEKAAEALAAAAAABAAEAAAICTAEAOw==\" style=\"--smush-placeholder-width: 128px; --smush-placeholder-aspect-ratio: 128\/128;\" \/><noscript><img decoding=\"async\" width=\"128\" height=\"128\" data-src=\"https:\/\/esquerra.com.ar\/voleibol\/wp-content\/uploads\/2025\/11\/Centro-Asturiano-CABA-Argentina-128x128.png\" class=\"attachment-sportspress-fit-icon size-sportspress-fit-icon wp-post-image lazyload\" alt=\"\" src=\"data:image\/gif;base64,R0lGODlhAQABAAAAACH5BAEKAAEALAAAAAABAAEAAAICTAEAOw==\" style=\"--smush-placeholder-width: 128px; --smush-placeholder-aspect-ratio: 128\/128;\" \/><noscript><img decoding=\"async\" width=\"128\" height=\"128\" data-src=\"https:\/\/esquerra.com.ar\/voleibol\/wp-content\/uploads\/2025\/11\/Centro-Asturiano-CABA-Argentina-128x128.png\" class=\"attachment-sportspress-fit-icon size-sportspress-fit-icon wp-post-image lazyload\" alt=\"\" src=\"data:image\/gif;base64,R0lGODlhAQABAAAAACH5BAEKAAEALAAAAAABAAEAAAICTAEAOw==\" style=\"--smush-placeholder-width: 128px; --smush-placeholder-aspect-ratio: 128\/128;\" \/><noscript><img decoding=\"async\" width=\"128\" height=\"128\" data-src=\"https:\/\/esquerra.com.ar\/voleibol\/wp-content\/uploads\/2025\/11\/Centro-Asturiano-CABA-Argentina-128x128.png\" class=\"attachment-sportspress-fit-icon size-sportspress-fit-icon wp-post-image lazyload\" alt=\"\" src=\"data:image\/gif;base64,R0lGODlhAQABAAAAACH5BAEKAAEALAAAAAABAAEAAAICTAEAOw==\" style=\"--smush-placeholder-width: 128px; --smush-placeholder-aspect-ratio: 128\/128;\" \/><noscript><img decoding=\"async\" width=\"128\" height=\"128\" data-src=\"https:\/\/esquerra.com.ar\/voleibol\/wp-content\/uploads\/2025\/11\/Centro-Asturiano-CABA-Argentina-128x128.png\" class=\"attachment-sportspress-fit-icon size-sportspress-fit-icon wp-post-image lazyload\" alt=\"\" src=\"data:image\/gif;base64,R0lGODlhAQABAAAAACH5BAEKAAEALAAAAAABAAEAAAICTAEAOw==\" style=\"--smush-placeholder-width: 128px; --smush-placeholder-aspect-ratio: 128\/128;\" \/><noscript><img decoding=\"async\" width=\"128\" height=\"128\" data-src=\"https:\/\/esquerra.com.ar\/voleibol\/wp-content\/uploads\/2025\/11\/Centro-Asturiano-CABA-Argentina-128x128.png\" class=\"attachment-sportspress-fit-icon size-sportspress-fit-icon wp-post-image lazyload\" alt=\"\" src=\"data:image\/gif;base64,R0lGODlhAQABAAAAACH5BAEKAAEALAAAAAABAAEAAAICTAEAOw==\" style=\"--smush-placeholder-width: 128px; --smush-placeholder-aspect-ratio: 128\/128;\" \/><noscript><img decoding=\"async\" width=\"128\" height=\"128\" data-src=\"https:\/\/esquerra.com.ar\/voleibol\/wp-content\/uploads\/2025\/11\/Centro-Asturiano-CABA-Argentina-128x128.png\" class=\"attachment-sportspress-fit-icon size-sportspress-fit-icon wp-post-image lazyload\" alt=\"\" src=\"data:image\/gif;base64,R0lGODlhAQABAAAAACH5BAEKAAEALAAAAAABAAEAAAICTAEAOw==\" style=\"--smush-placeholder-width: 128px; --smush-placeholder-aspect-ratio: 128\/128;\" \/><noscript><img decoding=\"async\" width=\"128\" height=\"128\" data-src=\"https:\/\/esquerra.com.ar\/voleibol\/wp-content\/uploads\/2025\/11\/Centro-Asturiano-CABA-Argentina-128x128.png\" class=\"attachment-sportspress-fit-icon size-sportspress-fit-icon wp-post-image lazyload\" alt=\"\" src=\"data:image\/gif;base64,R0lGODlhAQABAAAAACH5BAEKAAEALAAAAAABAAEAAAICTAEAOw==\" style=\"--smush-placeholder-width: 128px; --smush-placeholder-aspect-ratio: 128\/128;\" \/><noscript><img decoding=\"async\" width=\"128\" height=\"128\" data-src=\"https:\/\/esquerra.com.ar\/voleibol\/wp-content\/uploads\/2025\/11\/Centro-Asturiano-CABA-Argentina-128x128.png\" class=\"attachment-sportspress-fit-icon size-sportspress-fit-icon wp-post-image lazyload\" alt=\"\" src=\"data:image\/gif;base64,R0lGODlhAQABAAAAACH5BAEKAAEALAAAAAABAAEAAAICTAEAOw==\" style=\"--smush-placeholder-width: 128px; --smush-placeholder-aspect-ratio: 128\/128;\" \/><noscript><img decoding=\"async\" width=\"128\" height=\"128\" data-src=\"https:\/\/esquerra.com.ar\/voleibol\/wp-content\/uploads\/2025\/11\/Centro-Asturiano-CABA-Argentina-128x128.png\" class=\"attachment-sportspress-fit-icon size-sportspress-fit-icon wp-post-image lazyload\" alt=\"\" src=\"data:image\/gif;base64,R0lGODlhAQABAAAAACH5BAEKAAEALAAAAAABAAEAAAICTAEAOw==\" style=\"--smush-placeholder-width: 128px; --smush-placeholder-aspect-ratio: 128\/128;\" \/><noscript><img decoding=\"async\" width=\"128\" height=\"128\" data-src=\"https:\/\/esquerra.com.ar\/voleibol\/wp-content\/uploads\/2025\/11\/Centro-Asturiano-CABA-Argentina-128x128.png\" class=\"attachment-sportspress-fit-icon size-sportspress-fit-icon wp-post-image lazyload\" alt=\"\" src=\"data:image\/gif;base64,R0lGODlhAQABAAAAACH5BAEKAAEALAAAAAABAAEAAAICTAEAOw==\" style=\"--smush-placeholder-width: 128px; --smush-placeholder-aspect-ratio: 128\/128;\" \/><noscript><img decoding=\"async\" width=\"128\" height=\"128\" data-src=\"https:\/\/esquerra.com.ar\/voleibol\/wp-content\/uploads\/2025\/11\/Centro-Asturiano-CABA-Argentina-128x128.png\" class=\"attachment-sportspress-fit-icon size-sportspress-fit-icon wp-post-image lazyload\" alt=\"\" src=\"data:image\/gif;base64,R0lGODlhAQABAAAAACH5BAEKAAEALAAAAAABAAEAAAICTAEAOw==\" style=\"--smush-placeholder-width: 128px; --smush-placeholder-aspect-ratio: 128\/128;\" \/><noscript><img decoding=\"async\" width=\"128\" height=\"128\" src=\"https:\/\/esquerra.com.ar\/voleibol\/wp-content\/uploads\/2025\/11\/Centro-Asturiano-CABA-Argentina-128x128.png\" class=\"attachment-sportspress-fit-icon size-sportspress-fit-icon wp-post-image\" alt=\"\" \/><\/noscript><\/noscript><\/noscript><\/noscript><\/noscript><\/noscript><\/noscript><\/noscript><\/noscript><\/noscript><\/noscript><\/noscript><\/span>\t\t\t\t\t\t\t<time class=\"sp-event-date\" datetime=\"2025-11-29 18:30:30\" itemprop=\"startDate\" content=\"2025-11-29T18:30:30-03:00\">\n\t\t\t\t\t\t\t\t<a href=\"https:\/\/esquerra.com.ar\/voleibol\/event\/lihuen-caleta-olivia-argentina-vs-centro-asturiano-b-vicente-lopez-argentina\/\">29\/11\/2025<\/a>\t\t\t\t\t\t\t<\/time>\n\t\t\t\t\t\t\t\t\t\t\t\t\t\t<h5 class=\"sp-event-results\">\n\t\t\t\t\t\t\t\t<a href=\"https:\/\/esquerra.com.ar\/voleibol\/event\/lihuen-caleta-olivia-argentina-vs-centro-asturiano-b-vicente-lopez-argentina\/\"><span class=\"sp-result ok\">2<\/span> - <span class=\"sp-result\">0<\/span><\/a>\t\t\t\t\t\t\t<\/h5>\n\t\t\t\t\t\t\t\t\t\t\t\t\t\t\t\t\t\t\t\t\t\t<div class=\"sp-event-season\">U16F \u2013 Noviembre 2025 \u2013 ZONA C<\/div>\n\t\t\t\t\t\t\t\t\t\t\t\t\t\t\t\t\t\t\t\t\t\t\t\t\t\t\t\t\t\t<div class=\"sp-event-venue\" itemprop=\"location\" itemscope itemtype=\"http:\/\/schema.org\/Place\"><div itemprop=\"address\" itemscope itemtype=\"http:\/\/schema.org\/PostalAddress\">Hind\u00fa - Cancha 1<\/div><\/div>\n\t\t\t\t\t\t\t\t\t\t\t\t\t\t\t\t\t\t\t\t\t\t\t\t\t\t\t\t\t\t<div style=\"display:none;\" class=\"sp-event-venue\" itemprop=\"location\" itemscope itemtype=\"http:\/\/schema.org\/Place\"><div itemprop=\"address\" itemscope itemtype=\"http:\/\/schema.org\/PostalAddress\">N\/D<\/div><\/div>\n\t\t\t\t\t\t\t\t\t\t\t\t\t\t<h4 class=\"sp-event-title\" itemprop=\"name\">\n\t\t\t\t\t\t\t\t<a href=\"https:\/\/esquerra.com.ar\/voleibol\/event\/lihuen-caleta-olivia-argentina-vs-centro-asturiano-b-vicente-lopez-argentina\/\">Lihuen (Caleta Olivia, Argentina) vs Centro Asturiano (B) (Vicente L\u00f3pez, Argentina)<\/a>\t\t\t\t\t\t\t<\/h4>\n\t\t\t\t\t\t\t\n\t\t\t\t\t\t<\/td>\n\t\t\t\t\t<\/tr>\n\t\t\t\t\t\t\t\t\t\t<tr class=\"sp-row sp-post\" itemscope itemtype=\"http:\/\/schema.org\/SportsEvent\">\n\t\t\t\t\t\t<td>\n\t\t\t\t\t\t\t\t\t\t\t\t\t\t<span class=\"team-logo logo-odd\" title=\"Mamba (B) (Lima, Per\u00fa)\"><img decoding=\"async\" width=\"128\" height=\"128\" data-src=\"https:\/\/esquerra.com.ar\/voleibol\/wp-content\/uploads\/2025\/11\/Mamba-Lima-Peru-128x128.png\" class=\"attachment-sportspress-fit-icon size-sportspress-fit-icon wp-post-image lazyload\" alt=\"\" src=\"data:image\/gif;base64,R0lGODlhAQABAAAAACH5BAEKAAEALAAAAAABAAEAAAICTAEAOw==\" style=\"--smush-placeholder-width: 128px; --smush-placeholder-aspect-ratio: 128\/128;\" \/><noscript><img decoding=\"async\" width=\"128\" height=\"128\" data-src=\"https:\/\/esquerra.com.ar\/voleibol\/wp-content\/uploads\/2025\/11\/Mamba-Lima-Peru-128x128.png\" class=\"attachment-sportspress-fit-icon size-sportspress-fit-icon wp-post-image lazyload\" alt=\"\" src=\"data:image\/gif;base64,R0lGODlhAQABAAAAACH5BAEKAAEALAAAAAABAAEAAAICTAEAOw==\" style=\"--smush-placeholder-width: 128px; --smush-placeholder-aspect-ratio: 128\/128;\" \/><noscript><img decoding=\"async\" width=\"128\" height=\"128\" data-src=\"https:\/\/esquerra.com.ar\/voleibol\/wp-content\/uploads\/2025\/11\/Mamba-Lima-Peru-128x128.png\" class=\"attachment-sportspress-fit-icon size-sportspress-fit-icon wp-post-image lazyload\" alt=\"\" src=\"data:image\/gif;base64,R0lGODlhAQABAAAAACH5BAEKAAEALAAAAAABAAEAAAICTAEAOw==\" style=\"--smush-placeholder-width: 128px; --smush-placeholder-aspect-ratio: 128\/128;\" \/><noscript><img decoding=\"async\" width=\"128\" height=\"128\" data-src=\"https:\/\/esquerra.com.ar\/voleibol\/wp-content\/uploads\/2025\/11\/Mamba-Lima-Peru-128x128.png\" class=\"attachment-sportspress-fit-icon size-sportspress-fit-icon wp-post-image lazyload\" alt=\"\" src=\"data:image\/gif;base64,R0lGODlhAQABAAAAACH5BAEKAAEALAAAAAABAAEAAAICTAEAOw==\" style=\"--smush-placeholder-width: 128px; --smush-placeholder-aspect-ratio: 128\/128;\" \/><noscript><img decoding=\"async\" width=\"128\" height=\"128\" data-src=\"https:\/\/esquerra.com.ar\/voleibol\/wp-content\/uploads\/2025\/11\/Mamba-Lima-Peru-128x128.png\" class=\"attachment-sportspress-fit-icon size-sportspress-fit-icon wp-post-image lazyload\" alt=\"\" src=\"data:image\/gif;base64,R0lGODlhAQABAAAAACH5BAEKAAEALAAAAAABAAEAAAICTAEAOw==\" style=\"--smush-placeholder-width: 128px; --smush-placeholder-aspect-ratio: 128\/128;\" \/><noscript><img decoding=\"async\" width=\"128\" height=\"128\" data-src=\"https:\/\/esquerra.com.ar\/voleibol\/wp-content\/uploads\/2025\/11\/Mamba-Lima-Peru-128x128.png\" class=\"attachment-sportspress-fit-icon size-sportspress-fit-icon wp-post-image lazyload\" alt=\"\" src=\"data:image\/gif;base64,R0lGODlhAQABAAAAACH5BAEKAAEALAAAAAABAAEAAAICTAEAOw==\" style=\"--smush-placeholder-width: 128px; --smush-placeholder-aspect-ratio: 128\/128;\" \/><noscript><img decoding=\"async\" width=\"128\" height=\"128\" data-src=\"https:\/\/esquerra.com.ar\/voleibol\/wp-content\/uploads\/2025\/11\/Mamba-Lima-Peru-128x128.png\" class=\"attachment-sportspress-fit-icon size-sportspress-fit-icon wp-post-image lazyload\" alt=\"\" src=\"data:image\/gif;base64,R0lGODlhAQABAAAAACH5BAEKAAEALAAAAAABAAEAAAICTAEAOw==\" style=\"--smush-placeholder-width: 128px; --smush-placeholder-aspect-ratio: 128\/128;\" \/><noscript><img decoding=\"async\" width=\"128\" height=\"128\" data-src=\"https:\/\/esquerra.com.ar\/voleibol\/wp-content\/uploads\/2025\/11\/Mamba-Lima-Peru-128x128.png\" class=\"attachment-sportspress-fit-icon size-sportspress-fit-icon wp-post-image lazyload\" alt=\"\" src=\"data:image\/gif;base64,R0lGODlhAQABAAAAACH5BAEKAAEALAAAAAABAAEAAAICTAEAOw==\" style=\"--smush-placeholder-width: 128px; --smush-placeholder-aspect-ratio: 128\/128;\" \/><noscript><img decoding=\"async\" width=\"128\" height=\"128\" data-src=\"https:\/\/esquerra.com.ar\/voleibol\/wp-content\/uploads\/2025\/11\/Mamba-Lima-Peru-128x128.png\" class=\"attachment-sportspress-fit-icon size-sportspress-fit-icon wp-post-image lazyload\" alt=\"\" src=\"data:image\/gif;base64,R0lGODlhAQABAAAAACH5BAEKAAEALAAAAAABAAEAAAICTAEAOw==\" style=\"--smush-placeholder-width: 128px; --smush-placeholder-aspect-ratio: 128\/128;\" \/><noscript><img decoding=\"async\" width=\"128\" height=\"128\" data-src=\"https:\/\/esquerra.com.ar\/voleibol\/wp-content\/uploads\/2025\/11\/Mamba-Lima-Peru-128x128.png\" class=\"attachment-sportspress-fit-icon size-sportspress-fit-icon wp-post-image lazyload\" alt=\"\" src=\"data:image\/gif;base64,R0lGODlhAQABAAAAACH5BAEKAAEALAAAAAABAAEAAAICTAEAOw==\" style=\"--smush-placeholder-width: 128px; --smush-placeholder-aspect-ratio: 128\/128;\" \/><noscript><img decoding=\"async\" width=\"128\" height=\"128\" data-src=\"https:\/\/esquerra.com.ar\/voleibol\/wp-content\/uploads\/2025\/11\/Mamba-Lima-Peru-128x128.png\" class=\"attachment-sportspress-fit-icon size-sportspress-fit-icon wp-post-image lazyload\" alt=\"\" src=\"data:image\/gif;base64,R0lGODlhAQABAAAAACH5BAEKAAEALAAAAAABAAEAAAICTAEAOw==\" style=\"--smush-placeholder-width: 128px; --smush-placeholder-aspect-ratio: 128\/128;\" \/><noscript><img decoding=\"async\" width=\"128\" height=\"128\" data-src=\"https:\/\/esquerra.com.ar\/voleibol\/wp-content\/uploads\/2025\/11\/Mamba-Lima-Peru-128x128.png\" class=\"attachment-sportspress-fit-icon size-sportspress-fit-icon wp-post-image lazyload\" alt=\"\" src=\"data:image\/gif;base64,R0lGODlhAQABAAAAACH5BAEKAAEALAAAAAABAAEAAAICTAEAOw==\" style=\"--smush-placeholder-width: 128px; --smush-placeholder-aspect-ratio: 128\/128;\" \/><noscript><img decoding=\"async\" width=\"128\" height=\"128\" src=\"https:\/\/esquerra.com.ar\/voleibol\/wp-content\/uploads\/2025\/11\/Mamba-Lima-Peru-128x128.png\" class=\"attachment-sportspress-fit-icon size-sportspress-fit-icon wp-post-image\" alt=\"\" \/><\/noscript><\/noscript><\/noscript><\/noscript><\/noscript><\/noscript><\/noscript><\/noscript><\/noscript><\/noscript><\/noscript><\/noscript><\/span> <span class=\"team-logo logo-even\" title=\"Poeta Lugones (C\u00f3rdoba, Argentina)\"><img loading=\"lazy\" decoding=\"async\" width=\"128\" height=\"128\" data-src=\"https:\/\/esquerra.com.ar\/voleibol\/wp-content\/uploads\/2024\/10\/Poeta-Lugones-Voley-Cordoba-Argentina-128x128.png\" class=\"attachment-sportspress-fit-icon size-sportspress-fit-icon wp-post-image lazyload\" alt=\"\" src=\"data:image\/gif;base64,R0lGODlhAQABAAAAACH5BAEKAAEALAAAAAABAAEAAAICTAEAOw==\" style=\"--smush-placeholder-width: 128px; --smush-placeholder-aspect-ratio: 128\/128;\" \/><noscript><img loading=\"lazy\" decoding=\"async\" width=\"128\" height=\"128\" data-src=\"https:\/\/esquerra.com.ar\/voleibol\/wp-content\/uploads\/2024\/10\/Poeta-Lugones-Voley-Cordoba-Argentina-128x128.png\" class=\"attachment-sportspress-fit-icon size-sportspress-fit-icon wp-post-image lazyload\" alt=\"\" src=\"data:image\/gif;base64,R0lGODlhAQABAAAAACH5BAEKAAEALAAAAAABAAEAAAICTAEAOw==\" style=\"--smush-placeholder-width: 128px; --smush-placeholder-aspect-ratio: 128\/128;\" \/><noscript><img loading=\"lazy\" decoding=\"async\" width=\"128\" height=\"128\" data-src=\"https:\/\/esquerra.com.ar\/voleibol\/wp-content\/uploads\/2024\/10\/Poeta-Lugones-Voley-Cordoba-Argentina-128x128.png\" class=\"attachment-sportspress-fit-icon size-sportspress-fit-icon wp-post-image lazyload\" alt=\"\" src=\"data:image\/gif;base64,R0lGODlhAQABAAAAACH5BAEKAAEALAAAAAABAAEAAAICTAEAOw==\" style=\"--smush-placeholder-width: 128px; --smush-placeholder-aspect-ratio: 128\/128;\" \/><noscript><img loading=\"lazy\" decoding=\"async\" width=\"128\" height=\"128\" data-src=\"https:\/\/esquerra.com.ar\/voleibol\/wp-content\/uploads\/2024\/10\/Poeta-Lugones-Voley-Cordoba-Argentina-128x128.png\" class=\"attachment-sportspress-fit-icon size-sportspress-fit-icon wp-post-image lazyload\" alt=\"\" src=\"data:image\/gif;base64,R0lGODlhAQABAAAAACH5BAEKAAEALAAAAAABAAEAAAICTAEAOw==\" style=\"--smush-placeholder-width: 128px; --smush-placeholder-aspect-ratio: 128\/128;\" \/><noscript><img loading=\"lazy\" decoding=\"async\" width=\"128\" height=\"128\" data-src=\"https:\/\/esquerra.com.ar\/voleibol\/wp-content\/uploads\/2024\/10\/Poeta-Lugones-Voley-Cordoba-Argentina-128x128.png\" class=\"attachment-sportspress-fit-icon size-sportspress-fit-icon wp-post-image lazyload\" alt=\"\" src=\"data:image\/gif;base64,R0lGODlhAQABAAAAACH5BAEKAAEALAAAAAABAAEAAAICTAEAOw==\" style=\"--smush-placeholder-width: 128px; --smush-placeholder-aspect-ratio: 128\/128;\" \/><noscript><img loading=\"lazy\" decoding=\"async\" width=\"128\" height=\"128\" data-src=\"https:\/\/esquerra.com.ar\/voleibol\/wp-content\/uploads\/2024\/10\/Poeta-Lugones-Voley-Cordoba-Argentina-128x128.png\" class=\"attachment-sportspress-fit-icon size-sportspress-fit-icon wp-post-image lazyload\" alt=\"\" src=\"data:image\/gif;base64,R0lGODlhAQABAAAAACH5BAEKAAEALAAAAAABAAEAAAICTAEAOw==\" style=\"--smush-placeholder-width: 128px; --smush-placeholder-aspect-ratio: 128\/128;\" \/><noscript><img loading=\"lazy\" decoding=\"async\" width=\"128\" height=\"128\" src=\"https:\/\/esquerra.com.ar\/voleibol\/wp-content\/uploads\/2024\/10\/Poeta-Lugones-Voley-Cordoba-Argentina-128x128.png\" class=\"attachment-sportspress-fit-icon size-sportspress-fit-icon wp-post-image\" alt=\"\" \/><\/noscript><\/noscript><\/noscript><\/noscript><\/noscript><\/noscript><\/span>\t\t\t\t\t\t\t<time class=\"sp-event-date\" datetime=\"2025-11-29 18:30:56\" itemprop=\"startDate\" content=\"2025-11-29T18:30:56-03:00\">\n\t\t\t\t\t\t\t\t<a href=\"https:\/\/esquerra.com.ar\/voleibol\/event\/mamba-b-lima-peru-vs-poeta-lugones-cordoba-argentina\/\">29\/11\/2025<\/a>\t\t\t\t\t\t\t<\/time>\n\t\t\t\t\t\t\t\t\t\t\t\t\t\t<h5 class=\"sp-event-results\">\n\t\t\t\t\t\t\t\t<a href=\"https:\/\/esquerra.com.ar\/voleibol\/event\/mamba-b-lima-peru-vs-poeta-lugones-cordoba-argentina\/\"><span class=\"sp-result ok\">1<\/span> - <span class=\"sp-result\">2<\/span><\/a>\t\t\t\t\t\t\t<\/h5>\n\t\t\t\t\t\t\t\t\t\t\t\t\t\t\t\t\t\t\t\t\t\t<div class=\"sp-event-season\">U16F \u2013 Noviembre 2025 \u2013 ZONA D<\/div>\n\t\t\t\t\t\t\t\t\t\t\t\t\t\t\t\t\t\t\t\t\t\t\t\t\t\t\t\t\t\t<div class=\"sp-event-venue\" itemprop=\"location\" itemscope itemtype=\"http:\/\/schema.org\/Place\"><div itemprop=\"address\" itemscope itemtype=\"http:\/\/schema.org\/PostalAddress\">Racing<\/div><\/div>\n\t\t\t\t\t\t\t\t\t\t\t\t\t\t\t\t\t\t\t\t\t\t\t\t\t\t\t\t\t\t<div style=\"display:none;\" class=\"sp-event-venue\" itemprop=\"location\" itemscope itemtype=\"http:\/\/schema.org\/Place\"><div itemprop=\"address\" itemscope itemtype=\"http:\/\/schema.org\/PostalAddress\">N\/D<\/div><\/div>\n\t\t\t\t\t\t\t\t\t\t\t\t\t\t<h4 class=\"sp-event-title\" itemprop=\"name\">\n\t\t\t\t\t\t\t\t<a href=\"https:\/\/esquerra.com.ar\/voleibol\/event\/mamba-b-lima-peru-vs-poeta-lugones-cordoba-argentina\/\">Mamba (B) (Lima, Per\u00fa) vs Poeta Lugones (C\u00f3rdoba, Argentina)<\/a>\t\t\t\t\t\t\t<\/h4>\n\t\t\t\t\t\t\t\n\t\t\t\t\t\t<\/td>\n\t\t\t\t\t<\/tr>\n\t\t\t\t\t\t\t\t<\/tbody>\n\t\t<\/table>\n\t<\/div>\n\t<\/div>\n<\/div>\n<\/div><\/details><\/div>\n<\/div>\n\n\n\n<hr class=\"wp-block-separator has-alpha-channel-opacity\"\/>\n\n\n\n<div class=\"wp-block-coblocks-accordion\"><\/div>\n\n\n\n<h2 class=\"wp-block-heading has-text-align-center has-roboto-font-family has-custom-font has-custom-weight has-custom-letterspacing\" style=\"font-family:Roboto;letter-spacing:-1px;font-weight:300;font-size:35px\">Definiciones<\/h2>\n\n\n\n<div class=\"wp-block-coblocks-accordion\">\n<div class=\"wp-block-coblocks-accordion-item has-custom-font has-custom-weight has-custom-transform\" style=\"font-family:Montserrat;font-weight:400;text-transform:uppercase\"><details><summary class=\"wp-block-coblocks-accordion-item__title has-background has-text-color has-nv-site-bg-color\" style=\"background-color:#002f68\">COPA CRISTAL<\/summary><div class=\"wp-block-coblocks-accordion-item__content\" style=\"border-color:#002f68\"><p><div class=\"sportspress\"><h4 class=\"sp-table-caption\">SEMIFINAL 1 CRISTAL<\/h4><div class=\"sp-template sp-template-event-blocks\">\n\t<div class=\"sp-table-wrapper\">\n\t\t<table class=\"sp-event-blocks sp-data-table\n\t\t\t\t\t sp-paginated-table\" data-sp-rows=\"99\">\n\t\t\t<thead><tr><th><\/th><\/tr><\/thead> \t\t\t<tbody>\n\t\t\t\t\t\t\t\t\t<tr class=\"sp-row sp-post alternate\" itemscope itemtype=\"http:\/\/schema.org\/SportsEvent\">\n\t\t\t\t\t\t<td>\n\t\t\t\t\t\t\t\t\t\t\t\t\t\t<span class=\"team-logo logo-odd\" title=\"San Mart\u00edn (Marcos Ju\u00e1rez, Argentina)\"><img loading=\"lazy\" decoding=\"async\" width=\"128\" height=\"128\" data-src=\"https:\/\/esquerra.com.ar\/voleibol\/wp-content\/uploads\/2024\/10\/San-Martin-Marcos-Juarez-Argentina-128x128.png\" class=\"attachment-sportspress-fit-icon size-sportspress-fit-icon wp-post-image lazyload\" alt=\"\" src=\"data:image\/gif;base64,R0lGODlhAQABAAAAACH5BAEKAAEALAAAAAABAAEAAAICTAEAOw==\" style=\"--smush-placeholder-width: 128px; --smush-placeholder-aspect-ratio: 128\/128;\" \/><noscript><img loading=\"lazy\" decoding=\"async\" width=\"128\" height=\"128\" data-src=\"https:\/\/esquerra.com.ar\/voleibol\/wp-content\/uploads\/2024\/10\/San-Martin-Marcos-Juarez-Argentina-128x128.png\" class=\"attachment-sportspress-fit-icon size-sportspress-fit-icon wp-post-image lazyload\" alt=\"\" src=\"data:image\/gif;base64,R0lGODlhAQABAAAAACH5BAEKAAEALAAAAAABAAEAAAICTAEAOw==\" style=\"--smush-placeholder-width: 128px; --smush-placeholder-aspect-ratio: 128\/128;\" \/><noscript><img loading=\"lazy\" decoding=\"async\" width=\"128\" height=\"128\" data-src=\"https:\/\/esquerra.com.ar\/voleibol\/wp-content\/uploads\/2024\/10\/San-Martin-Marcos-Juarez-Argentina-128x128.png\" class=\"attachment-sportspress-fit-icon size-sportspress-fit-icon wp-post-image lazyload\" alt=\"\" src=\"data:image\/gif;base64,R0lGODlhAQABAAAAACH5BAEKAAEALAAAAAABAAEAAAICTAEAOw==\" style=\"--smush-placeholder-width: 128px; --smush-placeholder-aspect-ratio: 128\/128;\" \/><noscript><img loading=\"lazy\" decoding=\"async\" width=\"128\" height=\"128\" data-src=\"https:\/\/esquerra.com.ar\/voleibol\/wp-content\/uploads\/2024\/10\/San-Martin-Marcos-Juarez-Argentina-128x128.png\" class=\"attachment-sportspress-fit-icon size-sportspress-fit-icon wp-post-image lazyload\" alt=\"\" src=\"data:image\/gif;base64,R0lGODlhAQABAAAAACH5BAEKAAEALAAAAAABAAEAAAICTAEAOw==\" style=\"--smush-placeholder-width: 128px; --smush-placeholder-aspect-ratio: 128\/128;\" \/><noscript><img loading=\"lazy\" decoding=\"async\" width=\"128\" height=\"128\" data-src=\"https:\/\/esquerra.com.ar\/voleibol\/wp-content\/uploads\/2024\/10\/San-Martin-Marcos-Juarez-Argentina-128x128.png\" class=\"attachment-sportspress-fit-icon size-sportspress-fit-icon wp-post-image lazyload\" alt=\"\" src=\"data:image\/gif;base64,R0lGODlhAQABAAAAACH5BAEKAAEALAAAAAABAAEAAAICTAEAOw==\" style=\"--smush-placeholder-width: 128px; --smush-placeholder-aspect-ratio: 128\/128;\" \/><noscript><img loading=\"lazy\" decoding=\"async\" width=\"128\" height=\"128\" data-src=\"https:\/\/esquerra.com.ar\/voleibol\/wp-content\/uploads\/2024\/10\/San-Martin-Marcos-Juarez-Argentina-128x128.png\" class=\"attachment-sportspress-fit-icon size-sportspress-fit-icon wp-post-image lazyload\" alt=\"\" src=\"data:image\/gif;base64,R0lGODlhAQABAAAAACH5BAEKAAEALAAAAAABAAEAAAICTAEAOw==\" style=\"--smush-placeholder-width: 128px; --smush-placeholder-aspect-ratio: 128\/128;\" \/><noscript><img loading=\"lazy\" decoding=\"async\" width=\"128\" height=\"128\" src=\"https:\/\/esquerra.com.ar\/voleibol\/wp-content\/uploads\/2024\/10\/San-Martin-Marcos-Juarez-Argentina-128x128.png\" class=\"attachment-sportspress-fit-icon size-sportspress-fit-icon wp-post-image\" alt=\"\" \/><\/noscript><\/noscript><\/noscript><\/noscript><\/noscript><\/noscript><\/span> <span class=\"team-logo logo-even\" title=\"Nuestra Se\u00f1ora del Huerto (Quillota, Chile)\"><img loading=\"lazy\" decoding=\"async\" width=\"128\" height=\"128\" data-src=\"https:\/\/esquerra.com.ar\/voleibol\/wp-content\/uploads\/2025\/11\/Nuestra-Senora-del-Huerto-Quillota-Chile-scaled.png\" class=\"attachment-sportspress-fit-icon size-sportspress-fit-icon wp-post-image lazyload\" alt=\"\" src=\"data:image\/gif;base64,R0lGODlhAQABAAAAACH5BAEKAAEALAAAAAABAAEAAAICTAEAOw==\" style=\"--smush-placeholder-width: 128px; --smush-placeholder-aspect-ratio: 128\/128;\" \/><noscript><img loading=\"lazy\" decoding=\"async\" width=\"128\" height=\"128\" data-src=\"https:\/\/esquerra.com.ar\/voleibol\/wp-content\/uploads\/2025\/11\/Nuestra-Senora-del-Huerto-Quillota-Chile-scaled.png\" class=\"attachment-sportspress-fit-icon size-sportspress-fit-icon wp-post-image lazyload\" alt=\"\" src=\"data:image\/gif;base64,R0lGODlhAQABAAAAACH5BAEKAAEALAAAAAABAAEAAAICTAEAOw==\" style=\"--smush-placeholder-width: 128px; --smush-placeholder-aspect-ratio: 128\/128;\" \/><noscript><img loading=\"lazy\" decoding=\"async\" width=\"128\" height=\"128\" data-src=\"https:\/\/esquerra.com.ar\/voleibol\/wp-content\/uploads\/2025\/11\/Nuestra-Senora-del-Huerto-Quillota-Chile-scaled.png\" class=\"attachment-sportspress-fit-icon size-sportspress-fit-icon wp-post-image lazyload\" alt=\"\" src=\"data:image\/gif;base64,R0lGODlhAQABAAAAACH5BAEKAAEALAAAAAABAAEAAAICTAEAOw==\" style=\"--smush-placeholder-width: 128px; --smush-placeholder-aspect-ratio: 128\/128;\" \/><noscript><img loading=\"lazy\" decoding=\"async\" width=\"128\" height=\"128\" data-src=\"https:\/\/esquerra.com.ar\/voleibol\/wp-content\/uploads\/2025\/11\/Nuestra-Senora-del-Huerto-Quillota-Chile-scaled.png\" class=\"attachment-sportspress-fit-icon size-sportspress-fit-icon wp-post-image lazyload\" alt=\"\" src=\"data:image\/gif;base64,R0lGODlhAQABAAAAACH5BAEKAAEALAAAAAABAAEAAAICTAEAOw==\" style=\"--smush-placeholder-width: 128px; --smush-placeholder-aspect-ratio: 128\/128;\" \/><noscript><img loading=\"lazy\" decoding=\"async\" width=\"128\" height=\"128\" data-src=\"https:\/\/esquerra.com.ar\/voleibol\/wp-content\/uploads\/2025\/11\/Nuestra-Senora-del-Huerto-Quillota-Chile-scaled.png\" class=\"attachment-sportspress-fit-icon size-sportspress-fit-icon wp-post-image lazyload\" alt=\"\" src=\"data:image\/gif;base64,R0lGODlhAQABAAAAACH5BAEKAAEALAAAAAABAAEAAAICTAEAOw==\" style=\"--smush-placeholder-width: 128px; --smush-placeholder-aspect-ratio: 128\/128;\" \/><noscript><img loading=\"lazy\" decoding=\"async\" width=\"128\" height=\"128\" data-src=\"https:\/\/esquerra.com.ar\/voleibol\/wp-content\/uploads\/2025\/11\/Nuestra-Senora-del-Huerto-Quillota-Chile-scaled.png\" class=\"attachment-sportspress-fit-icon size-sportspress-fit-icon wp-post-image lazyload\" alt=\"\" src=\"data:image\/gif;base64,R0lGODlhAQABAAAAACH5BAEKAAEALAAAAAABAAEAAAICTAEAOw==\" style=\"--smush-placeholder-width: 128px; --smush-placeholder-aspect-ratio: 128\/128;\" \/><noscript><img loading=\"lazy\" decoding=\"async\" width=\"128\" height=\"128\" src=\"https:\/\/esquerra.com.ar\/voleibol\/wp-content\/uploads\/2025\/11\/Nuestra-Senora-del-Huerto-Quillota-Chile-scaled.png\" class=\"attachment-sportspress-fit-icon size-sportspress-fit-icon wp-post-image\" alt=\"\" \/><\/noscript><\/noscript><\/noscript><\/noscript><\/noscript><\/noscript><\/span>\t\t\t\t\t\t\t<time class=\"sp-event-date\" datetime=\"2025-11-30 13:40:25\" itemprop=\"startDate\" content=\"2025-11-30T13:40:25-03:00\">\n\t\t\t\t\t\t\t\t<a href=\"https:\/\/esquerra.com.ar\/voleibol\/event\/4-zona-a-vs-4-zona-b\/\">30\/11\/2025<\/a>\t\t\t\t\t\t\t<\/time>\n\t\t\t\t\t\t\t\t\t\t\t\t\t\t<h5 class=\"sp-event-results\">\n\t\t\t\t\t\t\t\t<a href=\"https:\/\/esquerra.com.ar\/voleibol\/event\/4-zona-a-vs-4-zona-b\/\"><span class=\"sp-result ok\">0<\/span> - <span class=\"sp-result\">2<\/span><\/a>\t\t\t\t\t\t\t<\/h5>\n\t\t\t\t\t\t\t\t\t\t\t\t\t\t\t\t\t\t\t\t\t\t<div class=\"sp-event-season\">U16F \u2013 Noviembre 2025 \u2013 COPA CRISTAL SF 1<\/div>\n\t\t\t\t\t\t\t\t\t\t\t\t\t\t\t\t\t\t\t\t\t\t\t\t\t\t\t\t\t\t<div class=\"sp-event-venue\" itemprop=\"location\" itemscope itemtype=\"http:\/\/schema.org\/Place\"><div itemprop=\"address\" itemscope itemtype=\"http:\/\/schema.org\/PostalAddress\">Hind\u00fa - Cancha 3<\/div><\/div>\n\t\t\t\t\t\t\t\t\t\t\t\t\t\t\t\t\t\t\t\t\t\t\t\t\t\t\t\t\t\t<div style=\"display:none;\" class=\"sp-event-venue\" itemprop=\"location\" itemscope itemtype=\"http:\/\/schema.org\/Place\"><div itemprop=\"address\" itemscope itemtype=\"http:\/\/schema.org\/PostalAddress\">N\/D<\/div><\/div>\n\t\t\t\t\t\t\t\t\t\t\t\t\t\t<h4 class=\"sp-event-title\" itemprop=\"name\">\n\t\t\t\t\t\t\t\t<a href=\"https:\/\/esquerra.com.ar\/voleibol\/event\/4-zona-a-vs-4-zona-b\/\">San Mart\u00edn (Marcos Ju\u00e1rez, Argentina) vs Nuestra Se\u00f1ora del Huerto (Quillota, Chile)<\/a>\t\t\t\t\t\t\t<\/h4>\n\t\t\t\t\t\t\t\n\t\t\t\t\t\t<\/td>\n\t\t\t\t\t<\/tr>\n\t\t\t\t\t\t\t\t<\/tbody>\n\t\t<\/table>\n\t<\/div>\n\t<\/div>\n<\/div><br \/>\n<div class=\"sportspress\"><h4 class=\"sp-table-caption\">SEMIFINAL 2 CRISTAL<\/h4><div class=\"sp-template sp-template-event-blocks\">\n\t<div class=\"sp-table-wrapper\">\n\t\t<table class=\"sp-event-blocks sp-data-table\n\t\t\t\t\t sp-paginated-table\" data-sp-rows=\"99\">\n\t\t\t<thead><tr><th><\/th><\/tr><\/thead> \t\t\t<tbody>\n\t\t\t\t\t\t\t\t\t<tr class=\"sp-row sp-post alternate\" itemscope itemtype=\"http:\/\/schema.org\/SportsEvent\">\n\t\t\t\t\t\t<td>\n\t\t\t\t\t\t\t\t\t\t\t\t\t\t<span class=\"team-logo logo-odd\" title=\"Racing (C\u00f3rdoba, Argentina)\"><img loading=\"lazy\" decoding=\"async\" width=\"128\" height=\"128\" data-src=\"https:\/\/esquerra.com.ar\/voleibol\/wp-content\/uploads\/2024\/10\/Racing-Cordoba-Argentina-128x128.png\" class=\"attachment-sportspress-fit-icon size-sportspress-fit-icon wp-post-image lazyload\" alt=\"\" src=\"data:image\/gif;base64,R0lGODlhAQABAAAAACH5BAEKAAEALAAAAAABAAEAAAICTAEAOw==\" style=\"--smush-placeholder-width: 128px; --smush-placeholder-aspect-ratio: 128\/128;\" \/><noscript><img loading=\"lazy\" decoding=\"async\" width=\"128\" height=\"128\" data-src=\"https:\/\/esquerra.com.ar\/voleibol\/wp-content\/uploads\/2024\/10\/Racing-Cordoba-Argentina-128x128.png\" class=\"attachment-sportspress-fit-icon size-sportspress-fit-icon wp-post-image lazyload\" alt=\"\" src=\"data:image\/gif;base64,R0lGODlhAQABAAAAACH5BAEKAAEALAAAAAABAAEAAAICTAEAOw==\" style=\"--smush-placeholder-width: 128px; --smush-placeholder-aspect-ratio: 128\/128;\" \/><noscript><img loading=\"lazy\" decoding=\"async\" width=\"128\" height=\"128\" data-src=\"https:\/\/esquerra.com.ar\/voleibol\/wp-content\/uploads\/2024\/10\/Racing-Cordoba-Argentina-128x128.png\" class=\"attachment-sportspress-fit-icon size-sportspress-fit-icon wp-post-image lazyload\" alt=\"\" src=\"data:image\/gif;base64,R0lGODlhAQABAAAAACH5BAEKAAEALAAAAAABAAEAAAICTAEAOw==\" style=\"--smush-placeholder-width: 128px; --smush-placeholder-aspect-ratio: 128\/128;\" \/><noscript><img loading=\"lazy\" decoding=\"async\" width=\"128\" height=\"128\" data-src=\"https:\/\/esquerra.com.ar\/voleibol\/wp-content\/uploads\/2024\/10\/Racing-Cordoba-Argentina-128x128.png\" class=\"attachment-sportspress-fit-icon size-sportspress-fit-icon wp-post-image lazyload\" alt=\"\" src=\"data:image\/gif;base64,R0lGODlhAQABAAAAACH5BAEKAAEALAAAAAABAAEAAAICTAEAOw==\" style=\"--smush-placeholder-width: 128px; --smush-placeholder-aspect-ratio: 128\/128;\" \/><noscript><img loading=\"lazy\" decoding=\"async\" width=\"128\" height=\"128\" data-src=\"https:\/\/esquerra.com.ar\/voleibol\/wp-content\/uploads\/2024\/10\/Racing-Cordoba-Argentina-128x128.png\" class=\"attachment-sportspress-fit-icon size-sportspress-fit-icon wp-post-image lazyload\" alt=\"\" src=\"data:image\/gif;base64,R0lGODlhAQABAAAAACH5BAEKAAEALAAAAAABAAEAAAICTAEAOw==\" style=\"--smush-placeholder-width: 128px; --smush-placeholder-aspect-ratio: 128\/128;\" \/><noscript><img loading=\"lazy\" decoding=\"async\" width=\"128\" height=\"128\" data-src=\"https:\/\/esquerra.com.ar\/voleibol\/wp-content\/uploads\/2024\/10\/Racing-Cordoba-Argentina-128x128.png\" class=\"attachment-sportspress-fit-icon size-sportspress-fit-icon wp-post-image lazyload\" alt=\"\" src=\"data:image\/gif;base64,R0lGODlhAQABAAAAACH5BAEKAAEALAAAAAABAAEAAAICTAEAOw==\" style=\"--smush-placeholder-width: 128px; --smush-placeholder-aspect-ratio: 128\/128;\" \/><noscript><img loading=\"lazy\" decoding=\"async\" width=\"128\" height=\"128\" src=\"https:\/\/esquerra.com.ar\/voleibol\/wp-content\/uploads\/2024\/10\/Racing-Cordoba-Argentina-128x128.png\" class=\"attachment-sportspress-fit-icon size-sportspress-fit-icon wp-post-image\" alt=\"\" \/><\/noscript><\/noscript><\/noscript><\/noscript><\/noscript><\/noscript><\/span> <span class=\"team-logo logo-even\" title=\"Defensores (Villa Dolores, Argentina)\"><img loading=\"lazy\" decoding=\"async\" width=\"128\" height=\"128\" data-src=\"https:\/\/esquerra.com.ar\/voleibol\/wp-content\/uploads\/2025\/11\/Defensores-Villa-Dolores-Argentina-128x128.png\" class=\"attachment-sportspress-fit-icon size-sportspress-fit-icon wp-post-image lazyload\" alt=\"\" src=\"data:image\/gif;base64,R0lGODlhAQABAAAAACH5BAEKAAEALAAAAAABAAEAAAICTAEAOw==\" style=\"--smush-placeholder-width: 128px; --smush-placeholder-aspect-ratio: 128\/128;\" \/><noscript><img loading=\"lazy\" decoding=\"async\" width=\"128\" height=\"128\" data-src=\"https:\/\/esquerra.com.ar\/voleibol\/wp-content\/uploads\/2025\/11\/Defensores-Villa-Dolores-Argentina-128x128.png\" class=\"attachment-sportspress-fit-icon size-sportspress-fit-icon wp-post-image lazyload\" alt=\"\" src=\"data:image\/gif;base64,R0lGODlhAQABAAAAACH5BAEKAAEALAAAAAABAAEAAAICTAEAOw==\" style=\"--smush-placeholder-width: 128px; --smush-placeholder-aspect-ratio: 128\/128;\" \/><noscript><img loading=\"lazy\" decoding=\"async\" width=\"128\" height=\"128\" data-src=\"https:\/\/esquerra.com.ar\/voleibol\/wp-content\/uploads\/2025\/11\/Defensores-Villa-Dolores-Argentina-128x128.png\" class=\"attachment-sportspress-fit-icon size-sportspress-fit-icon wp-post-image lazyload\" alt=\"\" src=\"data:image\/gif;base64,R0lGODlhAQABAAAAACH5BAEKAAEALAAAAAABAAEAAAICTAEAOw==\" style=\"--smush-placeholder-width: 128px; --smush-placeholder-aspect-ratio: 128\/128;\" \/><noscript><img loading=\"lazy\" decoding=\"async\" width=\"128\" height=\"128\" data-src=\"https:\/\/esquerra.com.ar\/voleibol\/wp-content\/uploads\/2025\/11\/Defensores-Villa-Dolores-Argentina-128x128.png\" class=\"attachment-sportspress-fit-icon size-sportspress-fit-icon wp-post-image lazyload\" alt=\"\" src=\"data:image\/gif;base64,R0lGODlhAQABAAAAACH5BAEKAAEALAAAAAABAAEAAAICTAEAOw==\" style=\"--smush-placeholder-width: 128px; --smush-placeholder-aspect-ratio: 128\/128;\" \/><noscript><img loading=\"lazy\" decoding=\"async\" width=\"128\" height=\"128\" data-src=\"https:\/\/esquerra.com.ar\/voleibol\/wp-content\/uploads\/2025\/11\/Defensores-Villa-Dolores-Argentina-128x128.png\" class=\"attachment-sportspress-fit-icon size-sportspress-fit-icon wp-post-image lazyload\" alt=\"\" src=\"data:image\/gif;base64,R0lGODlhAQABAAAAACH5BAEKAAEALAAAAAABAAEAAAICTAEAOw==\" style=\"--smush-placeholder-width: 128px; --smush-placeholder-aspect-ratio: 128\/128;\" \/><noscript><img loading=\"lazy\" decoding=\"async\" width=\"128\" height=\"128\" data-src=\"https:\/\/esquerra.com.ar\/voleibol\/wp-content\/uploads\/2025\/11\/Defensores-Villa-Dolores-Argentina-128x128.png\" class=\"attachment-sportspress-fit-icon size-sportspress-fit-icon wp-post-image lazyload\" alt=\"\" src=\"data:image\/gif;base64,R0lGODlhAQABAAAAACH5BAEKAAEALAAAAAABAAEAAAICTAEAOw==\" style=\"--smush-placeholder-width: 128px; --smush-placeholder-aspect-ratio: 128\/128;\" \/><noscript><img loading=\"lazy\" decoding=\"async\" width=\"128\" height=\"128\" src=\"https:\/\/esquerra.com.ar\/voleibol\/wp-content\/uploads\/2025\/11\/Defensores-Villa-Dolores-Argentina-128x128.png\" class=\"attachment-sportspress-fit-icon size-sportspress-fit-icon wp-post-image\" alt=\"\" \/><\/noscript><\/noscript><\/noscript><\/noscript><\/noscript><\/noscript><\/span>\t\t\t\t\t\t\t<time class=\"sp-event-date\" datetime=\"2025-11-30 14:50:17\" itemprop=\"startDate\" content=\"2025-11-30T14:50:17-03:00\">\n\t\t\t\t\t\t\t\t<a href=\"https:\/\/esquerra.com.ar\/voleibol\/event\/4-zona-c-vs-4-zona-d\/\">30\/11\/2025<\/a>\t\t\t\t\t\t\t<\/time>\n\t\t\t\t\t\t\t\t\t\t\t\t\t\t<h5 class=\"sp-event-results\">\n\t\t\t\t\t\t\t\t<a href=\"https:\/\/esquerra.com.ar\/voleibol\/event\/4-zona-c-vs-4-zona-d\/\"><span class=\"sp-result ok\">2<\/span> - <span class=\"sp-result\">0<\/span><\/a>\t\t\t\t\t\t\t<\/h5>\n\t\t\t\t\t\t\t\t\t\t\t\t\t\t\t\t\t\t\t\t\t\t<div class=\"sp-event-season\">U16F \u2013 Noviembre 2025 \u2013 COPA CRISTAL SF 2<\/div>\n\t\t\t\t\t\t\t\t\t\t\t\t\t\t\t\t\t\t\t\t\t\t\t\t\t\t\t\t\t\t<div class=\"sp-event-venue\" itemprop=\"location\" itemscope itemtype=\"http:\/\/schema.org\/Place\"><div itemprop=\"address\" itemscope itemtype=\"http:\/\/schema.org\/PostalAddress\">Hind\u00fa - Cancha 3<\/div><\/div>\n\t\t\t\t\t\t\t\t\t\t\t\t\t\t\t\t\t\t\t\t\t\t\t\t\t\t\t\t\t\t<div style=\"display:none;\" class=\"sp-event-venue\" itemprop=\"location\" itemscope itemtype=\"http:\/\/schema.org\/Place\"><div itemprop=\"address\" itemscope itemtype=\"http:\/\/schema.org\/PostalAddress\">N\/D<\/div><\/div>\n\t\t\t\t\t\t\t\t\t\t\t\t\t\t<h4 class=\"sp-event-title\" itemprop=\"name\">\n\t\t\t\t\t\t\t\t<a href=\"https:\/\/esquerra.com.ar\/voleibol\/event\/4-zona-c-vs-4-zona-d\/\">Racing (C\u00f3rdoba, Argentina) vs Defensores (Villa Dolores, Argentina)<\/a>\t\t\t\t\t\t\t<\/h4>\n\t\t\t\t\t\t\t\n\t\t\t\t\t\t<\/td>\n\t\t\t\t\t<\/tr>\n\t\t\t\t\t\t\t\t<\/tbody>\n\t\t<\/table>\n\t<\/div>\n\t<\/div>\n<\/div><br \/>\n<div class=\"sportspress\"><h4 class=\"sp-table-caption\">TERCER PUESTO CRISTAL<\/h4><div class=\"sp-template sp-template-event-blocks\">\n\t<div class=\"sp-table-wrapper\">\n\t\t<table class=\"sp-event-blocks sp-data-table\n\t\t\t\t\t sp-paginated-table\" data-sp-rows=\"99\">\n\t\t\t<thead><tr><th><\/th><\/tr><\/thead> \t\t\t<tbody>\n\t\t\t\t\t\t\t\t\t<tr class=\"sp-row sp-post alternate\" itemscope itemtype=\"http:\/\/schema.org\/SportsEvent\">\n\t\t\t\t\t\t<td>\n\t\t\t\t\t\t\t\t\t\t\t\t\t\t<span class=\"team-logo logo-odd\" title=\"San Mart\u00edn (Marcos Ju\u00e1rez, Argentina)\"><img loading=\"lazy\" decoding=\"async\" width=\"128\" height=\"128\" data-src=\"https:\/\/esquerra.com.ar\/voleibol\/wp-content\/uploads\/2024\/10\/San-Martin-Marcos-Juarez-Argentina-128x128.png\" class=\"attachment-sportspress-fit-icon size-sportspress-fit-icon wp-post-image lazyload\" alt=\"\" src=\"data:image\/gif;base64,R0lGODlhAQABAAAAACH5BAEKAAEALAAAAAABAAEAAAICTAEAOw==\" style=\"--smush-placeholder-width: 128px; --smush-placeholder-aspect-ratio: 128\/128;\" \/><noscript><img loading=\"lazy\" decoding=\"async\" width=\"128\" height=\"128\" data-src=\"https:\/\/esquerra.com.ar\/voleibol\/wp-content\/uploads\/2024\/10\/San-Martin-Marcos-Juarez-Argentina-128x128.png\" class=\"attachment-sportspress-fit-icon size-sportspress-fit-icon wp-post-image lazyload\" alt=\"\" src=\"data:image\/gif;base64,R0lGODlhAQABAAAAACH5BAEKAAEALAAAAAABAAEAAAICTAEAOw==\" style=\"--smush-placeholder-width: 128px; --smush-placeholder-aspect-ratio: 128\/128;\" \/><noscript><img loading=\"lazy\" decoding=\"async\" width=\"128\" height=\"128\" data-src=\"https:\/\/esquerra.com.ar\/voleibol\/wp-content\/uploads\/2024\/10\/San-Martin-Marcos-Juarez-Argentina-128x128.png\" class=\"attachment-sportspress-fit-icon size-sportspress-fit-icon wp-post-image lazyload\" alt=\"\" src=\"data:image\/gif;base64,R0lGODlhAQABAAAAACH5BAEKAAEALAAAAAABAAEAAAICTAEAOw==\" style=\"--smush-placeholder-width: 128px; --smush-placeholder-aspect-ratio: 128\/128;\" \/><noscript><img loading=\"lazy\" decoding=\"async\" width=\"128\" height=\"128\" data-src=\"https:\/\/esquerra.com.ar\/voleibol\/wp-content\/uploads\/2024\/10\/San-Martin-Marcos-Juarez-Argentina-128x128.png\" class=\"attachment-sportspress-fit-icon size-sportspress-fit-icon wp-post-image lazyload\" alt=\"\" src=\"data:image\/gif;base64,R0lGODlhAQABAAAAACH5BAEKAAEALAAAAAABAAEAAAICTAEAOw==\" style=\"--smush-placeholder-width: 128px; --smush-placeholder-aspect-ratio: 128\/128;\" \/><noscript><img loading=\"lazy\" decoding=\"async\" width=\"128\" height=\"128\" data-src=\"https:\/\/esquerra.com.ar\/voleibol\/wp-content\/uploads\/2024\/10\/San-Martin-Marcos-Juarez-Argentina-128x128.png\" class=\"attachment-sportspress-fit-icon size-sportspress-fit-icon wp-post-image lazyload\" alt=\"\" src=\"data:image\/gif;base64,R0lGODlhAQABAAAAACH5BAEKAAEALAAAAAABAAEAAAICTAEAOw==\" style=\"--smush-placeholder-width: 128px; --smush-placeholder-aspect-ratio: 128\/128;\" \/><noscript><img loading=\"lazy\" decoding=\"async\" width=\"128\" height=\"128\" data-src=\"https:\/\/esquerra.com.ar\/voleibol\/wp-content\/uploads\/2024\/10\/San-Martin-Marcos-Juarez-Argentina-128x128.png\" class=\"attachment-sportspress-fit-icon size-sportspress-fit-icon wp-post-image lazyload\" alt=\"\" src=\"data:image\/gif;base64,R0lGODlhAQABAAAAACH5BAEKAAEALAAAAAABAAEAAAICTAEAOw==\" style=\"--smush-placeholder-width: 128px; --smush-placeholder-aspect-ratio: 128\/128;\" \/><noscript><img loading=\"lazy\" decoding=\"async\" width=\"128\" height=\"128\" src=\"https:\/\/esquerra.com.ar\/voleibol\/wp-content\/uploads\/2024\/10\/San-Martin-Marcos-Juarez-Argentina-128x128.png\" class=\"attachment-sportspress-fit-icon size-sportspress-fit-icon wp-post-image\" alt=\"\" \/><\/noscript><\/noscript><\/noscript><\/noscript><\/noscript><\/noscript><\/span> <span class=\"team-logo logo-even\" title=\"Defensores (Villa Dolores, Argentina)\"><img loading=\"lazy\" decoding=\"async\" width=\"128\" height=\"128\" data-src=\"https:\/\/esquerra.com.ar\/voleibol\/wp-content\/uploads\/2025\/11\/Defensores-Villa-Dolores-Argentina-128x128.png\" class=\"attachment-sportspress-fit-icon size-sportspress-fit-icon wp-post-image lazyload\" alt=\"\" src=\"data:image\/gif;base64,R0lGODlhAQABAAAAACH5BAEKAAEALAAAAAABAAEAAAICTAEAOw==\" style=\"--smush-placeholder-width: 128px; --smush-placeholder-aspect-ratio: 128\/128;\" \/><noscript><img loading=\"lazy\" decoding=\"async\" width=\"128\" height=\"128\" data-src=\"https:\/\/esquerra.com.ar\/voleibol\/wp-content\/uploads\/2025\/11\/Defensores-Villa-Dolores-Argentina-128x128.png\" class=\"attachment-sportspress-fit-icon size-sportspress-fit-icon wp-post-image lazyload\" alt=\"\" src=\"data:image\/gif;base64,R0lGODlhAQABAAAAACH5BAEKAAEALAAAAAABAAEAAAICTAEAOw==\" style=\"--smush-placeholder-width: 128px; --smush-placeholder-aspect-ratio: 128\/128;\" \/><noscript><img loading=\"lazy\" decoding=\"async\" width=\"128\" height=\"128\" data-src=\"https:\/\/esquerra.com.ar\/voleibol\/wp-content\/uploads\/2025\/11\/Defensores-Villa-Dolores-Argentina-128x128.png\" class=\"attachment-sportspress-fit-icon size-sportspress-fit-icon wp-post-image lazyload\" alt=\"\" src=\"data:image\/gif;base64,R0lGODlhAQABAAAAACH5BAEKAAEALAAAAAABAAEAAAICTAEAOw==\" style=\"--smush-placeholder-width: 128px; --smush-placeholder-aspect-ratio: 128\/128;\" \/><noscript><img loading=\"lazy\" decoding=\"async\" width=\"128\" height=\"128\" data-src=\"https:\/\/esquerra.com.ar\/voleibol\/wp-content\/uploads\/2025\/11\/Defensores-Villa-Dolores-Argentina-128x128.png\" class=\"attachment-sportspress-fit-icon size-sportspress-fit-icon wp-post-image lazyload\" alt=\"\" src=\"data:image\/gif;base64,R0lGODlhAQABAAAAACH5BAEKAAEALAAAAAABAAEAAAICTAEAOw==\" style=\"--smush-placeholder-width: 128px; --smush-placeholder-aspect-ratio: 128\/128;\" \/><noscript><img loading=\"lazy\" decoding=\"async\" width=\"128\" height=\"128\" data-src=\"https:\/\/esquerra.com.ar\/voleibol\/wp-content\/uploads\/2025\/11\/Defensores-Villa-Dolores-Argentina-128x128.png\" class=\"attachment-sportspress-fit-icon size-sportspress-fit-icon wp-post-image lazyload\" alt=\"\" src=\"data:image\/gif;base64,R0lGODlhAQABAAAAACH5BAEKAAEALAAAAAABAAEAAAICTAEAOw==\" style=\"--smush-placeholder-width: 128px; --smush-placeholder-aspect-ratio: 128\/128;\" \/><noscript><img loading=\"lazy\" decoding=\"async\" width=\"128\" height=\"128\" data-src=\"https:\/\/esquerra.com.ar\/voleibol\/wp-content\/uploads\/2025\/11\/Defensores-Villa-Dolores-Argentina-128x128.png\" class=\"attachment-sportspress-fit-icon size-sportspress-fit-icon wp-post-image lazyload\" alt=\"\" src=\"data:image\/gif;base64,R0lGODlhAQABAAAAACH5BAEKAAEALAAAAAABAAEAAAICTAEAOw==\" style=\"--smush-placeholder-width: 128px; --smush-placeholder-aspect-ratio: 128\/128;\" \/><noscript><img loading=\"lazy\" decoding=\"async\" width=\"128\" height=\"128\" src=\"https:\/\/esquerra.com.ar\/voleibol\/wp-content\/uploads\/2025\/11\/Defensores-Villa-Dolores-Argentina-128x128.png\" class=\"attachment-sportspress-fit-icon size-sportspress-fit-icon wp-post-image\" alt=\"\" \/><\/noscript><\/noscript><\/noscript><\/noscript><\/noscript><\/noscript><\/span>\t\t\t\t\t\t\t<time class=\"sp-event-date\" datetime=\"2025-11-30 15:50:43\" itemprop=\"startDate\" content=\"2025-11-30T15:50:43-03:00\">\n\t\t\t\t\t\t\t\t<a href=\"https:\/\/esquerra.com.ar\/voleibol\/event\/perdedor-sf-1-vs-perdedor-sf-2-5\/\">30\/11\/2025<\/a>\t\t\t\t\t\t\t<\/time>\n\t\t\t\t\t\t\t\t\t\t\t\t\t\t<h5 class=\"sp-event-results\">\n\t\t\t\t\t\t\t\t<a href=\"https:\/\/esquerra.com.ar\/voleibol\/event\/perdedor-sf-1-vs-perdedor-sf-2-5\/\"><span class=\"sp-result ok\">0<\/span> - <span class=\"sp-result\">2<\/span><\/a>\t\t\t\t\t\t\t<\/h5>\n\t\t\t\t\t\t\t\t\t\t\t\t\t\t\t\t\t\t\t\t\t\t<div class=\"sp-event-season\">U16F \u2013 Noviembre 2025 \u2013 COPA CRISTAL TERCER PUESTO<\/div>\n\t\t\t\t\t\t\t\t\t\t\t\t\t\t\t\t\t\t\t\t\t\t\t\t\t\t\t\t\t\t<div class=\"sp-event-venue\" itemprop=\"location\" itemscope itemtype=\"http:\/\/schema.org\/Place\"><div itemprop=\"address\" itemscope itemtype=\"http:\/\/schema.org\/PostalAddress\">Hind\u00fa - Cancha 2<\/div><\/div>\n\t\t\t\t\t\t\t\t\t\t\t\t\t\t\t\t\t\t\t\t\t\t\t\t\t\t\t\t\t\t<div style=\"display:none;\" class=\"sp-event-venue\" itemprop=\"location\" itemscope itemtype=\"http:\/\/schema.org\/Place\"><div itemprop=\"address\" itemscope itemtype=\"http:\/\/schema.org\/PostalAddress\">N\/D<\/div><\/div>\n\t\t\t\t\t\t\t\t\t\t\t\t\t\t<h4 class=\"sp-event-title\" itemprop=\"name\">\n\t\t\t\t\t\t\t\t<a href=\"https:\/\/esquerra.com.ar\/voleibol\/event\/perdedor-sf-1-vs-perdedor-sf-2-5\/\">San Mart\u00edn (Marcos Ju\u00e1rez, Argentina) vs Defensores (Villa Dolores, Argentina)<\/a>\t\t\t\t\t\t\t<\/h4>\n\t\t\t\t\t\t\t\n\t\t\t\t\t\t<\/td>\n\t\t\t\t\t<\/tr>\n\t\t\t\t\t\t\t\t<\/tbody>\n\t\t<\/table>\n\t<\/div>\n\t<\/div>\n<\/div><br \/>\n<div class=\"sportspress\"><h4 class=\"sp-table-caption\">FINAL CRISTAL<\/h4><div class=\"sp-template sp-template-event-blocks\">\n\t<div class=\"sp-table-wrapper\">\n\t\t<table class=\"sp-event-blocks sp-data-table\n\t\t\t\t\t sp-paginated-table\" data-sp-rows=\"99\">\n\t\t\t<thead><tr><th><\/th><\/tr><\/thead> \t\t\t<tbody>\n\t\t\t\t\t\t\t\t\t<tr class=\"sp-row sp-post alternate\" itemscope itemtype=\"http:\/\/schema.org\/SportsEvent\">\n\t\t\t\t\t\t<td>\n\t\t\t\t\t\t\t\t\t\t\t\t\t\t<span class=\"team-logo logo-odd\" title=\"Nuestra Se\u00f1ora del Huerto (Quillota, Chile)\"><img loading=\"lazy\" decoding=\"async\" width=\"128\" height=\"128\" data-src=\"https:\/\/esquerra.com.ar\/voleibol\/wp-content\/uploads\/2025\/11\/Nuestra-Senora-del-Huerto-Quillota-Chile-scaled.png\" class=\"attachment-sportspress-fit-icon size-sportspress-fit-icon wp-post-image lazyload\" alt=\"\" src=\"data:image\/gif;base64,R0lGODlhAQABAAAAACH5BAEKAAEALAAAAAABAAEAAAICTAEAOw==\" style=\"--smush-placeholder-width: 128px; --smush-placeholder-aspect-ratio: 128\/128;\" \/><noscript><img loading=\"lazy\" decoding=\"async\" width=\"128\" height=\"128\" data-src=\"https:\/\/esquerra.com.ar\/voleibol\/wp-content\/uploads\/2025\/11\/Nuestra-Senora-del-Huerto-Quillota-Chile-scaled.png\" class=\"attachment-sportspress-fit-icon size-sportspress-fit-icon wp-post-image lazyload\" alt=\"\" src=\"data:image\/gif;base64,R0lGODlhAQABAAAAACH5BAEKAAEALAAAAAABAAEAAAICTAEAOw==\" style=\"--smush-placeholder-width: 128px; --smush-placeholder-aspect-ratio: 128\/128;\" \/><noscript><img loading=\"lazy\" decoding=\"async\" width=\"128\" height=\"128\" data-src=\"https:\/\/esquerra.com.ar\/voleibol\/wp-content\/uploads\/2025\/11\/Nuestra-Senora-del-Huerto-Quillota-Chile-scaled.png\" class=\"attachment-sportspress-fit-icon size-sportspress-fit-icon wp-post-image lazyload\" alt=\"\" src=\"data:image\/gif;base64,R0lGODlhAQABAAAAACH5BAEKAAEALAAAAAABAAEAAAICTAEAOw==\" style=\"--smush-placeholder-width: 128px; --smush-placeholder-aspect-ratio: 128\/128;\" \/><noscript><img loading=\"lazy\" decoding=\"async\" width=\"128\" height=\"128\" data-src=\"https:\/\/esquerra.com.ar\/voleibol\/wp-content\/uploads\/2025\/11\/Nuestra-Senora-del-Huerto-Quillota-Chile-scaled.png\" class=\"attachment-sportspress-fit-icon size-sportspress-fit-icon wp-post-image lazyload\" alt=\"\" src=\"data:image\/gif;base64,R0lGODlhAQABAAAAACH5BAEKAAEALAAAAAABAAEAAAICTAEAOw==\" style=\"--smush-placeholder-width: 128px; --smush-placeholder-aspect-ratio: 128\/128;\" \/><noscript><img loading=\"lazy\" decoding=\"async\" width=\"128\" height=\"128\" data-src=\"https:\/\/esquerra.com.ar\/voleibol\/wp-content\/uploads\/2025\/11\/Nuestra-Senora-del-Huerto-Quillota-Chile-scaled.png\" class=\"attachment-sportspress-fit-icon size-sportspress-fit-icon wp-post-image lazyload\" alt=\"\" src=\"data:image\/gif;base64,R0lGODlhAQABAAAAACH5BAEKAAEALAAAAAABAAEAAAICTAEAOw==\" style=\"--smush-placeholder-width: 128px; --smush-placeholder-aspect-ratio: 128\/128;\" \/><noscript><img loading=\"lazy\" decoding=\"async\" width=\"128\" height=\"128\" data-src=\"https:\/\/esquerra.com.ar\/voleibol\/wp-content\/uploads\/2025\/11\/Nuestra-Senora-del-Huerto-Quillota-Chile-scaled.png\" class=\"attachment-sportspress-fit-icon size-sportspress-fit-icon wp-post-image lazyload\" alt=\"\" src=\"data:image\/gif;base64,R0lGODlhAQABAAAAACH5BAEKAAEALAAAAAABAAEAAAICTAEAOw==\" style=\"--smush-placeholder-width: 128px; --smush-placeholder-aspect-ratio: 128\/128;\" \/><noscript><img loading=\"lazy\" decoding=\"async\" width=\"128\" height=\"128\" src=\"https:\/\/esquerra.com.ar\/voleibol\/wp-content\/uploads\/2025\/11\/Nuestra-Senora-del-Huerto-Quillota-Chile-scaled.png\" class=\"attachment-sportspress-fit-icon size-sportspress-fit-icon wp-post-image\" alt=\"\" \/><\/noscript><\/noscript><\/noscript><\/noscript><\/noscript><\/noscript><\/span> <span class=\"team-logo logo-even\" title=\"Racing (C\u00f3rdoba, Argentina)\"><img loading=\"lazy\" decoding=\"async\" width=\"128\" height=\"128\" data-src=\"https:\/\/esquerra.com.ar\/voleibol\/wp-content\/uploads\/2024\/10\/Racing-Cordoba-Argentina-128x128.png\" class=\"attachment-sportspress-fit-icon size-sportspress-fit-icon wp-post-image lazyload\" alt=\"\" src=\"data:image\/gif;base64,R0lGODlhAQABAAAAACH5BAEKAAEALAAAAAABAAEAAAICTAEAOw==\" style=\"--smush-placeholder-width: 128px; --smush-placeholder-aspect-ratio: 128\/128;\" \/><noscript><img loading=\"lazy\" decoding=\"async\" width=\"128\" height=\"128\" data-src=\"https:\/\/esquerra.com.ar\/voleibol\/wp-content\/uploads\/2024\/10\/Racing-Cordoba-Argentina-128x128.png\" class=\"attachment-sportspress-fit-icon size-sportspress-fit-icon wp-post-image lazyload\" alt=\"\" src=\"data:image\/gif;base64,R0lGODlhAQABAAAAACH5BAEKAAEALAAAAAABAAEAAAICTAEAOw==\" style=\"--smush-placeholder-width: 128px; --smush-placeholder-aspect-ratio: 128\/128;\" \/><noscript><img loading=\"lazy\" decoding=\"async\" width=\"128\" height=\"128\" data-src=\"https:\/\/esquerra.com.ar\/voleibol\/wp-content\/uploads\/2024\/10\/Racing-Cordoba-Argentina-128x128.png\" class=\"attachment-sportspress-fit-icon size-sportspress-fit-icon wp-post-image lazyload\" alt=\"\" src=\"data:image\/gif;base64,R0lGODlhAQABAAAAACH5BAEKAAEALAAAAAABAAEAAAICTAEAOw==\" style=\"--smush-placeholder-width: 128px; --smush-placeholder-aspect-ratio: 128\/128;\" \/><noscript><img loading=\"lazy\" decoding=\"async\" width=\"128\" height=\"128\" data-src=\"https:\/\/esquerra.com.ar\/voleibol\/wp-content\/uploads\/2024\/10\/Racing-Cordoba-Argentina-128x128.png\" class=\"attachment-sportspress-fit-icon size-sportspress-fit-icon wp-post-image lazyload\" alt=\"\" src=\"data:image\/gif;base64,R0lGODlhAQABAAAAACH5BAEKAAEALAAAAAABAAEAAAICTAEAOw==\" style=\"--smush-placeholder-width: 128px; --smush-placeholder-aspect-ratio: 128\/128;\" \/><noscript><img loading=\"lazy\" decoding=\"async\" width=\"128\" height=\"128\" data-src=\"https:\/\/esquerra.com.ar\/voleibol\/wp-content\/uploads\/2024\/10\/Racing-Cordoba-Argentina-128x128.png\" class=\"attachment-sportspress-fit-icon size-sportspress-fit-icon wp-post-image lazyload\" alt=\"\" src=\"data:image\/gif;base64,R0lGODlhAQABAAAAACH5BAEKAAEALAAAAAABAAEAAAICTAEAOw==\" style=\"--smush-placeholder-width: 128px; --smush-placeholder-aspect-ratio: 128\/128;\" \/><noscript><img loading=\"lazy\" decoding=\"async\" width=\"128\" height=\"128\" data-src=\"https:\/\/esquerra.com.ar\/voleibol\/wp-content\/uploads\/2024\/10\/Racing-Cordoba-Argentina-128x128.png\" class=\"attachment-sportspress-fit-icon size-sportspress-fit-icon wp-post-image lazyload\" alt=\"\" src=\"data:image\/gif;base64,R0lGODlhAQABAAAAACH5BAEKAAEALAAAAAABAAEAAAICTAEAOw==\" style=\"--smush-placeholder-width: 128px; --smush-placeholder-aspect-ratio: 128\/128;\" \/><noscript><img loading=\"lazy\" decoding=\"async\" width=\"128\" height=\"128\" src=\"https:\/\/esquerra.com.ar\/voleibol\/wp-content\/uploads\/2024\/10\/Racing-Cordoba-Argentina-128x128.png\" class=\"attachment-sportspress-fit-icon size-sportspress-fit-icon wp-post-image\" alt=\"\" \/><\/noscript><\/noscript><\/noscript><\/noscript><\/noscript><\/noscript><\/span>\t\t\t\t\t\t\t<time class=\"sp-event-date\" datetime=\"2025-11-30 15:50:03\" itemprop=\"startDate\" content=\"2025-11-30T15:50:03-03:00\">\n\t\t\t\t\t\t\t\t<a href=\"https:\/\/esquerra.com.ar\/voleibol\/event\/ganador-sf-1-vs-ganador-sf-2-7\/\">30\/11\/2025<\/a>\t\t\t\t\t\t\t<\/time>\n\t\t\t\t\t\t\t\t\t\t\t\t\t\t<h5 class=\"sp-event-results\">\n\t\t\t\t\t\t\t\t<a href=\"https:\/\/esquerra.com.ar\/voleibol\/event\/ganador-sf-1-vs-ganador-sf-2-7\/\"><span class=\"sp-result ok\">0<\/span> - <span class=\"sp-result\">2<\/span><\/a>\t\t\t\t\t\t\t<\/h5>\n\t\t\t\t\t\t\t\t\t\t\t\t\t\t\t\t\t\t\t\t\t\t<div class=\"sp-event-season\">U16F \u2013 Noviembre 2025 \u2013 COPA CRISTAL FINAL<\/div>\n\t\t\t\t\t\t\t\t\t\t\t\t\t\t\t\t\t\t\t\t\t\t\t\t\t\t\t\t\t\t<div class=\"sp-event-venue\" itemprop=\"location\" itemscope itemtype=\"http:\/\/schema.org\/Place\"><div itemprop=\"address\" itemscope itemtype=\"http:\/\/schema.org\/PostalAddress\">Hind\u00fa - Cancha 3<\/div><\/div>\n\t\t\t\t\t\t\t\t\t\t\t\t\t\t\t\t\t\t\t\t\t\t\t\t\t\t\t\t\t\t<div style=\"display:none;\" class=\"sp-event-venue\" itemprop=\"location\" itemscope itemtype=\"http:\/\/schema.org\/Place\"><div itemprop=\"address\" itemscope itemtype=\"http:\/\/schema.org\/PostalAddress\">N\/D<\/div><\/div>\n\t\t\t\t\t\t\t\t\t\t\t\t\t\t<h4 class=\"sp-event-title\" itemprop=\"name\">\n\t\t\t\t\t\t\t\t<a href=\"https:\/\/esquerra.com.ar\/voleibol\/event\/ganador-sf-1-vs-ganador-sf-2-7\/\">Nuestra Se\u00f1ora del Huerto (Quillota, Chile) vs Racing (C\u00f3rdoba, Argentina)<\/a>\t\t\t\t\t\t\t<\/h4>\n\t\t\t\t\t\t\t\n\t\t\t\t\t\t<\/td>\n\t\t\t\t\t<\/tr>\n\t\t\t\t\t\t\t\t<\/tbody>\n\t\t<\/table>\n\t<\/div>\n\t<\/div>\n<\/div><\/p>\n<\/div><\/details><\/div>\n\n\n\n<div class=\"wp-block-coblocks-accordion-item has-custom-font has-custom-weight has-custom-transform\" style=\"font-family:Montserrat;font-weight:400;text-transform:uppercase\"><details><summary class=\"wp-block-coblocks-accordion-item__title has-background has-text-color has-nv-site-bg-color\" style=\"background-color:#002f68\">COPA BRONCE<\/summary><div class=\"wp-block-coblocks-accordion-item__content\" style=\"border-color:#002f68\"><p><div class=\"sportspress\"><h4 class=\"sp-table-caption\">SEMIFINAL 1 BRONCE<\/h4><div class=\"sp-template sp-template-event-blocks\">\n\t<div class=\"sp-table-wrapper\">\n\t\t<table class=\"sp-event-blocks sp-data-table\n\t\t\t\t\t sp-paginated-table\" data-sp-rows=\"99\">\n\t\t\t<thead><tr><th><\/th><\/tr><\/thead> \t\t\t<tbody>\n\t\t\t\t\t\t\t\t\t<tr class=\"sp-row sp-post alternate\" itemscope itemtype=\"http:\/\/schema.org\/SportsEvent\">\n\t\t\t\t\t\t<td>\n\t\t\t\t\t\t\t\t\t\t\t\t\t\t<span class=\"team-logo logo-odd\" title=\"Denham School (San Bernardo, Chile)\"><img decoding=\"async\" width=\"128\" height=\"128\" data-src=\"https:\/\/esquerra.com.ar\/voleibol\/wp-content\/uploads\/2025\/11\/Demhan-School-San-Bernardo-Chile-128x128.png\" class=\"attachment-sportspress-fit-icon size-sportspress-fit-icon wp-post-image lazyload\" alt=\"\" src=\"data:image\/gif;base64,R0lGODlhAQABAAAAACH5BAEKAAEALAAAAAABAAEAAAICTAEAOw==\" style=\"--smush-placeholder-width: 128px; --smush-placeholder-aspect-ratio: 128\/128;\" \/><noscript><img decoding=\"async\" width=\"128\" height=\"128\" data-src=\"https:\/\/esquerra.com.ar\/voleibol\/wp-content\/uploads\/2025\/11\/Demhan-School-San-Bernardo-Chile-128x128.png\" class=\"attachment-sportspress-fit-icon size-sportspress-fit-icon wp-post-image lazyload\" alt=\"\" src=\"data:image\/gif;base64,R0lGODlhAQABAAAAACH5BAEKAAEALAAAAAABAAEAAAICTAEAOw==\" style=\"--smush-placeholder-width: 128px; --smush-placeholder-aspect-ratio: 128\/128;\" \/><noscript><img decoding=\"async\" width=\"128\" height=\"128\" data-src=\"https:\/\/esquerra.com.ar\/voleibol\/wp-content\/uploads\/2025\/11\/Demhan-School-San-Bernardo-Chile-128x128.png\" class=\"attachment-sportspress-fit-icon size-sportspress-fit-icon wp-post-image lazyload\" alt=\"\" src=\"data:image\/gif;base64,R0lGODlhAQABAAAAACH5BAEKAAEALAAAAAABAAEAAAICTAEAOw==\" style=\"--smush-placeholder-width: 128px; --smush-placeholder-aspect-ratio: 128\/128;\" \/><noscript><img decoding=\"async\" width=\"128\" height=\"128\" data-src=\"https:\/\/esquerra.com.ar\/voleibol\/wp-content\/uploads\/2025\/11\/Demhan-School-San-Bernardo-Chile-128x128.png\" class=\"attachment-sportspress-fit-icon size-sportspress-fit-icon wp-post-image lazyload\" alt=\"\" src=\"data:image\/gif;base64,R0lGODlhAQABAAAAACH5BAEKAAEALAAAAAABAAEAAAICTAEAOw==\" style=\"--smush-placeholder-width: 128px; --smush-placeholder-aspect-ratio: 128\/128;\" \/><noscript><img decoding=\"async\" width=\"128\" height=\"128\" data-src=\"https:\/\/esquerra.com.ar\/voleibol\/wp-content\/uploads\/2025\/11\/Demhan-School-San-Bernardo-Chile-128x128.png\" class=\"attachment-sportspress-fit-icon size-sportspress-fit-icon wp-post-image lazyload\" alt=\"\" src=\"data:image\/gif;base64,R0lGODlhAQABAAAAACH5BAEKAAEALAAAAAABAAEAAAICTAEAOw==\" style=\"--smush-placeholder-width: 128px; --smush-placeholder-aspect-ratio: 128\/128;\" \/><noscript><img decoding=\"async\" width=\"128\" height=\"128\" data-src=\"https:\/\/esquerra.com.ar\/voleibol\/wp-content\/uploads\/2025\/11\/Demhan-School-San-Bernardo-Chile-128x128.png\" class=\"attachment-sportspress-fit-icon size-sportspress-fit-icon wp-post-image lazyload\" alt=\"\" src=\"data:image\/gif;base64,R0lGODlhAQABAAAAACH5BAEKAAEALAAAAAABAAEAAAICTAEAOw==\" style=\"--smush-placeholder-width: 128px; --smush-placeholder-aspect-ratio: 128\/128;\" \/><noscript><img decoding=\"async\" width=\"128\" height=\"128\" src=\"https:\/\/esquerra.com.ar\/voleibol\/wp-content\/uploads\/2025\/11\/Demhan-School-San-Bernardo-Chile-128x128.png\" class=\"attachment-sportspress-fit-icon size-sportspress-fit-icon wp-post-image\" alt=\"\" \/><\/noscript><\/noscript><\/noscript><\/noscript><\/noscript><\/noscript><\/span> <span class=\"team-logo logo-even\" title=\"Parque Central (Neuqu\u00e9n, Argentina)\"><img loading=\"lazy\" decoding=\"async\" width=\"128\" height=\"128\" data-src=\"https:\/\/esquerra.com.ar\/voleibol\/wp-content\/uploads\/2025\/11\/Parque-Central-Neuquen-Argentina-128x128.png\" class=\"attachment-sportspress-fit-icon size-sportspress-fit-icon wp-post-image lazyload\" alt=\"\" src=\"data:image\/gif;base64,R0lGODlhAQABAAAAACH5BAEKAAEALAAAAAABAAEAAAICTAEAOw==\" style=\"--smush-placeholder-width: 128px; --smush-placeholder-aspect-ratio: 128\/128;\" \/><noscript><img loading=\"lazy\" decoding=\"async\" width=\"128\" height=\"128\" data-src=\"https:\/\/esquerra.com.ar\/voleibol\/wp-content\/uploads\/2025\/11\/Parque-Central-Neuquen-Argentina-128x128.png\" class=\"attachment-sportspress-fit-icon size-sportspress-fit-icon wp-post-image lazyload\" alt=\"\" src=\"data:image\/gif;base64,R0lGODlhAQABAAAAACH5BAEKAAEALAAAAAABAAEAAAICTAEAOw==\" style=\"--smush-placeholder-width: 128px; --smush-placeholder-aspect-ratio: 128\/128;\" \/><noscript><img loading=\"lazy\" decoding=\"async\" width=\"128\" height=\"128\" data-src=\"https:\/\/esquerra.com.ar\/voleibol\/wp-content\/uploads\/2025\/11\/Parque-Central-Neuquen-Argentina-128x128.png\" class=\"attachment-sportspress-fit-icon size-sportspress-fit-icon wp-post-image lazyload\" alt=\"\" src=\"data:image\/gif;base64,R0lGODlhAQABAAAAACH5BAEKAAEALAAAAAABAAEAAAICTAEAOw==\" style=\"--smush-placeholder-width: 128px; --smush-placeholder-aspect-ratio: 128\/128;\" \/><noscript><img loading=\"lazy\" decoding=\"async\" width=\"128\" height=\"128\" data-src=\"https:\/\/esquerra.com.ar\/voleibol\/wp-content\/uploads\/2025\/11\/Parque-Central-Neuquen-Argentina-128x128.png\" class=\"attachment-sportspress-fit-icon size-sportspress-fit-icon wp-post-image lazyload\" alt=\"\" src=\"data:image\/gif;base64,R0lGODlhAQABAAAAACH5BAEKAAEALAAAAAABAAEAAAICTAEAOw==\" style=\"--smush-placeholder-width: 128px; --smush-placeholder-aspect-ratio: 128\/128;\" \/><noscript><img loading=\"lazy\" decoding=\"async\" width=\"128\" height=\"128\" data-src=\"https:\/\/esquerra.com.ar\/voleibol\/wp-content\/uploads\/2025\/11\/Parque-Central-Neuquen-Argentina-128x128.png\" class=\"attachment-sportspress-fit-icon size-sportspress-fit-icon wp-post-image lazyload\" alt=\"\" src=\"data:image\/gif;base64,R0lGODlhAQABAAAAACH5BAEKAAEALAAAAAABAAEAAAICTAEAOw==\" style=\"--smush-placeholder-width: 128px; --smush-placeholder-aspect-ratio: 128\/128;\" \/><noscript><img loading=\"lazy\" decoding=\"async\" width=\"128\" height=\"128\" data-src=\"https:\/\/esquerra.com.ar\/voleibol\/wp-content\/uploads\/2025\/11\/Parque-Central-Neuquen-Argentina-128x128.png\" class=\"attachment-sportspress-fit-icon size-sportspress-fit-icon wp-post-image lazyload\" alt=\"\" src=\"data:image\/gif;base64,R0lGODlhAQABAAAAACH5BAEKAAEALAAAAAABAAEAAAICTAEAOw==\" style=\"--smush-placeholder-width: 128px; --smush-placeholder-aspect-ratio: 128\/128;\" \/><noscript><img loading=\"lazy\" decoding=\"async\" width=\"128\" height=\"128\" src=\"https:\/\/esquerra.com.ar\/voleibol\/wp-content\/uploads\/2025\/11\/Parque-Central-Neuquen-Argentina-128x128.png\" class=\"attachment-sportspress-fit-icon size-sportspress-fit-icon wp-post-image\" alt=\"\" \/><\/noscript><\/noscript><\/noscript><\/noscript><\/noscript><\/noscript><\/span>\t\t\t\t\t\t\t<time class=\"sp-event-date\" datetime=\"2025-11-30 10:10:16\" itemprop=\"startDate\" content=\"2025-11-30T10:10:16-03:00\">\n\t\t\t\t\t\t\t\t<a href=\"https:\/\/esquerra.com.ar\/voleibol\/event\/3-zona-a-vs-3-zona-b\/\">30\/11\/2025<\/a>\t\t\t\t\t\t\t<\/time>\n\t\t\t\t\t\t\t\t\t\t\t\t\t\t<h5 class=\"sp-event-results\">\n\t\t\t\t\t\t\t\t<a href=\"https:\/\/esquerra.com.ar\/voleibol\/event\/3-zona-a-vs-3-zona-b\/\"><span class=\"sp-result ok\">2<\/span> - <span class=\"sp-result\">1<\/span><\/a>\t\t\t\t\t\t\t<\/h5>\n\t\t\t\t\t\t\t\t\t\t\t\t\t\t\t\t\t\t\t\t\t\t<div class=\"sp-event-season\">U16F \u2013 Noviembre 2025 \u2013 COPA BRONCE SF 1<\/div>\n\t\t\t\t\t\t\t\t\t\t\t\t\t\t\t\t\t\t\t\t\t\t\t\t\t\t\t\t\t\t<div class=\"sp-event-venue\" itemprop=\"location\" itemscope itemtype=\"http:\/\/schema.org\/Place\"><div itemprop=\"address\" itemscope itemtype=\"http:\/\/schema.org\/PostalAddress\">El Ceibo - Cancha 1<\/div><\/div>\n\t\t\t\t\t\t\t\t\t\t\t\t\t\t\t\t\t\t\t\t\t\t\t\t\t\t\t\t\t\t<div style=\"display:none;\" class=\"sp-event-venue\" itemprop=\"location\" itemscope itemtype=\"http:\/\/schema.org\/Place\"><div itemprop=\"address\" itemscope itemtype=\"http:\/\/schema.org\/PostalAddress\">N\/D<\/div><\/div>\n\t\t\t\t\t\t\t\t\t\t\t\t\t\t<h4 class=\"sp-event-title\" itemprop=\"name\">\n\t\t\t\t\t\t\t\t<a href=\"https:\/\/esquerra.com.ar\/voleibol\/event\/3-zona-a-vs-3-zona-b\/\">Denham School (San Bernardo, Chile) vs Parque Central (Neuqu\u00e9n, Argentina)<\/a>\t\t\t\t\t\t\t<\/h4>\n\t\t\t\t\t\t\t\n\t\t\t\t\t\t<\/td>\n\t\t\t\t\t<\/tr>\n\t\t\t\t\t\t\t\t<\/tbody>\n\t\t<\/table>\n\t<\/div>\n\t<\/div>\n<\/div><br \/>\n<div class=\"sportspress\"><h4 class=\"sp-table-caption\">SEMIFINAL 2 BRONCE<\/h4><div class=\"sp-template sp-template-event-blocks\">\n\t<div class=\"sp-table-wrapper\">\n\t\t<table class=\"sp-event-blocks sp-data-table\n\t\t\t\t\t sp-paginated-table\" data-sp-rows=\"99\">\n\t\t\t<thead><tr><th><\/th><\/tr><\/thead> \t\t\t<tbody>\n\t\t\t\t\t\t\t\t\t<tr class=\"sp-row sp-post alternate\" itemscope itemtype=\"http:\/\/schema.org\/SportsEvent\">\n\t\t\t\t\t\t<td>\n\t\t\t\t\t\t\t\t\t\t\t\t\t\t<span class=\"team-logo logo-odd\" title=\"British Royal School (Santiago, Chile)\"><img loading=\"lazy\" decoding=\"async\" width=\"128\" height=\"128\" data-src=\"https:\/\/esquerra.com.ar\/voleibol\/wp-content\/uploads\/2025\/11\/Royal-British-School-Santiago-Chile-128x128.png\" class=\"attachment-sportspress-fit-icon size-sportspress-fit-icon wp-post-image lazyload\" alt=\"\" src=\"data:image\/gif;base64,R0lGODlhAQABAAAAACH5BAEKAAEALAAAAAABAAEAAAICTAEAOw==\" style=\"--smush-placeholder-width: 128px; --smush-placeholder-aspect-ratio: 128\/128;\" \/><noscript><img loading=\"lazy\" decoding=\"async\" width=\"128\" height=\"128\" data-src=\"https:\/\/esquerra.com.ar\/voleibol\/wp-content\/uploads\/2025\/11\/Royal-British-School-Santiago-Chile-128x128.png\" class=\"attachment-sportspress-fit-icon size-sportspress-fit-icon wp-post-image lazyload\" alt=\"\" src=\"data:image\/gif;base64,R0lGODlhAQABAAAAACH5BAEKAAEALAAAAAABAAEAAAICTAEAOw==\" style=\"--smush-placeholder-width: 128px; --smush-placeholder-aspect-ratio: 128\/128;\" \/><noscript><img loading=\"lazy\" decoding=\"async\" width=\"128\" height=\"128\" data-src=\"https:\/\/esquerra.com.ar\/voleibol\/wp-content\/uploads\/2025\/11\/Royal-British-School-Santiago-Chile-128x128.png\" class=\"attachment-sportspress-fit-icon size-sportspress-fit-icon wp-post-image lazyload\" alt=\"\" src=\"data:image\/gif;base64,R0lGODlhAQABAAAAACH5BAEKAAEALAAAAAABAAEAAAICTAEAOw==\" style=\"--smush-placeholder-width: 128px; --smush-placeholder-aspect-ratio: 128\/128;\" \/><noscript><img loading=\"lazy\" decoding=\"async\" width=\"128\" height=\"128\" data-src=\"https:\/\/esquerra.com.ar\/voleibol\/wp-content\/uploads\/2025\/11\/Royal-British-School-Santiago-Chile-128x128.png\" class=\"attachment-sportspress-fit-icon size-sportspress-fit-icon wp-post-image lazyload\" alt=\"\" src=\"data:image\/gif;base64,R0lGODlhAQABAAAAACH5BAEKAAEALAAAAAABAAEAAAICTAEAOw==\" style=\"--smush-placeholder-width: 128px; --smush-placeholder-aspect-ratio: 128\/128;\" \/><noscript><img loading=\"lazy\" decoding=\"async\" width=\"128\" height=\"128\" data-src=\"https:\/\/esquerra.com.ar\/voleibol\/wp-content\/uploads\/2025\/11\/Royal-British-School-Santiago-Chile-128x128.png\" class=\"attachment-sportspress-fit-icon size-sportspress-fit-icon wp-post-image lazyload\" alt=\"\" src=\"data:image\/gif;base64,R0lGODlhAQABAAAAACH5BAEKAAEALAAAAAABAAEAAAICTAEAOw==\" style=\"--smush-placeholder-width: 128px; --smush-placeholder-aspect-ratio: 128\/128;\" \/><noscript><img loading=\"lazy\" decoding=\"async\" width=\"128\" height=\"128\" data-src=\"https:\/\/esquerra.com.ar\/voleibol\/wp-content\/uploads\/2025\/11\/Royal-British-School-Santiago-Chile-128x128.png\" class=\"attachment-sportspress-fit-icon size-sportspress-fit-icon wp-post-image lazyload\" alt=\"\" src=\"data:image\/gif;base64,R0lGODlhAQABAAAAACH5BAEKAAEALAAAAAABAAEAAAICTAEAOw==\" style=\"--smush-placeholder-width: 128px; --smush-placeholder-aspect-ratio: 128\/128;\" \/><noscript><img loading=\"lazy\" decoding=\"async\" width=\"128\" height=\"128\" src=\"https:\/\/esquerra.com.ar\/voleibol\/wp-content\/uploads\/2025\/11\/Royal-British-School-Santiago-Chile-128x128.png\" class=\"attachment-sportspress-fit-icon size-sportspress-fit-icon wp-post-image\" alt=\"\" \/><\/noscript><\/noscript><\/noscript><\/noscript><\/noscript><\/noscript><\/span> <span class=\"team-logo logo-even\" title=\"Mamba (B) (Lima, Per\u00fa)\"><img decoding=\"async\" width=\"128\" height=\"128\" data-src=\"https:\/\/esquerra.com.ar\/voleibol\/wp-content\/uploads\/2025\/11\/Mamba-Lima-Peru-128x128.png\" class=\"attachment-sportspress-fit-icon size-sportspress-fit-icon wp-post-image lazyload\" alt=\"\" src=\"data:image\/gif;base64,R0lGODlhAQABAAAAACH5BAEKAAEALAAAAAABAAEAAAICTAEAOw==\" style=\"--smush-placeholder-width: 128px; --smush-placeholder-aspect-ratio: 128\/128;\" \/><noscript><img decoding=\"async\" width=\"128\" height=\"128\" data-src=\"https:\/\/esquerra.com.ar\/voleibol\/wp-content\/uploads\/2025\/11\/Mamba-Lima-Peru-128x128.png\" class=\"attachment-sportspress-fit-icon size-sportspress-fit-icon wp-post-image lazyload\" alt=\"\" src=\"data:image\/gif;base64,R0lGODlhAQABAAAAACH5BAEKAAEALAAAAAABAAEAAAICTAEAOw==\" style=\"--smush-placeholder-width: 128px; --smush-placeholder-aspect-ratio: 128\/128;\" \/><noscript><img decoding=\"async\" width=\"128\" height=\"128\" data-src=\"https:\/\/esquerra.com.ar\/voleibol\/wp-content\/uploads\/2025\/11\/Mamba-Lima-Peru-128x128.png\" class=\"attachment-sportspress-fit-icon size-sportspress-fit-icon wp-post-image lazyload\" alt=\"\" src=\"data:image\/gif;base64,R0lGODlhAQABAAAAACH5BAEKAAEALAAAAAABAAEAAAICTAEAOw==\" style=\"--smush-placeholder-width: 128px; --smush-placeholder-aspect-ratio: 128\/128;\" \/><noscript><img decoding=\"async\" width=\"128\" height=\"128\" data-src=\"https:\/\/esquerra.com.ar\/voleibol\/wp-content\/uploads\/2025\/11\/Mamba-Lima-Peru-128x128.png\" class=\"attachment-sportspress-fit-icon size-sportspress-fit-icon wp-post-image lazyload\" alt=\"\" src=\"data:image\/gif;base64,R0lGODlhAQABAAAAACH5BAEKAAEALAAAAAABAAEAAAICTAEAOw==\" style=\"--smush-placeholder-width: 128px; --smush-placeholder-aspect-ratio: 128\/128;\" \/><noscript><img decoding=\"async\" width=\"128\" height=\"128\" data-src=\"https:\/\/esquerra.com.ar\/voleibol\/wp-content\/uploads\/2025\/11\/Mamba-Lima-Peru-128x128.png\" class=\"attachment-sportspress-fit-icon size-sportspress-fit-icon wp-post-image lazyload\" alt=\"\" src=\"data:image\/gif;base64,R0lGODlhAQABAAAAACH5BAEKAAEALAAAAAABAAEAAAICTAEAOw==\" style=\"--smush-placeholder-width: 128px; --smush-placeholder-aspect-ratio: 128\/128;\" \/><noscript><img decoding=\"async\" width=\"128\" height=\"128\" data-src=\"https:\/\/esquerra.com.ar\/voleibol\/wp-content\/uploads\/2025\/11\/Mamba-Lima-Peru-128x128.png\" class=\"attachment-sportspress-fit-icon size-sportspress-fit-icon wp-post-image lazyload\" alt=\"\" src=\"data:image\/gif;base64,R0lGODlhAQABAAAAACH5BAEKAAEALAAAAAABAAEAAAICTAEAOw==\" style=\"--smush-placeholder-width: 128px; --smush-placeholder-aspect-ratio: 128\/128;\" \/><noscript><img decoding=\"async\" width=\"128\" height=\"128\" data-src=\"https:\/\/esquerra.com.ar\/voleibol\/wp-content\/uploads\/2025\/11\/Mamba-Lima-Peru-128x128.png\" class=\"attachment-sportspress-fit-icon size-sportspress-fit-icon wp-post-image lazyload\" alt=\"\" src=\"data:image\/gif;base64,R0lGODlhAQABAAAAACH5BAEKAAEALAAAAAABAAEAAAICTAEAOw==\" style=\"--smush-placeholder-width: 128px; --smush-placeholder-aspect-ratio: 128\/128;\" \/><noscript><img decoding=\"async\" width=\"128\" height=\"128\" data-src=\"https:\/\/esquerra.com.ar\/voleibol\/wp-content\/uploads\/2025\/11\/Mamba-Lima-Peru-128x128.png\" class=\"attachment-sportspress-fit-icon size-sportspress-fit-icon wp-post-image lazyload\" alt=\"\" src=\"data:image\/gif;base64,R0lGODlhAQABAAAAACH5BAEKAAEALAAAAAABAAEAAAICTAEAOw==\" style=\"--smush-placeholder-width: 128px; --smush-placeholder-aspect-ratio: 128\/128;\" \/><noscript><img decoding=\"async\" width=\"128\" height=\"128\" data-src=\"https:\/\/esquerra.com.ar\/voleibol\/wp-content\/uploads\/2025\/11\/Mamba-Lima-Peru-128x128.png\" class=\"attachment-sportspress-fit-icon size-sportspress-fit-icon wp-post-image lazyload\" alt=\"\" src=\"data:image\/gif;base64,R0lGODlhAQABAAAAACH5BAEKAAEALAAAAAABAAEAAAICTAEAOw==\" style=\"--smush-placeholder-width: 128px; --smush-placeholder-aspect-ratio: 128\/128;\" \/><noscript><img decoding=\"async\" width=\"128\" height=\"128\" data-src=\"https:\/\/esquerra.com.ar\/voleibol\/wp-content\/uploads\/2025\/11\/Mamba-Lima-Peru-128x128.png\" class=\"attachment-sportspress-fit-icon size-sportspress-fit-icon wp-post-image lazyload\" alt=\"\" src=\"data:image\/gif;base64,R0lGODlhAQABAAAAACH5BAEKAAEALAAAAAABAAEAAAICTAEAOw==\" style=\"--smush-placeholder-width: 128px; --smush-placeholder-aspect-ratio: 128\/128;\" \/><noscript><img decoding=\"async\" width=\"128\" height=\"128\" data-src=\"https:\/\/esquerra.com.ar\/voleibol\/wp-content\/uploads\/2025\/11\/Mamba-Lima-Peru-128x128.png\" class=\"attachment-sportspress-fit-icon size-sportspress-fit-icon wp-post-image lazyload\" alt=\"\" src=\"data:image\/gif;base64,R0lGODlhAQABAAAAACH5BAEKAAEALAAAAAABAAEAAAICTAEAOw==\" style=\"--smush-placeholder-width: 128px; --smush-placeholder-aspect-ratio: 128\/128;\" \/><noscript><img decoding=\"async\" width=\"128\" height=\"128\" data-src=\"https:\/\/esquerra.com.ar\/voleibol\/wp-content\/uploads\/2025\/11\/Mamba-Lima-Peru-128x128.png\" class=\"attachment-sportspress-fit-icon size-sportspress-fit-icon wp-post-image lazyload\" alt=\"\" src=\"data:image\/gif;base64,R0lGODlhAQABAAAAACH5BAEKAAEALAAAAAABAAEAAAICTAEAOw==\" style=\"--smush-placeholder-width: 128px; --smush-placeholder-aspect-ratio: 128\/128;\" \/><noscript><img decoding=\"async\" width=\"128\" height=\"128\" src=\"https:\/\/esquerra.com.ar\/voleibol\/wp-content\/uploads\/2025\/11\/Mamba-Lima-Peru-128x128.png\" class=\"attachment-sportspress-fit-icon size-sportspress-fit-icon wp-post-image\" alt=\"\" \/><\/noscript><\/noscript><\/noscript><\/noscript><\/noscript><\/noscript><\/noscript><\/noscript><\/noscript><\/noscript><\/noscript><\/noscript><\/span>\t\t\t\t\t\t\t<time class=\"sp-event-date\" datetime=\"2025-11-30 10:10:19\" itemprop=\"startDate\" content=\"2025-11-30T10:10:19-03:00\">\n\t\t\t\t\t\t\t\t<a href=\"https:\/\/esquerra.com.ar\/voleibol\/event\/3-zona-c-vs-3-zona-d\/\">30\/11\/2025<\/a>\t\t\t\t\t\t\t<\/time>\n\t\t\t\t\t\t\t\t\t\t\t\t\t\t<h5 class=\"sp-event-results\">\n\t\t\t\t\t\t\t\t<a href=\"https:\/\/esquerra.com.ar\/voleibol\/event\/3-zona-c-vs-3-zona-d\/\"><span class=\"sp-result ok\">2<\/span> - <span class=\"sp-result\">1<\/span><\/a>\t\t\t\t\t\t\t<\/h5>\n\t\t\t\t\t\t\t\t\t\t\t\t\t\t\t\t\t\t\t\t\t\t<div class=\"sp-event-season\">U16F \u2013 Noviembre 2025 \u2013 COPA BRONCE SF 2<\/div>\n\t\t\t\t\t\t\t\t\t\t\t\t\t\t\t\t\t\t\t\t\t\t\t\t\t\t\t\t\t\t<div class=\"sp-event-venue\" itemprop=\"location\" itemscope itemtype=\"http:\/\/schema.org\/Place\"><div itemprop=\"address\" itemscope itemtype=\"http:\/\/schema.org\/PostalAddress\">El Ceibo - Cancha 2<\/div><\/div>\n\t\t\t\t\t\t\t\t\t\t\t\t\t\t\t\t\t\t\t\t\t\t\t\t\t\t\t\t\t\t<div style=\"display:none;\" class=\"sp-event-venue\" itemprop=\"location\" itemscope itemtype=\"http:\/\/schema.org\/Place\"><div itemprop=\"address\" itemscope itemtype=\"http:\/\/schema.org\/PostalAddress\">N\/D<\/div><\/div>\n\t\t\t\t\t\t\t\t\t\t\t\t\t\t<h4 class=\"sp-event-title\" itemprop=\"name\">\n\t\t\t\t\t\t\t\t<a href=\"https:\/\/esquerra.com.ar\/voleibol\/event\/3-zona-c-vs-3-zona-d\/\">British Royal School (Santiago, Chile) vs Mamba (B) (Lima, Per\u00fa)<\/a>\t\t\t\t\t\t\t<\/h4>\n\t\t\t\t\t\t\t\n\t\t\t\t\t\t<\/td>\n\t\t\t\t\t<\/tr>\n\t\t\t\t\t\t\t\t<\/tbody>\n\t\t<\/table>\n\t<\/div>\n\t<\/div>\n<\/div><br \/>\n<div class=\"sportspress\"><h4 class=\"sp-table-caption\">TERCER PUESTO BRONCE<\/h4><div class=\"sp-template sp-template-event-blocks\">\n\t<div class=\"sp-table-wrapper\">\n\t\t<table class=\"sp-event-blocks sp-data-table\n\t\t\t\t\t sp-paginated-table\" data-sp-rows=\"99\">\n\t\t\t<thead><tr><th><\/th><\/tr><\/thead> \t\t\t<tbody>\n\t\t\t\t\t\t\t\t\t<tr class=\"sp-row sp-post alternate\" itemscope itemtype=\"http:\/\/schema.org\/SportsEvent\">\n\t\t\t\t\t\t<td>\n\t\t\t\t\t\t\t\t\t\t\t\t\t\t<span class=\"team-logo logo-odd\" title=\"Parque Central (Neuqu\u00e9n, Argentina)\"><img loading=\"lazy\" decoding=\"async\" width=\"128\" height=\"128\" data-src=\"https:\/\/esquerra.com.ar\/voleibol\/wp-content\/uploads\/2025\/11\/Parque-Central-Neuquen-Argentina-128x128.png\" class=\"attachment-sportspress-fit-icon size-sportspress-fit-icon wp-post-image lazyload\" alt=\"\" src=\"data:image\/gif;base64,R0lGODlhAQABAAAAACH5BAEKAAEALAAAAAABAAEAAAICTAEAOw==\" style=\"--smush-placeholder-width: 128px; --smush-placeholder-aspect-ratio: 128\/128;\" \/><noscript><img loading=\"lazy\" decoding=\"async\" width=\"128\" height=\"128\" data-src=\"https:\/\/esquerra.com.ar\/voleibol\/wp-content\/uploads\/2025\/11\/Parque-Central-Neuquen-Argentina-128x128.png\" class=\"attachment-sportspress-fit-icon size-sportspress-fit-icon wp-post-image lazyload\" alt=\"\" src=\"data:image\/gif;base64,R0lGODlhAQABAAAAACH5BAEKAAEALAAAAAABAAEAAAICTAEAOw==\" style=\"--smush-placeholder-width: 128px; --smush-placeholder-aspect-ratio: 128\/128;\" \/><noscript><img loading=\"lazy\" decoding=\"async\" width=\"128\" height=\"128\" data-src=\"https:\/\/esquerra.com.ar\/voleibol\/wp-content\/uploads\/2025\/11\/Parque-Central-Neuquen-Argentina-128x128.png\" class=\"attachment-sportspress-fit-icon size-sportspress-fit-icon wp-post-image lazyload\" alt=\"\" src=\"data:image\/gif;base64,R0lGODlhAQABAAAAACH5BAEKAAEALAAAAAABAAEAAAICTAEAOw==\" style=\"--smush-placeholder-width: 128px; --smush-placeholder-aspect-ratio: 128\/128;\" \/><noscript><img loading=\"lazy\" decoding=\"async\" width=\"128\" height=\"128\" data-src=\"https:\/\/esquerra.com.ar\/voleibol\/wp-content\/uploads\/2025\/11\/Parque-Central-Neuquen-Argentina-128x128.png\" class=\"attachment-sportspress-fit-icon size-sportspress-fit-icon wp-post-image lazyload\" alt=\"\" src=\"data:image\/gif;base64,R0lGODlhAQABAAAAACH5BAEKAAEALAAAAAABAAEAAAICTAEAOw==\" style=\"--smush-placeholder-width: 128px; --smush-placeholder-aspect-ratio: 128\/128;\" \/><noscript><img loading=\"lazy\" decoding=\"async\" width=\"128\" height=\"128\" data-src=\"https:\/\/esquerra.com.ar\/voleibol\/wp-content\/uploads\/2025\/11\/Parque-Central-Neuquen-Argentina-128x128.png\" class=\"attachment-sportspress-fit-icon size-sportspress-fit-icon wp-post-image lazyload\" alt=\"\" src=\"data:image\/gif;base64,R0lGODlhAQABAAAAACH5BAEKAAEALAAAAAABAAEAAAICTAEAOw==\" style=\"--smush-placeholder-width: 128px; --smush-placeholder-aspect-ratio: 128\/128;\" \/><noscript><img loading=\"lazy\" decoding=\"async\" width=\"128\" height=\"128\" data-src=\"https:\/\/esquerra.com.ar\/voleibol\/wp-content\/uploads\/2025\/11\/Parque-Central-Neuquen-Argentina-128x128.png\" class=\"attachment-sportspress-fit-icon size-sportspress-fit-icon wp-post-image lazyload\" alt=\"\" src=\"data:image\/gif;base64,R0lGODlhAQABAAAAACH5BAEKAAEALAAAAAABAAEAAAICTAEAOw==\" style=\"--smush-placeholder-width: 128px; --smush-placeholder-aspect-ratio: 128\/128;\" \/><noscript><img loading=\"lazy\" decoding=\"async\" width=\"128\" height=\"128\" src=\"https:\/\/esquerra.com.ar\/voleibol\/wp-content\/uploads\/2025\/11\/Parque-Central-Neuquen-Argentina-128x128.png\" class=\"attachment-sportspress-fit-icon size-sportspress-fit-icon wp-post-image\" alt=\"\" \/><\/noscript><\/noscript><\/noscript><\/noscript><\/noscript><\/noscript><\/span> <span class=\"team-logo logo-even\" title=\"Mamba (B) (Lima, Per\u00fa)\"><img decoding=\"async\" width=\"128\" height=\"128\" data-src=\"https:\/\/esquerra.com.ar\/voleibol\/wp-content\/uploads\/2025\/11\/Mamba-Lima-Peru-128x128.png\" class=\"attachment-sportspress-fit-icon size-sportspress-fit-icon wp-post-image lazyload\" alt=\"\" src=\"data:image\/gif;base64,R0lGODlhAQABAAAAACH5BAEKAAEALAAAAAABAAEAAAICTAEAOw==\" style=\"--smush-placeholder-width: 128px; --smush-placeholder-aspect-ratio: 128\/128;\" \/><noscript><img decoding=\"async\" width=\"128\" height=\"128\" data-src=\"https:\/\/esquerra.com.ar\/voleibol\/wp-content\/uploads\/2025\/11\/Mamba-Lima-Peru-128x128.png\" class=\"attachment-sportspress-fit-icon size-sportspress-fit-icon wp-post-image lazyload\" alt=\"\" src=\"data:image\/gif;base64,R0lGODlhAQABAAAAACH5BAEKAAEALAAAAAABAAEAAAICTAEAOw==\" style=\"--smush-placeholder-width: 128px; --smush-placeholder-aspect-ratio: 128\/128;\" \/><noscript><img decoding=\"async\" width=\"128\" height=\"128\" data-src=\"https:\/\/esquerra.com.ar\/voleibol\/wp-content\/uploads\/2025\/11\/Mamba-Lima-Peru-128x128.png\" class=\"attachment-sportspress-fit-icon size-sportspress-fit-icon wp-post-image lazyload\" alt=\"\" src=\"data:image\/gif;base64,R0lGODlhAQABAAAAACH5BAEKAAEALAAAAAABAAEAAAICTAEAOw==\" style=\"--smush-placeholder-width: 128px; --smush-placeholder-aspect-ratio: 128\/128;\" \/><noscript><img decoding=\"async\" width=\"128\" height=\"128\" data-src=\"https:\/\/esquerra.com.ar\/voleibol\/wp-content\/uploads\/2025\/11\/Mamba-Lima-Peru-128x128.png\" class=\"attachment-sportspress-fit-icon size-sportspress-fit-icon wp-post-image lazyload\" alt=\"\" src=\"data:image\/gif;base64,R0lGODlhAQABAAAAACH5BAEKAAEALAAAAAABAAEAAAICTAEAOw==\" style=\"--smush-placeholder-width: 128px; --smush-placeholder-aspect-ratio: 128\/128;\" \/><noscript><img decoding=\"async\" width=\"128\" height=\"128\" data-src=\"https:\/\/esquerra.com.ar\/voleibol\/wp-content\/uploads\/2025\/11\/Mamba-Lima-Peru-128x128.png\" class=\"attachment-sportspress-fit-icon size-sportspress-fit-icon wp-post-image lazyload\" alt=\"\" src=\"data:image\/gif;base64,R0lGODlhAQABAAAAACH5BAEKAAEALAAAAAABAAEAAAICTAEAOw==\" style=\"--smush-placeholder-width: 128px; --smush-placeholder-aspect-ratio: 128\/128;\" \/><noscript><img decoding=\"async\" width=\"128\" height=\"128\" data-src=\"https:\/\/esquerra.com.ar\/voleibol\/wp-content\/uploads\/2025\/11\/Mamba-Lima-Peru-128x128.png\" class=\"attachment-sportspress-fit-icon size-sportspress-fit-icon wp-post-image lazyload\" alt=\"\" src=\"data:image\/gif;base64,R0lGODlhAQABAAAAACH5BAEKAAEALAAAAAABAAEAAAICTAEAOw==\" style=\"--smush-placeholder-width: 128px; --smush-placeholder-aspect-ratio: 128\/128;\" \/><noscript><img decoding=\"async\" width=\"128\" height=\"128\" data-src=\"https:\/\/esquerra.com.ar\/voleibol\/wp-content\/uploads\/2025\/11\/Mamba-Lima-Peru-128x128.png\" class=\"attachment-sportspress-fit-icon size-sportspress-fit-icon wp-post-image lazyload\" alt=\"\" src=\"data:image\/gif;base64,R0lGODlhAQABAAAAACH5BAEKAAEALAAAAAABAAEAAAICTAEAOw==\" style=\"--smush-placeholder-width: 128px; --smush-placeholder-aspect-ratio: 128\/128;\" \/><noscript><img decoding=\"async\" width=\"128\" height=\"128\" data-src=\"https:\/\/esquerra.com.ar\/voleibol\/wp-content\/uploads\/2025\/11\/Mamba-Lima-Peru-128x128.png\" class=\"attachment-sportspress-fit-icon size-sportspress-fit-icon wp-post-image lazyload\" alt=\"\" src=\"data:image\/gif;base64,R0lGODlhAQABAAAAACH5BAEKAAEALAAAAAABAAEAAAICTAEAOw==\" style=\"--smush-placeholder-width: 128px; --smush-placeholder-aspect-ratio: 128\/128;\" \/><noscript><img decoding=\"async\" width=\"128\" height=\"128\" data-src=\"https:\/\/esquerra.com.ar\/voleibol\/wp-content\/uploads\/2025\/11\/Mamba-Lima-Peru-128x128.png\" class=\"attachment-sportspress-fit-icon size-sportspress-fit-icon wp-post-image lazyload\" alt=\"\" src=\"data:image\/gif;base64,R0lGODlhAQABAAAAACH5BAEKAAEALAAAAAABAAEAAAICTAEAOw==\" style=\"--smush-placeholder-width: 128px; --smush-placeholder-aspect-ratio: 128\/128;\" \/><noscript><img decoding=\"async\" width=\"128\" height=\"128\" data-src=\"https:\/\/esquerra.com.ar\/voleibol\/wp-content\/uploads\/2025\/11\/Mamba-Lima-Peru-128x128.png\" class=\"attachment-sportspress-fit-icon size-sportspress-fit-icon wp-post-image lazyload\" alt=\"\" src=\"data:image\/gif;base64,R0lGODlhAQABAAAAACH5BAEKAAEALAAAAAABAAEAAAICTAEAOw==\" style=\"--smush-placeholder-width: 128px; --smush-placeholder-aspect-ratio: 128\/128;\" \/><noscript><img decoding=\"async\" width=\"128\" height=\"128\" data-src=\"https:\/\/esquerra.com.ar\/voleibol\/wp-content\/uploads\/2025\/11\/Mamba-Lima-Peru-128x128.png\" class=\"attachment-sportspress-fit-icon size-sportspress-fit-icon wp-post-image lazyload\" alt=\"\" src=\"data:image\/gif;base64,R0lGODlhAQABAAAAACH5BAEKAAEALAAAAAABAAEAAAICTAEAOw==\" style=\"--smush-placeholder-width: 128px; --smush-placeholder-aspect-ratio: 128\/128;\" \/><noscript><img decoding=\"async\" width=\"128\" height=\"128\" data-src=\"https:\/\/esquerra.com.ar\/voleibol\/wp-content\/uploads\/2025\/11\/Mamba-Lima-Peru-128x128.png\" class=\"attachment-sportspress-fit-icon size-sportspress-fit-icon wp-post-image lazyload\" alt=\"\" src=\"data:image\/gif;base64,R0lGODlhAQABAAAAACH5BAEKAAEALAAAAAABAAEAAAICTAEAOw==\" style=\"--smush-placeholder-width: 128px; --smush-placeholder-aspect-ratio: 128\/128;\" \/><noscript><img decoding=\"async\" width=\"128\" height=\"128\" src=\"https:\/\/esquerra.com.ar\/voleibol\/wp-content\/uploads\/2025\/11\/Mamba-Lima-Peru-128x128.png\" class=\"attachment-sportspress-fit-icon size-sportspress-fit-icon wp-post-image\" alt=\"\" \/><\/noscript><\/noscript><\/noscript><\/noscript><\/noscript><\/noscript><\/noscript><\/noscript><\/noscript><\/noscript><\/noscript><\/noscript><\/span>\t\t\t\t\t\t\t<time class=\"sp-event-date\" datetime=\"2025-11-30 12:30:27\" itemprop=\"startDate\" content=\"2025-11-30T12:30:27-03:00\">\n\t\t\t\t\t\t\t\t<a href=\"https:\/\/esquerra.com.ar\/voleibol\/event\/perdedor-sf-1-vs-perdedor-sf-2-15\/\">30\/11\/2025<\/a>\t\t\t\t\t\t\t<\/time>\n\t\t\t\t\t\t\t\t\t\t\t\t\t\t<h5 class=\"sp-event-results\">\n\t\t\t\t\t\t\t\t<a href=\"https:\/\/esquerra.com.ar\/voleibol\/event\/perdedor-sf-1-vs-perdedor-sf-2-15\/\"><span class=\"sp-result ok\">0<\/span> - <span class=\"sp-result\">2<\/span><\/a>\t\t\t\t\t\t\t<\/h5>\n\t\t\t\t\t\t\t\t\t\t\t\t\t\t\t\t\t\t\t\t\t\t<div class=\"sp-event-season\">U16F \u2013 Noviembre 2025 \u2013 COPA BRONCE TERCER PUESTO<\/div>\n\t\t\t\t\t\t\t\t\t\t\t\t\t\t\t\t\t\t\t\t\t\t\t\t\t\t\t\t\t\t<div class=\"sp-event-venue\" itemprop=\"location\" itemscope itemtype=\"http:\/\/schema.org\/Place\"><div itemprop=\"address\" itemscope itemtype=\"http:\/\/schema.org\/PostalAddress\">El Ceibo - Cancha 2<\/div><\/div>\n\t\t\t\t\t\t\t\t\t\t\t\t\t\t\t\t\t\t\t\t\t\t\t\t\t\t\t\t\t\t<div style=\"display:none;\" class=\"sp-event-venue\" itemprop=\"location\" itemscope itemtype=\"http:\/\/schema.org\/Place\"><div itemprop=\"address\" itemscope itemtype=\"http:\/\/schema.org\/PostalAddress\">N\/D<\/div><\/div>\n\t\t\t\t\t\t\t\t\t\t\t\t\t\t<h4 class=\"sp-event-title\" itemprop=\"name\">\n\t\t\t\t\t\t\t\t<a href=\"https:\/\/esquerra.com.ar\/voleibol\/event\/perdedor-sf-1-vs-perdedor-sf-2-15\/\">Parque Central (Neuqu\u00e9n, Argentina) vs Mamba (B) (Lima, Per\u00fa)<\/a>\t\t\t\t\t\t\t<\/h4>\n\t\t\t\t\t\t\t\n\t\t\t\t\t\t<\/td>\n\t\t\t\t\t<\/tr>\n\t\t\t\t\t\t\t\t<\/tbody>\n\t\t<\/table>\n\t<\/div>\n\t<\/div>\n<\/div><br \/>\n<div class=\"sportspress\"><h4 class=\"sp-table-caption\">FINAL BRONCE<\/h4><div class=\"sp-template sp-template-event-blocks\">\n\t<div class=\"sp-table-wrapper\">\n\t\t<table class=\"sp-event-blocks sp-data-table\n\t\t\t\t\t sp-paginated-table\" data-sp-rows=\"99\">\n\t\t\t<thead><tr><th><\/th><\/tr><\/thead> \t\t\t<tbody>\n\t\t\t\t\t\t\t\t\t<tr class=\"sp-row sp-post alternate\" itemscope itemtype=\"http:\/\/schema.org\/SportsEvent\">\n\t\t\t\t\t\t<td>\n\t\t\t\t\t\t\t\t\t\t\t\t\t\t<span class=\"team-logo logo-odd\" title=\"Denham School (San Bernardo, Chile)\"><img decoding=\"async\" width=\"128\" height=\"128\" data-src=\"https:\/\/esquerra.com.ar\/voleibol\/wp-content\/uploads\/2025\/11\/Demhan-School-San-Bernardo-Chile-128x128.png\" class=\"attachment-sportspress-fit-icon size-sportspress-fit-icon wp-post-image lazyload\" alt=\"\" src=\"data:image\/gif;base64,R0lGODlhAQABAAAAACH5BAEKAAEALAAAAAABAAEAAAICTAEAOw==\" style=\"--smush-placeholder-width: 128px; --smush-placeholder-aspect-ratio: 128\/128;\" \/><noscript><img decoding=\"async\" width=\"128\" height=\"128\" data-src=\"https:\/\/esquerra.com.ar\/voleibol\/wp-content\/uploads\/2025\/11\/Demhan-School-San-Bernardo-Chile-128x128.png\" class=\"attachment-sportspress-fit-icon size-sportspress-fit-icon wp-post-image lazyload\" alt=\"\" src=\"data:image\/gif;base64,R0lGODlhAQABAAAAACH5BAEKAAEALAAAAAABAAEAAAICTAEAOw==\" style=\"--smush-placeholder-width: 128px; --smush-placeholder-aspect-ratio: 128\/128;\" \/><noscript><img decoding=\"async\" width=\"128\" height=\"128\" data-src=\"https:\/\/esquerra.com.ar\/voleibol\/wp-content\/uploads\/2025\/11\/Demhan-School-San-Bernardo-Chile-128x128.png\" class=\"attachment-sportspress-fit-icon size-sportspress-fit-icon wp-post-image lazyload\" alt=\"\" src=\"data:image\/gif;base64,R0lGODlhAQABAAAAACH5BAEKAAEALAAAAAABAAEAAAICTAEAOw==\" style=\"--smush-placeholder-width: 128px; --smush-placeholder-aspect-ratio: 128\/128;\" \/><noscript><img decoding=\"async\" width=\"128\" height=\"128\" data-src=\"https:\/\/esquerra.com.ar\/voleibol\/wp-content\/uploads\/2025\/11\/Demhan-School-San-Bernardo-Chile-128x128.png\" class=\"attachment-sportspress-fit-icon size-sportspress-fit-icon wp-post-image lazyload\" alt=\"\" src=\"data:image\/gif;base64,R0lGODlhAQABAAAAACH5BAEKAAEALAAAAAABAAEAAAICTAEAOw==\" style=\"--smush-placeholder-width: 128px; --smush-placeholder-aspect-ratio: 128\/128;\" \/><noscript><img decoding=\"async\" width=\"128\" height=\"128\" data-src=\"https:\/\/esquerra.com.ar\/voleibol\/wp-content\/uploads\/2025\/11\/Demhan-School-San-Bernardo-Chile-128x128.png\" class=\"attachment-sportspress-fit-icon size-sportspress-fit-icon wp-post-image lazyload\" alt=\"\" src=\"data:image\/gif;base64,R0lGODlhAQABAAAAACH5BAEKAAEALAAAAAABAAEAAAICTAEAOw==\" style=\"--smush-placeholder-width: 128px; --smush-placeholder-aspect-ratio: 128\/128;\" \/><noscript><img decoding=\"async\" width=\"128\" height=\"128\" data-src=\"https:\/\/esquerra.com.ar\/voleibol\/wp-content\/uploads\/2025\/11\/Demhan-School-San-Bernardo-Chile-128x128.png\" class=\"attachment-sportspress-fit-icon size-sportspress-fit-icon wp-post-image lazyload\" alt=\"\" src=\"data:image\/gif;base64,R0lGODlhAQABAAAAACH5BAEKAAEALAAAAAABAAEAAAICTAEAOw==\" style=\"--smush-placeholder-width: 128px; --smush-placeholder-aspect-ratio: 128\/128;\" \/><noscript><img decoding=\"async\" width=\"128\" height=\"128\" src=\"https:\/\/esquerra.com.ar\/voleibol\/wp-content\/uploads\/2025\/11\/Demhan-School-San-Bernardo-Chile-128x128.png\" class=\"attachment-sportspress-fit-icon size-sportspress-fit-icon wp-post-image\" alt=\"\" \/><\/noscript><\/noscript><\/noscript><\/noscript><\/noscript><\/noscript><\/span> <span class=\"team-logo logo-even\" title=\"British Royal School (Santiago, Chile)\"><img loading=\"lazy\" decoding=\"async\" width=\"128\" height=\"128\" data-src=\"https:\/\/esquerra.com.ar\/voleibol\/wp-content\/uploads\/2025\/11\/Royal-British-School-Santiago-Chile-128x128.png\" class=\"attachment-sportspress-fit-icon size-sportspress-fit-icon wp-post-image lazyload\" alt=\"\" src=\"data:image\/gif;base64,R0lGODlhAQABAAAAACH5BAEKAAEALAAAAAABAAEAAAICTAEAOw==\" style=\"--smush-placeholder-width: 128px; --smush-placeholder-aspect-ratio: 128\/128;\" \/><noscript><img loading=\"lazy\" decoding=\"async\" width=\"128\" height=\"128\" data-src=\"https:\/\/esquerra.com.ar\/voleibol\/wp-content\/uploads\/2025\/11\/Royal-British-School-Santiago-Chile-128x128.png\" class=\"attachment-sportspress-fit-icon size-sportspress-fit-icon wp-post-image lazyload\" alt=\"\" src=\"data:image\/gif;base64,R0lGODlhAQABAAAAACH5BAEKAAEALAAAAAABAAEAAAICTAEAOw==\" style=\"--smush-placeholder-width: 128px; --smush-placeholder-aspect-ratio: 128\/128;\" \/><noscript><img loading=\"lazy\" decoding=\"async\" width=\"128\" height=\"128\" data-src=\"https:\/\/esquerra.com.ar\/voleibol\/wp-content\/uploads\/2025\/11\/Royal-British-School-Santiago-Chile-128x128.png\" class=\"attachment-sportspress-fit-icon size-sportspress-fit-icon wp-post-image lazyload\" alt=\"\" src=\"data:image\/gif;base64,R0lGODlhAQABAAAAACH5BAEKAAEALAAAAAABAAEAAAICTAEAOw==\" style=\"--smush-placeholder-width: 128px; --smush-placeholder-aspect-ratio: 128\/128;\" \/><noscript><img loading=\"lazy\" decoding=\"async\" width=\"128\" height=\"128\" data-src=\"https:\/\/esquerra.com.ar\/voleibol\/wp-content\/uploads\/2025\/11\/Royal-British-School-Santiago-Chile-128x128.png\" class=\"attachment-sportspress-fit-icon size-sportspress-fit-icon wp-post-image lazyload\" alt=\"\" src=\"data:image\/gif;base64,R0lGODlhAQABAAAAACH5BAEKAAEALAAAAAABAAEAAAICTAEAOw==\" style=\"--smush-placeholder-width: 128px; --smush-placeholder-aspect-ratio: 128\/128;\" \/><noscript><img loading=\"lazy\" decoding=\"async\" width=\"128\" height=\"128\" data-src=\"https:\/\/esquerra.com.ar\/voleibol\/wp-content\/uploads\/2025\/11\/Royal-British-School-Santiago-Chile-128x128.png\" class=\"attachment-sportspress-fit-icon size-sportspress-fit-icon wp-post-image lazyload\" alt=\"\" src=\"data:image\/gif;base64,R0lGODlhAQABAAAAACH5BAEKAAEALAAAAAABAAEAAAICTAEAOw==\" style=\"--smush-placeholder-width: 128px; --smush-placeholder-aspect-ratio: 128\/128;\" \/><noscript><img loading=\"lazy\" decoding=\"async\" width=\"128\" height=\"128\" data-src=\"https:\/\/esquerra.com.ar\/voleibol\/wp-content\/uploads\/2025\/11\/Royal-British-School-Santiago-Chile-128x128.png\" class=\"attachment-sportspress-fit-icon size-sportspress-fit-icon wp-post-image lazyload\" alt=\"\" src=\"data:image\/gif;base64,R0lGODlhAQABAAAAACH5BAEKAAEALAAAAAABAAEAAAICTAEAOw==\" style=\"--smush-placeholder-width: 128px; --smush-placeholder-aspect-ratio: 128\/128;\" \/><noscript><img loading=\"lazy\" decoding=\"async\" width=\"128\" height=\"128\" src=\"https:\/\/esquerra.com.ar\/voleibol\/wp-content\/uploads\/2025\/11\/Royal-British-School-Santiago-Chile-128x128.png\" class=\"attachment-sportspress-fit-icon size-sportspress-fit-icon wp-post-image\" alt=\"\" \/><\/noscript><\/noscript><\/noscript><\/noscript><\/noscript><\/noscript><\/span>\t\t\t\t\t\t\t<time class=\"sp-event-date\" datetime=\"2025-11-30 13:40:34\" itemprop=\"startDate\" content=\"2025-11-30T13:40:34-03:00\">\n\t\t\t\t\t\t\t\t<a href=\"https:\/\/esquerra.com.ar\/voleibol\/event\/ganador-sf-1-vs-ganador-sf-2-16\/\">30\/11\/2025<\/a>\t\t\t\t\t\t\t<\/time>\n\t\t\t\t\t\t\t\t\t\t\t\t\t\t<h5 class=\"sp-event-results\">\n\t\t\t\t\t\t\t\t<a href=\"https:\/\/esquerra.com.ar\/voleibol\/event\/ganador-sf-1-vs-ganador-sf-2-16\/\"><span class=\"sp-result ok\">0<\/span> - <span class=\"sp-result\">2<\/span><\/a>\t\t\t\t\t\t\t<\/h5>\n\t\t\t\t\t\t\t\t\t\t\t\t\t\t\t\t\t\t\t\t\t\t<div class=\"sp-event-season\">U16F \u2013 Noviembre 2025 \u2013 COPA BRONCE FINAL<\/div>\n\t\t\t\t\t\t\t\t\t\t\t\t\t\t\t\t\t\t\t\t\t\t\t\t\t\t\t\t\t\t<div class=\"sp-event-venue\" itemprop=\"location\" itemscope itemtype=\"http:\/\/schema.org\/Place\"><div itemprop=\"address\" itemscope itemtype=\"http:\/\/schema.org\/PostalAddress\">El Ceibo - Cancha 2<\/div><\/div>\n\t\t\t\t\t\t\t\t\t\t\t\t\t\t\t\t\t\t\t\t\t\t\t\t\t\t\t\t\t\t<div style=\"display:none;\" class=\"sp-event-venue\" itemprop=\"location\" itemscope itemtype=\"http:\/\/schema.org\/Place\"><div itemprop=\"address\" itemscope itemtype=\"http:\/\/schema.org\/PostalAddress\">N\/D<\/div><\/div>\n\t\t\t\t\t\t\t\t\t\t\t\t\t\t<h4 class=\"sp-event-title\" itemprop=\"name\">\n\t\t\t\t\t\t\t\t<a href=\"https:\/\/esquerra.com.ar\/voleibol\/event\/ganador-sf-1-vs-ganador-sf-2-16\/\">Denham School (San Bernardo, Chile) vs British Royal School (Santiago, Chile)<\/a>\t\t\t\t\t\t\t<\/h4>\n\t\t\t\t\t\t\t\n\t\t\t\t\t\t<\/td>\n\t\t\t\t\t<\/tr>\n\t\t\t\t\t\t\t\t<\/tbody>\n\t\t<\/table>\n\t<\/div>\n\t<\/div>\n<\/div><\/p>\n<\/div><\/details><\/div>\n\n\n\n<div class=\"wp-block-coblocks-accordion-item has-custom-font has-custom-weight has-custom-transform\" style=\"font-family:Montserrat;font-weight:400;text-transform:uppercase\"><details><summary class=\"wp-block-coblocks-accordion-item__title has-background has-text-color has-nv-site-bg-color\" style=\"background-color:#002f68\">COPA PLATA<\/summary><div class=\"wp-block-coblocks-accordion-item__content\" style=\"border-color:#002f68\"><p><div class=\"sportspress\"><h4 class=\"sp-table-caption\">SEMIFINAL 1 PLATA<\/h4><div class=\"sp-template sp-template-event-blocks\">\n\t<div class=\"sp-table-wrapper\">\n\t\t<table class=\"sp-event-blocks sp-data-table\n\t\t\t\t\t sp-paginated-table\" data-sp-rows=\"99\">\n\t\t\t<thead><tr><th><\/th><\/tr><\/thead> \t\t\t<tbody>\n\t\t\t\t\t\t\t\t\t<tr class=\"sp-row sp-post alternate\" itemscope itemtype=\"http:\/\/schema.org\/SportsEvent\">\n\t\t\t\t\t\t<td>\n\t\t\t\t\t\t\t\t\t\t\t\t\t\t<span class=\"team-logo logo-odd\" title=\"Mamba (A) (Lima, Per\u00fa)\"><img decoding=\"async\" width=\"128\" height=\"128\" data-src=\"https:\/\/esquerra.com.ar\/voleibol\/wp-content\/uploads\/2025\/11\/Mamba-Lima-Peru-128x128.png\" class=\"attachment-sportspress-fit-icon size-sportspress-fit-icon wp-post-image lazyload\" alt=\"\" src=\"data:image\/gif;base64,R0lGODlhAQABAAAAACH5BAEKAAEALAAAAAABAAEAAAICTAEAOw==\" style=\"--smush-placeholder-width: 128px; --smush-placeholder-aspect-ratio: 128\/128;\" \/><noscript><img decoding=\"async\" width=\"128\" height=\"128\" data-src=\"https:\/\/esquerra.com.ar\/voleibol\/wp-content\/uploads\/2025\/11\/Mamba-Lima-Peru-128x128.png\" class=\"attachment-sportspress-fit-icon size-sportspress-fit-icon wp-post-image lazyload\" alt=\"\" src=\"data:image\/gif;base64,R0lGODlhAQABAAAAACH5BAEKAAEALAAAAAABAAEAAAICTAEAOw==\" style=\"--smush-placeholder-width: 128px; --smush-placeholder-aspect-ratio: 128\/128;\" \/><noscript><img decoding=\"async\" width=\"128\" height=\"128\" data-src=\"https:\/\/esquerra.com.ar\/voleibol\/wp-content\/uploads\/2025\/11\/Mamba-Lima-Peru-128x128.png\" class=\"attachment-sportspress-fit-icon size-sportspress-fit-icon wp-post-image lazyload\" alt=\"\" src=\"data:image\/gif;base64,R0lGODlhAQABAAAAACH5BAEKAAEALAAAAAABAAEAAAICTAEAOw==\" style=\"--smush-placeholder-width: 128px; --smush-placeholder-aspect-ratio: 128\/128;\" \/><noscript><img decoding=\"async\" width=\"128\" height=\"128\" data-src=\"https:\/\/esquerra.com.ar\/voleibol\/wp-content\/uploads\/2025\/11\/Mamba-Lima-Peru-128x128.png\" class=\"attachment-sportspress-fit-icon size-sportspress-fit-icon wp-post-image lazyload\" alt=\"\" src=\"data:image\/gif;base64,R0lGODlhAQABAAAAACH5BAEKAAEALAAAAAABAAEAAAICTAEAOw==\" style=\"--smush-placeholder-width: 128px; --smush-placeholder-aspect-ratio: 128\/128;\" \/><noscript><img decoding=\"async\" width=\"128\" height=\"128\" data-src=\"https:\/\/esquerra.com.ar\/voleibol\/wp-content\/uploads\/2025\/11\/Mamba-Lima-Peru-128x128.png\" class=\"attachment-sportspress-fit-icon size-sportspress-fit-icon wp-post-image lazyload\" alt=\"\" src=\"data:image\/gif;base64,R0lGODlhAQABAAAAACH5BAEKAAEALAAAAAABAAEAAAICTAEAOw==\" style=\"--smush-placeholder-width: 128px; --smush-placeholder-aspect-ratio: 128\/128;\" \/><noscript><img decoding=\"async\" width=\"128\" height=\"128\" data-src=\"https:\/\/esquerra.com.ar\/voleibol\/wp-content\/uploads\/2025\/11\/Mamba-Lima-Peru-128x128.png\" class=\"attachment-sportspress-fit-icon size-sportspress-fit-icon wp-post-image lazyload\" alt=\"\" src=\"data:image\/gif;base64,R0lGODlhAQABAAAAACH5BAEKAAEALAAAAAABAAEAAAICTAEAOw==\" style=\"--smush-placeholder-width: 128px; --smush-placeholder-aspect-ratio: 128\/128;\" \/><noscript><img decoding=\"async\" width=\"128\" height=\"128\" data-src=\"https:\/\/esquerra.com.ar\/voleibol\/wp-content\/uploads\/2025\/11\/Mamba-Lima-Peru-128x128.png\" class=\"attachment-sportspress-fit-icon size-sportspress-fit-icon wp-post-image lazyload\" alt=\"\" src=\"data:image\/gif;base64,R0lGODlhAQABAAAAACH5BAEKAAEALAAAAAABAAEAAAICTAEAOw==\" style=\"--smush-placeholder-width: 128px; --smush-placeholder-aspect-ratio: 128\/128;\" \/><noscript><img decoding=\"async\" width=\"128\" height=\"128\" data-src=\"https:\/\/esquerra.com.ar\/voleibol\/wp-content\/uploads\/2025\/11\/Mamba-Lima-Peru-128x128.png\" class=\"attachment-sportspress-fit-icon size-sportspress-fit-icon wp-post-image lazyload\" alt=\"\" src=\"data:image\/gif;base64,R0lGODlhAQABAAAAACH5BAEKAAEALAAAAAABAAEAAAICTAEAOw==\" style=\"--smush-placeholder-width: 128px; --smush-placeholder-aspect-ratio: 128\/128;\" \/><noscript><img decoding=\"async\" width=\"128\" height=\"128\" data-src=\"https:\/\/esquerra.com.ar\/voleibol\/wp-content\/uploads\/2025\/11\/Mamba-Lima-Peru-128x128.png\" class=\"attachment-sportspress-fit-icon size-sportspress-fit-icon wp-post-image lazyload\" alt=\"\" src=\"data:image\/gif;base64,R0lGODlhAQABAAAAACH5BAEKAAEALAAAAAABAAEAAAICTAEAOw==\" style=\"--smush-placeholder-width: 128px; --smush-placeholder-aspect-ratio: 128\/128;\" \/><noscript><img decoding=\"async\" width=\"128\" height=\"128\" data-src=\"https:\/\/esquerra.com.ar\/voleibol\/wp-content\/uploads\/2025\/11\/Mamba-Lima-Peru-128x128.png\" class=\"attachment-sportspress-fit-icon size-sportspress-fit-icon wp-post-image lazyload\" alt=\"\" src=\"data:image\/gif;base64,R0lGODlhAQABAAAAACH5BAEKAAEALAAAAAABAAEAAAICTAEAOw==\" style=\"--smush-placeholder-width: 128px; --smush-placeholder-aspect-ratio: 128\/128;\" \/><noscript><img decoding=\"async\" width=\"128\" height=\"128\" data-src=\"https:\/\/esquerra.com.ar\/voleibol\/wp-content\/uploads\/2025\/11\/Mamba-Lima-Peru-128x128.png\" class=\"attachment-sportspress-fit-icon size-sportspress-fit-icon wp-post-image lazyload\" alt=\"\" src=\"data:image\/gif;base64,R0lGODlhAQABAAAAACH5BAEKAAEALAAAAAABAAEAAAICTAEAOw==\" style=\"--smush-placeholder-width: 128px; --smush-placeholder-aspect-ratio: 128\/128;\" \/><noscript><img decoding=\"async\" width=\"128\" height=\"128\" data-src=\"https:\/\/esquerra.com.ar\/voleibol\/wp-content\/uploads\/2025\/11\/Mamba-Lima-Peru-128x128.png\" class=\"attachment-sportspress-fit-icon size-sportspress-fit-icon wp-post-image lazyload\" alt=\"\" src=\"data:image\/gif;base64,R0lGODlhAQABAAAAACH5BAEKAAEALAAAAAABAAEAAAICTAEAOw==\" style=\"--smush-placeholder-width: 128px; --smush-placeholder-aspect-ratio: 128\/128;\" \/><noscript><img decoding=\"async\" width=\"128\" height=\"128\" src=\"https:\/\/esquerra.com.ar\/voleibol\/wp-content\/uploads\/2025\/11\/Mamba-Lima-Peru-128x128.png\" class=\"attachment-sportspress-fit-icon size-sportspress-fit-icon wp-post-image\" alt=\"\" \/><\/noscript><\/noscript><\/noscript><\/noscript><\/noscript><\/noscript><\/noscript><\/noscript><\/noscript><\/noscript><\/noscript><\/noscript><\/span> <span class=\"team-logo logo-even\" title=\"Alfebracross (Asunci\u00f3n, Paraguay)\"><img loading=\"lazy\" decoding=\"async\" width=\"128\" height=\"128\" data-src=\"https:\/\/esquerra.com.ar\/voleibol\/wp-content\/uploads\/2025\/11\/Alfebracrossvolley-Paraguay-128x128.png\" class=\"attachment-sportspress-fit-icon size-sportspress-fit-icon wp-post-image lazyload\" alt=\"\" src=\"data:image\/gif;base64,R0lGODlhAQABAAAAACH5BAEKAAEALAAAAAABAAEAAAICTAEAOw==\" style=\"--smush-placeholder-width: 128px; --smush-placeholder-aspect-ratio: 128\/128;\" \/><noscript><img loading=\"lazy\" decoding=\"async\" width=\"128\" height=\"128\" data-src=\"https:\/\/esquerra.com.ar\/voleibol\/wp-content\/uploads\/2025\/11\/Alfebracrossvolley-Paraguay-128x128.png\" class=\"attachment-sportspress-fit-icon size-sportspress-fit-icon wp-post-image lazyload\" alt=\"\" src=\"data:image\/gif;base64,R0lGODlhAQABAAAAACH5BAEKAAEALAAAAAABAAEAAAICTAEAOw==\" style=\"--smush-placeholder-width: 128px; --smush-placeholder-aspect-ratio: 128\/128;\" \/><noscript><img loading=\"lazy\" decoding=\"async\" width=\"128\" height=\"128\" data-src=\"https:\/\/esquerra.com.ar\/voleibol\/wp-content\/uploads\/2025\/11\/Alfebracrossvolley-Paraguay-128x128.png\" class=\"attachment-sportspress-fit-icon size-sportspress-fit-icon wp-post-image lazyload\" alt=\"\" src=\"data:image\/gif;base64,R0lGODlhAQABAAAAACH5BAEKAAEALAAAAAABAAEAAAICTAEAOw==\" style=\"--smush-placeholder-width: 128px; --smush-placeholder-aspect-ratio: 128\/128;\" \/><noscript><img loading=\"lazy\" decoding=\"async\" width=\"128\" height=\"128\" data-src=\"https:\/\/esquerra.com.ar\/voleibol\/wp-content\/uploads\/2025\/11\/Alfebracrossvolley-Paraguay-128x128.png\" class=\"attachment-sportspress-fit-icon size-sportspress-fit-icon wp-post-image lazyload\" alt=\"\" src=\"data:image\/gif;base64,R0lGODlhAQABAAAAACH5BAEKAAEALAAAAAABAAEAAAICTAEAOw==\" style=\"--smush-placeholder-width: 128px; --smush-placeholder-aspect-ratio: 128\/128;\" \/><noscript><img loading=\"lazy\" decoding=\"async\" width=\"128\" height=\"128\" data-src=\"https:\/\/esquerra.com.ar\/voleibol\/wp-content\/uploads\/2025\/11\/Alfebracrossvolley-Paraguay-128x128.png\" class=\"attachment-sportspress-fit-icon size-sportspress-fit-icon wp-post-image lazyload\" alt=\"\" src=\"data:image\/gif;base64,R0lGODlhAQABAAAAACH5BAEKAAEALAAAAAABAAEAAAICTAEAOw==\" style=\"--smush-placeholder-width: 128px; --smush-placeholder-aspect-ratio: 128\/128;\" \/><noscript><img loading=\"lazy\" decoding=\"async\" width=\"128\" height=\"128\" data-src=\"https:\/\/esquerra.com.ar\/voleibol\/wp-content\/uploads\/2025\/11\/Alfebracrossvolley-Paraguay-128x128.png\" class=\"attachment-sportspress-fit-icon size-sportspress-fit-icon wp-post-image lazyload\" alt=\"\" src=\"data:image\/gif;base64,R0lGODlhAQABAAAAACH5BAEKAAEALAAAAAABAAEAAAICTAEAOw==\" style=\"--smush-placeholder-width: 128px; --smush-placeholder-aspect-ratio: 128\/128;\" \/><noscript><img loading=\"lazy\" decoding=\"async\" width=\"128\" height=\"128\" src=\"https:\/\/esquerra.com.ar\/voleibol\/wp-content\/uploads\/2025\/11\/Alfebracrossvolley-Paraguay-128x128.png\" class=\"attachment-sportspress-fit-icon size-sportspress-fit-icon wp-post-image\" alt=\"\" \/><\/noscript><\/noscript><\/noscript><\/noscript><\/noscript><\/noscript><\/span>\t\t\t\t\t\t\t<time class=\"sp-event-date\" datetime=\"2025-11-30 10:10:21\" itemprop=\"startDate\" content=\"2025-11-30T10:10:21-03:00\">\n\t\t\t\t\t\t\t\t<a href=\"https:\/\/esquerra.com.ar\/voleibol\/event\/2-zona-a-vs-2-zona-b\/\">30\/11\/2025<\/a>\t\t\t\t\t\t\t<\/time>\n\t\t\t\t\t\t\t\t\t\t\t\t\t\t<h5 class=\"sp-event-results\">\n\t\t\t\t\t\t\t\t<a href=\"https:\/\/esquerra.com.ar\/voleibol\/event\/2-zona-a-vs-2-zona-b\/\"><span class=\"sp-result ok\">1<\/span> - <span class=\"sp-result\">2<\/span><\/a>\t\t\t\t\t\t\t<\/h5>\n\t\t\t\t\t\t\t\t\t\t\t\t\t\t\t\t\t\t\t\t\t\t<div class=\"sp-event-season\">U16F \u2013 Noviembre 2025 \u2013 COPA PLATA SF 1<\/div>\n\t\t\t\t\t\t\t\t\t\t\t\t\t\t\t\t\t\t\t\t\t\t\t\t\t\t\t\t\t\t<div class=\"sp-event-venue\" itemprop=\"location\" itemscope itemtype=\"http:\/\/schema.org\/Place\"><div itemprop=\"address\" itemscope itemtype=\"http:\/\/schema.org\/PostalAddress\">SUE - Cancha 1<\/div><\/div>\n\t\t\t\t\t\t\t\t\t\t\t\t\t\t\t\t\t\t\t\t\t\t\t\t\t\t\t\t\t\t<div style=\"display:none;\" class=\"sp-event-venue\" itemprop=\"location\" itemscope itemtype=\"http:\/\/schema.org\/Place\"><div itemprop=\"address\" itemscope itemtype=\"http:\/\/schema.org\/PostalAddress\">N\/D<\/div><\/div>\n\t\t\t\t\t\t\t\t\t\t\t\t\t\t<h4 class=\"sp-event-title\" itemprop=\"name\">\n\t\t\t\t\t\t\t\t<a href=\"https:\/\/esquerra.com.ar\/voleibol\/event\/2-zona-a-vs-2-zona-b\/\">Mamba (A) (Lima, Per\u00fa) vs Alfebracross (Asunci\u00f3n, Paraguay)<\/a>\t\t\t\t\t\t\t<\/h4>\n\t\t\t\t\t\t\t\n\t\t\t\t\t\t<\/td>\n\t\t\t\t\t<\/tr>\n\t\t\t\t\t\t\t\t<\/tbody>\n\t\t<\/table>\n\t<\/div>\n\t<\/div>\n<\/div><br \/>\n<div class=\"sportspress\"><h4 class=\"sp-table-caption\">SEMIFINAL 2 PLATA<\/h4><div class=\"sp-template sp-template-event-blocks\">\n\t<div class=\"sp-table-wrapper\">\n\t\t<table class=\"sp-event-blocks sp-data-table\n\t\t\t\t\t sp-paginated-table\" data-sp-rows=\"99\">\n\t\t\t<thead><tr><th><\/th><\/tr><\/thead> \t\t\t<tbody>\n\t\t\t\t\t\t\t\t\t<tr class=\"sp-row sp-post alternate\" itemscope itemtype=\"http:\/\/schema.org\/SportsEvent\">\n\t\t\t\t\t\t<td>\n\t\t\t\t\t\t\t\t\t\t\t\t\t\t<span class=\"team-logo logo-odd\" title=\"Centro Asturiano (B) (Vicente L\u00f3pez, Argentina)\"><img decoding=\"async\" width=\"128\" height=\"128\" data-src=\"https:\/\/esquerra.com.ar\/voleibol\/wp-content\/uploads\/2025\/11\/Centro-Asturiano-CABA-Argentina-128x128.png\" class=\"attachment-sportspress-fit-icon size-sportspress-fit-icon wp-post-image lazyload\" alt=\"\" src=\"data:image\/gif;base64,R0lGODlhAQABAAAAACH5BAEKAAEALAAAAAABAAEAAAICTAEAOw==\" style=\"--smush-placeholder-width: 128px; --smush-placeholder-aspect-ratio: 128\/128;\" \/><noscript><img decoding=\"async\" width=\"128\" height=\"128\" data-src=\"https:\/\/esquerra.com.ar\/voleibol\/wp-content\/uploads\/2025\/11\/Centro-Asturiano-CABA-Argentina-128x128.png\" class=\"attachment-sportspress-fit-icon size-sportspress-fit-icon wp-post-image lazyload\" alt=\"\" src=\"data:image\/gif;base64,R0lGODlhAQABAAAAACH5BAEKAAEALAAAAAABAAEAAAICTAEAOw==\" style=\"--smush-placeholder-width: 128px; --smush-placeholder-aspect-ratio: 128\/128;\" \/><noscript><img decoding=\"async\" width=\"128\" height=\"128\" data-src=\"https:\/\/esquerra.com.ar\/voleibol\/wp-content\/uploads\/2025\/11\/Centro-Asturiano-CABA-Argentina-128x128.png\" class=\"attachment-sportspress-fit-icon size-sportspress-fit-icon wp-post-image lazyload\" alt=\"\" src=\"data:image\/gif;base64,R0lGODlhAQABAAAAACH5BAEKAAEALAAAAAABAAEAAAICTAEAOw==\" style=\"--smush-placeholder-width: 128px; --smush-placeholder-aspect-ratio: 128\/128;\" \/><noscript><img decoding=\"async\" width=\"128\" height=\"128\" data-src=\"https:\/\/esquerra.com.ar\/voleibol\/wp-content\/uploads\/2025\/11\/Centro-Asturiano-CABA-Argentina-128x128.png\" class=\"attachment-sportspress-fit-icon size-sportspress-fit-icon wp-post-image lazyload\" alt=\"\" src=\"data:image\/gif;base64,R0lGODlhAQABAAAAACH5BAEKAAEALAAAAAABAAEAAAICTAEAOw==\" style=\"--smush-placeholder-width: 128px; --smush-placeholder-aspect-ratio: 128\/128;\" \/><noscript><img decoding=\"async\" width=\"128\" height=\"128\" data-src=\"https:\/\/esquerra.com.ar\/voleibol\/wp-content\/uploads\/2025\/11\/Centro-Asturiano-CABA-Argentina-128x128.png\" class=\"attachment-sportspress-fit-icon size-sportspress-fit-icon wp-post-image lazyload\" alt=\"\" src=\"data:image\/gif;base64,R0lGODlhAQABAAAAACH5BAEKAAEALAAAAAABAAEAAAICTAEAOw==\" style=\"--smush-placeholder-width: 128px; --smush-placeholder-aspect-ratio: 128\/128;\" \/><noscript><img decoding=\"async\" width=\"128\" height=\"128\" data-src=\"https:\/\/esquerra.com.ar\/voleibol\/wp-content\/uploads\/2025\/11\/Centro-Asturiano-CABA-Argentina-128x128.png\" class=\"attachment-sportspress-fit-icon size-sportspress-fit-icon wp-post-image lazyload\" alt=\"\" src=\"data:image\/gif;base64,R0lGODlhAQABAAAAACH5BAEKAAEALAAAAAABAAEAAAICTAEAOw==\" style=\"--smush-placeholder-width: 128px; --smush-placeholder-aspect-ratio: 128\/128;\" \/><noscript><img decoding=\"async\" width=\"128\" height=\"128\" data-src=\"https:\/\/esquerra.com.ar\/voleibol\/wp-content\/uploads\/2025\/11\/Centro-Asturiano-CABA-Argentina-128x128.png\" class=\"attachment-sportspress-fit-icon size-sportspress-fit-icon wp-post-image lazyload\" alt=\"\" src=\"data:image\/gif;base64,R0lGODlhAQABAAAAACH5BAEKAAEALAAAAAABAAEAAAICTAEAOw==\" style=\"--smush-placeholder-width: 128px; --smush-placeholder-aspect-ratio: 128\/128;\" \/><noscript><img decoding=\"async\" width=\"128\" height=\"128\" data-src=\"https:\/\/esquerra.com.ar\/voleibol\/wp-content\/uploads\/2025\/11\/Centro-Asturiano-CABA-Argentina-128x128.png\" class=\"attachment-sportspress-fit-icon size-sportspress-fit-icon wp-post-image lazyload\" alt=\"\" src=\"data:image\/gif;base64,R0lGODlhAQABAAAAACH5BAEKAAEALAAAAAABAAEAAAICTAEAOw==\" style=\"--smush-placeholder-width: 128px; --smush-placeholder-aspect-ratio: 128\/128;\" \/><noscript><img decoding=\"async\" width=\"128\" height=\"128\" data-src=\"https:\/\/esquerra.com.ar\/voleibol\/wp-content\/uploads\/2025\/11\/Centro-Asturiano-CABA-Argentina-128x128.png\" class=\"attachment-sportspress-fit-icon size-sportspress-fit-icon wp-post-image lazyload\" alt=\"\" src=\"data:image\/gif;base64,R0lGODlhAQABAAAAACH5BAEKAAEALAAAAAABAAEAAAICTAEAOw==\" style=\"--smush-placeholder-width: 128px; --smush-placeholder-aspect-ratio: 128\/128;\" \/><noscript><img decoding=\"async\" width=\"128\" height=\"128\" data-src=\"https:\/\/esquerra.com.ar\/voleibol\/wp-content\/uploads\/2025\/11\/Centro-Asturiano-CABA-Argentina-128x128.png\" class=\"attachment-sportspress-fit-icon size-sportspress-fit-icon wp-post-image lazyload\" alt=\"\" src=\"data:image\/gif;base64,R0lGODlhAQABAAAAACH5BAEKAAEALAAAAAABAAEAAAICTAEAOw==\" style=\"--smush-placeholder-width: 128px; --smush-placeholder-aspect-ratio: 128\/128;\" \/><noscript><img decoding=\"async\" width=\"128\" height=\"128\" data-src=\"https:\/\/esquerra.com.ar\/voleibol\/wp-content\/uploads\/2025\/11\/Centro-Asturiano-CABA-Argentina-128x128.png\" class=\"attachment-sportspress-fit-icon size-sportspress-fit-icon wp-post-image lazyload\" alt=\"\" src=\"data:image\/gif;base64,R0lGODlhAQABAAAAACH5BAEKAAEALAAAAAABAAEAAAICTAEAOw==\" style=\"--smush-placeholder-width: 128px; --smush-placeholder-aspect-ratio: 128\/128;\" \/><noscript><img decoding=\"async\" width=\"128\" height=\"128\" data-src=\"https:\/\/esquerra.com.ar\/voleibol\/wp-content\/uploads\/2025\/11\/Centro-Asturiano-CABA-Argentina-128x128.png\" class=\"attachment-sportspress-fit-icon size-sportspress-fit-icon wp-post-image lazyload\" alt=\"\" src=\"data:image\/gif;base64,R0lGODlhAQABAAAAACH5BAEKAAEALAAAAAABAAEAAAICTAEAOw==\" style=\"--smush-placeholder-width: 128px; --smush-placeholder-aspect-ratio: 128\/128;\" \/><noscript><img decoding=\"async\" width=\"128\" height=\"128\" src=\"https:\/\/esquerra.com.ar\/voleibol\/wp-content\/uploads\/2025\/11\/Centro-Asturiano-CABA-Argentina-128x128.png\" class=\"attachment-sportspress-fit-icon size-sportspress-fit-icon wp-post-image\" alt=\"\" \/><\/noscript><\/noscript><\/noscript><\/noscript><\/noscript><\/noscript><\/noscript><\/noscript><\/noscript><\/noscript><\/noscript><\/noscript><\/span> <span class=\"team-logo logo-even\" title=\"Murano (Santiago, Chile)\"><img loading=\"lazy\" decoding=\"async\" width=\"128\" height=\"128\" data-src=\"https:\/\/esquerra.com.ar\/voleibol\/wp-content\/uploads\/2025\/11\/Murano-Santiago-Chile-128x128.png\" class=\"attachment-sportspress-fit-icon size-sportspress-fit-icon wp-post-image lazyload\" alt=\"\" src=\"data:image\/gif;base64,R0lGODlhAQABAAAAACH5BAEKAAEALAAAAAABAAEAAAICTAEAOw==\" style=\"--smush-placeholder-width: 128px; --smush-placeholder-aspect-ratio: 128\/128;\" \/><noscript><img loading=\"lazy\" decoding=\"async\" width=\"128\" height=\"128\" data-src=\"https:\/\/esquerra.com.ar\/voleibol\/wp-content\/uploads\/2025\/11\/Murano-Santiago-Chile-128x128.png\" class=\"attachment-sportspress-fit-icon size-sportspress-fit-icon wp-post-image lazyload\" alt=\"\" src=\"data:image\/gif;base64,R0lGODlhAQABAAAAACH5BAEKAAEALAAAAAABAAEAAAICTAEAOw==\" style=\"--smush-placeholder-width: 128px; --smush-placeholder-aspect-ratio: 128\/128;\" \/><noscript><img loading=\"lazy\" decoding=\"async\" width=\"128\" height=\"128\" data-src=\"https:\/\/esquerra.com.ar\/voleibol\/wp-content\/uploads\/2025\/11\/Murano-Santiago-Chile-128x128.png\" class=\"attachment-sportspress-fit-icon size-sportspress-fit-icon wp-post-image lazyload\" alt=\"\" src=\"data:image\/gif;base64,R0lGODlhAQABAAAAACH5BAEKAAEALAAAAAABAAEAAAICTAEAOw==\" style=\"--smush-placeholder-width: 128px; --smush-placeholder-aspect-ratio: 128\/128;\" \/><noscript><img loading=\"lazy\" decoding=\"async\" width=\"128\" height=\"128\" data-src=\"https:\/\/esquerra.com.ar\/voleibol\/wp-content\/uploads\/2025\/11\/Murano-Santiago-Chile-128x128.png\" class=\"attachment-sportspress-fit-icon size-sportspress-fit-icon wp-post-image lazyload\" alt=\"\" src=\"data:image\/gif;base64,R0lGODlhAQABAAAAACH5BAEKAAEALAAAAAABAAEAAAICTAEAOw==\" style=\"--smush-placeholder-width: 128px; --smush-placeholder-aspect-ratio: 128\/128;\" \/><noscript><img loading=\"lazy\" decoding=\"async\" width=\"128\" height=\"128\" data-src=\"https:\/\/esquerra.com.ar\/voleibol\/wp-content\/uploads\/2025\/11\/Murano-Santiago-Chile-128x128.png\" class=\"attachment-sportspress-fit-icon size-sportspress-fit-icon wp-post-image lazyload\" alt=\"\" src=\"data:image\/gif;base64,R0lGODlhAQABAAAAACH5BAEKAAEALAAAAAABAAEAAAICTAEAOw==\" style=\"--smush-placeholder-width: 128px; --smush-placeholder-aspect-ratio: 128\/128;\" \/><noscript><img loading=\"lazy\" decoding=\"async\" width=\"128\" height=\"128\" data-src=\"https:\/\/esquerra.com.ar\/voleibol\/wp-content\/uploads\/2025\/11\/Murano-Santiago-Chile-128x128.png\" class=\"attachment-sportspress-fit-icon size-sportspress-fit-icon wp-post-image lazyload\" alt=\"\" src=\"data:image\/gif;base64,R0lGODlhAQABAAAAACH5BAEKAAEALAAAAAABAAEAAAICTAEAOw==\" style=\"--smush-placeholder-width: 128px; --smush-placeholder-aspect-ratio: 128\/128;\" \/><noscript><img loading=\"lazy\" decoding=\"async\" width=\"128\" height=\"128\" src=\"https:\/\/esquerra.com.ar\/voleibol\/wp-content\/uploads\/2025\/11\/Murano-Santiago-Chile-128x128.png\" class=\"attachment-sportspress-fit-icon size-sportspress-fit-icon wp-post-image\" alt=\"\" \/><\/noscript><\/noscript><\/noscript><\/noscript><\/noscript><\/noscript><\/span>\t\t\t\t\t\t\t<time class=\"sp-event-date\" datetime=\"2025-11-30 10:10:17\" itemprop=\"startDate\" content=\"2025-11-30T10:10:17-03:00\">\n\t\t\t\t\t\t\t\t<a href=\"https:\/\/esquerra.com.ar\/voleibol\/event\/2-zona-c-vs-2-zona-d\/\">30\/11\/2025<\/a>\t\t\t\t\t\t\t<\/time>\n\t\t\t\t\t\t\t\t\t\t\t\t\t\t<h5 class=\"sp-event-results\">\n\t\t\t\t\t\t\t\t<a href=\"https:\/\/esquerra.com.ar\/voleibol\/event\/2-zona-c-vs-2-zona-d\/\"><span class=\"sp-result ok\">0<\/span> - <span class=\"sp-result\">2<\/span><\/a>\t\t\t\t\t\t\t<\/h5>\n\t\t\t\t\t\t\t\t\t\t\t\t\t\t\t\t\t\t\t\t\t\t<div class=\"sp-event-season\">U16F \u2013 Noviembre 2025 \u2013 COPA PLATA SF 2<\/div>\n\t\t\t\t\t\t\t\t\t\t\t\t\t\t\t\t\t\t\t\t\t\t\t\t\t\t\t\t\t\t<div class=\"sp-event-venue\" itemprop=\"location\" itemscope itemtype=\"http:\/\/schema.org\/Place\"><div itemprop=\"address\" itemscope itemtype=\"http:\/\/schema.org\/PostalAddress\">SUE - Cancha 2<\/div><\/div>\n\t\t\t\t\t\t\t\t\t\t\t\t\t\t\t\t\t\t\t\t\t\t\t\t\t\t\t\t\t\t<div style=\"display:none;\" class=\"sp-event-venue\" itemprop=\"location\" itemscope itemtype=\"http:\/\/schema.org\/Place\"><div itemprop=\"address\" itemscope itemtype=\"http:\/\/schema.org\/PostalAddress\">N\/D<\/div><\/div>\n\t\t\t\t\t\t\t\t\t\t\t\t\t\t<h4 class=\"sp-event-title\" itemprop=\"name\">\n\t\t\t\t\t\t\t\t<a href=\"https:\/\/esquerra.com.ar\/voleibol\/event\/2-zona-c-vs-2-zona-d\/\">Centro Asturiano (B) (Vicente L\u00f3pez, Argentina) vs Murano (Santiago, Chile)<\/a>\t\t\t\t\t\t\t<\/h4>\n\t\t\t\t\t\t\t\n\t\t\t\t\t\t<\/td>\n\t\t\t\t\t<\/tr>\n\t\t\t\t\t\t\t\t<\/tbody>\n\t\t<\/table>\n\t<\/div>\n\t<\/div>\n<\/div><br \/>\n<div class=\"sportspress\"><h4 class=\"sp-table-caption\">TERCER PUESTO PLATA<\/h4><div class=\"sp-template sp-template-event-blocks\">\n\t<div class=\"sp-table-wrapper\">\n\t\t<table class=\"sp-event-blocks sp-data-table\n\t\t\t\t\t sp-paginated-table\" data-sp-rows=\"99\">\n\t\t\t<thead><tr><th><\/th><\/tr><\/thead> \t\t\t<tbody>\n\t\t\t\t\t\t\t\t\t<tr class=\"sp-row sp-post alternate\" itemscope itemtype=\"http:\/\/schema.org\/SportsEvent\">\n\t\t\t\t\t\t<td>\n\t\t\t\t\t\t\t\t\t\t\t\t\t\t<span class=\"team-logo logo-odd\" title=\"Centro Asturiano (B) (Vicente L\u00f3pez, Argentina)\"><img decoding=\"async\" width=\"128\" height=\"128\" data-src=\"https:\/\/esquerra.com.ar\/voleibol\/wp-content\/uploads\/2025\/11\/Centro-Asturiano-CABA-Argentina-128x128.png\" class=\"attachment-sportspress-fit-icon size-sportspress-fit-icon wp-post-image lazyload\" alt=\"\" src=\"data:image\/gif;base64,R0lGODlhAQABAAAAACH5BAEKAAEALAAAAAABAAEAAAICTAEAOw==\" style=\"--smush-placeholder-width: 128px; --smush-placeholder-aspect-ratio: 128\/128;\" \/><noscript><img decoding=\"async\" width=\"128\" height=\"128\" data-src=\"https:\/\/esquerra.com.ar\/voleibol\/wp-content\/uploads\/2025\/11\/Centro-Asturiano-CABA-Argentina-128x128.png\" class=\"attachment-sportspress-fit-icon size-sportspress-fit-icon wp-post-image lazyload\" alt=\"\" src=\"data:image\/gif;base64,R0lGODlhAQABAAAAACH5BAEKAAEALAAAAAABAAEAAAICTAEAOw==\" style=\"--smush-placeholder-width: 128px; --smush-placeholder-aspect-ratio: 128\/128;\" \/><noscript><img decoding=\"async\" width=\"128\" height=\"128\" data-src=\"https:\/\/esquerra.com.ar\/voleibol\/wp-content\/uploads\/2025\/11\/Centro-Asturiano-CABA-Argentina-128x128.png\" class=\"attachment-sportspress-fit-icon size-sportspress-fit-icon wp-post-image lazyload\" alt=\"\" src=\"data:image\/gif;base64,R0lGODlhAQABAAAAACH5BAEKAAEALAAAAAABAAEAAAICTAEAOw==\" style=\"--smush-placeholder-width: 128px; --smush-placeholder-aspect-ratio: 128\/128;\" \/><noscript><img decoding=\"async\" width=\"128\" height=\"128\" data-src=\"https:\/\/esquerra.com.ar\/voleibol\/wp-content\/uploads\/2025\/11\/Centro-Asturiano-CABA-Argentina-128x128.png\" class=\"attachment-sportspress-fit-icon size-sportspress-fit-icon wp-post-image lazyload\" alt=\"\" src=\"data:image\/gif;base64,R0lGODlhAQABAAAAACH5BAEKAAEALAAAAAABAAEAAAICTAEAOw==\" style=\"--smush-placeholder-width: 128px; --smush-placeholder-aspect-ratio: 128\/128;\" \/><noscript><img decoding=\"async\" width=\"128\" height=\"128\" data-src=\"https:\/\/esquerra.com.ar\/voleibol\/wp-content\/uploads\/2025\/11\/Centro-Asturiano-CABA-Argentina-128x128.png\" class=\"attachment-sportspress-fit-icon size-sportspress-fit-icon wp-post-image lazyload\" alt=\"\" src=\"data:image\/gif;base64,R0lGODlhAQABAAAAACH5BAEKAAEALAAAAAABAAEAAAICTAEAOw==\" style=\"--smush-placeholder-width: 128px; --smush-placeholder-aspect-ratio: 128\/128;\" \/><noscript><img decoding=\"async\" width=\"128\" height=\"128\" data-src=\"https:\/\/esquerra.com.ar\/voleibol\/wp-content\/uploads\/2025\/11\/Centro-Asturiano-CABA-Argentina-128x128.png\" class=\"attachment-sportspress-fit-icon size-sportspress-fit-icon wp-post-image lazyload\" alt=\"\" src=\"data:image\/gif;base64,R0lGODlhAQABAAAAACH5BAEKAAEALAAAAAABAAEAAAICTAEAOw==\" style=\"--smush-placeholder-width: 128px; --smush-placeholder-aspect-ratio: 128\/128;\" \/><noscript><img decoding=\"async\" width=\"128\" height=\"128\" data-src=\"https:\/\/esquerra.com.ar\/voleibol\/wp-content\/uploads\/2025\/11\/Centro-Asturiano-CABA-Argentina-128x128.png\" class=\"attachment-sportspress-fit-icon size-sportspress-fit-icon wp-post-image lazyload\" alt=\"\" src=\"data:image\/gif;base64,R0lGODlhAQABAAAAACH5BAEKAAEALAAAAAABAAEAAAICTAEAOw==\" style=\"--smush-placeholder-width: 128px; --smush-placeholder-aspect-ratio: 128\/128;\" \/><noscript><img decoding=\"async\" width=\"128\" height=\"128\" data-src=\"https:\/\/esquerra.com.ar\/voleibol\/wp-content\/uploads\/2025\/11\/Centro-Asturiano-CABA-Argentina-128x128.png\" class=\"attachment-sportspress-fit-icon size-sportspress-fit-icon wp-post-image lazyload\" alt=\"\" src=\"data:image\/gif;base64,R0lGODlhAQABAAAAACH5BAEKAAEALAAAAAABAAEAAAICTAEAOw==\" style=\"--smush-placeholder-width: 128px; --smush-placeholder-aspect-ratio: 128\/128;\" \/><noscript><img decoding=\"async\" width=\"128\" height=\"128\" data-src=\"https:\/\/esquerra.com.ar\/voleibol\/wp-content\/uploads\/2025\/11\/Centro-Asturiano-CABA-Argentina-128x128.png\" class=\"attachment-sportspress-fit-icon size-sportspress-fit-icon wp-post-image lazyload\" alt=\"\" src=\"data:image\/gif;base64,R0lGODlhAQABAAAAACH5BAEKAAEALAAAAAABAAEAAAICTAEAOw==\" style=\"--smush-placeholder-width: 128px; --smush-placeholder-aspect-ratio: 128\/128;\" \/><noscript><img decoding=\"async\" width=\"128\" height=\"128\" data-src=\"https:\/\/esquerra.com.ar\/voleibol\/wp-content\/uploads\/2025\/11\/Centro-Asturiano-CABA-Argentina-128x128.png\" class=\"attachment-sportspress-fit-icon size-sportspress-fit-icon wp-post-image lazyload\" alt=\"\" src=\"data:image\/gif;base64,R0lGODlhAQABAAAAACH5BAEKAAEALAAAAAABAAEAAAICTAEAOw==\" style=\"--smush-placeholder-width: 128px; --smush-placeholder-aspect-ratio: 128\/128;\" \/><noscript><img decoding=\"async\" width=\"128\" height=\"128\" data-src=\"https:\/\/esquerra.com.ar\/voleibol\/wp-content\/uploads\/2025\/11\/Centro-Asturiano-CABA-Argentina-128x128.png\" class=\"attachment-sportspress-fit-icon size-sportspress-fit-icon wp-post-image lazyload\" alt=\"\" src=\"data:image\/gif;base64,R0lGODlhAQABAAAAACH5BAEKAAEALAAAAAABAAEAAAICTAEAOw==\" style=\"--smush-placeholder-width: 128px; --smush-placeholder-aspect-ratio: 128\/128;\" \/><noscript><img decoding=\"async\" width=\"128\" height=\"128\" data-src=\"https:\/\/esquerra.com.ar\/voleibol\/wp-content\/uploads\/2025\/11\/Centro-Asturiano-CABA-Argentina-128x128.png\" class=\"attachment-sportspress-fit-icon size-sportspress-fit-icon wp-post-image lazyload\" alt=\"\" src=\"data:image\/gif;base64,R0lGODlhAQABAAAAACH5BAEKAAEALAAAAAABAAEAAAICTAEAOw==\" style=\"--smush-placeholder-width: 128px; --smush-placeholder-aspect-ratio: 128\/128;\" \/><noscript><img decoding=\"async\" width=\"128\" height=\"128\" src=\"https:\/\/esquerra.com.ar\/voleibol\/wp-content\/uploads\/2025\/11\/Centro-Asturiano-CABA-Argentina-128x128.png\" class=\"attachment-sportspress-fit-icon size-sportspress-fit-icon wp-post-image\" alt=\"\" \/><\/noscript><\/noscript><\/noscript><\/noscript><\/noscript><\/noscript><\/noscript><\/noscript><\/noscript><\/noscript><\/noscript><\/noscript><\/span> <span class=\"team-logo logo-even\" title=\"Mamba (A) (Lima, Per\u00fa)\"><img decoding=\"async\" width=\"128\" height=\"128\" data-src=\"https:\/\/esquerra.com.ar\/voleibol\/wp-content\/uploads\/2025\/11\/Mamba-Lima-Peru-128x128.png\" class=\"attachment-sportspress-fit-icon size-sportspress-fit-icon wp-post-image lazyload\" alt=\"\" src=\"data:image\/gif;base64,R0lGODlhAQABAAAAACH5BAEKAAEALAAAAAABAAEAAAICTAEAOw==\" style=\"--smush-placeholder-width: 128px; --smush-placeholder-aspect-ratio: 128\/128;\" \/><noscript><img decoding=\"async\" width=\"128\" height=\"128\" data-src=\"https:\/\/esquerra.com.ar\/voleibol\/wp-content\/uploads\/2025\/11\/Mamba-Lima-Peru-128x128.png\" class=\"attachment-sportspress-fit-icon size-sportspress-fit-icon wp-post-image lazyload\" alt=\"\" src=\"data:image\/gif;base64,R0lGODlhAQABAAAAACH5BAEKAAEALAAAAAABAAEAAAICTAEAOw==\" style=\"--smush-placeholder-width: 128px; --smush-placeholder-aspect-ratio: 128\/128;\" \/><noscript><img decoding=\"async\" width=\"128\" height=\"128\" data-src=\"https:\/\/esquerra.com.ar\/voleibol\/wp-content\/uploads\/2025\/11\/Mamba-Lima-Peru-128x128.png\" class=\"attachment-sportspress-fit-icon size-sportspress-fit-icon wp-post-image lazyload\" alt=\"\" src=\"data:image\/gif;base64,R0lGODlhAQABAAAAACH5BAEKAAEALAAAAAABAAEAAAICTAEAOw==\" style=\"--smush-placeholder-width: 128px; --smush-placeholder-aspect-ratio: 128\/128;\" \/><noscript><img decoding=\"async\" width=\"128\" height=\"128\" data-src=\"https:\/\/esquerra.com.ar\/voleibol\/wp-content\/uploads\/2025\/11\/Mamba-Lima-Peru-128x128.png\" class=\"attachment-sportspress-fit-icon size-sportspress-fit-icon wp-post-image lazyload\" alt=\"\" src=\"data:image\/gif;base64,R0lGODlhAQABAAAAACH5BAEKAAEALAAAAAABAAEAAAICTAEAOw==\" style=\"--smush-placeholder-width: 128px; --smush-placeholder-aspect-ratio: 128\/128;\" \/><noscript><img decoding=\"async\" width=\"128\" height=\"128\" data-src=\"https:\/\/esquerra.com.ar\/voleibol\/wp-content\/uploads\/2025\/11\/Mamba-Lima-Peru-128x128.png\" class=\"attachment-sportspress-fit-icon size-sportspress-fit-icon wp-post-image lazyload\" alt=\"\" src=\"data:image\/gif;base64,R0lGODlhAQABAAAAACH5BAEKAAEALAAAAAABAAEAAAICTAEAOw==\" style=\"--smush-placeholder-width: 128px; --smush-placeholder-aspect-ratio: 128\/128;\" \/><noscript><img decoding=\"async\" width=\"128\" height=\"128\" data-src=\"https:\/\/esquerra.com.ar\/voleibol\/wp-content\/uploads\/2025\/11\/Mamba-Lima-Peru-128x128.png\" class=\"attachment-sportspress-fit-icon size-sportspress-fit-icon wp-post-image lazyload\" alt=\"\" src=\"data:image\/gif;base64,R0lGODlhAQABAAAAACH5BAEKAAEALAAAAAABAAEAAAICTAEAOw==\" style=\"--smush-placeholder-width: 128px; --smush-placeholder-aspect-ratio: 128\/128;\" \/><noscript><img decoding=\"async\" width=\"128\" height=\"128\" data-src=\"https:\/\/esquerra.com.ar\/voleibol\/wp-content\/uploads\/2025\/11\/Mamba-Lima-Peru-128x128.png\" class=\"attachment-sportspress-fit-icon size-sportspress-fit-icon wp-post-image lazyload\" alt=\"\" src=\"data:image\/gif;base64,R0lGODlhAQABAAAAACH5BAEKAAEALAAAAAABAAEAAAICTAEAOw==\" style=\"--smush-placeholder-width: 128px; --smush-placeholder-aspect-ratio: 128\/128;\" \/><noscript><img decoding=\"async\" width=\"128\" height=\"128\" data-src=\"https:\/\/esquerra.com.ar\/voleibol\/wp-content\/uploads\/2025\/11\/Mamba-Lima-Peru-128x128.png\" class=\"attachment-sportspress-fit-icon size-sportspress-fit-icon wp-post-image lazyload\" alt=\"\" src=\"data:image\/gif;base64,R0lGODlhAQABAAAAACH5BAEKAAEALAAAAAABAAEAAAICTAEAOw==\" style=\"--smush-placeholder-width: 128px; --smush-placeholder-aspect-ratio: 128\/128;\" \/><noscript><img decoding=\"async\" width=\"128\" height=\"128\" data-src=\"https:\/\/esquerra.com.ar\/voleibol\/wp-content\/uploads\/2025\/11\/Mamba-Lima-Peru-128x128.png\" class=\"attachment-sportspress-fit-icon size-sportspress-fit-icon wp-post-image lazyload\" alt=\"\" src=\"data:image\/gif;base64,R0lGODlhAQABAAAAACH5BAEKAAEALAAAAAABAAEAAAICTAEAOw==\" style=\"--smush-placeholder-width: 128px; --smush-placeholder-aspect-ratio: 128\/128;\" \/><noscript><img decoding=\"async\" width=\"128\" height=\"128\" data-src=\"https:\/\/esquerra.com.ar\/voleibol\/wp-content\/uploads\/2025\/11\/Mamba-Lima-Peru-128x128.png\" class=\"attachment-sportspress-fit-icon size-sportspress-fit-icon wp-post-image lazyload\" alt=\"\" src=\"data:image\/gif;base64,R0lGODlhAQABAAAAACH5BAEKAAEALAAAAAABAAEAAAICTAEAOw==\" style=\"--smush-placeholder-width: 128px; --smush-placeholder-aspect-ratio: 128\/128;\" \/><noscript><img decoding=\"async\" width=\"128\" height=\"128\" data-src=\"https:\/\/esquerra.com.ar\/voleibol\/wp-content\/uploads\/2025\/11\/Mamba-Lima-Peru-128x128.png\" class=\"attachment-sportspress-fit-icon size-sportspress-fit-icon wp-post-image lazyload\" alt=\"\" src=\"data:image\/gif;base64,R0lGODlhAQABAAAAACH5BAEKAAEALAAAAAABAAEAAAICTAEAOw==\" style=\"--smush-placeholder-width: 128px; --smush-placeholder-aspect-ratio: 128\/128;\" \/><noscript><img decoding=\"async\" width=\"128\" height=\"128\" data-src=\"https:\/\/esquerra.com.ar\/voleibol\/wp-content\/uploads\/2025\/11\/Mamba-Lima-Peru-128x128.png\" class=\"attachment-sportspress-fit-icon size-sportspress-fit-icon wp-post-image lazyload\" alt=\"\" src=\"data:image\/gif;base64,R0lGODlhAQABAAAAACH5BAEKAAEALAAAAAABAAEAAAICTAEAOw==\" style=\"--smush-placeholder-width: 128px; --smush-placeholder-aspect-ratio: 128\/128;\" \/><noscript><img decoding=\"async\" width=\"128\" height=\"128\" src=\"https:\/\/esquerra.com.ar\/voleibol\/wp-content\/uploads\/2025\/11\/Mamba-Lima-Peru-128x128.png\" class=\"attachment-sportspress-fit-icon size-sportspress-fit-icon wp-post-image\" alt=\"\" \/><\/noscript><\/noscript><\/noscript><\/noscript><\/noscript><\/noscript><\/noscript><\/noscript><\/noscript><\/noscript><\/noscript><\/noscript><\/span>\t\t\t\t\t\t\t<time class=\"sp-event-date\" datetime=\"2025-11-30 13:40:56\" itemprop=\"startDate\" content=\"2025-11-30T13:40:56-03:00\">\n\t\t\t\t\t\t\t\t<a href=\"https:\/\/esquerra.com.ar\/voleibol\/event\/perdedor-sf-1-vs-perdedor-sf-2-10\/\">30\/11\/2025<\/a>\t\t\t\t\t\t\t<\/time>\n\t\t\t\t\t\t\t\t\t\t\t\t\t\t<h5 class=\"sp-event-results\">\n\t\t\t\t\t\t\t\t<a href=\"https:\/\/esquerra.com.ar\/voleibol\/event\/perdedor-sf-1-vs-perdedor-sf-2-10\/\"><span class=\"sp-result ok\">0<\/span> - <span class=\"sp-result\">2<\/span><\/a>\t\t\t\t\t\t\t<\/h5>\n\t\t\t\t\t\t\t\t\t\t\t\t\t\t\t\t\t\t\t\t\t\t<div class=\"sp-event-season\">U16F \u2013 Noviembre 2025 \u2013 COPA PLATA TERCER PUESTO<\/div>\n\t\t\t\t\t\t\t\t\t\t\t\t\t\t\t\t\t\t\t\t\t\t\t\t\t\t\t\t\t\t<div class=\"sp-event-venue\" itemprop=\"location\" itemscope itemtype=\"http:\/\/schema.org\/Place\"><div itemprop=\"address\" itemscope itemtype=\"http:\/\/schema.org\/PostalAddress\">SUE - Cancha 2<\/div><\/div>\n\t\t\t\t\t\t\t\t\t\t\t\t\t\t\t\t\t\t\t\t\t\t\t\t\t\t\t\t\t\t<div style=\"display:none;\" class=\"sp-event-venue\" itemprop=\"location\" itemscope itemtype=\"http:\/\/schema.org\/Place\"><div itemprop=\"address\" itemscope itemtype=\"http:\/\/schema.org\/PostalAddress\">N\/D<\/div><\/div>\n\t\t\t\t\t\t\t\t\t\t\t\t\t\t<h4 class=\"sp-event-title\" itemprop=\"name\">\n\t\t\t\t\t\t\t\t<a href=\"https:\/\/esquerra.com.ar\/voleibol\/event\/perdedor-sf-1-vs-perdedor-sf-2-10\/\">Centro Asturiano (B) (Vicente L\u00f3pez, Argentina) vs Mamba (A) (Lima, Per\u00fa)<\/a>\t\t\t\t\t\t\t<\/h4>\n\t\t\t\t\t\t\t\n\t\t\t\t\t\t<\/td>\n\t\t\t\t\t<\/tr>\n\t\t\t\t\t\t\t\t<\/tbody>\n\t\t<\/table>\n\t<\/div>\n\t<\/div>\n<\/div><br \/>\n<div class=\"sportspress\"><h4 class=\"sp-table-caption\">FINAL PLATA<\/h4><div class=\"sp-template sp-template-event-blocks\">\n\t<div class=\"sp-table-wrapper\">\n\t\t<table class=\"sp-event-blocks sp-data-table\n\t\t\t\t\t sp-paginated-table\" data-sp-rows=\"99\">\n\t\t\t<thead><tr><th><\/th><\/tr><\/thead> \t\t\t<tbody>\n\t\t\t\t\t\t\t\t\t<tr class=\"sp-row sp-post alternate\" itemscope itemtype=\"http:\/\/schema.org\/SportsEvent\">\n\t\t\t\t\t\t<td>\n\t\t\t\t\t\t\t\t\t\t\t\t\t\t<span class=\"team-logo logo-odd\" title=\"Murano (Santiago, Chile)\"><img loading=\"lazy\" decoding=\"async\" width=\"128\" height=\"128\" data-src=\"https:\/\/esquerra.com.ar\/voleibol\/wp-content\/uploads\/2025\/11\/Murano-Santiago-Chile-128x128.png\" class=\"attachment-sportspress-fit-icon size-sportspress-fit-icon wp-post-image lazyload\" alt=\"\" src=\"data:image\/gif;base64,R0lGODlhAQABAAAAACH5BAEKAAEALAAAAAABAAEAAAICTAEAOw==\" style=\"--smush-placeholder-width: 128px; --smush-placeholder-aspect-ratio: 128\/128;\" \/><noscript><img loading=\"lazy\" decoding=\"async\" width=\"128\" height=\"128\" data-src=\"https:\/\/esquerra.com.ar\/voleibol\/wp-content\/uploads\/2025\/11\/Murano-Santiago-Chile-128x128.png\" class=\"attachment-sportspress-fit-icon size-sportspress-fit-icon wp-post-image lazyload\" alt=\"\" src=\"data:image\/gif;base64,R0lGODlhAQABAAAAACH5BAEKAAEALAAAAAABAAEAAAICTAEAOw==\" style=\"--smush-placeholder-width: 128px; --smush-placeholder-aspect-ratio: 128\/128;\" \/><noscript><img loading=\"lazy\" decoding=\"async\" width=\"128\" height=\"128\" data-src=\"https:\/\/esquerra.com.ar\/voleibol\/wp-content\/uploads\/2025\/11\/Murano-Santiago-Chile-128x128.png\" class=\"attachment-sportspress-fit-icon size-sportspress-fit-icon wp-post-image lazyload\" alt=\"\" src=\"data:image\/gif;base64,R0lGODlhAQABAAAAACH5BAEKAAEALAAAAAABAAEAAAICTAEAOw==\" style=\"--smush-placeholder-width: 128px; --smush-placeholder-aspect-ratio: 128\/128;\" \/><noscript><img loading=\"lazy\" decoding=\"async\" width=\"128\" height=\"128\" data-src=\"https:\/\/esquerra.com.ar\/voleibol\/wp-content\/uploads\/2025\/11\/Murano-Santiago-Chile-128x128.png\" class=\"attachment-sportspress-fit-icon size-sportspress-fit-icon wp-post-image lazyload\" alt=\"\" src=\"data:image\/gif;base64,R0lGODlhAQABAAAAACH5BAEKAAEALAAAAAABAAEAAAICTAEAOw==\" style=\"--smush-placeholder-width: 128px; --smush-placeholder-aspect-ratio: 128\/128;\" \/><noscript><img loading=\"lazy\" decoding=\"async\" width=\"128\" height=\"128\" data-src=\"https:\/\/esquerra.com.ar\/voleibol\/wp-content\/uploads\/2025\/11\/Murano-Santiago-Chile-128x128.png\" class=\"attachment-sportspress-fit-icon size-sportspress-fit-icon wp-post-image lazyload\" alt=\"\" src=\"data:image\/gif;base64,R0lGODlhAQABAAAAACH5BAEKAAEALAAAAAABAAEAAAICTAEAOw==\" style=\"--smush-placeholder-width: 128px; --smush-placeholder-aspect-ratio: 128\/128;\" \/><noscript><img loading=\"lazy\" decoding=\"async\" width=\"128\" height=\"128\" data-src=\"https:\/\/esquerra.com.ar\/voleibol\/wp-content\/uploads\/2025\/11\/Murano-Santiago-Chile-128x128.png\" class=\"attachment-sportspress-fit-icon size-sportspress-fit-icon wp-post-image lazyload\" alt=\"\" src=\"data:image\/gif;base64,R0lGODlhAQABAAAAACH5BAEKAAEALAAAAAABAAEAAAICTAEAOw==\" style=\"--smush-placeholder-width: 128px; --smush-placeholder-aspect-ratio: 128\/128;\" \/><noscript><img loading=\"lazy\" decoding=\"async\" width=\"128\" height=\"128\" src=\"https:\/\/esquerra.com.ar\/voleibol\/wp-content\/uploads\/2025\/11\/Murano-Santiago-Chile-128x128.png\" class=\"attachment-sportspress-fit-icon size-sportspress-fit-icon wp-post-image\" alt=\"\" \/><\/noscript><\/noscript><\/noscript><\/noscript><\/noscript><\/noscript><\/span> <span class=\"team-logo logo-even\" title=\"Alfebracross (Asunci\u00f3n, Paraguay)\"><img loading=\"lazy\" decoding=\"async\" width=\"128\" height=\"128\" data-src=\"https:\/\/esquerra.com.ar\/voleibol\/wp-content\/uploads\/2025\/11\/Alfebracrossvolley-Paraguay-128x128.png\" class=\"attachment-sportspress-fit-icon size-sportspress-fit-icon wp-post-image lazyload\" alt=\"\" src=\"data:image\/gif;base64,R0lGODlhAQABAAAAACH5BAEKAAEALAAAAAABAAEAAAICTAEAOw==\" style=\"--smush-placeholder-width: 128px; --smush-placeholder-aspect-ratio: 128\/128;\" \/><noscript><img loading=\"lazy\" decoding=\"async\" width=\"128\" height=\"128\" data-src=\"https:\/\/esquerra.com.ar\/voleibol\/wp-content\/uploads\/2025\/11\/Alfebracrossvolley-Paraguay-128x128.png\" class=\"attachment-sportspress-fit-icon size-sportspress-fit-icon wp-post-image lazyload\" alt=\"\" src=\"data:image\/gif;base64,R0lGODlhAQABAAAAACH5BAEKAAEALAAAAAABAAEAAAICTAEAOw==\" style=\"--smush-placeholder-width: 128px; --smush-placeholder-aspect-ratio: 128\/128;\" \/><noscript><img loading=\"lazy\" decoding=\"async\" width=\"128\" height=\"128\" data-src=\"https:\/\/esquerra.com.ar\/voleibol\/wp-content\/uploads\/2025\/11\/Alfebracrossvolley-Paraguay-128x128.png\" class=\"attachment-sportspress-fit-icon size-sportspress-fit-icon wp-post-image lazyload\" alt=\"\" src=\"data:image\/gif;base64,R0lGODlhAQABAAAAACH5BAEKAAEALAAAAAABAAEAAAICTAEAOw==\" style=\"--smush-placeholder-width: 128px; --smush-placeholder-aspect-ratio: 128\/128;\" \/><noscript><img loading=\"lazy\" decoding=\"async\" width=\"128\" height=\"128\" data-src=\"https:\/\/esquerra.com.ar\/voleibol\/wp-content\/uploads\/2025\/11\/Alfebracrossvolley-Paraguay-128x128.png\" class=\"attachment-sportspress-fit-icon size-sportspress-fit-icon wp-post-image lazyload\" alt=\"\" src=\"data:image\/gif;base64,R0lGODlhAQABAAAAACH5BAEKAAEALAAAAAABAAEAAAICTAEAOw==\" style=\"--smush-placeholder-width: 128px; --smush-placeholder-aspect-ratio: 128\/128;\" \/><noscript><img loading=\"lazy\" decoding=\"async\" width=\"128\" height=\"128\" data-src=\"https:\/\/esquerra.com.ar\/voleibol\/wp-content\/uploads\/2025\/11\/Alfebracrossvolley-Paraguay-128x128.png\" class=\"attachment-sportspress-fit-icon size-sportspress-fit-icon wp-post-image lazyload\" alt=\"\" src=\"data:image\/gif;base64,R0lGODlhAQABAAAAACH5BAEKAAEALAAAAAABAAEAAAICTAEAOw==\" style=\"--smush-placeholder-width: 128px; --smush-placeholder-aspect-ratio: 128\/128;\" \/><noscript><img loading=\"lazy\" decoding=\"async\" width=\"128\" height=\"128\" data-src=\"https:\/\/esquerra.com.ar\/voleibol\/wp-content\/uploads\/2025\/11\/Alfebracrossvolley-Paraguay-128x128.png\" class=\"attachment-sportspress-fit-icon size-sportspress-fit-icon wp-post-image lazyload\" alt=\"\" src=\"data:image\/gif;base64,R0lGODlhAQABAAAAACH5BAEKAAEALAAAAAABAAEAAAICTAEAOw==\" style=\"--smush-placeholder-width: 128px; --smush-placeholder-aspect-ratio: 128\/128;\" \/><noscript><img loading=\"lazy\" decoding=\"async\" width=\"128\" height=\"128\" src=\"https:\/\/esquerra.com.ar\/voleibol\/wp-content\/uploads\/2025\/11\/Alfebracrossvolley-Paraguay-128x128.png\" class=\"attachment-sportspress-fit-icon size-sportspress-fit-icon wp-post-image\" alt=\"\" \/><\/noscript><\/noscript><\/noscript><\/noscript><\/noscript><\/noscript><\/span>\t\t\t\t\t\t\t<time class=\"sp-event-date\" datetime=\"2025-11-30 13:40:28\" itemprop=\"startDate\" content=\"2025-11-30T13:40:28-03:00\">\n\t\t\t\t\t\t\t\t<a href=\"https:\/\/esquerra.com.ar\/voleibol\/event\/ganador-sf-1-vs-ganador-sf-2-17\/\">30\/11\/2025<\/a>\t\t\t\t\t\t\t<\/time>\n\t\t\t\t\t\t\t\t\t\t\t\t\t\t<h5 class=\"sp-event-results\">\n\t\t\t\t\t\t\t\t<a href=\"https:\/\/esquerra.com.ar\/voleibol\/event\/ganador-sf-1-vs-ganador-sf-2-17\/\"><span class=\"sp-result ok\">0<\/span> - <span class=\"sp-result\">2<\/span><\/a>\t\t\t\t\t\t\t<\/h5>\n\t\t\t\t\t\t\t\t\t\t\t\t\t\t\t\t\t\t\t\t\t\t<div class=\"sp-event-season\">U16F \u2013 Noviembre 2025 \u2013 COPA PLATA FINAL<\/div>\n\t\t\t\t\t\t\t\t\t\t\t\t\t\t\t\t\t\t\t\t\t\t\t\t\t\t\t\t\t\t<div class=\"sp-event-venue\" itemprop=\"location\" itemscope itemtype=\"http:\/\/schema.org\/Place\"><div itemprop=\"address\" itemscope itemtype=\"http:\/\/schema.org\/PostalAddress\">SUE - Cancha 1<\/div><\/div>\n\t\t\t\t\t\t\t\t\t\t\t\t\t\t\t\t\t\t\t\t\t\t\t\t\t\t\t\t\t\t<div style=\"display:none;\" class=\"sp-event-venue\" itemprop=\"location\" itemscope itemtype=\"http:\/\/schema.org\/Place\"><div itemprop=\"address\" itemscope itemtype=\"http:\/\/schema.org\/PostalAddress\">N\/D<\/div><\/div>\n\t\t\t\t\t\t\t\t\t\t\t\t\t\t<h4 class=\"sp-event-title\" itemprop=\"name\">\n\t\t\t\t\t\t\t\t<a href=\"https:\/\/esquerra.com.ar\/voleibol\/event\/ganador-sf-1-vs-ganador-sf-2-17\/\">Murano (Santiago, Chile) vs Alfebracross (Asunci\u00f3n, Paraguay)<\/a>\t\t\t\t\t\t\t<\/h4>\n\t\t\t\t\t\t\t\n\t\t\t\t\t\t<\/td>\n\t\t\t\t\t<\/tr>\n\t\t\t\t\t\t\t\t<\/tbody>\n\t\t<\/table>\n\t<\/div>\n\t<\/div>\n<\/div><\/p>\n<\/div><\/details><\/div>\n\n\n\n<div class=\"wp-block-coblocks-accordion-item has-custom-font has-custom-weight has-custom-transform\" style=\"font-family:Montserrat;font-weight:400;text-transform:uppercase\"><details><summary class=\"wp-block-coblocks-accordion-item__title has-background has-text-color has-nv-site-bg-color\" style=\"background-color:#002f68\">COPA ORO<\/summary><div class=\"wp-block-coblocks-accordion-item__content\" style=\"border-color:#002f68\"><p><div class=\"sportspress\"><h4 class=\"sp-table-caption\">SEMIFINAL 1 ORO<\/h4><div class=\"sp-template sp-template-event-blocks\">\n\t<div class=\"sp-table-wrapper\">\n\t\t<table class=\"sp-event-blocks sp-data-table\n\t\t\t\t\t sp-paginated-table\" data-sp-rows=\"99\">\n\t\t\t<thead><tr><th><\/th><\/tr><\/thead> \t\t\t<tbody>\n\t\t\t\t\t\t\t\t\t<tr class=\"sp-row sp-post alternate\" itemscope itemtype=\"http:\/\/schema.org\/SportsEvent\">\n\t\t\t\t\t\t<td>\n\t\t\t\t\t\t\t\t\t\t\t\t\t\t<span class=\"team-logo logo-odd\" title=\"Centro Asturiano (A) (Vicente L\u00f3pez, Argentina)\"><img decoding=\"async\" width=\"128\" height=\"128\" data-src=\"https:\/\/esquerra.com.ar\/voleibol\/wp-content\/uploads\/2025\/11\/Centro-Asturiano-CABA-Argentina-128x128.png\" class=\"attachment-sportspress-fit-icon size-sportspress-fit-icon wp-post-image lazyload\" alt=\"\" src=\"data:image\/gif;base64,R0lGODlhAQABAAAAACH5BAEKAAEALAAAAAABAAEAAAICTAEAOw==\" style=\"--smush-placeholder-width: 128px; --smush-placeholder-aspect-ratio: 128\/128;\" \/><noscript><img decoding=\"async\" width=\"128\" height=\"128\" data-src=\"https:\/\/esquerra.com.ar\/voleibol\/wp-content\/uploads\/2025\/11\/Centro-Asturiano-CABA-Argentina-128x128.png\" class=\"attachment-sportspress-fit-icon size-sportspress-fit-icon wp-post-image lazyload\" alt=\"\" src=\"data:image\/gif;base64,R0lGODlhAQABAAAAACH5BAEKAAEALAAAAAABAAEAAAICTAEAOw==\" style=\"--smush-placeholder-width: 128px; --smush-placeholder-aspect-ratio: 128\/128;\" \/><noscript><img decoding=\"async\" width=\"128\" height=\"128\" data-src=\"https:\/\/esquerra.com.ar\/voleibol\/wp-content\/uploads\/2025\/11\/Centro-Asturiano-CABA-Argentina-128x128.png\" class=\"attachment-sportspress-fit-icon size-sportspress-fit-icon wp-post-image lazyload\" alt=\"\" src=\"data:image\/gif;base64,R0lGODlhAQABAAAAACH5BAEKAAEALAAAAAABAAEAAAICTAEAOw==\" style=\"--smush-placeholder-width: 128px; --smush-placeholder-aspect-ratio: 128\/128;\" \/><noscript><img decoding=\"async\" width=\"128\" height=\"128\" data-src=\"https:\/\/esquerra.com.ar\/voleibol\/wp-content\/uploads\/2025\/11\/Centro-Asturiano-CABA-Argentina-128x128.png\" class=\"attachment-sportspress-fit-icon size-sportspress-fit-icon wp-post-image lazyload\" alt=\"\" src=\"data:image\/gif;base64,R0lGODlhAQABAAAAACH5BAEKAAEALAAAAAABAAEAAAICTAEAOw==\" style=\"--smush-placeholder-width: 128px; --smush-placeholder-aspect-ratio: 128\/128;\" \/><noscript><img decoding=\"async\" width=\"128\" height=\"128\" data-src=\"https:\/\/esquerra.com.ar\/voleibol\/wp-content\/uploads\/2025\/11\/Centro-Asturiano-CABA-Argentina-128x128.png\" class=\"attachment-sportspress-fit-icon size-sportspress-fit-icon wp-post-image lazyload\" alt=\"\" src=\"data:image\/gif;base64,R0lGODlhAQABAAAAACH5BAEKAAEALAAAAAABAAEAAAICTAEAOw==\" style=\"--smush-placeholder-width: 128px; --smush-placeholder-aspect-ratio: 128\/128;\" \/><noscript><img decoding=\"async\" width=\"128\" height=\"128\" data-src=\"https:\/\/esquerra.com.ar\/voleibol\/wp-content\/uploads\/2025\/11\/Centro-Asturiano-CABA-Argentina-128x128.png\" class=\"attachment-sportspress-fit-icon size-sportspress-fit-icon wp-post-image lazyload\" alt=\"\" src=\"data:image\/gif;base64,R0lGODlhAQABAAAAACH5BAEKAAEALAAAAAABAAEAAAICTAEAOw==\" style=\"--smush-placeholder-width: 128px; --smush-placeholder-aspect-ratio: 128\/128;\" \/><noscript><img decoding=\"async\" width=\"128\" height=\"128\" data-src=\"https:\/\/esquerra.com.ar\/voleibol\/wp-content\/uploads\/2025\/11\/Centro-Asturiano-CABA-Argentina-128x128.png\" class=\"attachment-sportspress-fit-icon size-sportspress-fit-icon wp-post-image lazyload\" alt=\"\" src=\"data:image\/gif;base64,R0lGODlhAQABAAAAACH5BAEKAAEALAAAAAABAAEAAAICTAEAOw==\" style=\"--smush-placeholder-width: 128px; --smush-placeholder-aspect-ratio: 128\/128;\" \/><noscript><img decoding=\"async\" width=\"128\" height=\"128\" data-src=\"https:\/\/esquerra.com.ar\/voleibol\/wp-content\/uploads\/2025\/11\/Centro-Asturiano-CABA-Argentina-128x128.png\" class=\"attachment-sportspress-fit-icon size-sportspress-fit-icon wp-post-image lazyload\" alt=\"\" src=\"data:image\/gif;base64,R0lGODlhAQABAAAAACH5BAEKAAEALAAAAAABAAEAAAICTAEAOw==\" style=\"--smush-placeholder-width: 128px; --smush-placeholder-aspect-ratio: 128\/128;\" \/><noscript><img decoding=\"async\" width=\"128\" height=\"128\" data-src=\"https:\/\/esquerra.com.ar\/voleibol\/wp-content\/uploads\/2025\/11\/Centro-Asturiano-CABA-Argentina-128x128.png\" class=\"attachment-sportspress-fit-icon size-sportspress-fit-icon wp-post-image lazyload\" alt=\"\" src=\"data:image\/gif;base64,R0lGODlhAQABAAAAACH5BAEKAAEALAAAAAABAAEAAAICTAEAOw==\" style=\"--smush-placeholder-width: 128px; --smush-placeholder-aspect-ratio: 128\/128;\" \/><noscript><img decoding=\"async\" width=\"128\" height=\"128\" data-src=\"https:\/\/esquerra.com.ar\/voleibol\/wp-content\/uploads\/2025\/11\/Centro-Asturiano-CABA-Argentina-128x128.png\" class=\"attachment-sportspress-fit-icon size-sportspress-fit-icon wp-post-image lazyload\" alt=\"\" src=\"data:image\/gif;base64,R0lGODlhAQABAAAAACH5BAEKAAEALAAAAAABAAEAAAICTAEAOw==\" style=\"--smush-placeholder-width: 128px; --smush-placeholder-aspect-ratio: 128\/128;\" \/><noscript><img decoding=\"async\" width=\"128\" height=\"128\" data-src=\"https:\/\/esquerra.com.ar\/voleibol\/wp-content\/uploads\/2025\/11\/Centro-Asturiano-CABA-Argentina-128x128.png\" class=\"attachment-sportspress-fit-icon size-sportspress-fit-icon wp-post-image lazyload\" alt=\"\" src=\"data:image\/gif;base64,R0lGODlhAQABAAAAACH5BAEKAAEALAAAAAABAAEAAAICTAEAOw==\" style=\"--smush-placeholder-width: 128px; --smush-placeholder-aspect-ratio: 128\/128;\" \/><noscript><img decoding=\"async\" width=\"128\" height=\"128\" data-src=\"https:\/\/esquerra.com.ar\/voleibol\/wp-content\/uploads\/2025\/11\/Centro-Asturiano-CABA-Argentina-128x128.png\" class=\"attachment-sportspress-fit-icon size-sportspress-fit-icon wp-post-image lazyload\" alt=\"\" src=\"data:image\/gif;base64,R0lGODlhAQABAAAAACH5BAEKAAEALAAAAAABAAEAAAICTAEAOw==\" style=\"--smush-placeholder-width: 128px; --smush-placeholder-aspect-ratio: 128\/128;\" \/><noscript><img decoding=\"async\" width=\"128\" height=\"128\" src=\"https:\/\/esquerra.com.ar\/voleibol\/wp-content\/uploads\/2025\/11\/Centro-Asturiano-CABA-Argentina-128x128.png\" class=\"attachment-sportspress-fit-icon size-sportspress-fit-icon wp-post-image\" alt=\"\" \/><\/noscript><\/noscript><\/noscript><\/noscript><\/noscript><\/noscript><\/noscript><\/noscript><\/noscript><\/noscript><\/noscript><\/noscript><\/span> <span class=\"team-logo logo-even\" title=\"Juniors (C\u00f3rdoba, Argentina)\"><img loading=\"lazy\" decoding=\"async\" width=\"128\" height=\"128\" data-src=\"https:\/\/esquerra.com.ar\/voleibol\/wp-content\/uploads\/2025\/11\/Juniors-Cordoba-Argentina-128x128.png\" class=\"attachment-sportspress-fit-icon size-sportspress-fit-icon wp-post-image lazyload\" alt=\"\" src=\"data:image\/gif;base64,R0lGODlhAQABAAAAACH5BAEKAAEALAAAAAABAAEAAAICTAEAOw==\" style=\"--smush-placeholder-width: 128px; --smush-placeholder-aspect-ratio: 128\/128;\" \/><noscript><img loading=\"lazy\" decoding=\"async\" width=\"128\" height=\"128\" data-src=\"https:\/\/esquerra.com.ar\/voleibol\/wp-content\/uploads\/2025\/11\/Juniors-Cordoba-Argentina-128x128.png\" class=\"attachment-sportspress-fit-icon size-sportspress-fit-icon wp-post-image lazyload\" alt=\"\" src=\"data:image\/gif;base64,R0lGODlhAQABAAAAACH5BAEKAAEALAAAAAABAAEAAAICTAEAOw==\" style=\"--smush-placeholder-width: 128px; --smush-placeholder-aspect-ratio: 128\/128;\" \/><noscript><img loading=\"lazy\" decoding=\"async\" width=\"128\" height=\"128\" data-src=\"https:\/\/esquerra.com.ar\/voleibol\/wp-content\/uploads\/2025\/11\/Juniors-Cordoba-Argentina-128x128.png\" class=\"attachment-sportspress-fit-icon size-sportspress-fit-icon wp-post-image lazyload\" alt=\"\" src=\"data:image\/gif;base64,R0lGODlhAQABAAAAACH5BAEKAAEALAAAAAABAAEAAAICTAEAOw==\" style=\"--smush-placeholder-width: 128px; --smush-placeholder-aspect-ratio: 128\/128;\" \/><noscript><img loading=\"lazy\" decoding=\"async\" width=\"128\" height=\"128\" data-src=\"https:\/\/esquerra.com.ar\/voleibol\/wp-content\/uploads\/2025\/11\/Juniors-Cordoba-Argentina-128x128.png\" class=\"attachment-sportspress-fit-icon size-sportspress-fit-icon wp-post-image lazyload\" alt=\"\" src=\"data:image\/gif;base64,R0lGODlhAQABAAAAACH5BAEKAAEALAAAAAABAAEAAAICTAEAOw==\" style=\"--smush-placeholder-width: 128px; --smush-placeholder-aspect-ratio: 128\/128;\" \/><noscript><img loading=\"lazy\" decoding=\"async\" width=\"128\" height=\"128\" data-src=\"https:\/\/esquerra.com.ar\/voleibol\/wp-content\/uploads\/2025\/11\/Juniors-Cordoba-Argentina-128x128.png\" class=\"attachment-sportspress-fit-icon size-sportspress-fit-icon wp-post-image lazyload\" alt=\"\" src=\"data:image\/gif;base64,R0lGODlhAQABAAAAACH5BAEKAAEALAAAAAABAAEAAAICTAEAOw==\" style=\"--smush-placeholder-width: 128px; --smush-placeholder-aspect-ratio: 128\/128;\" \/><noscript><img loading=\"lazy\" decoding=\"async\" width=\"128\" height=\"128\" data-src=\"https:\/\/esquerra.com.ar\/voleibol\/wp-content\/uploads\/2025\/11\/Juniors-Cordoba-Argentina-128x128.png\" class=\"attachment-sportspress-fit-icon size-sportspress-fit-icon wp-post-image lazyload\" alt=\"\" src=\"data:image\/gif;base64,R0lGODlhAQABAAAAACH5BAEKAAEALAAAAAABAAEAAAICTAEAOw==\" style=\"--smush-placeholder-width: 128px; --smush-placeholder-aspect-ratio: 128\/128;\" \/><noscript><img loading=\"lazy\" decoding=\"async\" width=\"128\" height=\"128\" src=\"https:\/\/esquerra.com.ar\/voleibol\/wp-content\/uploads\/2025\/11\/Juniors-Cordoba-Argentina-128x128.png\" class=\"attachment-sportspress-fit-icon size-sportspress-fit-icon wp-post-image\" alt=\"\" \/><\/noscript><\/noscript><\/noscript><\/noscript><\/noscript><\/noscript><\/span>\t\t\t\t\t\t\t<time class=\"sp-event-date\" datetime=\"2025-11-30 10:10:50\" itemprop=\"startDate\" content=\"2025-11-30T10:10:50-03:00\">\n\t\t\t\t\t\t\t\t<a href=\"https:\/\/esquerra.com.ar\/voleibol\/event\/1-zona-a-vs-1-zona-b\/\">30\/11\/2025<\/a>\t\t\t\t\t\t\t<\/time>\n\t\t\t\t\t\t\t\t\t\t\t\t\t\t<h5 class=\"sp-event-results\">\n\t\t\t\t\t\t\t\t<a href=\"https:\/\/esquerra.com.ar\/voleibol\/event\/1-zona-a-vs-1-zona-b\/\"><span class=\"sp-result ok\">2<\/span> - <span class=\"sp-result\">0<\/span><\/a>\t\t\t\t\t\t\t<\/h5>\n\t\t\t\t\t\t\t\t\t\t\t\t\t\t\t\t\t\t\t\t\t\t<div class=\"sp-event-season\">U16F \u2013 Noviembre 2025 \u2013 COPA ORO SF 1<\/div>\n\t\t\t\t\t\t\t\t\t\t\t\t\t\t\t\t\t\t\t\t\t\t\t\t\t\t\t\t\t\t<div class=\"sp-event-venue\" itemprop=\"location\" itemscope itemtype=\"http:\/\/schema.org\/Place\"><div itemprop=\"address\" itemscope itemtype=\"http:\/\/schema.org\/PostalAddress\">Hind\u00fa - Cancha 1<\/div><\/div>\n\t\t\t\t\t\t\t\t\t\t\t\t\t\t\t\t\t\t\t\t\t\t\t\t\t\t\t\t\t\t<div style=\"display:none;\" class=\"sp-event-venue\" itemprop=\"location\" itemscope itemtype=\"http:\/\/schema.org\/Place\"><div itemprop=\"address\" itemscope itemtype=\"http:\/\/schema.org\/PostalAddress\">N\/D<\/div><\/div>\n\t\t\t\t\t\t\t\t\t\t\t\t\t\t<h4 class=\"sp-event-title\" itemprop=\"name\">\n\t\t\t\t\t\t\t\t<a href=\"https:\/\/esquerra.com.ar\/voleibol\/event\/1-zona-a-vs-1-zona-b\/\">Centro Asturiano (A) (Vicente L\u00f3pez, Argentina) vs Juniors (C\u00f3rdoba, Argentina)<\/a>\t\t\t\t\t\t\t<\/h4>\n\t\t\t\t\t\t\t\n\t\t\t\t\t\t<\/td>\n\t\t\t\t\t<\/tr>\n\t\t\t\t\t\t\t\t<\/tbody>\n\t\t<\/table>\n\t<\/div>\n\t<\/div>\n<\/div><br \/>\n<div class=\"sportspress\"><h4 class=\"sp-table-caption\">SEMIFINAL 2 ORO<\/h4><div class=\"sp-template sp-template-event-blocks\">\n\t<div class=\"sp-table-wrapper\">\n\t\t<table class=\"sp-event-blocks sp-data-table\n\t\t\t\t\t sp-paginated-table\" data-sp-rows=\"99\">\n\t\t\t<thead><tr><th><\/th><\/tr><\/thead> \t\t\t<tbody>\n\t\t\t\t\t\t\t\t\t<tr class=\"sp-row sp-post alternate\" itemscope itemtype=\"http:\/\/schema.org\/SportsEvent\">\n\t\t\t\t\t\t<td>\n\t\t\t\t\t\t\t\t\t\t\t\t\t\t<span class=\"team-logo logo-odd\" title=\"Lihuen (Caleta Olivia, Argentina)\"><img loading=\"lazy\" decoding=\"async\" width=\"128\" height=\"128\" data-src=\"https:\/\/esquerra.com.ar\/voleibol\/wp-content\/uploads\/2024\/10\/Esc.-Municipal-Lihuen-Caleta-Olivia-Argentina-128x128.png\" class=\"attachment-sportspress-fit-icon size-sportspress-fit-icon wp-post-image lazyload\" alt=\"\" src=\"data:image\/gif;base64,R0lGODlhAQABAAAAACH5BAEKAAEALAAAAAABAAEAAAICTAEAOw==\" style=\"--smush-placeholder-width: 128px; --smush-placeholder-aspect-ratio: 128\/128;\" \/><noscript><img loading=\"lazy\" decoding=\"async\" width=\"128\" height=\"128\" data-src=\"https:\/\/esquerra.com.ar\/voleibol\/wp-content\/uploads\/2024\/10\/Esc.-Municipal-Lihuen-Caleta-Olivia-Argentina-128x128.png\" class=\"attachment-sportspress-fit-icon size-sportspress-fit-icon wp-post-image lazyload\" alt=\"\" src=\"data:image\/gif;base64,R0lGODlhAQABAAAAACH5BAEKAAEALAAAAAABAAEAAAICTAEAOw==\" style=\"--smush-placeholder-width: 128px; --smush-placeholder-aspect-ratio: 128\/128;\" \/><noscript><img loading=\"lazy\" decoding=\"async\" width=\"128\" height=\"128\" data-src=\"https:\/\/esquerra.com.ar\/voleibol\/wp-content\/uploads\/2024\/10\/Esc.-Municipal-Lihuen-Caleta-Olivia-Argentina-128x128.png\" class=\"attachment-sportspress-fit-icon size-sportspress-fit-icon wp-post-image lazyload\" alt=\"\" src=\"data:image\/gif;base64,R0lGODlhAQABAAAAACH5BAEKAAEALAAAAAABAAEAAAICTAEAOw==\" style=\"--smush-placeholder-width: 128px; --smush-placeholder-aspect-ratio: 128\/128;\" \/><noscript><img loading=\"lazy\" decoding=\"async\" width=\"128\" height=\"128\" data-src=\"https:\/\/esquerra.com.ar\/voleibol\/wp-content\/uploads\/2024\/10\/Esc.-Municipal-Lihuen-Caleta-Olivia-Argentina-128x128.png\" class=\"attachment-sportspress-fit-icon size-sportspress-fit-icon wp-post-image lazyload\" alt=\"\" src=\"data:image\/gif;base64,R0lGODlhAQABAAAAACH5BAEKAAEALAAAAAABAAEAAAICTAEAOw==\" style=\"--smush-placeholder-width: 128px; --smush-placeholder-aspect-ratio: 128\/128;\" \/><noscript><img loading=\"lazy\" decoding=\"async\" width=\"128\" height=\"128\" data-src=\"https:\/\/esquerra.com.ar\/voleibol\/wp-content\/uploads\/2024\/10\/Esc.-Municipal-Lihuen-Caleta-Olivia-Argentina-128x128.png\" class=\"attachment-sportspress-fit-icon size-sportspress-fit-icon wp-post-image lazyload\" alt=\"\" src=\"data:image\/gif;base64,R0lGODlhAQABAAAAACH5BAEKAAEALAAAAAABAAEAAAICTAEAOw==\" style=\"--smush-placeholder-width: 128px; --smush-placeholder-aspect-ratio: 128\/128;\" \/><noscript><img loading=\"lazy\" decoding=\"async\" width=\"128\" height=\"128\" data-src=\"https:\/\/esquerra.com.ar\/voleibol\/wp-content\/uploads\/2024\/10\/Esc.-Municipal-Lihuen-Caleta-Olivia-Argentina-128x128.png\" class=\"attachment-sportspress-fit-icon size-sportspress-fit-icon wp-post-image lazyload\" alt=\"\" src=\"data:image\/gif;base64,R0lGODlhAQABAAAAACH5BAEKAAEALAAAAAABAAEAAAICTAEAOw==\" style=\"--smush-placeholder-width: 128px; --smush-placeholder-aspect-ratio: 128\/128;\" \/><noscript><img loading=\"lazy\" decoding=\"async\" width=\"128\" height=\"128\" src=\"https:\/\/esquerra.com.ar\/voleibol\/wp-content\/uploads\/2024\/10\/Esc.-Municipal-Lihuen-Caleta-Olivia-Argentina-128x128.png\" class=\"attachment-sportspress-fit-icon size-sportspress-fit-icon wp-post-image\" alt=\"\" \/><\/noscript><\/noscript><\/noscript><\/noscript><\/noscript><\/noscript><\/span> <span class=\"team-logo logo-even\" title=\"Poeta Lugones (C\u00f3rdoba, Argentina)\"><img loading=\"lazy\" decoding=\"async\" width=\"128\" height=\"128\" data-src=\"https:\/\/esquerra.com.ar\/voleibol\/wp-content\/uploads\/2024\/10\/Poeta-Lugones-Voley-Cordoba-Argentina-128x128.png\" class=\"attachment-sportspress-fit-icon size-sportspress-fit-icon wp-post-image lazyload\" alt=\"\" src=\"data:image\/gif;base64,R0lGODlhAQABAAAAACH5BAEKAAEALAAAAAABAAEAAAICTAEAOw==\" style=\"--smush-placeholder-width: 128px; --smush-placeholder-aspect-ratio: 128\/128;\" \/><noscript><img loading=\"lazy\" decoding=\"async\" width=\"128\" height=\"128\" data-src=\"https:\/\/esquerra.com.ar\/voleibol\/wp-content\/uploads\/2024\/10\/Poeta-Lugones-Voley-Cordoba-Argentina-128x128.png\" class=\"attachment-sportspress-fit-icon size-sportspress-fit-icon wp-post-image lazyload\" alt=\"\" src=\"data:image\/gif;base64,R0lGODlhAQABAAAAACH5BAEKAAEALAAAAAABAAEAAAICTAEAOw==\" style=\"--smush-placeholder-width: 128px; --smush-placeholder-aspect-ratio: 128\/128;\" \/><noscript><img loading=\"lazy\" decoding=\"async\" width=\"128\" height=\"128\" data-src=\"https:\/\/esquerra.com.ar\/voleibol\/wp-content\/uploads\/2024\/10\/Poeta-Lugones-Voley-Cordoba-Argentina-128x128.png\" class=\"attachment-sportspress-fit-icon size-sportspress-fit-icon wp-post-image lazyload\" alt=\"\" src=\"data:image\/gif;base64,R0lGODlhAQABAAAAACH5BAEKAAEALAAAAAABAAEAAAICTAEAOw==\" style=\"--smush-placeholder-width: 128px; --smush-placeholder-aspect-ratio: 128\/128;\" \/><noscript><img loading=\"lazy\" decoding=\"async\" width=\"128\" height=\"128\" data-src=\"https:\/\/esquerra.com.ar\/voleibol\/wp-content\/uploads\/2024\/10\/Poeta-Lugones-Voley-Cordoba-Argentina-128x128.png\" class=\"attachment-sportspress-fit-icon size-sportspress-fit-icon wp-post-image lazyload\" alt=\"\" src=\"data:image\/gif;base64,R0lGODlhAQABAAAAACH5BAEKAAEALAAAAAABAAEAAAICTAEAOw==\" style=\"--smush-placeholder-width: 128px; --smush-placeholder-aspect-ratio: 128\/128;\" \/><noscript><img loading=\"lazy\" decoding=\"async\" width=\"128\" height=\"128\" data-src=\"https:\/\/esquerra.com.ar\/voleibol\/wp-content\/uploads\/2024\/10\/Poeta-Lugones-Voley-Cordoba-Argentina-128x128.png\" class=\"attachment-sportspress-fit-icon size-sportspress-fit-icon wp-post-image lazyload\" alt=\"\" src=\"data:image\/gif;base64,R0lGODlhAQABAAAAACH5BAEKAAEALAAAAAABAAEAAAICTAEAOw==\" style=\"--smush-placeholder-width: 128px; --smush-placeholder-aspect-ratio: 128\/128;\" \/><noscript><img loading=\"lazy\" decoding=\"async\" width=\"128\" height=\"128\" data-src=\"https:\/\/esquerra.com.ar\/voleibol\/wp-content\/uploads\/2024\/10\/Poeta-Lugones-Voley-Cordoba-Argentina-128x128.png\" class=\"attachment-sportspress-fit-icon size-sportspress-fit-icon wp-post-image lazyload\" alt=\"\" src=\"data:image\/gif;base64,R0lGODlhAQABAAAAACH5BAEKAAEALAAAAAABAAEAAAICTAEAOw==\" style=\"--smush-placeholder-width: 128px; --smush-placeholder-aspect-ratio: 128\/128;\" \/><noscript><img loading=\"lazy\" decoding=\"async\" width=\"128\" height=\"128\" src=\"https:\/\/esquerra.com.ar\/voleibol\/wp-content\/uploads\/2024\/10\/Poeta-Lugones-Voley-Cordoba-Argentina-128x128.png\" class=\"attachment-sportspress-fit-icon size-sportspress-fit-icon wp-post-image\" alt=\"\" \/><\/noscript><\/noscript><\/noscript><\/noscript><\/noscript><\/noscript><\/span>\t\t\t\t\t\t\t<time class=\"sp-event-date\" datetime=\"2025-11-30 10:10:35\" itemprop=\"startDate\" content=\"2025-11-30T10:10:35-03:00\">\n\t\t\t\t\t\t\t\t<a href=\"https:\/\/esquerra.com.ar\/voleibol\/event\/1-zona-c-vs-1-zona-d\/\">30\/11\/2025<\/a>\t\t\t\t\t\t\t<\/time>\n\t\t\t\t\t\t\t\t\t\t\t\t\t\t<h5 class=\"sp-event-results\">\n\t\t\t\t\t\t\t\t<a href=\"https:\/\/esquerra.com.ar\/voleibol\/event\/1-zona-c-vs-1-zona-d\/\"><span class=\"sp-result ok\">1<\/span> - <span class=\"sp-result\">2<\/span><\/a>\t\t\t\t\t\t\t<\/h5>\n\t\t\t\t\t\t\t\t\t\t\t\t\t\t\t\t\t\t\t\t\t\t<div class=\"sp-event-season\">U16F \u2013 Noviembre 2025 \u2013 COPA ORO SF 2<\/div>\n\t\t\t\t\t\t\t\t\t\t\t\t\t\t\t\t\t\t\t\t\t\t\t\t\t\t\t\t\t\t<div class=\"sp-event-venue\" itemprop=\"location\" itemscope itemtype=\"http:\/\/schema.org\/Place\"><div itemprop=\"address\" itemscope itemtype=\"http:\/\/schema.org\/PostalAddress\">Hind\u00fa - Cancha 2<\/div><\/div>\n\t\t\t\t\t\t\t\t\t\t\t\t\t\t\t\t\t\t\t\t\t\t\t\t\t\t\t\t\t\t<div style=\"display:none;\" class=\"sp-event-venue\" itemprop=\"location\" itemscope itemtype=\"http:\/\/schema.org\/Place\"><div itemprop=\"address\" itemscope itemtype=\"http:\/\/schema.org\/PostalAddress\">N\/D<\/div><\/div>\n\t\t\t\t\t\t\t\t\t\t\t\t\t\t<h4 class=\"sp-event-title\" itemprop=\"name\">\n\t\t\t\t\t\t\t\t<a href=\"https:\/\/esquerra.com.ar\/voleibol\/event\/1-zona-c-vs-1-zona-d\/\">Lihuen (Caleta Olivia, Argentina) vs Poeta Lugones (C\u00f3rdoba, Argentina)<\/a>\t\t\t\t\t\t\t<\/h4>\n\t\t\t\t\t\t\t\n\t\t\t\t\t\t<\/td>\n\t\t\t\t\t<\/tr>\n\t\t\t\t\t\t\t\t<\/tbody>\n\t\t<\/table>\n\t<\/div>\n\t<\/div>\n<\/div><br \/>\n<div class=\"sportspress\"><h4 class=\"sp-table-caption\">TERCER PUESTO ORO<\/h4><div class=\"sp-template sp-template-event-blocks\">\n\t<div class=\"sp-table-wrapper\">\n\t\t<table class=\"sp-event-blocks sp-data-table\n\t\t\t\t\t sp-paginated-table\" data-sp-rows=\"99\">\n\t\t\t<thead><tr><th><\/th><\/tr><\/thead> \t\t\t<tbody>\n\t\t\t\t\t\t\t\t\t<tr class=\"sp-row sp-post alternate\" itemscope itemtype=\"http:\/\/schema.org\/SportsEvent\">\n\t\t\t\t\t\t<td>\n\t\t\t\t\t\t\t\t\t\t\t\t\t\t<span class=\"team-logo logo-odd\" title=\"Juniors (C\u00f3rdoba, Argentina)\"><img loading=\"lazy\" decoding=\"async\" width=\"128\" height=\"128\" data-src=\"https:\/\/esquerra.com.ar\/voleibol\/wp-content\/uploads\/2025\/11\/Juniors-Cordoba-Argentina-128x128.png\" class=\"attachment-sportspress-fit-icon size-sportspress-fit-icon wp-post-image lazyload\" alt=\"\" src=\"data:image\/gif;base64,R0lGODlhAQABAAAAACH5BAEKAAEALAAAAAABAAEAAAICTAEAOw==\" style=\"--smush-placeholder-width: 128px; --smush-placeholder-aspect-ratio: 128\/128;\" \/><noscript><img loading=\"lazy\" decoding=\"async\" width=\"128\" height=\"128\" data-src=\"https:\/\/esquerra.com.ar\/voleibol\/wp-content\/uploads\/2025\/11\/Juniors-Cordoba-Argentina-128x128.png\" class=\"attachment-sportspress-fit-icon size-sportspress-fit-icon wp-post-image lazyload\" alt=\"\" src=\"data:image\/gif;base64,R0lGODlhAQABAAAAACH5BAEKAAEALAAAAAABAAEAAAICTAEAOw==\" style=\"--smush-placeholder-width: 128px; --smush-placeholder-aspect-ratio: 128\/128;\" \/><noscript><img loading=\"lazy\" decoding=\"async\" width=\"128\" height=\"128\" data-src=\"https:\/\/esquerra.com.ar\/voleibol\/wp-content\/uploads\/2025\/11\/Juniors-Cordoba-Argentina-128x128.png\" class=\"attachment-sportspress-fit-icon size-sportspress-fit-icon wp-post-image lazyload\" alt=\"\" src=\"data:image\/gif;base64,R0lGODlhAQABAAAAACH5BAEKAAEALAAAAAABAAEAAAICTAEAOw==\" style=\"--smush-placeholder-width: 128px; --smush-placeholder-aspect-ratio: 128\/128;\" \/><noscript><img loading=\"lazy\" decoding=\"async\" width=\"128\" height=\"128\" data-src=\"https:\/\/esquerra.com.ar\/voleibol\/wp-content\/uploads\/2025\/11\/Juniors-Cordoba-Argentina-128x128.png\" class=\"attachment-sportspress-fit-icon size-sportspress-fit-icon wp-post-image lazyload\" alt=\"\" src=\"data:image\/gif;base64,R0lGODlhAQABAAAAACH5BAEKAAEALAAAAAABAAEAAAICTAEAOw==\" style=\"--smush-placeholder-width: 128px; --smush-placeholder-aspect-ratio: 128\/128;\" \/><noscript><img loading=\"lazy\" decoding=\"async\" width=\"128\" height=\"128\" data-src=\"https:\/\/esquerra.com.ar\/voleibol\/wp-content\/uploads\/2025\/11\/Juniors-Cordoba-Argentina-128x128.png\" class=\"attachment-sportspress-fit-icon size-sportspress-fit-icon wp-post-image lazyload\" alt=\"\" src=\"data:image\/gif;base64,R0lGODlhAQABAAAAACH5BAEKAAEALAAAAAABAAEAAAICTAEAOw==\" style=\"--smush-placeholder-width: 128px; --smush-placeholder-aspect-ratio: 128\/128;\" \/><noscript><img loading=\"lazy\" decoding=\"async\" width=\"128\" height=\"128\" data-src=\"https:\/\/esquerra.com.ar\/voleibol\/wp-content\/uploads\/2025\/11\/Juniors-Cordoba-Argentina-128x128.png\" class=\"attachment-sportspress-fit-icon size-sportspress-fit-icon wp-post-image lazyload\" alt=\"\" src=\"data:image\/gif;base64,R0lGODlhAQABAAAAACH5BAEKAAEALAAAAAABAAEAAAICTAEAOw==\" style=\"--smush-placeholder-width: 128px; --smush-placeholder-aspect-ratio: 128\/128;\" \/><noscript><img loading=\"lazy\" decoding=\"async\" width=\"128\" height=\"128\" src=\"https:\/\/esquerra.com.ar\/voleibol\/wp-content\/uploads\/2025\/11\/Juniors-Cordoba-Argentina-128x128.png\" class=\"attachment-sportspress-fit-icon size-sportspress-fit-icon wp-post-image\" alt=\"\" \/><\/noscript><\/noscript><\/noscript><\/noscript><\/noscript><\/noscript><\/span> <span class=\"team-logo logo-even\" title=\"Lihuen (Caleta Olivia, Argentina)\"><img loading=\"lazy\" decoding=\"async\" width=\"128\" height=\"128\" data-src=\"https:\/\/esquerra.com.ar\/voleibol\/wp-content\/uploads\/2024\/10\/Esc.-Municipal-Lihuen-Caleta-Olivia-Argentina-128x128.png\" class=\"attachment-sportspress-fit-icon size-sportspress-fit-icon wp-post-image lazyload\" alt=\"\" src=\"data:image\/gif;base64,R0lGODlhAQABAAAAACH5BAEKAAEALAAAAAABAAEAAAICTAEAOw==\" style=\"--smush-placeholder-width: 128px; --smush-placeholder-aspect-ratio: 128\/128;\" \/><noscript><img loading=\"lazy\" decoding=\"async\" width=\"128\" height=\"128\" data-src=\"https:\/\/esquerra.com.ar\/voleibol\/wp-content\/uploads\/2024\/10\/Esc.-Municipal-Lihuen-Caleta-Olivia-Argentina-128x128.png\" class=\"attachment-sportspress-fit-icon size-sportspress-fit-icon wp-post-image lazyload\" alt=\"\" src=\"data:image\/gif;base64,R0lGODlhAQABAAAAACH5BAEKAAEALAAAAAABAAEAAAICTAEAOw==\" style=\"--smush-placeholder-width: 128px; --smush-placeholder-aspect-ratio: 128\/128;\" \/><noscript><img loading=\"lazy\" decoding=\"async\" width=\"128\" height=\"128\" data-src=\"https:\/\/esquerra.com.ar\/voleibol\/wp-content\/uploads\/2024\/10\/Esc.-Municipal-Lihuen-Caleta-Olivia-Argentina-128x128.png\" class=\"attachment-sportspress-fit-icon size-sportspress-fit-icon wp-post-image lazyload\" alt=\"\" src=\"data:image\/gif;base64,R0lGODlhAQABAAAAACH5BAEKAAEALAAAAAABAAEAAAICTAEAOw==\" style=\"--smush-placeholder-width: 128px; --smush-placeholder-aspect-ratio: 128\/128;\" \/><noscript><img loading=\"lazy\" decoding=\"async\" width=\"128\" height=\"128\" data-src=\"https:\/\/esquerra.com.ar\/voleibol\/wp-content\/uploads\/2024\/10\/Esc.-Municipal-Lihuen-Caleta-Olivia-Argentina-128x128.png\" class=\"attachment-sportspress-fit-icon size-sportspress-fit-icon wp-post-image lazyload\" alt=\"\" src=\"data:image\/gif;base64,R0lGODlhAQABAAAAACH5BAEKAAEALAAAAAABAAEAAAICTAEAOw==\" style=\"--smush-placeholder-width: 128px; --smush-placeholder-aspect-ratio: 128\/128;\" \/><noscript><img loading=\"lazy\" decoding=\"async\" width=\"128\" height=\"128\" data-src=\"https:\/\/esquerra.com.ar\/voleibol\/wp-content\/uploads\/2024\/10\/Esc.-Municipal-Lihuen-Caleta-Olivia-Argentina-128x128.png\" class=\"attachment-sportspress-fit-icon size-sportspress-fit-icon wp-post-image lazyload\" alt=\"\" src=\"data:image\/gif;base64,R0lGODlhAQABAAAAACH5BAEKAAEALAAAAAABAAEAAAICTAEAOw==\" style=\"--smush-placeholder-width: 128px; --smush-placeholder-aspect-ratio: 128\/128;\" \/><noscript><img loading=\"lazy\" decoding=\"async\" width=\"128\" height=\"128\" data-src=\"https:\/\/esquerra.com.ar\/voleibol\/wp-content\/uploads\/2024\/10\/Esc.-Municipal-Lihuen-Caleta-Olivia-Argentina-128x128.png\" class=\"attachment-sportspress-fit-icon size-sportspress-fit-icon wp-post-image lazyload\" alt=\"\" src=\"data:image\/gif;base64,R0lGODlhAQABAAAAACH5BAEKAAEALAAAAAABAAEAAAICTAEAOw==\" style=\"--smush-placeholder-width: 128px; --smush-placeholder-aspect-ratio: 128\/128;\" \/><noscript><img loading=\"lazy\" decoding=\"async\" width=\"128\" height=\"128\" src=\"https:\/\/esquerra.com.ar\/voleibol\/wp-content\/uploads\/2024\/10\/Esc.-Municipal-Lihuen-Caleta-Olivia-Argentina-128x128.png\" class=\"attachment-sportspress-fit-icon size-sportspress-fit-icon wp-post-image\" alt=\"\" \/><\/noscript><\/noscript><\/noscript><\/noscript><\/noscript><\/noscript><\/span>\t\t\t\t\t\t\t<time class=\"sp-event-date\" datetime=\"2025-11-30 13:40:52\" itemprop=\"startDate\" content=\"2025-11-30T13:40:52-03:00\">\n\t\t\t\t\t\t\t\t<a href=\"https:\/\/esquerra.com.ar\/voleibol\/event\/perdedor-sf-1-vs-perdedor-sf-2-3\/\">30\/11\/2025<\/a>\t\t\t\t\t\t\t<\/time>\n\t\t\t\t\t\t\t\t\t\t\t\t\t\t<h5 class=\"sp-event-results\">\n\t\t\t\t\t\t\t\t<a href=\"https:\/\/esquerra.com.ar\/voleibol\/event\/perdedor-sf-1-vs-perdedor-sf-2-3\/\"><span class=\"sp-result ok\">2<\/span> - <span class=\"sp-result\">0<\/span><\/a>\t\t\t\t\t\t\t<\/h5>\n\t\t\t\t\t\t\t\t\t\t\t\t\t\t\t\t\t\t\t\t\t\t<div class=\"sp-event-season\">U16F \u2013 Noviembre 2025 \u2013 COPA ORO TERCER PUESTO<\/div>\n\t\t\t\t\t\t\t\t\t\t\t\t\t\t\t\t\t\t\t\t\t\t\t\t\t\t\t\t\t\t<div class=\"sp-event-venue\" itemprop=\"location\" itemscope itemtype=\"http:\/\/schema.org\/Place\"><div itemprop=\"address\" itemscope itemtype=\"http:\/\/schema.org\/PostalAddress\">Hind\u00fa - Cancha 2<\/div><\/div>\n\t\t\t\t\t\t\t\t\t\t\t\t\t\t\t\t\t\t\t\t\t\t\t\t\t\t\t\t\t\t<div style=\"display:none;\" class=\"sp-event-venue\" itemprop=\"location\" itemscope itemtype=\"http:\/\/schema.org\/Place\"><div itemprop=\"address\" itemscope itemtype=\"http:\/\/schema.org\/PostalAddress\">N\/D<\/div><\/div>\n\t\t\t\t\t\t\t\t\t\t\t\t\t\t<h4 class=\"sp-event-title\" itemprop=\"name\">\n\t\t\t\t\t\t\t\t<a href=\"https:\/\/esquerra.com.ar\/voleibol\/event\/perdedor-sf-1-vs-perdedor-sf-2-3\/\">Juniors (C\u00f3rdoba, Argentina) vs Lihuen (Caleta Olivia, Argentina)<\/a>\t\t\t\t\t\t\t<\/h4>\n\t\t\t\t\t\t\t\n\t\t\t\t\t\t<\/td>\n\t\t\t\t\t<\/tr>\n\t\t\t\t\t\t\t\t<\/tbody>\n\t\t<\/table>\n\t<\/div>\n\t<\/div>\n<\/div><br \/>\n<div class=\"sportspress\"><h4 class=\"sp-table-caption\">FINAL ORO<\/h4><div class=\"sp-template sp-template-event-blocks\">\n\t<div class=\"sp-table-wrapper\">\n\t\t<table class=\"sp-event-blocks sp-data-table\n\t\t\t\t\t sp-paginated-table\" data-sp-rows=\"99\">\n\t\t\t<thead><tr><th><\/th><\/tr><\/thead> \t\t\t<tbody>\n\t\t\t\t\t\t\t\t\t<tr class=\"sp-row sp-post alternate\" itemscope itemtype=\"http:\/\/schema.org\/SportsEvent\">\n\t\t\t\t\t\t<td>\n\t\t\t\t\t\t\t\t\t\t\t\t\t\t<span class=\"team-logo logo-odd\" title=\"Centro Asturiano (A) (Vicente L\u00f3pez, Argentina)\"><img decoding=\"async\" width=\"128\" height=\"128\" data-src=\"https:\/\/esquerra.com.ar\/voleibol\/wp-content\/uploads\/2025\/11\/Centro-Asturiano-CABA-Argentina-128x128.png\" class=\"attachment-sportspress-fit-icon size-sportspress-fit-icon wp-post-image lazyload\" alt=\"\" src=\"data:image\/gif;base64,R0lGODlhAQABAAAAACH5BAEKAAEALAAAAAABAAEAAAICTAEAOw==\" style=\"--smush-placeholder-width: 128px; --smush-placeholder-aspect-ratio: 128\/128;\" \/><noscript><img decoding=\"async\" width=\"128\" height=\"128\" data-src=\"https:\/\/esquerra.com.ar\/voleibol\/wp-content\/uploads\/2025\/11\/Centro-Asturiano-CABA-Argentina-128x128.png\" class=\"attachment-sportspress-fit-icon size-sportspress-fit-icon wp-post-image lazyload\" alt=\"\" src=\"data:image\/gif;base64,R0lGODlhAQABAAAAACH5BAEKAAEALAAAAAABAAEAAAICTAEAOw==\" style=\"--smush-placeholder-width: 128px; --smush-placeholder-aspect-ratio: 128\/128;\" \/><noscript><img decoding=\"async\" width=\"128\" height=\"128\" data-src=\"https:\/\/esquerra.com.ar\/voleibol\/wp-content\/uploads\/2025\/11\/Centro-Asturiano-CABA-Argentina-128x128.png\" class=\"attachment-sportspress-fit-icon size-sportspress-fit-icon wp-post-image lazyload\" alt=\"\" src=\"data:image\/gif;base64,R0lGODlhAQABAAAAACH5BAEKAAEALAAAAAABAAEAAAICTAEAOw==\" style=\"--smush-placeholder-width: 128px; --smush-placeholder-aspect-ratio: 128\/128;\" \/><noscript><img decoding=\"async\" width=\"128\" height=\"128\" data-src=\"https:\/\/esquerra.com.ar\/voleibol\/wp-content\/uploads\/2025\/11\/Centro-Asturiano-CABA-Argentina-128x128.png\" class=\"attachment-sportspress-fit-icon size-sportspress-fit-icon wp-post-image lazyload\" alt=\"\" src=\"data:image\/gif;base64,R0lGODlhAQABAAAAACH5BAEKAAEALAAAAAABAAEAAAICTAEAOw==\" style=\"--smush-placeholder-width: 128px; --smush-placeholder-aspect-ratio: 128\/128;\" \/><noscript><img decoding=\"async\" width=\"128\" height=\"128\" data-src=\"https:\/\/esquerra.com.ar\/voleibol\/wp-content\/uploads\/2025\/11\/Centro-Asturiano-CABA-Argentina-128x128.png\" class=\"attachment-sportspress-fit-icon size-sportspress-fit-icon wp-post-image lazyload\" alt=\"\" src=\"data:image\/gif;base64,R0lGODlhAQABAAAAACH5BAEKAAEALAAAAAABAAEAAAICTAEAOw==\" style=\"--smush-placeholder-width: 128px; --smush-placeholder-aspect-ratio: 128\/128;\" \/><noscript><img decoding=\"async\" width=\"128\" height=\"128\" data-src=\"https:\/\/esquerra.com.ar\/voleibol\/wp-content\/uploads\/2025\/11\/Centro-Asturiano-CABA-Argentina-128x128.png\" class=\"attachment-sportspress-fit-icon size-sportspress-fit-icon wp-post-image lazyload\" alt=\"\" src=\"data:image\/gif;base64,R0lGODlhAQABAAAAACH5BAEKAAEALAAAAAABAAEAAAICTAEAOw==\" style=\"--smush-placeholder-width: 128px; --smush-placeholder-aspect-ratio: 128\/128;\" \/><noscript><img decoding=\"async\" width=\"128\" height=\"128\" data-src=\"https:\/\/esquerra.com.ar\/voleibol\/wp-content\/uploads\/2025\/11\/Centro-Asturiano-CABA-Argentina-128x128.png\" class=\"attachment-sportspress-fit-icon size-sportspress-fit-icon wp-post-image lazyload\" alt=\"\" src=\"data:image\/gif;base64,R0lGODlhAQABAAAAACH5BAEKAAEALAAAAAABAAEAAAICTAEAOw==\" style=\"--smush-placeholder-width: 128px; --smush-placeholder-aspect-ratio: 128\/128;\" \/><noscript><img decoding=\"async\" width=\"128\" height=\"128\" data-src=\"https:\/\/esquerra.com.ar\/voleibol\/wp-content\/uploads\/2025\/11\/Centro-Asturiano-CABA-Argentina-128x128.png\" class=\"attachment-sportspress-fit-icon size-sportspress-fit-icon wp-post-image lazyload\" alt=\"\" src=\"data:image\/gif;base64,R0lGODlhAQABAAAAACH5BAEKAAEALAAAAAABAAEAAAICTAEAOw==\" style=\"--smush-placeholder-width: 128px; --smush-placeholder-aspect-ratio: 128\/128;\" \/><noscript><img decoding=\"async\" width=\"128\" height=\"128\" data-src=\"https:\/\/esquerra.com.ar\/voleibol\/wp-content\/uploads\/2025\/11\/Centro-Asturiano-CABA-Argentina-128x128.png\" class=\"attachment-sportspress-fit-icon size-sportspress-fit-icon wp-post-image lazyload\" alt=\"\" src=\"data:image\/gif;base64,R0lGODlhAQABAAAAACH5BAEKAAEALAAAAAABAAEAAAICTAEAOw==\" style=\"--smush-placeholder-width: 128px; --smush-placeholder-aspect-ratio: 128\/128;\" \/><noscript><img decoding=\"async\" width=\"128\" height=\"128\" data-src=\"https:\/\/esquerra.com.ar\/voleibol\/wp-content\/uploads\/2025\/11\/Centro-Asturiano-CABA-Argentina-128x128.png\" class=\"attachment-sportspress-fit-icon size-sportspress-fit-icon wp-post-image lazyload\" alt=\"\" src=\"data:image\/gif;base64,R0lGODlhAQABAAAAACH5BAEKAAEALAAAAAABAAEAAAICTAEAOw==\" style=\"--smush-placeholder-width: 128px; --smush-placeholder-aspect-ratio: 128\/128;\" \/><noscript><img decoding=\"async\" width=\"128\" height=\"128\" data-src=\"https:\/\/esquerra.com.ar\/voleibol\/wp-content\/uploads\/2025\/11\/Centro-Asturiano-CABA-Argentina-128x128.png\" class=\"attachment-sportspress-fit-icon size-sportspress-fit-icon wp-post-image lazyload\" alt=\"\" src=\"data:image\/gif;base64,R0lGODlhAQABAAAAACH5BAEKAAEALAAAAAABAAEAAAICTAEAOw==\" style=\"--smush-placeholder-width: 128px; --smush-placeholder-aspect-ratio: 128\/128;\" \/><noscript><img decoding=\"async\" width=\"128\" height=\"128\" data-src=\"https:\/\/esquerra.com.ar\/voleibol\/wp-content\/uploads\/2025\/11\/Centro-Asturiano-CABA-Argentina-128x128.png\" class=\"attachment-sportspress-fit-icon size-sportspress-fit-icon wp-post-image lazyload\" alt=\"\" src=\"data:image\/gif;base64,R0lGODlhAQABAAAAACH5BAEKAAEALAAAAAABAAEAAAICTAEAOw==\" style=\"--smush-placeholder-width: 128px; --smush-placeholder-aspect-ratio: 128\/128;\" \/><noscript><img decoding=\"async\" width=\"128\" height=\"128\" src=\"https:\/\/esquerra.com.ar\/voleibol\/wp-content\/uploads\/2025\/11\/Centro-Asturiano-CABA-Argentina-128x128.png\" class=\"attachment-sportspress-fit-icon size-sportspress-fit-icon wp-post-image\" alt=\"\" \/><\/noscript><\/noscript><\/noscript><\/noscript><\/noscript><\/noscript><\/noscript><\/noscript><\/noscript><\/noscript><\/noscript><\/noscript><\/span> <span class=\"team-logo logo-even\" title=\"Poeta Lugones (C\u00f3rdoba, Argentina)\"><img loading=\"lazy\" decoding=\"async\" width=\"128\" height=\"128\" data-src=\"https:\/\/esquerra.com.ar\/voleibol\/wp-content\/uploads\/2024\/10\/Poeta-Lugones-Voley-Cordoba-Argentina-128x128.png\" class=\"attachment-sportspress-fit-icon size-sportspress-fit-icon wp-post-image lazyload\" alt=\"\" src=\"data:image\/gif;base64,R0lGODlhAQABAAAAACH5BAEKAAEALAAAAAABAAEAAAICTAEAOw==\" style=\"--smush-placeholder-width: 128px; --smush-placeholder-aspect-ratio: 128\/128;\" \/><noscript><img loading=\"lazy\" decoding=\"async\" width=\"128\" height=\"128\" data-src=\"https:\/\/esquerra.com.ar\/voleibol\/wp-content\/uploads\/2024\/10\/Poeta-Lugones-Voley-Cordoba-Argentina-128x128.png\" class=\"attachment-sportspress-fit-icon size-sportspress-fit-icon wp-post-image lazyload\" alt=\"\" src=\"data:image\/gif;base64,R0lGODlhAQABAAAAACH5BAEKAAEALAAAAAABAAEAAAICTAEAOw==\" style=\"--smush-placeholder-width: 128px; --smush-placeholder-aspect-ratio: 128\/128;\" \/><noscript><img loading=\"lazy\" decoding=\"async\" width=\"128\" height=\"128\" data-src=\"https:\/\/esquerra.com.ar\/voleibol\/wp-content\/uploads\/2024\/10\/Poeta-Lugones-Voley-Cordoba-Argentina-128x128.png\" class=\"attachment-sportspress-fit-icon size-sportspress-fit-icon wp-post-image lazyload\" alt=\"\" src=\"data:image\/gif;base64,R0lGODlhAQABAAAAACH5BAEKAAEALAAAAAABAAEAAAICTAEAOw==\" style=\"--smush-placeholder-width: 128px; --smush-placeholder-aspect-ratio: 128\/128;\" \/><noscript><img loading=\"lazy\" decoding=\"async\" width=\"128\" height=\"128\" data-src=\"https:\/\/esquerra.com.ar\/voleibol\/wp-content\/uploads\/2024\/10\/Poeta-Lugones-Voley-Cordoba-Argentina-128x128.png\" class=\"attachment-sportspress-fit-icon size-sportspress-fit-icon wp-post-image lazyload\" alt=\"\" src=\"data:image\/gif;base64,R0lGODlhAQABAAAAACH5BAEKAAEALAAAAAABAAEAAAICTAEAOw==\" style=\"--smush-placeholder-width: 128px; --smush-placeholder-aspect-ratio: 128\/128;\" \/><noscript><img loading=\"lazy\" decoding=\"async\" width=\"128\" height=\"128\" data-src=\"https:\/\/esquerra.com.ar\/voleibol\/wp-content\/uploads\/2024\/10\/Poeta-Lugones-Voley-Cordoba-Argentina-128x128.png\" class=\"attachment-sportspress-fit-icon size-sportspress-fit-icon wp-post-image lazyload\" alt=\"\" src=\"data:image\/gif;base64,R0lGODlhAQABAAAAACH5BAEKAAEALAAAAAABAAEAAAICTAEAOw==\" style=\"--smush-placeholder-width: 128px; --smush-placeholder-aspect-ratio: 128\/128;\" \/><noscript><img loading=\"lazy\" decoding=\"async\" width=\"128\" height=\"128\" data-src=\"https:\/\/esquerra.com.ar\/voleibol\/wp-content\/uploads\/2024\/10\/Poeta-Lugones-Voley-Cordoba-Argentina-128x128.png\" class=\"attachment-sportspress-fit-icon size-sportspress-fit-icon wp-post-image lazyload\" alt=\"\" src=\"data:image\/gif;base64,R0lGODlhAQABAAAAACH5BAEKAAEALAAAAAABAAEAAAICTAEAOw==\" style=\"--smush-placeholder-width: 128px; --smush-placeholder-aspect-ratio: 128\/128;\" \/><noscript><img loading=\"lazy\" decoding=\"async\" width=\"128\" height=\"128\" src=\"https:\/\/esquerra.com.ar\/voleibol\/wp-content\/uploads\/2024\/10\/Poeta-Lugones-Voley-Cordoba-Argentina-128x128.png\" class=\"attachment-sportspress-fit-icon size-sportspress-fit-icon wp-post-image\" alt=\"\" \/><\/noscript><\/noscript><\/noscript><\/noscript><\/noscript><\/noscript><\/span>\t\t\t\t\t\t\t<time class=\"sp-event-date\" datetime=\"2025-11-30 13:40:07\" itemprop=\"startDate\" content=\"2025-11-30T13:40:07-03:00\">\n\t\t\t\t\t\t\t\t<a href=\"https:\/\/esquerra.com.ar\/voleibol\/event\/ganador-sf-1-vs-ganador-sf-2-4\/\">30\/11\/2025<\/a>\t\t\t\t\t\t\t<\/time>\n\t\t\t\t\t\t\t\t\t\t\t\t\t\t<h5 class=\"sp-event-results\">\n\t\t\t\t\t\t\t\t<a href=\"https:\/\/esquerra.com.ar\/voleibol\/event\/ganador-sf-1-vs-ganador-sf-2-4\/\"><span class=\"sp-result ok\">2<\/span> - <span class=\"sp-result\">0<\/span><\/a>\t\t\t\t\t\t\t<\/h5>\n\t\t\t\t\t\t\t\t\t\t\t\t\t\t\t\t\t\t\t\t\t\t<div class=\"sp-event-season\">U16F \u2013 Noviembre 2025 \u2013 COPA ORO FINAL<\/div>\n\t\t\t\t\t\t\t\t\t\t\t\t\t\t\t\t\t\t\t\t\t\t\t\t\t\t\t\t\t\t<div class=\"sp-event-venue\" itemprop=\"location\" itemscope itemtype=\"http:\/\/schema.org\/Place\"><div itemprop=\"address\" itemscope itemtype=\"http:\/\/schema.org\/PostalAddress\">Hind\u00fa - Cancha 1<\/div><\/div>\n\t\t\t\t\t\t\t\t\t\t\t\t\t\t\t\t\t\t\t\t\t\t\t\t\t\t\t\t\t\t<div style=\"display:none;\" class=\"sp-event-venue\" itemprop=\"location\" itemscope itemtype=\"http:\/\/schema.org\/Place\"><div itemprop=\"address\" itemscope itemtype=\"http:\/\/schema.org\/PostalAddress\">N\/D<\/div><\/div>\n\t\t\t\t\t\t\t\t\t\t\t\t\t\t<h4 class=\"sp-event-title\" itemprop=\"name\">\n\t\t\t\t\t\t\t\t<a href=\"https:\/\/esquerra.com.ar\/voleibol\/event\/ganador-sf-1-vs-ganador-sf-2-4\/\">Centro Asturiano (A) (Vicente L\u00f3pez, Argentina) vs Poeta Lugones (C\u00f3rdoba, Argentina)<\/a>\t\t\t\t\t\t\t<\/h4>\n\t\t\t\t\t\t\t\n\t\t\t\t\t\t<\/td>\n\t\t\t\t\t<\/tr>\n\t\t\t\t\t\t\t\t<\/tbody>\n\t\t<\/table>\n\t<\/div>\n\t<\/div>\n<\/div><\/p>\n<\/div><\/details><\/div>\n<\/div>\n\n\n\n<h2 class=\"wp-block-heading has-text-align-center has-roboto-font-family has-custom-font has-custom-weight has-custom-letterspacing\" style=\"font-family:Roboto;letter-spacing:-1px;font-weight:300;font-size:35px\">Mir\u00e1 la FINAL por YouTube&nbsp;\ud83d\udc47<\/h2>\n\n\n<div class=\"wp-block-image\">\n<figure class=\"aligncenter size-large has-lightbox\"><a href=\"https:\/\/www.youtube.com\/@hoopstv.cordoba\/streams\" target=\"_blank\" rel=\"noopener\"><img loading=\"lazy\" decoding=\"async\" width=\"1024\" height=\"576\" data-src=\"https:\/\/esquerra.com.ar\/voleibol\/wp-content\/uploads\/2025\/11\/U16F_FINAL-ORO-1024x576.jpg\" alt=\"\" class=\"wp-image-2440 lazyload\" data-srcset=\"https:\/\/esquerra.com.ar\/voleibol\/wp-content\/uploads\/2025\/11\/U16F_FINAL-ORO-1024x576.jpg 1024w, https:\/\/esquerra.com.ar\/voleibol\/wp-content\/uploads\/2025\/11\/U16F_FINAL-ORO-300x169.jpg 300w, https:\/\/esquerra.com.ar\/voleibol\/wp-content\/uploads\/2025\/11\/U16F_FINAL-ORO-768x432.jpg 768w, https:\/\/esquerra.com.ar\/voleibol\/wp-content\/uploads\/2025\/11\/U16F_FINAL-ORO-128x72.jpg 128w, https:\/\/esquerra.com.ar\/voleibol\/wp-content\/uploads\/2025\/11\/U16F_FINAL-ORO-32x18.jpg 32w, https:\/\/esquerra.com.ar\/voleibol\/wp-content\/uploads\/2025\/11\/U16F_FINAL-ORO.jpg 1280w\" data-sizes=\"(max-width: 1024px) 100vw, 1024px\" src=\"data:image\/gif;base64,R0lGODlhAQABAAAAACH5BAEKAAEALAAAAAABAAEAAAICTAEAOw==\" style=\"--smush-placeholder-width: 1024px; --smush-placeholder-aspect-ratio: 1024\/576;\" \/><noscript><img loading=\"lazy\" decoding=\"async\" width=\"1024\" height=\"576\" src=\"https:\/\/esquerra.com.ar\/voleibol\/wp-content\/uploads\/2025\/11\/U16F_FINAL-ORO-1024x576.jpg\" alt=\"\" class=\"wp-image-2440\" srcset=\"https:\/\/esquerra.com.ar\/voleibol\/wp-content\/uploads\/2025\/11\/U16F_FINAL-ORO-1024x576.jpg 1024w, https:\/\/esquerra.com.ar\/voleibol\/wp-content\/uploads\/2025\/11\/U16F_FINAL-ORO-300x169.jpg 300w, https:\/\/esquerra.com.ar\/voleibol\/wp-content\/uploads\/2025\/11\/U16F_FINAL-ORO-768x432.jpg 768w, https:\/\/esquerra.com.ar\/voleibol\/wp-content\/uploads\/2025\/11\/U16F_FINAL-ORO-128x72.jpg 128w, https:\/\/esquerra.com.ar\/voleibol\/wp-content\/uploads\/2025\/11\/U16F_FINAL-ORO-32x18.jpg 32w, https:\/\/esquerra.com.ar\/voleibol\/wp-content\/uploads\/2025\/11\/U16F_FINAL-ORO.jpg 1280w\" sizes=\"(max-width: 1024px) 100vw, 1024px\" \/><\/noscript><\/a><\/figure>\n<\/div>\n\n\n<div style=\"height:10px\" aria-hidden=\"true\" class=\"wp-block-spacer\"><\/div>\n\n\n<div class=\"wp-block-image\">\n<figure class=\"aligncenter size-large\"><img loading=\"lazy\" decoding=\"async\" width=\"1024\" height=\"640\" data-src=\"https:\/\/esquerra.com.ar\/voleibol\/wp-content\/uploads\/2025\/12\/U16F_Web-1024x640.jpg\" alt=\"\" class=\"wp-image-2605 lazyload\" data-srcset=\"https:\/\/esquerra.com.ar\/voleibol\/wp-content\/uploads\/2025\/12\/U16F_Web-1024x640.jpg 1024w, https:\/\/esquerra.com.ar\/voleibol\/wp-content\/uploads\/2025\/12\/U16F_Web-300x188.jpg 300w, https:\/\/esquerra.com.ar\/voleibol\/wp-content\/uploads\/2025\/12\/U16F_Web-768x480.jpg 768w, https:\/\/esquerra.com.ar\/voleibol\/wp-content\/uploads\/2025\/12\/U16F_Web-1536x960.jpg 1536w, https:\/\/esquerra.com.ar\/voleibol\/wp-content\/uploads\/2025\/12\/U16F_Web-2048x1280.jpg 2048w, https:\/\/esquerra.com.ar\/voleibol\/wp-content\/uploads\/2025\/12\/U16F_Web-128x80.jpg 128w, https:\/\/esquerra.com.ar\/voleibol\/wp-content\/uploads\/2025\/12\/U16F_Web-32x20.jpg 32w\" data-sizes=\"(max-width: 1024px) 100vw, 1024px\" src=\"data:image\/gif;base64,R0lGODlhAQABAAAAACH5BAEKAAEALAAAAAABAAEAAAICTAEAOw==\" style=\"--smush-placeholder-width: 1024px; --smush-placeholder-aspect-ratio: 1024\/640;\" \/><noscript><img loading=\"lazy\" decoding=\"async\" width=\"1024\" height=\"640\" src=\"https:\/\/esquerra.com.ar\/voleibol\/wp-content\/uploads\/2025\/12\/U16F_Web-1024x640.jpg\" alt=\"\" class=\"wp-image-2605\" srcset=\"https:\/\/esquerra.com.ar\/voleibol\/wp-content\/uploads\/2025\/12\/U16F_Web-1024x640.jpg 1024w, https:\/\/esquerra.com.ar\/voleibol\/wp-content\/uploads\/2025\/12\/U16F_Web-300x188.jpg 300w, https:\/\/esquerra.com.ar\/voleibol\/wp-content\/uploads\/2025\/12\/U16F_Web-768x480.jpg 768w, https:\/\/esquerra.com.ar\/voleibol\/wp-content\/uploads\/2025\/12\/U16F_Web-1536x960.jpg 1536w, https:\/\/esquerra.com.ar\/voleibol\/wp-content\/uploads\/2025\/12\/U16F_Web-2048x1280.jpg 2048w, https:\/\/esquerra.com.ar\/voleibol\/wp-content\/uploads\/2025\/12\/U16F_Web-128x80.jpg 128w, https:\/\/esquerra.com.ar\/voleibol\/wp-content\/uploads\/2025\/12\/U16F_Web-32x20.jpg 32w\" sizes=\"(max-width: 1024px) 100vw, 1024px\" \/><\/noscript><\/figure>\n<\/div>","protected":false},"excerpt":{"rendered":"<p>Fase regular Definiciones Mir\u00e1 la FINAL por YouTube&nbsp;\ud83d\udc47<\/p>\n","protected":false},"author":2,"featured_media":0,"parent":1883,"menu_order":0,"comment_status":"closed","ping_status":"closed","template":"","meta":{"_coblocks_attr":"","_coblocks_dimensions":"","_coblocks_responsive_height":"","_coblocks_accordion_ie_support":"","neve_meta_sidebar":"","neve_meta_container":"","neve_meta_enable_content_width":"","neve_meta_content_width":0,"neve_meta_title_alignment":"","neve_meta_author_avatar":"","neve_post_elements_order":"","neve_meta_disable_header":"","neve_meta_disable_footer":"","neve_meta_disable_title":"","footnotes":""},"class_list":["post-1983","page","type-page","status-publish","hentry"],"_links":{"self":[{"href":"https:\/\/esquerra.com.ar\/voleibol\/wp-json\/wp\/v2\/pages\/1983","targetHints":{"allow":["GET"]}}],"collection":[{"href":"https:\/\/esquerra.com.ar\/voleibol\/wp-json\/wp\/v2\/pages"}],"about":[{"href":"https:\/\/esquerra.com.ar\/voleibol\/wp-json\/wp\/v2\/types\/page"}],"author":[{"embeddable":true,"href":"https:\/\/esquerra.com.ar\/voleibol\/wp-json\/wp\/v2\/users\/2"}],"replies":[{"embeddable":true,"href":"https:\/\/esquerra.com.ar\/voleibol\/wp-json\/wp\/v2\/comments?post=1983"}],"version-history":[{"count":16,"href":"https:\/\/esquerra.com.ar\/voleibol\/wp-json\/wp\/v2\/pages\/1983\/revisions"}],"predecessor-version":[{"id":2620,"href":"https:\/\/esquerra.com.ar\/voleibol\/wp-json\/wp\/v2\/pages\/1983\/revisions\/2620"}],"up":[{"embeddable":true,"href":"https:\/\/esquerra.com.ar\/voleibol\/wp-json\/wp\/v2\/pages\/1883"}],"wp:attachment":[{"href":"https:\/\/esquerra.com.ar\/voleibol\/wp-json\/wp\/v2\/media?parent=1983"}],"curies":[{"name":"wp","href":"https:\/\/api.w.org\/{rel}","templated":true}]}}