{"id":1883,"date":"2025-11-10T11:17:21","date_gmt":"2025-11-10T14:17:21","guid":{"rendered":"https:\/\/esquerra.com.ar\/voleibol\/?page_id=1883"},"modified":"2025-12-03T10:02:32","modified_gmt":"2025-12-03T13:02:32","slug":"mundialito-formativas-noviembre-2025","status":"publish","type":"page","link":"https:\/\/esquerra.com.ar\/voleibol\/mundialito-formativas-noviembre-2025\/","title":{"rendered":"Mundialito Formativas Noviembre 2025"},"content":{"rendered":"\t\t<div data-elementor-type=\"wp-page\" data-elementor-id=\"1883\" class=\"elementor elementor-1883\">\n\t\t\t\t<div class=\"elementor-element elementor-element-49691dc6 e-flex e-con-boxed e-con e-parent\" data-id=\"49691dc6\" data-element_type=\"container\" data-e-type=\"container\" data-settings=\"{&quot;background_background&quot;:&quot;classic&quot;}\">\n\t\t\t\t\t<div class=\"e-con-inner\">\n\t\t\t\t<div class=\"elementor-element elementor-element-7451580f elementor-hidden-tablet elementor-hidden-mobile elementor-widget elementor-widget-heading\" data-id=\"7451580f\" data-element_type=\"widget\" data-e-type=\"widget\" data-widget_type=\"heading.default\">\n\t\t\t\t<div class=\"elementor-widget-container\">\n\t\t\t\t\t<h2 class=\"elementor-heading-title elementor-size-default\">MUNDIALITO FORMATIVAS 28, 29 y 30 NOVIEMBRE 2025<\/h2>\t\t\t\t<\/div>\n\t\t\t\t<\/div>\n\t\t\t\t<div class=\"elementor-element elementor-element-57401fa7 elementor-hidden-desktop elementor-widget elementor-widget-heading\" data-id=\"57401fa7\" data-element_type=\"widget\" data-e-type=\"widget\" data-widget_type=\"heading.default\">\n\t\t\t\t<div class=\"elementor-widget-container\">\n\t\t\t\t\t<h3 class=\"elementor-heading-title elementor-size-default\">MUNDIALITO FORMATIVAS 28, 29 y 30 NOVIEMBRE 2025<\/h3>\t\t\t\t<\/div>\n\t\t\t\t<\/div>\n\t\t\t\t\t<\/div>\n\t\t\t\t<\/div>\n\t\t<div class=\"elementor-element elementor-element-38b0c609 e-con-full e-flex e-con e-parent\" data-id=\"38b0c609\" data-element_type=\"container\" data-e-type=\"container\">\n\t\t\t\t<div class=\"elementor-element elementor-element-3be343dc elementor-widget elementor-widget-heading\" data-id=\"3be343dc\" data-element_type=\"widget\" data-e-type=\"widget\" data-widget_type=\"heading.default\">\n\t\t\t\t<div class=\"elementor-widget-container\">\n\t\t\t\t\t<h3 class=\"elementor-heading-title elementor-size-default\">EQUIPOS QUE PARTICIPARON<\/h3>\t\t\t\t<\/div>\n\t\t\t\t<\/div>\n\t\t\t\t<div class=\"elementor-element elementor-element-162169af elementor-arrows-position-inside elementor-pagination-position-outside elementor-widget elementor-widget-image-carousel\" data-id=\"162169af\" data-element_type=\"widget\" data-e-type=\"widget\" data-settings=\"{&quot;slides_to_show&quot;:&quot;5&quot;,&quot;slides_to_show_mobile&quot;:&quot;6&quot;,&quot;slides_to_scroll&quot;:&quot;4&quot;,&quot;slides_to_scroll_mobile&quot;:&quot;6&quot;,&quot;slides_to_show_tablet&quot;:&quot;5&quot;,&quot;slides_to_scroll_tablet&quot;:&quot;4&quot;,&quot;navigation&quot;:&quot;both&quot;,&quot;autoplay&quot;:&quot;yes&quot;,&quot;pause_on_hover&quot;:&quot;yes&quot;,&quot;pause_on_interaction&quot;:&quot;yes&quot;,&quot;autoplay_speed&quot;:5000,&quot;infinite&quot;:&quot;yes&quot;,&quot;speed&quot;:500}\" data-widget_type=\"image-carousel.default\">\n\t\t\t\t<div class=\"elementor-widget-container\">\n\t\t\t\t\t\t\t<div class=\"elementor-image-carousel-wrapper swiper\" role=\"region\" aria-roledescription=\"carousel\" aria-label=\"Carrusel de im\u00e1genes\" dir=\"ltr\">\n\t\t\t<div class=\"elementor-image-carousel swiper-wrapper\" aria-live=\"off\">\n\t\t\t\t\t\t\t\t<div class=\"swiper-slide\" role=\"group\" aria-roledescription=\"slide\" aria-label=\"1 de 31\"><figure class=\"swiper-slide-inner\"><img decoding=\"async\" class=\"swiper-slide-image lazyload\" data-src=\"https:\/\/esquerra.com.ar\/voleibol\/wp-content\/uploads\/elementor\/thumbs\/Demhan-School-San-Bernardo-Chile-rei6f4xp1qixq6sk0d26n1dx2ze03df8hj2rk59hbc.png\" alt=\"Demhan School (San Bernardo, Chile)\" src=\"data:image\/gif;base64,R0lGODlhAQABAAAAACH5BAEKAAEALAAAAAABAAEAAAICTAEAOw==\" style=\"--smush-placeholder-width: 100px; --smush-placeholder-aspect-ratio: 100\/100;\" \/><noscript><img decoding=\"async\" class=\"swiper-slide-image\" src=\"https:\/\/esquerra.com.ar\/voleibol\/wp-content\/uploads\/elementor\/thumbs\/Demhan-School-San-Bernardo-Chile-rei6f4xp1qixq6sk0d26n1dx2ze03df8hj2rk59hbc.png\" alt=\"Demhan School (San Bernardo, Chile)\" \/><\/noscript><\/figure><\/div><div class=\"swiper-slide\" role=\"group\" aria-roledescription=\"slide\" aria-label=\"2 de 31\"><figure class=\"swiper-slide-inner\"><img decoding=\"async\" class=\"swiper-slide-image lazyload\" data-src=\"https:\/\/esquerra.com.ar\/voleibol\/wp-content\/uploads\/elementor\/thumbs\/Parque-Central-Neuquen-Argentina-rei6jf386kdym8kn07ozzyhii6a75qf7qq2e9iwwyw.png\" alt=\"Parque Central (Neuqu\u00e9n, Argentina)\" src=\"data:image\/gif;base64,R0lGODlhAQABAAAAACH5BAEKAAEALAAAAAABAAEAAAICTAEAOw==\" style=\"--smush-placeholder-width: 100px; --smush-placeholder-aspect-ratio: 100\/100;\" \/><noscript><img decoding=\"async\" class=\"swiper-slide-image\" src=\"https:\/\/esquerra.com.ar\/voleibol\/wp-content\/uploads\/elementor\/thumbs\/Parque-Central-Neuquen-Argentina-rei6jf386kdym8kn07ozzyhii6a75qf7qq2e9iwwyw.png\" alt=\"Parque Central (Neuqu\u00e9n, Argentina)\" \/><\/noscript><\/figure><\/div><div class=\"swiper-slide\" role=\"group\" aria-roledescription=\"slide\" aria-label=\"3 de 31\"><figure class=\"swiper-slide-inner\"><img decoding=\"async\" class=\"swiper-slide-image lazyload\" data-src=\"https:\/\/esquerra.com.ar\/voleibol\/wp-content\/uploads\/elementor\/thumbs\/Alfebracrossvolley-Paraguay-rei6eauuz1dreo08w024f8z62ni9923tpe787ai2ug.png\" alt=\"Alfebracrossvolley (Paraguay)\" src=\"data:image\/gif;base64,R0lGODlhAQABAAAAACH5BAEKAAEALAAAAAABAAEAAAICTAEAOw==\" style=\"--smush-placeholder-width: 100px; --smush-placeholder-aspect-ratio: 100\/100;\" \/><noscript><img decoding=\"async\" class=\"swiper-slide-image\" src=\"https:\/\/esquerra.com.ar\/voleibol\/wp-content\/uploads\/elementor\/thumbs\/Alfebracrossvolley-Paraguay-rei6eauuz1dreo08w024f8z62ni9923tpe787ai2ug.png\" alt=\"Alfebracrossvolley (Paraguay)\" \/><\/noscript><\/figure><\/div><div class=\"swiper-slide\" role=\"group\" aria-roledescription=\"slide\" aria-label=\"4 de 31\"><figure class=\"swiper-slide-inner\"><img decoding=\"async\" class=\"swiper-slide-image lazyload\" data-src=\"https:\/\/esquerra.com.ar\/voleibol\/wp-content\/uploads\/elementor\/thumbs\/Deportivo-Americano-Guayaquil-Ecuador-rei6f8p1t2o30mn3eeoox0frgivgy5u5u1oph93wmg.png\" alt=\"Deportivo Americano (Guayaquil, Ecuador)\" src=\"data:image\/gif;base64,R0lGODlhAQABAAAAACH5BAEKAAEALAAAAAABAAEAAAICTAEAOw==\" style=\"--smush-placeholder-width: 100px; --smush-placeholder-aspect-ratio: 100\/100;\" \/><noscript><img decoding=\"async\" class=\"swiper-slide-image\" src=\"https:\/\/esquerra.com.ar\/voleibol\/wp-content\/uploads\/elementor\/thumbs\/Deportivo-Americano-Guayaquil-Ecuador-rei6f8p1t2o30mn3eeoox0frgivgy5u5u1oph93wmg.png\" alt=\"Deportivo Americano (Guayaquil, Ecuador)\" \/><\/noscript><\/figure><\/div><div class=\"swiper-slide\" role=\"group\" aria-roledescription=\"slide\" aria-label=\"5 de 31\"><figure class=\"swiper-slide-inner\"><img decoding=\"async\" class=\"swiper-slide-image lazyload\" data-src=\"https:\/\/esquerra.com.ar\/voleibol\/wp-content\/uploads\/elementor\/thumbs\/Esc.-Municipal-Lihuen-Caleta-Olivia-Argentina-rei6fec2y2vsyaewhh4gbz0j0u3o8cgjutlmcwvjl4.png\" alt=\"Esc. Municipal Lihuen (Caleta Olivia, Argentina)\" src=\"data:image\/gif;base64,R0lGODlhAQABAAAAACH5BAEKAAEALAAAAAABAAEAAAICTAEAOw==\" style=\"--smush-placeholder-width: 100px; --smush-placeholder-aspect-ratio: 100\/100;\" \/><noscript><img decoding=\"async\" class=\"swiper-slide-image\" src=\"https:\/\/esquerra.com.ar\/voleibol\/wp-content\/uploads\/elementor\/thumbs\/Esc.-Municipal-Lihuen-Caleta-Olivia-Argentina-rei6fec2y2vsyaewhh4gbz0j0u3o8cgjutlmcwvjl4.png\" alt=\"Esc. Municipal Lihuen (Caleta Olivia, Argentina)\" \/><\/noscript><\/figure><\/div><div class=\"swiper-slide\" role=\"group\" aria-roledescription=\"slide\" aria-label=\"6 de 31\"><figure class=\"swiper-slide-inner\"><img decoding=\"async\" class=\"swiper-slide-image lazyload\" data-src=\"https:\/\/esquerra.com.ar\/voleibol\/wp-content\/uploads\/elementor\/thumbs\/Royal-British-School-Santiago-Chile-rei6k5ephxdznbieqj2jxruf4yoh59bp6cbzp9tw4o.png\" alt=\"Royal British School (Santiago, Chile)\" src=\"data:image\/gif;base64,R0lGODlhAQABAAAAACH5BAEKAAEALAAAAAABAAEAAAICTAEAOw==\" style=\"--smush-placeholder-width: 100px; --smush-placeholder-aspect-ratio: 100\/100;\" \/><noscript><img decoding=\"async\" class=\"swiper-slide-image\" src=\"https:\/\/esquerra.com.ar\/voleibol\/wp-content\/uploads\/elementor\/thumbs\/Royal-British-School-Santiago-Chile-rei6k5ephxdznbieqj2jxruf4yoh59bp6cbzp9tw4o.png\" alt=\"Royal British School (Santiago, Chile)\" \/><\/noscript><\/figure><\/div><div class=\"swiper-slide\" role=\"group\" aria-roledescription=\"slide\" aria-label=\"7 de 31\"><figure class=\"swiper-slide-inner\"><img decoding=\"async\" class=\"swiper-slide-image lazyload\" data-src=\"https:\/\/esquerra.com.ar\/voleibol\/wp-content\/uploads\/elementor\/thumbs\/Rebaza-Acosta-Callao-Peru-rei6k0pijr7k19p8hz1f3b1461bn2rt1hp2kaw0uzs.png\" alt=\"Rebaza Acosta (Callao, Per\u00fa)\" src=\"data:image\/gif;base64,R0lGODlhAQABAAAAACH5BAEKAAEALAAAAAABAAEAAAICTAEAOw==\" style=\"--smush-placeholder-width: 100px; --smush-placeholder-aspect-ratio: 100\/100;\" \/><noscript><img decoding=\"async\" class=\"swiper-slide-image\" src=\"https:\/\/esquerra.com.ar\/voleibol\/wp-content\/uploads\/elementor\/thumbs\/Rebaza-Acosta-Callao-Peru-rei6k0pijr7k19p8hz1f3b1461bn2rt1hp2kaw0uzs.png\" alt=\"Rebaza Acosta (Callao, Per\u00fa)\" \/><\/noscript><\/figure><\/div><div class=\"swiper-slide\" role=\"group\" aria-roledescription=\"slide\" aria-label=\"8 de 31\"><figure class=\"swiper-slide-inner\"><img decoding=\"async\" class=\"swiper-slide-image lazyload\" data-src=\"https:\/\/esquerra.com.ar\/voleibol\/wp-content\/uploads\/elementor\/thumbs\/Petroleros-Caleta-Olivia-Argentina-rei6jnjrw2pjiq8cmtcn4ecnun4i30csrvxrl0kdew.png\" alt=\"Petroleros (Caleta Olivia, Argentina)\" src=\"data:image\/gif;base64,R0lGODlhAQABAAAAACH5BAEKAAEALAAAAAABAAEAAAICTAEAOw==\" style=\"--smush-placeholder-width: 100px; --smush-placeholder-aspect-ratio: 100\/100;\" \/><noscript><img decoding=\"async\" class=\"swiper-slide-image\" src=\"https:\/\/esquerra.com.ar\/voleibol\/wp-content\/uploads\/elementor\/thumbs\/Petroleros-Caleta-Olivia-Argentina-rei6jnjrw2pjiq8cmtcn4ecnun4i30csrvxrl0kdew.png\" alt=\"Petroleros (Caleta Olivia, Argentina)\" \/><\/noscript><\/figure><\/div><div class=\"swiper-slide\" role=\"group\" aria-roledescription=\"slide\" aria-label=\"9 de 31\"><figure class=\"swiper-slide-inner\"><img decoding=\"async\" class=\"swiper-slide-image lazyload\" data-src=\"https:\/\/esquerra.com.ar\/voleibol\/wp-content\/uploads\/elementor\/thumbs\/Mamba-Lima-Peru-rei6fy2oxlmtq3m8a7nmac17hxedpzmwxjatfq29yg.png\" alt=\"Mamba (Lima, Per\u00fa)\" src=\"data:image\/gif;base64,R0lGODlhAQABAAAAACH5BAEKAAEALAAAAAABAAEAAAICTAEAOw==\" style=\"--smush-placeholder-width: 100px; --smush-placeholder-aspect-ratio: 100\/100;\" \/><noscript><img decoding=\"async\" class=\"swiper-slide-image\" src=\"https:\/\/esquerra.com.ar\/voleibol\/wp-content\/uploads\/elementor\/thumbs\/Mamba-Lima-Peru-rei6fy2oxlmtq3m8a7nmac17hxedpzmwxjatfq29yg.png\" alt=\"Mamba (Lima, Per\u00fa)\" \/><\/noscript><\/figure><\/div><div class=\"swiper-slide\" role=\"group\" aria-roledescription=\"slide\" aria-label=\"10 de 31\"><figure class=\"swiper-slide-inner\"><img decoding=\"async\" class=\"swiper-slide-image lazyload\" data-src=\"https:\/\/esquerra.com.ar\/voleibol\/wp-content\/uploads\/elementor\/thumbs\/Poeta-Lugones-Voley-Cordoba-Argentina-r9yfs9uau3bsad3p1s0vxp91900cg4vtf2mb5ehu5k.png\" alt=\"Poeta Lugones Voley (C\u00f3rdoba, Argentina)\" src=\"data:image\/gif;base64,R0lGODlhAQABAAAAACH5BAEKAAEALAAAAAABAAEAAAICTAEAOw==\" style=\"--smush-placeholder-width: 100px; --smush-placeholder-aspect-ratio: 100\/100;\" \/><noscript><img decoding=\"async\" class=\"swiper-slide-image\" src=\"https:\/\/esquerra.com.ar\/voleibol\/wp-content\/uploads\/elementor\/thumbs\/Poeta-Lugones-Voley-Cordoba-Argentina-r9yfs9uau3bsad3p1s0vxp91900cg4vtf2mb5ehu5k.png\" alt=\"Poeta Lugones Voley (C\u00f3rdoba, Argentina)\" \/><\/noscript><\/figure><\/div><div class=\"swiper-slide\" role=\"group\" aria-roledescription=\"slide\" aria-label=\"11 de 31\"><figure class=\"swiper-slide-inner\"><img decoding=\"async\" class=\"swiper-slide-image lazyload\" data-src=\"https:\/\/esquerra.com.ar\/voleibol\/wp-content\/uploads\/elementor\/thumbs\/PCP-Carlos-Paz-Argentina-rei6jiukxwj3wof6e9bi9xjcvpro0iu538oc6mrca0.png\" alt=\"PCP (Carlos Paz, Argentina)\" src=\"data:image\/gif;base64,R0lGODlhAQABAAAAACH5BAEKAAEALAAAAAABAAEAAAICTAEAOw==\" style=\"--smush-placeholder-width: 100px; --smush-placeholder-aspect-ratio: 100\/100;\" \/><noscript><img decoding=\"async\" class=\"swiper-slide-image\" src=\"https:\/\/esquerra.com.ar\/voleibol\/wp-content\/uploads\/elementor\/thumbs\/PCP-Carlos-Paz-Argentina-rei6jiukxwj3wof6e9bi9xjcvpro0iu538oc6mrca0.png\" alt=\"PCP (Carlos Paz, Argentina)\" \/><\/noscript><\/figure><\/div><div class=\"swiper-slide\" role=\"group\" aria-roledescription=\"slide\" aria-label=\"12 de 31\"><figure class=\"swiper-slide-inner\"><img decoding=\"async\" class=\"swiper-slide-image lazyload\" data-src=\"https:\/\/esquerra.com.ar\/voleibol\/wp-content\/uploads\/elementor\/thumbs\/Nuestra-Senora-del-Huerto-Quillota-Chile-scaled-rei6iy64rjqst997r0dpr2r7t8llb6k1oebnmjm02w.png\" alt=\"Nuestra Se\u00f1ora del Huerto (Quillota, Chile)\" src=\"data:image\/gif;base64,R0lGODlhAQABAAAAACH5BAEKAAEALAAAAAABAAEAAAICTAEAOw==\" style=\"--smush-placeholder-width: 100px; --smush-placeholder-aspect-ratio: 100\/100;\" \/><noscript><img decoding=\"async\" class=\"swiper-slide-image\" src=\"https:\/\/esquerra.com.ar\/voleibol\/wp-content\/uploads\/elementor\/thumbs\/Nuestra-Senora-del-Huerto-Quillota-Chile-scaled-rei6iy64rjqst997r0dpr2r7t8llb6k1oebnmjm02w.png\" alt=\"Nuestra Se\u00f1ora del Huerto (Quillota, Chile)\" \/><\/noscript><\/figure><\/div><div class=\"swiper-slide\" role=\"group\" aria-roledescription=\"slide\" aria-label=\"13 de 31\"><figure class=\"swiper-slide-inner\"><img decoding=\"async\" class=\"swiper-slide-image lazyload\" data-src=\"https:\/\/esquerra.com.ar\/voleibol\/wp-content\/uploads\/elementor\/thumbs\/CEV-Chicureo-Chile-rei6eoyftjx28tfrlo5iynf2zfkrginsrbziefx694.png\" alt=\"CEV (Chicureo, Chile)\" src=\"data:image\/gif;base64,R0lGODlhAQABAAAAACH5BAEKAAEALAAAAAABAAEAAAICTAEAOw==\" style=\"--smush-placeholder-width: 100px; --smush-placeholder-aspect-ratio: 100\/100;\" \/><noscript><img decoding=\"async\" class=\"swiper-slide-image\" src=\"https:\/\/esquerra.com.ar\/voleibol\/wp-content\/uploads\/elementor\/thumbs\/CEV-Chicureo-Chile-rei6eoyftjx28tfrlo5iynf2zfkrginsrbziefx694.png\" alt=\"CEV (Chicureo, Chile)\" \/><\/noscript><\/figure><\/div><div class=\"swiper-slide\" role=\"group\" aria-roledescription=\"slide\" aria-label=\"14 de 31\"><figure class=\"swiper-slide-inner\"><img decoding=\"async\" class=\"swiper-slide-image lazyload\" data-src=\"https:\/\/esquerra.com.ar\/voleibol\/wp-content\/uploads\/elementor\/thumbs\/Racing-Cordoba-Argentina-r9yfsgf65xksjmu4zcv9x5l9ep3wy0lxrz6pic82y0.png\" alt=\"Racing (C\u00f3rdoba, Argentina)\" src=\"data:image\/gif;base64,R0lGODlhAQABAAAAACH5BAEKAAEALAAAAAABAAEAAAICTAEAOw==\" style=\"--smush-placeholder-width: 100px; --smush-placeholder-aspect-ratio: 100\/100;\" \/><noscript><img decoding=\"async\" class=\"swiper-slide-image\" src=\"https:\/\/esquerra.com.ar\/voleibol\/wp-content\/uploads\/elementor\/thumbs\/Racing-Cordoba-Argentina-r9yfsgf65xksjmu4zcv9x5l9ep3wy0lxrz6pic82y0.png\" alt=\"Racing (C\u00f3rdoba, Argentina)\" \/><\/noscript><\/figure><\/div><div class=\"swiper-slide\" role=\"group\" aria-roledescription=\"slide\" aria-label=\"15 de 31\"><figure class=\"swiper-slide-inner\"><img decoding=\"async\" class=\"swiper-slide-image lazyload\" data-src=\"https:\/\/esquerra.com.ar\/voleibol\/wp-content\/uploads\/elementor\/thumbs\/SUE-Voley-Cordoba-Argentina-rei6kcxf0loa877himbkhpy3w1neuu5jvdjvjhiqqw.png\" alt=\"SUE Voley (C\u00f3rdoba, Argentina)\" src=\"data:image\/gif;base64,R0lGODlhAQABAAAAACH5BAEKAAEALAAAAAABAAEAAAICTAEAOw==\" style=\"--smush-placeholder-width: 100px; --smush-placeholder-aspect-ratio: 100\/100;\" \/><noscript><img decoding=\"async\" class=\"swiper-slide-image\" src=\"https:\/\/esquerra.com.ar\/voleibol\/wp-content\/uploads\/elementor\/thumbs\/SUE-Voley-Cordoba-Argentina-rei6kcxf0loa877himbkhpy3w1neuu5jvdjvjhiqqw.png\" alt=\"SUE Voley (C\u00f3rdoba, Argentina)\" \/><\/noscript><\/figure><\/div><div class=\"swiper-slide\" role=\"group\" aria-roledescription=\"slide\" aria-label=\"16 de 31\"><figure class=\"swiper-slide-inner\"><img decoding=\"async\" class=\"swiper-slide-image lazyload\" data-src=\"https:\/\/esquerra.com.ar\/voleibol\/wp-content\/uploads\/elementor\/thumbs\/San-Martin-Marcos-Juarez-Argentina-rei6k96299j4xrcy4kp27qw9ii5y01qmiuxxmdobfs.png\" alt=\"San Mart\u00edn (Marcos Ju\u00e1rez, Argentina)\" src=\"data:image\/gif;base64,R0lGODlhAQABAAAAACH5BAEKAAEALAAAAAABAAEAAAICTAEAOw==\" style=\"--smush-placeholder-width: 100px; --smush-placeholder-aspect-ratio: 100\/100;\" \/><noscript><img decoding=\"async\" class=\"swiper-slide-image\" src=\"https:\/\/esquerra.com.ar\/voleibol\/wp-content\/uploads\/elementor\/thumbs\/San-Martin-Marcos-Juarez-Argentina-rei6k96299j4xrcy4kp27qw9ii5y01qmiuxxmdobfs.png\" alt=\"San Mart\u00edn (Marcos Ju\u00e1rez, Argentina)\" \/><\/noscript><\/figure><\/div><div class=\"swiper-slide\" role=\"group\" aria-roledescription=\"slide\" aria-label=\"17 de 31\"><figure class=\"swiper-slide-inner\"><img decoding=\"async\" class=\"swiper-slide-image lazyload\" data-src=\"https:\/\/esquerra.com.ar\/voleibol\/wp-content\/uploads\/elementor\/thumbs\/Banco-Nacion-Cordoba-Argentina-rei6eem7qdiwp3usa1omp810g6zq3uir1wt64eci5k.png\" alt=\"Banco Nacion (C\u00f3rdoba, Argentina)\" src=\"data:image\/gif;base64,R0lGODlhAQABAAAAACH5BAEKAAEALAAAAAABAAEAAAICTAEAOw==\" style=\"--smush-placeholder-width: 100px; --smush-placeholder-aspect-ratio: 100\/100;\" \/><noscript><img decoding=\"async\" class=\"swiper-slide-image\" src=\"https:\/\/esquerra.com.ar\/voleibol\/wp-content\/uploads\/elementor\/thumbs\/Banco-Nacion-Cordoba-Argentina-rei6eem7qdiwp3usa1omp810g6zq3uir1wt64eci5k.png\" alt=\"Banco Nacion (C\u00f3rdoba, Argentina)\" \/><\/noscript><\/figure><\/div><div class=\"swiper-slide\" role=\"group\" aria-roledescription=\"slide\" aria-label=\"18 de 31\"><figure class=\"swiper-slide-inner\"><img decoding=\"async\" class=\"swiper-slide-image lazyload\" data-src=\"https:\/\/esquerra.com.ar\/voleibol\/wp-content\/uploads\/elementor\/thumbs\/Ceibo-Cba-rei6eidkhpo1zjpbo3b4z72utqh6ymxoeff41i6xgo.png\" alt=\"Ceibo (Cba)\" src=\"data:image\/gif;base64,R0lGODlhAQABAAAAACH5BAEKAAEALAAAAAABAAEAAAICTAEAOw==\" style=\"--smush-placeholder-width: 100px; --smush-placeholder-aspect-ratio: 100\/100;\" \/><noscript><img decoding=\"async\" class=\"swiper-slide-image\" src=\"https:\/\/esquerra.com.ar\/voleibol\/wp-content\/uploads\/elementor\/thumbs\/Ceibo-Cba-rei6eidkhpo1zjpbo3b4z72utqh6ymxoeff41i6xgo.png\" alt=\"Ceibo (Cba)\" \/><\/noscript><\/figure><\/div><div class=\"swiper-slide\" role=\"group\" aria-roledescription=\"slide\" aria-label=\"19 de 31\"><figure class=\"swiper-slide-inner\"><img decoding=\"async\" class=\"swiper-slide-image lazyload\" data-src=\"https:\/\/esquerra.com.ar\/voleibol\/wp-content\/uploads\/elementor\/thumbs\/Centro-Asturiano-CABA-Argentina-rei6el7327rwydl87mj0ood8lw3alq8vetdkhc2qy0.png\" alt=\"Centro Asturiano (CABA, Argentina)\" src=\"data:image\/gif;base64,R0lGODlhAQABAAAAACH5BAEKAAEALAAAAAABAAEAAAICTAEAOw==\" style=\"--smush-placeholder-width: 100px; --smush-placeholder-aspect-ratio: 100\/100;\" \/><noscript><img decoding=\"async\" class=\"swiper-slide-image\" src=\"https:\/\/esquerra.com.ar\/voleibol\/wp-content\/uploads\/elementor\/thumbs\/Centro-Asturiano-CABA-Argentina-rei6el7327rwydl87mj0ood8lw3alq8vetdkhc2qy0.png\" alt=\"Centro Asturiano (CABA, Argentina)\" \/><\/noscript><\/figure><\/div><div class=\"swiper-slide\" role=\"group\" aria-roledescription=\"slide\" aria-label=\"20 de 31\"><figure class=\"swiper-slide-inner\"><img decoding=\"async\" class=\"swiper-slide-image lazyload\" data-src=\"https:\/\/esquerra.com.ar\/voleibol\/wp-content\/uploads\/elementor\/thumbs\/Independencia-Star-Formosa-Argentina-rei6fh5likznx4at10cc1gawszprvfrqv7k2sqrd2g.png\" alt=\"Independencia Star (Formosa, Argentina)\" src=\"data:image\/gif;base64,R0lGODlhAQABAAAAACH5BAEKAAEALAAAAAABAAEAAAICTAEAOw==\" style=\"--smush-placeholder-width: 100px; --smush-placeholder-aspect-ratio: 100\/100;\" \/><noscript><img decoding=\"async\" class=\"swiper-slide-image\" src=\"https:\/\/esquerra.com.ar\/voleibol\/wp-content\/uploads\/elementor\/thumbs\/Independencia-Star-Formosa-Argentina-rei6fh5likznx4at10cc1gawszprvfrqv7k2sqrd2g.png\" alt=\"Independencia Star (Formosa, Argentina)\" \/><\/noscript><\/figure><\/div><div class=\"swiper-slide\" role=\"group\" aria-roledescription=\"slide\" aria-label=\"21 de 31\"><figure class=\"swiper-slide-inner\"><img decoding=\"async\" class=\"swiper-slide-image lazyload\" data-src=\"https:\/\/esquerra.com.ar\/voleibol\/wp-content\/uploads\/elementor\/thumbs\/Juniors-Cordoba-Argentina-rei6fkwy9x4t7k5cf1yubfcr6j78q86o7q60pulsdk.png\" alt=\"Juniors (C\u00f3rdoba, Argentina)\" src=\"data:image\/gif;base64,R0lGODlhAQABAAAAACH5BAEKAAEALAAAAAABAAEAAAICTAEAOw==\" style=\"--smush-placeholder-width: 100px; --smush-placeholder-aspect-ratio: 100\/100;\" \/><noscript><img decoding=\"async\" class=\"swiper-slide-image\" src=\"https:\/\/esquerra.com.ar\/voleibol\/wp-content\/uploads\/elementor\/thumbs\/Juniors-Cordoba-Argentina-rei6fkwy9x4t7k5cf1yubfcr6j78q86o7q60pulsdk.png\" alt=\"Juniors (C\u00f3rdoba, Argentina)\" \/><\/noscript><\/figure><\/div><div class=\"swiper-slide\" role=\"group\" aria-roledescription=\"slide\" aria-label=\"22 de 31\"><figure class=\"swiper-slide-inner\"><img decoding=\"async\" class=\"swiper-slide-image lazyload\" data-src=\"https:\/\/esquerra.com.ar\/voleibol\/wp-content\/uploads\/elementor\/thumbs\/CSD-La-Calera-La-Calera-Argentina-rei6espskw27j9aazps18mgxcz28bb2q3ulgbjrlk8.png\" alt=\"CSD La Calera (La Calera, Argentina)\" src=\"data:image\/gif;base64,R0lGODlhAQABAAAAACH5BAEKAAEALAAAAAABAAEAAAICTAEAOw==\" style=\"--smush-placeholder-width: 100px; --smush-placeholder-aspect-ratio: 100\/100;\" \/><noscript><img decoding=\"async\" class=\"swiper-slide-image\" src=\"https:\/\/esquerra.com.ar\/voleibol\/wp-content\/uploads\/elementor\/thumbs\/CSD-La-Calera-La-Calera-Argentina-rei6espskw27j9aazps18mgxcz28bb2q3ulgbjrlk8.png\" alt=\"CSD La Calera (La Calera, Argentina)\" \/><\/noscript><\/figure><\/div><div class=\"swiper-slide\" role=\"group\" aria-roledescription=\"slide\" aria-label=\"23 de 31\"><figure class=\"swiper-slide-inner\"><img decoding=\"async\" class=\"swiper-slide-image lazyload\" data-src=\"https:\/\/esquerra.com.ar\/voleibol\/wp-content\/uploads\/elementor\/thumbs\/Maipu_2025Cordoba-Argentina-rei6ftdhzfge41t21nmhfv7wj01jni498w1e1c98tk.png\" alt=\"Maip\u00fa_2025(C\u00f3rdoba, Argentina)\" src=\"data:image\/gif;base64,R0lGODlhAQABAAAAACH5BAEKAAEALAAAAAABAAEAAAICTAEAOw==\" style=\"--smush-placeholder-width: 100px; --smush-placeholder-aspect-ratio: 100\/100;\" \/><noscript><img decoding=\"async\" class=\"swiper-slide-image\" src=\"https:\/\/esquerra.com.ar\/voleibol\/wp-content\/uploads\/elementor\/thumbs\/Maipu_2025Cordoba-Argentina-rei6ftdhzfge41t21nmhfv7wj01jni498w1e1c98tk.png\" alt=\"Maip\u00fa_2025(C\u00f3rdoba, Argentina)\" \/><\/noscript><\/figure><\/div><div class=\"swiper-slide\" role=\"group\" aria-roledescription=\"slide\" aria-label=\"24 de 31\"><figure class=\"swiper-slide-inner\"><img decoding=\"async\" class=\"swiper-slide-image lazyload\" data-src=\"https:\/\/esquerra.com.ar\/voleibol\/wp-content\/uploads\/elementor\/thumbs\/Murano-Santiago-Chile-rei6g1u1oxrz0jgro9a4kb31vgvuks1ua1wrctwp9k.png\" alt=\"Murano (Santiago, Chile)\" src=\"data:image\/gif;base64,R0lGODlhAQABAAAAACH5BAEKAAEALAAAAAABAAEAAAICTAEAOw==\" style=\"--smush-placeholder-width: 100px; --smush-placeholder-aspect-ratio: 100\/100;\" \/><noscript><img decoding=\"async\" class=\"swiper-slide-image\" src=\"https:\/\/esquerra.com.ar\/voleibol\/wp-content\/uploads\/elementor\/thumbs\/Murano-Santiago-Chile-rei6g1u1oxrz0jgro9a4kb31vgvuks1ua1wrctwp9k.png\" alt=\"Murano (Santiago, Chile)\" \/><\/noscript><\/figure><\/div><div class=\"swiper-slide\" role=\"group\" aria-roledescription=\"slide\" aria-label=\"25 de 31\"><figure class=\"swiper-slide-inner\"><img decoding=\"async\" class=\"swiper-slide-image lazyload\" data-src=\"https:\/\/esquerra.com.ar\/voleibol\/wp-content\/uploads\/elementor\/thumbs\/Defensores-Villa-Dolores-Argentina-rei6f16caedsfqy0mbfod2c2pfwj8l0b50gtn1f208.png\" alt=\"Defensores (Villa Dolores, Argentina)\" src=\"data:image\/gif;base64,R0lGODlhAQABAAAAACH5BAEKAAEALAAAAAABAAEAAAICTAEAOw==\" style=\"--smush-placeholder-width: 100px; --smush-placeholder-aspect-ratio: 100\/100;\" \/><noscript><img decoding=\"async\" class=\"swiper-slide-image\" src=\"https:\/\/esquerra.com.ar\/voleibol\/wp-content\/uploads\/elementor\/thumbs\/Defensores-Villa-Dolores-Argentina-rei6f16caedsfqy0mbfod2c2pfwj8l0b50gtn1f208.png\" alt=\"Defensores (Villa Dolores, Argentina)\" \/><\/noscript><\/figure><\/div><div class=\"swiper-slide\" role=\"group\" aria-roledescription=\"slide\" aria-label=\"26 de 31\"><figure class=\"swiper-slide-inner\"><img decoding=\"async\" class=\"swiper-slide-image lazyload\" data-src=\"https:\/\/esquerra.com.ar\/voleibol\/wp-content\/uploads\/elementor\/thumbs\/Parque-Cordoba-rfearr1uu6yl4cwp5268apaoyn8wyl4ww1gnyg3o4o.png\" alt=\"Parque (C\u00f3rdoba)\" src=\"data:image\/gif;base64,R0lGODlhAQABAAAAACH5BAEKAAEALAAAAAABAAEAAAICTAEAOw==\" style=\"--smush-placeholder-width: 100px; --smush-placeholder-aspect-ratio: 100\/100;\" \/><noscript><img decoding=\"async\" class=\"swiper-slide-image\" src=\"https:\/\/esquerra.com.ar\/voleibol\/wp-content\/uploads\/elementor\/thumbs\/Parque-Cordoba-rfearr1uu6yl4cwp5268apaoyn8wyl4ww1gnyg3o4o.png\" alt=\"Parque (C\u00f3rdoba)\" \/><\/noscript><\/figure><\/div><div class=\"swiper-slide\" role=\"group\" aria-roledescription=\"slide\" aria-label=\"27 de 31\"><figure class=\"swiper-slide-inner\"><img decoding=\"async\" class=\"swiper-slide-image lazyload\" data-src=\"https:\/\/esquerra.com.ar\/voleibol\/wp-content\/uploads\/elementor\/thumbs\/AEP-Ushuaia-Argentina-rei6e2eb9j26i6cj9eehat40q6nybs68o8buvsumeg.png\" alt=\"AEP (Ushuaia, Argentina)\" src=\"data:image\/gif;base64,R0lGODlhAQABAAAAACH5BAEKAAEALAAAAAABAAEAAAICTAEAOw==\" style=\"--smush-placeholder-width: 100px; --smush-placeholder-aspect-ratio: 100\/100;\" \/><noscript><img decoding=\"async\" class=\"swiper-slide-image\" src=\"https:\/\/esquerra.com.ar\/voleibol\/wp-content\/uploads\/elementor\/thumbs\/AEP-Ushuaia-Argentina-rei6e2eb9j26i6cj9eehat40q6nybs68o8buvsumeg.png\" alt=\"AEP (Ushuaia, Argentina)\" \/><\/noscript><\/figure><\/div><div class=\"swiper-slide\" role=\"group\" aria-roledescription=\"slide\" aria-label=\"28 de 31\"><figure class=\"swiper-slide-inner\"><img decoding=\"async\" class=\"swiper-slide-image lazyload\" data-src=\"https:\/\/esquerra.com.ar\/voleibol\/wp-content\/uploads\/elementor\/thumbs\/Las-Flores-Cordoba-Argentina-ran7jqk0lojsin12d6e2h057v04c22etkgul4gda7c.png\" alt=\"Las Flores (C\u00f3rdoba, Argentina)\" src=\"data:image\/gif;base64,R0lGODlhAQABAAAAACH5BAEKAAEALAAAAAABAAEAAAICTAEAOw==\" style=\"--smush-placeholder-width: 100px; --smush-placeholder-aspect-ratio: 100\/100;\" \/><noscript><img decoding=\"async\" class=\"swiper-slide-image\" src=\"https:\/\/esquerra.com.ar\/voleibol\/wp-content\/uploads\/elementor\/thumbs\/Las-Flores-Cordoba-Argentina-ran7jqk0lojsin12d6e2h057v04c22etkgul4gda7c.png\" alt=\"Las Flores (C\u00f3rdoba, Argentina)\" \/><\/noscript><\/figure><\/div><div class=\"swiper-slide\" role=\"group\" aria-roledescription=\"slide\" aria-label=\"29 de 31\"><figure class=\"swiper-slide-inner\"><img decoding=\"async\" class=\"swiper-slide-image lazyload\" data-src=\"https:\/\/esquerra.com.ar\/voleibol\/wp-content\/uploads\/elementor\/thumbs\/Agraria-Colonia-Caroya-Argentina-r9yfr6d2v1tqqqp1gayk0z7oatexguj39n7wzs4dew.png\" alt=\"Agraria (Colonia Caroya, Argentina)\" src=\"data:image\/gif;base64,R0lGODlhAQABAAAAACH5BAEKAAEALAAAAAABAAEAAAICTAEAOw==\" style=\"--smush-placeholder-width: 100px; --smush-placeholder-aspect-ratio: 100\/100;\" \/><noscript><img decoding=\"async\" class=\"swiper-slide-image\" src=\"https:\/\/esquerra.com.ar\/voleibol\/wp-content\/uploads\/elementor\/thumbs\/Agraria-Colonia-Caroya-Argentina-r9yfr6d2v1tqqqp1gayk0z7oatexguj39n7wzs4dew.png\" alt=\"Agraria (Colonia Caroya, Argentina)\" \/><\/noscript><\/figure><\/div><div class=\"swiper-slide\" role=\"group\" aria-roledescription=\"slide\" aria-label=\"30 de 31\"><figure class=\"swiper-slide-inner\"><img decoding=\"async\" class=\"swiper-slide-image lazyload\" data-src=\"https:\/\/esquerra.com.ar\/voleibol\/wp-content\/uploads\/elementor\/thumbs\/Pilar-Sport-Club-rer6o2m3bfw7jt7b9jx6mwwf76z4it61p72hrnooh4.png\" alt=\"Pilar Sport Club\" src=\"data:image\/gif;base64,R0lGODlhAQABAAAAACH5BAEKAAEALAAAAAABAAEAAAICTAEAOw==\" style=\"--smush-placeholder-width: 100px; --smush-placeholder-aspect-ratio: 100\/100;\" \/><noscript><img decoding=\"async\" class=\"swiper-slide-image\" src=\"https:\/\/esquerra.com.ar\/voleibol\/wp-content\/uploads\/elementor\/thumbs\/Pilar-Sport-Club-rer6o2m3bfw7jt7b9jx6mwwf76z4it61p72hrnooh4.png\" alt=\"Pilar Sport Club\" \/><\/noscript><\/figure><\/div><div class=\"swiper-slide\" role=\"group\" aria-roledescription=\"slide\" aria-label=\"31 de 31\"><figure class=\"swiper-slide-inner\"><img decoding=\"async\" class=\"swiper-slide-image lazyload\" data-src=\"https:\/\/esquerra.com.ar\/voleibol\/wp-content\/uploads\/elementor\/thumbs\/Defensores-Frias-Argentina-rei6exezj28n5b3h89t633a8bwf2dsldshuvpxkmp4.png\" alt=\"Defensores (Frias, Argentina)\" src=\"data:image\/gif;base64,R0lGODlhAQABAAAAACH5BAEKAAEALAAAAAABAAEAAAICTAEAOw==\" style=\"--smush-placeholder-width: 100px; --smush-placeholder-aspect-ratio: 100\/100;\" \/><noscript><img decoding=\"async\" class=\"swiper-slide-image\" src=\"https:\/\/esquerra.com.ar\/voleibol\/wp-content\/uploads\/elementor\/thumbs\/Defensores-Frias-Argentina-rei6exezj28n5b3h89t633a8bwf2dsldshuvpxkmp4.png\" alt=\"Defensores (Frias, Argentina)\" \/><\/noscript><\/figure><\/div>\t\t\t<\/div>\n\t\t\t\t\t\t\t\t\t\t\t\t<div class=\"elementor-swiper-button elementor-swiper-button-prev\" role=\"button\" tabindex=\"0\">\n\t\t\t\t\t\t<svg aria-hidden=\"true\" class=\"e-font-icon-svg e-eicon-chevron-left\" viewBox=\"0 0 1000 1000\" xmlns=\"http:\/\/www.w3.org\/2000\/svg\"><path d=\"M646 125C629 125 613 133 604 142L308 442C296 454 292 471 292 487 292 504 296 521 308 533L604 854C617 867 629 875 646 875 663 875 679 871 692 858 704 846 713 829 713 812 713 796 708 779 692 767L438 487 692 225C700 217 708 204 708 187 708 171 704 154 692 142 675 129 663 125 646 125Z\"><\/path><\/svg>\t\t\t\t\t<\/div>\n\t\t\t\t\t<div class=\"elementor-swiper-button elementor-swiper-button-next\" role=\"button\" tabindex=\"0\">\n\t\t\t\t\t\t<svg aria-hidden=\"true\" class=\"e-font-icon-svg e-eicon-chevron-right\" viewBox=\"0 0 1000 1000\" xmlns=\"http:\/\/www.w3.org\/2000\/svg\"><path d=\"M696 533C708 521 713 504 713 487 713 471 708 454 696 446L400 146C388 133 375 125 354 125 338 125 325 129 313 142 300 154 292 171 292 187 292 204 296 221 308 233L563 492 304 771C292 783 288 800 288 817 288 833 296 850 308 863 321 871 338 875 354 875 371 875 388 867 400 854L696 533Z\"><\/path><\/svg>\t\t\t\t\t<\/div>\n\t\t\t\t\n\t\t\t\t\t\t\t\t\t<div class=\"swiper-pagination\"><\/div>\n\t\t\t\t\t\t\t\t\t<\/div>\n\t\t\t\t\t\t<\/div>\n\t\t\t\t<\/div>\n\t\t\t\t<\/div>\n\t\t<div class=\"elementor-element elementor-element-26f140fb e-con-full elementor-hidden-desktop elementor-hidden-tablet elementor-hidden-mobile e-flex e-con e-parent\" data-id=\"26f140fb\" data-element_type=\"container\" data-e-type=\"container\" data-settings=\"{&quot;background_background&quot;:&quot;classic&quot;}\">\n\t\t\t\t<div class=\"elementor-element elementor-element-55ebd72e elementor-widget elementor-widget-heading\" data-id=\"55ebd72e\" data-element_type=\"widget\" data-e-type=\"widget\" data-widget_type=\"heading.default\">\n\t\t\t\t<div class=\"elementor-widget-container\">\n\t\t\t\t\t<h2 class=\"elementor-heading-title elementor-size-default\">Mir\u00e1 el fixture COMPLETO o por ESTADIOS <\/h2>\t\t\t\t<\/div>\n\t\t\t\t<\/div>\n\t\t\t\t<div class=\"elementor-element elementor-element-7e871f32 elementor-widget elementor-widget-heading\" data-id=\"7e871f32\" data-element_type=\"widget\" data-e-type=\"widget\" data-widget_type=\"heading.default\">\n\t\t\t\t<div class=\"elementor-widget-container\">\n\t\t\t\t\t<h2 class=\"elementor-heading-title elementor-size-default\">\ud83d\udc47\ud83d\udc47\ud83d\udc47<\/h2>\t\t\t\t<\/div>\n\t\t\t\t<\/div>\n\t\t\t\t<div class=\"elementor-element elementor-element-2130f15f elementor-align-center elementor-widget elementor-widget-button\" data-id=\"2130f15f\" data-element_type=\"widget\" data-e-type=\"widget\" data-settings=\"{&quot;_animation&quot;:&quot;none&quot;}\" data-widget_type=\"button.default\">\n\t\t\t\t<div class=\"elementor-widget-container\">\n\t\t\t\t\t\t\t\t\t<div class=\"elementor-button-wrapper\">\n\t\t\t\t\t<a class=\"elementor-button elementor-button-link elementor-size-sm elementor-animation-push\" href=\"https:\/\/esquerra.com.ar\/voleibol\/mundialito-formativas-noviembre-2025\/partidos-por-cancha-noviembre-2025\/\">\n\t\t\t\t\t\t<span class=\"elementor-button-content-wrapper\">\n\t\t\t\t\t\t\t\t\t<span class=\"elementor-button-text\">HAC\u00c9 CLICK AC\u00c1<\/span>\n\t\t\t\t\t<\/span>\n\t\t\t\t\t<\/a>\n\t\t\t\t<\/div>\n\t\t\t\t\t\t\t\t<\/div>\n\t\t\t\t<\/div>\n\t\t\t\t<\/div>\n\t\t<div class=\"elementor-element elementor-element-3c21c22 elementor-hidden-desktop elementor-hidden-tablet elementor-hidden-mobile e-flex e-con-boxed e-con e-parent\" data-id=\"3c21c22\" data-element_type=\"container\" data-e-type=\"container\" data-settings=\"{&quot;background_background&quot;:&quot;classic&quot;}\">\n\t\t\t\t\t<div class=\"e-con-inner\">\n\t\t\t\t<div class=\"elementor-element elementor-element-53df1ab elementor-widget elementor-widget-spacer\" data-id=\"53df1ab\" data-element_type=\"widget\" data-e-type=\"widget\" data-widget_type=\"spacer.default\">\n\t\t\t\t<div class=\"elementor-widget-container\">\n\t\t\t\t\t\t\t<div class=\"elementor-spacer\">\n\t\t\t<div class=\"elementor-spacer-inner\"><\/div>\n\t\t<\/div>\n\t\t\t\t\t\t<\/div>\n\t\t\t\t<\/div>\n\t\t\t\t<div class=\"elementor-element elementor-element-6c8a3ec8 elementor-widget elementor-widget-heading\" data-id=\"6c8a3ec8\" data-element_type=\"widget\" data-e-type=\"widget\" data-widget_type=\"heading.default\">\n\t\t\t\t<div class=\"elementor-widget-container\">\n\t\t\t\t\t<h3 class=\"elementor-heading-title elementor-size-default\">TRANSMITIMOS LA JORNADA FINAL <br> COMPLETA DEL MUNDIALITO  <br> \n - DOMINGO 30 DE NOVIEMBRE -\n<\/h3>\t\t\t\t<\/div>\n\t\t\t\t<\/div>\n\t\t\t\t<div class=\"elementor-element elementor-element-595827c7 elementor-align-center elementor-mobile-align-center elementor-invisible elementor-widget elementor-widget-button\" data-id=\"595827c7\" data-element_type=\"widget\" data-e-type=\"widget\" data-settings=\"{&quot;_animation&quot;:&quot;bounceIn&quot;}\" data-widget_type=\"button.default\">\n\t\t\t\t<div class=\"elementor-widget-container\">\n\t\t\t\t\t\t\t\t\t<div class=\"elementor-button-wrapper\">\n\t\t\t\t\t<a class=\"elementor-button elementor-button-link elementor-size-sm elementor-animation-push\" href=\"https:\/\/esquerra.com.ar\/voleibol\/wp-content\/uploads\/2025\/11\/Mundialito-Voley-2025-JORNADA-FINAL.pdf\">\n\t\t\t\t\t\t<span class=\"elementor-button-content-wrapper\">\n\t\t\t\t\t\t<span class=\"elementor-button-icon\">\n\t\t\t\t<svg aria-hidden=\"true\" class=\"e-font-icon-svg e-fas-arrow-alt-circle-right\" viewBox=\"0 0 512 512\" xmlns=\"http:\/\/www.w3.org\/2000\/svg\"><path d=\"M256 8c137 0 248 111 248 248S393 504 256 504 8 393 8 256 119 8 256 8zM140 300h116v70.9c0 10.7 13 16.1 20.5 8.5l114.3-114.9c4.7-4.7 4.7-12.2 0-16.9l-114.3-115c-7.6-7.6-20.5-2.2-20.5 8.5V212H140c-6.6 0-12 5.4-12 12v64c0 6.6 5.4 12 12 12z\"><\/path><\/svg>\t\t\t<\/span>\n\t\t\t\t\t\t\t\t\t<span class=\"elementor-button-text\">DESCARG\u00c1 LA GUIA OFICIAL<\/span>\n\t\t\t\t\t<\/span>\n\t\t\t\t\t<\/a>\n\t\t\t\t<\/div>\n\t\t\t\t\t\t\t\t<\/div>\n\t\t\t\t<\/div>\n\t\t\t\t\t<\/div>\n\t\t\t\t<\/div>\n\t\t<div class=\"elementor-element elementor-element-32e26c6c e-flex e-con-boxed e-con e-parent\" data-id=\"32e26c6c\" data-element_type=\"container\" data-e-type=\"container\">\n\t\t\t\t\t<div class=\"e-con-inner\">\n\t\t<div class=\"elementor-element elementor-element-16f8a1be e-con-full e-flex e-con e-child\" data-id=\"16f8a1be\" data-element_type=\"container\" data-e-type=\"container\">\n\t\t\t\t<div class=\"elementor-element elementor-element-4874131f content-align--mobilecta-center content-align-cta-center elementor-widget elementor-widget-eael-cta-box\" data-id=\"4874131f\" data-element_type=\"widget\" data-e-type=\"widget\" data-settings=\"{&quot;_animation&quot;:&quot;none&quot;}\" data-widget_type=\"eael-cta-box.default\">\n\t\t\t\t<div class=\"elementor-widget-container\">\n\t\t\t\t\t\t\t<div class=\"eael-call-to-action cta-basic bg-img cta-preset-1\">\n        <h2 class=\"title eael-cta-heading\">U12 FEMENINO<\/h2><a href=\"https:\/\/esquerra.com.ar\/voleibol\/mundialito-formativas-noviembre-2025\/u12f-noviembre-2025\/\" class=\"cta-button cta-preset-1  \">ver mas<\/a>\t<\/div>\n\t\t\t\t\t\t\t\t<\/div>\n\t\t\t\t<\/div>\n\t\t\t\t<div class=\"elementor-element elementor-element-37cffef content-align--mobilecta-center content-align-cta-center elementor-widget elementor-widget-eael-cta-box\" data-id=\"37cffef\" data-element_type=\"widget\" data-e-type=\"widget\" data-settings=\"{&quot;_animation&quot;:&quot;none&quot;}\" data-widget_type=\"eael-cta-box.default\">\n\t\t\t\t<div class=\"elementor-widget-container\">\n\t\t\t\t\t\t\t<div class=\"eael-call-to-action cta-basic bg-img cta-preset-1\">\n        <h2 class=\"title eael-cta-heading\">U14 FEMENINO<\/h2><a href=\"https:\/\/esquerra.com.ar\/voleibol\/mundialito-formativas-noviembre-2025\/u14f-noviembre-2025\/\" class=\"cta-button cta-preset-1  \">ver mas<\/a>\t<\/div>\n\t\t\t\t\t\t\t\t<\/div>\n\t\t\t\t<\/div>\n\t\t\t\t<div class=\"elementor-element elementor-element-52864780 content-align--mobilecta-center content-align-cta-center elementor-widget elementor-widget-eael-cta-box\" data-id=\"52864780\" data-element_type=\"widget\" data-e-type=\"widget\" data-settings=\"{&quot;_animation&quot;:&quot;none&quot;}\" data-widget_type=\"eael-cta-box.default\">\n\t\t\t\t<div class=\"elementor-widget-container\">\n\t\t\t\t\t\t\t<div class=\"eael-call-to-action cta-basic bg-img cta-preset-1\">\n        <h2 class=\"title eael-cta-heading\">U16 FEMENINO<\/h2><a href=\"https:\/\/esquerra.com.ar\/voleibol\/mundialito-formativas-noviembre-2025\/u16f-noviembre-2025\/\" class=\"cta-button cta-preset-1  \">ver mas<\/a>\t<\/div>\n\t\t\t\t\t\t\t\t<\/div>\n\t\t\t\t<\/div>\n\t\t\t\t<\/div>\n\t\t<div class=\"elementor-element elementor-element-403b4eb0 e-con-full e-flex e-con e-child\" data-id=\"403b4eb0\" data-element_type=\"container\" data-e-type=\"container\">\n\t\t\t\t<div class=\"elementor-element elementor-element-3469179a content-align--mobilecta-center content-align-cta-center elementor-widget elementor-widget-eael-cta-box\" data-id=\"3469179a\" data-element_type=\"widget\" data-e-type=\"widget\" data-widget_type=\"eael-cta-box.default\">\n\t\t\t\t<div class=\"elementor-widget-container\">\n\t\t\t\t\t\t\t<div class=\"eael-call-to-action cta-basic bg-img cta-preset-1\">\n        <h2 class=\"title eael-cta-heading\">U18 FEMENINO<\/h2><a href=\"https:\/\/esquerra.com.ar\/voleibol\/mundialito-formativas-noviembre-2025\/u18f-noviembre-2025\/\" class=\"cta-button cta-preset-1  \">ver mas<\/a>\t<\/div>\n\t\t\t\t\t\t\t\t<\/div>\n\t\t\t\t<\/div>\n\t\t\t\t<div class=\"elementor-element elementor-element-fc18752 content-align--mobilecta-center content-align-cta-center elementor-widget elementor-widget-eael-cta-box\" data-id=\"fc18752\" data-element_type=\"widget\" data-e-type=\"widget\" data-widget_type=\"eael-cta-box.default\">\n\t\t\t\t<div class=\"elementor-widget-container\">\n\t\t\t\t\t\t\t<div class=\"eael-call-to-action cta-basic bg-img cta-preset-1\">\n        <h2 class=\"title eael-cta-heading\">U12 MASCULINO<\/h2><a href=\"https:\/\/esquerra.com.ar\/voleibol\/mundialito-formativas-noviembre-2025\/u12m-noviembre-2025\/\" class=\"cta-button cta-preset-1  \">ver mas<\/a>\t<\/div>\n\t\t\t\t\t\t\t\t<\/div>\n\t\t\t\t<\/div>\n\t\t\t\t<div class=\"elementor-element elementor-element-42f8d7d content-align--mobilecta-center content-align-cta-center elementor-widget elementor-widget-eael-cta-box\" data-id=\"42f8d7d\" data-element_type=\"widget\" data-e-type=\"widget\" data-widget_type=\"eael-cta-box.default\">\n\t\t\t\t<div class=\"elementor-widget-container\">\n\t\t\t\t\t\t\t<div class=\"eael-call-to-action cta-basic bg-img cta-preset-1\">\n        <h2 class=\"title eael-cta-heading\">U14 MASCULINO<\/h2><a href=\"https:\/\/esquerra.com.ar\/voleibol\/mundialito-formativas-noviembre-2025\/u14m-noviembre-2025\/\" class=\"cta-button cta-preset-1  \">ver mas<\/a>\t<\/div>\n\t\t\t\t\t\t\t\t<\/div>\n\t\t\t\t<\/div>\n\t\t\t\t<div class=\"elementor-element elementor-element-4a03715 content-align--mobilecta-center content-align-cta-center elementor-widget elementor-widget-eael-cta-box\" data-id=\"4a03715\" data-element_type=\"widget\" data-e-type=\"widget\" data-widget_type=\"eael-cta-box.default\">\n\t\t\t\t<div class=\"elementor-widget-container\">\n\t\t\t\t\t\t\t<div class=\"eael-call-to-action cta-basic bg-img cta-preset-1\">\n        <h2 class=\"title eael-cta-heading\">U16 MASCULINO<\/h2><a href=\"https:\/\/esquerra.com.ar\/voleibol\/mundialito-formativas-noviembre-2025\/u16m-noviembre-2025\/\" class=\"cta-button cta-preset-1  \">ver mas<\/a>\t<\/div>\n\t\t\t\t\t\t\t\t<\/div>\n\t\t\t\t<\/div>\n\t\t\t\t<div class=\"elementor-element elementor-element-dd30845 content-align--mobilecta-center content-align-cta-center elementor-widget elementor-widget-eael-cta-box\" data-id=\"dd30845\" data-element_type=\"widget\" data-e-type=\"widget\" data-widget_type=\"eael-cta-box.default\">\n\t\t\t\t<div class=\"elementor-widget-container\">\n\t\t\t\t\t\t\t<div class=\"eael-call-to-action cta-basic bg-img cta-preset-1\">\n        <h2 class=\"title eael-cta-heading\">U18 MASCULINO<\/h2><a href=\"https:\/\/esquerra.com.ar\/voleibol\/mundialito-formativas-noviembre-2025\/u18m-noviembre-2025\/\" class=\"cta-button cta-preset-1  \">ver mas<\/a>\t<\/div>\n\t\t\t\t\t\t\t\t<\/div>\n\t\t\t\t<\/div>\n\t\t\t\t<\/div>\n\t\t\t\t\t<\/div>\n\t\t\t\t<\/div>\n\t\t<div class=\"elementor-element elementor-element-2e3d3a8e e-con-full e-flex e-con e-child\" data-id=\"2e3d3a8e\" data-element_type=\"container\" data-e-type=\"container\">\n\t\t\t\t<div class=\"elementor-element elementor-element-1ce74d52 elementor-invisible elementor-widget elementor-widget-heading\" data-id=\"1ce74d52\" data-element_type=\"widget\" data-e-type=\"widget\" data-settings=\"{&quot;_animation&quot;:&quot;bounceIn&quot;,&quot;_animation_mobile&quot;:&quot;bounceIn&quot;}\" data-widget_type=\"heading.default\">\n\t\t\t\t<div class=\"elementor-widget-container\">\n\t\t\t\t\t<h3 class=\"elementor-heading-title elementor-size-default\">Mir\u00e1 las FINALES por YouTube <img decoding=\"async\" role=\"img\" class=\"emoji lazyload\" alt=\"\ud83d\udc47\" data-src=\"https:\/\/s.w.org\/images\/core\/emoji\/16.0.1\/svg\/1f447.svg\" src=\"data:image\/gif;base64,R0lGODlhAQABAAAAACH5BAEKAAEALAAAAAABAAEAAAICTAEAOw==\"><noscript><img decoding=\"async\" role=\"img\" class=\"emoji\" alt=\"\ud83d\udc47\" src=\"https:\/\/s.w.org\/images\/core\/emoji\/16.0.1\/svg\/1f447.svg\"><\/noscript><\/h3>\t\t\t\t<\/div>\n\t\t\t\t<\/div>\n\t\t\t\t<\/div>\n\t\t<div class=\"elementor-element elementor-element-3379bc3 elementor-hidden-desktop elementor-hidden-tablet elementor-hidden-mobile e-flex e-con-boxed e-con e-parent\" data-id=\"3379bc3\" data-element_type=\"container\" data-e-type=\"container\" data-settings=\"{&quot;background_background&quot;:&quot;classic&quot;}\">\n\t\t\t\t\t<div class=\"e-con-inner\">\n\t\t\t\t<div class=\"elementor-element elementor-element-3c5afa6 elementor-widget elementor-widget-spacer\" data-id=\"3c5afa6\" data-element_type=\"widget\" data-e-type=\"widget\" data-widget_type=\"spacer.default\">\n\t\t\t\t<div class=\"elementor-widget-container\">\n\t\t\t\t\t\t\t<div class=\"elementor-spacer\">\n\t\t\t<div class=\"elementor-spacer-inner\"><\/div>\n\t\t<\/div>\n\t\t\t\t\t\t<\/div>\n\t\t\t\t<\/div>\n\t\t\t\t<div class=\"elementor-element elementor-element-f1c639f elementor-widget elementor-widget-heading\" data-id=\"f1c639f\" data-element_type=\"widget\" data-e-type=\"widget\" data-widget_type=\"heading.default\">\n\t\t\t\t<div class=\"elementor-widget-container\">\n\t\t\t\t\t<h3 class=\"elementor-heading-title elementor-size-default\">TRANSMITIMOS LA JORNADA FINAL <br> COMPLETA DEL MUNDIALITO  <br> \n- DOMINGO 30 DE NOVIEMBRE -\n<\/h3>\t\t\t\t<\/div>\n\t\t\t\t<\/div>\n\t\t\t\t<div class=\"elementor-element elementor-element-9853eca elementor-align-center elementor-mobile-align-center elementor-invisible elementor-widget elementor-widget-button\" data-id=\"9853eca\" data-element_type=\"widget\" data-e-type=\"widget\" data-settings=\"{&quot;_animation&quot;:&quot;bounceIn&quot;}\" data-widget_type=\"button.default\">\n\t\t\t\t<div class=\"elementor-widget-container\">\n\t\t\t\t\t\t\t\t\t<div class=\"elementor-button-wrapper\">\n\t\t\t\t\t<a class=\"elementor-button elementor-button-link elementor-size-sm elementor-animation-push\" href=\"https:\/\/esquerra.com.ar\/voleibol\/wp-content\/uploads\/2025\/11\/Mundialito-Voley-2025-JORNADA-FINAL.pdf\">\n\t\t\t\t\t\t<span class=\"elementor-button-content-wrapper\">\n\t\t\t\t\t\t<span class=\"elementor-button-icon\">\n\t\t\t\t<svg aria-hidden=\"true\" class=\"e-font-icon-svg e-fas-arrow-alt-circle-right\" viewBox=\"0 0 512 512\" xmlns=\"http:\/\/www.w3.org\/2000\/svg\"><path d=\"M256 8c137 0 248 111 248 248S393 504 256 504 8 393 8 256 119 8 256 8zM140 300h116v70.9c0 10.7 13 16.1 20.5 8.5l114.3-114.9c4.7-4.7 4.7-12.2 0-16.9l-114.3-115c-7.6-7.6-20.5-2.2-20.5 8.5V212H140c-6.6 0-12 5.4-12 12v64c0 6.6 5.4 12 12 12z\"><\/path><\/svg>\t\t\t<\/span>\n\t\t\t\t\t\t\t\t\t<span class=\"elementor-button-text\">DESCARG\u00c1 LA GUIA OFICIAL<\/span>\n\t\t\t\t\t<\/span>\n\t\t\t\t\t<\/a>\n\t\t\t\t<\/div>\n\t\t\t\t\t\t\t\t<\/div>\n\t\t\t\t<\/div>\n\t\t\t\t\t<\/div>\n\t\t\t\t<\/div>\n\t\t<div class=\"elementor-element elementor-element-2dfe0070 e-grid e-con-boxed e-con e-parent\" data-id=\"2dfe0070\" data-element_type=\"container\" data-e-type=\"container\">\n\t\t\t\t\t<div class=\"e-con-inner\">\n\t\t\t\t<div class=\"elementor-element elementor-element-7e0791e4 elementor-widget elementor-widget-video\" data-id=\"7e0791e4\" data-element_type=\"widget\" data-e-type=\"widget\" data-settings=\"{&quot;youtube_url&quot;:&quot;https:\\\/\\\/youtu.be\\\/hpgXQoiHTDc&quot;,&quot;video_type&quot;:&quot;youtube&quot;,&quot;controls&quot;:&quot;yes&quot;}\" data-widget_type=\"video.default\">\n\t\t\t\t<div class=\"elementor-widget-container\">\n\t\t\t\t\t\t\t<div class=\"elementor-wrapper elementor-open-inline\">\n\t\t\t<div class=\"elementor-video\"><\/div>\t\t<\/div>\n\t\t\t\t\t\t<\/div>\n\t\t\t\t<\/div>\n\t\t\t\t<div class=\"elementor-element elementor-element-3cea6945 elementor-widget elementor-widget-video\" data-id=\"3cea6945\" data-element_type=\"widget\" data-e-type=\"widget\" data-settings=\"{&quot;youtube_url&quot;:&quot;https:\\\/\\\/youtu.be\\\/W4_NRlJkAm8&quot;,&quot;video_type&quot;:&quot;youtube&quot;,&quot;controls&quot;:&quot;yes&quot;}\" data-widget_type=\"video.default\">\n\t\t\t\t<div class=\"elementor-widget-container\">\n\t\t\t\t\t\t\t<div class=\"elementor-wrapper elementor-open-inline\">\n\t\t\t<div class=\"elementor-video\"><\/div>\t\t<\/div>\n\t\t\t\t\t\t<\/div>\n\t\t\t\t<\/div>\n\t\t\t\t<div class=\"elementor-element elementor-element-9995b5d elementor-widget elementor-widget-video\" data-id=\"9995b5d\" data-element_type=\"widget\" data-e-type=\"widget\" data-settings=\"{&quot;youtube_url&quot;:&quot;https:\\\/\\\/youtu.be\\\/hJlm8kvI_BA&quot;,&quot;video_type&quot;:&quot;youtube&quot;,&quot;controls&quot;:&quot;yes&quot;}\" data-widget_type=\"video.default\">\n\t\t\t\t<div class=\"elementor-widget-container\">\n\t\t\t\t\t\t\t<div class=\"elementor-wrapper elementor-open-inline\">\n\t\t\t<div class=\"elementor-video\"><\/div>\t\t<\/div>\n\t\t\t\t\t\t<\/div>\n\t\t\t\t<\/div>\n\t\t\t\t<div class=\"elementor-element elementor-element-77e38d8f elementor-widget elementor-widget-video\" data-id=\"77e38d8f\" data-element_type=\"widget\" data-e-type=\"widget\" data-settings=\"{&quot;youtube_url&quot;:&quot;https:\\\/\\\/www.youtube.com\\\/live\\\/9AfTNs3orQw?si=bNnkSnwOslyo3jlZ&quot;,&quot;show_image_overlay&quot;:&quot;yes&quot;,&quot;image_overlay&quot;:{&quot;url&quot;:&quot;https:\\\/\\\/esquerra.com.ar\\\/voleibol\\\/wp-content\\\/uploads\\\/2025\\\/12\\\/U12M_Final_Lihuen-vs-PCP.jpg&quot;,&quot;id&quot;:2630,&quot;size&quot;:&quot;&quot;,&quot;alt&quot;:&quot;&quot;,&quot;source&quot;:&quot;library&quot;},&quot;video_type&quot;:&quot;youtube&quot;,&quot;controls&quot;:&quot;yes&quot;}\" data-widget_type=\"video.default\">\n\t\t\t\t<div class=\"elementor-widget-container\">\n\t\t\t\t\t\t\t<div class=\"elementor-wrapper elementor-open-inline\">\n\t\t\t<div class=\"elementor-video\"><\/div>\t\t\t\t<div class=\"elementor-custom-embed-image-overlay lazyload\" style=\"background-image:inherit;\" data-bg-image=\"url(https:\/\/esquerra.com.ar\/voleibol\/wp-content\/uploads\/2025\/12\/U12M_Final_Lihuen-vs-PCP.jpg)\">\n\t\t\t\t\t\t\t\t\t\t\t\t\t\t\t\t<div class=\"elementor-custom-embed-play\" role=\"button\" aria-label=\"Reproducir v\u00eddeo\" tabindex=\"0\">\n\t\t\t\t\t\t\t<svg aria-hidden=\"true\" class=\"e-font-icon-svg e-eicon-play\" viewBox=\"0 0 1000 1000\" xmlns=\"http:\/\/www.w3.org\/2000\/svg\"><path d=\"M838 162C746 71 633 25 500 25 371 25 258 71 163 162 71 254 25 367 25 500 25 633 71 746 163 837 254 929 367 979 500 979 633 979 746 933 838 837 929 746 975 633 975 500 975 367 929 254 838 162M808 192C892 279 933 379 933 500 933 621 892 725 808 808 725 892 621 938 500 938 379 938 279 896 196 808 113 725 67 621 67 500 67 379 108 279 196 192 279 108 383 62 500 62 621 62 721 108 808 192M438 392V642L642 517 438 392Z\"><\/path><\/svg>\t\t\t\t\t\t<\/div>\n\t\t\t\t\t\t\t\t\t<\/div>\n\t\t\t\t\t<\/div>\n\t\t\t\t\t\t<\/div>\n\t\t\t\t<\/div>\n\t\t\t\t<div class=\"elementor-element elementor-element-28c0c639 elementor-widget elementor-widget-video\" data-id=\"28c0c639\" data-element_type=\"widget\" data-e-type=\"widget\" data-settings=\"{&quot;youtube_url&quot;:&quot;https:\\\/\\\/www.youtube.com\\\/watch?v=EeL7L6LWIe8&quot;,&quot;show_image_overlay&quot;:&quot;yes&quot;,&quot;image_overlay&quot;:{&quot;url&quot;:&quot;https:\\\/\\\/esquerra.com.ar\\\/voleibol\\\/wp-content\\\/uploads\\\/2025\\\/12\\\/U14F_FINAL-ORO_Americano-vs-CEBNAC.jpg&quot;,&quot;id&quot;:2631,&quot;size&quot;:&quot;&quot;,&quot;alt&quot;:&quot;&quot;,&quot;source&quot;:&quot;library&quot;},&quot;video_type&quot;:&quot;youtube&quot;,&quot;controls&quot;:&quot;yes&quot;}\" data-widget_type=\"video.default\">\n\t\t\t\t<div class=\"elementor-widget-container\">\n\t\t\t\t\t\t\t<div class=\"elementor-wrapper elementor-open-inline\">\n\t\t\t<div class=\"elementor-video\"><\/div>\t\t\t\t<div class=\"elementor-custom-embed-image-overlay lazyload\" style=\"background-image:inherit;\" data-bg-image=\"url(https:\/\/esquerra.com.ar\/voleibol\/wp-content\/uploads\/2025\/12\/U14F_FINAL-ORO_Americano-vs-CEBNAC.jpg)\">\n\t\t\t\t\t\t\t\t\t\t\t\t\t\t\t\t<div class=\"elementor-custom-embed-play\" role=\"button\" aria-label=\"Reproducir v\u00eddeo\" tabindex=\"0\">\n\t\t\t\t\t\t\t<svg aria-hidden=\"true\" class=\"e-font-icon-svg e-eicon-play\" viewBox=\"0 0 1000 1000\" xmlns=\"http:\/\/www.w3.org\/2000\/svg\"><path d=\"M838 162C746 71 633 25 500 25 371 25 258 71 163 162 71 254 25 367 25 500 25 633 71 746 163 837 254 929 367 979 500 979 633 979 746 933 838 837 929 746 975 633 975 500 975 367 929 254 838 162M808 192C892 279 933 379 933 500 933 621 892 725 808 808 725 892 621 938 500 938 379 938 279 896 196 808 113 725 67 621 67 500 67 379 108 279 196 192 279 108 383 62 500 62 621 62 721 108 808 192M438 392V642L642 517 438 392Z\"><\/path><\/svg>\t\t\t\t\t\t<\/div>\n\t\t\t\t\t\t\t\t\t<\/div>\n\t\t\t\t\t<\/div>\n\t\t\t\t\t\t<\/div>\n\t\t\t\t<\/div>\n\t\t\t\t<div class=\"elementor-element elementor-element-4436baf4 elementor-widget elementor-widget-video\" data-id=\"4436baf4\" data-element_type=\"widget\" data-e-type=\"widget\" data-settings=\"{&quot;youtube_url&quot;:&quot;https:\\\/\\\/www.youtube.com\\\/watch?v=2MskZf6oQgU&quot;,&quot;show_image_overlay&quot;:&quot;yes&quot;,&quot;image_overlay&quot;:{&quot;url&quot;:&quot;https:\\\/\\\/esquerra.com.ar\\\/voleibol\\\/wp-content\\\/uploads\\\/2025\\\/12\\\/U18F_FINAL-ORO_Alfebracross-vs-Poeta.jpg&quot;,&quot;id&quot;:2632,&quot;size&quot;:&quot;&quot;,&quot;alt&quot;:&quot;&quot;,&quot;source&quot;:&quot;library&quot;},&quot;video_type&quot;:&quot;youtube&quot;,&quot;controls&quot;:&quot;yes&quot;}\" data-widget_type=\"video.default\">\n\t\t\t\t<div class=\"elementor-widget-container\">\n\t\t\t\t\t\t\t<div class=\"elementor-wrapper elementor-open-inline\">\n\t\t\t<div class=\"elementor-video\"><\/div>\t\t\t\t<div class=\"elementor-custom-embed-image-overlay lazyload\" style=\"background-image:inherit;\" data-bg-image=\"url(https:\/\/esquerra.com.ar\/voleibol\/wp-content\/uploads\/2025\/12\/U18F_FINAL-ORO_Alfebracross-vs-Poeta.jpg)\">\n\t\t\t\t\t\t\t\t\t\t\t\t\t\t\t\t<div class=\"elementor-custom-embed-play\" role=\"button\" aria-label=\"Reproducir v\u00eddeo\" tabindex=\"0\">\n\t\t\t\t\t\t\t<svg aria-hidden=\"true\" class=\"e-font-icon-svg e-eicon-play\" viewBox=\"0 0 1000 1000\" xmlns=\"http:\/\/www.w3.org\/2000\/svg\"><path d=\"M838 162C746 71 633 25 500 25 371 25 258 71 163 162 71 254 25 367 25 500 25 633 71 746 163 837 254 929 367 979 500 979 633 979 746 933 838 837 929 746 975 633 975 500 975 367 929 254 838 162M808 192C892 279 933 379 933 500 933 621 892 725 808 808 725 892 621 938 500 938 379 938 279 896 196 808 113 725 67 621 67 500 67 379 108 279 196 192 279 108 383 62 500 62 621 62 721 108 808 192M438 392V642L642 517 438 392Z\"><\/path><\/svg>\t\t\t\t\t\t<\/div>\n\t\t\t\t\t\t\t\t\t<\/div>\n\t\t\t\t\t<\/div>\n\t\t\t\t\t\t<\/div>\n\t\t\t\t<\/div>\n\t\t\t\t\t<\/div>\n\t\t\t\t<\/div>\n\t\t<div class=\"elementor-element elementor-element-1ddc6bb7 e-flex e-con-boxed e-con e-parent\" data-id=\"1ddc6bb7\" data-element_type=\"container\" data-e-type=\"container\" data-settings=\"{&quot;background_background&quot;:&quot;classic&quot;}\">\n\t\t\t\t\t<div class=\"e-con-inner\">\n\t\t\t\t<div class=\"elementor-element elementor-element-2d3368e elementor-widget elementor-widget-heading\" data-id=\"2d3368e\" data-element_type=\"widget\" data-e-type=\"widget\" data-widget_type=\"heading.default\">\n\t\t\t\t<div class=\"elementor-widget-container\">\n\t\t\t\t\t<h2 class=\"elementor-heading-title elementor-size-default\">TODAS LAS FOTOS DEL MUNDIALITO<\/h2>\t\t\t\t<\/div>\n\t\t\t\t<\/div>\n\t\t\t\t<div class=\"elementor-element elementor-element-3e6bdc0 elementor-widget elementor-widget-heading\" data-id=\"3e6bdc0\" data-element_type=\"widget\" data-e-type=\"widget\" data-widget_type=\"heading.default\">\n\t\t\t\t<div class=\"elementor-widget-container\">\n\t\t\t\t\t<h2 class=\"elementor-heading-title elementor-size-default\">\ud83d\udc47\ud83d\udc47\ud83d\udc47<\/h2>\t\t\t\t<\/div>\n\t\t\t\t<\/div>\n\t\t\t\t<div class=\"elementor-element elementor-element-25296db0 elementor-align-center elementor-widget elementor-widget-button\" data-id=\"25296db0\" data-element_type=\"widget\" data-e-type=\"widget\" data-settings=\"{&quot;_animation&quot;:&quot;none&quot;}\" data-widget_type=\"button.default\">\n\t\t\t\t<div class=\"elementor-widget-container\">\n\t\t\t\t\t\t\t\t\t<div class=\"elementor-button-wrapper\">\n\t\t\t\t\t<a class=\"elementor-button elementor-button-link elementor-size-sm elementor-animation-push\" href=\"https:\/\/drive.google.com\/drive\/folders\/1gymvaj2v1urXfqXNclukQSUkPF2St7LV?usp=sharing\" target=\"_blank\" rel=\"noopener\">\n\t\t\t\t\t\t<span class=\"elementor-button-content-wrapper\">\n\t\t\t\t\t\t\t\t\t<span class=\"elementor-button-text\">HAC\u00c9 CLICK AC\u00c1<\/span>\n\t\t\t\t\t<\/span>\n\t\t\t\t\t<\/a>\n\t\t\t\t<\/div>\n\t\t\t\t\t\t\t\t<\/div>\n\t\t\t\t<\/div>\n\t\t\t\t\t<\/div>\n\t\t\t\t<\/div>\n\t\t<div class=\"elementor-element elementor-element-7f03c28b e-con-full e-flex e-con e-child\" data-id=\"7f03c28b\" data-element_type=\"container\" data-e-type=\"container\">\n\t\t\t\t<div class=\"elementor-element elementor-element-4ec7acf4 elementor-invisible elementor-widget elementor-widget-heading\" data-id=\"4ec7acf4\" data-element_type=\"widget\" data-e-type=\"widget\" data-settings=\"{&quot;_animation&quot;:&quot;bounceIn&quot;,&quot;_animation_mobile&quot;:&quot;bounceIn&quot;}\" data-widget_type=\"heading.default\">\n\t\t\t\t<div class=\"elementor-widget-container\">\n\t\t\t\t\t<h3 class=\"elementor-heading-title elementor-size-default\">Toda la cobertura period\u00edstica del Mundialito <img decoding=\"async\" role=\"img\" class=\"emoji lazyload\" alt=\"\ud83d\udc47\" data-src=\"https:\/\/s.w.org\/images\/core\/emoji\/15.0.3\/svg\/1f447.svg\" src=\"data:image\/gif;base64,R0lGODlhAQABAAAAACH5BAEKAAEALAAAAAABAAEAAAICTAEAOw==\"><noscript><img decoding=\"async\" role=\"img\" class=\"emoji\" alt=\"\ud83d\udc47\" src=\"https:\/\/s.w.org\/images\/core\/emoji\/15.0.3\/svg\/1f447.svg\"><\/noscript><\/h3>\t\t\t\t<\/div>\n\t\t\t\t<\/div>\n\t\t\t\t<\/div>\n\t\t<div class=\"elementor-element elementor-element-30b52d97 e-flex e-con-boxed e-con e-parent\" data-id=\"30b52d97\" data-element_type=\"container\" data-e-type=\"container\" data-settings=\"{&quot;background_background&quot;:&quot;classic&quot;}\">\n\t\t\t\t\t<div class=\"e-con-inner\">\n\t\t\t\t<div class=\"elementor-element elementor-element-b2b1c99 elementor-widget elementor-widget-spacer\" data-id=\"b2b1c99\" data-element_type=\"widget\" data-e-type=\"widget\" data-widget_type=\"spacer.default\">\n\t\t\t\t<div class=\"elementor-widget-container\">\n\t\t\t\t\t\t\t<div class=\"elementor-spacer\">\n\t\t\t<div class=\"elementor-spacer-inner\"><\/div>\n\t\t<\/div>\n\t\t\t\t\t\t<\/div>\n\t\t\t\t<\/div>\n\t\t\t\t<div class=\"elementor-element elementor-element-4ac06992 elementor-widget elementor-widget-heading\" data-id=\"4ac06992\" data-element_type=\"widget\" data-e-type=\"widget\" data-widget_type=\"heading.default\">\n\t\t\t\t<div class=\"elementor-widget-container\">\n\t\t\t\t\t<h3 class=\"elementor-heading-title elementor-size-default\">LEE TODAS LAS NOTICIAS<br>DEL MUNDIALITO<\/h3>\t\t\t\t<\/div>\n\t\t\t\t<\/div>\n\t\t\t\t<div class=\"elementor-element elementor-element-167bae53 elementor-widget elementor-widget-button\" data-id=\"167bae53\" data-element_type=\"widget\" data-e-type=\"widget\" data-widget_type=\"button.default\">\n\t\t\t\t<div class=\"elementor-widget-container\">\n\t\t\t\t\t\t\t\t\t<div class=\"elementor-button-wrapper\">\n\t\t\t\t\t<a class=\"elementor-button elementor-button-link elementor-size-sm\" href=\"https:\/\/esquerra.com.ar\/voleibol\/mundialito-formativas-noviembre-2024\/noticias-mundialito-noviembre-2024\/\">\n\t\t\t\t\t\t<span class=\"elementor-button-content-wrapper\">\n\t\t\t\t\t\t<span class=\"elementor-button-icon\">\n\t\t\t\t<svg aria-hidden=\"true\" class=\"e-font-icon-svg e-fas-arrow-alt-circle-right\" viewBox=\"0 0 512 512\" xmlns=\"http:\/\/www.w3.org\/2000\/svg\"><path d=\"M256 8c137 0 248 111 248 248S393 504 256 504 8 393 8 256 119 8 256 8zM140 300h116v70.9c0 10.7 13 16.1 20.5 8.5l114.3-114.9c4.7-4.7 4.7-12.2 0-16.9l-114.3-115c-7.6-7.6-20.5-2.2-20.5 8.5V212H140c-6.6 0-12 5.4-12 12v64c0 6.6 5.4 12 12 12z\"><\/path><\/svg>\t\t\t<\/span>\n\t\t\t\t\t\t\t\t\t<span class=\"elementor-button-text\">INGRESA AQU\u00cd<\/span>\n\t\t\t\t\t<\/span>\n\t\t\t\t\t<\/a>\n\t\t\t\t<\/div>\n\t\t\t\t\t\t\t\t<\/div>\n\t\t\t\t<\/div>\n\t\t\t\t\t<\/div>\n\t\t\t\t<\/div>\n\t\t\t\t<\/div>\n\t\t","protected":false},"excerpt":{"rendered":"<p>MUNDIALITO FORMATIVAS 28, 29 y 30 NOVIEMBRE 2025 MUNDIALITO FORMATIVAS 28, 29 y 30 NOVIEMBRE 2025 EQUIPOS QUE PARTICIPARON Mir\u00e1 el fixture COMPLETO o por ESTADIOS \ud83d\udc47\ud83d\udc47\ud83d\udc47 HAC\u00c9 CLICK AC\u00c1 TRANSMITIMOS LA JORNADA FINAL COMPLETA DEL MUNDIALITO &#8211; DOMINGO 30 DE NOVIEMBRE &#8211; DESCARG\u00c1 LA GUIA OFICIAL U12 FEMENINO ver mas U14 FEMENINO ver mas&hellip;&nbsp;<a href=\"https:\/\/esquerra.com.ar\/voleibol\/mundialito-formativas-noviembre-2025\/\" rel=\"bookmark\">Leer m\u00e1s &raquo;<span class=\"screen-reader-text\">Mundialito Formativas Noviembre 2025<\/span><\/a><\/p>\n","protected":false},"author":2,"featured_media":1489,"parent":0,"menu_order":0,"comment_status":"closed","ping_status":"closed","template":"page-templates\/template-pagebuilder-full-width.php","meta":{"_coblocks_attr":"","_coblocks_dimensions":"","_coblocks_responsive_height":"","_coblocks_accordion_ie_support":"","neve_meta_sidebar":"","neve_meta_container":"","neve_meta_enable_content_width":"","neve_meta_content_width":0,"neve_meta_title_alignment":"","neve_meta_author_avatar":"","neve_post_elements_order":"","neve_meta_disable_header":"","neve_meta_disable_footer":"","neve_meta_disable_title":"","footnotes":""},"class_list":["post-1883","page","type-page","status-publish","has-post-thumbnail","hentry"],"_links":{"self":[{"href":"https:\/\/esquerra.com.ar\/voleibol\/wp-json\/wp\/v2\/pages\/1883","targetHints":{"allow":["GET"]}}],"collection":[{"href":"https:\/\/esquerra.com.ar\/voleibol\/wp-json\/wp\/v2\/pages"}],"about":[{"href":"https:\/\/esquerra.com.ar\/voleibol\/wp-json\/wp\/v2\/types\/page"}],"author":[{"embeddable":true,"href":"https:\/\/esquerra.com.ar\/voleibol\/wp-json\/wp\/v2\/users\/2"}],"replies":[{"embeddable":true,"href":"https:\/\/esquerra.com.ar\/voleibol\/wp-json\/wp\/v2\/comments?post=1883"}],"version-history":[{"count":53,"href":"https:\/\/esquerra.com.ar\/voleibol\/wp-json\/wp\/v2\/pages\/1883\/revisions"}],"predecessor-version":[{"id":2637,"href":"https:\/\/esquerra.com.ar\/voleibol\/wp-json\/wp\/v2\/pages\/1883\/revisions\/2637"}],"wp:featuredmedia":[{"embeddable":true,"href":"https:\/\/esquerra.com.ar\/voleibol\/wp-json\/wp\/v2\/media\/1489"}],"wp:attachment":[{"href":"https:\/\/esquerra.com.ar\/voleibol\/wp-json\/wp\/v2\/media?parent=1883"}],"curies":[{"name":"wp","href":"https:\/\/api.w.org\/{rel}","templated":true}]}}