{"id":1523,"date":"2025-08-08T10:00:50","date_gmt":"2025-08-08T13:00:50","guid":{"rendered":"https:\/\/esquerra.com.ar\/voleibol\/?page_id=1523"},"modified":"2025-08-23T23:10:33","modified_gmt":"2025-08-24T02:10:33","slug":"historial-sudamericano-seniors-voley","status":"publish","type":"page","link":"https:\/\/esquerra.com.ar\/voleibol\/historial-sudamericano-seniors-voley\/","title":{"rendered":"Historial Sudamericano Seniors Voley"},"content":{"rendered":"\t\t<div data-elementor-type=\"wp-page\" data-elementor-id=\"1523\" class=\"elementor elementor-1523\">\n\t\t\t\t<div class=\"elementor-element elementor-element-502844e9 e-flex e-con-boxed e-con e-parent\" data-id=\"502844e9\" data-element_type=\"container\" data-e-type=\"container\">\n\t\t\t\t\t<div class=\"e-con-inner\">\n\t\t\t\t<div class=\"elementor-element elementor-element-596befd0 elementor-widget elementor-widget-heading\" data-id=\"596befd0\" data-element_type=\"widget\" data-e-type=\"widget\" data-widget_type=\"heading.default\">\n\t\t\t\t<div class=\"elementor-widget-container\">\n\t\t\t\t\t<h2 class=\"elementor-heading-title elementor-size-default\">SUDAMERICANO SENIORS<\/h2>\t\t\t\t<\/div>\n\t\t\t\t<\/div>\n\t\t\t\t\t<\/div>\n\t\t\t\t<\/div>\n\t\t<div class=\"elementor-element elementor-element-219a04a7 e-grid elementor-hidden-tablet elementor-hidden-mobile e-con-boxed e-con e-parent\" data-id=\"219a04a7\" data-element_type=\"container\" data-e-type=\"container\">\n\t\t\t\t\t<div class=\"e-con-inner\">\n\t\t\t\t<div class=\"elementor-element elementor-element-45ed8508 elementor-widget elementor-widget-image\" data-id=\"45ed8508\" data-element_type=\"widget\" data-e-type=\"widget\" data-widget_type=\"image.default\">\n\t\t\t\t<div class=\"elementor-widget-container\">\n\t\t\t\t\t\t\t\t\t\t\t\t\t\t\t<img fetchpriority=\"high\" decoding=\"async\" width=\"1024\" height=\"1024\" src=\"https:\/\/esquerra.com.ar\/voleibol\/wp-content\/uploads\/2024\/08\/Maxi-Voley_Septiembre_CUADRADO-1024x1024.png\" class=\"attachment-large size-large wp-image-744\" alt=\"\" srcset=\"https:\/\/esquerra.com.ar\/voleibol\/wp-content\/uploads\/2024\/08\/Maxi-Voley_Septiembre_CUADRADO-1024x1024.png 1024w, https:\/\/esquerra.com.ar\/voleibol\/wp-content\/uploads\/2024\/08\/Maxi-Voley_Septiembre_CUADRADO-300x300.png 300w, https:\/\/esquerra.com.ar\/voleibol\/wp-content\/uploads\/2024\/08\/Maxi-Voley_Septiembre_CUADRADO-150x150.png 150w, https:\/\/esquerra.com.ar\/voleibol\/wp-content\/uploads\/2024\/08\/Maxi-Voley_Septiembre_CUADRADO-768x768.png 768w, https:\/\/esquerra.com.ar\/voleibol\/wp-content\/uploads\/2024\/08\/Maxi-Voley_Septiembre_CUADRADO-128x128.png 128w, https:\/\/esquerra.com.ar\/voleibol\/wp-content\/uploads\/2024\/08\/Maxi-Voley_Septiembre_CUADRADO-32x32.png 32w, https:\/\/esquerra.com.ar\/voleibol\/wp-content\/uploads\/2024\/08\/Maxi-Voley_Septiembre_CUADRADO.png 1080w\" sizes=\"(max-width: 1024px) 100vw, 1024px\" \/>\t\t\t\t\t\t\t\t\t\t\t\t\t\t\t<\/div>\n\t\t\t\t<\/div>\n\t\t\t\t<div class=\"elementor-element elementor-element-576dfb elementor-widget elementor-widget-image\" data-id=\"576dfb\" data-element_type=\"widget\" data-e-type=\"widget\" data-widget_type=\"image.default\">\n\t\t\t\t<div class=\"elementor-widget-container\">\n\t\t\t\t\t\t\t\t\t\t\t\t\t\t\t<img decoding=\"async\" width=\"1024\" height=\"1024\" data-src=\"https:\/\/esquerra.com.ar\/voleibol\/wp-content\/uploads\/2025\/08\/Voley_Maxi2025_Septiembre_WEB-1024x1024.png\" class=\"attachment-large size-large wp-image-1515 lazyload\" alt=\"\" data-srcset=\"https:\/\/esquerra.com.ar\/voleibol\/wp-content\/uploads\/2025\/08\/Voley_Maxi2025_Septiembre_WEB-1024x1024.png 1024w, https:\/\/esquerra.com.ar\/voleibol\/wp-content\/uploads\/2025\/08\/Voley_Maxi2025_Septiembre_WEB-300x300.png 300w, https:\/\/esquerra.com.ar\/voleibol\/wp-content\/uploads\/2025\/08\/Voley_Maxi2025_Septiembre_WEB-150x150.png 150w, https:\/\/esquerra.com.ar\/voleibol\/wp-content\/uploads\/2025\/08\/Voley_Maxi2025_Septiembre_WEB-768x768.png 768w, https:\/\/esquerra.com.ar\/voleibol\/wp-content\/uploads\/2025\/08\/Voley_Maxi2025_Septiembre_WEB-128x128.png 128w, https:\/\/esquerra.com.ar\/voleibol\/wp-content\/uploads\/2025\/08\/Voley_Maxi2025_Septiembre_WEB-32x32.png 32w, https:\/\/esquerra.com.ar\/voleibol\/wp-content\/uploads\/2025\/08\/Voley_Maxi2025_Septiembre_WEB.png 1080w\" data-sizes=\"(max-width: 1024px) 100vw, 1024px\" src=\"data:image\/gif;base64,R0lGODlhAQABAAAAACH5BAEKAAEALAAAAAABAAEAAAICTAEAOw==\" style=\"--smush-placeholder-width: 1024px; --smush-placeholder-aspect-ratio: 1024\/1024;\" \/><noscript><img decoding=\"async\" width=\"1024\" height=\"1024\" data-src=\"https:\/\/esquerra.com.ar\/voleibol\/wp-content\/uploads\/2025\/08\/Voley_Maxi2025_Septiembre_WEB-1024x1024.png\" class=\"attachment-large size-large wp-image-1515 lazyload\" alt=\"\" data-srcset=\"https:\/\/esquerra.com.ar\/voleibol\/wp-content\/uploads\/2025\/08\/Voley_Maxi2025_Septiembre_WEB-1024x1024.png 1024w, https:\/\/esquerra.com.ar\/voleibol\/wp-content\/uploads\/2025\/08\/Voley_Maxi2025_Septiembre_WEB-300x300.png 300w, https:\/\/esquerra.com.ar\/voleibol\/wp-content\/uploads\/2025\/08\/Voley_Maxi2025_Septiembre_WEB-150x150.png 150w, https:\/\/esquerra.com.ar\/voleibol\/wp-content\/uploads\/2025\/08\/Voley_Maxi2025_Septiembre_WEB-768x768.png 768w, https:\/\/esquerra.com.ar\/voleibol\/wp-content\/uploads\/2025\/08\/Voley_Maxi2025_Septiembre_WEB-128x128.png 128w, https:\/\/esquerra.com.ar\/voleibol\/wp-content\/uploads\/2025\/08\/Voley_Maxi2025_Septiembre_WEB-32x32.png 32w, https:\/\/esquerra.com.ar\/voleibol\/wp-content\/uploads\/2025\/08\/Voley_Maxi2025_Septiembre_WEB.png 1080w\" data-sizes=\"(max-width: 1024px) 100vw, 1024px\" src=\"data:image\/gif;base64,R0lGODlhAQABAAAAACH5BAEKAAEALAAAAAABAAEAAAICTAEAOw==\" style=\"--smush-placeholder-width: 1024px; --smush-placeholder-aspect-ratio: 1024\/1024;\" \/><noscript><img decoding=\"async\" width=\"1024\" height=\"1024\" src=\"https:\/\/esquerra.com.ar\/voleibol\/wp-content\/uploads\/2025\/08\/Voley_Maxi2025_Septiembre_WEB-1024x1024.png\" class=\"attachment-large size-large wp-image-1515\" alt=\"\" srcset=\"https:\/\/esquerra.com.ar\/voleibol\/wp-content\/uploads\/2025\/08\/Voley_Maxi2025_Septiembre_WEB-1024x1024.png 1024w, https:\/\/esquerra.com.ar\/voleibol\/wp-content\/uploads\/2025\/08\/Voley_Maxi2025_Septiembre_WEB-300x300.png 300w, https:\/\/esquerra.com.ar\/voleibol\/wp-content\/uploads\/2025\/08\/Voley_Maxi2025_Septiembre_WEB-150x150.png 150w, https:\/\/esquerra.com.ar\/voleibol\/wp-content\/uploads\/2025\/08\/Voley_Maxi2025_Septiembre_WEB-768x768.png 768w, https:\/\/esquerra.com.ar\/voleibol\/wp-content\/uploads\/2025\/08\/Voley_Maxi2025_Septiembre_WEB-128x128.png 128w, https:\/\/esquerra.com.ar\/voleibol\/wp-content\/uploads\/2025\/08\/Voley_Maxi2025_Septiembre_WEB-32x32.png 32w, https:\/\/esquerra.com.ar\/voleibol\/wp-content\/uploads\/2025\/08\/Voley_Maxi2025_Septiembre_WEB.png 1080w\" sizes=\"(max-width: 1024px) 100vw, 1024px\" \/><\/noscript><\/noscript>\t\t\t\t\t\t\t\t\t\t\t\t\t\t\t<\/div>\n\t\t\t\t<\/div>\n\t\t\t\t\t<\/div>\n\t\t\t\t<\/div>\n\t\t<div class=\"elementor-element elementor-element-34a17285 e-grid elementor-hidden-tablet elementor-hidden-mobile e-con-boxed e-con e-parent\" data-id=\"34a17285\" data-element_type=\"container\" data-e-type=\"container\">\n\t\t\t\t\t<div class=\"e-con-inner\">\n\t\t\t\t<div class=\"elementor-element elementor-element-77f94c46 elementor-widget elementor-widget-heading\" data-id=\"77f94c46\" data-element_type=\"widget\" data-e-type=\"widget\" data-widget_type=\"heading.default\">\n\t\t\t\t<div class=\"elementor-widget-container\">\n\t\t\t\t\t<h4 class=\"elementor-heading-title elementor-size-default\">SEPTIEMBRE 2024<\/h4>\t\t\t\t<\/div>\n\t\t\t\t<\/div>\n\t\t\t\t<div class=\"elementor-element elementor-element-f254d0d elementor-widget elementor-widget-heading\" data-id=\"f254d0d\" data-element_type=\"widget\" data-e-type=\"widget\" data-widget_type=\"heading.default\">\n\t\t\t\t<div class=\"elementor-widget-container\">\n\t\t\t\t\t<h4 class=\"elementor-heading-title elementor-size-default\">SEPTIEMBRE 2025<\/h4>\t\t\t\t<\/div>\n\t\t\t\t<\/div>\n\t\t\t\t\t<\/div>\n\t\t\t\t<\/div>\n\t\t<div class=\"elementor-element elementor-element-639126ff e-grid elementor-hidden-tablet elementor-hidden-mobile e-con-boxed e-con e-parent\" data-id=\"639126ff\" data-element_type=\"container\" data-e-type=\"container\">\n\t\t\t\t\t<div class=\"e-con-inner\">\n\t\t\t\t<div class=\"elementor-element elementor-element-759887ed elementor-button-info elementor-align-center elementor-widget elementor-widget-button\" data-id=\"759887ed\" data-element_type=\"widget\" data-e-type=\"widget\" data-widget_type=\"button.default\">\n\t\t\t\t<div class=\"elementor-widget-container\">\n\t\t\t\t\t\t\t\t\t<div class=\"elementor-button-wrapper\">\n\t\t\t\t\t<a class=\"elementor-button elementor-button-link elementor-size-sm\" href=\"https:\/\/esquerra.com.ar\/voleibol\/sudamericano-maxi-septiembre-2024\/\">\n\t\t\t\t\t\t<span class=\"elementor-button-content-wrapper\">\n\t\t\t\t\t\t\t\t\t<span class=\"elementor-button-text\">INGRES\u00c1 AL TORNEO<\/span>\n\t\t\t\t\t<\/span>\n\t\t\t\t\t<\/a>\n\t\t\t\t<\/div>\n\t\t\t\t\t\t\t\t<\/div>\n\t\t\t\t<\/div>\n\t\t\t\t<div class=\"elementor-element elementor-element-4d9f531d elementor-button-info elementor-align-center elementor-widget elementor-widget-button\" data-id=\"4d9f531d\" data-element_type=\"widget\" data-e-type=\"widget\" data-widget_type=\"button.default\">\n\t\t\t\t<div class=\"elementor-widget-container\">\n\t\t\t\t\t\t\t\t\t<div class=\"elementor-button-wrapper\">\n\t\t\t\t\t<a class=\"elementor-button elementor-button-link elementor-size-sm\" href=\"https:\/\/esquerra.com.ar\/voleibol\/sudamericano-maxi-septiembre-2025\/\">\n\t\t\t\t\t\t<span class=\"elementor-button-content-wrapper\">\n\t\t\t\t\t\t\t\t\t<span class=\"elementor-button-text\">INGRES\u00c1 AL TORNEO<\/span>\n\t\t\t\t\t<\/span>\n\t\t\t\t\t<\/a>\n\t\t\t\t<\/div>\n\t\t\t\t\t\t\t\t<\/div>\n\t\t\t\t<\/div>\n\t\t\t\t\t<\/div>\n\t\t\t\t<\/div>\n\t\t<div class=\"elementor-element elementor-element-9f628ff e-grid elementor-hidden-desktop e-con-boxed e-con e-parent\" data-id=\"9f628ff\" data-element_type=\"container\" data-e-type=\"container\">\n\t\t\t\t\t<div class=\"e-con-inner\">\n\t\t\t\t<div class=\"elementor-element elementor-element-52f17c7 elementor-widget elementor-widget-image\" data-id=\"52f17c7\" data-element_type=\"widget\" data-e-type=\"widget\" data-widget_type=\"image.default\">\n\t\t\t\t<div class=\"elementor-widget-container\">\n\t\t\t\t\t\t\t\t\t\t\t\t\t\t\t<img decoding=\"async\" width=\"1024\" height=\"1024\" data-src=\"https:\/\/esquerra.com.ar\/voleibol\/wp-content\/uploads\/2025\/08\/Voley_Maxi2025_Septiembre_WEB-1024x1024.png\" class=\"attachment-large size-large wp-image-1515 lazyload\" alt=\"\" data-srcset=\"https:\/\/esquerra.com.ar\/voleibol\/wp-content\/uploads\/2025\/08\/Voley_Maxi2025_Septiembre_WEB-1024x1024.png 1024w, https:\/\/esquerra.com.ar\/voleibol\/wp-content\/uploads\/2025\/08\/Voley_Maxi2025_Septiembre_WEB-300x300.png 300w, https:\/\/esquerra.com.ar\/voleibol\/wp-content\/uploads\/2025\/08\/Voley_Maxi2025_Septiembre_WEB-150x150.png 150w, https:\/\/esquerra.com.ar\/voleibol\/wp-content\/uploads\/2025\/08\/Voley_Maxi2025_Septiembre_WEB-768x768.png 768w, https:\/\/esquerra.com.ar\/voleibol\/wp-content\/uploads\/2025\/08\/Voley_Maxi2025_Septiembre_WEB-128x128.png 128w, https:\/\/esquerra.com.ar\/voleibol\/wp-content\/uploads\/2025\/08\/Voley_Maxi2025_Septiembre_WEB-32x32.png 32w, https:\/\/esquerra.com.ar\/voleibol\/wp-content\/uploads\/2025\/08\/Voley_Maxi2025_Septiembre_WEB.png 1080w\" data-sizes=\"(max-width: 1024px) 100vw, 1024px\" src=\"data:image\/gif;base64,R0lGODlhAQABAAAAACH5BAEKAAEALAAAAAABAAEAAAICTAEAOw==\" style=\"--smush-placeholder-width: 1024px; --smush-placeholder-aspect-ratio: 1024\/1024;\" \/><noscript><img decoding=\"async\" width=\"1024\" height=\"1024\" data-src=\"https:\/\/esquerra.com.ar\/voleibol\/wp-content\/uploads\/2025\/08\/Voley_Maxi2025_Septiembre_WEB-1024x1024.png\" class=\"attachment-large size-large wp-image-1515 lazyload\" alt=\"\" data-srcset=\"https:\/\/esquerra.com.ar\/voleibol\/wp-content\/uploads\/2025\/08\/Voley_Maxi2025_Septiembre_WEB-1024x1024.png 1024w, https:\/\/esquerra.com.ar\/voleibol\/wp-content\/uploads\/2025\/08\/Voley_Maxi2025_Septiembre_WEB-300x300.png 300w, https:\/\/esquerra.com.ar\/voleibol\/wp-content\/uploads\/2025\/08\/Voley_Maxi2025_Septiembre_WEB-150x150.png 150w, https:\/\/esquerra.com.ar\/voleibol\/wp-content\/uploads\/2025\/08\/Voley_Maxi2025_Septiembre_WEB-768x768.png 768w, https:\/\/esquerra.com.ar\/voleibol\/wp-content\/uploads\/2025\/08\/Voley_Maxi2025_Septiembre_WEB-128x128.png 128w, https:\/\/esquerra.com.ar\/voleibol\/wp-content\/uploads\/2025\/08\/Voley_Maxi2025_Septiembre_WEB-32x32.png 32w, https:\/\/esquerra.com.ar\/voleibol\/wp-content\/uploads\/2025\/08\/Voley_Maxi2025_Septiembre_WEB.png 1080w\" data-sizes=\"(max-width: 1024px) 100vw, 1024px\" src=\"data:image\/gif;base64,R0lGODlhAQABAAAAACH5BAEKAAEALAAAAAABAAEAAAICTAEAOw==\" style=\"--smush-placeholder-width: 1024px; --smush-placeholder-aspect-ratio: 1024\/1024;\" \/><noscript><img decoding=\"async\" width=\"1024\" height=\"1024\" src=\"https:\/\/esquerra.com.ar\/voleibol\/wp-content\/uploads\/2025\/08\/Voley_Maxi2025_Septiembre_WEB-1024x1024.png\" class=\"attachment-large size-large wp-image-1515\" alt=\"\" srcset=\"https:\/\/esquerra.com.ar\/voleibol\/wp-content\/uploads\/2025\/08\/Voley_Maxi2025_Septiembre_WEB-1024x1024.png 1024w, https:\/\/esquerra.com.ar\/voleibol\/wp-content\/uploads\/2025\/08\/Voley_Maxi2025_Septiembre_WEB-300x300.png 300w, https:\/\/esquerra.com.ar\/voleibol\/wp-content\/uploads\/2025\/08\/Voley_Maxi2025_Septiembre_WEB-150x150.png 150w, https:\/\/esquerra.com.ar\/voleibol\/wp-content\/uploads\/2025\/08\/Voley_Maxi2025_Septiembre_WEB-768x768.png 768w, https:\/\/esquerra.com.ar\/voleibol\/wp-content\/uploads\/2025\/08\/Voley_Maxi2025_Septiembre_WEB-128x128.png 128w, https:\/\/esquerra.com.ar\/voleibol\/wp-content\/uploads\/2025\/08\/Voley_Maxi2025_Septiembre_WEB-32x32.png 32w, https:\/\/esquerra.com.ar\/voleibol\/wp-content\/uploads\/2025\/08\/Voley_Maxi2025_Septiembre_WEB.png 1080w\" sizes=\"(max-width: 1024px) 100vw, 1024px\" \/><\/noscript><\/noscript>\t\t\t\t\t\t\t\t\t\t\t\t\t\t\t<\/div>\n\t\t\t\t<\/div>\n\t\t\t\t\t<\/div>\n\t\t\t\t<\/div>\n\t\t<div class=\"elementor-element elementor-element-b0e2af5 e-grid elementor-hidden-desktop e-con-boxed e-con e-parent\" data-id=\"b0e2af5\" data-element_type=\"container\" data-e-type=\"container\">\n\t\t\t\t\t<div class=\"e-con-inner\">\n\t\t\t\t<div class=\"elementor-element elementor-element-7ab31a9 elementor-widget elementor-widget-heading\" data-id=\"7ab31a9\" data-element_type=\"widget\" data-e-type=\"widget\" data-widget_type=\"heading.default\">\n\t\t\t\t<div class=\"elementor-widget-container\">\n\t\t\t\t\t<h4 class=\"elementor-heading-title elementor-size-default\">SEPTIEMBRE 2025<\/h4>\t\t\t\t<\/div>\n\t\t\t\t<\/div>\n\t\t\t\t\t<\/div>\n\t\t\t\t<\/div>\n\t\t<div class=\"elementor-element elementor-element-1410ea2 e-grid elementor-hidden-desktop e-con-boxed e-con e-parent\" data-id=\"1410ea2\" data-element_type=\"container\" data-e-type=\"container\">\n\t\t\t\t\t<div class=\"e-con-inner\">\n\t\t\t\t<div class=\"elementor-element elementor-element-9f2886c elementor-button-info elementor-align-center elementor-widget elementor-widget-button\" data-id=\"9f2886c\" data-element_type=\"widget\" data-e-type=\"widget\" data-widget_type=\"button.default\">\n\t\t\t\t<div class=\"elementor-widget-container\">\n\t\t\t\t\t\t\t\t\t<div class=\"elementor-button-wrapper\">\n\t\t\t\t\t<a class=\"elementor-button elementor-button-link elementor-size-sm\" href=\"https:\/\/esquerra.com.ar\/voleibol\/sudamericano-maxi-septiembre-2025\/\">\n\t\t\t\t\t\t<span class=\"elementor-button-content-wrapper\">\n\t\t\t\t\t\t\t\t\t<span class=\"elementor-button-text\">INGRES\u00c1 AL TORNEO<\/span>\n\t\t\t\t\t<\/span>\n\t\t\t\t\t<\/a>\n\t\t\t\t<\/div>\n\t\t\t\t\t\t\t\t<\/div>\n\t\t\t\t<\/div>\n\t\t\t\t\t<\/div>\n\t\t\t\t<\/div>\n\t\t<div class=\"elementor-element elementor-element-7e4840e0 e-grid elementor-hidden-desktop e-con-boxed e-con e-parent\" data-id=\"7e4840e0\" data-element_type=\"container\" data-e-type=\"container\">\n\t\t\t\t\t<div class=\"e-con-inner\">\n\t\t\t\t<div class=\"elementor-element elementor-element-291072dd elementor-widget elementor-widget-image\" data-id=\"291072dd\" data-element_type=\"widget\" data-e-type=\"widget\" data-widget_type=\"image.default\">\n\t\t\t\t<div class=\"elementor-widget-container\">\n\t\t\t\t\t\t\t\t\t\t\t\t\t\t\t<img fetchpriority=\"high\" decoding=\"async\" width=\"1024\" height=\"1024\" src=\"https:\/\/esquerra.com.ar\/voleibol\/wp-content\/uploads\/2024\/08\/Maxi-Voley_Septiembre_CUADRADO-1024x1024.png\" class=\"attachment-large size-large wp-image-744\" alt=\"\" srcset=\"https:\/\/esquerra.com.ar\/voleibol\/wp-content\/uploads\/2024\/08\/Maxi-Voley_Septiembre_CUADRADO-1024x1024.png 1024w, https:\/\/esquerra.com.ar\/voleibol\/wp-content\/uploads\/2024\/08\/Maxi-Voley_Septiembre_CUADRADO-300x300.png 300w, https:\/\/esquerra.com.ar\/voleibol\/wp-content\/uploads\/2024\/08\/Maxi-Voley_Septiembre_CUADRADO-150x150.png 150w, https:\/\/esquerra.com.ar\/voleibol\/wp-content\/uploads\/2024\/08\/Maxi-Voley_Septiembre_CUADRADO-768x768.png 768w, https:\/\/esquerra.com.ar\/voleibol\/wp-content\/uploads\/2024\/08\/Maxi-Voley_Septiembre_CUADRADO-128x128.png 128w, https:\/\/esquerra.com.ar\/voleibol\/wp-content\/uploads\/2024\/08\/Maxi-Voley_Septiembre_CUADRADO-32x32.png 32w, https:\/\/esquerra.com.ar\/voleibol\/wp-content\/uploads\/2024\/08\/Maxi-Voley_Septiembre_CUADRADO.png 1080w\" sizes=\"(max-width: 1024px) 100vw, 1024px\" \/>\t\t\t\t\t\t\t\t\t\t\t\t\t\t\t<\/div>\n\t\t\t\t<\/div>\n\t\t\t\t\t<\/div>\n\t\t\t\t<\/div>\n\t\t<div class=\"elementor-element elementor-element-3b1ad2b e-grid elementor-hidden-desktop e-con-boxed e-con e-parent\" data-id=\"3b1ad2b\" data-element_type=\"container\" data-e-type=\"container\">\n\t\t\t\t\t<div class=\"e-con-inner\">\n\t\t\t\t<div class=\"elementor-element elementor-element-98803b1 elementor-widget elementor-widget-heading\" data-id=\"98803b1\" data-element_type=\"widget\" data-e-type=\"widget\" data-widget_type=\"heading.default\">\n\t\t\t\t<div class=\"elementor-widget-container\">\n\t\t\t\t\t<h4 class=\"elementor-heading-title elementor-size-default\">SEPTIEMBRE 2024<\/h4>\t\t\t\t<\/div>\n\t\t\t\t<\/div>\n\t\t\t\t\t<\/div>\n\t\t\t\t<\/div>\n\t\t<div class=\"elementor-element elementor-element-4fa48f3 e-grid elementor-hidden-desktop e-con-boxed e-con e-parent\" data-id=\"4fa48f3\" data-element_type=\"container\" data-e-type=\"container\">\n\t\t\t\t\t<div class=\"e-con-inner\">\n\t\t\t\t<div class=\"elementor-element elementor-element-345ff0f elementor-button-info elementor-align-center elementor-widget elementor-widget-button\" data-id=\"345ff0f\" data-element_type=\"widget\" data-e-type=\"widget\" data-widget_type=\"button.default\">\n\t\t\t\t<div class=\"elementor-widget-container\">\n\t\t\t\t\t\t\t\t\t<div class=\"elementor-button-wrapper\">\n\t\t\t\t\t<a class=\"elementor-button elementor-button-link elementor-size-sm\" href=\"https:\/\/esquerra.com.ar\/voleibol\/sudamericano-maxi-septiembre-2024\/\">\n\t\t\t\t\t\t<span class=\"elementor-button-content-wrapper\">\n\t\t\t\t\t\t\t\t\t<span class=\"elementor-button-text\">INGRES\u00c1 AL TORNEO<\/span>\n\t\t\t\t\t<\/span>\n\t\t\t\t\t<\/a>\n\t\t\t\t<\/div>\n\t\t\t\t\t\t\t\t<\/div>\n\t\t\t\t<\/div>\n\t\t\t\t\t<\/div>\n\t\t\t\t<\/div>\n\t\t\t\t<\/div>\n\t\t","protected":false},"excerpt":{"rendered":"<p>SUDAMERICANO SENIORS SEPTIEMBRE 2024 SEPTIEMBRE 2025 INGRES\u00c1 AL TORNEO INGRES\u00c1 AL TORNEO SEPTIEMBRE 2025 INGRES\u00c1 AL TORNEO SEPTIEMBRE 2024 INGRES\u00c1 AL TORNEO<\/p>\n","protected":false},"author":2,"featured_media":0,"parent":0,"menu_order":0,"comment_status":"closed","ping_status":"closed","template":"page-templates\/template-pagebuilder-full-width.php","meta":{"_coblocks_attr":"","_coblocks_dimensions":"","_coblocks_responsive_height":"","_coblocks_accordion_ie_support":"","neve_meta_sidebar":"","neve_meta_container":"","neve_meta_enable_content_width":"","neve_meta_content_width":0,"neve_meta_title_alignment":"","neve_meta_author_avatar":"","neve_post_elements_order":"","neve_meta_disable_header":"","neve_meta_disable_footer":"","neve_meta_disable_title":"","footnotes":""},"class_list":["post-1523","page","type-page","status-publish","hentry"],"_links":{"self":[{"href":"https:\/\/esquerra.com.ar\/voleibol\/wp-json\/wp\/v2\/pages\/1523","targetHints":{"allow":["GET"]}}],"collection":[{"href":"https:\/\/esquerra.com.ar\/voleibol\/wp-json\/wp\/v2\/pages"}],"about":[{"href":"https:\/\/esquerra.com.ar\/voleibol\/wp-json\/wp\/v2\/types\/page"}],"author":[{"embeddable":true,"href":"https:\/\/esquerra.com.ar\/voleibol\/wp-json\/wp\/v2\/users\/2"}],"replies":[{"embeddable":true,"href":"https:\/\/esquerra.com.ar\/voleibol\/wp-json\/wp\/v2\/comments?post=1523"}],"version-history":[{"count":16,"href":"https:\/\/esquerra.com.ar\/voleibol\/wp-json\/wp\/v2\/pages\/1523\/revisions"}],"predecessor-version":[{"id":1789,"href":"https:\/\/esquerra.com.ar\/voleibol\/wp-json\/wp\/v2\/pages\/1523\/revisions\/1789"}],"wp:attachment":[{"href":"https:\/\/esquerra.com.ar\/voleibol\/wp-json\/wp\/v2\/media?parent=1523"}],"curies":[{"name":"wp","href":"https:\/\/api.w.org\/{rel}","templated":true}]}}