{"id":561,"date":"2024-02-22T17:29:32","date_gmt":"2024-02-22T20:29:32","guid":{"rendered":"https:\/\/esquerra.com.ar\/basquet\/?page_id=561"},"modified":"2025-08-08T12:32:32","modified_gmt":"2025-08-08T15:32:32","slug":"mundialito-formativas-octubre-2024","status":"publish","type":"page","link":"https:\/\/esquerra.com.ar\/basquet\/mundialito-formativas-octubre-2024\/","title":{"rendered":"Mundialito Formativas Octubre 2024"},"content":{"rendered":"\t\t<div data-elementor-type=\"wp-page\" data-elementor-id=\"561\" class=\"elementor elementor-561\">\n\t\t\t\t<div class=\"elementor-element elementor-element-3f79ee0b e-flex e-con-boxed e-con e-parent\" data-id=\"3f79ee0b\" data-element_type=\"container\" data-e-type=\"container\" data-settings=\"{&quot;background_background&quot;:&quot;classic&quot;}\">\n\t\t\t\t\t<div class=\"e-con-inner\">\n\t\t\t\t<div class=\"elementor-element elementor-element-1ce411eb elementor-hidden-tablet elementor-hidden-mobile elementor-widget elementor-widget-heading\" data-id=\"1ce411eb\" data-element_type=\"widget\" data-e-type=\"widget\" data-widget_type=\"heading.default\">\n\t\t\t\t<div class=\"elementor-widget-container\">\n\t\t\t\t\t<h2 class=\"elementor-heading-title elementor-size-default\">MUNDIALITO FORMATIVAS 4, 5 y 6 OCTUBRE 2024<\/h2>\t\t\t\t<\/div>\n\t\t\t\t<\/div>\n\t\t\t\t<div class=\"elementor-element elementor-element-d1192e1 elementor-hidden-desktop elementor-widget elementor-widget-heading\" data-id=\"d1192e1\" data-element_type=\"widget\" data-e-type=\"widget\" data-widget_type=\"heading.default\">\n\t\t\t\t<div class=\"elementor-widget-container\">\n\t\t\t\t\t<h3 class=\"elementor-heading-title elementor-size-default\">MUNDIALITO FORMATIVAS 4, 5 y 6 OCTUBRE 2024<\/h3>\t\t\t\t<\/div>\n\t\t\t\t<\/div>\n\t\t\t\t\t<\/div>\n\t\t\t\t<\/div>\n\t\t<div class=\"elementor-element elementor-element-43ca65eb e-con-full e-flex e-con e-parent\" data-id=\"43ca65eb\" data-element_type=\"container\" data-e-type=\"container\">\n\t\t\t\t<div class=\"elementor-element elementor-element-7a748274 elementor-widget elementor-widget-heading\" data-id=\"7a748274\" data-element_type=\"widget\" data-e-type=\"widget\" data-widget_type=\"heading.default\">\n\t\t\t\t<div class=\"elementor-widget-container\">\n\t\t\t\t\t<h3 class=\"elementor-heading-title elementor-size-default\">EQUIPOS QUE PARTICIPARON<\/h3>\t\t\t\t<\/div>\n\t\t\t\t<\/div>\n\t\t\t\t<div class=\"elementor-element elementor-element-c1902f3 elementor-arrows-position-inside elementor-pagination-position-outside elementor-widget elementor-widget-image-carousel\" data-id=\"c1902f3\" data-element_type=\"widget\" data-e-type=\"widget\" data-settings=\"{&quot;slides_to_show&quot;:&quot;6&quot;,&quot;slides_to_show_mobile&quot;:&quot;6&quot;,&quot;slides_to_scroll&quot;:&quot;6&quot;,&quot;slides_to_scroll_mobile&quot;:&quot;6&quot;,&quot;navigation&quot;:&quot;both&quot;,&quot;autoplay&quot;:&quot;yes&quot;,&quot;pause_on_hover&quot;:&quot;yes&quot;,&quot;pause_on_interaction&quot;:&quot;yes&quot;,&quot;autoplay_speed&quot;:5000,&quot;infinite&quot;:&quot;yes&quot;,&quot;speed&quot;:500}\" data-widget_type=\"image-carousel.default\">\n\t\t\t\t<div class=\"elementor-widget-container\">\n\t\t\t\t\t\t\t<div class=\"elementor-image-carousel-wrapper swiper\" role=\"region\" aria-roledescription=\"carousel\" aria-label=\"Carrusel de im\u00e1genes\" dir=\"ltr\">\n\t\t\t<div class=\"elementor-image-carousel swiper-wrapper\" aria-live=\"off\">\n\t\t\t\t\t\t\t\t<div class=\"swiper-slide\" role=\"group\" aria-roledescription=\"slide\" aria-label=\"1 de 26\"><figure class=\"swiper-slide-inner\"><img decoding=\"async\" class=\"swiper-slide-image\" src=\"https:\/\/esquerra.com.ar\/basquet\/wp-content\/uploads\/elementor\/thumbs\/Tabare-Montevideo-Uruguay-qtx22xydm14e0raltbsomwbv135n9bzpqk3cmkm31k.png\" alt=\"Tabar\u00e9 (Montevideo, Uruguay)\" \/><\/figure><\/div><div class=\"swiper-slide\" role=\"group\" aria-roledescription=\"slide\" aria-label=\"2 de 26\"><figure class=\"swiper-slide-inner\"><img decoding=\"async\" class=\"swiper-slide-image\" src=\"https:\/\/esquerra.com.ar\/basquet\/wp-content\/uploads\/elementor\/thumbs\/Famach-Copiapo-Chile-qtx22sbch0wo33isq9cx7xr3grxfz5dbps6fqwug2w.png\" alt=\"Famach (Copiap\u00f3, Chile)\" \/><\/figure><\/div><div class=\"swiper-slide\" role=\"group\" aria-roledescription=\"slide\" aria-label=\"3 de 26\"><figure class=\"swiper-slide-inner\"><img decoding=\"async\" class=\"swiper-slide-image\" src=\"https:\/\/esquerra.com.ar\/basquet\/wp-content\/uploads\/elementor\/thumbs\/Olivol-Mundial-Montevideo-Uruguay-qtwpvavx1nabqlwb0agjeu8gn6391sncmjdlxgh1bc.png\" alt=\"Olivol Mundial (Montevideo, Uruguay)\" \/><\/figure><\/div><div class=\"swiper-slide\" role=\"group\" aria-roledescription=\"slide\" aria-label=\"4 de 26\"><figure class=\"swiper-slide-inner\"><img decoding=\"async\" class=\"swiper-slide-image\" src=\"https:\/\/esquerra.com.ar\/basquet\/wp-content\/uploads\/elementor\/thumbs\/New-Crusaders-Valparaiso-Chile-qtwpxr8qw2na1ybyocngx7xshdzr5ce4aop91gu12g.png\" alt=\"New Crusaders (Valpara\u00edso, Chile)\" \/><\/figure><\/div><div class=\"swiper-slide\" role=\"group\" aria-roledescription=\"slide\" aria-label=\"5 de 26\"><figure class=\"swiper-slide-inner\"><img decoding=\"async\" class=\"swiper-slide-image\" src=\"https:\/\/esquerra.com.ar\/basquet\/wp-content\/uploads\/elementor\/thumbs\/Florida-Florida-Uruguay-qtwpxabnh2048z0jf5c6oc7hsgb5asiy8cyiehj46g.png\" alt=\"Florida (Florida, Uruguay)\" \/><\/figure><\/div><div class=\"swiper-slide\" role=\"group\" aria-roledescription=\"slide\" aria-label=\"6 de 26\"><figure class=\"swiper-slide-inner\"><img decoding=\"async\" class=\"swiper-slide-image\" src=\"https:\/\/esquerra.com.ar\/basquet\/wp-content\/uploads\/elementor\/thumbs\/San-Telmo-Montevideo-Uruguay-qtwpvzbpzc7s4gwt1l0u7o2g36qslxcddwc8engstk.png\" alt=\"San Telmo (Montevideo, Uruguay)\" \/><\/figure><\/div><div class=\"swiper-slide\" role=\"group\" aria-roledescription=\"slide\" aria-label=\"7 de 26\"><figure class=\"swiper-slide-inner\"><img decoding=\"async\" class=\"swiper-slide-image\" src=\"https:\/\/esquerra.com.ar\/basquet\/wp-content\/uploads\/elementor\/thumbs\/Fenixrancur-Curico-Chile-qtwpx5mgivtomx7d6lb1tve6tiyb8b0ajpp303q31k.png\" alt=\"Fenixrancur (Curic\u00f3, Chile)\" \/><\/figure><\/div><div class=\"swiper-slide\" role=\"group\" aria-roledescription=\"slide\" aria-label=\"8 de 26\"><figure class=\"swiper-slide-inner\"><img decoding=\"async\" class=\"swiper-slide-image\" src=\"https:\/\/esquerra.com.ar\/basquet\/wp-content\/uploads\/elementor\/thumbs\/El-Dorado-Bolivia-qtwpx1v3rjojchctsjojjwccfzgudild77352zvnqg.png\" alt=\"El Dorado (Bolivia)\" \/><\/figure><\/div><div class=\"swiper-slide\" role=\"group\" aria-roledescription=\"slide\" aria-label=\"9 de 26\"><figure class=\"swiper-slide-inner\"><img decoding=\"async\" class=\"swiper-slide-image\" src=\"https:\/\/esquerra.com.ar\/basquet\/wp-content\/uploads\/elementor\/thumbs\/Pumas-Campo-9-Paraguay-qtwpvkaaxzn6ypinheit3rv2l0sx6ronztwgq833l4.png\" alt=\"Pumas Campo 9 (Paraguay)\" \/><\/figure><\/div><div class=\"swiper-slide\" role=\"group\" aria-roledescription=\"slide\" aria-label=\"10 de 26\"><figure class=\"swiper-slide-inner\"><img decoding=\"async\" class=\"swiper-slide-image\" src=\"https:\/\/esquerra.com.ar\/basquet\/wp-content\/uploads\/elementor\/thumbs\/Municipal-Linares-Linares-Chile-qtwpxllpr2fk4ak5la7pi9d0x2rjv5rq9wsc5t2e3s.png\" alt=\"Municipal Linares (Linares, Chile)\" \/><\/figure><\/div><div class=\"swiper-slide\" role=\"group\" aria-roledescription=\"slide\" aria-label=\"11 de 26\"><figure class=\"swiper-slide-inner\"><img decoding=\"async\" class=\"swiper-slide-image\" src=\"https:\/\/esquerra.com.ar\/basquet\/wp-content\/uploads\/elementor\/thumbs\/Hindu-BBC-Catamarca-Argentina-qtwpxe308e59jev2t6yoyb9c5zsm5kxvkvkgbldjhk.png\" alt=\"Hind\u00fa BBC (Catamarca, Argentina)\" \/><\/figure><\/div><div class=\"swiper-slide\" role=\"group\" aria-roledescription=\"slide\" aria-label=\"12 de 26\"><figure class=\"swiper-slide-inner\"><img decoding=\"async\" class=\"swiper-slide-image\" src=\"https:\/\/esquerra.com.ar\/basquet\/wp-content\/uploads\/elementor\/thumbs\/CEF-9-San-Martin-de-Los-Andes-Argentina-qtwpww82mjgtetl0ph8s4xrkvo8n3byz6f687c40rs.png\" alt=\"CEF 9 (San Martin de Los Andes, Argentina)\" \/><\/figure><\/div><div class=\"swiper-slide\" role=\"group\" aria-roledescription=\"slide\" aria-label=\"13 de 26\"><figure class=\"swiper-slide-inner\"><img decoding=\"async\" class=\"swiper-slide-image\" src=\"https:\/\/esquerra.com.ar\/basquet\/wp-content\/uploads\/elementor\/thumbs\/Banco-Mendoza-Argentina-qtwpwsgpv7bo4dqhbfm9uypqi4r68jk1twkaa89lgo.png\" alt=\"Banco (Mendoza, Argentina)\" \/><\/figure><\/div><div class=\"swiper-slide\" role=\"group\" aria-roledescription=\"slide\" aria-label=\"14 de 26\"><figure class=\"swiper-slide-inner\"><img decoding=\"async\" class=\"swiper-slide-image\" src=\"https:\/\/esquerra.com.ar\/basquet\/wp-content\/uploads\/elementor\/thumbs\/Hindu-Club-Cordoba-Argentina-qtwpxhuczqaetupm78l78ab6jja30dcsxe6e8p7yso.png\" alt=\"Hind\u00fa Club (C\u00f3rdoba, Argentina)\" \/><\/figure><\/div><div class=\"swiper-slide\" role=\"group\" aria-roledescription=\"slide\" aria-label=\"15 de 26\"><figure class=\"swiper-slide-inner\"><img decoding=\"async\" class=\"swiper-slide-image\" src=\"https:\/\/esquerra.com.ar\/basquet\/wp-content\/uploads\/elementor\/thumbs\/ACBB-Cordoba-Argentina-qtwpwmtoq73y6pyo8d6ig04yxtiyycxnt4ndekhyi0.png\" alt=\"ACBB (C\u00f3rdoba, Argentina)\" \/><\/figure><\/div><div class=\"swiper-slide\" role=\"group\" aria-roledescription=\"slide\" aria-label=\"16 de 26\"><figure class=\"swiper-slide-inner\"><img decoding=\"async\" class=\"swiper-slide-image\" src=\"https:\/\/esquerra.com.ar\/basquet\/wp-content\/uploads\/elementor\/thumbs\/Yoppen-Rio-Grande-Argentina-qtwpwj2byuyswa44ubk06134ka1i3kiqgm1fhgnj6w.png\" alt=\"Yoppen (Rio Grande, Argentina)\" \/><\/figure><\/div><div class=\"swiper-slide\" role=\"group\" aria-roledescription=\"slide\" aria-label=\"17 de 26\"><figure class=\"swiper-slide-inner\"><img decoding=\"async\" class=\"swiper-slide-image\" src=\"https:\/\/esquerra.com.ar\/basquet\/wp-content\/uploads\/elementor\/thumbs\/Social-Larranaga-Montevideo-Uruguay-qtwpwals9cn7zsgf7pwd1l7z7t776al5fg625z02qw.png\" alt=\"Social Larra\u00f1aga (Montevideo, Uruguay)\" \/><\/figure><\/div><div class=\"swiper-slide\" role=\"group\" aria-roledescription=\"slide\" aria-label=\"18 de 26\"><figure class=\"swiper-slide-inner\"><img decoding=\"async\" class=\"swiper-slide-image\" src=\"https:\/\/esquerra.com.ar\/basquet\/wp-content\/uploads\/elementor\/thumbs\/Sarandi-Universitario-Rivera-Uruguay-qtwpw6ufi0i2pclvto9urm64u9pqbi682xk48v5nfs.png\" alt=\"Sarand\u00ed Universitario (Rivera, Uruguay)\" \/><\/figure><\/div><div class=\"swiper-slide\" role=\"group\" aria-roledescription=\"slide\" aria-label=\"19 de 26\"><figure class=\"swiper-slide-inner\"><img decoding=\"async\" class=\"swiper-slide-image\" src=\"https:\/\/esquerra.com.ar\/basquet\/wp-content\/uploads\/elementor\/thumbs\/Santa-Catalina-San-Luis-Argentina-qtwpw332qocxewrcfmnchn4agq89gpraqey6brb84o.png\" alt=\"Santa Catalina (San Luis, Argentina)\" \/><\/figure><\/div><div class=\"swiper-slide\" role=\"group\" aria-roledescription=\"slide\" aria-label=\"20 de 26\"><figure class=\"swiper-slide-inner\"><img decoding=\"async\" class=\"swiper-slide-image\" src=\"https:\/\/esquerra.com.ar\/basquet\/wp-content\/uploads\/elementor\/thumbs\/San-Felipe-San-Felipe-Chile-qtwpvtoouc026t4zyil2sphoivilbqpzd4fbizp5uw.png\" alt=\"San Felipe (San Felipe, Chile)\" \/><\/figure><\/div><div class=\"swiper-slide\" role=\"group\" aria-roledescription=\"slide\" aria-label=\"21 de 26\"><figure class=\"swiper-slide-inner\"><img decoding=\"async\" class=\"swiper-slide-image\" src=\"https:\/\/esquerra.com.ar\/basquet\/wp-content\/uploads\/elementor\/thumbs\/Racing-Cordoba-Argentina-qtwpvozhw5tmkrbtpyjxy8odjy5r997boh5w4lw4q0.png\" alt=\"Racing (C\u00f3rdoba, Argentina)\" \/><\/figure><\/div><div class=\"swiper-slide\" role=\"group\" aria-roledescription=\"slide\" aria-label=\"22 de 26\"><figure class=\"swiper-slide-inner\"><img decoding=\"async\" class=\"swiper-slide-image\" src=\"https:\/\/esquerra.com.ar\/basquet\/wp-content\/uploads\/elementor\/thumbs\/Salto-Uruguay-Salto-Uruguay-qtyf37519g95gcm5sxpxmozy2rd8phynmt661cqga0.png\" alt=\"Salto Uruguay (Salto, Uruguay)\" \/><\/figure><\/div><div class=\"swiper-slide\" role=\"group\" aria-roledescription=\"slide\" aria-label=\"23 de 26\"><figure class=\"swiper-slide-inner\"><img decoding=\"async\" class=\"swiper-slide-image\" src=\"https:\/\/esquerra.com.ar\/basquet\/wp-content\/uploads\/elementor\/thumbs\/Juniors-Cordoba-Argentina-qu05tpsimnztubzpn6yuqrjq8ff3o04fhfqi4409ns.png\" alt=\"Juniors (C\u00f3rdoba, Argentina)\" \/><\/figure><\/div><div class=\"swiper-slide\" role=\"group\" aria-roledescription=\"slide\" aria-label=\"24 de 26\"><figure class=\"swiper-slide-inner\"><img decoding=\"async\" class=\"swiper-slide-image\" src=\"https:\/\/esquerra.com.ar\/basquet\/wp-content\/uploads\/elementor\/thumbs\/Talleres-Cordoba-Argentina-qu05tm15vbuojw5695ccgshvuvxmt7pi4x4k705uco.png\" alt=\"Talleres (C\u00f3rdoba, Argentina)\" \/><\/figure><\/div><div class=\"swiper-slide\" role=\"group\" aria-roledescription=\"slide\" aria-label=\"25 de 26\"><figure class=\"swiper-slide-inner\"><img decoding=\"async\" class=\"swiper-slide-image\" src=\"https:\/\/esquerra.com.ar\/basquet\/wp-content\/uploads\/elementor\/thumbs\/Ingeniero-Lucas-Vazquez-Monte-Cristo-Argentina-quc4kq7fxbxarn6xl6n8smhugbc09jvti0naiflujs.png\" alt=\"Ingeniero Lucas V\u00e1zquez (Monte Cristo, Argentina)\" \/><\/figure><\/div><div class=\"swiper-slide\" role=\"group\" aria-roledescription=\"slide\" aria-label=\"26 de 26\"><figure class=\"swiper-slide-inner\"><img decoding=\"async\" class=\"swiper-slide-image\" src=\"https:\/\/esquerra.com.ar\/basquet\/wp-content\/uploads\/elementor\/thumbs\/Union-Electrica-Cordoba-Argentina-quc4yjg2cotzdd4nxnkvxn0op596dfptqdr5dt4l48.png\" alt=\"Uni\u00f3n El\u00e9ctrica (C\u00f3rdoba, Argentina)\" \/><\/figure><\/div>\t\t\t<\/div>\n\t\t\t\t\t\t\t\t\t\t\t\t<div class=\"elementor-swiper-button elementor-swiper-button-prev\" role=\"button\" tabindex=\"0\">\n\t\t\t\t\t\t<svg aria-hidden=\"true\" class=\"e-font-icon-svg e-eicon-chevron-left\" viewBox=\"0 0 1000 1000\" xmlns=\"http:\/\/www.w3.org\/2000\/svg\"><path d=\"M646 125C629 125 613 133 604 142L308 442C296 454 292 471 292 487 292 504 296 521 308 533L604 854C617 867 629 875 646 875 663 875 679 871 692 858 704 846 713 829 713 812 713 796 708 779 692 767L438 487 692 225C700 217 708 204 708 187 708 171 704 154 692 142 675 129 663 125 646 125Z\"><\/path><\/svg>\t\t\t\t\t<\/div>\n\t\t\t\t\t<div class=\"elementor-swiper-button elementor-swiper-button-next\" role=\"button\" tabindex=\"0\">\n\t\t\t\t\t\t<svg aria-hidden=\"true\" class=\"e-font-icon-svg e-eicon-chevron-right\" viewBox=\"0 0 1000 1000\" xmlns=\"http:\/\/www.w3.org\/2000\/svg\"><path d=\"M696 533C708 521 713 504 713 487 713 471 708 454 696 446L400 146C388 133 375 125 354 125 338 125 325 129 313 142 300 154 292 171 292 187 292 204 296 221 308 233L563 492 304 771C292 783 288 800 288 817 288 833 296 850 308 863 321 871 338 875 354 875 371 875 388 867 400 854L696 533Z\"><\/path><\/svg>\t\t\t\t\t<\/div>\n\t\t\t\t\n\t\t\t\t\t\t\t\t\t<div class=\"swiper-pagination\"><\/div>\n\t\t\t\t\t\t\t\t\t<\/div>\n\t\t\t\t\t\t<\/div>\n\t\t\t\t<\/div>\n\t\t\t\t<\/div>\n\t\t<div class=\"elementor-element elementor-element-04a2f23 e-flex e-con-boxed e-con e-parent\" data-id=\"04a2f23\" data-element_type=\"container\" data-e-type=\"container\">\n\t\t\t\t\t<div class=\"e-con-inner\">\n\t\t<div class=\"elementor-element elementor-element-065a36c e-con-full e-flex e-con e-child\" data-id=\"065a36c\" data-element_type=\"container\" data-e-type=\"container\">\n\t\t\t\t<div class=\"elementor-element elementor-element-12562d0 content-align--mobilecta-center content-align-cta-center elementor-widget elementor-widget-eael-cta-box\" data-id=\"12562d0\" data-element_type=\"widget\" data-e-type=\"widget\" data-settings=\"{&quot;_animation&quot;:&quot;none&quot;}\" data-widget_type=\"eael-cta-box.default\">\n\t\t\t\t<div class=\"elementor-widget-container\">\n\t\t\t\t\t\t\t<div class=\"eael-call-to-action cta-basic bg-img cta-preset-1\">\n        <h2 class=\"title eael-cta-heading\">U10<\/h2><a href=\"https:\/\/esquerra.com.ar\/basquet\/u10-octubre-2024\/\" class=\"cta-button cta-preset-1  \">ver mas<\/a>\t<\/div>\n\t\t\t\t\t\t\t\t<\/div>\n\t\t\t\t<\/div>\n\t\t\t\t<div class=\"elementor-element elementor-element-8586f87 content-align--mobilecta-center content-align-cta-center elementor-widget elementor-widget-eael-cta-box\" data-id=\"8586f87\" data-element_type=\"widget\" data-e-type=\"widget\" data-settings=\"{&quot;_animation&quot;:&quot;none&quot;}\" data-widget_type=\"eael-cta-box.default\">\n\t\t\t\t<div class=\"elementor-widget-container\">\n\t\t\t\t\t\t\t<div class=\"eael-call-to-action cta-basic bg-img cta-preset-1\">\n        <h2 class=\"title eael-cta-heading\">U12<\/h2><a href=\"https:\/\/esquerra.com.ar\/basquet\/u12-octubre-2024\/\" class=\"cta-button cta-preset-1  \">ver mas<\/a>\t<\/div>\n\t\t\t\t\t\t\t\t<\/div>\n\t\t\t\t<\/div>\n\t\t\t\t<div class=\"elementor-element elementor-element-446354b content-align--mobilecta-center content-align-cta-center elementor-widget elementor-widget-eael-cta-box\" data-id=\"446354b\" data-element_type=\"widget\" data-e-type=\"widget\" data-settings=\"{&quot;_animation&quot;:&quot;none&quot;}\" data-widget_type=\"eael-cta-box.default\">\n\t\t\t\t<div class=\"elementor-widget-container\">\n\t\t\t\t\t\t\t<div class=\"eael-call-to-action cta-basic bg-img cta-preset-1\">\n        <h2 class=\"title eael-cta-heading\">U14 FEMENINO<\/h2><a href=\"https:\/\/esquerra.com.ar\/basquet\/u14-femenino-septiembre-2024\/\" class=\"cta-button cta-preset-1  \">ver mas<\/a>\t<\/div>\n\t\t\t\t\t\t\t\t<\/div>\n\t\t\t\t<\/div>\n\t\t\t\t<div class=\"elementor-element elementor-element-8ec3fd7 content-align--mobilecta-center content-align-cta-center elementor-widget elementor-widget-eael-cta-box\" data-id=\"8ec3fd7\" data-element_type=\"widget\" data-e-type=\"widget\" data-settings=\"{&quot;_animation&quot;:&quot;none&quot;}\" data-widget_type=\"eael-cta-box.default\">\n\t\t\t\t<div class=\"elementor-widget-container\">\n\t\t\t\t\t\t\t<div class=\"eael-call-to-action cta-basic bg-img cta-preset-1\">\n        <h2 class=\"title eael-cta-heading\">U16 FEMENINO<\/h2><a href=\"https:\/\/esquerra.com.ar\/basquet\/u16-femenino-octubre-2024\/\" class=\"cta-button cta-preset-1  \">ver mas<\/a>\t<\/div>\n\t\t\t\t\t\t\t\t<\/div>\n\t\t\t\t<\/div>\n\t\t\t\t<\/div>\n\t\t<div class=\"elementor-element elementor-element-d2a537a e-con-full e-flex e-con e-child\" data-id=\"d2a537a\" data-element_type=\"container\" data-e-type=\"container\">\n\t\t\t\t<div class=\"elementor-element elementor-element-edc63dd content-align--mobilecta-center content-align-cta-center elementor-widget elementor-widget-eael-cta-box\" data-id=\"edc63dd\" data-element_type=\"widget\" data-e-type=\"widget\" data-widget_type=\"eael-cta-box.default\">\n\t\t\t\t<div class=\"elementor-widget-container\">\n\t\t\t\t\t\t\t<div class=\"eael-call-to-action cta-basic bg-img cta-preset-1\">\n        <h2 class=\"title eael-cta-heading\">U13 MASCULINO<\/h2><a href=\"https:\/\/esquerra.com.ar\/basquet\/u13-masculino-octubre-2024\/\" class=\"cta-button cta-preset-1  \">ver mas<\/a>\t<\/div>\n\t\t\t\t\t\t\t\t<\/div>\n\t\t\t\t<\/div>\n\t\t\t\t<div class=\"elementor-element elementor-element-92f6f33 content-align--mobilecta-center content-align-cta-center elementor-widget elementor-widget-eael-cta-box\" data-id=\"92f6f33\" data-element_type=\"widget\" data-e-type=\"widget\" data-widget_type=\"eael-cta-box.default\">\n\t\t\t\t<div class=\"elementor-widget-container\">\n\t\t\t\t\t\t\t<div class=\"eael-call-to-action cta-basic bg-img cta-preset-1\">\n        <h2 class=\"title eael-cta-heading\">U14 MASCULINO<\/h2><a href=\"https:\/\/esquerra.com.ar\/basquet\/u14-masculino-octubre-2024\/\" class=\"cta-button cta-preset-1  \">ver mas<\/a>\t<\/div>\n\t\t\t\t\t\t\t\t<\/div>\n\t\t\t\t<\/div>\n\t\t\t\t<div class=\"elementor-element elementor-element-fed00bf content-align--mobilecta-center content-align-cta-center elementor-widget elementor-widget-eael-cta-box\" data-id=\"fed00bf\" data-element_type=\"widget\" data-e-type=\"widget\" data-widget_type=\"eael-cta-box.default\">\n\t\t\t\t<div class=\"elementor-widget-container\">\n\t\t\t\t\t\t\t<div class=\"eael-call-to-action cta-basic bg-img cta-preset-1\">\n        <h2 class=\"title eael-cta-heading\">U15 MASCULINO<\/h2><a href=\"https:\/\/esquerra.com.ar\/basquet\/u15-masculino-octubre-2024\/\" class=\"cta-button cta-preset-1  \">ver mas<\/a>\t<\/div>\n\t\t\t\t\t\t\t\t<\/div>\n\t\t\t\t<\/div>\n\t\t\t\t<div class=\"elementor-element elementor-element-581dad2 content-align--mobilecta-center content-align-cta-center elementor-widget elementor-widget-eael-cta-box\" data-id=\"581dad2\" data-element_type=\"widget\" data-e-type=\"widget\" data-widget_type=\"eael-cta-box.default\">\n\t\t\t\t<div class=\"elementor-widget-container\">\n\t\t\t\t\t\t\t<div class=\"eael-call-to-action cta-basic bg-img cta-preset-1\">\n        <h2 class=\"title eael-cta-heading\">U16 MASCULINO<\/h2><a href=\"https:\/\/esquerra.com.ar\/basquet\/u16-masculino-octubre-2024\/\" class=\"cta-button cta-preset-1  \">ver mas<\/a>\t<\/div>\n\t\t\t\t\t\t\t\t<\/div>\n\t\t\t\t<\/div>\n\t\t\t\t<div class=\"elementor-element elementor-element-83c2e9a content-align--mobilecta-center content-align-cta-center elementor-widget elementor-widget-eael-cta-box\" data-id=\"83c2e9a\" data-element_type=\"widget\" data-e-type=\"widget\" data-widget_type=\"eael-cta-box.default\">\n\t\t\t\t<div class=\"elementor-widget-container\">\n\t\t\t\t\t\t\t<div class=\"eael-call-to-action cta-basic bg-img cta-preset-1\">\n        <h2 class=\"title eael-cta-heading\">U17 MASCULINO<\/h2><a href=\"https:\/\/esquerra.com.ar\/basquet\/u17-masculino-octubre-2024\/\" class=\"cta-button cta-preset-1  \">ver mas<\/a>\t<\/div>\n\t\t\t\t\t\t\t\t<\/div>\n\t\t\t\t<\/div>\n\t\t\t\t<div class=\"elementor-element elementor-element-c259471 content-align--mobilecta-center content-align-cta-center elementor-widget elementor-widget-eael-cta-box\" data-id=\"c259471\" data-element_type=\"widget\" data-e-type=\"widget\" data-widget_type=\"eael-cta-box.default\">\n\t\t\t\t<div class=\"elementor-widget-container\">\n\t\t\t\t\t\t\t<div class=\"eael-call-to-action cta-basic bg-img cta-preset-1\">\n        <h2 class=\"title eael-cta-heading\">U18 MASCULINO<\/h2><a href=\"https:\/\/esquerra.com.ar\/basquet\/u18-masculino-octubre-2024\/\" class=\"cta-button cta-preset-1  \">ver mas<\/a>\t<\/div>\n\t\t\t\t\t\t\t\t<\/div>\n\t\t\t\t<\/div>\n\t\t\t\t<div class=\"elementor-element elementor-element-be07848 content-align--mobilecta-center content-align-cta-center elementor-widget elementor-widget-eael-cta-box\" data-id=\"be07848\" data-element_type=\"widget\" data-e-type=\"widget\" data-widget_type=\"eael-cta-box.default\">\n\t\t\t\t<div class=\"elementor-widget-container\">\n\t\t\t\t\t\t\t<div class=\"eael-call-to-action cta-basic bg-img cta-preset-1\">\n        <h2 class=\"title eael-cta-heading\">U20 MASCULINO<\/h2><a href=\"https:\/\/esquerra.com.ar\/basquet\/u20-masculino-octubre-2024\/\" class=\"cta-button cta-preset-1  \">ver mas<\/a>\t<\/div>\n\t\t\t\t\t\t\t\t<\/div>\n\t\t\t\t<\/div>\n\t\t\t\t<\/div>\n\t\t\t\t\t<\/div>\n\t\t\t\t<\/div>\n\t\t<div class=\"elementor-element elementor-element-1b706371 e-con-full e-flex e-con e-child\" data-id=\"1b706371\" data-element_type=\"container\" data-e-type=\"container\">\n\t\t\t\t<div class=\"elementor-element elementor-element-301d1977 elementor-invisible elementor-widget elementor-widget-heading\" data-id=\"301d1977\" data-element_type=\"widget\" data-e-type=\"widget\" data-settings=\"{&quot;_animation&quot;:&quot;bounceIn&quot;,&quot;_animation_mobile&quot;:&quot;bounceIn&quot;}\" data-widget_type=\"heading.default\">\n\t\t\t\t<div class=\"elementor-widget-container\">\n\t\t\t\t\t<h3 class=\"elementor-heading-title elementor-size-default\">Toda la cobertura period\u00edstica del Mundialito <img decoding=\"async\" role=\"img\" class=\"emoji\" alt=\"\ud83d\udc47\" src=\"https:\/\/s.w.org\/images\/core\/emoji\/15.0.3\/svg\/1f447.svg\"><\/h3>\t\t\t\t<\/div>\n\t\t\t\t<\/div>\n\t\t\t\t<\/div>\n\t\t<div class=\"elementor-element elementor-element-25a496a e-flex e-con-boxed e-con e-parent\" data-id=\"25a496a\" data-element_type=\"container\" data-e-type=\"container\" data-settings=\"{&quot;background_background&quot;:&quot;classic&quot;}\">\n\t\t\t\t\t<div class=\"e-con-inner\">\n\t\t\t\t<div class=\"elementor-element elementor-element-c633574 elementor-widget elementor-widget-spacer\" data-id=\"c633574\" data-element_type=\"widget\" data-e-type=\"widget\" data-widget_type=\"spacer.default\">\n\t\t\t\t<div class=\"elementor-widget-container\">\n\t\t\t\t\t\t\t<div class=\"elementor-spacer\">\n\t\t\t<div class=\"elementor-spacer-inner\"><\/div>\n\t\t<\/div>\n\t\t\t\t\t\t<\/div>\n\t\t\t\t<\/div>\n\t\t\t\t<div class=\"elementor-element elementor-element-4e68662 elementor-widget elementor-widget-heading\" data-id=\"4e68662\" data-element_type=\"widget\" data-e-type=\"widget\" data-widget_type=\"heading.default\">\n\t\t\t\t<div class=\"elementor-widget-container\">\n\t\t\t\t\t<h3 class=\"elementor-heading-title elementor-size-default\">LEE TODAS LAS NOTICIAS<br>DEL MUNDIALITO<\/h3>\t\t\t\t<\/div>\n\t\t\t\t<\/div>\n\t\t\t\t<div class=\"elementor-element elementor-element-b04ee01 elementor-widget elementor-widget-button\" data-id=\"b04ee01\" data-element_type=\"widget\" data-e-type=\"widget\" data-widget_type=\"button.default\">\n\t\t\t\t<div class=\"elementor-widget-container\">\n\t\t\t\t\t\t\t\t\t<div class=\"elementor-button-wrapper\">\n\t\t\t\t\t<a class=\"elementor-button elementor-button-link elementor-size-sm\" href=\"https:\/\/esquerra.com.ar\/basquet\/noticias-mundialito-octubre-2024\/\">\n\t\t\t\t\t\t<span class=\"elementor-button-content-wrapper\">\n\t\t\t\t\t\t<span class=\"elementor-button-icon\">\n\t\t\t\t<svg aria-hidden=\"true\" class=\"e-font-icon-svg e-fas-arrow-alt-circle-right\" viewBox=\"0 0 512 512\" xmlns=\"http:\/\/www.w3.org\/2000\/svg\"><path d=\"M256 8c137 0 248 111 248 248S393 504 256 504 8 393 8 256 119 8 256 8zM140 300h116v70.9c0 10.7 13 16.1 20.5 8.5l114.3-114.9c4.7-4.7 4.7-12.2 0-16.9l-114.3-115c-7.6-7.6-20.5-2.2-20.5 8.5V212H140c-6.6 0-12 5.4-12 12v64c0 6.6 5.4 12 12 12z\"><\/path><\/svg>\t\t\t<\/span>\n\t\t\t\t\t\t\t\t\t<span class=\"elementor-button-text\">INGRESA AQU\u00cd<\/span>\n\t\t\t\t\t<\/span>\n\t\t\t\t\t<\/a>\n\t\t\t\t<\/div>\n\t\t\t\t\t\t\t\t<\/div>\n\t\t\t\t<\/div>\n\t\t\t\t\t<\/div>\n\t\t\t\t<\/div>\n\t\t\t\t<\/div>\n\t\t","protected":false},"excerpt":{"rendered":"<p>MUNDIALITO FORMATIVAS 4, 5 y 6 OCTUBRE 2024 MUNDIALITO FORMATIVAS 4, 5 y 6 OCTUBRE 2024 EQUIPOS QUE PARTICIPARON U10 ver mas U12 ver mas U14 FEMENINO ver mas U16 FEMENINO ver mas U13 MASCULINO ver mas U14 MASCULINO ver mas U15 MASCULINO ver mas U16 MASCULINO ver mas U17 MASCULINO ver mas U18 MASCULINO&hellip;&nbsp;<a href=\"https:\/\/esquerra.com.ar\/basquet\/mundialito-formativas-octubre-2024\/\" rel=\"bookmark\">Leer m\u00e1s &raquo;<span class=\"screen-reader-text\">Mundialito Formativas Octubre 2024<\/span><\/a><\/p>\n","protected":false},"author":1,"featured_media":1897,"parent":0,"menu_order":0,"comment_status":"closed","ping_status":"closed","template":"page-templates\/template-pagebuilder-full-width.php","meta":{"_coblocks_attr":"","_coblocks_dimensions":"","_coblocks_responsive_height":"","_coblocks_accordion_ie_support":"","neve_meta_sidebar":"","neve_meta_container":"","neve_meta_enable_content_width":"","neve_meta_content_width":0,"neve_meta_title_alignment":"","neve_meta_author_avatar":"","neve_post_elements_order":"","neve_meta_disable_header":"","neve_meta_disable_footer":"","neve_meta_disable_title":"","footnotes":""},"class_list":["post-561","page","type-page","status-publish","has-post-thumbnail","hentry"],"_links":{"self":[{"href":"https:\/\/esquerra.com.ar\/basquet\/wp-json\/wp\/v2\/pages\/561","targetHints":{"allow":["GET"]}}],"collection":[{"href":"https:\/\/esquerra.com.ar\/basquet\/wp-json\/wp\/v2\/pages"}],"about":[{"href":"https:\/\/esquerra.com.ar\/basquet\/wp-json\/wp\/v2\/types\/page"}],"author":[{"embeddable":true,"href":"https:\/\/esquerra.com.ar\/basquet\/wp-json\/wp\/v2\/users\/1"}],"replies":[{"embeddable":true,"href":"https:\/\/esquerra.com.ar\/basquet\/wp-json\/wp\/v2\/comments?post=561"}],"version-history":[{"count":201,"href":"https:\/\/esquerra.com.ar\/basquet\/wp-json\/wp\/v2\/pages\/561\/revisions"}],"predecessor-version":[{"id":2891,"href":"https:\/\/esquerra.com.ar\/basquet\/wp-json\/wp\/v2\/pages\/561\/revisions\/2891"}],"wp:featuredmedia":[{"embeddable":true,"href":"https:\/\/esquerra.com.ar\/basquet\/wp-json\/wp\/v2\/media\/1897"}],"wp:attachment":[{"href":"https:\/\/esquerra.com.ar\/basquet\/wp-json\/wp\/v2\/media?parent=561"}],"curies":[{"name":"wp","href":"https:\/\/api.w.org\/{rel}","templated":true}]}}