{"id":2695,"date":"2025-08-22T17:07:48","date_gmt":"2025-08-22T20:07:48","guid":{"rendered":"https:\/\/esquerra.com.ar\/basquet\/?page_id=2695"},"modified":"2025-09-07T14:38:38","modified_gmt":"2025-09-07T17:38:38","slug":"50-masculino-septiembre-2025","status":"publish","type":"page","link":"https:\/\/esquerra.com.ar\/basquet\/sudamericano-senior-septiembre-2025\/50-masculino-septiembre-2025\/","title":{"rendered":"+50 Masculino &#8211; Septiembre 2025"},"content":{"rendered":"\n<h2 class=\"wp-block-heading has-text-align-center has-roboto-font-family has-custom-font has-custom-weight has-custom-letterspacing\" style=\"font-family:Roboto;letter-spacing:-1px;font-weight:300;font-size:35px\">Fase Regular<\/h2>\n\n\n\n<div class=\"wp-block-coblocks-accordion\">\n<div class=\"wp-block-coblocks-accordion-item has-custom-font has-custom-weight has-custom-transform\" style=\"font-family:Montserrat;font-weight:400;text-transform:uppercase\"><details><summary class=\"wp-block-coblocks-accordion-item__title has-background has-text-color has-nv-dark-bg-color\" style=\"background-color:#75e18c\"><strong>Zona y posiciones<\/strong><\/summary><div class=\"wp-block-coblocks-accordion-item__content\" style=\"border-color:#75e18c\"><div class=\"sportspress\"><div class=\"sp-template sp-template-league-table\">\n\t<h4 class=\"sp-table-caption\">CATEGOR\u00cdA +50M<\/h4><div class=\"sp-table-wrapper\"><table class=\"sp-league-table sp-league-table-2731 sp-data-table sp-sortable-table sp-responsive-table table_69ef6f8c4a7af sp-scrollable-table sp-paginated-table\" data-sp-rows=\"30\"><thead><tr><th class=\"data-rank\">Pos<\/th><th class=\"data-name\">Equipo<\/th><th class=\"data-pts\">Pts<\/th><th class=\"data-g\">G<\/th><th class=\"data-p\">P<\/th><th class=\"data-pf\">PF<\/th><th class=\"data-pc\">PC<\/th><th class=\"data-dif\">DIF<\/th><\/tr><\/thead><tbody><tr class=\"odd sp-row-no-0\"><td class=\"data-rank\" data-label=\"Pos\">1<\/td><td class=\"data-name has-logo\" data-label=\"Equipo\"><span class=\"team-logo\"><img decoding=\"async\" width=\"128\" height=\"128\" src=\"https:\/\/esquerra.com.ar\/basquet\/wp-content\/uploads\/2025\/08\/Almagro-Esperanza-Argentina-128x128.png\" class=\"attachment-sportspress-fit-icon size-sportspress-fit-icon wp-post-image\" alt=\"\" \/><\/span>Almagro (Esperanza, Argentina)<\/td><td class=\"data-pts\" data-label=\"Pts\">6<\/td><td class=\"data-g\" data-label=\"G\">3<\/td><td class=\"data-p\" data-label=\"P\">0<\/td><td class=\"data-pf\" data-label=\"PF\">223<\/td><td class=\"data-pc\" data-label=\"PC\">161<\/td><td class=\"data-dif\" data-label=\"DIF\">62<\/td><\/tr><tr class=\"even sp-row-no-1\"><td class=\"data-rank\" data-label=\"Pos\">2<\/td><td class=\"data-name has-logo\" data-label=\"Equipo\"><span class=\"team-logo\"><img decoding=\"async\" width=\"128\" height=\"128\" src=\"https:\/\/esquerra.com.ar\/basquet\/wp-content\/uploads\/2024\/04\/Hindu-Cba-128x128.png\" class=\"attachment-sportspress-fit-icon size-sportspress-fit-icon wp-post-image\" alt=\"Hind\u00fa Club (Cba)\" \/><\/span>Hind\u00fa Club (C\u00f3rdoba, Argentina)<\/td><td class=\"data-pts\" data-label=\"Pts\">5<\/td><td class=\"data-g\" data-label=\"G\">2<\/td><td class=\"data-p\" data-label=\"P\">1<\/td><td class=\"data-pf\" data-label=\"PF\">197<\/td><td class=\"data-pc\" data-label=\"PC\">153<\/td><td class=\"data-dif\" data-label=\"DIF\">44<\/td><\/tr><tr class=\"odd sp-row-no-2\"><td class=\"data-rank\" data-label=\"Pos\">3<\/td><td class=\"data-name has-logo\" data-label=\"Equipo\"><span class=\"team-logo\"><img decoding=\"async\" width=\"128\" height=\"128\" src=\"https:\/\/esquerra.com.ar\/basquet\/wp-content\/uploads\/2024\/04\/Redes-128x128.png\" class=\"attachment-sportspress-fit-icon size-sportspress-fit-icon wp-post-image\" alt=\"Redes (C\u00f3rdoba)\" \/><\/span>Redes (C\u00f3rdoba)<\/td><td class=\"data-pts\" data-label=\"Pts\">4<\/td><td class=\"data-g\" data-label=\"G\">1<\/td><td class=\"data-p\" data-label=\"P\">2<\/td><td class=\"data-pf\" data-label=\"PF\">170<\/td><td class=\"data-pc\" data-label=\"PC\">206<\/td><td class=\"data-dif\" data-label=\"DIF\">-36<\/td><\/tr><tr class=\"even sp-row-no-3\"><td class=\"data-rank\" data-label=\"Pos\">4<\/td><td class=\"data-name has-logo\" data-label=\"Equipo\"><span class=\"team-logo\"><img loading=\"lazy\" decoding=\"async\" width=\"128\" height=\"128\" src=\"https:\/\/esquerra.com.ar\/basquet\/wp-content\/uploads\/2025\/08\/Regatas-Maxi-Basquet-Santa-Fe-Argentina-128x128.png\" class=\"attachment-sportspress-fit-icon size-sportspress-fit-icon wp-post-image\" alt=\"\" \/><\/span>Regatas (Santa Fe, Argentina)<\/td><td class=\"data-pts\" data-label=\"Pts\">3<\/td><td class=\"data-g\" data-label=\"G\">0<\/td><td class=\"data-p\" data-label=\"P\">3<\/td><td class=\"data-pf\" data-label=\"PF\">130<\/td><td class=\"data-pc\" data-label=\"PC\">200<\/td><td class=\"data-dif\" data-label=\"DIF\">-70<\/td><\/tr><\/tbody><\/table><\/div><\/div>\n<\/div>\n<\/div><\/details><\/div>\n\n\n\n<div class=\"wp-block-coblocks-accordion-item\"><details><summary class=\"wp-block-coblocks-accordion-item__title has-background has-text-color has-nv-dark-bg-color\" style=\"background-color:#75e18c\"><strong>Fixture y Resultados<\/strong><\/summary><div class=\"wp-block-coblocks-accordion-item__content\" style=\"border-color:#75e18c\">\n<p><\/p>\n\n\n<div class=\"sportspress\"><h4 class=\"sp-table-caption\">Fixture y Resultados +50M<\/h4><div class=\"sp-template sp-template-event-blocks\">\n\t<div class=\"sp-table-wrapper\">\n\t\t<table class=\"sp-event-blocks sp-data-table\n\t\t\t\t\t sp-paginated-table\" data-sp-rows=\"99\">\n\t\t\t<thead><tr><th><\/th><\/tr><\/thead> \t\t\t<tbody>\n\t\t\t\t\t\t\t\t\t<tr class=\"sp-row sp-post alternate\" itemscope itemtype=\"http:\/\/schema.org\/SportsEvent\">\n\t\t\t\t\t\t<td>\n\t\t\t\t\t\t\t\t\t\t\t\t\t\t<span class=\"team-logo logo-odd\" title=\"Regatas (Santa Fe, Argentina)\"><img loading=\"lazy\" decoding=\"async\" width=\"128\" height=\"128\" src=\"https:\/\/esquerra.com.ar\/basquet\/wp-content\/uploads\/2025\/08\/Regatas-Maxi-Basquet-Santa-Fe-Argentina-128x128.png\" class=\"attachment-sportspress-fit-icon size-sportspress-fit-icon wp-post-image\" alt=\"\" \/><\/span> <span class=\"team-logo logo-even\" title=\"Hind\u00fa Club (C\u00f3rdoba, Argentina)\"><img decoding=\"async\" width=\"128\" height=\"128\" src=\"https:\/\/esquerra.com.ar\/basquet\/wp-content\/uploads\/2024\/04\/Hindu-Cba-128x128.png\" class=\"attachment-sportspress-fit-icon size-sportspress-fit-icon wp-post-image\" alt=\"Hind\u00fa Club (Cba)\" \/><\/span>\t\t\t\t\t\t\t<time class=\"sp-event-date\" datetime=\"2025-09-05 19:15:47\" itemprop=\"startDate\" content=\"2025-09-05T19:15:47-03:00\">\n\t\t\t\t\t\t\t\t05\/09\/2025\t\t\t\t\t\t\t<\/time>\n\t\t\t\t\t\t\t\t\t\t\t\t\t\t<h5 class=\"sp-event-results\">\n\t\t\t\t\t\t\t\t<span class=\"sp-result ok\">31<\/span> - <span class=\"sp-result\">57<\/span>\t\t\t\t\t\t\t<\/h5>\n\t\t\t\t\t\t\t\t\t\t\t\t\t\t\t\t\t\t\t\t\t\t<div class=\"sp-event-season\">+50 Masculino \u2013 Septiembre 2025 \u2013 ZONA \u00daNICA<\/div>\n\t\t\t\t\t\t\t\t\t\t\t\t\t\t\t\t\t\t\t\t\t\t\t\t\t\t\t\t\t\t<div class=\"sp-event-venue\" itemprop=\"location\" itemscope itemtype=\"http:\/\/schema.org\/Place\"><div itemprop=\"address\" itemscope itemtype=\"http:\/\/schema.org\/PostalAddress\">Hind\u00fa Club 1<\/div><\/div>\n\t\t\t\t\t\t\t\t\t\t\t\t\t\t\t\t\t\t\t\t\t\t\t\t\t\t\t\t\t\t<div style=\"display:none;\" class=\"sp-event-venue\" itemprop=\"location\" itemscope itemtype=\"http:\/\/schema.org\/Place\"><div itemprop=\"address\" itemscope itemtype=\"http:\/\/schema.org\/PostalAddress\">N\/D<\/div><\/div>\n\t\t\t\t\t\t\t\t\t\t\t\t\t\t<h4 class=\"sp-event-title\" itemprop=\"name\">\n\t\t\t\t\t\t\t\tRegatas (Santa Fe, Argentina) vs Hind\u00fa Club (C\u00f3rdoba, Argentina)\t\t\t\t\t\t\t<\/h4>\n\t\t\t\t\t\t\t\n\t\t\t\t\t\t<\/td>\n\t\t\t\t\t<\/tr>\n\t\t\t\t\t\t\t\t\t\t<tr class=\"sp-row sp-post\" itemscope itemtype=\"http:\/\/schema.org\/SportsEvent\">\n\t\t\t\t\t\t<td>\n\t\t\t\t\t\t\t\t\t\t\t\t\t\t<span class=\"team-logo logo-odd\" title=\"Redes (C\u00f3rdoba)\"><img decoding=\"async\" width=\"128\" height=\"128\" src=\"https:\/\/esquerra.com.ar\/basquet\/wp-content\/uploads\/2024\/04\/Redes-128x128.png\" class=\"attachment-sportspress-fit-icon size-sportspress-fit-icon wp-post-image\" alt=\"Redes (C\u00f3rdoba)\" \/><\/span> <span class=\"team-logo logo-even\" title=\"Almagro (Esperanza, Argentina)\"><img decoding=\"async\" width=\"128\" height=\"128\" src=\"https:\/\/esquerra.com.ar\/basquet\/wp-content\/uploads\/2025\/08\/Almagro-Esperanza-Argentina-128x128.png\" class=\"attachment-sportspress-fit-icon size-sportspress-fit-icon wp-post-image\" alt=\"\" \/><\/span>\t\t\t\t\t\t\t<time class=\"sp-event-date\" datetime=\"2025-09-05 20:30:54\" itemprop=\"startDate\" content=\"2025-09-05T20:30:54-03:00\">\n\t\t\t\t\t\t\t\t05\/09\/2025\t\t\t\t\t\t\t<\/time>\n\t\t\t\t\t\t\t\t\t\t\t\t\t\t<h5 class=\"sp-event-results\">\n\t\t\t\t\t\t\t\t<span class=\"sp-result ok\">54<\/span> - <span class=\"sp-result\">74<\/span>\t\t\t\t\t\t\t<\/h5>\n\t\t\t\t\t\t\t\t\t\t\t\t\t\t\t\t\t\t\t\t\t\t<div class=\"sp-event-season\">+50 Masculino \u2013 Septiembre 2025 \u2013 ZONA \u00daNICA<\/div>\n\t\t\t\t\t\t\t\t\t\t\t\t\t\t\t\t\t\t\t\t\t\t\t\t\t\t\t\t\t\t<div class=\"sp-event-venue\" itemprop=\"location\" itemscope itemtype=\"http:\/\/schema.org\/Place\"><div itemprop=\"address\" itemscope itemtype=\"http:\/\/schema.org\/PostalAddress\">Hind\u00fa Club 1<\/div><\/div>\n\t\t\t\t\t\t\t\t\t\t\t\t\t\t\t\t\t\t\t\t\t\t\t\t\t\t\t\t\t\t<div style=\"display:none;\" class=\"sp-event-venue\" itemprop=\"location\" itemscope itemtype=\"http:\/\/schema.org\/Place\"><div itemprop=\"address\" itemscope itemtype=\"http:\/\/schema.org\/PostalAddress\">N\/D<\/div><\/div>\n\t\t\t\t\t\t\t\t\t\t\t\t\t\t<h4 class=\"sp-event-title\" itemprop=\"name\">\n\t\t\t\t\t\t\t\tRedes (C\u00f3rdoba) vs Almagro (Esperanza, Argentina)\t\t\t\t\t\t\t<\/h4>\n\t\t\t\t\t\t\t\n\t\t\t\t\t\t<\/td>\n\t\t\t\t\t<\/tr>\n\t\t\t\t\t\t\t\t\t\t<tr class=\"sp-row sp-post alternate\" itemscope itemtype=\"http:\/\/schema.org\/SportsEvent\">\n\t\t\t\t\t\t<td>\n\t\t\t\t\t\t\t\t\t\t\t\t\t\t<span class=\"team-logo logo-odd\" title=\"Hind\u00fa Club (C\u00f3rdoba, Argentina)\"><img decoding=\"async\" width=\"128\" height=\"128\" src=\"https:\/\/esquerra.com.ar\/basquet\/wp-content\/uploads\/2024\/04\/Hindu-Cba-128x128.png\" class=\"attachment-sportspress-fit-icon size-sportspress-fit-icon wp-post-image\" alt=\"Hind\u00fa Club (Cba)\" \/><\/span> <span class=\"team-logo logo-even\" title=\"Almagro (Esperanza, Argentina)\"><img decoding=\"async\" width=\"128\" height=\"128\" src=\"https:\/\/esquerra.com.ar\/basquet\/wp-content\/uploads\/2025\/08\/Almagro-Esperanza-Argentina-128x128.png\" class=\"attachment-sportspress-fit-icon size-sportspress-fit-icon wp-post-image\" alt=\"\" \/><\/span>\t\t\t\t\t\t\t<time class=\"sp-event-date\" datetime=\"2025-09-06 09:30:45\" itemprop=\"startDate\" content=\"2025-09-06T09:30:45-03:00\">\n\t\t\t\t\t\t\t\t06\/09\/2025\t\t\t\t\t\t\t<\/time>\n\t\t\t\t\t\t\t\t\t\t\t\t\t\t<h5 class=\"sp-event-results\">\n\t\t\t\t\t\t\t\t<span class=\"sp-result ok\">65<\/span> - <span class=\"sp-result\">72<\/span>\t\t\t\t\t\t\t<\/h5>\n\t\t\t\t\t\t\t\t\t\t\t\t\t\t\t\t\t\t\t\t\t\t<div class=\"sp-event-season\">+50 Masculino \u2013 Septiembre 2025 \u2013 ZONA \u00daNICA<\/div>\n\t\t\t\t\t\t\t\t\t\t\t\t\t\t\t\t\t\t\t\t\t\t\t\t\t\t\t\t\t\t<div class=\"sp-event-venue\" itemprop=\"location\" itemscope itemtype=\"http:\/\/schema.org\/Place\"><div itemprop=\"address\" itemscope itemtype=\"http:\/\/schema.org\/PostalAddress\">Club Juniors<\/div><\/div>\n\t\t\t\t\t\t\t\t\t\t\t\t\t\t\t\t\t\t\t\t\t\t\t\t\t\t\t\t\t\t<div style=\"display:none;\" class=\"sp-event-venue\" itemprop=\"location\" itemscope itemtype=\"http:\/\/schema.org\/Place\"><div itemprop=\"address\" itemscope itemtype=\"http:\/\/schema.org\/PostalAddress\">N\/D<\/div><\/div>\n\t\t\t\t\t\t\t\t\t\t\t\t\t\t<h4 class=\"sp-event-title\" itemprop=\"name\">\n\t\t\t\t\t\t\t\tHind\u00fa Club (C\u00f3rdoba, Argentina) vs Almagro (Esperanza, Argentina)\t\t\t\t\t\t\t<\/h4>\n\t\t\t\t\t\t\t\n\t\t\t\t\t\t<\/td>\n\t\t\t\t\t<\/tr>\n\t\t\t\t\t\t\t\t\t\t<tr class=\"sp-row sp-post\" itemscope itemtype=\"http:\/\/schema.org\/SportsEvent\">\n\t\t\t\t\t\t<td>\n\t\t\t\t\t\t\t\t\t\t\t\t\t\t<span class=\"team-logo logo-odd\" title=\"Regatas (Santa Fe, Argentina)\"><img loading=\"lazy\" decoding=\"async\" width=\"128\" height=\"128\" src=\"https:\/\/esquerra.com.ar\/basquet\/wp-content\/uploads\/2025\/08\/Regatas-Maxi-Basquet-Santa-Fe-Argentina-128x128.png\" class=\"attachment-sportspress-fit-icon size-sportspress-fit-icon wp-post-image\" alt=\"\" \/><\/span> <span class=\"team-logo logo-even\" title=\"Redes (C\u00f3rdoba)\"><img decoding=\"async\" width=\"128\" height=\"128\" src=\"https:\/\/esquerra.com.ar\/basquet\/wp-content\/uploads\/2024\/04\/Redes-128x128.png\" class=\"attachment-sportspress-fit-icon size-sportspress-fit-icon wp-post-image\" alt=\"Redes (C\u00f3rdoba)\" \/><\/span>\t\t\t\t\t\t\t<time class=\"sp-event-date\" datetime=\"2025-09-06 12:45:04\" itemprop=\"startDate\" content=\"2025-09-06T12:45:04-03:00\">\n\t\t\t\t\t\t\t\t06\/09\/2025\t\t\t\t\t\t\t<\/time>\n\t\t\t\t\t\t\t\t\t\t\t\t\t\t<h5 class=\"sp-event-results\">\n\t\t\t\t\t\t\t\t<span class=\"sp-result ok\">57<\/span> - <span class=\"sp-result\">66<\/span>\t\t\t\t\t\t\t<\/h5>\n\t\t\t\t\t\t\t\t\t\t\t\t\t\t\t\t\t\t\t\t\t\t<div class=\"sp-event-season\">+50 Masculino \u2013 Septiembre 2025 \u2013 ZONA \u00daNICA<\/div>\n\t\t\t\t\t\t\t\t\t\t\t\t\t\t\t\t\t\t\t\t\t\t\t\t\t\t\t\t\t\t<div class=\"sp-event-venue\" itemprop=\"location\" itemscope itemtype=\"http:\/\/schema.org\/Place\"><div itemprop=\"address\" itemscope itemtype=\"http:\/\/schema.org\/PostalAddress\">Hind\u00fa Club 1<\/div><\/div>\n\t\t\t\t\t\t\t\t\t\t\t\t\t\t\t\t\t\t\t\t\t\t\t\t\t\t\t\t\t\t<div style=\"display:none;\" class=\"sp-event-venue\" itemprop=\"location\" itemscope itemtype=\"http:\/\/schema.org\/Place\"><div itemprop=\"address\" itemscope itemtype=\"http:\/\/schema.org\/PostalAddress\">N\/D<\/div><\/div>\n\t\t\t\t\t\t\t\t\t\t\t\t\t\t<h4 class=\"sp-event-title\" itemprop=\"name\">\n\t\t\t\t\t\t\t\tRegatas (Santa Fe, Argentina) vs Redes (C\u00f3rdoba)\t\t\t\t\t\t\t<\/h4>\n\t\t\t\t\t\t\t\n\t\t\t\t\t\t<\/td>\n\t\t\t\t\t<\/tr>\n\t\t\t\t\t\t\t\t\t\t<tr class=\"sp-row sp-post alternate\" itemscope itemtype=\"http:\/\/schema.org\/SportsEvent\">\n\t\t\t\t\t\t<td>\n\t\t\t\t\t\t\t\t\t\t\t\t\t\t<span class=\"team-logo logo-odd\" title=\"Regatas (Santa Fe, Argentina)\"><img loading=\"lazy\" decoding=\"async\" width=\"128\" height=\"128\" src=\"https:\/\/esquerra.com.ar\/basquet\/wp-content\/uploads\/2025\/08\/Regatas-Maxi-Basquet-Santa-Fe-Argentina-128x128.png\" class=\"attachment-sportspress-fit-icon size-sportspress-fit-icon wp-post-image\" alt=\"\" \/><\/span> <span class=\"team-logo logo-even\" title=\"Almagro (Esperanza, Argentina)\"><img decoding=\"async\" width=\"128\" height=\"128\" src=\"https:\/\/esquerra.com.ar\/basquet\/wp-content\/uploads\/2025\/08\/Almagro-Esperanza-Argentina-128x128.png\" class=\"attachment-sportspress-fit-icon size-sportspress-fit-icon wp-post-image\" alt=\"\" \/><\/span>\t\t\t\t\t\t\t<time class=\"sp-event-date\" datetime=\"2025-09-06 17:00:58\" itemprop=\"startDate\" content=\"2025-09-06T17:00:58-03:00\">\n\t\t\t\t\t\t\t\t06\/09\/2025\t\t\t\t\t\t\t<\/time>\n\t\t\t\t\t\t\t\t\t\t\t\t\t\t<h5 class=\"sp-event-results\">\n\t\t\t\t\t\t\t\t<span class=\"sp-result ok\">42<\/span> - <span class=\"sp-result\">77<\/span>\t\t\t\t\t\t\t<\/h5>\n\t\t\t\t\t\t\t\t\t\t\t\t\t\t\t\t\t\t\t\t\t\t<div class=\"sp-event-season\">+50 Masculino \u2013 Septiembre 2025 \u2013 ZONA \u00daNICA<\/div>\n\t\t\t\t\t\t\t\t\t\t\t\t\t\t\t\t\t\t\t\t\t\t\t\t\t\t\t\t\t\t<div class=\"sp-event-venue\" itemprop=\"location\" itemscope itemtype=\"http:\/\/schema.org\/Place\"><div itemprop=\"address\" itemscope itemtype=\"http:\/\/schema.org\/PostalAddress\">Hind\u00fa Club 1<\/div><\/div>\n\t\t\t\t\t\t\t\t\t\t\t\t\t\t\t\t\t\t\t\t\t\t\t\t\t\t\t\t\t\t<div style=\"display:none;\" class=\"sp-event-venue\" itemprop=\"location\" itemscope itemtype=\"http:\/\/schema.org\/Place\"><div itemprop=\"address\" itemscope itemtype=\"http:\/\/schema.org\/PostalAddress\">N\/D<\/div><\/div>\n\t\t\t\t\t\t\t\t\t\t\t\t\t\t<h4 class=\"sp-event-title\" itemprop=\"name\">\n\t\t\t\t\t\t\t\tRegatas (Santa Fe, Argentina) vs Almagro (Esperanza, Argentina)\t\t\t\t\t\t\t<\/h4>\n\t\t\t\t\t\t\t\n\t\t\t\t\t\t<\/td>\n\t\t\t\t\t<\/tr>\n\t\t\t\t\t\t\t\t\t\t<tr class=\"sp-row sp-post\" itemscope itemtype=\"http:\/\/schema.org\/SportsEvent\">\n\t\t\t\t\t\t<td>\n\t\t\t\t\t\t\t\t\t\t\t\t\t\t<span class=\"team-logo logo-odd\" title=\"Redes (C\u00f3rdoba)\"><img decoding=\"async\" width=\"128\" height=\"128\" src=\"https:\/\/esquerra.com.ar\/basquet\/wp-content\/uploads\/2024\/04\/Redes-128x128.png\" class=\"attachment-sportspress-fit-icon size-sportspress-fit-icon wp-post-image\" alt=\"Redes (C\u00f3rdoba)\" \/><\/span> <span class=\"team-logo logo-even\" title=\"Hind\u00fa Club (C\u00f3rdoba, Argentina)\"><img decoding=\"async\" width=\"128\" height=\"128\" src=\"https:\/\/esquerra.com.ar\/basquet\/wp-content\/uploads\/2024\/04\/Hindu-Cba-128x128.png\" class=\"attachment-sportspress-fit-icon size-sportspress-fit-icon wp-post-image\" alt=\"Hind\u00fa Club (Cba)\" \/><\/span>\t\t\t\t\t\t\t<time class=\"sp-event-date\" datetime=\"2025-09-06 18:15:56\" itemprop=\"startDate\" content=\"2025-09-06T18:15:56-03:00\">\n\t\t\t\t\t\t\t\t06\/09\/2025\t\t\t\t\t\t\t<\/time>\n\t\t\t\t\t\t\t\t\t\t\t\t\t\t<h5 class=\"sp-event-results\">\n\t\t\t\t\t\t\t\t<span class=\"sp-result ok\">50<\/span> - <span class=\"sp-result\">75<\/span>\t\t\t\t\t\t\t<\/h5>\n\t\t\t\t\t\t\t\t\t\t\t\t\t\t\t\t\t\t\t\t\t\t<div class=\"sp-event-season\">+50 Masculino \u2013 Septiembre 2025 \u2013 ZONA \u00daNICA<\/div>\n\t\t\t\t\t\t\t\t\t\t\t\t\t\t\t\t\t\t\t\t\t\t\t\t\t\t\t\t\t\t<div class=\"sp-event-venue\" itemprop=\"location\" itemscope itemtype=\"http:\/\/schema.org\/Place\"><div itemprop=\"address\" itemscope itemtype=\"http:\/\/schema.org\/PostalAddress\">Hind\u00fa Club 1<\/div><\/div>\n\t\t\t\t\t\t\t\t\t\t\t\t\t\t\t\t\t\t\t\t\t\t\t\t\t\t\t\t\t\t<div style=\"display:none;\" class=\"sp-event-venue\" itemprop=\"location\" itemscope itemtype=\"http:\/\/schema.org\/Place\"><div itemprop=\"address\" itemscope itemtype=\"http:\/\/schema.org\/PostalAddress\">N\/D<\/div><\/div>\n\t\t\t\t\t\t\t\t\t\t\t\t\t\t<h4 class=\"sp-event-title\" itemprop=\"name\">\n\t\t\t\t\t\t\t\tRedes (C\u00f3rdoba) vs Hind\u00fa Club (C\u00f3rdoba, Argentina)\t\t\t\t\t\t\t<\/h4>\n\t\t\t\t\t\t\t\n\t\t\t\t\t\t<\/td>\n\t\t\t\t\t<\/tr>\n\t\t\t\t\t\t\t\t<\/tbody>\n\t\t<\/table>\n\t<\/div>\n\t<\/div>\n<\/div>\n\n\n\n<p><\/p>\n<\/div><\/details><\/div>\n<\/div>\n\n\n\n<hr class=\"wp-block-separator has-alpha-channel-opacity\"\/>\n\n\n\n<h2 class=\"wp-block-heading has-text-align-center has-roboto-font-family has-custom-font has-custom-weight has-custom-letterspacing\" style=\"font-family:Roboto;letter-spacing:-1px;font-weight:300;font-size:35px\">Definiciones<\/h2>\n\n\n\n<div class=\"wp-block-coblocks-accordion\">\n<div class=\"wp-block-coblocks-accordion-item has-custom-font has-custom-weight has-custom-transform\" style=\"font-family:Montserrat;font-weight:400;text-transform:uppercase\"><details><summary class=\"wp-block-coblocks-accordion-item__title has-background has-text-color has-nv-dark-bg-color\" style=\"background-color:#75e18c\"><strong>3\u00ba Puesto y FINAL<\/strong><\/summary><div class=\"wp-block-coblocks-accordion-item__content\" style=\"border-color:#75e18c\"><p><div class=\"sportspress\"><h4 class=\"sp-table-caption\">Partido 3\u00ba Puesto NO SE JUG\u00d3<\/h4><div class=\"sp-template sp-template-event-blocks\">\n\t<div class=\"sp-table-wrapper\">\n\t\t<table class=\"sp-event-blocks sp-data-table\n\t\t\t\t\t sp-paginated-table\" data-sp-rows=\"99\">\n\t\t\t<thead><tr><th><\/th><\/tr><\/thead> \t\t\t<tbody>\n\t\t\t\t\t\t\t\t\t<tr class=\"sp-row sp-post alternate\" itemscope itemtype=\"http:\/\/schema.org\/SportsEvent\">\n\t\t\t\t\t\t<td>\n\t\t\t\t\t\t\t\t\t\t\t\t\t\t<span class=\"team-logo logo-odd\" title=\"Redes (C\u00f3rdoba)\"><img decoding=\"async\" width=\"128\" height=\"128\" src=\"https:\/\/esquerra.com.ar\/basquet\/wp-content\/uploads\/2024\/04\/Redes-128x128.png\" class=\"attachment-sportspress-fit-icon size-sportspress-fit-icon wp-post-image\" alt=\"Redes (C\u00f3rdoba)\" \/><\/span> <span class=\"team-logo logo-even\" title=\"Regatas (Santa Fe, Argentina)\"><img loading=\"lazy\" decoding=\"async\" width=\"128\" height=\"128\" src=\"https:\/\/esquerra.com.ar\/basquet\/wp-content\/uploads\/2025\/08\/Regatas-Maxi-Basquet-Santa-Fe-Argentina-128x128.png\" class=\"attachment-sportspress-fit-icon size-sportspress-fit-icon wp-post-image\" alt=\"\" \/><\/span>\t\t\t\t\t\t\t<time class=\"sp-event-date\" datetime=\"2025-09-07 09:00:22\" itemprop=\"startDate\" content=\"2025-09-07T09:00:22-03:00\">\n\t\t\t\t\t\t\t\t07\/09\/2025\t\t\t\t\t\t\t<\/time>\n\t\t\t\t\t\t\t\t\t\t\t\t\t\t<h5 class=\"sp-event-results\">\n\t\t\t\t\t\t\t\t<span class=\"sp-result ok\">09:00<\/span>\t\t\t\t\t\t\t<\/h5>\n\t\t\t\t\t\t\t\t\t\t\t\t\t\t\t\t\t\t\t\t\t\t<div class=\"sp-event-season\">+50 Masculino \u2013 Septiembre 2025 \u2013 TERCER PUESTO<\/div>\n\t\t\t\t\t\t\t\t\t\t\t\t\t\t\t\t\t\t\t\t\t\t\t\t\t\t\t\t\t\t<div class=\"sp-event-venue\" itemprop=\"location\" itemscope itemtype=\"http:\/\/schema.org\/Place\"><div itemprop=\"address\" itemscope itemtype=\"http:\/\/schema.org\/PostalAddress\">Club Juniors<\/div><\/div>\n\t\t\t\t\t\t\t\t\t\t\t\t\t\t\t\t\t\t\t\t\t\t\t\t\t\t\t\t\t\t<div style=\"display:none;\" class=\"sp-event-venue\" itemprop=\"location\" itemscope itemtype=\"http:\/\/schema.org\/Place\"><div itemprop=\"address\" itemscope itemtype=\"http:\/\/schema.org\/PostalAddress\">N\/D<\/div><\/div>\n\t\t\t\t\t\t\t\t\t\t\t\t\t\t<h4 class=\"sp-event-title\" itemprop=\"name\">\n\t\t\t\t\t\t\t\tRedes (C\u00f3rdoba) vs Regatas (Santa Fe, Argentina)\t\t\t\t\t\t\t<\/h4>\n\t\t\t\t\t\t\t\n\t\t\t\t\t\t<\/td>\n\t\t\t\t\t<\/tr>\n\t\t\t\t\t\t\t\t<\/tbody>\n\t\t<\/table>\n\t<\/div>\n\t<\/div>\n<\/div><br \/>\n<div class=\"sportspress\"><h4 class=\"sp-table-caption\">Partido FINAL +50M<\/h4><div class=\"sp-template sp-template-event-blocks\">\n\t<div class=\"sp-table-wrapper\">\n\t\t<table class=\"sp-event-blocks sp-data-table\n\t\t\t\t\t sp-paginated-table\" data-sp-rows=\"99\">\n\t\t\t<thead><tr><th><\/th><\/tr><\/thead> \t\t\t<tbody>\n\t\t\t\t\t\t\t\t\t<tr class=\"sp-row sp-post alternate\" itemscope itemtype=\"http:\/\/schema.org\/SportsEvent\">\n\t\t\t\t\t\t<td>\n\t\t\t\t\t\t\t\t\t\t\t\t\t\t<span class=\"team-logo logo-odd\" title=\"Almagro (Esperanza, Argentina)\"><img decoding=\"async\" width=\"128\" height=\"128\" src=\"https:\/\/esquerra.com.ar\/basquet\/wp-content\/uploads\/2025\/08\/Almagro-Esperanza-Argentina-128x128.png\" class=\"attachment-sportspress-fit-icon size-sportspress-fit-icon wp-post-image\" alt=\"\" \/><\/span> <span class=\"team-logo logo-even\" title=\"Hind\u00fa Club (C\u00f3rdoba, Argentina)\"><img decoding=\"async\" width=\"128\" height=\"128\" src=\"https:\/\/esquerra.com.ar\/basquet\/wp-content\/uploads\/2024\/04\/Hindu-Cba-128x128.png\" class=\"attachment-sportspress-fit-icon size-sportspress-fit-icon wp-post-image\" alt=\"Hind\u00fa Club (Cba)\" \/><\/span>\t\t\t\t\t\t\t<time class=\"sp-event-date\" datetime=\"2025-09-07 10:45:25\" itemprop=\"startDate\" content=\"2025-09-07T10:45:25-03:00\">\n\t\t\t\t\t\t\t\t07\/09\/2025\t\t\t\t\t\t\t<\/time>\n\t\t\t\t\t\t\t\t\t\t\t\t\t\t<h5 class=\"sp-event-results\">\n\t\t\t\t\t\t\t\t<span class=\"sp-result ok\">66<\/span> - <span class=\"sp-result\">57<\/span>\t\t\t\t\t\t\t<\/h5>\n\t\t\t\t\t\t\t\t\t\t\t\t\t\t\t\t\t\t\t\t\t\t<div class=\"sp-event-season\">+50 Masculino \u2013 Septiembre 2025 \u2013 FINAL<\/div>\n\t\t\t\t\t\t\t\t\t\t\t\t\t\t\t\t\t\t\t\t\t\t\t\t\t\t\t\t\t\t<div class=\"sp-event-venue\" itemprop=\"location\" itemscope itemtype=\"http:\/\/schema.org\/Place\"><div itemprop=\"address\" itemscope itemtype=\"http:\/\/schema.org\/PostalAddress\">Hind\u00fa Club 1<\/div><\/div>\n\t\t\t\t\t\t\t\t\t\t\t\t\t\t\t\t\t\t\t\t\t\t\t\t\t\t\t\t\t\t<div style=\"display:none;\" class=\"sp-event-venue\" itemprop=\"location\" itemscope itemtype=\"http:\/\/schema.org\/Place\"><div itemprop=\"address\" itemscope itemtype=\"http:\/\/schema.org\/PostalAddress\">N\/D<\/div><\/div>\n\t\t\t\t\t\t\t\t\t\t\t\t\t\t<h4 class=\"sp-event-title\" itemprop=\"name\">\n\t\t\t\t\t\t\t\tAlmagro (Esperanza, Argentina) vs Hind\u00fa Club (C\u00f3rdoba, Argentina)\t\t\t\t\t\t\t<\/h4>\n\t\t\t\t\t\t\t\n\t\t\t\t\t\t<\/td>\n\t\t\t\t\t<\/tr>\n\t\t\t\t\t\t\t\t<\/tbody>\n\t\t<\/table>\n\t<\/div>\n\t<\/div>\n<\/div><\/p>\n<\/div><\/details><\/div>\n<\/div>\n\n\n\n<p class=\"has-text-align-center has-custom-lineheight\" style=\"line-height:1;font-size:40px\">Mir\u00e1 la FINAL por <strong>YouTube<\/strong> \ud83d\udc47<\/p>\n\n\n\n<figure class=\"wp-block-embed is-type-video is-provider-youtube wp-block-embed-youtube wp-embed-aspect-16-9 wp-has-aspect-ratio\"><div class=\"wp-block-embed__wrapper\">\n<div class=\"nv-iframe-embed\"><iframe title=\"Final +50M Almagro (Esperanza, Argentina) vs Hind\u00fa Club(Cordoba, Argentina) Sudamericano maxi\" width=\"1200\" height=\"675\" src=\"https:\/\/www.youtube.com\/embed\/lH4ok-9-Jt0?feature=oembed\" frameborder=\"0\" allow=\"accelerometer; autoplay; clipboard-write; encrypted-media; gyroscope; picture-in-picture; web-share\" referrerpolicy=\"strict-origin-when-cross-origin\" allowfullscreen><\/iframe><\/div>\n<\/div><\/figure>\n\n\n\n<div style=\"height:10px\" aria-hidden=\"true\" class=\"wp-block-spacer\"><\/div>\n\n\n<div class=\"wp-block-image\">\n<figure class=\"aligncenter size-large\"><img loading=\"lazy\" decoding=\"async\" width=\"1024\" height=\"640\" src=\"https:\/\/esquerra.com.ar\/basquet\/wp-content\/uploads\/2025\/09\/50M_Septiembre_Campeon-1024x640.jpg\" alt=\"\" class=\"wp-image-2893\" srcset=\"https:\/\/esquerra.com.ar\/basquet\/wp-content\/uploads\/2025\/09\/50M_Septiembre_Campeon-1024x640.jpg 1024w, https:\/\/esquerra.com.ar\/basquet\/wp-content\/uploads\/2025\/09\/50M_Septiembre_Campeon-300x188.jpg 300w, https:\/\/esquerra.com.ar\/basquet\/wp-content\/uploads\/2025\/09\/50M_Septiembre_Campeon-768x480.jpg 768w, https:\/\/esquerra.com.ar\/basquet\/wp-content\/uploads\/2025\/09\/50M_Septiembre_Campeon-1536x960.jpg 1536w, https:\/\/esquerra.com.ar\/basquet\/wp-content\/uploads\/2025\/09\/50M_Septiembre_Campeon-2048x1280.jpg 2048w, https:\/\/esquerra.com.ar\/basquet\/wp-content\/uploads\/2025\/09\/50M_Septiembre_Campeon-128x80.jpg 128w, https:\/\/esquerra.com.ar\/basquet\/wp-content\/uploads\/2025\/09\/50M_Septiembre_Campeon-32x20.jpg 32w\" sizes=\"(max-width: 1024px) 100vw, 1024px\" \/><\/figure>\n<\/div>","protected":false},"excerpt":{"rendered":"<p>Fase Regular Definiciones Mir\u00e1 la FINAL por YouTube \ud83d\udc47<\/p>\n","protected":false},"author":2,"featured_media":0,"parent":2689,"menu_order":0,"comment_status":"closed","ping_status":"closed","template":"","meta":{"_coblocks_attr":"Roboto,Oswald,Montserrat,Roboto","_coblocks_dimensions":"","_coblocks_responsive_height":"","_coblocks_accordion_ie_support":"","neve_meta_sidebar":"","neve_meta_container":"","neve_meta_enable_content_width":"","neve_meta_content_width":0,"neve_meta_title_alignment":"","neve_meta_author_avatar":"","neve_post_elements_order":"","neve_meta_disable_header":"","neve_meta_disable_footer":"","neve_meta_disable_title":"","footnotes":""},"class_list":["post-2695","page","type-page","status-publish","hentry"],"_links":{"self":[{"href":"https:\/\/esquerra.com.ar\/basquet\/wp-json\/wp\/v2\/pages\/2695","targetHints":{"allow":["GET"]}}],"collection":[{"href":"https:\/\/esquerra.com.ar\/basquet\/wp-json\/wp\/v2\/pages"}],"about":[{"href":"https:\/\/esquerra.com.ar\/basquet\/wp-json\/wp\/v2\/types\/page"}],"author":[{"embeddable":true,"href":"https:\/\/esquerra.com.ar\/basquet\/wp-json\/wp\/v2\/users\/2"}],"replies":[{"embeddable":true,"href":"https:\/\/esquerra.com.ar\/basquet\/wp-json\/wp\/v2\/comments?post=2695"}],"version-history":[{"count":12,"href":"https:\/\/esquerra.com.ar\/basquet\/wp-json\/wp\/v2\/pages\/2695\/revisions"}],"predecessor-version":[{"id":2894,"href":"https:\/\/esquerra.com.ar\/basquet\/wp-json\/wp\/v2\/pages\/2695\/revisions\/2894"}],"up":[{"embeddable":true,"href":"https:\/\/esquerra.com.ar\/basquet\/wp-json\/wp\/v2\/pages\/2689"}],"wp:attachment":[{"href":"https:\/\/esquerra.com.ar\/basquet\/wp-json\/wp\/v2\/media?parent=2695"}],"curies":[{"name":"wp","href":"https:\/\/api.w.org\/{rel}","templated":true}]}}