{"id":2611,"date":"2025-05-18T10:57:38","date_gmt":"2025-05-18T13:57:38","guid":{"rendered":"https:\/\/esquerra.com.ar\/basquet\/?page_id=2611"},"modified":"2025-08-23T23:16:18","modified_gmt":"2025-08-24T02:16:18","slug":"historial-sudamericano-seniors-basquet","status":"publish","type":"page","link":"https:\/\/esquerra.com.ar\/basquet\/historial-sudamericano-seniors-basquet\/","title":{"rendered":"Historial Sudamericano Seniors"},"content":{"rendered":"\t\t<div data-elementor-type=\"wp-page\" data-elementor-id=\"2611\" class=\"elementor elementor-2611\">\n\t\t\t\t<div class=\"elementor-element elementor-element-5abb59e e-flex e-con-boxed e-con e-parent\" data-id=\"5abb59e\" data-element_type=\"container\" data-e-type=\"container\">\n\t\t\t\t\t<div class=\"e-con-inner\">\n\t\t\t\t<div class=\"elementor-element elementor-element-03a67f9 elementor-widget elementor-widget-heading\" data-id=\"03a67f9\" data-element_type=\"widget\" data-e-type=\"widget\" data-widget_type=\"heading.default\">\n\t\t\t\t<div class=\"elementor-widget-container\">\n\t\t\t\t\t<h2 class=\"elementor-heading-title elementor-size-default\">SUDAMERICANO SENIORS<\/h2>\t\t\t\t<\/div>\n\t\t\t\t<\/div>\n\t\t\t\t\t<\/div>\n\t\t\t\t<\/div>\n\t\t<div class=\"elementor-element elementor-element-c6167b2 e-grid elementor-hidden-tablet elementor-hidden-mobile e-con-boxed e-con e-parent\" data-id=\"c6167b2\" data-element_type=\"container\" data-e-type=\"container\">\n\t\t\t\t\t<div class=\"e-con-inner\">\n\t\t\t\t<div class=\"elementor-element elementor-element-af1e47f elementor-widget elementor-widget-image\" data-id=\"af1e47f\" data-element_type=\"widget\" data-e-type=\"widget\" data-widget_type=\"image.default\">\n\t\t\t\t<div class=\"elementor-widget-container\">\n\t\t\t\t\t\t\t\t\t\t\t\t\t\t\t<img fetchpriority=\"high\" decoding=\"async\" width=\"1024\" height=\"1024\" src=\"https:\/\/esquerra.com.ar\/basquet\/wp-content\/uploads\/2025\/05\/Seniors-Basquet_Septiembre_WEB-1024x1024.png\" class=\"attachment-large size-large wp-image-2613\" alt=\"\" srcset=\"https:\/\/esquerra.com.ar\/basquet\/wp-content\/uploads\/2025\/05\/Seniors-Basquet_Septiembre_WEB-1024x1024.png 1024w, https:\/\/esquerra.com.ar\/basquet\/wp-content\/uploads\/2025\/05\/Seniors-Basquet_Septiembre_WEB-300x300.png 300w, https:\/\/esquerra.com.ar\/basquet\/wp-content\/uploads\/2025\/05\/Seniors-Basquet_Septiembre_WEB-150x150.png 150w, https:\/\/esquerra.com.ar\/basquet\/wp-content\/uploads\/2025\/05\/Seniors-Basquet_Septiembre_WEB-768x768.png 768w, https:\/\/esquerra.com.ar\/basquet\/wp-content\/uploads\/2025\/05\/Seniors-Basquet_Septiembre_WEB-128x128.png 128w, https:\/\/esquerra.com.ar\/basquet\/wp-content\/uploads\/2025\/05\/Seniors-Basquet_Septiembre_WEB-32x32.png 32w, https:\/\/esquerra.com.ar\/basquet\/wp-content\/uploads\/2025\/05\/Seniors-Basquet_Septiembre_WEB.png 1080w\" sizes=\"(max-width: 1024px) 100vw, 1024px\" \/>\t\t\t\t\t\t\t\t\t\t\t\t\t\t\t<\/div>\n\t\t\t\t<\/div>\n\t\t\t\t<div class=\"elementor-element elementor-element-97a9d3c elementor-widget elementor-widget-image\" data-id=\"97a9d3c\" data-element_type=\"widget\" data-e-type=\"widget\" data-widget_type=\"image.default\">\n\t\t\t\t<div class=\"elementor-widget-container\">\n\t\t\t\t\t\t\t\t\t\t\t\t\t\t\t<img decoding=\"async\" width=\"1024\" height=\"1024\" src=\"https:\/\/esquerra.com.ar\/basquet\/wp-content\/uploads\/2025\/05\/Basquet_Seniors_WEB-1024x1024.png\" class=\"attachment-large size-large wp-image-2561\" alt=\"\" srcset=\"https:\/\/esquerra.com.ar\/basquet\/wp-content\/uploads\/2025\/05\/Basquet_Seniors_WEB-1024x1024.png 1024w, https:\/\/esquerra.com.ar\/basquet\/wp-content\/uploads\/2025\/05\/Basquet_Seniors_WEB-300x300.png 300w, https:\/\/esquerra.com.ar\/basquet\/wp-content\/uploads\/2025\/05\/Basquet_Seniors_WEB-150x150.png 150w, https:\/\/esquerra.com.ar\/basquet\/wp-content\/uploads\/2025\/05\/Basquet_Seniors_WEB-768x768.png 768w, https:\/\/esquerra.com.ar\/basquet\/wp-content\/uploads\/2025\/05\/Basquet_Seniors_WEB-128x128.png 128w, https:\/\/esquerra.com.ar\/basquet\/wp-content\/uploads\/2025\/05\/Basquet_Seniors_WEB-32x32.png 32w, https:\/\/esquerra.com.ar\/basquet\/wp-content\/uploads\/2025\/05\/Basquet_Seniors_WEB.png 1080w\" sizes=\"(max-width: 1024px) 100vw, 1024px\" \/>\t\t\t\t\t\t\t\t\t\t\t\t\t\t\t<\/div>\n\t\t\t\t<\/div>\n\t\t\t\t<div class=\"elementor-element elementor-element-8b10e28 elementor-widget elementor-widget-image\" data-id=\"8b10e28\" data-element_type=\"widget\" data-e-type=\"widget\" data-widget_type=\"image.default\">\n\t\t\t\t<div class=\"elementor-widget-container\">\n\t\t\t\t\t\t\t\t\t\t\t\t\t\t\t<img decoding=\"async\" width=\"1024\" height=\"1024\" src=\"https:\/\/esquerra.com.ar\/basquet\/wp-content\/uploads\/2025\/08\/Basquet_SeniorsSeptiembre_WEB-1024x1024.png\" class=\"attachment-large size-large wp-image-2669\" alt=\"\" srcset=\"https:\/\/esquerra.com.ar\/basquet\/wp-content\/uploads\/2025\/08\/Basquet_SeniorsSeptiembre_WEB-1024x1024.png 1024w, https:\/\/esquerra.com.ar\/basquet\/wp-content\/uploads\/2025\/08\/Basquet_SeniorsSeptiembre_WEB-300x300.png 300w, https:\/\/esquerra.com.ar\/basquet\/wp-content\/uploads\/2025\/08\/Basquet_SeniorsSeptiembre_WEB-150x150.png 150w, https:\/\/esquerra.com.ar\/basquet\/wp-content\/uploads\/2025\/08\/Basquet_SeniorsSeptiembre_WEB-768x768.png 768w, https:\/\/esquerra.com.ar\/basquet\/wp-content\/uploads\/2025\/08\/Basquet_SeniorsSeptiembre_WEB-128x128.png 128w, https:\/\/esquerra.com.ar\/basquet\/wp-content\/uploads\/2025\/08\/Basquet_SeniorsSeptiembre_WEB-32x32.png 32w, https:\/\/esquerra.com.ar\/basquet\/wp-content\/uploads\/2025\/08\/Basquet_SeniorsSeptiembre_WEB.png 1080w\" sizes=\"(max-width: 1024px) 100vw, 1024px\" \/>\t\t\t\t\t\t\t\t\t\t\t\t\t\t\t<\/div>\n\t\t\t\t<\/div>\n\t\t\t\t\t<\/div>\n\t\t\t\t<\/div>\n\t\t<div class=\"elementor-element elementor-element-e4865cb e-grid elementor-hidden-tablet elementor-hidden-mobile e-con-boxed e-con e-parent\" data-id=\"e4865cb\" data-element_type=\"container\" data-e-type=\"container\">\n\t\t\t\t\t<div class=\"e-con-inner\">\n\t\t\t\t<div class=\"elementor-element elementor-element-8a34488 elementor-widget elementor-widget-heading\" data-id=\"8a34488\" data-element_type=\"widget\" data-e-type=\"widget\" data-widget_type=\"heading.default\">\n\t\t\t\t<div class=\"elementor-widget-container\">\n\t\t\t\t\t<h4 class=\"elementor-heading-title elementor-size-default\">SEPTIEMBRE 2024<\/h4>\t\t\t\t<\/div>\n\t\t\t\t<\/div>\n\t\t\t\t<div class=\"elementor-element elementor-element-9e2aa7e elementor-widget elementor-widget-heading\" data-id=\"9e2aa7e\" data-element_type=\"widget\" data-e-type=\"widget\" data-widget_type=\"heading.default\">\n\t\t\t\t<div class=\"elementor-widget-container\">\n\t\t\t\t\t<h4 class=\"elementor-heading-title elementor-size-default\">MAYO 2025<\/h4>\t\t\t\t<\/div>\n\t\t\t\t<\/div>\n\t\t\t\t<div class=\"elementor-element elementor-element-edf87b3 elementor-widget elementor-widget-heading\" data-id=\"edf87b3\" data-element_type=\"widget\" data-e-type=\"widget\" data-widget_type=\"heading.default\">\n\t\t\t\t<div class=\"elementor-widget-container\">\n\t\t\t\t\t<h4 class=\"elementor-heading-title elementor-size-default\">SEPTIEMBRE 2025<\/h4>\t\t\t\t<\/div>\n\t\t\t\t<\/div>\n\t\t\t\t\t<\/div>\n\t\t\t\t<\/div>\n\t\t<div class=\"elementor-element elementor-element-2300e2f e-grid elementor-hidden-tablet elementor-hidden-mobile e-con-boxed e-con e-parent\" data-id=\"2300e2f\" data-element_type=\"container\" data-e-type=\"container\">\n\t\t\t\t\t<div class=\"e-con-inner\">\n\t\t\t\t<div class=\"elementor-element elementor-element-b8f2070 elementor-button-info elementor-align-center elementor-widget elementor-widget-button\" data-id=\"b8f2070\" data-element_type=\"widget\" data-e-type=\"widget\" data-widget_type=\"button.default\">\n\t\t\t\t<div class=\"elementor-widget-container\">\n\t\t\t\t\t\t\t\t\t<div class=\"elementor-button-wrapper\">\n\t\t\t\t\t<a class=\"elementor-button elementor-button-link elementor-size-sm\" href=\"https:\/\/esquerra.com.ar\/basquet\/sudamericano-senior-septiembre-2024\/\">\n\t\t\t\t\t\t<span class=\"elementor-button-content-wrapper\">\n\t\t\t\t\t\t\t\t\t<span class=\"elementor-button-text\">INGRES\u00c1 AL TORNEO<\/span>\n\t\t\t\t\t<\/span>\n\t\t\t\t\t<\/a>\n\t\t\t\t<\/div>\n\t\t\t\t\t\t\t\t<\/div>\n\t\t\t\t<\/div>\n\t\t\t\t<div class=\"elementor-element elementor-element-6ea2882 elementor-button-info elementor-align-center elementor-widget elementor-widget-button\" data-id=\"6ea2882\" data-element_type=\"widget\" data-e-type=\"widget\" data-widget_type=\"button.default\">\n\t\t\t\t<div class=\"elementor-widget-container\">\n\t\t\t\t\t\t\t\t\t<div class=\"elementor-button-wrapper\">\n\t\t\t\t\t<a class=\"elementor-button elementor-button-link elementor-size-sm\" href=\"https:\/\/esquerra.com.ar\/basquet\/sudamericano-senior-mayo-2025\/\">\n\t\t\t\t\t\t<span class=\"elementor-button-content-wrapper\">\n\t\t\t\t\t\t\t\t\t<span class=\"elementor-button-text\">INGRES\u00c1 AL TORNEO<\/span>\n\t\t\t\t\t<\/span>\n\t\t\t\t\t<\/a>\n\t\t\t\t<\/div>\n\t\t\t\t\t\t\t\t<\/div>\n\t\t\t\t<\/div>\n\t\t\t\t<div class=\"elementor-element elementor-element-a811e55 elementor-button-info elementor-align-center elementor-widget elementor-widget-button\" data-id=\"a811e55\" data-element_type=\"widget\" data-e-type=\"widget\" data-widget_type=\"button.default\">\n\t\t\t\t<div class=\"elementor-widget-container\">\n\t\t\t\t\t\t\t\t\t<div class=\"elementor-button-wrapper\">\n\t\t\t\t\t<a class=\"elementor-button elementor-button-link elementor-size-sm\" href=\"https:\/\/esquerra.com.ar\/basquet\/sudamericano-senior-septiembre-2025\/\">\n\t\t\t\t\t\t<span class=\"elementor-button-content-wrapper\">\n\t\t\t\t\t\t\t\t\t<span class=\"elementor-button-text\">INGRES\u00c1 AL TORNEO<\/span>\n\t\t\t\t\t<\/span>\n\t\t\t\t\t<\/a>\n\t\t\t\t<\/div>\n\t\t\t\t\t\t\t\t<\/div>\n\t\t\t\t<\/div>\n\t\t\t\t\t<\/div>\n\t\t\t\t<\/div>\n\t\t<div class=\"elementor-element elementor-element-afbf28f e-grid elementor-hidden-desktop e-con-boxed e-con e-parent\" data-id=\"afbf28f\" data-element_type=\"container\" data-e-type=\"container\">\n\t\t\t\t\t<div class=\"e-con-inner\">\n\t\t\t\t<div class=\"elementor-element elementor-element-9d40a10 elementor-widget elementor-widget-image\" data-id=\"9d40a10\" data-element_type=\"widget\" data-e-type=\"widget\" data-widget_type=\"image.default\">\n\t\t\t\t<div class=\"elementor-widget-container\">\n\t\t\t\t\t\t\t\t\t\t\t\t\t\t\t<img decoding=\"async\" width=\"1024\" height=\"1024\" src=\"https:\/\/esquerra.com.ar\/basquet\/wp-content\/uploads\/2025\/08\/Basquet_SeniorsSeptiembre_WEB-1024x1024.png\" class=\"attachment-large size-large wp-image-2669\" alt=\"\" srcset=\"https:\/\/esquerra.com.ar\/basquet\/wp-content\/uploads\/2025\/08\/Basquet_SeniorsSeptiembre_WEB-1024x1024.png 1024w, https:\/\/esquerra.com.ar\/basquet\/wp-content\/uploads\/2025\/08\/Basquet_SeniorsSeptiembre_WEB-300x300.png 300w, https:\/\/esquerra.com.ar\/basquet\/wp-content\/uploads\/2025\/08\/Basquet_SeniorsSeptiembre_WEB-150x150.png 150w, https:\/\/esquerra.com.ar\/basquet\/wp-content\/uploads\/2025\/08\/Basquet_SeniorsSeptiembre_WEB-768x768.png 768w, https:\/\/esquerra.com.ar\/basquet\/wp-content\/uploads\/2025\/08\/Basquet_SeniorsSeptiembre_WEB-128x128.png 128w, https:\/\/esquerra.com.ar\/basquet\/wp-content\/uploads\/2025\/08\/Basquet_SeniorsSeptiembre_WEB-32x32.png 32w, https:\/\/esquerra.com.ar\/basquet\/wp-content\/uploads\/2025\/08\/Basquet_SeniorsSeptiembre_WEB.png 1080w\" sizes=\"(max-width: 1024px) 100vw, 1024px\" \/>\t\t\t\t\t\t\t\t\t\t\t\t\t\t\t<\/div>\n\t\t\t\t<\/div>\n\t\t\t\t\t<\/div>\n\t\t\t\t<\/div>\n\t\t<div class=\"elementor-element elementor-element-ca7e97a e-grid elementor-hidden-desktop e-con-boxed e-con e-parent\" data-id=\"ca7e97a\" data-element_type=\"container\" data-e-type=\"container\">\n\t\t\t\t\t<div class=\"e-con-inner\">\n\t\t\t\t<div class=\"elementor-element elementor-element-7379272 elementor-widget elementor-widget-heading\" data-id=\"7379272\" data-element_type=\"widget\" data-e-type=\"widget\" data-widget_type=\"heading.default\">\n\t\t\t\t<div class=\"elementor-widget-container\">\n\t\t\t\t\t<h4 class=\"elementor-heading-title elementor-size-default\">SEPTIEMBRE 2025<\/h4>\t\t\t\t<\/div>\n\t\t\t\t<\/div>\n\t\t\t\t\t<\/div>\n\t\t\t\t<\/div>\n\t\t<div class=\"elementor-element elementor-element-f109b1e e-grid elementor-hidden-desktop e-con-boxed e-con e-parent\" data-id=\"f109b1e\" data-element_type=\"container\" data-e-type=\"container\">\n\t\t\t\t\t<div class=\"e-con-inner\">\n\t\t\t\t<div class=\"elementor-element elementor-element-6608bde elementor-button-info elementor-align-center elementor-widget elementor-widget-button\" data-id=\"6608bde\" data-element_type=\"widget\" data-e-type=\"widget\" data-widget_type=\"button.default\">\n\t\t\t\t<div class=\"elementor-widget-container\">\n\t\t\t\t\t\t\t\t\t<div class=\"elementor-button-wrapper\">\n\t\t\t\t\t<a class=\"elementor-button elementor-button-link elementor-size-sm\" href=\"https:\/\/esquerra.com.ar\/basquet\/sudamericano-senior-septiembre-2025\/\">\n\t\t\t\t\t\t<span class=\"elementor-button-content-wrapper\">\n\t\t\t\t\t\t\t\t\t<span class=\"elementor-button-text\">INGRES\u00c1 AL TORNEO<\/span>\n\t\t\t\t\t<\/span>\n\t\t\t\t\t<\/a>\n\t\t\t\t<\/div>\n\t\t\t\t\t\t\t\t<\/div>\n\t\t\t\t<\/div>\n\t\t\t\t\t<\/div>\n\t\t\t\t<\/div>\n\t\t<div class=\"elementor-element elementor-element-716ca29 e-grid elementor-hidden-desktop e-con-boxed e-con e-parent\" data-id=\"716ca29\" data-element_type=\"container\" data-e-type=\"container\">\n\t\t\t\t\t<div class=\"e-con-inner\">\n\t\t\t\t<div class=\"elementor-element elementor-element-2630083 elementor-widget elementor-widget-image\" data-id=\"2630083\" data-element_type=\"widget\" data-e-type=\"widget\" data-widget_type=\"image.default\">\n\t\t\t\t<div class=\"elementor-widget-container\">\n\t\t\t\t\t\t\t\t\t\t\t\t\t\t\t<img loading=\"lazy\" decoding=\"async\" width=\"1024\" height=\"1024\" src=\"https:\/\/esquerra.com.ar\/basquet\/wp-content\/uploads\/2025\/05\/Basquet_Seniors_WEB-1-1024x1024.png\" class=\"attachment-large size-large wp-image-2621\" alt=\"\" srcset=\"https:\/\/esquerra.com.ar\/basquet\/wp-content\/uploads\/2025\/05\/Basquet_Seniors_WEB-1-1024x1024.png 1024w, https:\/\/esquerra.com.ar\/basquet\/wp-content\/uploads\/2025\/05\/Basquet_Seniors_WEB-1-300x300.png 300w, https:\/\/esquerra.com.ar\/basquet\/wp-content\/uploads\/2025\/05\/Basquet_Seniors_WEB-1-150x150.png 150w, https:\/\/esquerra.com.ar\/basquet\/wp-content\/uploads\/2025\/05\/Basquet_Seniors_WEB-1-768x768.png 768w, https:\/\/esquerra.com.ar\/basquet\/wp-content\/uploads\/2025\/05\/Basquet_Seniors_WEB-1-128x128.png 128w, https:\/\/esquerra.com.ar\/basquet\/wp-content\/uploads\/2025\/05\/Basquet_Seniors_WEB-1-32x32.png 32w, https:\/\/esquerra.com.ar\/basquet\/wp-content\/uploads\/2025\/05\/Basquet_Seniors_WEB-1.png 1080w\" sizes=\"(max-width: 1024px) 100vw, 1024px\" \/>\t\t\t\t\t\t\t\t\t\t\t\t\t\t\t<\/div>\n\t\t\t\t<\/div>\n\t\t\t\t\t<\/div>\n\t\t\t\t<\/div>\n\t\t<div class=\"elementor-element elementor-element-fb63d3e e-grid elementor-hidden-desktop e-con-boxed e-con e-parent\" data-id=\"fb63d3e\" data-element_type=\"container\" data-e-type=\"container\">\n\t\t\t\t\t<div class=\"e-con-inner\">\n\t\t\t\t<div class=\"elementor-element elementor-element-b19d95e elementor-widget elementor-widget-heading\" data-id=\"b19d95e\" data-element_type=\"widget\" data-e-type=\"widget\" data-widget_type=\"heading.default\">\n\t\t\t\t<div class=\"elementor-widget-container\">\n\t\t\t\t\t<h4 class=\"elementor-heading-title elementor-size-default\">MAYO 2025<\/h4>\t\t\t\t<\/div>\n\t\t\t\t<\/div>\n\t\t\t\t\t<\/div>\n\t\t\t\t<\/div>\n\t\t<div class=\"elementor-element elementor-element-fe85fd0 e-grid elementor-hidden-desktop e-con-boxed e-con e-parent\" data-id=\"fe85fd0\" data-element_type=\"container\" data-e-type=\"container\">\n\t\t\t\t\t<div class=\"e-con-inner\">\n\t\t\t\t<div class=\"elementor-element elementor-element-60deafe elementor-button-info elementor-align-center elementor-widget elementor-widget-button\" data-id=\"60deafe\" data-element_type=\"widget\" data-e-type=\"widget\" data-widget_type=\"button.default\">\n\t\t\t\t<div class=\"elementor-widget-container\">\n\t\t\t\t\t\t\t\t\t<div class=\"elementor-button-wrapper\">\n\t\t\t\t\t<a class=\"elementor-button elementor-button-link elementor-size-sm\" href=\"https:\/\/esquerra.com.ar\/basquet\/sudamericano-senior-septiembre-2024\/\">\n\t\t\t\t\t\t<span class=\"elementor-button-content-wrapper\">\n\t\t\t\t\t\t\t\t\t<span class=\"elementor-button-text\">INGRES\u00c1 AL TORNEO<\/span>\n\t\t\t\t\t<\/span>\n\t\t\t\t\t<\/a>\n\t\t\t\t<\/div>\n\t\t\t\t\t\t\t\t<\/div>\n\t\t\t\t<\/div>\n\t\t\t\t\t<\/div>\n\t\t\t\t<\/div>\n\t\t<div class=\"elementor-element elementor-element-69241f3 e-grid elementor-hidden-desktop e-con-boxed e-con e-parent\" data-id=\"69241f3\" data-element_type=\"container\" data-e-type=\"container\">\n\t\t\t\t\t<div class=\"e-con-inner\">\n\t\t\t\t<div class=\"elementor-element elementor-element-5cf9219 elementor-widget elementor-widget-image\" data-id=\"5cf9219\" data-element_type=\"widget\" data-e-type=\"widget\" data-widget_type=\"image.default\">\n\t\t\t\t<div class=\"elementor-widget-container\">\n\t\t\t\t\t\t\t\t\t\t\t\t\t\t\t<img fetchpriority=\"high\" decoding=\"async\" width=\"1024\" height=\"1024\" src=\"https:\/\/esquerra.com.ar\/basquet\/wp-content\/uploads\/2025\/05\/Seniors-Basquet_Septiembre_WEB-1024x1024.png\" class=\"attachment-large size-large wp-image-2613\" alt=\"\" srcset=\"https:\/\/esquerra.com.ar\/basquet\/wp-content\/uploads\/2025\/05\/Seniors-Basquet_Septiembre_WEB-1024x1024.png 1024w, https:\/\/esquerra.com.ar\/basquet\/wp-content\/uploads\/2025\/05\/Seniors-Basquet_Septiembre_WEB-300x300.png 300w, https:\/\/esquerra.com.ar\/basquet\/wp-content\/uploads\/2025\/05\/Seniors-Basquet_Septiembre_WEB-150x150.png 150w, https:\/\/esquerra.com.ar\/basquet\/wp-content\/uploads\/2025\/05\/Seniors-Basquet_Septiembre_WEB-768x768.png 768w, https:\/\/esquerra.com.ar\/basquet\/wp-content\/uploads\/2025\/05\/Seniors-Basquet_Septiembre_WEB-128x128.png 128w, https:\/\/esquerra.com.ar\/basquet\/wp-content\/uploads\/2025\/05\/Seniors-Basquet_Septiembre_WEB-32x32.png 32w, https:\/\/esquerra.com.ar\/basquet\/wp-content\/uploads\/2025\/05\/Seniors-Basquet_Septiembre_WEB.png 1080w\" sizes=\"(max-width: 1024px) 100vw, 1024px\" \/>\t\t\t\t\t\t\t\t\t\t\t\t\t\t\t<\/div>\n\t\t\t\t<\/div>\n\t\t\t\t\t<\/div>\n\t\t\t\t<\/div>\n\t\t<div class=\"elementor-element elementor-element-97a06fa e-grid elementor-hidden-desktop e-con-boxed e-con e-parent\" data-id=\"97a06fa\" data-element_type=\"container\" data-e-type=\"container\">\n\t\t\t\t\t<div class=\"e-con-inner\">\n\t\t\t\t<div class=\"elementor-element elementor-element-3661b46 elementor-widget elementor-widget-heading\" data-id=\"3661b46\" data-element_type=\"widget\" data-e-type=\"widget\" data-widget_type=\"heading.default\">\n\t\t\t\t<div class=\"elementor-widget-container\">\n\t\t\t\t\t<h4 class=\"elementor-heading-title elementor-size-default\">SEPTIEMBRE 2024<\/h4>\t\t\t\t<\/div>\n\t\t\t\t<\/div>\n\t\t\t\t\t<\/div>\n\t\t\t\t<\/div>\n\t\t<div class=\"elementor-element elementor-element-7f3bb00 e-grid elementor-hidden-desktop e-con-boxed e-con e-parent\" data-id=\"7f3bb00\" data-element_type=\"container\" data-e-type=\"container\">\n\t\t\t\t\t<div class=\"e-con-inner\">\n\t\t\t\t<div class=\"elementor-element elementor-element-1e7b563 elementor-button-info elementor-align-center elementor-widget elementor-widget-button\" data-id=\"1e7b563\" data-element_type=\"widget\" data-e-type=\"widget\" data-widget_type=\"button.default\">\n\t\t\t\t<div class=\"elementor-widget-container\">\n\t\t\t\t\t\t\t\t\t<div class=\"elementor-button-wrapper\">\n\t\t\t\t\t<a class=\"elementor-button elementor-button-link elementor-size-sm\" href=\"https:\/\/esquerra.com.ar\/basquet\/sudamericano-senior-septiembre-2024\/\">\n\t\t\t\t\t\t<span class=\"elementor-button-content-wrapper\">\n\t\t\t\t\t\t\t\t\t<span class=\"elementor-button-text\">INGRES\u00c1 AL TORNEO<\/span>\n\t\t\t\t\t<\/span>\n\t\t\t\t\t<\/a>\n\t\t\t\t<\/div>\n\t\t\t\t\t\t\t\t<\/div>\n\t\t\t\t<\/div>\n\t\t\t\t\t<\/div>\n\t\t\t\t<\/div>\n\t\t<div class=\"elementor-element elementor-element-72cc526 e-grid elementor-hidden-desktop e-con-boxed e-con e-parent\" data-id=\"72cc526\" data-element_type=\"container\" data-e-type=\"container\">\n\t\t\t\t\t<div class=\"e-con-inner\">\n\t\t\t\t\t<\/div>\n\t\t\t\t<\/div>\n\t\t\t\t<\/div>\n\t\t","protected":false},"excerpt":{"rendered":"<p>SUDAMERICANO SENIORS SEPTIEMBRE 2024 MAYO 2025 SEPTIEMBRE 2025 INGRES\u00c1 AL TORNEO INGRES\u00c1 AL TORNEO INGRES\u00c1 AL TORNEO SEPTIEMBRE 2025 INGRES\u00c1 AL TORNEO MAYO 2025 INGRES\u00c1 AL TORNEO SEPTIEMBRE 2024 INGRES\u00c1 AL TORNEO<\/p>\n","protected":false},"author":2,"featured_media":501,"parent":0,"menu_order":0,"comment_status":"closed","ping_status":"closed","template":"page-templates\/template-pagebuilder-full-width.php","meta":{"_coblocks_attr":"","_coblocks_dimensions":"","_coblocks_responsive_height":"","_coblocks_accordion_ie_support":"","neve_meta_sidebar":"","neve_meta_container":"","neve_meta_enable_content_width":"","neve_meta_content_width":0,"neve_meta_title_alignment":"","neve_meta_author_avatar":"","neve_post_elements_order":"","neve_meta_disable_header":"","neve_meta_disable_footer":"","neve_meta_disable_title":"","footnotes":""},"class_list":["post-2611","page","type-page","status-publish","has-post-thumbnail","hentry"],"_links":{"self":[{"href":"https:\/\/esquerra.com.ar\/basquet\/wp-json\/wp\/v2\/pages\/2611","targetHints":{"allow":["GET"]}}],"collection":[{"href":"https:\/\/esquerra.com.ar\/basquet\/wp-json\/wp\/v2\/pages"}],"about":[{"href":"https:\/\/esquerra.com.ar\/basquet\/wp-json\/wp\/v2\/types\/page"}],"author":[{"embeddable":true,"href":"https:\/\/esquerra.com.ar\/basquet\/wp-json\/wp\/v2\/users\/2"}],"replies":[{"embeddable":true,"href":"https:\/\/esquerra.com.ar\/basquet\/wp-json\/wp\/v2\/comments?post=2611"}],"version-history":[{"count":14,"href":"https:\/\/esquerra.com.ar\/basquet\/wp-json\/wp\/v2\/pages\/2611\/revisions"}],"predecessor-version":[{"id":2766,"href":"https:\/\/esquerra.com.ar\/basquet\/wp-json\/wp\/v2\/pages\/2611\/revisions\/2766"}],"wp:featuredmedia":[{"embeddable":true,"href":"https:\/\/esquerra.com.ar\/basquet\/wp-json\/wp\/v2\/media\/501"}],"wp:attachment":[{"href":"https:\/\/esquerra.com.ar\/basquet\/wp-json\/wp\/v2\/media?parent=2611"}],"curies":[{"name":"wp","href":"https:\/\/api.w.org\/{rel}","templated":true}]}}