{"id":1853,"date":"2024-09-13T00:24:59","date_gmt":"2024-09-13T03:24:59","guid":{"rendered":"https:\/\/esquerra.com.ar\/basquet\/?page_id=1853"},"modified":"2024-11-17T02:02:35","modified_gmt":"2024-11-17T05:02:35","slug":"u12-octubre-2024","status":"publish","type":"page","link":"https:\/\/esquerra.com.ar\/basquet\/mundialito-formativas-octubre-2024\/u12-octubre-2024\/","title":{"rendered":"U12 &#8211; Octubre 2024"},"content":{"rendered":"\n<h2 class=\"wp-block-heading has-text-align-center has-roboto-font-family has-custom-font has-custom-weight has-custom-letterspacing\" style=\"font-family:Roboto;letter-spacing:-1px;font-weight:300;font-size:35px\">Fase Regular<\/h2>\n\n\n\n<div class=\"wp-block-coblocks-accordion\">\n<div class=\"wp-block-coblocks-accordion-item has-custom-font has-custom-weight has-custom-transform\" style=\"font-family:Montserrat;font-weight:400;text-transform:uppercase\"><details><summary class=\"wp-block-coblocks-accordion-item__title has-background has-neve-link-hover-color-background-color has-text-color has-nv-site-bg-color\">Posiciones<\/summary><div class=\"wp-block-coblocks-accordion-item__content\" style=\"border-color:var(--nv-secondary-accent)\"><p><div class=\"sportspress\"><div class=\"sp-template sp-template-league-table\">\n\t<h4 class=\"sp-table-caption\">ZONA A<\/h4><div class=\"sp-table-wrapper\"><table class=\"sp-league-table sp-league-table-1521 sp-data-table sp-sortable-table sp-responsive-table table_69ef6f8ae7878 sp-scrollable-table sp-paginated-table\" data-sp-rows=\"30\"><thead><tr><th class=\"data-rank\">Pos<\/th><th class=\"data-name\">Equipo<\/th><th class=\"data-pts\">Pts<\/th><th class=\"data-g\">G<\/th><th class=\"data-p\">P<\/th><th class=\"data-pf\">PF<\/th><th class=\"data-pc\">PC<\/th><th class=\"data-dif\">DIF<\/th><\/tr><\/thead><tbody><tr class=\"odd sp-row-no-0\"><td class=\"data-rank\" data-label=\"Pos\">1<\/td><td class=\"data-name has-logo\" data-label=\"Equipo\"><span class=\"team-logo\"><img decoding=\"async\" width=\"128\" height=\"128\" src=\"https:\/\/esquerra.com.ar\/basquet\/wp-content\/uploads\/2024\/09\/Banco-Mendoza-Argentina-128x128.png\" class=\"attachment-sportspress-fit-icon size-sportspress-fit-icon wp-post-image\" alt=\"\" \/><\/span>BCO<\/td><td class=\"data-pts\" data-label=\"Pts\">6<\/td><td class=\"data-g\" data-label=\"G\">3<\/td><td class=\"data-p\" data-label=\"P\">0<\/td><td class=\"data-pf\" data-label=\"PF\">167<\/td><td class=\"data-pc\" data-label=\"PC\">87<\/td><td class=\"data-dif\" data-label=\"DIF\">80<\/td><\/tr><tr class=\"even sp-row-no-1\"><td class=\"data-rank\" data-label=\"Pos\">2<\/td><td class=\"data-name has-logo\" data-label=\"Equipo\"><span class=\"team-logo\"><img decoding=\"async\" width=\"128\" height=\"128\" src=\"https:\/\/esquerra.com.ar\/basquet\/wp-content\/uploads\/2024\/09\/Municipal-Linares-Linares-Chile-128x128.png\" class=\"attachment-sportspress-fit-icon size-sportspress-fit-icon wp-post-image\" alt=\"\" \/><\/span>LIN<\/td><td class=\"data-pts\" data-label=\"Pts\">5<\/td><td class=\"data-g\" data-label=\"G\">2<\/td><td class=\"data-p\" data-label=\"P\">1<\/td><td class=\"data-pf\" data-label=\"PF\">110<\/td><td class=\"data-pc\" data-label=\"PC\">112<\/td><td class=\"data-dif\" data-label=\"DIF\">-2<\/td><\/tr><tr class=\"odd sp-row-no-2\"><td class=\"data-rank\" data-label=\"Pos\">3<\/td><td class=\"data-name has-logo\" data-label=\"Equipo\"><span class=\"team-logo\"><img decoding=\"async\" width=\"128\" height=\"128\" src=\"https:\/\/esquerra.com.ar\/basquet\/wp-content\/uploads\/2024\/09\/Pumas-Campo-9-Paraguay-128x128.png\" class=\"attachment-sportspress-fit-icon size-sportspress-fit-icon wp-post-image\" alt=\"\" \/><\/span>PUM<\/td><td class=\"data-pts\" data-label=\"Pts\">4<\/td><td class=\"data-g\" data-label=\"G\">1<\/td><td class=\"data-p\" data-label=\"P\">2<\/td><td class=\"data-pf\" data-label=\"PF\">70<\/td><td class=\"data-pc\" data-label=\"PC\">121<\/td><td class=\"data-dif\" data-label=\"DIF\">-51<\/td><\/tr><tr class=\"even sp-row-no-3\"><td class=\"data-rank\" data-label=\"Pos\">4<\/td><td class=\"data-name has-logo\" data-label=\"Equipo\"><span class=\"team-logo\"><img loading=\"lazy\" decoding=\"async\" width=\"128\" height=\"128\" src=\"https:\/\/esquerra.com.ar\/basquet\/wp-content\/uploads\/2024\/09\/Sarandi-Universitario-Rivera-Uruguay-128x128.png\" class=\"attachment-sportspress-fit-icon size-sportspress-fit-icon wp-post-image\" alt=\"\" \/><\/span>SAR (1)<\/td><td class=\"data-pts\" data-label=\"Pts\">3<\/td><td class=\"data-g\" data-label=\"G\">0<\/td><td class=\"data-p\" data-label=\"P\">3<\/td><td class=\"data-pf\" data-label=\"PF\">94<\/td><td class=\"data-pc\" data-label=\"PC\">121<\/td><td class=\"data-dif\" data-label=\"DIF\">-27<\/td><\/tr><\/tbody><\/table><\/div><\/div>\n<\/div><br \/>\n<div class=\"sportspress\"><div class=\"sp-template sp-template-league-table\">\n\t<h4 class=\"sp-table-caption\">ZONA B<\/h4><div class=\"sp-table-wrapper\"><table class=\"sp-league-table sp-league-table-1522 sp-data-table sp-sortable-table sp-responsive-table table_69ef6f8aef036 sp-scrollable-table sp-paginated-table\" data-sp-rows=\"30\"><thead><tr><th class=\"data-rank\">Pos<\/th><th class=\"data-name\">Equipo<\/th><th class=\"data-pts\">Pts<\/th><th class=\"data-g\">G<\/th><th class=\"data-p\">P<\/th><th class=\"data-pf\">PF<\/th><th class=\"data-pc\">PC<\/th><th class=\"data-dif\">DIF<\/th><\/tr><\/thead><tbody><tr class=\"odd sp-row-no-0\"><td class=\"data-rank\" data-label=\"Pos\">1<\/td><td class=\"data-name has-logo\" data-label=\"Equipo\"><span class=\"team-logo\"><img loading=\"lazy\" decoding=\"async\" width=\"128\" height=\"128\" src=\"https:\/\/esquerra.com.ar\/basquet\/wp-content\/uploads\/2024\/09\/Union-Electrica-Cordoba-Argentina-128x128.png\" class=\"attachment-sportspress-fit-icon size-sportspress-fit-icon wp-post-image\" alt=\"\" \/><\/span>SUE<\/td><td class=\"data-pts\" data-label=\"Pts\">6<\/td><td class=\"data-g\" data-label=\"G\">3<\/td><td class=\"data-p\" data-label=\"P\">0<\/td><td class=\"data-pf\" data-label=\"PF\">228<\/td><td class=\"data-pc\" data-label=\"PC\">79<\/td><td class=\"data-dif\" data-label=\"DIF\">149<\/td><\/tr><tr class=\"even sp-row-no-1\"><td class=\"data-rank\" data-label=\"Pos\">2<\/td><td class=\"data-name has-logo\" data-label=\"Equipo\"><span class=\"team-logo\"><img loading=\"lazy\" decoding=\"async\" width=\"128\" height=\"128\" src=\"https:\/\/esquerra.com.ar\/basquet\/wp-content\/uploads\/2024\/09\/San-Felipe-San-Felipe-Chile-128x128.png\" class=\"attachment-sportspress-fit-icon size-sportspress-fit-icon wp-post-image\" alt=\"\" \/><\/span>SFP<\/td><td class=\"data-pts\" data-label=\"Pts\">5<\/td><td class=\"data-g\" data-label=\"G\">2<\/td><td class=\"data-p\" data-label=\"P\">1<\/td><td class=\"data-pf\" data-label=\"PF\">189<\/td><td class=\"data-pc\" data-label=\"PC\">113<\/td><td class=\"data-dif\" data-label=\"DIF\">76<\/td><\/tr><tr class=\"odd sp-row-no-2\"><td class=\"data-rank\" data-label=\"Pos\">3<\/td><td class=\"data-name has-logo\" data-label=\"Equipo\"><span class=\"team-logo\"><img loading=\"lazy\" decoding=\"async\" width=\"128\" height=\"128\" src=\"https:\/\/esquerra.com.ar\/basquet\/wp-content\/uploads\/2024\/09\/Santa-Catalina-San-Luis-Argentina-128x128.png\" class=\"attachment-sportspress-fit-icon size-sportspress-fit-icon wp-post-image\" alt=\"\" \/><\/span>ISC (A)<\/td><td class=\"data-pts\" data-label=\"Pts\">4<\/td><td class=\"data-g\" data-label=\"G\">1<\/td><td class=\"data-p\" data-label=\"P\">2<\/td><td class=\"data-pf\" data-label=\"PF\">126<\/td><td class=\"data-pc\" data-label=\"PC\">127<\/td><td class=\"data-dif\" data-label=\"DIF\">-1<\/td><\/tr><tr class=\"even sp-row-no-3\"><td class=\"data-rank\" data-label=\"Pos\">4<\/td><td class=\"data-name has-logo\" data-label=\"Equipo\"><span class=\"team-logo\"><img loading=\"lazy\" decoding=\"async\" width=\"128\" height=\"128\" src=\"https:\/\/esquerra.com.ar\/basquet\/wp-content\/uploads\/2024\/09\/CEF-9-San-Martin-de-Los-Andes-Argentina-128x128.png\" class=\"attachment-sportspress-fit-icon size-sportspress-fit-icon wp-post-image\" alt=\"\" \/><\/span>CEF 9<\/td><td class=\"data-pts\" data-label=\"Pts\">3<\/td><td class=\"data-g\" data-label=\"G\">0<\/td><td class=\"data-p\" data-label=\"P\">3<\/td><td class=\"data-pf\" data-label=\"PF\">49<\/td><td class=\"data-pc\" data-label=\"PC\">273<\/td><td class=\"data-dif\" data-label=\"DIF\">-224<\/td><\/tr><\/tbody><\/table><\/div><\/div>\n<\/div><br \/>\n<div class=\"sportspress\"><div class=\"sp-template sp-template-league-table\">\n\t<h4 class=\"sp-table-caption\">ZONA C<\/h4><div class=\"sp-table-wrapper\"><table class=\"sp-league-table sp-league-table-1523 sp-data-table sp-sortable-table sp-responsive-table table_69ef6f8b00785 sp-scrollable-table sp-paginated-table\" data-sp-rows=\"30\"><thead><tr><th class=\"data-rank\">Pos<\/th><th class=\"data-name\">Equipo<\/th><th class=\"data-pts\">Pts<\/th><th class=\"data-g\">G<\/th><th class=\"data-p\">P<\/th><th class=\"data-pf\">PF<\/th><th class=\"data-pc\">PC<\/th><th class=\"data-dif\">DIF<\/th><\/tr><\/thead><tbody><tr class=\"odd sp-row-no-0\"><td class=\"data-rank\" data-label=\"Pos\">1<\/td><td class=\"data-name has-logo\" data-label=\"Equipo\"><span class=\"team-logo\"><img loading=\"lazy\" decoding=\"async\" width=\"128\" height=\"128\" src=\"https:\/\/esquerra.com.ar\/basquet\/wp-content\/uploads\/2024\/09\/Talleres-Cordoba-Argentina-128x128.png\" class=\"attachment-sportspress-fit-icon size-sportspress-fit-icon wp-post-image\" alt=\"\" \/><\/span>CAT<\/td><td class=\"data-pts\" data-label=\"Pts\">6<\/td><td class=\"data-g\" data-label=\"G\">3<\/td><td class=\"data-p\" data-label=\"P\">0<\/td><td class=\"data-pf\" data-label=\"PF\">151<\/td><td class=\"data-pc\" data-label=\"PC\">111<\/td><td class=\"data-dif\" data-label=\"DIF\">40<\/td><\/tr><tr class=\"even sp-row-no-1\"><td class=\"data-rank\" data-label=\"Pos\">2<\/td><td class=\"data-name has-logo\" data-label=\"Equipo\"><span class=\"team-logo\"><img loading=\"lazy\" decoding=\"async\" width=\"128\" height=\"128\" src=\"https:\/\/esquerra.com.ar\/basquet\/wp-content\/uploads\/2024\/09\/Santa-Catalina-San-Luis-Argentina-128x128.png\" class=\"attachment-sportspress-fit-icon size-sportspress-fit-icon wp-post-image\" alt=\"\" \/><\/span>ISC (B)<\/td><td class=\"data-pts\" data-label=\"Pts\">5<\/td><td class=\"data-g\" data-label=\"G\">2<\/td><td class=\"data-p\" data-label=\"P\">1<\/td><td class=\"data-pf\" data-label=\"PF\">110<\/td><td class=\"data-pc\" data-label=\"PC\">101<\/td><td class=\"data-dif\" data-label=\"DIF\">9<\/td><\/tr><tr class=\"odd sp-row-no-2\"><td class=\"data-rank\" data-label=\"Pos\">3<\/td><td class=\"data-name has-logo\" data-label=\"Equipo\"><span class=\"team-logo\"><img loading=\"lazy\" decoding=\"async\" width=\"128\" height=\"128\" src=\"https:\/\/esquerra.com.ar\/basquet\/wp-content\/uploads\/2024\/09\/Sarandi-Universitario-Rivera-Uruguay-128x128.png\" class=\"attachment-sportspress-fit-icon size-sportspress-fit-icon wp-post-image\" alt=\"\" \/><\/span>SAR (2)<\/td><td class=\"data-pts\" data-label=\"Pts\">4<\/td><td class=\"data-g\" data-label=\"G\">1<\/td><td class=\"data-p\" data-label=\"P\">2<\/td><td class=\"data-pf\" data-label=\"PF\">112<\/td><td class=\"data-pc\" data-label=\"PC\">107<\/td><td class=\"data-dif\" data-label=\"DIF\">5<\/td><\/tr><tr class=\"even sp-row-no-3\"><td class=\"data-rank\" data-label=\"Pos\">4<\/td><td class=\"data-name has-logo\" data-label=\"Equipo\"><span class=\"team-logo\"><img loading=\"lazy\" decoding=\"async\" width=\"128\" height=\"128\" src=\"https:\/\/esquerra.com.ar\/basquet\/wp-content\/uploads\/2024\/09\/Ingeniero-Lucas-Vazquez-Monte-Cristo-Argentina-128x128.png\" class=\"attachment-sportspress-fit-icon size-sportspress-fit-icon wp-post-image\" alt=\"\" \/><\/span>CILV<\/td><td class=\"data-pts\" data-label=\"Pts\">3<\/td><td class=\"data-g\" data-label=\"G\">0<\/td><td class=\"data-p\" data-label=\"P\">3<\/td><td class=\"data-pf\" data-label=\"PF\">60<\/td><td class=\"data-pc\" data-label=\"PC\">114<\/td><td class=\"data-dif\" data-label=\"DIF\">-54<\/td><\/tr><\/tbody><\/table><\/div><\/div>\n<\/div><\/p>\n<\/div><\/details><\/div>\n\n\n\n<div class=\"wp-block-coblocks-accordion-item has-custom-font has-custom-weight has-custom-transform\" style=\"font-family:Montserrat;font-weight:400;text-transform:uppercase\"><details><summary class=\"wp-block-coblocks-accordion-item__title has-background has-neve-link-hover-color-background-color has-text-color has-nv-site-bg-color\">Fixture y Resultados<\/summary><div class=\"wp-block-coblocks-accordion-item__content\" style=\"border-color:var(--nv-secondary-accent)\"><div class=\"sportspress\"><h4 class=\"sp-table-caption\">Fixture y Resultados<\/h4><div class=\"sp-template sp-template-event-blocks\">\n\t<div class=\"sp-table-wrapper\">\n\t\t<table class=\"sp-event-blocks sp-data-table\n\t\t\t\t\t sp-paginated-table\" data-sp-rows=\"99\">\n\t\t\t<thead><tr><th><\/th><\/tr><\/thead> \t\t\t<tbody>\n\t\t\t\t\t\t\t\t\t<tr class=\"sp-row sp-post alternate\" itemscope itemtype=\"http:\/\/schema.org\/SportsEvent\">\n\t\t\t\t\t\t<td>\n\t\t\t\t\t\t\t\t\t\t\t\t\t\t<span class=\"team-logo logo-odd\" title=\"CEF 9 U12 (San Mart\u00edn De Los Andes, Argentina)\"><img loading=\"lazy\" decoding=\"async\" width=\"128\" height=\"128\" src=\"https:\/\/esquerra.com.ar\/basquet\/wp-content\/uploads\/2024\/09\/CEF-9-San-Martin-de-Los-Andes-Argentina-128x128.png\" class=\"attachment-sportspress-fit-icon size-sportspress-fit-icon wp-post-image\" alt=\"\" \/><\/span> <span class=\"team-logo logo-even\" title=\"Uni\u00f3n Electrica SUE U12 (C\u00f3rdoba, Argentina)\"><img loading=\"lazy\" decoding=\"async\" width=\"128\" height=\"128\" src=\"https:\/\/esquerra.com.ar\/basquet\/wp-content\/uploads\/2024\/09\/Union-Electrica-Cordoba-Argentina-128x128.png\" class=\"attachment-sportspress-fit-icon size-sportspress-fit-icon wp-post-image\" alt=\"\" \/><\/span>\t\t\t\t\t\t\t<time class=\"sp-event-date\" datetime=\"2024-10-04 16:00:47\" itemprop=\"startDate\" content=\"2024-10-04T16:00:47-03:00\">\n\t\t\t\t\t\t\t\t04\/10\/2024\t\t\t\t\t\t\t<\/time>\n\t\t\t\t\t\t\t\t\t\t\t\t\t\t<h5 class=\"sp-event-results\">\n\t\t\t\t\t\t\t\t<span class=\"sp-result ok\">15<\/span> - <span class=\"sp-result\">113<\/span>\t\t\t\t\t\t\t<\/h5>\n\t\t\t\t\t\t\t\t\t\t\t\t\t\t\t\t\t\t\t\t\t\t<div class=\"sp-event-season\">U12 \u2013 Octubre 2024 \u2013 ZONA B<\/div>\n\t\t\t\t\t\t\t\t\t\t\t\t\t\t\t\t\t\t\t\t\t\t\t\t\t\t\t\t\t\t<div class=\"sp-event-venue\" itemprop=\"location\" itemscope itemtype=\"http:\/\/schema.org\/Place\"><div itemprop=\"address\" itemscope itemtype=\"http:\/\/schema.org\/PostalAddress\">Club Maip\u00fa<\/div><\/div>\n\t\t\t\t\t\t\t\t\t\t\t\t\t\t\t\t\t\t\t\t\t\t\t\t\t\t\t\t\t\t<div style=\"display:none;\" class=\"sp-event-venue\" itemprop=\"location\" itemscope itemtype=\"http:\/\/schema.org\/Place\"><div itemprop=\"address\" itemscope itemtype=\"http:\/\/schema.org\/PostalAddress\">N\/D<\/div><\/div>\n\t\t\t\t\t\t\t\t\t\t\t\t\t\t<h4 class=\"sp-event-title\" itemprop=\"name\">\n\t\t\t\t\t\t\t\tCEF 9 U12 (San Mart\u00edn De Los Andes, Argentina) vs Uni\u00f3n Electrica SUE U12 (C\u00f3rdoba, Argentina)\t\t\t\t\t\t\t<\/h4>\n\t\t\t\t\t\t\t\n\t\t\t\t\t\t<\/td>\n\t\t\t\t\t<\/tr>\n\t\t\t\t\t\t\t\t\t\t<tr class=\"sp-row sp-post\" itemscope itemtype=\"http:\/\/schema.org\/SportsEvent\">\n\t\t\t\t\t\t<td>\n\t\t\t\t\t\t\t\t\t\t\t\t\t\t<span class=\"team-logo logo-odd\" title=\"Sarand\u00ed Universitario (2) U12 (Rivera, Uruguay)\"><img loading=\"lazy\" decoding=\"async\" width=\"128\" height=\"128\" src=\"https:\/\/esquerra.com.ar\/basquet\/wp-content\/uploads\/2024\/09\/Sarandi-Universitario-Rivera-Uruguay-128x128.png\" class=\"attachment-sportspress-fit-icon size-sportspress-fit-icon wp-post-image\" alt=\"\" \/><\/span> <span class=\"team-logo logo-even\" title=\"Ingeniero Lucas V\u00e1zquez U12 (Monte Cristo, Argentina)\"><img loading=\"lazy\" decoding=\"async\" width=\"128\" height=\"128\" src=\"https:\/\/esquerra.com.ar\/basquet\/wp-content\/uploads\/2024\/09\/Ingeniero-Lucas-Vazquez-Monte-Cristo-Argentina-128x128.png\" class=\"attachment-sportspress-fit-icon size-sportspress-fit-icon wp-post-image\" alt=\"\" \/><\/span>\t\t\t\t\t\t\t<time class=\"sp-event-date\" datetime=\"2024-10-04 16:15:54\" itemprop=\"startDate\" content=\"2024-10-04T16:15:54-03:00\">\n\t\t\t\t\t\t\t\t04\/10\/2024\t\t\t\t\t\t\t<\/time>\n\t\t\t\t\t\t\t\t\t\t\t\t\t\t<h5 class=\"sp-event-results\">\n\t\t\t\t\t\t\t\t<span class=\"sp-result ok\">33<\/span> - <span class=\"sp-result\">13<\/span>\t\t\t\t\t\t\t<\/h5>\n\t\t\t\t\t\t\t\t\t\t\t\t\t\t\t\t\t\t\t\t\t\t<div class=\"sp-event-season\">U12 \u2013 Octubre 2024 \u2013 ZONA C<\/div>\n\t\t\t\t\t\t\t\t\t\t\t\t\t\t\t\t\t\t\t\t\t\t\t\t\t\t\t\t\t\t<div class=\"sp-event-venue\" itemprop=\"location\" itemscope itemtype=\"http:\/\/schema.org\/Place\"><div itemprop=\"address\" itemscope itemtype=\"http:\/\/schema.org\/PostalAddress\">Club Rieles 1<\/div><\/div>\n\t\t\t\t\t\t\t\t\t\t\t\t\t\t\t\t\t\t\t\t\t\t\t\t\t\t\t\t\t\t<div style=\"display:none;\" class=\"sp-event-venue\" itemprop=\"location\" itemscope itemtype=\"http:\/\/schema.org\/Place\"><div itemprop=\"address\" itemscope itemtype=\"http:\/\/schema.org\/PostalAddress\">N\/D<\/div><\/div>\n\t\t\t\t\t\t\t\t\t\t\t\t\t\t<h4 class=\"sp-event-title\" itemprop=\"name\">\n\t\t\t\t\t\t\t\tSarand\u00ed Universitario (2) U12 (Rivera, Uruguay) vs Ingeniero Lucas V\u00e1zquez U12 (Monte Cristo, Argentina)\t\t\t\t\t\t\t<\/h4>\n\t\t\t\t\t\t\t\n\t\t\t\t\t\t<\/td>\n\t\t\t\t\t<\/tr>\n\t\t\t\t\t\t\t\t\t\t<tr class=\"sp-row sp-post alternate\" itemscope itemtype=\"http:\/\/schema.org\/SportsEvent\">\n\t\t\t\t\t\t<td>\n\t\t\t\t\t\t\t\t\t\t\t\t\t\t<span class=\"team-logo logo-odd\" title=\"Sarand\u00ed Universitario (1) U12 (Rivera, Uruguay)\"><img loading=\"lazy\" decoding=\"async\" width=\"128\" height=\"128\" src=\"https:\/\/esquerra.com.ar\/basquet\/wp-content\/uploads\/2024\/09\/Sarandi-Universitario-Rivera-Uruguay-128x128.png\" class=\"attachment-sportspress-fit-icon size-sportspress-fit-icon wp-post-image\" alt=\"\" \/><\/span> <span class=\"team-logo logo-even\" title=\"Banco U12 (Mendoza, Argentina)\"><img decoding=\"async\" width=\"128\" height=\"128\" src=\"https:\/\/esquerra.com.ar\/basquet\/wp-content\/uploads\/2024\/09\/Banco-Mendoza-Argentina-128x128.png\" class=\"attachment-sportspress-fit-icon size-sportspress-fit-icon wp-post-image\" alt=\"\" \/><\/span>\t\t\t\t\t\t\t<time class=\"sp-event-date\" datetime=\"2024-10-04 17:30:57\" itemprop=\"startDate\" content=\"2024-10-04T17:30:57-03:00\">\n\t\t\t\t\t\t\t\t04\/10\/2024\t\t\t\t\t\t\t<\/time>\n\t\t\t\t\t\t\t\t\t\t\t\t\t\t<h5 class=\"sp-event-results\">\n\t\t\t\t\t\t\t\t<span class=\"sp-result ok\">32<\/span> - <span class=\"sp-result\">46<\/span>\t\t\t\t\t\t\t<\/h5>\n\t\t\t\t\t\t\t\t\t\t\t\t\t\t\t\t\t\t\t\t\t\t<div class=\"sp-event-season\">U12 \u2013 Octubre 2024 \u2013 ZONA A<\/div>\n\t\t\t\t\t\t\t\t\t\t\t\t\t\t\t\t\t\t\t\t\t\t\t\t\t\t\t\t\t\t<div class=\"sp-event-venue\" itemprop=\"location\" itemscope itemtype=\"http:\/\/schema.org\/Place\"><div itemprop=\"address\" itemscope itemtype=\"http:\/\/schema.org\/PostalAddress\">Club Rieles 1<\/div><\/div>\n\t\t\t\t\t\t\t\t\t\t\t\t\t\t\t\t\t\t\t\t\t\t\t\t\t\t\t\t\t\t<div style=\"display:none;\" class=\"sp-event-venue\" itemprop=\"location\" itemscope itemtype=\"http:\/\/schema.org\/Place\"><div itemprop=\"address\" itemscope itemtype=\"http:\/\/schema.org\/PostalAddress\">N\/D<\/div><\/div>\n\t\t\t\t\t\t\t\t\t\t\t\t\t\t<h4 class=\"sp-event-title\" itemprop=\"name\">\n\t\t\t\t\t\t\t\tSarand\u00ed Universitario (1) U12 (Rivera, Uruguay) vs Banco U12 (Mendoza, Argentina)\t\t\t\t\t\t\t<\/h4>\n\t\t\t\t\t\t\t\n\t\t\t\t\t\t<\/td>\n\t\t\t\t\t<\/tr>\n\t\t\t\t\t\t\t\t\t\t<tr class=\"sp-row sp-post\" itemscope itemtype=\"http:\/\/schema.org\/SportsEvent\">\n\t\t\t\t\t\t<td>\n\t\t\t\t\t\t\t\t\t\t\t\t\t\t<span class=\"team-logo logo-odd\" title=\"Provincial Linares U12 (Linares, Chile)\"><img decoding=\"async\" width=\"128\" height=\"128\" src=\"https:\/\/esquerra.com.ar\/basquet\/wp-content\/uploads\/2024\/09\/Municipal-Linares-Linares-Chile-128x128.png\" class=\"attachment-sportspress-fit-icon size-sportspress-fit-icon wp-post-image\" alt=\"\" \/><\/span> <span class=\"team-logo logo-even\" title=\"Pumas U12 (Campo 9, Paraguay)\"><img decoding=\"async\" width=\"128\" height=\"128\" src=\"https:\/\/esquerra.com.ar\/basquet\/wp-content\/uploads\/2024\/09\/Pumas-Campo-9-Paraguay-128x128.png\" class=\"attachment-sportspress-fit-icon size-sportspress-fit-icon wp-post-image\" alt=\"\" \/><\/span>\t\t\t\t\t\t\t<time class=\"sp-event-date\" datetime=\"2024-10-04 18:30:47\" itemprop=\"startDate\" content=\"2024-10-04T18:30:47-03:00\">\n\t\t\t\t\t\t\t\t04\/10\/2024\t\t\t\t\t\t\t<\/time>\n\t\t\t\t\t\t\t\t\t\t\t\t\t\t<h5 class=\"sp-event-results\">\n\t\t\t\t\t\t\t\t<span class=\"sp-result ok\">30<\/span> - <span class=\"sp-result\">20<\/span>\t\t\t\t\t\t\t<\/h5>\n\t\t\t\t\t\t\t\t\t\t\t\t\t\t\t\t\t\t\t\t\t\t<div class=\"sp-event-season\">U12 \u2013 Octubre 2024 \u2013 ZONA A<\/div>\n\t\t\t\t\t\t\t\t\t\t\t\t\t\t\t\t\t\t\t\t\t\t\t\t\t\t\t\t\t\t<div class=\"sp-event-venue\" itemprop=\"location\" itemscope itemtype=\"http:\/\/schema.org\/Place\"><div itemprop=\"address\" itemscope itemtype=\"http:\/\/schema.org\/PostalAddress\">Hind\u00fa Club 2<\/div><\/div>\n\t\t\t\t\t\t\t\t\t\t\t\t\t\t\t\t\t\t\t\t\t\t\t\t\t\t\t\t\t\t<div style=\"display:none;\" class=\"sp-event-venue\" itemprop=\"location\" itemscope itemtype=\"http:\/\/schema.org\/Place\"><div itemprop=\"address\" itemscope itemtype=\"http:\/\/schema.org\/PostalAddress\">N\/D<\/div><\/div>\n\t\t\t\t\t\t\t\t\t\t\t\t\t\t<h4 class=\"sp-event-title\" itemprop=\"name\">\n\t\t\t\t\t\t\t\tProvincial Linares U12 (Linares, Chile) vs Pumas U12 (Campo 9, Paraguay)\t\t\t\t\t\t\t<\/h4>\n\t\t\t\t\t\t\t\n\t\t\t\t\t\t<\/td>\n\t\t\t\t\t<\/tr>\n\t\t\t\t\t\t\t\t\t\t<tr class=\"sp-row sp-post alternate\" itemscope itemtype=\"http:\/\/schema.org\/SportsEvent\">\n\t\t\t\t\t\t<td>\n\t\t\t\t\t\t\t\t\t\t\t\t\t\t<span class=\"team-logo logo-odd\" title=\"Instituto Sta. Catalina (A) U12 (San Luis, Argentina)\"><img loading=\"lazy\" decoding=\"async\" width=\"128\" height=\"128\" src=\"https:\/\/esquerra.com.ar\/basquet\/wp-content\/uploads\/2024\/09\/Santa-Catalina-San-Luis-Argentina-128x128.png\" class=\"attachment-sportspress-fit-icon size-sportspress-fit-icon wp-post-image\" alt=\"\" \/><\/span> <span class=\"team-logo logo-even\" title=\"San Felipe U12 (San Felipe, Chile)\"><img loading=\"lazy\" decoding=\"async\" width=\"128\" height=\"128\" src=\"https:\/\/esquerra.com.ar\/basquet\/wp-content\/uploads\/2024\/09\/San-Felipe-San-Felipe-Chile-128x128.png\" class=\"attachment-sportspress-fit-icon size-sportspress-fit-icon wp-post-image\" alt=\"\" \/><\/span>\t\t\t\t\t\t\t<time class=\"sp-event-date\" datetime=\"2024-10-04 18:30:58\" itemprop=\"startDate\" content=\"2024-10-04T18:30:58-03:00\">\n\t\t\t\t\t\t\t\t04\/10\/2024\t\t\t\t\t\t\t<\/time>\n\t\t\t\t\t\t\t\t\t\t\t\t\t\t<h5 class=\"sp-event-results\">\n\t\t\t\t\t\t\t\t<span class=\"sp-result ok\">40<\/span> - <span class=\"sp-result\">51<\/span>\t\t\t\t\t\t\t<\/h5>\n\t\t\t\t\t\t\t\t\t\t\t\t\t\t\t\t\t\t\t\t\t\t<div class=\"sp-event-season\">U12 \u2013 Octubre 2024 \u2013 ZONA B<\/div>\n\t\t\t\t\t\t\t\t\t\t\t\t\t\t\t\t\t\t\t\t\t\t\t\t\t\t\t\t\t\t<div class=\"sp-event-venue\" itemprop=\"location\" itemscope itemtype=\"http:\/\/schema.org\/Place\"><div itemprop=\"address\" itemscope itemtype=\"http:\/\/schema.org\/PostalAddress\">Club Maip\u00fa<\/div><\/div>\n\t\t\t\t\t\t\t\t\t\t\t\t\t\t\t\t\t\t\t\t\t\t\t\t\t\t\t\t\t\t<div style=\"display:none;\" class=\"sp-event-venue\" itemprop=\"location\" itemscope itemtype=\"http:\/\/schema.org\/Place\"><div itemprop=\"address\" itemscope itemtype=\"http:\/\/schema.org\/PostalAddress\">N\/D<\/div><\/div>\n\t\t\t\t\t\t\t\t\t\t\t\t\t\t<h4 class=\"sp-event-title\" itemprop=\"name\">\n\t\t\t\t\t\t\t\tInstituto Sta. Catalina (A) U12 (San Luis, Argentina) vs San Felipe U12 (San Felipe, Chile)\t\t\t\t\t\t\t<\/h4>\n\t\t\t\t\t\t\t\n\t\t\t\t\t\t<\/td>\n\t\t\t\t\t<\/tr>\n\t\t\t\t\t\t\t\t\t\t<tr class=\"sp-row sp-post\" itemscope itemtype=\"http:\/\/schema.org\/SportsEvent\">\n\t\t\t\t\t\t<td>\n\t\t\t\t\t\t\t\t\t\t\t\t\t\t<span class=\"team-logo logo-odd\" title=\"Talleres U12 (C\u00f3rdoba, Argentina)\"><img loading=\"lazy\" decoding=\"async\" width=\"128\" height=\"128\" src=\"https:\/\/esquerra.com.ar\/basquet\/wp-content\/uploads\/2024\/09\/Talleres-Cordoba-Argentina-128x128.png\" class=\"attachment-sportspress-fit-icon size-sportspress-fit-icon wp-post-image\" alt=\"\" \/><\/span> <span class=\"team-logo logo-even\" title=\"Instituto Sta. Catalina (B) U12 (San Luis, Argentina)\"><img loading=\"lazy\" decoding=\"async\" width=\"128\" height=\"128\" src=\"https:\/\/esquerra.com.ar\/basquet\/wp-content\/uploads\/2024\/09\/Santa-Catalina-San-Luis-Argentina-128x128.png\" class=\"attachment-sportspress-fit-icon size-sportspress-fit-icon wp-post-image\" alt=\"\" \/><\/span>\t\t\t\t\t\t\t<time class=\"sp-event-date\" datetime=\"2024-10-04 18:45:30\" itemprop=\"startDate\" content=\"2024-10-04T18:45:30-03:00\">\n\t\t\t\t\t\t\t\t04\/10\/2024\t\t\t\t\t\t\t<\/time>\n\t\t\t\t\t\t\t\t\t\t\t\t\t\t<h5 class=\"sp-event-results\">\n\t\t\t\t\t\t\t\t<span class=\"sp-result ok\">45<\/span> - <span class=\"sp-result\">41<\/span>\t\t\t\t\t\t\t<\/h5>\n\t\t\t\t\t\t\t\t\t\t\t\t\t\t\t\t\t\t\t\t\t\t<div class=\"sp-event-season\">U12 \u2013 Octubre 2024 \u2013 ZONA C<\/div>\n\t\t\t\t\t\t\t\t\t\t\t\t\t\t\t\t\t\t\t\t\t\t\t\t\t\t\t\t\t\t<div class=\"sp-event-venue\" itemprop=\"location\" itemscope itemtype=\"http:\/\/schema.org\/Place\"><div itemprop=\"address\" itemscope itemtype=\"http:\/\/schema.org\/PostalAddress\">Club Rieles 1<\/div><\/div>\n\t\t\t\t\t\t\t\t\t\t\t\t\t\t\t\t\t\t\t\t\t\t\t\t\t\t\t\t\t\t<div style=\"display:none;\" class=\"sp-event-venue\" itemprop=\"location\" itemscope itemtype=\"http:\/\/schema.org\/Place\"><div itemprop=\"address\" itemscope itemtype=\"http:\/\/schema.org\/PostalAddress\">N\/D<\/div><\/div>\n\t\t\t\t\t\t\t\t\t\t\t\t\t\t<h4 class=\"sp-event-title\" itemprop=\"name\">\n\t\t\t\t\t\t\t\tTalleres U12 (C\u00f3rdoba, Argentina) vs Instituto Sta. Catalina (B) U12 (San Luis, Argentina)\t\t\t\t\t\t\t<\/h4>\n\t\t\t\t\t\t\t\n\t\t\t\t\t\t<\/td>\n\t\t\t\t\t<\/tr>\n\t\t\t\t\t\t\t\t\t\t<tr class=\"sp-row sp-post alternate\" itemscope itemtype=\"http:\/\/schema.org\/SportsEvent\">\n\t\t\t\t\t\t<td>\n\t\t\t\t\t\t\t\t\t\t\t\t\t\t<span class=\"team-logo logo-odd\" title=\"San Felipe U12 (San Felipe, Chile)\"><img loading=\"lazy\" decoding=\"async\" width=\"128\" height=\"128\" src=\"https:\/\/esquerra.com.ar\/basquet\/wp-content\/uploads\/2024\/09\/San-Felipe-San-Felipe-Chile-128x128.png\" class=\"attachment-sportspress-fit-icon size-sportspress-fit-icon wp-post-image\" alt=\"\" \/><\/span> <span class=\"team-logo logo-even\" title=\"CEF 9 U12 (San Mart\u00edn De Los Andes, Argentina)\"><img loading=\"lazy\" decoding=\"async\" width=\"128\" height=\"128\" src=\"https:\/\/esquerra.com.ar\/basquet\/wp-content\/uploads\/2024\/09\/CEF-9-San-Martin-de-Los-Andes-Argentina-128x128.png\" class=\"attachment-sportspress-fit-icon size-sportspress-fit-icon wp-post-image\" alt=\"\" \/><\/span>\t\t\t\t\t\t\t<time class=\"sp-event-date\" datetime=\"2024-10-05 09:00:15\" itemprop=\"startDate\" content=\"2024-10-05T09:00:15-03:00\">\n\t\t\t\t\t\t\t\t05\/10\/2024\t\t\t\t\t\t\t<\/time>\n\t\t\t\t\t\t\t\t\t\t\t\t\t\t<h5 class=\"sp-event-results\">\n\t\t\t\t\t\t\t\t<span class=\"sp-result ok\">92<\/span> - <span class=\"sp-result\">11<\/span>\t\t\t\t\t\t\t<\/h5>\n\t\t\t\t\t\t\t\t\t\t\t\t\t\t\t\t\t\t\t\t\t\t<div class=\"sp-event-season\">U12 \u2013 Octubre 2024 \u2013 ZONA B<\/div>\n\t\t\t\t\t\t\t\t\t\t\t\t\t\t\t\t\t\t\t\t\t\t\t\t\t\t\t\t\t\t<div class=\"sp-event-venue\" itemprop=\"location\" itemscope itemtype=\"http:\/\/schema.org\/Place\"><div itemprop=\"address\" itemscope itemtype=\"http:\/\/schema.org\/PostalAddress\">Club Matienzo<\/div><\/div>\n\t\t\t\t\t\t\t\t\t\t\t\t\t\t\t\t\t\t\t\t\t\t\t\t\t\t\t\t\t\t<div style=\"display:none;\" class=\"sp-event-venue\" itemprop=\"location\" itemscope itemtype=\"http:\/\/schema.org\/Place\"><div itemprop=\"address\" itemscope itemtype=\"http:\/\/schema.org\/PostalAddress\">N\/D<\/div><\/div>\n\t\t\t\t\t\t\t\t\t\t\t\t\t\t<h4 class=\"sp-event-title\" itemprop=\"name\">\n\t\t\t\t\t\t\t\tSan Felipe U12 (San Felipe, Chile) vs CEF 9 U12 (San Mart\u00edn De Los Andes, Argentina)\t\t\t\t\t\t\t<\/h4>\n\t\t\t\t\t\t\t\n\t\t\t\t\t\t<\/td>\n\t\t\t\t\t<\/tr>\n\t\t\t\t\t\t\t\t\t\t<tr class=\"sp-row sp-post\" itemscope itemtype=\"http:\/\/schema.org\/SportsEvent\">\n\t\t\t\t\t\t<td>\n\t\t\t\t\t\t\t\t\t\t\t\t\t\t<span class=\"team-logo logo-odd\" title=\"Banco U12 (Mendoza, Argentina)\"><img decoding=\"async\" width=\"128\" height=\"128\" src=\"https:\/\/esquerra.com.ar\/basquet\/wp-content\/uploads\/2024\/09\/Banco-Mendoza-Argentina-128x128.png\" class=\"attachment-sportspress-fit-icon size-sportspress-fit-icon wp-post-image\" alt=\"\" \/><\/span> <span class=\"team-logo logo-even\" title=\"Provincial Linares U12 (Linares, Chile)\"><img decoding=\"async\" width=\"128\" height=\"128\" src=\"https:\/\/esquerra.com.ar\/basquet\/wp-content\/uploads\/2024\/09\/Municipal-Linares-Linares-Chile-128x128.png\" class=\"attachment-sportspress-fit-icon size-sportspress-fit-icon wp-post-image\" alt=\"\" \/><\/span>\t\t\t\t\t\t\t<time class=\"sp-event-date\" datetime=\"2024-10-05 09:00:37\" itemprop=\"startDate\" content=\"2024-10-05T09:00:37-03:00\">\n\t\t\t\t\t\t\t\t05\/10\/2024\t\t\t\t\t\t\t<\/time>\n\t\t\t\t\t\t\t\t\t\t\t\t\t\t<h5 class=\"sp-event-results\">\n\t\t\t\t\t\t\t\t<span class=\"sp-result ok\">57<\/span> - <span class=\"sp-result\">34<\/span>\t\t\t\t\t\t\t<\/h5>\n\t\t\t\t\t\t\t\t\t\t\t\t\t\t\t\t\t\t\t\t\t\t<div class=\"sp-event-season\">U12 \u2013 Octubre 2024 \u2013 ZONA A<\/div>\n\t\t\t\t\t\t\t\t\t\t\t\t\t\t\t\t\t\t\t\t\t\t\t\t\t\t\t\t\t\t<div class=\"sp-event-venue\" itemprop=\"location\" itemscope itemtype=\"http:\/\/schema.org\/Place\"><div itemprop=\"address\" itemscope itemtype=\"http:\/\/schema.org\/PostalAddress\">Club Talleres 1<\/div><\/div>\n\t\t\t\t\t\t\t\t\t\t\t\t\t\t\t\t\t\t\t\t\t\t\t\t\t\t\t\t\t\t<div style=\"display:none;\" class=\"sp-event-venue\" itemprop=\"location\" itemscope itemtype=\"http:\/\/schema.org\/Place\"><div itemprop=\"address\" itemscope itemtype=\"http:\/\/schema.org\/PostalAddress\">N\/D<\/div><\/div>\n\t\t\t\t\t\t\t\t\t\t\t\t\t\t<h4 class=\"sp-event-title\" itemprop=\"name\">\n\t\t\t\t\t\t\t\tBanco U12 (Mendoza, Argentina) vs Provincial Linares U12 (Linares, Chile)\t\t\t\t\t\t\t<\/h4>\n\t\t\t\t\t\t\t\n\t\t\t\t\t\t<\/td>\n\t\t\t\t\t<\/tr>\n\t\t\t\t\t\t\t\t\t\t<tr class=\"sp-row sp-post alternate\" itemscope itemtype=\"http:\/\/schema.org\/SportsEvent\">\n\t\t\t\t\t\t<td>\n\t\t\t\t\t\t\t\t\t\t\t\t\t\t<span class=\"team-logo logo-odd\" title=\"Instituto Sta. Catalina (A) U12 (San Luis, Argentina)\"><img loading=\"lazy\" decoding=\"async\" width=\"128\" height=\"128\" src=\"https:\/\/esquerra.com.ar\/basquet\/wp-content\/uploads\/2024\/09\/Santa-Catalina-San-Luis-Argentina-128x128.png\" class=\"attachment-sportspress-fit-icon size-sportspress-fit-icon wp-post-image\" alt=\"\" \/><\/span> <span class=\"team-logo logo-even\" title=\"Uni\u00f3n Electrica SUE U12 (C\u00f3rdoba, Argentina)\"><img loading=\"lazy\" decoding=\"async\" width=\"128\" height=\"128\" src=\"https:\/\/esquerra.com.ar\/basquet\/wp-content\/uploads\/2024\/09\/Union-Electrica-Cordoba-Argentina-128x128.png\" class=\"attachment-sportspress-fit-icon size-sportspress-fit-icon wp-post-image\" alt=\"\" \/><\/span>\t\t\t\t\t\t\t<time class=\"sp-event-date\" datetime=\"2024-10-05 10:15:51\" itemprop=\"startDate\" content=\"2024-10-05T10:15:51-03:00\">\n\t\t\t\t\t\t\t\t05\/10\/2024\t\t\t\t\t\t\t<\/time>\n\t\t\t\t\t\t\t\t\t\t\t\t\t\t<h5 class=\"sp-event-results\">\n\t\t\t\t\t\t\t\t<span class=\"sp-result ok\">18<\/span> - <span class=\"sp-result\">53<\/span>\t\t\t\t\t\t\t<\/h5>\n\t\t\t\t\t\t\t\t\t\t\t\t\t\t\t\t\t\t\t\t\t\t<div class=\"sp-event-season\">U12 \u2013 Octubre 2024 \u2013 ZONA B<\/div>\n\t\t\t\t\t\t\t\t\t\t\t\t\t\t\t\t\t\t\t\t\t\t\t\t\t\t\t\t\t\t<div class=\"sp-event-venue\" itemprop=\"location\" itemscope itemtype=\"http:\/\/schema.org\/Place\"><div itemprop=\"address\" itemscope itemtype=\"http:\/\/schema.org\/PostalAddress\">Club Empalme<\/div><\/div>\n\t\t\t\t\t\t\t\t\t\t\t\t\t\t\t\t\t\t\t\t\t\t\t\t\t\t\t\t\t\t<div style=\"display:none;\" class=\"sp-event-venue\" itemprop=\"location\" itemscope itemtype=\"http:\/\/schema.org\/Place\"><div itemprop=\"address\" itemscope itemtype=\"http:\/\/schema.org\/PostalAddress\">N\/D<\/div><\/div>\n\t\t\t\t\t\t\t\t\t\t\t\t\t\t<h4 class=\"sp-event-title\" itemprop=\"name\">\n\t\t\t\t\t\t\t\tInstituto Sta. Catalina (A) U12 (San Luis, Argentina) vs Uni\u00f3n Electrica SUE U12 (C\u00f3rdoba, Argentina)\t\t\t\t\t\t\t<\/h4>\n\t\t\t\t\t\t\t\n\t\t\t\t\t\t<\/td>\n\t\t\t\t\t<\/tr>\n\t\t\t\t\t\t\t\t\t\t<tr class=\"sp-row sp-post\" itemscope itemtype=\"http:\/\/schema.org\/SportsEvent\">\n\t\t\t\t\t\t<td>\n\t\t\t\t\t\t\t\t\t\t\t\t\t\t<span class=\"team-logo logo-odd\" title=\"Ingeniero Lucas V\u00e1zquez U12 (Monte Cristo, Argentina)\"><img loading=\"lazy\" decoding=\"async\" width=\"128\" height=\"128\" src=\"https:\/\/esquerra.com.ar\/basquet\/wp-content\/uploads\/2024\/09\/Ingeniero-Lucas-Vazquez-Monte-Cristo-Argentina-128x128.png\" class=\"attachment-sportspress-fit-icon size-sportspress-fit-icon wp-post-image\" alt=\"\" \/><\/span> <span class=\"team-logo logo-even\" title=\"Instituto Sta. Catalina (B) U12 (San Luis, Argentina)\"><img loading=\"lazy\" decoding=\"async\" width=\"128\" height=\"128\" src=\"https:\/\/esquerra.com.ar\/basquet\/wp-content\/uploads\/2024\/09\/Santa-Catalina-San-Luis-Argentina-128x128.png\" class=\"attachment-sportspress-fit-icon size-sportspress-fit-icon wp-post-image\" alt=\"\" \/><\/span>\t\t\t\t\t\t\t<time class=\"sp-event-date\" datetime=\"2024-10-05 11:30:44\" itemprop=\"startDate\" content=\"2024-10-05T11:30:44-03:00\">\n\t\t\t\t\t\t\t\t05\/10\/2024\t\t\t\t\t\t\t<\/time>\n\t\t\t\t\t\t\t\t\t\t\t\t\t\t<h5 class=\"sp-event-results\">\n\t\t\t\t\t\t\t\t<span class=\"sp-result ok\">22<\/span> - <span class=\"sp-result\">34<\/span>\t\t\t\t\t\t\t<\/h5>\n\t\t\t\t\t\t\t\t\t\t\t\t\t\t\t\t\t\t\t\t\t\t<div class=\"sp-event-season\">U12 \u2013 Octubre 2024 \u2013 ZONA C<\/div>\n\t\t\t\t\t\t\t\t\t\t\t\t\t\t\t\t\t\t\t\t\t\t\t\t\t\t\t\t\t\t<div class=\"sp-event-venue\" itemprop=\"location\" itemscope itemtype=\"http:\/\/schema.org\/Place\"><div itemprop=\"address\" itemscope itemtype=\"http:\/\/schema.org\/PostalAddress\">Club Empalme<\/div><\/div>\n\t\t\t\t\t\t\t\t\t\t\t\t\t\t\t\t\t\t\t\t\t\t\t\t\t\t\t\t\t\t<div style=\"display:none;\" class=\"sp-event-venue\" itemprop=\"location\" itemscope itemtype=\"http:\/\/schema.org\/Place\"><div itemprop=\"address\" itemscope itemtype=\"http:\/\/schema.org\/PostalAddress\">N\/D<\/div><\/div>\n\t\t\t\t\t\t\t\t\t\t\t\t\t\t<h4 class=\"sp-event-title\" itemprop=\"name\">\n\t\t\t\t\t\t\t\tIngeniero Lucas V\u00e1zquez U12 (Monte Cristo, Argentina) vs Instituto Sta. Catalina (B) U12 (San Luis, Argentina)\t\t\t\t\t\t\t<\/h4>\n\t\t\t\t\t\t\t\n\t\t\t\t\t\t<\/td>\n\t\t\t\t\t<\/tr>\n\t\t\t\t\t\t\t\t\t\t<tr class=\"sp-row sp-post alternate\" itemscope itemtype=\"http:\/\/schema.org\/SportsEvent\">\n\t\t\t\t\t\t<td>\n\t\t\t\t\t\t\t\t\t\t\t\t\t\t<span class=\"team-logo logo-odd\" title=\"Sarand\u00ed Universitario (1) U12 (Rivera, Uruguay)\"><img loading=\"lazy\" decoding=\"async\" width=\"128\" height=\"128\" src=\"https:\/\/esquerra.com.ar\/basquet\/wp-content\/uploads\/2024\/09\/Sarandi-Universitario-Rivera-Uruguay-128x128.png\" class=\"attachment-sportspress-fit-icon size-sportspress-fit-icon wp-post-image\" alt=\"\" \/><\/span> <span class=\"team-logo logo-even\" title=\"Pumas U12 (Campo 9, Paraguay)\"><img decoding=\"async\" width=\"128\" height=\"128\" src=\"https:\/\/esquerra.com.ar\/basquet\/wp-content\/uploads\/2024\/09\/Pumas-Campo-9-Paraguay-128x128.png\" class=\"attachment-sportspress-fit-icon size-sportspress-fit-icon wp-post-image\" alt=\"\" \/><\/span>\t\t\t\t\t\t\t<time class=\"sp-event-date\" datetime=\"2024-10-05 11:30:52\" itemprop=\"startDate\" content=\"2024-10-05T11:30:52-03:00\">\n\t\t\t\t\t\t\t\t05\/10\/2024\t\t\t\t\t\t\t<\/time>\n\t\t\t\t\t\t\t\t\t\t\t\t\t\t<h5 class=\"sp-event-results\">\n\t\t\t\t\t\t\t\t<span class=\"sp-result ok\">27<\/span> - <span class=\"sp-result\">29<\/span>\t\t\t\t\t\t\t<\/h5>\n\t\t\t\t\t\t\t\t\t\t\t\t\t\t\t\t\t\t\t\t\t\t<div class=\"sp-event-season\">U12 \u2013 Octubre 2024 \u2013 ZONA A<\/div>\n\t\t\t\t\t\t\t\t\t\t\t\t\t\t\t\t\t\t\t\t\t\t\t\t\t\t\t\t\t\t<div class=\"sp-event-venue\" itemprop=\"location\" itemscope itemtype=\"http:\/\/schema.org\/Place\"><div itemprop=\"address\" itemscope itemtype=\"http:\/\/schema.org\/PostalAddress\">Club Talleres 1<\/div><\/div>\n\t\t\t\t\t\t\t\t\t\t\t\t\t\t\t\t\t\t\t\t\t\t\t\t\t\t\t\t\t\t<div style=\"display:none;\" class=\"sp-event-venue\" itemprop=\"location\" itemscope itemtype=\"http:\/\/schema.org\/Place\"><div itemprop=\"address\" itemscope itemtype=\"http:\/\/schema.org\/PostalAddress\">N\/D<\/div><\/div>\n\t\t\t\t\t\t\t\t\t\t\t\t\t\t<h4 class=\"sp-event-title\" itemprop=\"name\">\n\t\t\t\t\t\t\t\tSarand\u00ed Universitario (1) U12 (Rivera, Uruguay) vs Pumas U12 (Campo 9, Paraguay)\t\t\t\t\t\t\t<\/h4>\n\t\t\t\t\t\t\t\n\t\t\t\t\t\t<\/td>\n\t\t\t\t\t<\/tr>\n\t\t\t\t\t\t\t\t\t\t<tr class=\"sp-row sp-post\" itemscope itemtype=\"http:\/\/schema.org\/SportsEvent\">\n\t\t\t\t\t\t<td>\n\t\t\t\t\t\t\t\t\t\t\t\t\t\t<span class=\"team-logo logo-odd\" title=\"Sarand\u00ed Universitario (2) U12 (Rivera, Uruguay)\"><img loading=\"lazy\" decoding=\"async\" width=\"128\" height=\"128\" src=\"https:\/\/esquerra.com.ar\/basquet\/wp-content\/uploads\/2024\/09\/Sarandi-Universitario-Rivera-Uruguay-128x128.png\" class=\"attachment-sportspress-fit-icon size-sportspress-fit-icon wp-post-image\" alt=\"\" \/><\/span> <span class=\"team-logo logo-even\" title=\"Talleres U12 (C\u00f3rdoba, Argentina)\"><img loading=\"lazy\" decoding=\"async\" width=\"128\" height=\"128\" src=\"https:\/\/esquerra.com.ar\/basquet\/wp-content\/uploads\/2024\/09\/Talleres-Cordoba-Argentina-128x128.png\" class=\"attachment-sportspress-fit-icon size-sportspress-fit-icon wp-post-image\" alt=\"\" \/><\/span>\t\t\t\t\t\t\t<time class=\"sp-event-date\" datetime=\"2024-10-05 12:45:49\" itemprop=\"startDate\" content=\"2024-10-05T12:45:49-03:00\">\n\t\t\t\t\t\t\t\t05\/10\/2024\t\t\t\t\t\t\t<\/time>\n\t\t\t\t\t\t\t\t\t\t\t\t\t\t<h5 class=\"sp-event-results\">\n\t\t\t\t\t\t\t\t<span class=\"sp-result ok\">45<\/span> - <span class=\"sp-result\">59<\/span>\t\t\t\t\t\t\t<\/h5>\n\t\t\t\t\t\t\t\t\t\t\t\t\t\t\t\t\t\t\t\t\t\t<div class=\"sp-event-season\">U12 \u2013 Octubre 2024 \u2013 ZONA C<\/div>\n\t\t\t\t\t\t\t\t\t\t\t\t\t\t\t\t\t\t\t\t\t\t\t\t\t\t\t\t\t\t<div class=\"sp-event-venue\" itemprop=\"location\" itemscope itemtype=\"http:\/\/schema.org\/Place\"><div itemprop=\"address\" itemscope itemtype=\"http:\/\/schema.org\/PostalAddress\">Club Talleres 1<\/div><\/div>\n\t\t\t\t\t\t\t\t\t\t\t\t\t\t\t\t\t\t\t\t\t\t\t\t\t\t\t\t\t\t<div style=\"display:none;\" class=\"sp-event-venue\" itemprop=\"location\" itemscope itemtype=\"http:\/\/schema.org\/Place\"><div itemprop=\"address\" itemscope itemtype=\"http:\/\/schema.org\/PostalAddress\">N\/D<\/div><\/div>\n\t\t\t\t\t\t\t\t\t\t\t\t\t\t<h4 class=\"sp-event-title\" itemprop=\"name\">\n\t\t\t\t\t\t\t\tSarand\u00ed Universitario (2) U12 (Rivera, Uruguay) vs Talleres U12 (C\u00f3rdoba, Argentina)\t\t\t\t\t\t\t<\/h4>\n\t\t\t\t\t\t\t\n\t\t\t\t\t\t<\/td>\n\t\t\t\t\t<\/tr>\n\t\t\t\t\t\t\t\t\t\t<tr class=\"sp-row sp-post alternate\" itemscope itemtype=\"http:\/\/schema.org\/SportsEvent\">\n\t\t\t\t\t\t<td>\n\t\t\t\t\t\t\t\t\t\t\t\t\t\t<span class=\"team-logo logo-odd\" title=\"Ingeniero Lucas V\u00e1zquez U12 (Monte Cristo, Argentina)\"><img loading=\"lazy\" decoding=\"async\" width=\"128\" height=\"128\" src=\"https:\/\/esquerra.com.ar\/basquet\/wp-content\/uploads\/2024\/09\/Ingeniero-Lucas-Vazquez-Monte-Cristo-Argentina-128x128.png\" class=\"attachment-sportspress-fit-icon size-sportspress-fit-icon wp-post-image\" alt=\"\" \/><\/span> <span class=\"team-logo logo-even\" title=\"Talleres U12 (C\u00f3rdoba, Argentina)\"><img loading=\"lazy\" decoding=\"async\" width=\"128\" height=\"128\" src=\"https:\/\/esquerra.com.ar\/basquet\/wp-content\/uploads\/2024\/09\/Talleres-Cordoba-Argentina-128x128.png\" class=\"attachment-sportspress-fit-icon size-sportspress-fit-icon wp-post-image\" alt=\"\" \/><\/span>\t\t\t\t\t\t\t<time class=\"sp-event-date\" datetime=\"2024-10-05 16:00:08\" itemprop=\"startDate\" content=\"2024-10-05T16:00:08-03:00\">\n\t\t\t\t\t\t\t\t05\/10\/2024\t\t\t\t\t\t\t<\/time>\n\t\t\t\t\t\t\t\t\t\t\t\t\t\t<h5 class=\"sp-event-results\">\n\t\t\t\t\t\t\t\t<span class=\"sp-result ok\">25<\/span> - <span class=\"sp-result\">47<\/span>\t\t\t\t\t\t\t<\/h5>\n\t\t\t\t\t\t\t\t\t\t\t\t\t\t\t\t\t\t\t\t\t\t<div class=\"sp-event-season\">U12 \u2013 Octubre 2024 \u2013 ZONA C<\/div>\n\t\t\t\t\t\t\t\t\t\t\t\t\t\t\t\t\t\t\t\t\t\t\t\t\t\t\t\t\t\t<div class=\"sp-event-venue\" itemprop=\"location\" itemscope itemtype=\"http:\/\/schema.org\/Place\"><div itemprop=\"address\" itemscope itemtype=\"http:\/\/schema.org\/PostalAddress\">Club Rieles 1<\/div><\/div>\n\t\t\t\t\t\t\t\t\t\t\t\t\t\t\t\t\t\t\t\t\t\t\t\t\t\t\t\t\t\t<div style=\"display:none;\" class=\"sp-event-venue\" itemprop=\"location\" itemscope itemtype=\"http:\/\/schema.org\/Place\"><div itemprop=\"address\" itemscope itemtype=\"http:\/\/schema.org\/PostalAddress\">N\/D<\/div><\/div>\n\t\t\t\t\t\t\t\t\t\t\t\t\t\t<h4 class=\"sp-event-title\" itemprop=\"name\">\n\t\t\t\t\t\t\t\tIngeniero Lucas V\u00e1zquez U12 (Monte Cristo, Argentina) vs Talleres U12 (C\u00f3rdoba, Argentina)\t\t\t\t\t\t\t<\/h4>\n\t\t\t\t\t\t\t\n\t\t\t\t\t\t<\/td>\n\t\t\t\t\t<\/tr>\n\t\t\t\t\t\t\t\t\t\t<tr class=\"sp-row sp-post\" itemscope itemtype=\"http:\/\/schema.org\/SportsEvent\">\n\t\t\t\t\t\t<td>\n\t\t\t\t\t\t\t\t\t\t\t\t\t\t<span class=\"team-logo logo-odd\" title=\"Banco U12 (Mendoza, Argentina)\"><img decoding=\"async\" width=\"128\" height=\"128\" src=\"https:\/\/esquerra.com.ar\/basquet\/wp-content\/uploads\/2024\/09\/Banco-Mendoza-Argentina-128x128.png\" class=\"attachment-sportspress-fit-icon size-sportspress-fit-icon wp-post-image\" alt=\"\" \/><\/span> <span class=\"team-logo logo-even\" title=\"Pumas U12 (Campo 9, Paraguay)\"><img decoding=\"async\" width=\"128\" height=\"128\" src=\"https:\/\/esquerra.com.ar\/basquet\/wp-content\/uploads\/2024\/09\/Pumas-Campo-9-Paraguay-128x128.png\" class=\"attachment-sportspress-fit-icon size-sportspress-fit-icon wp-post-image\" alt=\"\" \/><\/span>\t\t\t\t\t\t\t<time class=\"sp-event-date\" datetime=\"2024-10-05 16:00:31\" itemprop=\"startDate\" content=\"2024-10-05T16:00:31-03:00\">\n\t\t\t\t\t\t\t\t05\/10\/2024\t\t\t\t\t\t\t<\/time>\n\t\t\t\t\t\t\t\t\t\t\t\t\t\t<h5 class=\"sp-event-results\">\n\t\t\t\t\t\t\t\t<span class=\"sp-result ok\">64<\/span> - <span class=\"sp-result\">21<\/span>\t\t\t\t\t\t\t<\/h5>\n\t\t\t\t\t\t\t\t\t\t\t\t\t\t\t\t\t\t\t\t\t\t<div class=\"sp-event-season\">U12 \u2013 Octubre 2024 \u2013 ZONA A<\/div>\n\t\t\t\t\t\t\t\t\t\t\t\t\t\t\t\t\t\t\t\t\t\t\t\t\t\t\t\t\t\t<div class=\"sp-event-venue\" itemprop=\"location\" itemscope itemtype=\"http:\/\/schema.org\/Place\"><div itemprop=\"address\" itemscope itemtype=\"http:\/\/schema.org\/PostalAddress\">Club Talleres 1<\/div><\/div>\n\t\t\t\t\t\t\t\t\t\t\t\t\t\t\t\t\t\t\t\t\t\t\t\t\t\t\t\t\t\t<div style=\"display:none;\" class=\"sp-event-venue\" itemprop=\"location\" itemscope itemtype=\"http:\/\/schema.org\/Place\"><div itemprop=\"address\" itemscope itemtype=\"http:\/\/schema.org\/PostalAddress\">N\/D<\/div><\/div>\n\t\t\t\t\t\t\t\t\t\t\t\t\t\t<h4 class=\"sp-event-title\" itemprop=\"name\">\n\t\t\t\t\t\t\t\tBanco U12 (Mendoza, Argentina) vs Pumas U12 (Campo 9, Paraguay)\t\t\t\t\t\t\t<\/h4>\n\t\t\t\t\t\t\t\n\t\t\t\t\t\t<\/td>\n\t\t\t\t\t<\/tr>\n\t\t\t\t\t\t\t\t\t\t<tr class=\"sp-row sp-post alternate\" itemscope itemtype=\"http:\/\/schema.org\/SportsEvent\">\n\t\t\t\t\t\t<td>\n\t\t\t\t\t\t\t\t\t\t\t\t\t\t<span class=\"team-logo logo-odd\" title=\"Sarand\u00ed Universitario (2) U12 (Rivera, Uruguay)\"><img loading=\"lazy\" decoding=\"async\" width=\"128\" height=\"128\" src=\"https:\/\/esquerra.com.ar\/basquet\/wp-content\/uploads\/2024\/09\/Sarandi-Universitario-Rivera-Uruguay-128x128.png\" class=\"attachment-sportspress-fit-icon size-sportspress-fit-icon wp-post-image\" alt=\"\" \/><\/span> <span class=\"team-logo logo-even\" title=\"Instituto Sta. Catalina (B) U12 (San Luis, Argentina)\"><img loading=\"lazy\" decoding=\"async\" width=\"128\" height=\"128\" src=\"https:\/\/esquerra.com.ar\/basquet\/wp-content\/uploads\/2024\/09\/Santa-Catalina-San-Luis-Argentina-128x128.png\" class=\"attachment-sportspress-fit-icon size-sportspress-fit-icon wp-post-image\" alt=\"\" \/><\/span>\t\t\t\t\t\t\t<time class=\"sp-event-date\" datetime=\"2024-10-05 16:00:48\" itemprop=\"startDate\" content=\"2024-10-05T16:00:48-03:00\">\n\t\t\t\t\t\t\t\t05\/10\/2024\t\t\t\t\t\t\t<\/time>\n\t\t\t\t\t\t\t\t\t\t\t\t\t\t<h5 class=\"sp-event-results\">\n\t\t\t\t\t\t\t\t<span class=\"sp-result ok\">34<\/span> - <span class=\"sp-result\">35<\/span>\t\t\t\t\t\t\t<\/h5>\n\t\t\t\t\t\t\t\t\t\t\t\t\t\t\t\t\t\t\t\t\t\t<div class=\"sp-event-season\">U12 \u2013 Octubre 2024 \u2013 ZONA C<\/div>\n\t\t\t\t\t\t\t\t\t\t\t\t\t\t\t\t\t\t\t\t\t\t\t\t\t\t\t\t\t\t<div class=\"sp-event-venue\" itemprop=\"location\" itemscope itemtype=\"http:\/\/schema.org\/Place\"><div itemprop=\"address\" itemscope itemtype=\"http:\/\/schema.org\/PostalAddress\">Club Empalme<\/div><\/div>\n\t\t\t\t\t\t\t\t\t\t\t\t\t\t\t\t\t\t\t\t\t\t\t\t\t\t\t\t\t\t<div style=\"display:none;\" class=\"sp-event-venue\" itemprop=\"location\" itemscope itemtype=\"http:\/\/schema.org\/Place\"><div itemprop=\"address\" itemscope itemtype=\"http:\/\/schema.org\/PostalAddress\">N\/D<\/div><\/div>\n\t\t\t\t\t\t\t\t\t\t\t\t\t\t<h4 class=\"sp-event-title\" itemprop=\"name\">\n\t\t\t\t\t\t\t\tSarand\u00ed Universitario (2) U12 (Rivera, Uruguay) vs Instituto Sta. Catalina (B) U12 (San Luis, Argentina)\t\t\t\t\t\t\t<\/h4>\n\t\t\t\t\t\t\t\n\t\t\t\t\t\t<\/td>\n\t\t\t\t\t<\/tr>\n\t\t\t\t\t\t\t\t\t\t<tr class=\"sp-row sp-post\" itemscope itemtype=\"http:\/\/schema.org\/SportsEvent\">\n\t\t\t\t\t\t<td>\n\t\t\t\t\t\t\t\t\t\t\t\t\t\t<span class=\"team-logo logo-odd\" title=\"Sarand\u00ed Universitario (1) U12 (Rivera, Uruguay)\"><img loading=\"lazy\" decoding=\"async\" width=\"128\" height=\"128\" src=\"https:\/\/esquerra.com.ar\/basquet\/wp-content\/uploads\/2024\/09\/Sarandi-Universitario-Rivera-Uruguay-128x128.png\" class=\"attachment-sportspress-fit-icon size-sportspress-fit-icon wp-post-image\" alt=\"\" \/><\/span> <span class=\"team-logo logo-even\" title=\"Provincial Linares U12 (Linares, Chile)\"><img decoding=\"async\" width=\"128\" height=\"128\" src=\"https:\/\/esquerra.com.ar\/basquet\/wp-content\/uploads\/2024\/09\/Municipal-Linares-Linares-Chile-128x128.png\" class=\"attachment-sportspress-fit-icon size-sportspress-fit-icon wp-post-image\" alt=\"\" \/><\/span>\t\t\t\t\t\t\t<time class=\"sp-event-date\" datetime=\"2024-10-05 16:00:53\" itemprop=\"startDate\" content=\"2024-10-05T16:00:53-03:00\">\n\t\t\t\t\t\t\t\t05\/10\/2024\t\t\t\t\t\t\t<\/time>\n\t\t\t\t\t\t\t\t\t\t\t\t\t\t<h5 class=\"sp-event-results\">\n\t\t\t\t\t\t\t\t<span class=\"sp-result ok\">35<\/span> - <span class=\"sp-result\">46<\/span>\t\t\t\t\t\t\t<\/h5>\n\t\t\t\t\t\t\t\t\t\t\t\t\t\t\t\t\t\t\t\t\t\t<div class=\"sp-event-season\">U12 \u2013 Octubre 2024 \u2013 ZONA A<\/div>\n\t\t\t\t\t\t\t\t\t\t\t\t\t\t\t\t\t\t\t\t\t\t\t\t\t\t\t\t\t\t<div class=\"sp-event-venue\" itemprop=\"location\" itemscope itemtype=\"http:\/\/schema.org\/Place\"><div itemprop=\"address\" itemscope itemtype=\"http:\/\/schema.org\/PostalAddress\">Club Juniors<\/div><\/div>\n\t\t\t\t\t\t\t\t\t\t\t\t\t\t\t\t\t\t\t\t\t\t\t\t\t\t\t\t\t\t<div style=\"display:none;\" class=\"sp-event-venue\" itemprop=\"location\" itemscope itemtype=\"http:\/\/schema.org\/Place\"><div itemprop=\"address\" itemscope itemtype=\"http:\/\/schema.org\/PostalAddress\">N\/D<\/div><\/div>\n\t\t\t\t\t\t\t\t\t\t\t\t\t\t<h4 class=\"sp-event-title\" itemprop=\"name\">\n\t\t\t\t\t\t\t\tSarand\u00ed Universitario (1) U12 (Rivera, Uruguay) vs Provincial Linares U12 (Linares, Chile)\t\t\t\t\t\t\t<\/h4>\n\t\t\t\t\t\t\t\n\t\t\t\t\t\t<\/td>\n\t\t\t\t\t<\/tr>\n\t\t\t\t\t\t\t\t\t\t<tr class=\"sp-row sp-post alternate\" itemscope itemtype=\"http:\/\/schema.org\/SportsEvent\">\n\t\t\t\t\t\t<td>\n\t\t\t\t\t\t\t\t\t\t\t\t\t\t<span class=\"team-logo logo-odd\" title=\"Instituto Sta. Catalina (A) U12 (San Luis, Argentina)\"><img loading=\"lazy\" decoding=\"async\" width=\"128\" height=\"128\" src=\"https:\/\/esquerra.com.ar\/basquet\/wp-content\/uploads\/2024\/09\/Santa-Catalina-San-Luis-Argentina-128x128.png\" class=\"attachment-sportspress-fit-icon size-sportspress-fit-icon wp-post-image\" alt=\"\" \/><\/span> <span class=\"team-logo logo-even\" title=\"CEF 9 U12 (San Mart\u00edn De Los Andes, Argentina)\"><img loading=\"lazy\" decoding=\"async\" width=\"128\" height=\"128\" src=\"https:\/\/esquerra.com.ar\/basquet\/wp-content\/uploads\/2024\/09\/CEF-9-San-Martin-de-Los-Andes-Argentina-128x128.png\" class=\"attachment-sportspress-fit-icon size-sportspress-fit-icon wp-post-image\" alt=\"\" \/><\/span>\t\t\t\t\t\t\t<time class=\"sp-event-date\" datetime=\"2024-10-05 17:15:32\" itemprop=\"startDate\" content=\"2024-10-05T17:15:32-03:00\">\n\t\t\t\t\t\t\t\t05\/10\/2024\t\t\t\t\t\t\t<\/time>\n\t\t\t\t\t\t\t\t\t\t\t\t\t\t<h5 class=\"sp-event-results\">\n\t\t\t\t\t\t\t\t<span class=\"sp-result ok\">68<\/span> - <span class=\"sp-result\">23<\/span>\t\t\t\t\t\t\t<\/h5>\n\t\t\t\t\t\t\t\t\t\t\t\t\t\t\t\t\t\t\t\t\t\t<div class=\"sp-event-season\">U12 \u2013 Octubre 2024 \u2013 ZONA B<\/div>\n\t\t\t\t\t\t\t\t\t\t\t\t\t\t\t\t\t\t\t\t\t\t\t\t\t\t\t\t\t\t<div class=\"sp-event-venue\" itemprop=\"location\" itemscope itemtype=\"http:\/\/schema.org\/Place\"><div itemprop=\"address\" itemscope itemtype=\"http:\/\/schema.org\/PostalAddress\">Club Rieles 1<\/div><\/div>\n\t\t\t\t\t\t\t\t\t\t\t\t\t\t\t\t\t\t\t\t\t\t\t\t\t\t\t\t\t\t<div style=\"display:none;\" class=\"sp-event-venue\" itemprop=\"location\" itemscope itemtype=\"http:\/\/schema.org\/Place\"><div itemprop=\"address\" itemscope itemtype=\"http:\/\/schema.org\/PostalAddress\">N\/D<\/div><\/div>\n\t\t\t\t\t\t\t\t\t\t\t\t\t\t<h4 class=\"sp-event-title\" itemprop=\"name\">\n\t\t\t\t\t\t\t\tInstituto Sta. Catalina (A) U12 (San Luis, Argentina) vs CEF 9 U12 (San Mart\u00edn De Los Andes, Argentina)\t\t\t\t\t\t\t<\/h4>\n\t\t\t\t\t\t\t\n\t\t\t\t\t\t<\/td>\n\t\t\t\t\t<\/tr>\n\t\t\t\t\t\t\t\t\t\t<tr class=\"sp-row sp-post\" itemscope itemtype=\"http:\/\/schema.org\/SportsEvent\">\n\t\t\t\t\t\t<td>\n\t\t\t\t\t\t\t\t\t\t\t\t\t\t<span class=\"team-logo logo-odd\" title=\"San Felipe U12 (San Felipe, Chile)\"><img loading=\"lazy\" decoding=\"async\" width=\"128\" height=\"128\" src=\"https:\/\/esquerra.com.ar\/basquet\/wp-content\/uploads\/2024\/09\/San-Felipe-San-Felipe-Chile-128x128.png\" class=\"attachment-sportspress-fit-icon size-sportspress-fit-icon wp-post-image\" alt=\"\" \/><\/span> <span class=\"team-logo logo-even\" title=\"Uni\u00f3n Electrica SUE U12 (C\u00f3rdoba, Argentina)\"><img loading=\"lazy\" decoding=\"async\" width=\"128\" height=\"128\" src=\"https:\/\/esquerra.com.ar\/basquet\/wp-content\/uploads\/2024\/09\/Union-Electrica-Cordoba-Argentina-128x128.png\" class=\"attachment-sportspress-fit-icon size-sportspress-fit-icon wp-post-image\" alt=\"\" \/><\/span>\t\t\t\t\t\t\t<time class=\"sp-event-date\" datetime=\"2024-10-05 17:15:35\" itemprop=\"startDate\" content=\"2024-10-05T17:15:35-03:00\">\n\t\t\t\t\t\t\t\t05\/10\/2024\t\t\t\t\t\t\t<\/time>\n\t\t\t\t\t\t\t\t\t\t\t\t\t\t<h5 class=\"sp-event-results\">\n\t\t\t\t\t\t\t\t<span class=\"sp-result ok\">46<\/span> - <span class=\"sp-result\">62<\/span>\t\t\t\t\t\t\t<\/h5>\n\t\t\t\t\t\t\t\t\t\t\t\t\t\t\t\t\t\t\t\t\t\t<div class=\"sp-event-season\">U12 \u2013 Octubre 2024 \u2013 ZONA B<\/div>\n\t\t\t\t\t\t\t\t\t\t\t\t\t\t\t\t\t\t\t\t\t\t\t\t\t\t\t\t\t\t<div class=\"sp-event-venue\" itemprop=\"location\" itemscope itemtype=\"http:\/\/schema.org\/Place\"><div itemprop=\"address\" itemscope itemtype=\"http:\/\/schema.org\/PostalAddress\">SUE Uni\u00f3n Electrica<\/div><\/div>\n\t\t\t\t\t\t\t\t\t\t\t\t\t\t\t\t\t\t\t\t\t\t\t\t\t\t\t\t\t\t<div style=\"display:none;\" class=\"sp-event-venue\" itemprop=\"location\" itemscope itemtype=\"http:\/\/schema.org\/Place\"><div itemprop=\"address\" itemscope itemtype=\"http:\/\/schema.org\/PostalAddress\">N\/D<\/div><\/div>\n\t\t\t\t\t\t\t\t\t\t\t\t\t\t<h4 class=\"sp-event-title\" itemprop=\"name\">\n\t\t\t\t\t\t\t\tSan Felipe U12 (San Felipe, Chile) vs Uni\u00f3n Electrica SUE U12 (C\u00f3rdoba, Argentina)\t\t\t\t\t\t\t<\/h4>\n\t\t\t\t\t\t\t\n\t\t\t\t\t\t<\/td>\n\t\t\t\t\t<\/tr>\n\t\t\t\t\t\t\t\t<\/tbody>\n\t\t<\/table>\n\t<\/div>\n\t<\/div>\n<\/div>\n<\/div><\/details><\/div>\n\n\n\n<div class=\"wp-block-coblocks-accordion-item\"><details><summary class=\"wp-block-coblocks-accordion-item__title has-background has-neve-link-hover-color-background-color has-text-color has-nv-site-bg-color\">TABLA GENERAL<\/summary><div class=\"wp-block-coblocks-accordion-item__content\" style=\"border-color:var(--nv-secondary-accent)\">\n<p><\/p>\n\n\n<div class=\"sportspress\"><div class=\"sp-template sp-template-league-table\">\n\t<h4 class=\"sp-table-caption\">TABLA GENERAL<\/h4><div class=\"sp-table-wrapper\"><table class=\"sp-league-table sp-league-table-1859 sp-data-table sp-sortable-table sp-responsive-table table_69ef6f8b0cc6d sp-scrollable-table sp-paginated-table\" data-sp-rows=\"30\"><thead><tr><th class=\"data-rank\">Pos<\/th><th class=\"data-name\">Equipo<\/th><th class=\"data-pts\">Pts<\/th><th class=\"data-g\">G<\/th><th class=\"data-p\">P<\/th><th class=\"data-pf\">PF<\/th><th class=\"data-pc\">PC<\/th><th class=\"data-dif\">DIF<\/th><\/tr><\/thead><tbody><tr class=\"odd sp-row-no-0\"><td class=\"data-rank\" data-label=\"Pos\">1<\/td><td class=\"data-name has-logo\" data-label=\"Equipo\"><span class=\"team-logo\"><img loading=\"lazy\" decoding=\"async\" width=\"128\" height=\"128\" src=\"https:\/\/esquerra.com.ar\/basquet\/wp-content\/uploads\/2024\/09\/Union-Electrica-Cordoba-Argentina-128x128.png\" class=\"attachment-sportspress-fit-icon size-sportspress-fit-icon wp-post-image\" alt=\"\" \/><\/span>SUE<\/td><td class=\"data-pts\" data-label=\"Pts\">6<\/td><td class=\"data-g\" data-label=\"G\">3<\/td><td class=\"data-p\" data-label=\"P\">0<\/td><td class=\"data-pf\" data-label=\"PF\">228<\/td><td class=\"data-pc\" data-label=\"PC\">79<\/td><td class=\"data-dif\" data-label=\"DIF\">149<\/td><\/tr><tr class=\"even sp-row-no-1\"><td class=\"data-rank\" data-label=\"Pos\">2<\/td><td class=\"data-name has-logo\" data-label=\"Equipo\"><span class=\"team-logo\"><img decoding=\"async\" width=\"128\" height=\"128\" src=\"https:\/\/esquerra.com.ar\/basquet\/wp-content\/uploads\/2024\/09\/Banco-Mendoza-Argentina-128x128.png\" class=\"attachment-sportspress-fit-icon size-sportspress-fit-icon wp-post-image\" alt=\"\" \/><\/span>BCO<\/td><td class=\"data-pts\" data-label=\"Pts\">6<\/td><td class=\"data-g\" data-label=\"G\">3<\/td><td class=\"data-p\" data-label=\"P\">0<\/td><td class=\"data-pf\" data-label=\"PF\">167<\/td><td class=\"data-pc\" data-label=\"PC\">87<\/td><td class=\"data-dif\" data-label=\"DIF\">80<\/td><\/tr><tr class=\"odd sp-row-no-2\"><td class=\"data-rank\" data-label=\"Pos\">3<\/td><td class=\"data-name has-logo\" data-label=\"Equipo\"><span class=\"team-logo\"><img loading=\"lazy\" decoding=\"async\" width=\"128\" height=\"128\" src=\"https:\/\/esquerra.com.ar\/basquet\/wp-content\/uploads\/2024\/09\/Talleres-Cordoba-Argentina-128x128.png\" class=\"attachment-sportspress-fit-icon size-sportspress-fit-icon wp-post-image\" alt=\"\" \/><\/span>CAT<\/td><td class=\"data-pts\" data-label=\"Pts\">6<\/td><td class=\"data-g\" data-label=\"G\">3<\/td><td class=\"data-p\" data-label=\"P\">0<\/td><td class=\"data-pf\" data-label=\"PF\">151<\/td><td class=\"data-pc\" data-label=\"PC\">111<\/td><td class=\"data-dif\" data-label=\"DIF\">40<\/td><\/tr><tr class=\"even sp-row-no-3\"><td class=\"data-rank\" data-label=\"Pos\">4<\/td><td class=\"data-name has-logo\" data-label=\"Equipo\"><span class=\"team-logo\"><img loading=\"lazy\" decoding=\"async\" width=\"128\" height=\"128\" src=\"https:\/\/esquerra.com.ar\/basquet\/wp-content\/uploads\/2024\/09\/San-Felipe-San-Felipe-Chile-128x128.png\" class=\"attachment-sportspress-fit-icon size-sportspress-fit-icon wp-post-image\" alt=\"\" \/><\/span>SFP<\/td><td class=\"data-pts\" data-label=\"Pts\">5<\/td><td class=\"data-g\" data-label=\"G\">2<\/td><td class=\"data-p\" data-label=\"P\">1<\/td><td class=\"data-pf\" data-label=\"PF\">189<\/td><td class=\"data-pc\" data-label=\"PC\">113<\/td><td class=\"data-dif\" data-label=\"DIF\">76<\/td><\/tr><tr class=\"odd sp-row-no-4\"><td class=\"data-rank\" data-label=\"Pos\">5<\/td><td class=\"data-name has-logo\" data-label=\"Equipo\"><span class=\"team-logo\"><img loading=\"lazy\" decoding=\"async\" width=\"128\" height=\"128\" src=\"https:\/\/esquerra.com.ar\/basquet\/wp-content\/uploads\/2024\/09\/Santa-Catalina-San-Luis-Argentina-128x128.png\" class=\"attachment-sportspress-fit-icon size-sportspress-fit-icon wp-post-image\" alt=\"\" \/><\/span>ISC (B)<\/td><td class=\"data-pts\" data-label=\"Pts\">5<\/td><td class=\"data-g\" data-label=\"G\">2<\/td><td class=\"data-p\" data-label=\"P\">1<\/td><td class=\"data-pf\" data-label=\"PF\">110<\/td><td class=\"data-pc\" data-label=\"PC\">101<\/td><td class=\"data-dif\" data-label=\"DIF\">9<\/td><\/tr><tr class=\"even sp-row-no-5\"><td class=\"data-rank\" data-label=\"Pos\">6<\/td><td class=\"data-name has-logo\" data-label=\"Equipo\"><span class=\"team-logo\"><img decoding=\"async\" width=\"128\" height=\"128\" src=\"https:\/\/esquerra.com.ar\/basquet\/wp-content\/uploads\/2024\/09\/Municipal-Linares-Linares-Chile-128x128.png\" class=\"attachment-sportspress-fit-icon size-sportspress-fit-icon wp-post-image\" alt=\"\" \/><\/span>LIN<\/td><td class=\"data-pts\" data-label=\"Pts\">5<\/td><td class=\"data-g\" data-label=\"G\">2<\/td><td class=\"data-p\" data-label=\"P\">1<\/td><td class=\"data-pf\" data-label=\"PF\">110<\/td><td class=\"data-pc\" data-label=\"PC\">112<\/td><td class=\"data-dif\" data-label=\"DIF\">-2<\/td><\/tr><tr class=\"odd sp-row-no-6\"><td class=\"data-rank\" data-label=\"Pos\">7<\/td><td class=\"data-name has-logo\" data-label=\"Equipo\"><span class=\"team-logo\"><img loading=\"lazy\" decoding=\"async\" width=\"128\" height=\"128\" src=\"https:\/\/esquerra.com.ar\/basquet\/wp-content\/uploads\/2024\/09\/Sarandi-Universitario-Rivera-Uruguay-128x128.png\" class=\"attachment-sportspress-fit-icon size-sportspress-fit-icon wp-post-image\" alt=\"\" \/><\/span>SAR (2)<\/td><td class=\"data-pts\" data-label=\"Pts\">4<\/td><td class=\"data-g\" data-label=\"G\">1<\/td><td class=\"data-p\" data-label=\"P\">2<\/td><td class=\"data-pf\" data-label=\"PF\">112<\/td><td class=\"data-pc\" data-label=\"PC\">107<\/td><td class=\"data-dif\" data-label=\"DIF\">5<\/td><\/tr><tr class=\"even sp-row-no-7\"><td class=\"data-rank\" data-label=\"Pos\">8<\/td><td class=\"data-name has-logo\" data-label=\"Equipo\"><span class=\"team-logo\"><img loading=\"lazy\" decoding=\"async\" width=\"128\" height=\"128\" src=\"https:\/\/esquerra.com.ar\/basquet\/wp-content\/uploads\/2024\/09\/Santa-Catalina-San-Luis-Argentina-128x128.png\" class=\"attachment-sportspress-fit-icon size-sportspress-fit-icon wp-post-image\" alt=\"\" \/><\/span>ISC (A)<\/td><td class=\"data-pts\" data-label=\"Pts\">4<\/td><td class=\"data-g\" data-label=\"G\">1<\/td><td class=\"data-p\" data-label=\"P\">2<\/td><td class=\"data-pf\" data-label=\"PF\">126<\/td><td class=\"data-pc\" data-label=\"PC\">127<\/td><td class=\"data-dif\" data-label=\"DIF\">-1<\/td><\/tr><tr class=\"odd sp-row-no-8\"><td class=\"data-rank\" data-label=\"Pos\">9<\/td><td class=\"data-name has-logo\" data-label=\"Equipo\"><span class=\"team-logo\"><img decoding=\"async\" width=\"128\" height=\"128\" src=\"https:\/\/esquerra.com.ar\/basquet\/wp-content\/uploads\/2024\/09\/Pumas-Campo-9-Paraguay-128x128.png\" class=\"attachment-sportspress-fit-icon size-sportspress-fit-icon wp-post-image\" alt=\"\" \/><\/span>PUM<\/td><td class=\"data-pts\" data-label=\"Pts\">4<\/td><td class=\"data-g\" data-label=\"G\">1<\/td><td class=\"data-p\" data-label=\"P\">2<\/td><td class=\"data-pf\" data-label=\"PF\">70<\/td><td class=\"data-pc\" data-label=\"PC\">121<\/td><td class=\"data-dif\" data-label=\"DIF\">-51<\/td><\/tr><tr class=\"even sp-row-no-9\"><td class=\"data-rank\" data-label=\"Pos\">10<\/td><td class=\"data-name has-logo\" data-label=\"Equipo\"><span class=\"team-logo\"><img loading=\"lazy\" decoding=\"async\" width=\"128\" height=\"128\" src=\"https:\/\/esquerra.com.ar\/basquet\/wp-content\/uploads\/2024\/09\/Sarandi-Universitario-Rivera-Uruguay-128x128.png\" class=\"attachment-sportspress-fit-icon size-sportspress-fit-icon wp-post-image\" alt=\"\" \/><\/span>SAR (1)<\/td><td class=\"data-pts\" data-label=\"Pts\">3<\/td><td class=\"data-g\" data-label=\"G\">0<\/td><td class=\"data-p\" data-label=\"P\">3<\/td><td class=\"data-pf\" data-label=\"PF\">94<\/td><td class=\"data-pc\" data-label=\"PC\">121<\/td><td class=\"data-dif\" data-label=\"DIF\">-27<\/td><\/tr><tr class=\"odd sp-row-no-10\"><td class=\"data-rank\" data-label=\"Pos\">11<\/td><td class=\"data-name has-logo\" data-label=\"Equipo\"><span class=\"team-logo\"><img loading=\"lazy\" decoding=\"async\" width=\"128\" height=\"128\" src=\"https:\/\/esquerra.com.ar\/basquet\/wp-content\/uploads\/2024\/09\/Ingeniero-Lucas-Vazquez-Monte-Cristo-Argentina-128x128.png\" class=\"attachment-sportspress-fit-icon size-sportspress-fit-icon wp-post-image\" alt=\"\" \/><\/span>CILV<\/td><td class=\"data-pts\" data-label=\"Pts\">3<\/td><td class=\"data-g\" data-label=\"G\">0<\/td><td class=\"data-p\" data-label=\"P\">3<\/td><td class=\"data-pf\" data-label=\"PF\">60<\/td><td class=\"data-pc\" data-label=\"PC\">114<\/td><td class=\"data-dif\" data-label=\"DIF\">-54<\/td><\/tr><tr class=\"even sp-row-no-11\"><td class=\"data-rank\" data-label=\"Pos\">12<\/td><td class=\"data-name has-logo\" data-label=\"Equipo\"><span class=\"team-logo\"><img loading=\"lazy\" decoding=\"async\" width=\"128\" height=\"128\" src=\"https:\/\/esquerra.com.ar\/basquet\/wp-content\/uploads\/2024\/09\/CEF-9-San-Martin-de-Los-Andes-Argentina-128x128.png\" class=\"attachment-sportspress-fit-icon size-sportspress-fit-icon wp-post-image\" alt=\"\" \/><\/span>CEF 9<\/td><td class=\"data-pts\" data-label=\"Pts\">3<\/td><td class=\"data-g\" data-label=\"G\">0<\/td><td class=\"data-p\" data-label=\"P\">3<\/td><td class=\"data-pf\" data-label=\"PF\">49<\/td><td class=\"data-pc\" data-label=\"PC\">273<\/td><td class=\"data-dif\" data-label=\"DIF\">-224<\/td><\/tr><\/tbody><\/table><\/div><\/div>\n<\/div>\n<\/div><\/details><\/div>\n<\/div>\n\n\n\n<hr class=\"wp-block-separator has-alpha-channel-opacity\"\/>\n\n\n\n<h2 class=\"wp-block-heading has-text-align-center has-roboto-font-family has-custom-font has-custom-weight has-custom-letterspacing\" style=\"font-family:Roboto;letter-spacing:-1px;font-weight:300;font-size:35px\">Definiciones<\/h2>\n\n\n\n<div class=\"wp-block-coblocks-accordion\">\n<div class=\"wp-block-coblocks-accordion-item has-custom-font has-custom-weight has-custom-transform\" style=\"font-family:Montserrat;font-weight:400;text-transform:uppercase\"><details><summary class=\"wp-block-coblocks-accordion-item__title has-background has-neve-link-hover-color-background-color has-text-color has-nv-site-bg-color\">COPA BRONCE<\/summary><div class=\"wp-block-coblocks-accordion-item__content\" style=\"border-color:var(--nv-secondary-accent)\"><p><div class=\"sportspress\"><h4 class=\"sp-table-caption\">SEMIFINAL 1<\/h4><div class=\"sp-template sp-template-event-blocks\">\n\t<div class=\"sp-table-wrapper\">\n\t\t<table class=\"sp-event-blocks sp-data-table\n\t\t\t\t\t sp-paginated-table\" data-sp-rows=\"99\">\n\t\t\t<thead><tr><th><\/th><\/tr><\/thead> \t\t\t<tbody>\n\t\t\t\t\t\t\t\t\t<tr class=\"sp-row sp-post alternate\" itemscope itemtype=\"http:\/\/schema.org\/SportsEvent\">\n\t\t\t\t\t\t<td>\n\t\t\t\t\t\t\t\t\t\t\t\t\t\t<span class=\"team-logo logo-odd\" title=\"Pumas U12 (Campo 9, Paraguay)\"><img decoding=\"async\" width=\"128\" height=\"128\" src=\"https:\/\/esquerra.com.ar\/basquet\/wp-content\/uploads\/2024\/09\/Pumas-Campo-9-Paraguay-128x128.png\" class=\"attachment-sportspress-fit-icon size-sportspress-fit-icon wp-post-image\" alt=\"\" \/><\/span> <span class=\"team-logo logo-even\" title=\"CEF 9 U12 (San Mart\u00edn De Los Andes, Argentina)\"><img loading=\"lazy\" decoding=\"async\" width=\"128\" height=\"128\" src=\"https:\/\/esquerra.com.ar\/basquet\/wp-content\/uploads\/2024\/09\/CEF-9-San-Martin-de-Los-Andes-Argentina-128x128.png\" class=\"attachment-sportspress-fit-icon size-sportspress-fit-icon wp-post-image\" alt=\"\" \/><\/span>\t\t\t\t\t\t\t<time class=\"sp-event-date\" datetime=\"2024-10-06 11:30:25\" itemprop=\"startDate\" content=\"2024-10-06T11:30:25-03:00\">\n\t\t\t\t\t\t\t\t06\/10\/2024\t\t\t\t\t\t\t<\/time>\n\t\t\t\t\t\t\t\t\t\t\t\t\t\t<h5 class=\"sp-event-results\">\n\t\t\t\t\t\t\t\t<span class=\"sp-result ok\">36<\/span> - <span class=\"sp-result\">29<\/span>\t\t\t\t\t\t\t<\/h5>\n\t\t\t\t\t\t\t\t\t\t\t\t\t\t\t\t\t\t\t\t\t\t<div class=\"sp-event-season\">U12 \u2013 Octubre 2024 \u2013 COPA BRONCE - SF1<\/div>\n\t\t\t\t\t\t\t\t\t\t\t\t\t\t\t\t\t\t\t\t\t\t\t\t\t\t\t\t\t\t<div class=\"sp-event-venue\" itemprop=\"location\" itemscope itemtype=\"http:\/\/schema.org\/Place\"><div itemprop=\"address\" itemscope itemtype=\"http:\/\/schema.org\/PostalAddress\">Club Talleres 1<\/div><\/div>\n\t\t\t\t\t\t\t\t\t\t\t\t\t\t\t\t\t\t\t\t\t\t\t\t\t\t\t\t\t\t<div style=\"display:none;\" class=\"sp-event-venue\" itemprop=\"location\" itemscope itemtype=\"http:\/\/schema.org\/Place\"><div itemprop=\"address\" itemscope itemtype=\"http:\/\/schema.org\/PostalAddress\">N\/D<\/div><\/div>\n\t\t\t\t\t\t\t\t\t\t\t\t\t\t<h4 class=\"sp-event-title\" itemprop=\"name\">\n\t\t\t\t\t\t\t\tPumas U12 (Campo 9, Paraguay) vs CEF 9 U12 (San Mart\u00edn De Los Andes, Argentina)\t\t\t\t\t\t\t<\/h4>\n\t\t\t\t\t\t\t\n\t\t\t\t\t\t<\/td>\n\t\t\t\t\t<\/tr>\n\t\t\t\t\t\t\t\t<\/tbody>\n\t\t<\/table>\n\t<\/div>\n\t<\/div>\n<\/div><br \/>\n<div class=\"sportspress\"><h4 class=\"sp-table-caption\">SEMIFINAL 2<\/h4><div class=\"sp-template sp-template-event-blocks\">\n\t<div class=\"sp-table-wrapper\">\n\t\t<table class=\"sp-event-blocks sp-data-table\n\t\t\t\t\t sp-paginated-table\" data-sp-rows=\"99\">\n\t\t\t<thead><tr><th><\/th><\/tr><\/thead> \t\t\t<tbody>\n\t\t\t\t\t\t\t\t\t<tr class=\"sp-row sp-post alternate\" itemscope itemtype=\"http:\/\/schema.org\/SportsEvent\">\n\t\t\t\t\t\t<td>\n\t\t\t\t\t\t\t\t\t\t\t\t\t\t<span class=\"team-logo logo-odd\" title=\"Sarand\u00ed Universitario (1) U12 (Rivera, Uruguay)\"><img loading=\"lazy\" decoding=\"async\" width=\"128\" height=\"128\" src=\"https:\/\/esquerra.com.ar\/basquet\/wp-content\/uploads\/2024\/09\/Sarandi-Universitario-Rivera-Uruguay-128x128.png\" class=\"attachment-sportspress-fit-icon size-sportspress-fit-icon wp-post-image\" alt=\"\" \/><\/span> <span class=\"team-logo logo-even\" title=\"Ingeniero Lucas V\u00e1zquez U12 (Monte Cristo, Argentina)\"><img loading=\"lazy\" decoding=\"async\" width=\"128\" height=\"128\" src=\"https:\/\/esquerra.com.ar\/basquet\/wp-content\/uploads\/2024\/09\/Ingeniero-Lucas-Vazquez-Monte-Cristo-Argentina-128x128.png\" class=\"attachment-sportspress-fit-icon size-sportspress-fit-icon wp-post-image\" alt=\"\" \/><\/span>\t\t\t\t\t\t\t<time class=\"sp-event-date\" datetime=\"2024-10-06 12:45:18\" itemprop=\"startDate\" content=\"2024-10-06T12:45:18-03:00\">\n\t\t\t\t\t\t\t\t06\/10\/2024\t\t\t\t\t\t\t<\/time>\n\t\t\t\t\t\t\t\t\t\t\t\t\t\t<h5 class=\"sp-event-results\">\n\t\t\t\t\t\t\t\t<span class=\"sp-result ok\">36<\/span> - <span class=\"sp-result\">26<\/span>\t\t\t\t\t\t\t<\/h5>\n\t\t\t\t\t\t\t\t\t\t\t\t\t\t\t\t\t\t\t\t\t\t<div class=\"sp-event-season\">U12 \u2013 Octubre 2024 \u2013 COPA BRONCE - SF2<\/div>\n\t\t\t\t\t\t\t\t\t\t\t\t\t\t\t\t\t\t\t\t\t\t\t\t\t\t\t\t\t\t<div class=\"sp-event-venue\" itemprop=\"location\" itemscope itemtype=\"http:\/\/schema.org\/Place\"><div itemprop=\"address\" itemscope itemtype=\"http:\/\/schema.org\/PostalAddress\">Club Talleres 1<\/div><\/div>\n\t\t\t\t\t\t\t\t\t\t\t\t\t\t\t\t\t\t\t\t\t\t\t\t\t\t\t\t\t\t<div style=\"display:none;\" class=\"sp-event-venue\" itemprop=\"location\" itemscope itemtype=\"http:\/\/schema.org\/Place\"><div itemprop=\"address\" itemscope itemtype=\"http:\/\/schema.org\/PostalAddress\">N\/D<\/div><\/div>\n\t\t\t\t\t\t\t\t\t\t\t\t\t\t<h4 class=\"sp-event-title\" itemprop=\"name\">\n\t\t\t\t\t\t\t\tSarand\u00ed Universitario (1) U12 (Rivera, Uruguay) vs Ingeniero Lucas V\u00e1zquez U12 (Monte Cristo, Argentina)\t\t\t\t\t\t\t<\/h4>\n\t\t\t\t\t\t\t\n\t\t\t\t\t\t<\/td>\n\t\t\t\t\t<\/tr>\n\t\t\t\t\t\t\t\t<\/tbody>\n\t\t<\/table>\n\t<\/div>\n\t<\/div>\n<\/div><br \/>\n<div class=\"sportspress\"><h4 class=\"sp-table-caption\">Partido FINAL<\/h4><div class=\"sp-template sp-template-event-blocks\">\n\t<div class=\"sp-table-wrapper\">\n\t\t<table class=\"sp-event-blocks sp-data-table\n\t\t\t\t\t sp-paginated-table\" data-sp-rows=\"99\">\n\t\t\t<thead><tr><th><\/th><\/tr><\/thead> \t\t\t<tbody>\n\t\t\t\t\t\t\t\t\t<tr class=\"sp-row sp-post alternate\" itemscope itemtype=\"http:\/\/schema.org\/SportsEvent\">\n\t\t\t\t\t\t<td>\n\t\t\t\t\t\t\t\t\t\t\t\t\t\t<span class=\"team-logo logo-odd\" title=\"Pumas U12 (Campo 9, Paraguay)\"><img decoding=\"async\" width=\"128\" height=\"128\" src=\"https:\/\/esquerra.com.ar\/basquet\/wp-content\/uploads\/2024\/09\/Pumas-Campo-9-Paraguay-128x128.png\" class=\"attachment-sportspress-fit-icon size-sportspress-fit-icon wp-post-image\" alt=\"\" \/><\/span> <span class=\"team-logo logo-even\" title=\"Sarand\u00ed Universitario (1) U12 (Rivera, Uruguay)\"><img loading=\"lazy\" decoding=\"async\" width=\"128\" height=\"128\" src=\"https:\/\/esquerra.com.ar\/basquet\/wp-content\/uploads\/2024\/09\/Sarandi-Universitario-Rivera-Uruguay-128x128.png\" class=\"attachment-sportspress-fit-icon size-sportspress-fit-icon wp-post-image\" alt=\"\" \/><\/span>\t\t\t\t\t\t\t<time class=\"sp-event-date\" datetime=\"2024-10-06 15:15:55\" itemprop=\"startDate\" content=\"2024-10-06T15:15:55-03:00\">\n\t\t\t\t\t\t\t\t06\/10\/2024\t\t\t\t\t\t\t<\/time>\n\t\t\t\t\t\t\t\t\t\t\t\t\t\t<h5 class=\"sp-event-results\">\n\t\t\t\t\t\t\t\t<span class=\"sp-result ok\">44<\/span> - <span class=\"sp-result\">20<\/span>\t\t\t\t\t\t\t<\/h5>\n\t\t\t\t\t\t\t\t\t\t\t\t\t\t\t\t\t\t\t\t\t\t<div class=\"sp-event-season\">U12 \u2013 Octubre 2024 \u2013 COPA BRONCE - FINAL<\/div>\n\t\t\t\t\t\t\t\t\t\t\t\t\t\t\t\t\t\t\t\t\t\t\t\t\t\t\t\t\t\t<div class=\"sp-event-venue\" itemprop=\"location\" itemscope itemtype=\"http:\/\/schema.org\/Place\"><div itemprop=\"address\" itemscope itemtype=\"http:\/\/schema.org\/PostalAddress\">Club Talleres 1<\/div><\/div>\n\t\t\t\t\t\t\t\t\t\t\t\t\t\t\t\t\t\t\t\t\t\t\t\t\t\t\t\t\t\t<div style=\"display:none;\" class=\"sp-event-venue\" itemprop=\"location\" itemscope itemtype=\"http:\/\/schema.org\/Place\"><div itemprop=\"address\" itemscope itemtype=\"http:\/\/schema.org\/PostalAddress\">N\/D<\/div><\/div>\n\t\t\t\t\t\t\t\t\t\t\t\t\t\t<h4 class=\"sp-event-title\" itemprop=\"name\">\n\t\t\t\t\t\t\t\tPumas U12 (Campo 9, Paraguay) vs Sarand\u00ed Universitario (1) U12 (Rivera, Uruguay)\t\t\t\t\t\t\t<\/h4>\n\t\t\t\t\t\t\t\n\t\t\t\t\t\t<\/td>\n\t\t\t\t\t<\/tr>\n\t\t\t\t\t\t\t\t<\/tbody>\n\t\t<\/table>\n\t<\/div>\n\t<\/div>\n<\/div><\/p>\n<\/div><\/details><\/div>\n\n\n\n<div class=\"wp-block-coblocks-accordion-item has-custom-font has-custom-weight has-custom-transform\" style=\"font-family:Montserrat;font-weight:400;text-transform:uppercase\"><details><summary class=\"wp-block-coblocks-accordion-item__title has-background has-neve-link-hover-color-background-color has-text-color has-nv-site-bg-color\">COPA PLATA<\/summary><div class=\"wp-block-coblocks-accordion-item__content\" style=\"border-color:var(--nv-secondary-accent)\"><p><div class=\"sportspress\"><h4 class=\"sp-table-caption\">SEMIFINAL 1<\/h4><div class=\"sp-template sp-template-event-blocks\">\n\t<div class=\"sp-table-wrapper\">\n\t\t<table class=\"sp-event-blocks sp-data-table\n\t\t\t\t\t sp-paginated-table\" data-sp-rows=\"99\">\n\t\t\t<thead><tr><th><\/th><\/tr><\/thead> \t\t\t<tbody>\n\t\t\t\t\t\t\t\t\t<tr class=\"sp-row sp-post alternate\" itemscope itemtype=\"http:\/\/schema.org\/SportsEvent\">\n\t\t\t\t\t\t<td>\n\t\t\t\t\t\t\t\t\t\t\t\t\t\t<span class=\"team-logo logo-odd\" title=\"Instituto Sta. Catalina (B) U12 (San Luis, Argentina)\"><img loading=\"lazy\" decoding=\"async\" width=\"128\" height=\"128\" src=\"https:\/\/esquerra.com.ar\/basquet\/wp-content\/uploads\/2024\/09\/Santa-Catalina-San-Luis-Argentina-128x128.png\" class=\"attachment-sportspress-fit-icon size-sportspress-fit-icon wp-post-image\" alt=\"\" \/><\/span> <span class=\"team-logo logo-even\" title=\"Instituto Sta. Catalina (A) U12 (San Luis, Argentina)\"><img loading=\"lazy\" decoding=\"async\" width=\"128\" height=\"128\" src=\"https:\/\/esquerra.com.ar\/basquet\/wp-content\/uploads\/2024\/09\/Santa-Catalina-San-Luis-Argentina-128x128.png\" class=\"attachment-sportspress-fit-icon size-sportspress-fit-icon wp-post-image\" alt=\"\" \/><\/span>\t\t\t\t\t\t\t<time class=\"sp-event-date\" datetime=\"2024-10-06 09:00:24\" itemprop=\"startDate\" content=\"2024-10-06T09:00:24-03:00\">\n\t\t\t\t\t\t\t\t06\/10\/2024\t\t\t\t\t\t\t<\/time>\n\t\t\t\t\t\t\t\t\t\t\t\t\t\t<h5 class=\"sp-event-results\">\n\t\t\t\t\t\t\t\t<span class=\"sp-result ok\">21<\/span> - <span class=\"sp-result\">58<\/span>\t\t\t\t\t\t\t<\/h5>\n\t\t\t\t\t\t\t\t\t\t\t\t\t\t\t\t\t\t\t\t\t\t<div class=\"sp-event-season\">U12 \u2013 Octubre 2024 \u2013 COPA PLATA - SF1<\/div>\n\t\t\t\t\t\t\t\t\t\t\t\t\t\t\t\t\t\t\t\t\t\t\t\t\t\t\t\t\t\t<div class=\"sp-event-venue\" itemprop=\"location\" itemscope itemtype=\"http:\/\/schema.org\/Place\"><div itemprop=\"address\" itemscope itemtype=\"http:\/\/schema.org\/PostalAddress\">Club Talleres 1<\/div><\/div>\n\t\t\t\t\t\t\t\t\t\t\t\t\t\t\t\t\t\t\t\t\t\t\t\t\t\t\t\t\t\t<div style=\"display:none;\" class=\"sp-event-venue\" itemprop=\"location\" itemscope itemtype=\"http:\/\/schema.org\/Place\"><div itemprop=\"address\" itemscope itemtype=\"http:\/\/schema.org\/PostalAddress\">N\/D<\/div><\/div>\n\t\t\t\t\t\t\t\t\t\t\t\t\t\t<h4 class=\"sp-event-title\" itemprop=\"name\">\n\t\t\t\t\t\t\t\tInstituto Sta. Catalina (B) U12 (San Luis, Argentina) vs Instituto Sta. Catalina (A) U12 (San Luis, Argentina)\t\t\t\t\t\t\t<\/h4>\n\t\t\t\t\t\t\t\n\t\t\t\t\t\t<\/td>\n\t\t\t\t\t<\/tr>\n\t\t\t\t\t\t\t\t<\/tbody>\n\t\t<\/table>\n\t<\/div>\n\t<\/div>\n<\/div><br \/>\n<div class=\"sportspress\"><h4 class=\"sp-table-caption\">SEMIFINAL 2<\/h4><div class=\"sp-template sp-template-event-blocks\">\n\t<div class=\"sp-table-wrapper\">\n\t\t<table class=\"sp-event-blocks sp-data-table\n\t\t\t\t\t sp-paginated-table\" data-sp-rows=\"99\">\n\t\t\t<thead><tr><th><\/th><\/tr><\/thead> \t\t\t<tbody>\n\t\t\t\t\t\t\t\t\t<tr class=\"sp-row sp-post alternate\" itemscope itemtype=\"http:\/\/schema.org\/SportsEvent\">\n\t\t\t\t\t\t<td>\n\t\t\t\t\t\t\t\t\t\t\t\t\t\t<span class=\"team-logo logo-odd\" title=\"Provincial Linares U12 (Linares, Chile)\"><img decoding=\"async\" width=\"128\" height=\"128\" src=\"https:\/\/esquerra.com.ar\/basquet\/wp-content\/uploads\/2024\/09\/Municipal-Linares-Linares-Chile-128x128.png\" class=\"attachment-sportspress-fit-icon size-sportspress-fit-icon wp-post-image\" alt=\"\" \/><\/span> <span class=\"team-logo logo-even\" title=\"Sarand\u00ed Universitario (2) U12 (Rivera, Uruguay)\"><img loading=\"lazy\" decoding=\"async\" width=\"128\" height=\"128\" src=\"https:\/\/esquerra.com.ar\/basquet\/wp-content\/uploads\/2024\/09\/Sarandi-Universitario-Rivera-Uruguay-128x128.png\" class=\"attachment-sportspress-fit-icon size-sportspress-fit-icon wp-post-image\" alt=\"\" \/><\/span>\t\t\t\t\t\t\t<time class=\"sp-event-date\" datetime=\"2024-10-06 10:15:01\" itemprop=\"startDate\" content=\"2024-10-06T10:15:01-03:00\">\n\t\t\t\t\t\t\t\t06\/10\/2024\t\t\t\t\t\t\t<\/time>\n\t\t\t\t\t\t\t\t\t\t\t\t\t\t<h5 class=\"sp-event-results\">\n\t\t\t\t\t\t\t\t<span class=\"sp-result ok\">46<\/span> - <span class=\"sp-result\">45<\/span>\t\t\t\t\t\t\t<\/h5>\n\t\t\t\t\t\t\t\t\t\t\t\t\t\t\t\t\t\t\t\t\t\t<div class=\"sp-event-season\">U12 \u2013 Octubre 2024 \u2013 COPA PLATA - SF2<\/div>\n\t\t\t\t\t\t\t\t\t\t\t\t\t\t\t\t\t\t\t\t\t\t\t\t\t\t\t\t\t\t<div class=\"sp-event-venue\" itemprop=\"location\" itemscope itemtype=\"http:\/\/schema.org\/Place\"><div itemprop=\"address\" itemscope itemtype=\"http:\/\/schema.org\/PostalAddress\">Club Talleres 1<\/div><\/div>\n\t\t\t\t\t\t\t\t\t\t\t\t\t\t\t\t\t\t\t\t\t\t\t\t\t\t\t\t\t\t<div style=\"display:none;\" class=\"sp-event-venue\" itemprop=\"location\" itemscope itemtype=\"http:\/\/schema.org\/Place\"><div itemprop=\"address\" itemscope itemtype=\"http:\/\/schema.org\/PostalAddress\">N\/D<\/div><\/div>\n\t\t\t\t\t\t\t\t\t\t\t\t\t\t<h4 class=\"sp-event-title\" itemprop=\"name\">\n\t\t\t\t\t\t\t\tProvincial Linares U12 (Linares, Chile) vs Sarand\u00ed Universitario (2) U12 (Rivera, Uruguay)\t\t\t\t\t\t\t<\/h4>\n\t\t\t\t\t\t\t\n\t\t\t\t\t\t<\/td>\n\t\t\t\t\t<\/tr>\n\t\t\t\t\t\t\t\t<\/tbody>\n\t\t<\/table>\n\t<\/div>\n\t<\/div>\n<\/div><br \/>\n<div class=\"sportspress\"><h4 class=\"sp-table-caption\">Partido FINAL<\/h4><div class=\"sp-template sp-template-event-blocks\">\n\t<div class=\"sp-table-wrapper\">\n\t\t<table class=\"sp-event-blocks sp-data-table\n\t\t\t\t\t sp-paginated-table\" data-sp-rows=\"99\">\n\t\t\t<thead><tr><th><\/th><\/tr><\/thead> \t\t\t<tbody>\n\t\t\t\t\t\t\t\t\t<tr class=\"sp-row sp-post alternate\" itemscope itemtype=\"http:\/\/schema.org\/SportsEvent\">\n\t\t\t\t\t\t<td>\n\t\t\t\t\t\t\t\t\t\t\t\t\t\t<span class=\"team-logo logo-odd\" title=\"Instituto Sta. Catalina (A) U12 (San Luis, Argentina)\"><img loading=\"lazy\" decoding=\"async\" width=\"128\" height=\"128\" src=\"https:\/\/esquerra.com.ar\/basquet\/wp-content\/uploads\/2024\/09\/Santa-Catalina-San-Luis-Argentina-128x128.png\" class=\"attachment-sportspress-fit-icon size-sportspress-fit-icon wp-post-image\" alt=\"\" \/><\/span> <span class=\"team-logo logo-even\" title=\"Provincial Linares U12 (Linares, Chile)\"><img decoding=\"async\" width=\"128\" height=\"128\" src=\"https:\/\/esquerra.com.ar\/basquet\/wp-content\/uploads\/2024\/09\/Municipal-Linares-Linares-Chile-128x128.png\" class=\"attachment-sportspress-fit-icon size-sportspress-fit-icon wp-post-image\" alt=\"\" \/><\/span>\t\t\t\t\t\t\t<time class=\"sp-event-date\" datetime=\"2024-10-06 14:00:46\" itemprop=\"startDate\" content=\"2024-10-06T14:00:46-03:00\">\n\t\t\t\t\t\t\t\t06\/10\/2024\t\t\t\t\t\t\t<\/time>\n\t\t\t\t\t\t\t\t\t\t\t\t\t\t<h5 class=\"sp-event-results\">\n\t\t\t\t\t\t\t\t<span class=\"sp-result ok\">70<\/span> - <span class=\"sp-result\">26<\/span>\t\t\t\t\t\t\t<\/h5>\n\t\t\t\t\t\t\t\t\t\t\t\t\t\t\t\t\t\t\t\t\t\t<div class=\"sp-event-season\">U12 \u2013 Octubre 2024 \u2013 COPA PLATA - FINAL<\/div>\n\t\t\t\t\t\t\t\t\t\t\t\t\t\t\t\t\t\t\t\t\t\t\t\t\t\t\t\t\t\t<div class=\"sp-event-venue\" itemprop=\"location\" itemscope itemtype=\"http:\/\/schema.org\/Place\"><div itemprop=\"address\" itemscope itemtype=\"http:\/\/schema.org\/PostalAddress\">Club Talleres 1<\/div><\/div>\n\t\t\t\t\t\t\t\t\t\t\t\t\t\t\t\t\t\t\t\t\t\t\t\t\t\t\t\t\t\t<div style=\"display:none;\" class=\"sp-event-venue\" itemprop=\"location\" itemscope itemtype=\"http:\/\/schema.org\/Place\"><div itemprop=\"address\" itemscope itemtype=\"http:\/\/schema.org\/PostalAddress\">N\/D<\/div><\/div>\n\t\t\t\t\t\t\t\t\t\t\t\t\t\t<h4 class=\"sp-event-title\" itemprop=\"name\">\n\t\t\t\t\t\t\t\tInstituto Sta. Catalina (A) U12 (San Luis, Argentina) vs Provincial Linares U12 (Linares, Chile)\t\t\t\t\t\t\t<\/h4>\n\t\t\t\t\t\t\t\n\t\t\t\t\t\t<\/td>\n\t\t\t\t\t<\/tr>\n\t\t\t\t\t\t\t\t<\/tbody>\n\t\t<\/table>\n\t<\/div>\n\t<\/div>\n<\/div><\/p>\n<\/div><\/details><\/div>\n\n\n\n<div class=\"wp-block-coblocks-accordion-item has-custom-font has-custom-weight has-custom-transform\" style=\"font-family:Montserrat;font-weight:400;text-transform:uppercase\"><details><summary class=\"wp-block-coblocks-accordion-item__title has-background has-neve-link-hover-color-background-color has-text-color has-nv-site-bg-color\">COPA ORO<\/summary><div class=\"wp-block-coblocks-accordion-item__content\" style=\"border-color:var(--nv-secondary-accent)\"><p><div class=\"sportspress\"><h4 class=\"sp-table-caption\">SEMIFINAL 1<\/h4><div class=\"sp-template sp-template-event-blocks\">\n\t<div class=\"sp-table-wrapper\">\n\t\t<table class=\"sp-event-blocks sp-data-table\n\t\t\t\t\t sp-paginated-table\" data-sp-rows=\"99\">\n\t\t\t<thead><tr><th><\/th><\/tr><\/thead> \t\t\t<tbody>\n\t\t\t\t\t\t\t\t\t<tr class=\"sp-row sp-post alternate\" itemscope itemtype=\"http:\/\/schema.org\/SportsEvent\">\n\t\t\t\t\t\t<td>\n\t\t\t\t\t\t\t\t\t\t\t\t\t\t<span class=\"team-logo logo-odd\" title=\"Uni\u00f3n Electrica SUE U12 (C\u00f3rdoba, Argentina)\"><img loading=\"lazy\" decoding=\"async\" width=\"128\" height=\"128\" src=\"https:\/\/esquerra.com.ar\/basquet\/wp-content\/uploads\/2024\/09\/Union-Electrica-Cordoba-Argentina-128x128.png\" class=\"attachment-sportspress-fit-icon size-sportspress-fit-icon wp-post-image\" alt=\"\" \/><\/span> <span class=\"team-logo logo-even\" title=\"San Felipe U12 (San Felipe, Chile)\"><img loading=\"lazy\" decoding=\"async\" width=\"128\" height=\"128\" src=\"https:\/\/esquerra.com.ar\/basquet\/wp-content\/uploads\/2024\/09\/San-Felipe-San-Felipe-Chile-128x128.png\" class=\"attachment-sportspress-fit-icon size-sportspress-fit-icon wp-post-image\" alt=\"\" \/><\/span>\t\t\t\t\t\t\t<time class=\"sp-event-date\" datetime=\"2024-10-06 09:00:04\" itemprop=\"startDate\" content=\"2024-10-06T09:00:04-03:00\">\n\t\t\t\t\t\t\t\t06\/10\/2024\t\t\t\t\t\t\t<\/time>\n\t\t\t\t\t\t\t\t\t\t\t\t\t\t<h5 class=\"sp-event-results\">\n\t\t\t\t\t\t\t\t<span class=\"sp-result ok\">62<\/span> - <span class=\"sp-result\">35<\/span>\t\t\t\t\t\t\t<\/h5>\n\t\t\t\t\t\t\t\t\t\t\t\t\t\t\t\t\t\t\t\t\t\t<div class=\"sp-event-season\">U12 \u2013 Octubre 2024 \u2013 COPA ORO - SF1<\/div>\n\t\t\t\t\t\t\t\t\t\t\t\t\t\t\t\t\t\t\t\t\t\t\t\t\t\t\t\t\t\t<div class=\"sp-event-venue\" itemprop=\"location\" itemscope itemtype=\"http:\/\/schema.org\/Place\"><div itemprop=\"address\" itemscope itemtype=\"http:\/\/schema.org\/PostalAddress\">Club Juniors<\/div><\/div>\n\t\t\t\t\t\t\t\t\t\t\t\t\t\t\t\t\t\t\t\t\t\t\t\t\t\t\t\t\t\t<div style=\"display:none;\" class=\"sp-event-venue\" itemprop=\"location\" itemscope itemtype=\"http:\/\/schema.org\/Place\"><div itemprop=\"address\" itemscope itemtype=\"http:\/\/schema.org\/PostalAddress\">N\/D<\/div><\/div>\n\t\t\t\t\t\t\t\t\t\t\t\t\t\t<h4 class=\"sp-event-title\" itemprop=\"name\">\n\t\t\t\t\t\t\t\tUni\u00f3n Electrica SUE U12 (C\u00f3rdoba, Argentina) vs San Felipe U12 (San Felipe, Chile)\t\t\t\t\t\t\t<\/h4>\n\t\t\t\t\t\t\t\n\t\t\t\t\t\t<\/td>\n\t\t\t\t\t<\/tr>\n\t\t\t\t\t\t\t\t<\/tbody>\n\t\t<\/table>\n\t<\/div>\n\t<\/div>\n<\/div><br \/>\n<div class=\"sportspress\"><h4 class=\"sp-table-caption\">SEMIFINAL 2<\/h4><div class=\"sp-template sp-template-event-blocks\">\n\t<div class=\"sp-table-wrapper\">\n\t\t<table class=\"sp-event-blocks sp-data-table\n\t\t\t\t\t sp-paginated-table\" data-sp-rows=\"99\">\n\t\t\t<thead><tr><th><\/th><\/tr><\/thead> \t\t\t<tbody>\n\t\t\t\t\t\t\t\t\t<tr class=\"sp-row sp-post alternate\" itemscope itemtype=\"http:\/\/schema.org\/SportsEvent\">\n\t\t\t\t\t\t<td>\n\t\t\t\t\t\t\t\t\t\t\t\t\t\t<span class=\"team-logo logo-odd\" title=\"Banco U12 (Mendoza, Argentina)\"><img decoding=\"async\" width=\"128\" height=\"128\" src=\"https:\/\/esquerra.com.ar\/basquet\/wp-content\/uploads\/2024\/09\/Banco-Mendoza-Argentina-128x128.png\" class=\"attachment-sportspress-fit-icon size-sportspress-fit-icon wp-post-image\" alt=\"\" \/><\/span> <span class=\"team-logo logo-even\" title=\"Talleres U12 (C\u00f3rdoba, Argentina)\"><img loading=\"lazy\" decoding=\"async\" width=\"128\" height=\"128\" src=\"https:\/\/esquerra.com.ar\/basquet\/wp-content\/uploads\/2024\/09\/Talleres-Cordoba-Argentina-128x128.png\" class=\"attachment-sportspress-fit-icon size-sportspress-fit-icon wp-post-image\" alt=\"\" \/><\/span>\t\t\t\t\t\t\t<time class=\"sp-event-date\" datetime=\"2024-10-06 10:15:48\" itemprop=\"startDate\" content=\"2024-10-06T10:15:48-03:00\">\n\t\t\t\t\t\t\t\t06\/10\/2024\t\t\t\t\t\t\t<\/time>\n\t\t\t\t\t\t\t\t\t\t\t\t\t\t<h5 class=\"sp-event-results\">\n\t\t\t\t\t\t\t\t<span class=\"sp-result ok\">38<\/span> - <span class=\"sp-result\">31<\/span>\t\t\t\t\t\t\t<\/h5>\n\t\t\t\t\t\t\t\t\t\t\t\t\t\t\t\t\t\t\t\t\t\t<div class=\"sp-event-season\">U12 \u2013 Octubre 2024 \u2013 COPA ORO - SF2<\/div>\n\t\t\t\t\t\t\t\t\t\t\t\t\t\t\t\t\t\t\t\t\t\t\t\t\t\t\t\t\t\t<div class=\"sp-event-venue\" itemprop=\"location\" itemscope itemtype=\"http:\/\/schema.org\/Place\"><div itemprop=\"address\" itemscope itemtype=\"http:\/\/schema.org\/PostalAddress\">Club Juniors<\/div><\/div>\n\t\t\t\t\t\t\t\t\t\t\t\t\t\t\t\t\t\t\t\t\t\t\t\t\t\t\t\t\t\t<div style=\"display:none;\" class=\"sp-event-venue\" itemprop=\"location\" itemscope itemtype=\"http:\/\/schema.org\/Place\"><div itemprop=\"address\" itemscope itemtype=\"http:\/\/schema.org\/PostalAddress\">N\/D<\/div><\/div>\n\t\t\t\t\t\t\t\t\t\t\t\t\t\t<h4 class=\"sp-event-title\" itemprop=\"name\">\n\t\t\t\t\t\t\t\tBanco U12 (Mendoza, Argentina) vs Talleres U12 (C\u00f3rdoba, Argentina)\t\t\t\t\t\t\t<\/h4>\n\t\t\t\t\t\t\t\n\t\t\t\t\t\t<\/td>\n\t\t\t\t\t<\/tr>\n\t\t\t\t\t\t\t\t<\/tbody>\n\t\t<\/table>\n\t<\/div>\n\t<\/div>\n<\/div><br \/>\n<div class=\"sportspress\"><h4 class=\"sp-table-caption\">Partido FINAL<\/h4><div class=\"sp-template sp-template-event-blocks\">\n\t<div class=\"sp-table-wrapper\">\n\t\t<table class=\"sp-event-blocks sp-data-table\n\t\t\t\t\t sp-paginated-table\" data-sp-rows=\"99\">\n\t\t\t<thead><tr><th><\/th><\/tr><\/thead> \t\t\t<tbody>\n\t\t\t\t\t\t\t\t\t<tr class=\"sp-row sp-post alternate\" itemscope itemtype=\"http:\/\/schema.org\/SportsEvent\">\n\t\t\t\t\t\t<td>\n\t\t\t\t\t\t\t\t\t\t\t\t\t\t<span class=\"team-logo logo-odd\" title=\"Uni\u00f3n Electrica SUE U12 (C\u00f3rdoba, Argentina)\"><img loading=\"lazy\" decoding=\"async\" width=\"128\" height=\"128\" src=\"https:\/\/esquerra.com.ar\/basquet\/wp-content\/uploads\/2024\/09\/Union-Electrica-Cordoba-Argentina-128x128.png\" class=\"attachment-sportspress-fit-icon size-sportspress-fit-icon wp-post-image\" alt=\"\" \/><\/span> <span class=\"team-logo logo-even\" title=\"Banco U12 (Mendoza, Argentina)\"><img decoding=\"async\" width=\"128\" height=\"128\" src=\"https:\/\/esquerra.com.ar\/basquet\/wp-content\/uploads\/2024\/09\/Banco-Mendoza-Argentina-128x128.png\" class=\"attachment-sportspress-fit-icon size-sportspress-fit-icon wp-post-image\" alt=\"\" \/><\/span>\t\t\t\t\t\t\t<time class=\"sp-event-date\" datetime=\"2024-10-06 14:00:38\" itemprop=\"startDate\" content=\"2024-10-06T14:00:38-03:00\">\n\t\t\t\t\t\t\t\t06\/10\/2024\t\t\t\t\t\t\t<\/time>\n\t\t\t\t\t\t\t\t\t\t\t\t\t\t<h5 class=\"sp-event-results\">\n\t\t\t\t\t\t\t\t<span class=\"sp-result ok\">83<\/span> - <span class=\"sp-result\">12<\/span>\t\t\t\t\t\t\t<\/h5>\n\t\t\t\t\t\t\t\t\t\t\t\t\t\t\t\t\t\t\t\t\t\t<div class=\"sp-event-season\">U12 \u2013 Octubre 2024 \u2013 COPA ORO - FINAL<\/div>\n\t\t\t\t\t\t\t\t\t\t\t\t\t\t\t\t\t\t\t\t\t\t\t\t\t\t\t\t\t\t<div class=\"sp-event-venue\" itemprop=\"location\" itemscope itemtype=\"http:\/\/schema.org\/Place\"><div itemprop=\"address\" itemscope itemtype=\"http:\/\/schema.org\/PostalAddress\">Club Juniors<\/div><\/div>\n\t\t\t\t\t\t\t\t\t\t\t\t\t\t\t\t\t\t\t\t\t\t\t\t\t\t\t\t\t\t<div style=\"display:none;\" class=\"sp-event-venue\" itemprop=\"location\" itemscope itemtype=\"http:\/\/schema.org\/Place\"><div itemprop=\"address\" itemscope itemtype=\"http:\/\/schema.org\/PostalAddress\">N\/D<\/div><\/div>\n\t\t\t\t\t\t\t\t\t\t\t\t\t\t<h4 class=\"sp-event-title\" itemprop=\"name\">\n\t\t\t\t\t\t\t\tUni\u00f3n Electrica SUE U12 (C\u00f3rdoba, Argentina) vs Banco U12 (Mendoza, Argentina)\t\t\t\t\t\t\t<\/h4>\n\t\t\t\t\t\t\t\n\t\t\t\t\t\t<\/td>\n\t\t\t\t\t<\/tr>\n\t\t\t\t\t\t\t\t<\/tbody>\n\t\t<\/table>\n\t<\/div>\n\t<\/div>\n<\/div><\/p>\n<\/div><\/details><\/div>\n<\/div>\n\n\n\n<h2 class=\"wp-block-heading has-text-align-center has-roboto-font-family has-custom-font has-custom-weight has-custom-letterspacing\" style=\"font-family:Roboto;letter-spacing:-1px;font-weight:300;font-size:35px\">Mir\u00e1 la FINAL por YouTube \ud83d\udc47<\/h2>\n\n\n\n<figure class=\"wp-block-embed is-type-video is-provider-youtube wp-block-embed-youtube wp-embed-aspect-16-9 wp-has-aspect-ratio\"><div class=\"wp-block-embed__wrapper\">\n<div class=\"nv-iframe-embed\"><iframe title=\"U12 Copa Oro - FINAL - Octubre 2024\" width=\"1200\" height=\"675\" src=\"https:\/\/www.youtube.com\/embed\/5Kdom-rVHtg?feature=oembed\" frameborder=\"0\" allow=\"accelerometer; autoplay; clipboard-write; encrypted-media; gyroscope; picture-in-picture; web-share\" referrerpolicy=\"strict-origin-when-cross-origin\" allowfullscreen><\/iframe><\/div>\n<\/div><\/figure>\n\n\n<div class=\"wp-block-image\">\n<figure class=\"aligncenter size-large\"><img loading=\"lazy\" decoding=\"async\" width=\"1024\" height=\"1024\" src=\"https:\/\/esquerra.com.ar\/basquet\/wp-content\/uploads\/2024\/10\/U12M-2024-1024x1024.jpg\" alt=\"\" class=\"wp-image-2342\" srcset=\"https:\/\/esquerra.com.ar\/basquet\/wp-content\/uploads\/2024\/10\/U12M-2024-1024x1024.jpg 1024w, https:\/\/esquerra.com.ar\/basquet\/wp-content\/uploads\/2024\/10\/U12M-2024-300x300.jpg 300w, https:\/\/esquerra.com.ar\/basquet\/wp-content\/uploads\/2024\/10\/U12M-2024-150x150.jpg 150w, https:\/\/esquerra.com.ar\/basquet\/wp-content\/uploads\/2024\/10\/U12M-2024-768x768.jpg 768w, https:\/\/esquerra.com.ar\/basquet\/wp-content\/uploads\/2024\/10\/U12M-2024-128x128.jpg 128w, https:\/\/esquerra.com.ar\/basquet\/wp-content\/uploads\/2024\/10\/U12M-2024-32x32.jpg 32w, https:\/\/esquerra.com.ar\/basquet\/wp-content\/uploads\/2024\/10\/U12M-2024.jpg 1080w\" sizes=\"(max-width: 1024px) 100vw, 1024px\" \/><\/figure>\n<\/div>","protected":false},"excerpt":{"rendered":"<p>Fase Regular Definiciones Mir\u00e1 la FINAL por YouTube \ud83d\udc47<\/p>\n","protected":false},"author":2,"featured_media":0,"parent":561,"menu_order":0,"comment_status":"closed","ping_status":"closed","template":"","meta":{"_coblocks_attr":"Roboto,Oswald,Montserrat,Roboto","_coblocks_dimensions":"","_coblocks_responsive_height":"","_coblocks_accordion_ie_support":"","neve_meta_sidebar":"","neve_meta_container":"","neve_meta_enable_content_width":"","neve_meta_content_width":0,"neve_meta_title_alignment":"","neve_meta_author_avatar":"","neve_post_elements_order":"","neve_meta_disable_header":"","neve_meta_disable_footer":"","neve_meta_disable_title":"","footnotes":""},"class_list":["post-1853","page","type-page","status-publish","hentry"],"_links":{"self":[{"href":"https:\/\/esquerra.com.ar\/basquet\/wp-json\/wp\/v2\/pages\/1853","targetHints":{"allow":["GET"]}}],"collection":[{"href":"https:\/\/esquerra.com.ar\/basquet\/wp-json\/wp\/v2\/pages"}],"about":[{"href":"https:\/\/esquerra.com.ar\/basquet\/wp-json\/wp\/v2\/types\/page"}],"author":[{"embeddable":true,"href":"https:\/\/esquerra.com.ar\/basquet\/wp-json\/wp\/v2\/users\/2"}],"replies":[{"embeddable":true,"href":"https:\/\/esquerra.com.ar\/basquet\/wp-json\/wp\/v2\/comments?post=1853"}],"version-history":[{"count":9,"href":"https:\/\/esquerra.com.ar\/basquet\/wp-json\/wp\/v2\/pages\/1853\/revisions"}],"predecessor-version":[{"id":2353,"href":"https:\/\/esquerra.com.ar\/basquet\/wp-json\/wp\/v2\/pages\/1853\/revisions\/2353"}],"up":[{"embeddable":true,"href":"https:\/\/esquerra.com.ar\/basquet\/wp-json\/wp\/v2\/pages\/561"}],"wp:attachment":[{"href":"https:\/\/esquerra.com.ar\/basquet\/wp-json\/wp\/v2\/media?parent=1853"}],"curies":[{"name":"wp","href":"https:\/\/api.w.org\/{rel}","templated":true}]}}